{"id":12357,"date":"2021-04-21T19:43:52","date_gmt":"2021-04-21T22:43:52","guid":{"rendered":"https:\/\/www.santafeciudad.gov.ar\/capitalcultural\/?page_id=12357"},"modified":"2026-08-06T11:18:42","modified_gmt":"2026-08-06T14:18:42","slug":"coronacion-de-la-virgen-de-guadalupe","status":"publish","type":"page","link":"https:\/\/www.santafeciudad.gov.ar\/capitalcultural\/pantalla-publica\/coronacion-de-la-virgen-de-guadalupe\/","title":{"rendered":"Coronaci\u00f3n de la virgen de Guadalupe"},"content":{"rendered":"\t\t<div data-elementor-type=\"wp-page\" data-elementor-id=\"12357\" class=\"elementor elementor-12357\">\n\t\t\t\t\t\t<section class=\"elementor-section elementor-top-section elementor-element elementor-element-c46af0b elementor-section-boxed elementor-section-height-default elementor-section-height-default\" data-id=\"c46af0b\" data-element_type=\"section\" data-e-type=\"section\">\n\t\t\t\t\t\t<div class=\"elementor-container elementor-column-gap-default\">\n\t\t\t\t\t<div class=\"elementor-column elementor-col-100 elementor-top-column elementor-element elementor-element-f5aa2d9\" data-id=\"f5aa2d9\" data-element_type=\"column\" data-e-type=\"column\">\n\t\t\t<div class=\"elementor-widget-wrap elementor-element-populated\">\n\t\t\t\t\t\t<div class=\"elementor-element elementor-element-bca760d elementor-widget elementor-widget-html\" data-id=\"bca760d\" data-element_type=\"widget\" data-e-type=\"widget\" data-widget_type=\"html.default\">\n\t\t\t\t<div class=\"elementor-widget-container\">\n\t\t\t\t\t<section class=\"cc-guadalupe\">\n\n    <div class=\"cc-guadalupe__contenedor\">\n\n        <div class=\"cc-guadalupe__contenido\">\n\n            <h2>\n                Coronaci\u00f3n de la Virgen de Guadalupe (1928)\n            <\/h2>\n\n            <p>\n                <strong>Pantalla P\u00fablica<\/strong> comparte la pel\u00edcula de la\n                <strong>Coronaci\u00f3n de la Virgen de Guadalupe<\/strong>, realizada el\n                <strong>22 de abril de 1928<\/strong>, uno de los registros\n                audiovisuales m\u00e1s importantes del patrimonio hist\u00f3rico santafesino.\n            <\/p>\n\n            <p>\n                En sinton\u00eda con el lenguaje del cine mudo de la \u00e9poca, el film utiliza\n                placas de texto para presentar los distintos momentos de la ceremonia.\n                El registro documenta una multitudinaria manifestaci\u00f3n de fe que reuni\u00f3\n                a peregrinos de toda la provincia, obispos de distintos puntos del pa\u00eds\n                y autoridades como el entonces gobernador <strong>Ricardo Aldao<\/strong>.\n            <\/p>\n\n            <p>\n                Las cintas fueron halladas en <strong>2005<\/strong>, durante las tareas\n                de restauraci\u00f3n de la Bas\u00edlica de Guadalupe. Su recuperaci\u00f3n permiti\u00f3\n                rescatar un documento audiovisual de enorme valor para la historia de\n                Santa Fe y del cine argentino.\n            <\/p>\n\n            <div class=\"cc-guadalupe__datos\">\n\n                <div>\n                    <strong>Hallazgo<\/strong>\n                    <span>\n                        Los rollos aparecieron en una caja de latas conservada en la sacrist\u00eda de la Bas\u00edlica durante los trabajos de restauraci\u00f3n.\n                    <\/span>\n                <\/div>\n\n                <div>\n                    <strong>Convocatoria hist\u00f3rica<\/strong>\n                    <span>\n                        La restauraci\u00f3n permiti\u00f3 conocer que participaron m\u00e1s de 100.000 personas en una ciudad que, seg\u00fan el censo de 1923, ten\u00eda alrededor de 92.000 habitantes.\n                    <\/span>\n                <\/div>\n\n                <div>\n                    <strong>Valor patrimonial<\/strong>\n                    <span>\n                        Es una de las pel\u00edculas mudas m\u00e1s extensas conservadas en Argentina, con una duraci\u00f3n superior a una hora y una calidad de imagen excepcional.\n                    <\/span>\n                <\/div>\n\n                <div>\n                    <strong>Historia del cine<\/strong>\n                    <span>\n                        El material constituye un aporte fundamental a la filmograf\u00eda de Valle Producciones, empresa fundada por el pionero Federico Valle.\n                    <\/span>\n                <\/div>\n\n            <\/div>\n\n        <\/div>\n\n        <div class=\"cc-guadalupe__video\">\n\n            <iframe\n                src=\"https:\/\/www.youtube.com\/embed\/3y400gjWZD8\"\n                title=\"Coronaci\u00f3n de la Virgen de Guadalupe\"\n                allowfullscreen>\n            <\/iframe>\n\n        <\/div>\n\n    <\/div>\n\n<\/section>\n\n<style>\n    \n    .cc-guadalupe__contenedor{\n\n    margin:auto;\n    display:grid;\n    grid-template-columns:1.15fr 1fr;\n    gap:50px;\n    align-items:start;\n\n}\n\n.cc-guadalupe h2{\n\n    margin:0 0 24px;\n    font-size:20px;\n    line-height:1.5;\n    color:#002751;\n\n}\n\n.cc-guadalupe p{\n\n    margin-bottom:18px;\n    font-size:15px;\n    line-height:1.5;\n    color:#4b5b63;\n\n}\n\n.cc-guadalupe strong{\n\n    color:#002751;\n\n}\n\n.cc-guadalupe__datos{\n\n    margin-top:28px;\n    display:grid;\n    gap:10px;\n\n}\n\n.cc-guadalupe__datos div{\n\n    display:flex;\n    align-items:center;\n    flex-wrap:wrap;\n    gap:8px;\n    background:#fff;\n    border-left:4px solid #00C08B;\n    padding:10px 14px;\n    border-radius:4px;\n    box-shadow:0 3px 10px rgba(0,0,0,.05);\n\n}\n\n.cc-guadalupe__datos strong{\n\n    color:#002751;\n    font-size:14px;\n    font-weight:700;\n    margin:0;\n    min-width:170px;\n\n}\n\n.cc-guadalupe__datos span{\n\n    flex:1;\n    color:#55646c;\n    font-size:14px;\n    line-height:1.5;\n\n}\n\n.cc-guadalupe__video iframe{\n\n    width:100%;\n    aspect-ratio:16\/9;\n    border:0;\n    border-radius:4px;\n    box-shadow:0 12px 30px rgba(0,0,0,.12);\n\n}\n\n@media(max-width:900px){\n\n    .cc-guadalupe__contenedor{\n\n        grid-template-columns:1fr;\n        gap:35px;\n\n    }\n\n    .cc-guadalupe h2{\n\n        font-size:20px;\n\n    }\n\n}\n\n@media(max-width:600px){\n\n    .cc-guadalupe h2{\n\n        font-size:20px;\n\n    }\n\n    .cc-guadalupe p{\n\n        font-size:15px;\n\n    }\n\n    .cc-guadalupe__datos div{\n\n        display:block;\n        line-height:1.5;\n\n    }\n\n    .cc-guadalupe__datos strong{\n\n        display:block;\n        margin-bottom:6px;\n        min-width:auto;\n\n    }\n\n}\n<\/style>\t\t\t\t<\/div>\n\t\t\t\t<\/div>\n\t\t\t\t\t<\/div>\n\t\t<\/div>\n\t\t\t\t\t<\/div>\n\t\t<\/section>\n\t\t\t\t<\/div>\n\t\t","protected":false},"excerpt":{"rendered":"<p>Coronaci\u00f3n de la Virgen de Guadalupe (1928) Pantalla P\u00fablica comparte la pel\u00edcula de la Coronaci\u00f3n de la Virgen de Guadalupe, [&hellip;]<\/p>\n","protected":false},"author":3,"featured_media":12358,"parent":5677,"menu_order":0,"comment_status":"closed","ping_status":"closed","template":"elementor_header_footer","meta":{"site-sidebar-layout":"default","site-content-layout":"","ast-site-content-layout":"default","site-content-style":"default","site-sidebar-style":"default","ast-global-header-display":"","ast-banner-title-visibility":"","ast-main-header-display":"","ast-hfb-above-header-display":"","ast-hfb-below-header-display":"","ast-hfb-mobile-header-display":"","site-post-title":"","ast-breadcrumbs-content":"","ast-featured-img":"","footer-sml-layout":"","ast-disable-related-posts":"","theme-transparent-header-meta":"","adv-header-id-meta":"","stick-header-meta":"","header-above-stick-meta":"","header-main-stick-meta":"","header-below-stick-meta":"","astra-migrate-meta-layouts":"default","ast-page-background-enabled":"default","ast-page-background-meta":{"desktop":{"background-color":"var(--ast-global-color-5)","background-image":"","background-repeat":"repeat","background-position":"center center","background-size":"auto","background-attachment":"scroll","background-type":"","background-media":"","overlay-type":"","overlay-color":"","overlay-opacity":"","overlay-gradient":""},"tablet":{"background-color":"","background-image":"","background-repeat":"repeat","background-position":"center center","background-size":"auto","background-attachment":"scroll","background-type":"","background-media":"","overlay-type":"","overlay-color":"","overlay-opacity":"","overlay-gradient":""},"mobile":{"background-color":"","background-image":"","background-repeat":"repeat","background-position":"center center","background-size":"auto","background-attachment":"scroll","background-type":"","background-media":"","overlay-type":"","overlay-color":"","overlay-opacity":"","overlay-gradient":""}},"ast-content-background-meta":{"desktop":{"background-color":"var(--ast-global-color-4)","background-image":"","background-repeat":"repeat","background-position":"center center","background-size":"auto","background-attachment":"scroll","background-type":"","background-media":"","overlay-type":"","overlay-color":"","overlay-opacity":"","overlay-gradient":""},"tablet":{"background-color":"var(--ast-global-color-4)","background-image":"","background-repeat":"repeat","background-position":"center center","background-size":"auto","background-attachment":"scroll","background-type":"","background-media":"","overlay-type":"","overlay-color":"","overlay-opacity":"","overlay-gradient":""},"mobile":{"background-color":"var(--ast-global-color-4)","background-image":"","background-repeat":"repeat","background-position":"center center","background-size":"auto","background-attachment":"scroll","background-type":"","background-media":"","overlay-type":"","overlay-color":"","overlay-opacity":"","overlay-gradient":""}},"footnotes":""},"class_list":["post-12357","page","type-page","status-publish","has-post-thumbnail","hentry"],"yoast_head":"<!-- This site is optimized with the Yoast SEO plugin v28.2 - https:\/\/yoast.com\/product\/yoast-seo-wordpress\/ -->\n<title>Coronaci\u00f3n de la virgen de Guadalupe - Capital Cultural<\/title>\n<meta name=\"robots\" content=\"index, follow, max-snippet:-1, max-image-preview:large, max-video-preview:-1\" \/>\n<link rel=\"canonical\" href=\"https:\/\/www.santafeciudad.gov.ar\/capitalcultural\/pantalla-publica\/coronacion-de-la-virgen-de-guadalupe\/\" \/>\n<meta property=\"og:locale\" content=\"es_ES\" \/>\n<meta property=\"og:type\" content=\"article\" \/>\n<meta property=\"og:title\" content=\"Coronaci\u00f3n de la virgen de Guadalupe - Capital Cultural\" \/>\n<meta property=\"og:description\" content=\"Coronaci\u00f3n de la Virgen de Guadalupe (1928) Pantalla P\u00fablica comparte la pel\u00edcula de la Coronaci\u00f3n de la Virgen de Guadalupe, [&hellip;]\" \/>\n<meta property=\"og:url\" content=\"https:\/\/www.santafeciudad.gov.ar\/capitalcultural\/pantalla-publica\/coronacion-de-la-virgen-de-guadalupe\/\" \/>\n<meta property=\"og:site_name\" content=\"Capital Cultural\" \/>\n<meta property=\"article:publisher\" content=\"https:\/\/www.facebook.com\/SantaFeCapitalok\/\" \/>\n<meta property=\"article:modified_time\" content=\"2026-08-06T14:18:42+00:00\" \/>\n<meta property=\"og:image\" content=\"https:\/\/www.santafeciudad.gov.ar\/capitalcultural\/wp-content\/uploads\/2021\/04\/Sin-titulo-1.jpg\" \/>\n\t<meta property=\"og:image:width\" content=\"350\" \/>\n\t<meta property=\"og:image:height\" content=\"250\" \/>\n\t<meta property=\"og:image:type\" content=\"image\/jpeg\" \/>\n<meta name=\"twitter:card\" content=\"summary_large_image\" \/>\n<meta name=\"twitter:site\" content=\"@_SantaFeCapital\" \/>\n<meta name=\"twitter:label1\" content=\"Tiempo de lectura\" \/>\n\t<meta name=\"twitter:data1\" content=\"2 minutos\" \/>\n<script type=\"application\/ld+json\" class=\"yoast-schema-graph\">{\"@context\":\"https:\\\/\\\/schema.org\",\"@graph\":[{\"@type\":\"WebPage\",\"@id\":\"https:\\\/\\\/www.santafeciudad.gov.ar\\\/capitalcultural\\\/pantalla-publica\\\/coronacion-de-la-virgen-de-guadalupe\\\/\",\"url\":\"https:\\\/\\\/www.santafeciudad.gov.ar\\\/capitalcultural\\\/pantalla-publica\\\/coronacion-de-la-virgen-de-guadalupe\\\/\",\"name\":\"Coronaci\u00f3n de la virgen de Guadalupe - Capital Cultural\",\"isPartOf\":{\"@id\":\"https:\\\/\\\/www.santafeciudad.gov.ar\\\/capitalcultural\\\/#website\"},\"primaryImageOfPage\":{\"@id\":\"https:\\\/\\\/www.santafeciudad.gov.ar\\\/capitalcultural\\\/pantalla-publica\\\/coronacion-de-la-virgen-de-guadalupe\\\/#primaryimage\"},\"image\":{\"@id\":\"https:\\\/\\\/www.santafeciudad.gov.ar\\\/capitalcultural\\\/pantalla-publica\\\/coronacion-de-la-virgen-de-guadalupe\\\/#primaryimage\"},\"thumbnailUrl\":\"https:\\\/\\\/www.santafeciudad.gov.ar\\\/capitalcultural\\\/wp-content\\\/uploads\\\/2021\\\/04\\\/Sin-titulo-1.jpg\",\"datePublished\":\"2021-04-21T22:43:52+00:00\",\"dateModified\":\"2026-08-06T14:18:42+00:00\",\"breadcrumb\":{\"@id\":\"https:\\\/\\\/www.santafeciudad.gov.ar\\\/capitalcultural\\\/pantalla-publica\\\/coronacion-de-la-virgen-de-guadalupe\\\/#breadcrumb\"},\"inLanguage\":\"es-AR\",\"potentialAction\":[{\"@type\":\"ReadAction\",\"target\":[\"https:\\\/\\\/www.santafeciudad.gov.ar\\\/capitalcultural\\\/pantalla-publica\\\/coronacion-de-la-virgen-de-guadalupe\\\/\"]}]},{\"@type\":\"ImageObject\",\"inLanguage\":\"es-AR\",\"@id\":\"https:\\\/\\\/www.santafeciudad.gov.ar\\\/capitalcultural\\\/pantalla-publica\\\/coronacion-de-la-virgen-de-guadalupe\\\/#primaryimage\",\"url\":\"https:\\\/\\\/www.santafeciudad.gov.ar\\\/capitalcultural\\\/wp-content\\\/uploads\\\/2021\\\/04\\\/Sin-titulo-1.jpg\",\"contentUrl\":\"https:\\\/\\\/www.santafeciudad.gov.ar\\\/capitalcultural\\\/wp-content\\\/uploads\\\/2021\\\/04\\\/Sin-titulo-1.jpg\",\"width\":350,\"height\":250},{\"@type\":\"BreadcrumbList\",\"@id\":\"https:\\\/\\\/www.santafeciudad.gov.ar\\\/capitalcultural\\\/pantalla-publica\\\/coronacion-de-la-virgen-de-guadalupe\\\/#breadcrumb\",\"itemListElement\":[{\"@type\":\"ListItem\",\"position\":1,\"name\":\"Inicio\",\"item\":\"https:\\\/\\\/www.santafeciudad.gov.ar\\\/capitalcultural\\\/\"},{\"@type\":\"ListItem\",\"position\":2,\"name\":\"Pantalla p\u00fablica\",\"item\":\"https:\\\/\\\/www.santafeciudad.gov.ar\\\/capitalcultural\\\/pantalla-publica\\\/\"},{\"@type\":\"ListItem\",\"position\":3,\"name\":\"Coronaci\u00f3n de la virgen de Guadalupe\"}]},{\"@type\":\"WebSite\",\"@id\":\"https:\\\/\\\/www.santafeciudad.gov.ar\\\/capitalcultural\\\/#website\",\"url\":\"https:\\\/\\\/www.santafeciudad.gov.ar\\\/capitalcultural\\\/\",\"name\":\"Capital Cultural\",\"description\":\"Secretaria de Cultura\",\"publisher\":{\"@id\":\"https:\\\/\\\/www.santafeciudad.gov.ar\\\/capitalcultural\\\/#organization\"},\"potentialAction\":[{\"@type\":\"SearchAction\",\"target\":{\"@type\":\"EntryPoint\",\"urlTemplate\":\"https:\\\/\\\/www.santafeciudad.gov.ar\\\/capitalcultural\\\/?s={search_term_string}\"},\"query-input\":{\"@type\":\"PropertyValueSpecification\",\"valueRequired\":true,\"valueName\":\"search_term_string\"}}],\"inLanguage\":\"es-AR\"},{\"@type\":\"Organization\",\"@id\":\"https:\\\/\\\/www.santafeciudad.gov.ar\\\/capitalcultural\\\/#organization\",\"name\":\"Municipalidad de la ciudad de Santa Fe\",\"alternateName\":\"Municipalidad de Santa Fe\",\"url\":\"https:\\\/\\\/www.santafeciudad.gov.ar\\\/capitalcultural\\\/\",\"logo\":{\"@type\":\"ImageObject\",\"inLanguage\":\"es-AR\",\"@id\":\"https:\\\/\\\/www.santafeciudad.gov.ar\\\/capitalcultural\\\/#\\\/schema\\\/logo\\\/image\\\/\",\"url\":\"https:\\\/\\\/www.santafeciudad.gov.ar\\\/capitalcultural\\\/wp-content\\\/uploads\\\/2020\\\/06\\\/SantaFeCapital_Logo_800x400-e1591880179119.png\",\"contentUrl\":\"https:\\\/\\\/www.santafeciudad.gov.ar\\\/capitalcultural\\\/wp-content\\\/uploads\\\/2020\\\/06\\\/SantaFeCapital_Logo_800x400-e1591880179119.png\",\"width\":400,\"height\":200,\"caption\":\"Municipalidad de la ciudad de Santa Fe\"},\"image\":{\"@id\":\"https:\\\/\\\/www.santafeciudad.gov.ar\\\/capitalcultural\\\/#\\\/schema\\\/logo\\\/image\\\/\"},\"sameAs\":[\"https:\\\/\\\/www.facebook.com\\\/SantaFeCapitalok\\\/\",\"https:\\\/\\\/x.com\\\/_SantaFeCapital\",\"https:\\\/\\\/www.instagram.com\\\/cultura.santafecapital\\\/\"]}]}<\/script>\n<!-- \/ Yoast SEO plugin. -->","yoast_head_json":{"title":"Coronaci\u00f3n de la virgen de Guadalupe - Capital Cultural","robots":{"index":"index","follow":"follow","max-snippet":"max-snippet:-1","max-image-preview":"max-image-preview:large","max-video-preview":"max-video-preview:-1"},"canonical":"https:\/\/www.santafeciudad.gov.ar\/capitalcultural\/pantalla-publica\/coronacion-de-la-virgen-de-guadalupe\/","og_locale":"es_ES","og_type":"article","og_title":"Coronaci\u00f3n de la virgen de Guadalupe - Capital Cultural","og_description":"Coronaci\u00f3n de la Virgen de Guadalupe (1928) Pantalla P\u00fablica comparte la pel\u00edcula de la Coronaci\u00f3n de la Virgen de Guadalupe, [&hellip;]","og_url":"https:\/\/www.santafeciudad.gov.ar\/capitalcultural\/pantalla-publica\/coronacion-de-la-virgen-de-guadalupe\/","og_site_name":"Capital Cultural","article_publisher":"https:\/\/www.facebook.com\/SantaFeCapitalok\/","article_modified_time":"2026-08-06T14:18:42+00:00","og_image":[{"width":350,"height":250,"url":"https:\/\/www.santafeciudad.gov.ar\/capitalcultural\/wp-content\/uploads\/2021\/04\/Sin-titulo-1.jpg","type":"image\/jpeg"}],"twitter_card":"summary_large_image","twitter_site":"@_SantaFeCapital","twitter_misc":{"Tiempo de lectura":"2 minutos"},"schema":{"@context":"https:\/\/schema.org","@graph":[{"@type":"WebPage","@id":"https:\/\/www.santafeciudad.gov.ar\/capitalcultural\/pantalla-publica\/coronacion-de-la-virgen-de-guadalupe\/","url":"https:\/\/www.santafeciudad.gov.ar\/capitalcultural\/pantalla-publica\/coronacion-de-la-virgen-de-guadalupe\/","name":"Coronaci\u00f3n de la virgen de Guadalupe - Capital Cultural","isPartOf":{"@id":"https:\/\/www.santafeciudad.gov.ar\/capitalcultural\/#website"},"primaryImageOfPage":{"@id":"https:\/\/www.santafeciudad.gov.ar\/capitalcultural\/pantalla-publica\/coronacion-de-la-virgen-de-guadalupe\/#primaryimage"},"image":{"@id":"https:\/\/www.santafeciudad.gov.ar\/capitalcultural\/pantalla-publica\/coronacion-de-la-virgen-de-guadalupe\/#primaryimage"},"thumbnailUrl":"https:\/\/www.santafeciudad.gov.ar\/capitalcultural\/wp-content\/uploads\/2021\/04\/Sin-titulo-1.jpg","datePublished":"2021-04-21T22:43:52+00:00","dateModified":"2026-08-06T14:18:42+00:00","breadcrumb":{"@id":"https:\/\/www.santafeciudad.gov.ar\/capitalcultural\/pantalla-publica\/coronacion-de-la-virgen-de-guadalupe\/#breadcrumb"},"inLanguage":"es-AR","potentialAction":[{"@type":"ReadAction","target":["https:\/\/www.santafeciudad.gov.ar\/capitalcultural\/pantalla-publica\/coronacion-de-la-virgen-de-guadalupe\/"]}]},{"@type":"ImageObject","inLanguage":"es-AR","@id":"https:\/\/www.santafeciudad.gov.ar\/capitalcultural\/pantalla-publica\/coronacion-de-la-virgen-de-guadalupe\/#primaryimage","url":"https:\/\/www.santafeciudad.gov.ar\/capitalcultural\/wp-content\/uploads\/2021\/04\/Sin-titulo-1.jpg","contentUrl":"https:\/\/www.santafeciudad.gov.ar\/capitalcultural\/wp-content\/uploads\/2021\/04\/Sin-titulo-1.jpg","width":350,"height":250},{"@type":"BreadcrumbList","@id":"https:\/\/www.santafeciudad.gov.ar\/capitalcultural\/pantalla-publica\/coronacion-de-la-virgen-de-guadalupe\/#breadcrumb","itemListElement":[{"@type":"ListItem","position":1,"name":"Inicio","item":"https:\/\/www.santafeciudad.gov.ar\/capitalcultural\/"},{"@type":"ListItem","position":2,"name":"Pantalla p\u00fablica","item":"https:\/\/www.santafeciudad.gov.ar\/capitalcultural\/pantalla-publica\/"},{"@type":"ListItem","position":3,"name":"Coronaci\u00f3n de la virgen de Guadalupe"}]},{"@type":"WebSite","@id":"https:\/\/www.santafeciudad.gov.ar\/capitalcultural\/#website","url":"https:\/\/www.santafeciudad.gov.ar\/capitalcultural\/","name":"Capital Cultural","description":"Secretaria de Cultura","publisher":{"@id":"https:\/\/www.santafeciudad.gov.ar\/capitalcultural\/#organization"},"potentialAction":[{"@type":"SearchAction","target":{"@type":"EntryPoint","urlTemplate":"https:\/\/www.santafeciudad.gov.ar\/capitalcultural\/?s={search_term_string}"},"query-input":{"@type":"PropertyValueSpecification","valueRequired":true,"valueName":"search_term_string"}}],"inLanguage":"es-AR"},{"@type":"Organization","@id":"https:\/\/www.santafeciudad.gov.ar\/capitalcultural\/#organization","name":"Municipalidad de la ciudad de Santa Fe","alternateName":"Municipalidad de Santa Fe","url":"https:\/\/www.santafeciudad.gov.ar\/capitalcultural\/","logo":{"@type":"ImageObject","inLanguage":"es-AR","@id":"https:\/\/www.santafeciudad.gov.ar\/capitalcultural\/#\/schema\/logo\/image\/","url":"https:\/\/www.santafeciudad.gov.ar\/capitalcultural\/wp-content\/uploads\/2020\/06\/SantaFeCapital_Logo_800x400-e1591880179119.png","contentUrl":"https:\/\/www.santafeciudad.gov.ar\/capitalcultural\/wp-content\/uploads\/2020\/06\/SantaFeCapital_Logo_800x400-e1591880179119.png","width":400,"height":200,"caption":"Municipalidad de la ciudad de Santa Fe"},"image":{"@id":"https:\/\/www.santafeciudad.gov.ar\/capitalcultural\/#\/schema\/logo\/image\/"},"sameAs":["https:\/\/www.facebook.com\/SantaFeCapitalok\/","https:\/\/x.com\/_SantaFeCapital","https:\/\/www.instagram.com\/cultura.santafecapital\/"]}]}},"_links":{"self":[{"href":"https:\/\/www.santafeciudad.gov.ar\/capitalcultural\/wp-json\/wp\/v2\/pages\/12357","targetHints":{"allow":["GET"]}}],"collection":[{"href":"https:\/\/www.santafeciudad.gov.ar\/capitalcultural\/wp-json\/wp\/v2\/pages"}],"about":[{"href":"https:\/\/www.santafeciudad.gov.ar\/capitalcultural\/wp-json\/wp\/v2\/types\/page"}],"author":[{"embeddable":true,"href":"https:\/\/www.santafeciudad.gov.ar\/capitalcultural\/wp-json\/wp\/v2\/users\/3"}],"replies":[{"embeddable":true,"href":"https:\/\/www.santafeciudad.gov.ar\/capitalcultural\/wp-json\/wp\/v2\/comments?post=12357"}],"version-history":[{"count":34,"href":"https:\/\/www.santafeciudad.gov.ar\/capitalcultural\/wp-json\/wp\/v2\/pages\/12357\/revisions"}],"predecessor-version":[{"id":31882,"href":"https:\/\/www.santafeciudad.gov.ar\/capitalcultural\/wp-json\/wp\/v2\/pages\/12357\/revisions\/31882"}],"up":[{"embeddable":true,"href":"https:\/\/www.santafeciudad.gov.ar\/capitalcultural\/wp-json\/wp\/v2\/pages\/5677"}],"wp:featuredmedia":[{"embeddable":true,"href":"https:\/\/www.santafeciudad.gov.ar\/capitalcultural\/wp-json\/wp\/v2\/media\/12358"}],"wp:attachment":[{"href":"https:\/\/www.santafeciudad.gov.ar\/capitalcultural\/wp-json\/wp\/v2\/media?parent=12357"}],"curies":[{"name":"wp","href":"https:\/\/api.w.org\/{rel}","templated":true}]}}