{"id":20091,"date":"2022-12-02T13:54:33","date_gmt":"2022-12-02T16:54:33","guid":{"rendered":"https:\/\/www.santafeciudad.gov.ar\/capitalcultural\/?page_id=20091"},"modified":"2026-07-27T07:36:59","modified_gmt":"2026-07-27T10:36:59","slug":"museo-de-la-ciudad","status":"publish","type":"page","link":"https:\/\/www.santafeciudad.gov.ar\/capitalcultural\/museos-y-salas\/museo-de-la-ciudad\/","title":{"rendered":"Museo de la Ciudad"},"content":{"rendered":"\t\t<div data-elementor-type=\"wp-page\" data-elementor-id=\"20091\" class=\"elementor elementor-20091\">\n\t\t\t\t\t\t<section class=\"elementor-section elementor-top-section elementor-element elementor-element-d537c4a elementor-section-boxed elementor-section-height-default elementor-section-height-default\" data-id=\"d537c4a\" data-element_type=\"section\" data-e-type=\"section\">\n\t\t\t\t\t\t<div class=\"elementor-container elementor-column-gap-default\">\n\t\t\t\t\t<div class=\"elementor-column elementor-col-100 elementor-top-column elementor-element elementor-element-2733231\" data-id=\"2733231\" data-element_type=\"column\" data-e-type=\"column\">\n\t\t\t<div class=\"elementor-widget-wrap elementor-element-populated\">\n\t\t\t\t\t\t<div class=\"elementor-element elementor-element-e5d07ab elementor-widget elementor-widget-text-editor\" data-id=\"e5d07ab\" data-element_type=\"widget\" data-e-type=\"widget\" data-widget_type=\"text-editor.default\">\n\t\t\t\t<div class=\"elementor-widget-container\">\n\t\t\t\t\t\t\t\t\t<p style=\"font-size: 13px; line-height: 22px;\">Creado en 1972, el Museo de la Ciudad investiga, colecciona, conserva, interpreta, exhibe y pone en valor historias cotidianas de nuestra ciudad y de sus habitantes. Las propuestas del Museo de la Ciudad se enfocan en las pr\u00e1cticas culturales, identidades y memorias de la ciudad y de sus ciudadanas y ciudadanos a lo largo de la historia a trav\u00e9s de proyectos colaborativos. Este espacio adem\u00e1s se propone rescatar y preservar objetos de la vida cotidiana, instrumentos, mobiliario, utensilios, herramientas, indumentaria y accesorios, juegos y juguetes, fotograf\u00edas, libros y documentos.Actualmente, este museo recorre distintos espacios de nuestra ciudad para presentar su patrimonio.<\/p>\t\t\t\t\t\t\t\t<\/div>\n\t\t\t\t<\/div>\n\t\t\t\t\t<\/div>\n\t\t<\/div>\n\t\t\t\t\t<\/div>\n\t\t<\/section>\n\t\t\t\t<section class=\"elementor-section elementor-top-section elementor-element elementor-element-efc4188 elementor-section-boxed elementor-section-height-default elementor-section-height-default\" data-id=\"efc4188\" data-element_type=\"section\" data-e-type=\"section\">\n\t\t\t\t\t\t<div class=\"elementor-container elementor-column-gap-default\">\n\t\t\t\t\t<div class=\"elementor-column elementor-col-100 elementor-top-column elementor-element elementor-element-d99ba7a\" data-id=\"d99ba7a\" data-element_type=\"column\" data-e-type=\"column\">\n\t\t\t<div class=\"elementor-widget-wrap elementor-element-populated\">\n\t\t\t\t\t\t<div class=\"elementor-element elementor-element-9c17799 elementor-widget elementor-widget-shortcode\" data-id=\"9c17799\" data-element_type=\"widget\" data-e-type=\"widget\" data-widget_type=\"shortcode.default\">\n\t\t\t\t<div class=\"elementor-widget-container\">\n\t\t\t\t\t\t\t<div class=\"elementor-shortcode\"><div id=\"ccp-grid-1\" class=\"ccp-programacion\" data-ccp-instance=\"1\">\n\t<div class=\"ccp-grid ccp-grid--columns-5\" style=\"--ccp-columns: 5;\">\n\t\t\t\t\t<article class=\"ccp-card-wrap\">\n\t<button class=\"ccp-card\" type=\"button\" data-ccp-modal-target=\"ccp-modal-1-31381\" aria-haspopup=\"dialog\">\n\t\t<span class=\"ccp-card__media\">\n\t\t\t\t\t\t\t<img loading=\"lazy\" width=\"768\" height=\"642\" src=\"https:\/\/www.santafeciudad.gov.ar\/capitalcultural\/wp-content\/uploads\/2026\/07\/mario-godoy-cero-a-cero-768x642.jpg\" class=\"ccp-card__image wp-post-image\" alt=\"\" style=\"object-position: 50% 50%;\" loading=\"lazy\" decoding=\"async\" srcset=\"https:\/\/www.santafeciudad.gov.ar\/capitalcultural\/wp-content\/uploads\/2026\/07\/mario-godoy-cero-a-cero-768x642.jpg 768w, https:\/\/www.santafeciudad.gov.ar\/capitalcultural\/wp-content\/uploads\/2026\/07\/mario-godoy-cero-a-cero-300x251.jpg 300w, https:\/\/www.santafeciudad.gov.ar\/capitalcultural\/wp-content\/uploads\/2026\/07\/mario-godoy-cero-a-cero-1024x856.jpg 1024w, https:\/\/www.santafeciudad.gov.ar\/capitalcultural\/wp-content\/uploads\/2026\/07\/mario-godoy-cero-a-cero-1536x1284.jpg 1536w, https:\/\/www.santafeciudad.gov.ar\/capitalcultural\/wp-content\/uploads\/2026\/07\/mario-godoy-cero-a-cero.jpg 1600w\" sizes=\"auto, (max-width: 768px) 100vw, 768px\" \/>\t\t\t\t\t<\/span>\n\t\t<span class=\"ccp-card__content\">\n\t\t\t<span class=\"ccp-card__tags\">\n\t\t\t\t\t\t\t\t\t<span class=\"ccp-tag ccp-tag--categoria\">MUESTRA<\/span>\n\t\t\t\t\t\t\t\t<span class=\"ccp-tag ccp-tag--estado ccp-tag--ya-sucedio\">FINALIZADA<\/span>\n\t\t\t<\/span>\n\t\t\t<span class=\"ccp-card__title\">Arranc\u00f3 el juego<\/span>\n\t\t\t\t\t\t\t<span class=\"ccp-card__espacio\">Museo de la Ciudad<\/span>\n\t\t\t\t\t\t\t\t\t\t<span class=\"ccp-card__date\">Del 18 al 22 de junio de 2026<\/span>\n\t\t\t\t\t\t\t\t\t\t<span class=\"ccp-card__excerpt\">&quot;Arranc\u00f3 el juego&quot;: una muestra co-creada por las infancias y el Museo de la Ciudad para revivir la pasi\u00f3n mundialista y celebrar el D\u00eda de la Bandera.<\/span>\n\t\t\t\t\t\t<span class=\"ccp-card__action\">Ver propuesta<\/span>\n\t\t<\/span>\n\t<\/button>\n<\/article>\n\t\t\t\t\t<article class=\"ccp-card-wrap\">\n\t<button class=\"ccp-card\" type=\"button\" data-ccp-modal-target=\"ccp-modal-1-31378\" aria-haspopup=\"dialog\">\n\t\t<span class=\"ccp-card__media\">\n\t\t\t\t\t\t\t<img loading=\"lazy\" width=\"768\" height=\"1024\" src=\"https:\/\/www.santafeciudad.gov.ar\/capitalcultural\/wp-content\/uploads\/2026\/07\/file_00000000486071fb95799e87feeb8708-768x1024.png\" class=\"ccp-card__image wp-post-image\" alt=\"\" style=\"object-position: 50% 50%;\" loading=\"lazy\" decoding=\"async\" srcset=\"https:\/\/www.santafeciudad.gov.ar\/capitalcultural\/wp-content\/uploads\/2026\/07\/file_00000000486071fb95799e87feeb8708-768x1024.png 768w, https:\/\/www.santafeciudad.gov.ar\/capitalcultural\/wp-content\/uploads\/2026\/07\/file_00000000486071fb95799e87feeb8708-225x300.png 225w, https:\/\/www.santafeciudad.gov.ar\/capitalcultural\/wp-content\/uploads\/2026\/07\/file_00000000486071fb95799e87feeb8708.png 1086w\" sizes=\"auto, (max-width: 768px) 100vw, 768px\" \/>\t\t\t\t\t<\/span>\n\t\t<span class=\"ccp-card__content\">\n\t\t\t<span class=\"ccp-card__tags\">\n\t\t\t\t\t\t\t\t\t<span class=\"ccp-tag ccp-tag--categoria\">MUESTRA<\/span>\n\t\t\t\t\t\t\t\t<span class=\"ccp-tag ccp-tag--estado ccp-tag--ya-sucedio\">FINALIZADA<\/span>\n\t\t\t<\/span>\n\t\t\t<span class=\"ccp-card__title\">Parir con tu propia voz<\/span>\n\t\t\t\t\t\t\t<span class=\"ccp-card__espacio\">Museo de la Ciudad<\/span>\n\t\t\t\t\t\t\t\t\t\t<span class=\"ccp-card__date\">Del 19 al 23 de mayo de 2026<\/span>\n\t\t\t\t\t\t\t\t\t\t<span class=\"ccp-card__excerpt\">La propuesta posee la curadur\u00eda de Comadres del Litoral y es organizada de forma conjunta por el  Museo de la Ciudad de Santa Fe y Comadres del Litoral.<\/span>\n\t\t\t\t\t\t<span class=\"ccp-card__action\">Ver propuesta<\/span>\n\t\t<\/span>\n\t<\/button>\n<\/article>\n\t\t\t\t\t<article class=\"ccp-card-wrap\">\n\t<button class=\"ccp-card\" type=\"button\" data-ccp-modal-target=\"ccp-modal-1-31370\" aria-haspopup=\"dialog\">\n\t\t<span class=\"ccp-card__media\">\n\t\t\t\t\t\t\t<img loading=\"lazy\" width=\"768\" height=\"1043\" src=\"https:\/\/www.santafeciudad.gov.ar\/capitalcultural\/wp-content\/uploads\/2026\/07\/MUSEO1_DSC1280-768x1043.jpg\" class=\"ccp-card__image wp-post-image\" alt=\"\" style=\"object-position: 50% 50%;\" loading=\"lazy\" decoding=\"async\" srcset=\"https:\/\/www.santafeciudad.gov.ar\/capitalcultural\/wp-content\/uploads\/2026\/07\/MUSEO1_DSC1280-768x1043.jpg 768w, https:\/\/www.santafeciudad.gov.ar\/capitalcultural\/wp-content\/uploads\/2026\/07\/MUSEO1_DSC1280-221x300.jpg 221w, https:\/\/www.santafeciudad.gov.ar\/capitalcultural\/wp-content\/uploads\/2026\/07\/MUSEO1_DSC1280-754x1024.jpg 754w, https:\/\/www.santafeciudad.gov.ar\/capitalcultural\/wp-content\/uploads\/2026\/07\/MUSEO1_DSC1280-1131x1536.jpg 1131w, https:\/\/www.santafeciudad.gov.ar\/capitalcultural\/wp-content\/uploads\/2026\/07\/MUSEO1_DSC1280-1508x2048.jpg 1508w, https:\/\/www.santafeciudad.gov.ar\/capitalcultural\/wp-content\/uploads\/2026\/07\/MUSEO1_DSC1280-scaled.jpg 1885w\" sizes=\"auto, (max-width: 768px) 100vw, 768px\" \/>\t\t\t\t\t<\/span>\n\t\t<span class=\"ccp-card__content\">\n\t\t\t<span class=\"ccp-card__tags\">\n\t\t\t\t\t\t\t\t\t<span class=\"ccp-tag ccp-tag--categoria\">MUESTRA<\/span>\n\t\t\t\t\t\t\t\t<span class=\"ccp-tag ccp-tag--estado ccp-tag--ya-sucedio\">FINALIZADA<\/span>\n\t\t\t<\/span>\n\t\t\t<span class=\"ccp-card__title\">Santa Fe a las puertas del 24 de marzo de 1976<\/span>\n\t\t\t\t\t\t\t<span class=\"ccp-card__espacio\">Museo de la Ciudad<\/span>\n\t\t\t\t\t\t\t\t\t\t<span class=\"ccp-card__date\">Del 25 de marzo al 3 de abril de 2026<\/span>\n\t\t\t\t\t\t\t\t\t\t<span class=\"ccp-card__excerpt\">Esta exhibici\u00f3n conmemorativa se propone revelar, por un lado, la normalidad de la vida y las pr\u00e1cticas sociales. Pero tambi\u00e9n, la conflictividad existente y las formas violentas de ejercicio del poder.<\/span>\n\t\t\t\t\t\t<span class=\"ccp-card__action\">Ver propuesta<\/span>\n\t\t<\/span>\n\t<\/button>\n<\/article>\n\t\t\t\t\t<article class=\"ccp-card-wrap\">\n\t<button class=\"ccp-card\" type=\"button\" data-ccp-modal-target=\"ccp-modal-1-31373\" aria-haspopup=\"dialog\">\n\t\t<span class=\"ccp-card__media\">\n\t\t\t\t\t\t\t<img loading=\"lazy\" width=\"768\" height=\"534\" src=\"https:\/\/www.santafeciudad.gov.ar\/capitalcultural\/wp-content\/uploads\/2026\/07\/img942-Fin-de-partida.-Sala-Marechal-1978.-Elenco-santafesino.-Sello-Muni-de-Sta-Fe.-Dto-de-informac-publica.-865.-Cc-1-768x534.jpg\" class=\"ccp-card__image wp-post-image\" alt=\"\" style=\"object-position: 50% 50%;\" loading=\"lazy\" decoding=\"async\" srcset=\"https:\/\/www.santafeciudad.gov.ar\/capitalcultural\/wp-content\/uploads\/2026\/07\/img942-Fin-de-partida.-Sala-Marechal-1978.-Elenco-santafesino.-Sello-Muni-de-Sta-Fe.-Dto-de-informac-publica.-865.-Cc-1-768x534.jpg 768w, https:\/\/www.santafeciudad.gov.ar\/capitalcultural\/wp-content\/uploads\/2026\/07\/img942-Fin-de-partida.-Sala-Marechal-1978.-Elenco-santafesino.-Sello-Muni-de-Sta-Fe.-Dto-de-informac-publica.-865.-Cc-1-300x208.jpg 300w, https:\/\/www.santafeciudad.gov.ar\/capitalcultural\/wp-content\/uploads\/2026\/07\/img942-Fin-de-partida.-Sala-Marechal-1978.-Elenco-santafesino.-Sello-Muni-de-Sta-Fe.-Dto-de-informac-publica.-865.-Cc-1-1024x711.jpg 1024w, https:\/\/www.santafeciudad.gov.ar\/capitalcultural\/wp-content\/uploads\/2026\/07\/img942-Fin-de-partida.-Sala-Marechal-1978.-Elenco-santafesino.-Sello-Muni-de-Sta-Fe.-Dto-de-informac-publica.-865.-Cc-1-1536x1067.jpg 1536w, https:\/\/www.santafeciudad.gov.ar\/capitalcultural\/wp-content\/uploads\/2026\/07\/img942-Fin-de-partida.-Sala-Marechal-1978.-Elenco-santafesino.-Sello-Muni-de-Sta-Fe.-Dto-de-informac-publica.-865.-Cc-1-2048x1423.jpg 2048w\" sizes=\"auto, (max-width: 768px) 100vw, 768px\" \/>\t\t\t\t\t<\/span>\n\t\t<span class=\"ccp-card__content\">\n\t\t\t<span class=\"ccp-card__tags\">\n\t\t\t\t\t\t\t\t\t<span class=\"ccp-tag ccp-tag--categoria\">ACTIVACI\u00d3N<\/span>\n\t\t\t\t\t\t\t\t<span class=\"ccp-tag ccp-tag--estado ccp-tag--ya-sucedio\">FINALIZADA<\/span>\n\t\t\t<\/span>\n\t\t\t<span class=\"ccp-card__title\">Cultura y dictadura: Conversaciones sobre gustos peligrosos<\/span>\n\t\t\t\t\t\t\t<span class=\"ccp-card__espacio\">Museo de la Ciudad<\/span>\n\t\t\t\t\t\t\t\t\t\t<span class=\"ccp-card__date\">28 de marzo de 2026<\/span>\n\t\t\t\t\t\t\t\t\t\t<span class=\"ccp-card__excerpt\">El conversatorio ser\u00e1 llevado a cabo  por Paula Sedran y Lautaro D\u00edaz Geromet, docentes e investigadores del Instituto Superior de M\u00fasica y de la Facultad de Humanidades y Ciencias de la Universidad Nacional del Litoral.<\/span>\n\t\t\t\t\t\t<span class=\"ccp-card__action\">Ver propuesta<\/span>\n\t\t<\/span>\n\t<\/button>\n<\/article>\n\t\t\t\t\t<article class=\"ccp-card-wrap\">\n\t<button class=\"ccp-card\" type=\"button\" data-ccp-modal-target=\"ccp-modal-1-31367\" aria-haspopup=\"dialog\">\n\t\t<span class=\"ccp-card__media\">\n\t\t\t\t\t\t\t<img loading=\"lazy\" width=\"768\" height=\"511\" src=\"https:\/\/www.santafeciudad.gov.ar\/capitalcultural\/wp-content\/uploads\/2026\/07\/Captura-de-pantalla-2026-07-25-a-las-12.51.23-768x511.png\" class=\"ccp-card__image wp-post-image\" alt=\"\" style=\"object-position: 50% 50%;\" loading=\"lazy\" decoding=\"async\" srcset=\"https:\/\/www.santafeciudad.gov.ar\/capitalcultural\/wp-content\/uploads\/2026\/07\/Captura-de-pantalla-2026-07-25-a-las-12.51.23-768x511.png 768w, https:\/\/www.santafeciudad.gov.ar\/capitalcultural\/wp-content\/uploads\/2026\/07\/Captura-de-pantalla-2026-07-25-a-las-12.51.23-300x199.png 300w, https:\/\/www.santafeciudad.gov.ar\/capitalcultural\/wp-content\/uploads\/2026\/07\/Captura-de-pantalla-2026-07-25-a-las-12.51.23-1024x681.png 1024w, https:\/\/www.santafeciudad.gov.ar\/capitalcultural\/wp-content\/uploads\/2026\/07\/Captura-de-pantalla-2026-07-25-a-las-12.51.23-1536x1021.png 1536w, https:\/\/www.santafeciudad.gov.ar\/capitalcultural\/wp-content\/uploads\/2026\/07\/Captura-de-pantalla-2026-07-25-a-las-12.51.23.png 1742w\" sizes=\"auto, (max-width: 768px) 100vw, 768px\" \/>\t\t\t\t\t<\/span>\n\t\t<span class=\"ccp-card__content\">\n\t\t\t<span class=\"ccp-card__tags\">\n\t\t\t\t\t\t\t\t\t<span class=\"ccp-tag ccp-tag--categoria\">ACTIVACI\u00d3N<\/span>\n\t\t\t\t\t\t\t\t<span class=\"ccp-tag ccp-tag--estado ccp-tag--ya-sucedio\">FINALIZADA<\/span>\n\t\t\t<\/span>\n\t\t\t<span class=\"ccp-card__title\">Coral Sacro de la Universidad Cat\u00f3lica de Santa Fe<\/span>\n\t\t\t\t\t\t\t<span class=\"ccp-card__espacio\">Museo de la Ciudad<\/span>\n\t\t\t\t\t\t\t\t\t\t<span class=\"ccp-card__date\">19 de diciembre de 2025<\/span>\n\t\t\t\t\t\t\t\t\t\t<span class=\"ccp-card__excerpt\">En el marco de la muestra \u201cEntre lo sagrado y lo cotidiano. Pesebres y nacimientos contempor\u00e1neos\u201d el Coral Sacro de la Universidad Cat\u00f3lica de&hellip;<\/span>\n\t\t\t\t\t\t<span class=\"ccp-card__action\">Ver propuesta<\/span>\n\t\t<\/span>\n\t<\/button>\n<\/article>\n\t\t\t\t\t<article class=\"ccp-card-wrap\">\n\t<button class=\"ccp-card\" type=\"button\" data-ccp-modal-target=\"ccp-modal-1-31351\" aria-haspopup=\"dialog\">\n\t\t<span class=\"ccp-card__media\">\n\t\t\t\t\t\t\t<img loading=\"lazy\" width=\"768\" height=\"512\" src=\"https:\/\/www.santafeciudad.gov.ar\/capitalcultural\/wp-content\/uploads\/2026\/07\/IMG_9836-768x512.jpg\" class=\"ccp-card__image wp-post-image\" alt=\"\" style=\"object-position: 50% 50%;\" loading=\"lazy\" decoding=\"async\" srcset=\"https:\/\/www.santafeciudad.gov.ar\/capitalcultural\/wp-content\/uploads\/2026\/07\/IMG_9836-768x512.jpg 768w, https:\/\/www.santafeciudad.gov.ar\/capitalcultural\/wp-content\/uploads\/2026\/07\/IMG_9836-300x200.jpg 300w, https:\/\/www.santafeciudad.gov.ar\/capitalcultural\/wp-content\/uploads\/2026\/07\/IMG_9836-1024x683.jpg 1024w, https:\/\/www.santafeciudad.gov.ar\/capitalcultural\/wp-content\/uploads\/2026\/07\/IMG_9836-1536x1024.jpg 1536w, https:\/\/www.santafeciudad.gov.ar\/capitalcultural\/wp-content\/uploads\/2026\/07\/IMG_9836-2048x1365.jpg 2048w\" sizes=\"auto, (max-width: 768px) 100vw, 768px\" \/>\t\t\t\t\t<\/span>\n\t\t<span class=\"ccp-card__content\">\n\t\t\t<span class=\"ccp-card__tags\">\n\t\t\t\t\t\t\t\t\t<span class=\"ccp-tag ccp-tag--categoria\">MUESTRA<\/span>\n\t\t\t\t\t\t\t\t<span class=\"ccp-tag ccp-tag--estado ccp-tag--ya-sucedio\">FINALIZADA<\/span>\n\t\t\t<\/span>\n\t\t\t<span class=\"ccp-card__title\">Entre lo sagrado y lo cotidiano: Pesebres y nacimientos contempor\u00e1neos<\/span>\n\t\t\t\t\t\t\t<span class=\"ccp-card__espacio\">Museo de la Ciudad<\/span>\n\t\t\t\t\t\t\t\t\t\t<span class=\"ccp-card__date\">Del 12 al 26 de diciembre de 2025<\/span>\n\t\t\t\t\t\t\t\t\t\t<span class=\"ccp-card__excerpt\">A trav\u00e9s de  la reinterpretaci\u00f3n patrimonial, el Museo de la Ciudad propicia el di\u00e1logo y el cruce de miradas a trav\u00e9s de dos enfoques.<\/span>\n\t\t\t\t\t\t<span class=\"ccp-card__action\">Ver propuesta<\/span>\n\t\t<\/span>\n\t<\/button>\n<\/article>\n\t\t\t\t\t<article class=\"ccp-card-wrap\">\n\t<button class=\"ccp-card\" type=\"button\" data-ccp-modal-target=\"ccp-modal-1-31365\" aria-haspopup=\"dialog\">\n\t\t<span class=\"ccp-card__media\">\n\t\t\t\t\t\t\t<span class=\"ccp-card__placeholder\" role=\"img\" aria-label=\"Las Filippelli, hermandad y solter\u00eda\" style=\"object-position: 50% 50%;\">\n\t\t\t\t\t<span>Capital Cultural<\/span>\n\t\t\t\t<\/span>\n\t\t\t\t\t<\/span>\n\t\t<span class=\"ccp-card__content\">\n\t\t\t<span class=\"ccp-card__tags\">\n\t\t\t\t\t\t\t\t\t<span class=\"ccp-tag ccp-tag--categoria\">MUESTRA<\/span>\n\t\t\t\t\t\t\t\t<span class=\"ccp-tag ccp-tag--estado ccp-tag--ya-sucedio\">FINALIZADA<\/span>\n\t\t\t<\/span>\n\t\t\t<span class=\"ccp-card__title\">Las Filippelli, hermandad y solter\u00eda<\/span>\n\t\t\t\t\t\t\t<span class=\"ccp-card__espacio\">Museo de la Ciudad<\/span>\n\t\t\t\t\t\t\t\t\t\t<span class=\"ccp-card__date\">Del 7 al 25 de agosto de 2025<\/span>\n\t\t\t\t\t\t\t\t\t\t<span class=\"ccp-card__excerpt\">El Museo de la Ciudad exhibe \u201cLas Filippelli, hermandad y solter\u00eda\u201den el Hall del Palacio Municipal (Salta 2951) desde el jueves 7 al lunes&hellip;<\/span>\n\t\t\t\t\t\t<span class=\"ccp-card__action\">Ver propuesta<\/span>\n\t\t<\/span>\n\t<\/button>\n<\/article>\n\t\t\t\t\t<article class=\"ccp-card-wrap\">\n\t<button class=\"ccp-card\" type=\"button\" data-ccp-modal-target=\"ccp-modal-1-31362\" aria-haspopup=\"dialog\">\n\t\t<span class=\"ccp-card__media\">\n\t\t\t\t\t\t\t<img loading=\"lazy\" width=\"768\" height=\"583\" src=\"https:\/\/www.santafeciudad.gov.ar\/capitalcultural\/wp-content\/uploads\/2026\/07\/flyer-vecinales-768x583.jpg\" class=\"ccp-card__image wp-post-image\" alt=\"\" style=\"object-position: 50% 50%;\" loading=\"lazy\" decoding=\"async\" srcset=\"https:\/\/www.santafeciudad.gov.ar\/capitalcultural\/wp-content\/uploads\/2026\/07\/flyer-vecinales-768x583.jpg 768w, https:\/\/www.santafeciudad.gov.ar\/capitalcultural\/wp-content\/uploads\/2026\/07\/flyer-vecinales-300x228.jpg 300w, https:\/\/www.santafeciudad.gov.ar\/capitalcultural\/wp-content\/uploads\/2026\/07\/flyer-vecinales-1024x778.jpg 1024w, https:\/\/www.santafeciudad.gov.ar\/capitalcultural\/wp-content\/uploads\/2026\/07\/flyer-vecinales-1536x1166.jpg 1536w, https:\/\/www.santafeciudad.gov.ar\/capitalcultural\/wp-content\/uploads\/2026\/07\/flyer-vecinales-2048x1555.jpg 2048w\" sizes=\"auto, (max-width: 768px) 100vw, 768px\" \/>\t\t\t\t\t<\/span>\n\t\t<span class=\"ccp-card__content\">\n\t\t\t<span class=\"ccp-card__tags\">\n\t\t\t\t\t\t\t\t\t<span class=\"ccp-tag ccp-tag--categoria\">ACTIVACI\u00d3N<\/span>\n\t\t\t\t\t\t\t\t<span class=\"ccp-tag ccp-tag--estado ccp-tag--ya-sucedio\">FINALIZADA<\/span>\n\t\t\t<\/span>\n\t\t\t<span class=\"ccp-card__title\">Encuentro de Memorias<\/span>\n\t\t\t\t\t\t\t<span class=\"ccp-card__espacio\">Museo de la Ciudad<\/span>\n\t\t\t\t\t\t\t\t\t\t<span class=\"ccp-card__date\">Del 9 al 13 de junio de 2025<\/span>\n\t\t\t\t\t\t\t\t\t\t<span class=\"ccp-card__excerpt\">La acci\u00f3n invita a rescatar memorias barriales y testimonios materiales que enriquezcan la historia local.<\/span>\n\t\t\t\t\t\t<span class=\"ccp-card__action\">Ver propuesta<\/span>\n\t\t<\/span>\n\t<\/button>\n<\/article>\n\t\t\t\t\t<article class=\"ccp-card-wrap\">\n\t<button class=\"ccp-card\" type=\"button\" data-ccp-modal-target=\"ccp-modal-1-31349\" aria-haspopup=\"dialog\">\n\t\t<span class=\"ccp-card__media\">\n\t\t\t\t\t\t\t<img loading=\"lazy\" width=\"768\" height=\"483\" src=\"https:\/\/www.santafeciudad.gov.ar\/capitalcultural\/wp-content\/uploads\/2025\/04\/Portada_Malvinas-768x483.jpg\" class=\"ccp-card__image wp-post-image\" alt=\"\" style=\"object-position: 50% 50%;\" loading=\"lazy\" decoding=\"async\" srcset=\"https:\/\/www.santafeciudad.gov.ar\/capitalcultural\/wp-content\/uploads\/2025\/04\/Portada_Malvinas-768x483.jpg 768w, https:\/\/www.santafeciudad.gov.ar\/capitalcultural\/wp-content\/uploads\/2025\/04\/Portada_Malvinas-300x189.jpg 300w, https:\/\/www.santafeciudad.gov.ar\/capitalcultural\/wp-content\/uploads\/2025\/04\/Portada_Malvinas-1024x644.jpg 1024w, https:\/\/www.santafeciudad.gov.ar\/capitalcultural\/wp-content\/uploads\/2025\/04\/Portada_Malvinas-1536x966.jpg 1536w, https:\/\/www.santafeciudad.gov.ar\/capitalcultural\/wp-content\/uploads\/2025\/04\/Portada_Malvinas-2048x1287.jpg 2048w\" sizes=\"auto, (max-width: 768px) 100vw, 768px\" \/>\t\t\t\t\t<\/span>\n\t\t<span class=\"ccp-card__content\">\n\t\t\t<span class=\"ccp-card__tags\">\n\t\t\t\t\t\t\t\t\t<span class=\"ccp-tag ccp-tag--categoria\">MUESTRA<\/span>\n\t\t\t\t\t\t\t\t<span class=\"ccp-tag ccp-tag--estado ccp-tag--ya-sucedio\">FINALIZADA<\/span>\n\t\t\t<\/span>\n\t\t\t<span class=\"ccp-card__title\">Malvinizar<\/span>\n\t\t\t\t\t\t\t<span class=\"ccp-card__espacio\">Museo de la Ciudad<\/span>\n\t\t\t\t\t\t\t\t\t\t<span class=\"ccp-card__date\">2 de abril de 2025<\/span>\n\t\t\t\t\t\t\t\t\t\t<span class=\"ccp-card__excerpt\">Di\u00e1logo entre el Museo de la Ciudad y el Museo Malvinas Desde hace m\u00e1s de cincuenta a\u00f1os, el Museo de la Ciudad realiza aportes&hellip;<\/span>\n\t\t\t\t\t\t<span class=\"ccp-card__action\">Ver propuesta<\/span>\n\t\t<\/span>\n\t<\/button>\n<\/article>\n\t\t\t\t\t<article class=\"ccp-card-wrap\">\n\t<button class=\"ccp-card\" type=\"button\" data-ccp-modal-target=\"ccp-modal-1-31360\" aria-haspopup=\"dialog\">\n\t\t<span class=\"ccp-card__media\">\n\t\t\t\t\t\t\t<img loading=\"lazy\" width=\"768\" height=\"1136\" src=\"https:\/\/www.santafeciudad.gov.ar\/capitalcultural\/wp-content\/uploads\/2026\/07\/foto-10-movilizacion-por-jubilacion-de-amas-de-casa.-finales-de-1980-1-768x1136.jpg\" class=\"ccp-card__image wp-post-image\" alt=\"\" style=\"object-position: 50% 50%;\" loading=\"lazy\" decoding=\"async\" srcset=\"https:\/\/www.santafeciudad.gov.ar\/capitalcultural\/wp-content\/uploads\/2026\/07\/foto-10-movilizacion-por-jubilacion-de-amas-de-casa.-finales-de-1980-1-768x1136.jpg 768w, https:\/\/www.santafeciudad.gov.ar\/capitalcultural\/wp-content\/uploads\/2026\/07\/foto-10-movilizacion-por-jubilacion-de-amas-de-casa.-finales-de-1980-1-203x300.jpg 203w, https:\/\/www.santafeciudad.gov.ar\/capitalcultural\/wp-content\/uploads\/2026\/07\/foto-10-movilizacion-por-jubilacion-de-amas-de-casa.-finales-de-1980-1-693x1024.jpg 693w, https:\/\/www.santafeciudad.gov.ar\/capitalcultural\/wp-content\/uploads\/2026\/07\/foto-10-movilizacion-por-jubilacion-de-amas-de-casa.-finales-de-1980-1-1039x1536.jpg 1039w, https:\/\/www.santafeciudad.gov.ar\/capitalcultural\/wp-content\/uploads\/2026\/07\/foto-10-movilizacion-por-jubilacion-de-amas-de-casa.-finales-de-1980-1-1385x2048.jpg 1385w, https:\/\/www.santafeciudad.gov.ar\/capitalcultural\/wp-content\/uploads\/2026\/07\/foto-10-movilizacion-por-jubilacion-de-amas-de-casa.-finales-de-1980-1-scaled.jpg 1731w\" sizes=\"auto, (max-width: 768px) 100vw, 768px\" \/>\t\t\t\t\t<\/span>\n\t\t<span class=\"ccp-card__content\">\n\t\t\t<span class=\"ccp-card__tags\">\n\t\t\t\t\t\t\t\t\t<span class=\"ccp-tag ccp-tag--categoria\">ACTIVACI\u00d3N<\/span>\n\t\t\t\t\t\t\t\t<span class=\"ccp-tag ccp-tag--estado ccp-tag--ya-sucedio\">FINALIZADA<\/span>\n\t\t\t<\/span>\n\t\t\t<span class=\"ccp-card__title\">\u00bfY ahora qu\u00e9?<\/span>\n\t\t\t\t\t\t\t<span class=\"ccp-card__espacio\">Museo de la Ciudad<\/span>\n\t\t\t\t\t\t\t\t\t\t<span class=\"ccp-card__date\">Del 19 de marzo de 2025 al 19 de marzo de 2026<\/span>\n\t\t\t\t\t\t\t\t\t\t<span class=\"ccp-card__excerpt\">Activaci\u00f3n en el marco de la muestra Remando.<\/span>\n\t\t\t\t\t\t<span class=\"ccp-card__action\">Ver propuesta<\/span>\n\t\t<\/span>\n\t<\/button>\n<\/article>\n\t\t\t\t\t<article class=\"ccp-card-wrap\">\n\t<button class=\"ccp-card\" type=\"button\" data-ccp-modal-target=\"ccp-modal-1-31357\" aria-haspopup=\"dialog\">\n\t\t<span class=\"ccp-card__media\">\n\t\t\t\t\t\t\t<img loading=\"lazy\" width=\"768\" height=\"1136\" src=\"https:\/\/www.santafeciudad.gov.ar\/capitalcultural\/wp-content\/uploads\/2026\/07\/foto-10-movilizacion-por-jubilacion-de-amas-de-casa.-finales-de-1980-1-768x1136.jpg\" class=\"ccp-card__image wp-post-image\" alt=\"\" style=\"object-position: 50% 50%;\" loading=\"lazy\" decoding=\"async\" srcset=\"https:\/\/www.santafeciudad.gov.ar\/capitalcultural\/wp-content\/uploads\/2026\/07\/foto-10-movilizacion-por-jubilacion-de-amas-de-casa.-finales-de-1980-1-768x1136.jpg 768w, https:\/\/www.santafeciudad.gov.ar\/capitalcultural\/wp-content\/uploads\/2026\/07\/foto-10-movilizacion-por-jubilacion-de-amas-de-casa.-finales-de-1980-1-203x300.jpg 203w, https:\/\/www.santafeciudad.gov.ar\/capitalcultural\/wp-content\/uploads\/2026\/07\/foto-10-movilizacion-por-jubilacion-de-amas-de-casa.-finales-de-1980-1-693x1024.jpg 693w, https:\/\/www.santafeciudad.gov.ar\/capitalcultural\/wp-content\/uploads\/2026\/07\/foto-10-movilizacion-por-jubilacion-de-amas-de-casa.-finales-de-1980-1-1039x1536.jpg 1039w, https:\/\/www.santafeciudad.gov.ar\/capitalcultural\/wp-content\/uploads\/2026\/07\/foto-10-movilizacion-por-jubilacion-de-amas-de-casa.-finales-de-1980-1-1385x2048.jpg 1385w, https:\/\/www.santafeciudad.gov.ar\/capitalcultural\/wp-content\/uploads\/2026\/07\/foto-10-movilizacion-por-jubilacion-de-amas-de-casa.-finales-de-1980-1-scaled.jpg 1731w\" sizes=\"auto, (max-width: 768px) 100vw, 768px\" \/>\t\t\t\t\t<\/span>\n\t\t<span class=\"ccp-card__content\">\n\t\t\t<span class=\"ccp-card__tags\">\n\t\t\t\t\t\t\t\t\t<span class=\"ccp-tag ccp-tag--categoria\">MUESTRA<\/span>\n\t\t\t\t\t\t\t\t<span class=\"ccp-tag ccp-tag--estado ccp-tag--ya-sucedio\">FINALIZADA<\/span>\n\t\t\t<\/span>\n\t\t\t<span class=\"ccp-card__title\">Remando<\/span>\n\t\t\t\t\t\t\t<span class=\"ccp-card__espacio\">Museo de la Ciudad<\/span>\n\t\t\t\t\t\t\t\t\t\t<span class=\"ccp-card__date\">Del 6 al 31 de marzo de 2025<\/span>\n\t\t\t\t\t\t\t\t\t\t<span class=\"ccp-card__excerpt\">Relatos del movimiento de mujeres y disidencias de la Ciudad de Santa Fe.<\/span>\n\t\t\t\t\t\t<span class=\"ccp-card__action\">Ver propuesta<\/span>\n\t\t<\/span>\n\t<\/button>\n<\/article>\n\t\t\t\t\t<article class=\"ccp-card-wrap\">\n\t<button class=\"ccp-card\" type=\"button\" data-ccp-modal-target=\"ccp-modal-1-31347\" aria-haspopup=\"dialog\">\n\t\t<span class=\"ccp-card__media\">\n\t\t\t\t\t\t\t<span class=\"ccp-card__placeholder\" role=\"img\" aria-label=\"Un mundo de sensaciones\" style=\"object-position: 50% 50%;\">\n\t\t\t\t\t<span>Capital Cultural<\/span>\n\t\t\t\t<\/span>\n\t\t\t\t\t<\/span>\n\t\t<span class=\"ccp-card__content\">\n\t\t\t<span class=\"ccp-card__tags\">\n\t\t\t\t\t\t\t\t\t<span class=\"ccp-tag ccp-tag--categoria\">MUESTRA<\/span>\n\t\t\t\t\t\t\t\t<span class=\"ccp-tag ccp-tag--estado ccp-tag--ya-sucedio\">FINALIZADA<\/span>\n\t\t\t<\/span>\n\t\t\t<span class=\"ccp-card__title\">Un mundo de sensaciones<\/span>\n\t\t\t\t\t\t\t<span class=\"ccp-card__espacio\">Museo de la Ciudad<\/span>\n\t\t\t\t\t\t\t\t\t\t<span class=\"ccp-card__date\">14 de agosto de 2023<\/span>\n\t\t\t\t\t\t\t\t\t\t<span class=\"ccp-card__excerpt\">Beber alcohol es una pr\u00e1ctica omnipresente y de significados muy variados.<\/span>\n\t\t\t\t\t\t<span class=\"ccp-card__action\">Ver propuesta<\/span>\n\t\t<\/span>\n\t<\/button>\n<\/article>\n\t\t\t\t\t<article class=\"ccp-card-wrap\">\n\t<button class=\"ccp-card\" type=\"button\" data-ccp-modal-target=\"ccp-modal-1-31342\" aria-haspopup=\"dialog\">\n\t\t<span class=\"ccp-card__media\">\n\t\t\t\t\t\t\t<img loading=\"lazy\" width=\"768\" height=\"555\" src=\"https:\/\/www.santafeciudad.gov.ar\/capitalcultural\/wp-content\/uploads\/2022\/12\/Puente-Colgante-Desde-Regatas-01-768x555.jpg\" class=\"ccp-card__image wp-post-image\" alt=\"\" style=\"object-position: 50% 50%;\" loading=\"lazy\" decoding=\"async\" srcset=\"https:\/\/www.santafeciudad.gov.ar\/capitalcultural\/wp-content\/uploads\/2022\/12\/Puente-Colgante-Desde-Regatas-01-768x555.jpg 768w, https:\/\/www.santafeciudad.gov.ar\/capitalcultural\/wp-content\/uploads\/2022\/12\/Puente-Colgante-Desde-Regatas-01-300x217.jpg 300w, https:\/\/www.santafeciudad.gov.ar\/capitalcultural\/wp-content\/uploads\/2022\/12\/Puente-Colgante-Desde-Regatas-01-1024x739.jpg 1024w, https:\/\/www.santafeciudad.gov.ar\/capitalcultural\/wp-content\/uploads\/2022\/12\/Puente-Colgante-Desde-Regatas-01.jpg 1252w\" sizes=\"auto, (max-width: 768px) 100vw, 768px\" \/>\t\t\t\t\t<\/span>\n\t\t<span class=\"ccp-card__content\">\n\t\t\t<span class=\"ccp-card__tags\">\n\t\t\t\t\t\t\t\t\t<span class=\"ccp-tag ccp-tag--categoria\">MUESTRA<\/span>\n\t\t\t\t\t\t\t\t<span class=\"ccp-tag ccp-tag--estado ccp-tag--ya-sucedio\">FINALIZADA<\/span>\n\t\t\t<\/span>\n\t\t\t<span class=\"ccp-card__title\">50 a\u00f1os de historias<\/span>\n\t\t\t\t\t\t\t<span class=\"ccp-card__espacio\">Museo de la Ciudad<\/span>\n\t\t\t\t\t\t\t\t\t\t<span class=\"ccp-card__date\">14 de diciembre de 2022<\/span>\n\t\t\t\t\t\t\t\t\t\t<span class=\"ccp-card__excerpt\">50 a\u00f1os de historias es una muestra aniversario organizada por el Museo de la Ciudad, con el aporte de investigadores\/as, donantes, visitantes, trabajadores\/as y&hellip;<\/span>\n\t\t\t\t\t\t<span class=\"ccp-card__action\">Ver propuesta<\/span>\n\t\t<\/span>\n\t<\/button>\n<\/article>\n\t\t\t\t\t<article class=\"ccp-card-wrap\">\n\t<button class=\"ccp-card\" type=\"button\" data-ccp-modal-target=\"ccp-modal-1-31340\" aria-haspopup=\"dialog\">\n\t\t<span class=\"ccp-card__media\">\n\t\t\t\t\t\t\t<span class=\"ccp-card__placeholder\" role=\"img\" aria-label=\"Viste Sentidos\" style=\"object-position: 50% 50%;\">\n\t\t\t\t\t<span>Capital Cultural<\/span>\n\t\t\t\t<\/span>\n\t\t\t\t\t<\/span>\n\t\t<span class=\"ccp-card__content\">\n\t\t\t<span class=\"ccp-card__tags\">\n\t\t\t\t\t\t\t\t\t<span class=\"ccp-tag ccp-tag--categoria\">MUESTRA<\/span>\n\t\t\t\t\t\t\t\t<span class=\"ccp-tag ccp-tag--estado ccp-tag--ya-sucedio\">FINALIZADA<\/span>\n\t\t\t<\/span>\n\t\t\t<span class=\"ccp-card__title\">Viste Sentidos<\/span>\n\t\t\t\t\t\t\t<span class=\"ccp-card__espacio\">Museo de la Ciudad<\/span>\n\t\t\t\t\t\t\t\t\t\t<span class=\"ccp-card__date\">25 de abril de 2022<\/span>\n\t\t\t\t\t\t\t\t\t\t<span class=\"ccp-card__excerpt\">El Museo de la Ciudad ha organizado esta muestra sobre la vestimenta que usaban ni\u00f1as y ni\u00f1os, mujeres y varones santafesinos, entre 1880 y&hellip;<\/span>\n\t\t\t\t\t\t<span class=\"ccp-card__action\">Ver propuesta<\/span>\n\t\t<\/span>\n\t<\/button>\n<\/article>\n\t\t\t<\/div>\n\t\t\t<div id=\"ccp-modal-1-31381\" class=\"ccp-modal\" hidden>\n\t<div class=\"ccp-modal__overlay\" data-ccp-close><\/div>\n\t<div class=\"ccp-modal__dialog\" role=\"dialog\" aria-modal=\"true\" aria-labelledby=\"ccp-modal-1-31381-title\" tabindex=\"-1\">\n\t\t<button class=\"ccp-modal__close\" type=\"button\" aria-label=\"Cerrar\" data-ccp-close>\n\t\t\t<span aria-hidden=\"true\">&times;<\/span>\n\t\t<\/button>\n\t\t<div class=\"ccp-modal__media\">\n\t\t\t\t\t\t\t<img loading=\"lazy\" width=\"1600\" height=\"1337\" src=\"https:\/\/www.santafeciudad.gov.ar\/capitalcultural\/wp-content\/uploads\/2026\/07\/mario-godoy-cero-a-cero.jpg\" class=\"ccp-modal__image wp-post-image\" alt=\"\" style=\"object-position: 50% 50%;\" sizes=\"auto, (max-width: 900px) calc(100vw - 24px), 44vw\" loading=\"lazy\" decoding=\"async\" srcset=\"https:\/\/www.santafeciudad.gov.ar\/capitalcultural\/wp-content\/uploads\/2026\/07\/mario-godoy-cero-a-cero.jpg 1600w, https:\/\/www.santafeciudad.gov.ar\/capitalcultural\/wp-content\/uploads\/2026\/07\/mario-godoy-cero-a-cero-300x251.jpg 300w, https:\/\/www.santafeciudad.gov.ar\/capitalcultural\/wp-content\/uploads\/2026\/07\/mario-godoy-cero-a-cero-1024x856.jpg 1024w, https:\/\/www.santafeciudad.gov.ar\/capitalcultural\/wp-content\/uploads\/2026\/07\/mario-godoy-cero-a-cero-768x642.jpg 768w, https:\/\/www.santafeciudad.gov.ar\/capitalcultural\/wp-content\/uploads\/2026\/07\/mario-godoy-cero-a-cero-1536x1284.jpg 1536w\" \/>\t\t\t\t\t<\/div>\n\t\t<div class=\"ccp-modal__body\">\n\t\t\t<div class=\"ccp-modal__tags\">\n\t\t\t\t\t\t\t\t\t<span class=\"ccp-tag ccp-tag--categoria\">MUESTRA<\/span>\n\t\t\t\t\t\t\t\t<span class=\"ccp-tag ccp-tag--estado ccp-tag--ya-sucedio\">FINALIZADA<\/span>\n\t\t\t<\/div>\n\t\t\t<h2 id=\"ccp-modal-1-31381-title\" class=\"ccp-modal__title\">Arranc\u00f3 el juego<\/h2>\n\t\t\t\t\t\t\t<p class=\"ccp-modal__date\">Del 18 al 22 de junio de 2026<\/p>\n\t\t\t\t\t\t\t\t\t\t<dl class=\"ccp-modal__details\">\n\t\t\t\t\t\t\t\t\t\t\t<div>\n\t\t\t\t\t\t\t<dt>Horarios<\/dt>\n\t\t\t\t\t\t\t<dd>Jueves y viernes de 8.30 a 12.30 horas; y s\u00e1bado de 15 a 18 horas<\/dd>\n\t\t\t\t\t\t<\/div>\n\t\t\t\t\t\t\t\t\t\t\t\t\t\t\t\t<div>\n\t\t\t\t\t\t\t<dt>Sala o ubicaci\u00f3n<\/dt>\n\t\t\t\t\t\t\t<dd>Museo de la Constituci\u00f3n Nacional, Av. Circunvalaci\u00f3n y 1\u00b0 de Mayo<\/dd>\n\t\t\t\t\t\t<\/div>\n\t\t\t\t\t\t\t\t\t<\/dl>\n\t\t\t\t\t\t<div class=\"ccp-modal__content\">\n\t\t\t\t<p>La Municipalidad de Santa Fe a trav\u00e9s del Museo de la Ciudad invita a toda la comunidad a participar de &#8220;Arranc\u00f3 el juego&#8221;, una exposici\u00f3n temporal co-creada junto a estudiantes de 4\u00b0 grado de la Escuela N\u00b0 42 &#8220;Gral. Las Heras&#8221;. La muestra estar\u00e1 abierta al p\u00fablico del 18 al 22 de junio en el foyer del Museo de la Constituci\u00f3n Nacional (Av. Circunvalaci\u00f3n y 1\u00b0 de Mayo) ofreciendo una propuesta que conecta el juego, la identidad local y la pasi\u00f3n popular. Los horarios de visita son jueves y viernes de 8:30 a 12:30 h; y s\u00e1bado de 15 a 18 horas.<\/p>\n<p>La exhibici\u00f3n se nutre de un cruce patrimonial: combina piezas del Museo de la Ciudad y del Museo Municipal de Artes Visuales &#8220;Sor Josefa D\u00edaz y Clucellas&#8221;, junto a objetos cargados de historia afectiva aportados por las propias infancias y sus familias.<\/p>\n<p>Una tarde de activaciones, coleccionismo y celeste y blanca<\/p>\n<p>El momento central de la propuesta tendr\u00e1 lugar el s\u00e1bado 20 de junio, de 15 a 18 horas, con una grilla de actividades pensada para disfrutar en familia que incluir\u00e1 posta de intercambio de figuritas (un espacio de encuentro cl\u00e1sico para que chicos y grandes puedan cambiar e ir llenando sus \u00e1lbumes); mesa de coleccionistas (se exhibir\u00e1n colecciones privadas mundialistas con el objetivo de registrar y poner en valor los tesoros l\u00fadicos de los vecinos); baile recreativo (una clase abierta y movida a cargo de la Subsecretar\u00eda de Deportes para activar la tarde) y, a modo de cierre, un gran banderazo (para alentar a la Selecci\u00f3n y festejar el D\u00eda de la Bandera, en conmemoraci\u00f3n al Paso a la Inmortalidad del General Manuel Belgrano).<\/p>\n\t\t\t<\/div>\n\t\t\t\t\t<\/div>\n\t<\/div>\n<\/div>\n\t\t\t<div id=\"ccp-modal-1-31378\" class=\"ccp-modal\" hidden>\n\t<div class=\"ccp-modal__overlay\" data-ccp-close><\/div>\n\t<div class=\"ccp-modal__dialog\" role=\"dialog\" aria-modal=\"true\" aria-labelledby=\"ccp-modal-1-31378-title\" tabindex=\"-1\">\n\t\t<button class=\"ccp-modal__close\" type=\"button\" aria-label=\"Cerrar\" data-ccp-close>\n\t\t\t<span aria-hidden=\"true\">&times;<\/span>\n\t\t<\/button>\n\t\t<div class=\"ccp-modal__media\">\n\t\t\t\t\t\t\t<img loading=\"lazy\" width=\"1086\" height=\"1448\" src=\"https:\/\/www.santafeciudad.gov.ar\/capitalcultural\/wp-content\/uploads\/2026\/07\/file_00000000486071fb95799e87feeb8708.png\" class=\"ccp-modal__image wp-post-image\" alt=\"\" style=\"object-position: 50% 50%;\" sizes=\"auto, (max-width: 900px) calc(100vw - 24px), 44vw\" loading=\"lazy\" decoding=\"async\" srcset=\"https:\/\/www.santafeciudad.gov.ar\/capitalcultural\/wp-content\/uploads\/2026\/07\/file_00000000486071fb95799e87feeb8708.png 1086w, https:\/\/www.santafeciudad.gov.ar\/capitalcultural\/wp-content\/uploads\/2026\/07\/file_00000000486071fb95799e87feeb8708-225x300.png 225w, https:\/\/www.santafeciudad.gov.ar\/capitalcultural\/wp-content\/uploads\/2026\/07\/file_00000000486071fb95799e87feeb8708-768x1024.png 768w\" \/>\t\t\t\t\t<\/div>\n\t\t<div class=\"ccp-modal__body\">\n\t\t\t<div class=\"ccp-modal__tags\">\n\t\t\t\t\t\t\t\t\t<span class=\"ccp-tag ccp-tag--categoria\">MUESTRA<\/span>\n\t\t\t\t\t\t\t\t<span class=\"ccp-tag ccp-tag--estado ccp-tag--ya-sucedio\">FINALIZADA<\/span>\n\t\t\t<\/div>\n\t\t\t<h2 id=\"ccp-modal-1-31378-title\" class=\"ccp-modal__title\">Parir con tu propia voz<\/h2>\n\t\t\t\t\t\t\t<p class=\"ccp-modal__date\">Del 19 al 23 de mayo de 2026<\/p>\n\t\t\t\t\t\t\t\t\t\t<dl class=\"ccp-modal__details\">\n\t\t\t\t\t\t\t\t\t\t\t<div>\n\t\t\t\t\t\t\t<dt>Horarios<\/dt>\n\t\t\t\t\t\t\t<dd>Lunes a viernes de 9 a 12 horas<\/dd>\n\t\t\t\t\t\t<\/div>\n\t\t\t\t\t\t\t\t\t\t\t\t\t\t\t\t<div>\n\t\t\t\t\t\t\t<dt>Sala o ubicaci\u00f3n<\/dt>\n\t\t\t\t\t\t\t<dd>Casa Museo C\u00e9sar L\u00f3pez Claro, Piedras 7352<\/dd>\n\t\t\t\t\t\t<\/div>\n\t\t\t\t\t\t\t\t\t<\/dl>\n\t\t\t\t\t\t<div class=\"ccp-modal__content\">\n\t\t\t\t<p>La muestra y activaciones \u201cParir con tu propia voz\u201d, tendr\u00e1n lugar del 19 al 23 de mayo en la Casa Museo C\u00e9sar L\u00f3pez Claro (Piedras 7352) Las actividades tendr\u00e1n lugar en la Semana Mundial del Parto Respetado, con la curadur\u00eda de Comadres del Litoral.<\/p>\n<p>Desde el 19 de mayo, el Museo de la Ciudad de Santa Fe visita la Casa Museo C\u00e9sar L\u00f3pez Claro en el marco del D\u00eda Internacional de los Museos, con el objetivo de explorar la consigna: &#8220;museos uniendo un mundo dividido&#8221;. Bajo este horizonte y en ronda, se conversar\u00e1 sobre la Semana Mundial del Parto Respetado, cuyo lema local es &#8220;Parir con tu propia voz&#8221;. Esta iniciativa representa una acci\u00f3n conjunta que une espacios, enlaza organizaciones y visibiliza diversas formas de vida. Es una propuesta que busca reflexionar sobre los nacimientos desde una mirada diversa que ejerce y garantiza derechos.<\/p>\n<p>Cronograma de actividades<\/p>\n<p>Martes 19 de mayo<\/p>\n<p>9 h | Apertura de muestra \u201cParir con tu propia voz\u201d.<br \/>\nLa exhibici\u00f3n podr\u00e1 visitarse hasta el 23 de mayo de 9 a 12 h y en los horarios de las actividades programadas.<\/p>\n<p>17 h | Conversatorio: &#8220;El rol de la Doula\u201d.<br \/>\nComo agente de acompa\u00f1amiento continuo, centrado en la persona gestante, el beb\u00e9 y su entorno vincular. Desde una perspectiva de derechos \u2014en l\u00ednea con la Ley 25.929 \u2014 la doula facilita el acceso a informaci\u00f3n basada en evidencia, promueve la toma de decisiones informadas y contribuye a la humanizaci\u00f3n de los procesos de embarazo, parto y posparto. Su intervenci\u00f3n, no cl\u00ednica, se orienta a fortalecer la autonom\u00eda, la experiencia subjetiva y el ejercicio efectivo de los derechos en el nacimiento. Responsable: Celina Gallo- Doula y directora de escuela Mam\u00e1 Luna<\/p>\n<p>Mi\u00e9rcoles 20 de mayo<\/p>\n<p>17 h | Conversatorio: &#8220;Gestar Justicia, Parir Derechos&#8221;.<br \/>\nProyecci\u00f3n y debate en torno al cortometraje documental Gestar derechos, parir Justicia. Responsable: Leila Abdala, moderan Las Comadres del Litoral.<\/p>\n<p>Jueves 21 de mayo.<\/p>\n<p>17 h | Ronda de Relatos y Arrullos Encuentro de relatos sobre experiencias de parto y cierre musical con tres arrullos. Responsables: Las Comadres del Litoral y doula Lara Ajun.<\/p>\n<p>S\u00e1bado 23 de mayo.<\/p>\n<p>15hs | Demostraci\u00f3n Art\u00edstica y Taller de Barro.<br \/>\nEncuentro en formato experiencia abierta que combina demostraci\u00f3n art\u00edstica en vivo, conversaci\u00f3n y una instancia participativa con el barro. Reconociendo el nacimiento como un acontecimiento sagrado a trav\u00e9s de la escultura. Responsable: Artista Bel\u00e9n Rosas.<\/p>\n\t\t\t<\/div>\n\t\t\t\t\t<\/div>\n\t<\/div>\n<\/div>\n\t\t\t<div id=\"ccp-modal-1-31370\" class=\"ccp-modal\" hidden>\n\t<div class=\"ccp-modal__overlay\" data-ccp-close><\/div>\n\t<div class=\"ccp-modal__dialog\" role=\"dialog\" aria-modal=\"true\" aria-labelledby=\"ccp-modal-1-31370-title\" tabindex=\"-1\">\n\t\t<button class=\"ccp-modal__close\" type=\"button\" aria-label=\"Cerrar\" data-ccp-close>\n\t\t\t<span aria-hidden=\"true\">&times;<\/span>\n\t\t<\/button>\n\t\t<div class=\"ccp-modal__media\">\n\t\t\t\t\t\t\t<img loading=\"lazy\" width=\"1885\" height=\"2560\" src=\"https:\/\/www.santafeciudad.gov.ar\/capitalcultural\/wp-content\/uploads\/2026\/07\/MUSEO1_DSC1280-scaled.jpg\" class=\"ccp-modal__image wp-post-image\" alt=\"\" style=\"object-position: 50% 50%;\" sizes=\"auto, (max-width: 900px) calc(100vw - 24px), 44vw\" loading=\"lazy\" decoding=\"async\" srcset=\"https:\/\/www.santafeciudad.gov.ar\/capitalcultural\/wp-content\/uploads\/2026\/07\/MUSEO1_DSC1280-scaled.jpg 1885w, https:\/\/www.santafeciudad.gov.ar\/capitalcultural\/wp-content\/uploads\/2026\/07\/MUSEO1_DSC1280-221x300.jpg 221w, https:\/\/www.santafeciudad.gov.ar\/capitalcultural\/wp-content\/uploads\/2026\/07\/MUSEO1_DSC1280-754x1024.jpg 754w, https:\/\/www.santafeciudad.gov.ar\/capitalcultural\/wp-content\/uploads\/2026\/07\/MUSEO1_DSC1280-768x1043.jpg 768w, https:\/\/www.santafeciudad.gov.ar\/capitalcultural\/wp-content\/uploads\/2026\/07\/MUSEO1_DSC1280-1131x1536.jpg 1131w, https:\/\/www.santafeciudad.gov.ar\/capitalcultural\/wp-content\/uploads\/2026\/07\/MUSEO1_DSC1280-1508x2048.jpg 1508w\" \/>\t\t\t\t\t<\/div>\n\t\t<div class=\"ccp-modal__body\">\n\t\t\t<div class=\"ccp-modal__tags\">\n\t\t\t\t\t\t\t\t\t<span class=\"ccp-tag ccp-tag--categoria\">MUESTRA<\/span>\n\t\t\t\t\t\t\t\t<span class=\"ccp-tag ccp-tag--estado ccp-tag--ya-sucedio\">FINALIZADA<\/span>\n\t\t\t<\/div>\n\t\t\t<h2 id=\"ccp-modal-1-31370-title\" class=\"ccp-modal__title\">Santa Fe a las puertas del 24 de marzo de 1976<\/h2>\n\t\t\t\t\t\t\t<p class=\"ccp-modal__date\">Del 25 de marzo al 3 de abril de 2026<\/p>\n\t\t\t\t\t\t\t\t\t\t<dl class=\"ccp-modal__details\">\n\t\t\t\t\t\t\t\t\t\t\t<div>\n\t\t\t\t\t\t\t<dt>Horarios<\/dt>\n\t\t\t\t\t\t\t<dd>Lunes a viernes de 8 a 18 horas<\/dd>\n\t\t\t\t\t\t<\/div>\n\t\t\t\t\t\t\t\t\t\t\t\t\t\t\t\t<div>\n\t\t\t\t\t\t\t<dt>Sala o ubicaci\u00f3n<\/dt>\n\t\t\t\t\t\t\t<dd>Hall del Palacio Municipal, Salta 2951.<\/dd>\n\t\t\t\t\t\t<\/div>\n\t\t\t\t\t\t\t\t\t<\/dl>\n\t\t\t\t\t\t<div class=\"ccp-modal__content\">\n\t\t\t\t<p>El mi\u00e9rcoles 25 de marzo a las 11 h, se inaugurar\u00e1 la muestra \u201cSanta Fe a las puertas del 24 de marzo de 1976\u201d en el Hall del Palacio Municipal, con curadur\u00eda de Julieta Citroni. Podr\u00e1 visitarse de lunes a viernes de 8 a 18 h hasta el 3 de abril.<\/p>\n<p>Esta muestra conmemorativa se propone revelar, por un lado, la normalidad de la vida y las pr\u00e1cticas sociales. Pero tambi\u00e9n, la conflictividad existente y las formas violentas de ejercicio del poder. De este modo, \u201csale a la luz\u201d una sociedad en movimiento, reflexiva y activa, plural y diversa. As\u00ed se pretende discutir algunas im\u00e1genes cristalizadas de una Santa Fe est\u00e1tica, retra\u00edda, pacata, en la que no pas\u00f3 nada. Distintas voces y documentos demuestran lo contrario e invitan a la reflexi\u00f3n.<\/p>\n<p>Entre otras preguntas, la exhibici\u00f3n propone reflexionar en torno a: \u00bfC\u00f3mo era Santa Fe hace 50 a\u00f1os? \u00bfC\u00f3mo se viv\u00eda, estudiaba, trabajaba, militaba? \u00bfEl golpe de Estado produjo un quiebre en las vidas de sus habitantes? \u00bfAcaso se evidenci\u00f3 m\u00e1s en uno u otro aspecto? \u00bfO en ciertos grupos sociales? \u00bfLa represi\u00f3n se \u201cviv\u00eda\u201d, se percib\u00eda diariamente, en las calles o en algunos \u00e1mbitos en particular? \u00bfHubo continuidades \u2013en pr\u00e1cticas, costumbres, instituciones\u2013 m\u00e1s all\u00e1 del 24 de marzo?<\/p>\n\t\t\t<\/div>\n\t\t\t\t\t<\/div>\n\t<\/div>\n<\/div>\n\t\t\t<div id=\"ccp-modal-1-31373\" class=\"ccp-modal\" hidden>\n\t<div class=\"ccp-modal__overlay\" data-ccp-close><\/div>\n\t<div class=\"ccp-modal__dialog\" role=\"dialog\" aria-modal=\"true\" aria-labelledby=\"ccp-modal-1-31373-title\" tabindex=\"-1\">\n\t\t<button class=\"ccp-modal__close\" type=\"button\" aria-label=\"Cerrar\" data-ccp-close>\n\t\t\t<span aria-hidden=\"true\">&times;<\/span>\n\t\t<\/button>\n\t\t<div class=\"ccp-modal__media\">\n\t\t\t\t\t\t\t<img loading=\"lazy\" width=\"2560\" height=\"1779\" src=\"https:\/\/www.santafeciudad.gov.ar\/capitalcultural\/wp-content\/uploads\/2026\/07\/img942-Fin-de-partida.-Sala-Marechal-1978.-Elenco-santafesino.-Sello-Muni-de-Sta-Fe.-Dto-de-informac-publica.-865.-Cc-1-scaled.jpg\" class=\"ccp-modal__image wp-post-image\" alt=\"\" style=\"object-position: 50% 50%;\" sizes=\"auto, (max-width: 900px) calc(100vw - 24px), 44vw\" loading=\"lazy\" decoding=\"async\" srcset=\"https:\/\/www.santafeciudad.gov.ar\/capitalcultural\/wp-content\/uploads\/2026\/07\/img942-Fin-de-partida.-Sala-Marechal-1978.-Elenco-santafesino.-Sello-Muni-de-Sta-Fe.-Dto-de-informac-publica.-865.-Cc-1-scaled.jpg 2560w, https:\/\/www.santafeciudad.gov.ar\/capitalcultural\/wp-content\/uploads\/2026\/07\/img942-Fin-de-partida.-Sala-Marechal-1978.-Elenco-santafesino.-Sello-Muni-de-Sta-Fe.-Dto-de-informac-publica.-865.-Cc-1-300x208.jpg 300w, https:\/\/www.santafeciudad.gov.ar\/capitalcultural\/wp-content\/uploads\/2026\/07\/img942-Fin-de-partida.-Sala-Marechal-1978.-Elenco-santafesino.-Sello-Muni-de-Sta-Fe.-Dto-de-informac-publica.-865.-Cc-1-1024x711.jpg 1024w, https:\/\/www.santafeciudad.gov.ar\/capitalcultural\/wp-content\/uploads\/2026\/07\/img942-Fin-de-partida.-Sala-Marechal-1978.-Elenco-santafesino.-Sello-Muni-de-Sta-Fe.-Dto-de-informac-publica.-865.-Cc-1-768x534.jpg 768w, https:\/\/www.santafeciudad.gov.ar\/capitalcultural\/wp-content\/uploads\/2026\/07\/img942-Fin-de-partida.-Sala-Marechal-1978.-Elenco-santafesino.-Sello-Muni-de-Sta-Fe.-Dto-de-informac-publica.-865.-Cc-1-1536x1067.jpg 1536w, https:\/\/www.santafeciudad.gov.ar\/capitalcultural\/wp-content\/uploads\/2026\/07\/img942-Fin-de-partida.-Sala-Marechal-1978.-Elenco-santafesino.-Sello-Muni-de-Sta-Fe.-Dto-de-informac-publica.-865.-Cc-1-2048x1423.jpg 2048w\" \/>\t\t\t\t\t<\/div>\n\t\t<div class=\"ccp-modal__body\">\n\t\t\t<div class=\"ccp-modal__tags\">\n\t\t\t\t\t\t\t\t\t<span class=\"ccp-tag ccp-tag--categoria\">ACTIVACI\u00d3N<\/span>\n\t\t\t\t\t\t\t\t<span class=\"ccp-tag ccp-tag--estado ccp-tag--ya-sucedio\">FINALIZADA<\/span>\n\t\t\t<\/div>\n\t\t\t<h2 id=\"ccp-modal-1-31373-title\" class=\"ccp-modal__title\">Cultura y dictadura: Conversaciones sobre gustos peligrosos<\/h2>\n\t\t\t\t\t\t\t<p class=\"ccp-modal__date\">28 de marzo de 2026<\/p>\n\t\t\t\t\t\t\t\t\t\t<dl class=\"ccp-modal__details\">\n\t\t\t\t\t\t\t\t\t\t\t<div>\n\t\t\t\t\t\t\t<dt>Horarios<\/dt>\n\t\t\t\t\t\t\t<dd>S\u00e1bado 28 de marzo a las 10 horas<\/dd>\n\t\t\t\t\t\t<\/div>\n\t\t\t\t\t\t\t\t\t\t\t\t\t\t\t\t<div>\n\t\t\t\t\t\t\t<dt>Sala o ubicaci\u00f3n<\/dt>\n\t\t\t\t\t\t\t<dd>Casa Museo C\u00e9sar L\u00f3pez Claro, Piedras 7352<\/dd>\n\t\t\t\t\t\t<\/div>\n\t\t\t\t\t\t\t\t\t<\/dl>\n\t\t\t\t\t\t<div class=\"ccp-modal__content\">\n\t\t\t\t<p>Se realizar\u00e1 la charla \u201cCultura y dictadura: Conversaciones sobre gustos peligrosos\u201d<\/p>\n<p>El conversatorio ser\u00e1 llevado a cabo por Paula Sedran y Lautaro D\u00edaz Geromet, docentes e investigadores del Instituto Superior de M\u00fasica y de la Facultad de Humanidades y Ciencias de la Universidad Nacional del Litoral, quienes compartir\u00e1n ideas surgidas de la interpretaci\u00f3n del patrimonio del Museo de la Ciudad.<\/p>\n<p>La charla \u201cCultura y dictadura: Conversaciones sobre gustos peligrosos\u201d tendr\u00e1 lugar el s\u00e1bado 28 de marzo a las 10 hs en la Casa Museo C\u00e9sar L\u00f3pez Claro (Piedras 7352) con entrada libre y gratuita.<\/p>\n<p>Paula Sedran y Lautaro D\u00edaz Geromet, docentes investigadores de FHUC y de ISM de la UNL compartir\u00e1n algunas ideas que surgen de la interpretaci\u00f3n del patrimonio del Museo de la Ciudad. &#8220;Conversaciones sobre gustos peligrosos&#8221; es una invitaci\u00f3n a reflexionar sobre la represi\u00f3n desatada en el \u00e1mbito cultural santafesino.<\/p>\n\t\t\t<\/div>\n\t\t\t\t\t<\/div>\n\t<\/div>\n<\/div>\n\t\t\t<div id=\"ccp-modal-1-31367\" class=\"ccp-modal\" hidden>\n\t<div class=\"ccp-modal__overlay\" data-ccp-close><\/div>\n\t<div class=\"ccp-modal__dialog\" role=\"dialog\" aria-modal=\"true\" aria-labelledby=\"ccp-modal-1-31367-title\" tabindex=\"-1\">\n\t\t<button class=\"ccp-modal__close\" type=\"button\" aria-label=\"Cerrar\" data-ccp-close>\n\t\t\t<span aria-hidden=\"true\">&times;<\/span>\n\t\t<\/button>\n\t\t<div class=\"ccp-modal__media\">\n\t\t\t\t\t\t\t<img loading=\"lazy\" width=\"1742\" height=\"1158\" src=\"https:\/\/www.santafeciudad.gov.ar\/capitalcultural\/wp-content\/uploads\/2026\/07\/Captura-de-pantalla-2026-07-25-a-las-12.51.23.png\" class=\"ccp-modal__image wp-post-image\" alt=\"\" style=\"object-position: 50% 50%;\" sizes=\"auto, (max-width: 900px) calc(100vw - 24px), 44vw\" loading=\"lazy\" decoding=\"async\" srcset=\"https:\/\/www.santafeciudad.gov.ar\/capitalcultural\/wp-content\/uploads\/2026\/07\/Captura-de-pantalla-2026-07-25-a-las-12.51.23.png 1742w, https:\/\/www.santafeciudad.gov.ar\/capitalcultural\/wp-content\/uploads\/2026\/07\/Captura-de-pantalla-2026-07-25-a-las-12.51.23-300x199.png 300w, https:\/\/www.santafeciudad.gov.ar\/capitalcultural\/wp-content\/uploads\/2026\/07\/Captura-de-pantalla-2026-07-25-a-las-12.51.23-1024x681.png 1024w, https:\/\/www.santafeciudad.gov.ar\/capitalcultural\/wp-content\/uploads\/2026\/07\/Captura-de-pantalla-2026-07-25-a-las-12.51.23-768x511.png 768w, https:\/\/www.santafeciudad.gov.ar\/capitalcultural\/wp-content\/uploads\/2026\/07\/Captura-de-pantalla-2026-07-25-a-las-12.51.23-1536x1021.png 1536w\" \/>\t\t\t\t\t<\/div>\n\t\t<div class=\"ccp-modal__body\">\n\t\t\t<div class=\"ccp-modal__tags\">\n\t\t\t\t\t\t\t\t\t<span class=\"ccp-tag ccp-tag--categoria\">ACTIVACI\u00d3N<\/span>\n\t\t\t\t\t\t\t\t<span class=\"ccp-tag ccp-tag--estado ccp-tag--ya-sucedio\">FINALIZADA<\/span>\n\t\t\t<\/div>\n\t\t\t<h2 id=\"ccp-modal-1-31367-title\" class=\"ccp-modal__title\">Coral Sacro de la Universidad Cat\u00f3lica de Santa Fe<\/h2>\n\t\t\t\t\t\t\t<p class=\"ccp-modal__date\">19 de diciembre de 2025<\/p>\n\t\t\t\t\t\t\t\t\t\t<dl class=\"ccp-modal__details\">\n\t\t\t\t\t\t\t\t\t\t\t\t\t\t\t\t<div>\n\t\t\t\t\t\t\t<dt>Sala o ubicaci\u00f3n<\/dt>\n\t\t\t\t\t\t\t<dd>Hall del Palacio Municipal, Salta 2951.<\/dd>\n\t\t\t\t\t\t<\/div>\n\t\t\t\t\t\t\t\t\t<\/dl>\n\t\t\t\t\t\t<div class=\"ccp-modal__content\">\n\t\t\t\t<p>En el marco de la muestra \u201cEntre lo sagrado y lo cotidiano. Pesebres y nacimientos contempor\u00e1neos\u201d el Coral Sacro de la Universidad Cat\u00f3lica de Santa Fe bajo la direcci\u00f3n del Prof. Miguel Piva, realizar\u00e1 un concierto de villancicos navide\u00f1os. Tendr\u00e1 lugar el viernes 19 de diciembre a las 19.30 h en el Hall del Palacio Municipal (Salta 2951). Actividad libre y gratuita.<\/p>\n<p>El Coral Sacro es el coro m\u00e1s antiguo de la UCA y se aboca exclusivamente a la interpretaci\u00f3n de m\u00fasica sagrada del siglo XX, con piezas de cuatro y ocho voces.<\/p>\n<p>Junto al profesor Miguel Piva, el equipo que lidera los coros de la Cat\u00f3lica (el infantil, el de ni\u00f1os, el universitario y el coral sacro) est\u00e1 conformado por el profesor Agust\u00edn Ruatta como pianista, y la profesora Cecilia Aguirre, preparadora vocal de los cuatro coros y directora del coro infantil.<\/p>\n\t\t\t<\/div>\n\t\t\t\t\t<\/div>\n\t<\/div>\n<\/div>\n\t\t\t<div id=\"ccp-modal-1-31351\" class=\"ccp-modal\" hidden>\n\t<div class=\"ccp-modal__overlay\" data-ccp-close><\/div>\n\t<div class=\"ccp-modal__dialog\" role=\"dialog\" aria-modal=\"true\" aria-labelledby=\"ccp-modal-1-31351-title\" tabindex=\"-1\">\n\t\t<button class=\"ccp-modal__close\" type=\"button\" aria-label=\"Cerrar\" data-ccp-close>\n\t\t\t<span aria-hidden=\"true\">&times;<\/span>\n\t\t<\/button>\n\t\t<div class=\"ccp-modal__media\">\n\t\t\t\t\t\t\t<img loading=\"lazy\" width=\"2560\" height=\"1707\" src=\"https:\/\/www.santafeciudad.gov.ar\/capitalcultural\/wp-content\/uploads\/2026\/07\/IMG_9836-scaled.jpg\" class=\"ccp-modal__image wp-post-image\" alt=\"\" style=\"object-position: 50% 50%;\" sizes=\"auto, (max-width: 900px) calc(100vw - 24px), 44vw\" loading=\"lazy\" decoding=\"async\" srcset=\"https:\/\/www.santafeciudad.gov.ar\/capitalcultural\/wp-content\/uploads\/2026\/07\/IMG_9836-scaled.jpg 2560w, https:\/\/www.santafeciudad.gov.ar\/capitalcultural\/wp-content\/uploads\/2026\/07\/IMG_9836-300x200.jpg 300w, https:\/\/www.santafeciudad.gov.ar\/capitalcultural\/wp-content\/uploads\/2026\/07\/IMG_9836-1024x683.jpg 1024w, https:\/\/www.santafeciudad.gov.ar\/capitalcultural\/wp-content\/uploads\/2026\/07\/IMG_9836-768x512.jpg 768w, https:\/\/www.santafeciudad.gov.ar\/capitalcultural\/wp-content\/uploads\/2026\/07\/IMG_9836-1536x1024.jpg 1536w, https:\/\/www.santafeciudad.gov.ar\/capitalcultural\/wp-content\/uploads\/2026\/07\/IMG_9836-2048x1365.jpg 2048w\" \/>\t\t\t\t\t<\/div>\n\t\t<div class=\"ccp-modal__body\">\n\t\t\t<div class=\"ccp-modal__tags\">\n\t\t\t\t\t\t\t\t\t<span class=\"ccp-tag ccp-tag--categoria\">MUESTRA<\/span>\n\t\t\t\t\t\t\t\t<span class=\"ccp-tag ccp-tag--estado ccp-tag--ya-sucedio\">FINALIZADA<\/span>\n\t\t\t<\/div>\n\t\t\t<h2 id=\"ccp-modal-1-31351-title\" class=\"ccp-modal__title\">Entre lo sagrado y lo cotidiano: Pesebres y nacimientos contempor\u00e1neos<\/h2>\n\t\t\t\t\t\t\t<p class=\"ccp-modal__date\">Del 12 al 26 de diciembre de 2025<\/p>\n\t\t\t\t\t\t\t\t\t<div class=\"ccp-modal__content\">\n\t\t\t\t<p>Una exploraci\u00f3n sobre la vida, el rito y el saber ancestral a trav\u00e9s del patrimonio santafesino.<br \/>\nEsta exhibici\u00f3n, producida y curada por el Museo de la Ciudad, propuso un di\u00e1logo profundo entre dos miradas que, aunque diversas, convergen en el misterio del nacimiento: la tradici\u00f3n del pesebrismo y la pr\u00e1ctica ancestral de la parter\u00eda.<\/p>\n<p>La muestra se articul\u00f3 como un espacio de cruce donde la reinterpretaci\u00f3n patrimonial permite redescubrir objetos, relatos y saberes que forman parte de nuestra identidad cultural.<\/p>\n<p>El Arte del Pesebrismo<br \/>\nLa muestra re\u00fane piezas de coleccionistas locales y producciones de creadores de pesebres, poniendo en valor el belenismo como una expresi\u00f3n art\u00edstica y popular. Esta pr\u00e1ctica, arraigada en la cultura cristiana, trasciende lo religioso para convertirse en un hecho artesanal donde se incorporan elementos locales, adaptando el relato universal a nuestro propio contexto cultural.<\/p>\n<p>Nacimientos y Parter\u00eda Tradicional<br \/>\nM\u00e1s all\u00e1 de la representaci\u00f3n iconogr\u00e1fica, la exposici\u00f3n incorpora una perspectiva de g\u00e9nero y de tradici\u00f3n oral a trav\u00e9s de la parter\u00eda tradicional. A trav\u00e9s de registros audiovisuales, se rescatan los testimonios de madres y parteras que custodian una pr\u00e1ctica ancestral vital.<\/p>\n<p>Este eje de la muestra destac\u00f3:<br \/>\n-Saberes ancestrales: El uso de la herbolaria y el apoyo espiritual.<br \/>\n-Identidad y comunidad: La importancia de estas pr\u00e1cticas en contextos ind\u00edgenas y rurales.<br \/>\n-Humanizaci\u00f3n: Una mirada sobre el cuidado integral de la mujer durante el embarazo, parto y posparto.<\/p>\n\t\t\t<\/div>\n\t\t\t\t\t<\/div>\n\t<\/div>\n<\/div>\n\t\t\t<div id=\"ccp-modal-1-31365\" class=\"ccp-modal\" hidden>\n\t<div class=\"ccp-modal__overlay\" data-ccp-close><\/div>\n\t<div class=\"ccp-modal__dialog\" role=\"dialog\" aria-modal=\"true\" aria-labelledby=\"ccp-modal-1-31365-title\" tabindex=\"-1\">\n\t\t<button class=\"ccp-modal__close\" type=\"button\" aria-label=\"Cerrar\" data-ccp-close>\n\t\t\t<span aria-hidden=\"true\">&times;<\/span>\n\t\t<\/button>\n\t\t<div class=\"ccp-modal__media\">\n\t\t\t\t\t\t\t<div class=\"ccp-modal__placeholder\" role=\"img\" aria-label=\"Las Filippelli, hermandad y solter\u00eda\" style=\"object-position: 50% 50%;\">\n\t\t\t\t\t<span>Capital Cultural<\/span>\n\t\t\t\t<\/div>\n\t\t\t\t\t<\/div>\n\t\t<div class=\"ccp-modal__body\">\n\t\t\t<div class=\"ccp-modal__tags\">\n\t\t\t\t\t\t\t\t\t<span class=\"ccp-tag ccp-tag--categoria\">MUESTRA<\/span>\n\t\t\t\t\t\t\t\t<span class=\"ccp-tag ccp-tag--estado ccp-tag--ya-sucedio\">FINALIZADA<\/span>\n\t\t\t<\/div>\n\t\t\t<h2 id=\"ccp-modal-1-31365-title\" class=\"ccp-modal__title\">Las Filippelli, hermandad y solter\u00eda<\/h2>\n\t\t\t\t\t\t\t<p class=\"ccp-modal__date\">Del 7 al 25 de agosto de 2025<\/p>\n\t\t\t\t\t\t\t\t\t\t<dl class=\"ccp-modal__details\">\n\t\t\t\t\t\t\t\t\t\t\t<div>\n\t\t\t\t\t\t\t<dt>Horarios<\/dt>\n\t\t\t\t\t\t\t<dd>Lunes a viernes de 8 a 18 horas<\/dd>\n\t\t\t\t\t\t<\/div>\n\t\t\t\t\t\t\t\t\t\t\t\t\t\t\t\t<div>\n\t\t\t\t\t\t\t<dt>Sala o ubicaci\u00f3n<\/dt>\n\t\t\t\t\t\t\t<dd>Hall del Palacio Municipal, Salta 2951.<\/dd>\n\t\t\t\t\t\t<\/div>\n\t\t\t\t\t\t\t\t\t<\/dl>\n\t\t\t\t\t\t<div class=\"ccp-modal__content\">\n\t\t\t\t<p>El Museo de la Ciudad exhibe \u201cLas Filippelli, hermandad y solter\u00eda\u201den el Hall del Palacio Municipal (Salta 2951) desde el jueves 7 al lunes 25 de agosto de 8 a 18 h. El mi\u00e9rcoles 13 de agosto a las 18 h, tendr\u00e1 lugar una visita comentada.<\/p>\n<p>Se trata de la muestra patrimonial de bordados y tejidos dom\u00e9sticos que componen la colecci\u00f3n hom\u00f3nima. \u201cLas Filippelli\u201d es una trama de afectos, cuidados y mandatos. Una historia \u00edntima que, al ser contada, se transforma en memoria colectiva.<\/p>\n\t\t\t<\/div>\n\t\t\t\t\t<\/div>\n\t<\/div>\n<\/div>\n\t\t\t<div id=\"ccp-modal-1-31362\" class=\"ccp-modal\" hidden>\n\t<div class=\"ccp-modal__overlay\" data-ccp-close><\/div>\n\t<div class=\"ccp-modal__dialog\" role=\"dialog\" aria-modal=\"true\" aria-labelledby=\"ccp-modal-1-31362-title\" tabindex=\"-1\">\n\t\t<button class=\"ccp-modal__close\" type=\"button\" aria-label=\"Cerrar\" data-ccp-close>\n\t\t\t<span aria-hidden=\"true\">&times;<\/span>\n\t\t<\/button>\n\t\t<div class=\"ccp-modal__media\">\n\t\t\t\t\t\t\t<img loading=\"lazy\" width=\"2560\" height=\"1944\" src=\"https:\/\/www.santafeciudad.gov.ar\/capitalcultural\/wp-content\/uploads\/2026\/07\/flyer-vecinales-scaled.jpg\" class=\"ccp-modal__image wp-post-image\" alt=\"\" style=\"object-position: 50% 50%;\" sizes=\"auto, (max-width: 900px) calc(100vw - 24px), 44vw\" loading=\"lazy\" decoding=\"async\" srcset=\"https:\/\/www.santafeciudad.gov.ar\/capitalcultural\/wp-content\/uploads\/2026\/07\/flyer-vecinales-scaled.jpg 2560w, https:\/\/www.santafeciudad.gov.ar\/capitalcultural\/wp-content\/uploads\/2026\/07\/flyer-vecinales-300x228.jpg 300w, https:\/\/www.santafeciudad.gov.ar\/capitalcultural\/wp-content\/uploads\/2026\/07\/flyer-vecinales-1024x778.jpg 1024w, https:\/\/www.santafeciudad.gov.ar\/capitalcultural\/wp-content\/uploads\/2026\/07\/flyer-vecinales-768x583.jpg 768w, https:\/\/www.santafeciudad.gov.ar\/capitalcultural\/wp-content\/uploads\/2026\/07\/flyer-vecinales-1536x1166.jpg 1536w, https:\/\/www.santafeciudad.gov.ar\/capitalcultural\/wp-content\/uploads\/2026\/07\/flyer-vecinales-2048x1555.jpg 2048w\" \/>\t\t\t\t\t<\/div>\n\t\t<div class=\"ccp-modal__body\">\n\t\t\t<div class=\"ccp-modal__tags\">\n\t\t\t\t\t\t\t\t\t<span class=\"ccp-tag ccp-tag--categoria\">ACTIVACI\u00d3N<\/span>\n\t\t\t\t\t\t\t\t<span class=\"ccp-tag ccp-tag--estado ccp-tag--ya-sucedio\">FINALIZADA<\/span>\n\t\t\t<\/div>\n\t\t\t<h2 id=\"ccp-modal-1-31362-title\" class=\"ccp-modal__title\">Encuentro de Memorias<\/h2>\n\t\t\t\t\t\t\t<p class=\"ccp-modal__date\">Del 9 al 13 de junio de 2025<\/p>\n\t\t\t\t\t\t\t\t\t\t<dl class=\"ccp-modal__details\">\n\t\t\t\t\t\t\t\t\t\t\t<div>\n\t\t\t\t\t\t\t<dt>Horarios<\/dt>\n\t\t\t\t\t\t\t<dd>Lunes 9 de junio de 9 a 12 horas y el viernes 13 de 14 a 16 horas<\/dd>\n\t\t\t\t\t\t<\/div>\n\t\t\t\t\t\t\t\t\t\t\t\t\t\t\t\t<div>\n\t\t\t\t\t\t\t<dt>Sala o ubicaci\u00f3n<\/dt>\n\t\t\t\t\t\t\t<dd>Vecinal Mariano Comas, Urquiza 3605.<\/dd>\n\t\t\t\t\t\t<\/div>\n\t\t\t\t\t\t\t\t\t<\/dl>\n\t\t\t\t\t\t<div class=\"ccp-modal__content\">\n\t\t\t\t<p>El Museo de la Ciudad celebra el D\u00eda del Vecino con un &#8220;Encuentro de Memorias&#8221; en la Vecinal Mariano Comas<\/p>\n<p>La acci\u00f3n invita a rescatar memorias barriales y testimonios materiales que enriquezcan la historia local.<\/p>\n<p>El lunes 9 de junio de 9 a 12 h y el viernes 13 de 14 a 16 h, la vecinal Mariano Comas (Urquiza 3605) ser\u00e1 sede de un &#8220;encuentro de memorias&#8221;, con motivo de celebrarse el D\u00eda del Vecino. La actividad apunta a realizar un rescate de memorias y testimonios materiales del barrio Mariano Comas y su vecinal.<\/p>\n<p>La propuesta se inscribe en el especial inter\u00e9s que el Museo de la Ciudad sostiene desde sus inicios por la historia cotidiana de la ciudad y sus habitantes. A lo largo de los a\u00f1os, desarroll\u00f3 programas para resguardar el patrimonio ciudadano como \u201cHistoria de los Barrios de Santa Fe\u201d, que nutri\u00f3 de contenido a decenas de investigadores, periodistas locales y a la comunidad general.<\/p>\n<p>El trabajo se situar\u00e1 en una vecinal que est\u00e1 pr\u00f3xima a cumplir 70 a\u00f1os de vida y est\u00e1 inscrita en un barrio que cuenta con instituciones muy importantes como el Ministerio de Agricultura, la Sociedad Rural, la Universidad Nacional del Litoral, el Club Uni\u00f3n y la Iglesia de Jesucristo de los Santos de los \u00daltimos D\u00edas, entre otras.<\/p>\n<p>Especial menci\u00f3n se hace al v\u00ednculo que tiene el Museo de la Ciudad con el barrio, ya que all\u00ed el Museo tuvo su primera casa en la d\u00e9cada de 1980, en C\u00e1ndido Pujato 2943.<\/p>\n\t\t\t<\/div>\n\t\t\t\t\t<\/div>\n\t<\/div>\n<\/div>\n\t\t\t<div id=\"ccp-modal-1-31349\" class=\"ccp-modal\" hidden>\n\t<div class=\"ccp-modal__overlay\" data-ccp-close><\/div>\n\t<div class=\"ccp-modal__dialog\" role=\"dialog\" aria-modal=\"true\" aria-labelledby=\"ccp-modal-1-31349-title\" tabindex=\"-1\">\n\t\t<button class=\"ccp-modal__close\" type=\"button\" aria-label=\"Cerrar\" data-ccp-close>\n\t\t\t<span aria-hidden=\"true\">&times;<\/span>\n\t\t<\/button>\n\t\t<div class=\"ccp-modal__media\">\n\t\t\t\t\t\t\t<img loading=\"lazy\" width=\"2560\" height=\"1609\" src=\"https:\/\/www.santafeciudad.gov.ar\/capitalcultural\/wp-content\/uploads\/2025\/04\/Portada_Malvinas-scaled.jpg\" class=\"ccp-modal__image wp-post-image\" alt=\"\" style=\"object-position: 50% 50%;\" sizes=\"auto, (max-width: 900px) calc(100vw - 24px), 44vw\" loading=\"lazy\" decoding=\"async\" srcset=\"https:\/\/www.santafeciudad.gov.ar\/capitalcultural\/wp-content\/uploads\/2025\/04\/Portada_Malvinas-scaled.jpg 2560w, https:\/\/www.santafeciudad.gov.ar\/capitalcultural\/wp-content\/uploads\/2025\/04\/Portada_Malvinas-300x189.jpg 300w, https:\/\/www.santafeciudad.gov.ar\/capitalcultural\/wp-content\/uploads\/2025\/04\/Portada_Malvinas-1024x644.jpg 1024w, https:\/\/www.santafeciudad.gov.ar\/capitalcultural\/wp-content\/uploads\/2025\/04\/Portada_Malvinas-768x483.jpg 768w, https:\/\/www.santafeciudad.gov.ar\/capitalcultural\/wp-content\/uploads\/2025\/04\/Portada_Malvinas-1536x966.jpg 1536w, https:\/\/www.santafeciudad.gov.ar\/capitalcultural\/wp-content\/uploads\/2025\/04\/Portada_Malvinas-2048x1287.jpg 2048w\" \/>\t\t\t\t\t<\/div>\n\t\t<div class=\"ccp-modal__body\">\n\t\t\t<div class=\"ccp-modal__tags\">\n\t\t\t\t\t\t\t\t\t<span class=\"ccp-tag ccp-tag--categoria\">MUESTRA<\/span>\n\t\t\t\t\t\t\t\t<span class=\"ccp-tag ccp-tag--estado ccp-tag--ya-sucedio\">FINALIZADA<\/span>\n\t\t\t<\/div>\n\t\t\t<h2 id=\"ccp-modal-1-31349-title\" class=\"ccp-modal__title\">Malvinizar<\/h2>\n\t\t\t\t\t\t\t<p class=\"ccp-modal__date\">2 de abril de 2025<\/p>\n\t\t\t\t\t\t\t\t\t<div class=\"ccp-modal__content\">\n\t\t\t\t<p>Di\u00e1logo entre el Museo de la Ciudad y el Museo Malvinas<\/p>\n<p>Desde hace m\u00e1s de cincuenta a\u00f1os, el Museo de la Ciudad realiza aportes para el descubrimiento de nuestra identidad. Preserva pr\u00e1cticas culturales, costumbres y memorias ciudadanas. Rescata objetos de la vida cotidiana, instrumentos, mobiliario, utensilios, herramientas, indumentaria y accesorios, juegos y juguetes, fotograf\u00edas, libros y documentos.<\/p>\n<p>Y en este constante rescate de la memoria, va al encuentro del Museo Malvinas, emplazado dentro del Centro de Ex Combatientes de Santa Fe, para escuchar las voces de los protagonistas de la historia reciente y conocer acerca de la labor did\u00e1ctica, educativa y social que all\u00ed se desarrolla, con un objetivo primordial: malvinizar.<\/p>\n<p>As\u00ed, mientras la historia es reconstrucci\u00f3n de aquello que ya no est\u00e1, la memoria es un fen\u00f3meno siempre actual, un v\u00ednculo con lo eterno presente. La memoria fecunda en lo concreto; necesita del espacio, el gesto, la imagen y el objeto para arraigarse.<\/p>\n\t\t\t<\/div>\n\t\t\t\t\t\t\t<a class=\"ccp-modal__button\" href=\"https:\/\/www.santafeciudad.gov.ar\/capitalcultural\/museos-y-salas\/museo-de-la-ciudad\/malvinizar\/\" target=\"_blank\" rel=\"noopener noreferrer\">\n\t\t\t\t\tVer muestra\t\t\t\t<\/a>\n\t\t\t\t\t<\/div>\n\t<\/div>\n<\/div>\n\t\t\t<div id=\"ccp-modal-1-31360\" class=\"ccp-modal\" hidden>\n\t<div class=\"ccp-modal__overlay\" data-ccp-close><\/div>\n\t<div class=\"ccp-modal__dialog\" role=\"dialog\" aria-modal=\"true\" aria-labelledby=\"ccp-modal-1-31360-title\" tabindex=\"-1\">\n\t\t<button class=\"ccp-modal__close\" type=\"button\" aria-label=\"Cerrar\" data-ccp-close>\n\t\t\t<span aria-hidden=\"true\">&times;<\/span>\n\t\t<\/button>\n\t\t<div class=\"ccp-modal__media\">\n\t\t\t\t\t\t\t<img loading=\"lazy\" width=\"1731\" height=\"2560\" src=\"https:\/\/www.santafeciudad.gov.ar\/capitalcultural\/wp-content\/uploads\/2026\/07\/foto-10-movilizacion-por-jubilacion-de-amas-de-casa.-finales-de-1980-1-scaled.jpg\" class=\"ccp-modal__image wp-post-image\" alt=\"\" style=\"object-position: 50% 50%;\" sizes=\"auto, (max-width: 900px) calc(100vw - 24px), 44vw\" loading=\"lazy\" decoding=\"async\" srcset=\"https:\/\/www.santafeciudad.gov.ar\/capitalcultural\/wp-content\/uploads\/2026\/07\/foto-10-movilizacion-por-jubilacion-de-amas-de-casa.-finales-de-1980-1-scaled.jpg 1731w, https:\/\/www.santafeciudad.gov.ar\/capitalcultural\/wp-content\/uploads\/2026\/07\/foto-10-movilizacion-por-jubilacion-de-amas-de-casa.-finales-de-1980-1-203x300.jpg 203w, https:\/\/www.santafeciudad.gov.ar\/capitalcultural\/wp-content\/uploads\/2026\/07\/foto-10-movilizacion-por-jubilacion-de-amas-de-casa.-finales-de-1980-1-693x1024.jpg 693w, https:\/\/www.santafeciudad.gov.ar\/capitalcultural\/wp-content\/uploads\/2026\/07\/foto-10-movilizacion-por-jubilacion-de-amas-de-casa.-finales-de-1980-1-768x1136.jpg 768w, https:\/\/www.santafeciudad.gov.ar\/capitalcultural\/wp-content\/uploads\/2026\/07\/foto-10-movilizacion-por-jubilacion-de-amas-de-casa.-finales-de-1980-1-1039x1536.jpg 1039w, https:\/\/www.santafeciudad.gov.ar\/capitalcultural\/wp-content\/uploads\/2026\/07\/foto-10-movilizacion-por-jubilacion-de-amas-de-casa.-finales-de-1980-1-1385x2048.jpg 1385w\" \/>\t\t\t\t\t<\/div>\n\t\t<div class=\"ccp-modal__body\">\n\t\t\t<div class=\"ccp-modal__tags\">\n\t\t\t\t\t\t\t\t\t<span class=\"ccp-tag ccp-tag--categoria\">ACTIVACI\u00d3N<\/span>\n\t\t\t\t\t\t\t\t<span class=\"ccp-tag ccp-tag--estado ccp-tag--ya-sucedio\">FINALIZADA<\/span>\n\t\t\t<\/div>\n\t\t\t<h2 id=\"ccp-modal-1-31360-title\" class=\"ccp-modal__title\">\u00bfY ahora qu\u00e9?<\/h2>\n\t\t\t\t\t\t\t<p class=\"ccp-modal__date\">Del 19 de marzo de 2025 al 19 de marzo de 2026<\/p>\n\t\t\t\t\t\t\t\t\t\t<dl class=\"ccp-modal__details\">\n\t\t\t\t\t\t\t\t\t\t\t<div>\n\t\t\t\t\t\t\t<dt>Horarios<\/dt>\n\t\t\t\t\t\t\t<dd>Mi\u00e9rcoles 19 de marzo a las 18.00 horas<\/dd>\n\t\t\t\t\t\t<\/div>\n\t\t\t\t\t\t\t\t\t\t\t\t\t\t\t\t<div>\n\t\t\t\t\t\t\t<dt>Sala o ubicaci\u00f3n<\/dt>\n\t\t\t\t\t\t\t<dd>Museo de artes Visuales Sor Josefa D\u00edaz y Clucellas. San Mart\u00edn 2068.<\/dd>\n\t\t\t\t\t\t<\/div>\n\t\t\t\t\t\t\t\t\t<\/dl>\n\t\t\t\t\t\t<div class=\"ccp-modal__content\">\n\t\t\t\t<p>El Museo de la Ciudad junto a representantes de organizaciones de mujeres y disidencias, invitan a un conversatorio que propone reflexionar en torno a las preguntas:<\/p>\n<p>\u00bfC\u00f3mo fortalecernos evaluando aciertos, errores y desaf\u00edos hacia el interior del movimiento? \u00bfC\u00f3mo resistimos y, a la vez persuadimos y convencemos para que m\u00e1s personas se nos unan? \u00bfCu\u00e1l debe ser la agenda prioritaria? \u00bfC\u00f3mo la llevamos a cabo?<\/p>\n<p>Intentaremos respuestas.<\/p>\n<p>Actividad libre y gratuita.<\/p>\n\t\t\t<\/div>\n\t\t\t\t\t<\/div>\n\t<\/div>\n<\/div>\n\t\t\t<div id=\"ccp-modal-1-31357\" class=\"ccp-modal\" hidden>\n\t<div class=\"ccp-modal__overlay\" data-ccp-close><\/div>\n\t<div class=\"ccp-modal__dialog\" role=\"dialog\" aria-modal=\"true\" aria-labelledby=\"ccp-modal-1-31357-title\" tabindex=\"-1\">\n\t\t<button class=\"ccp-modal__close\" type=\"button\" aria-label=\"Cerrar\" data-ccp-close>\n\t\t\t<span aria-hidden=\"true\">&times;<\/span>\n\t\t<\/button>\n\t\t<div class=\"ccp-modal__media\">\n\t\t\t\t\t\t\t<img loading=\"lazy\" width=\"1731\" height=\"2560\" src=\"https:\/\/www.santafeciudad.gov.ar\/capitalcultural\/wp-content\/uploads\/2026\/07\/foto-10-movilizacion-por-jubilacion-de-amas-de-casa.-finales-de-1980-1-scaled.jpg\" class=\"ccp-modal__image wp-post-image\" alt=\"\" style=\"object-position: 50% 50%;\" sizes=\"auto, (max-width: 900px) calc(100vw - 24px), 44vw\" loading=\"lazy\" decoding=\"async\" srcset=\"https:\/\/www.santafeciudad.gov.ar\/capitalcultural\/wp-content\/uploads\/2026\/07\/foto-10-movilizacion-por-jubilacion-de-amas-de-casa.-finales-de-1980-1-scaled.jpg 1731w, https:\/\/www.santafeciudad.gov.ar\/capitalcultural\/wp-content\/uploads\/2026\/07\/foto-10-movilizacion-por-jubilacion-de-amas-de-casa.-finales-de-1980-1-203x300.jpg 203w, https:\/\/www.santafeciudad.gov.ar\/capitalcultural\/wp-content\/uploads\/2026\/07\/foto-10-movilizacion-por-jubilacion-de-amas-de-casa.-finales-de-1980-1-693x1024.jpg 693w, https:\/\/www.santafeciudad.gov.ar\/capitalcultural\/wp-content\/uploads\/2026\/07\/foto-10-movilizacion-por-jubilacion-de-amas-de-casa.-finales-de-1980-1-768x1136.jpg 768w, https:\/\/www.santafeciudad.gov.ar\/capitalcultural\/wp-content\/uploads\/2026\/07\/foto-10-movilizacion-por-jubilacion-de-amas-de-casa.-finales-de-1980-1-1039x1536.jpg 1039w, https:\/\/www.santafeciudad.gov.ar\/capitalcultural\/wp-content\/uploads\/2026\/07\/foto-10-movilizacion-por-jubilacion-de-amas-de-casa.-finales-de-1980-1-1385x2048.jpg 1385w\" \/>\t\t\t\t\t<\/div>\n\t\t<div class=\"ccp-modal__body\">\n\t\t\t<div class=\"ccp-modal__tags\">\n\t\t\t\t\t\t\t\t\t<span class=\"ccp-tag ccp-tag--categoria\">MUESTRA<\/span>\n\t\t\t\t\t\t\t\t<span class=\"ccp-tag ccp-tag--estado ccp-tag--ya-sucedio\">FINALIZADA<\/span>\n\t\t\t<\/div>\n\t\t\t<h2 id=\"ccp-modal-1-31357-title\" class=\"ccp-modal__title\">Remando<\/h2>\n\t\t\t\t\t\t\t<p class=\"ccp-modal__date\">Del 6 al 31 de marzo de 2025<\/p>\n\t\t\t\t\t\t\t\t\t\t<dl class=\"ccp-modal__details\">\n\t\t\t\t\t\t\t\t\t\t\t<div>\n\t\t\t\t\t\t\t<dt>Horarios<\/dt>\n\t\t\t\t\t\t\t<dd>Lunes a viernes de 8 a 18 horas<\/dd>\n\t\t\t\t\t\t<\/div>\n\t\t\t\t\t\t\t\t\t\t\t\t\t\t\t\t<div>\n\t\t\t\t\t\t\t<dt>Sala o ubicaci\u00f3n<\/dt>\n\t\t\t\t\t\t\t<dd>Hall del Palacio Municipal<\/dd>\n\t\t\t\t\t\t<\/div>\n\t\t\t\t\t\t\t\t\t<\/dl>\n\t\t\t\t\t\t<div class=\"ccp-modal__content\">\n\t\t\t\t<p>Relatos del movimiento de mujeres y disidencias de la Ciudad de Santa Fe.<\/p>\n\t\t\t<\/div>\n\t\t\t\t\t<\/div>\n\t<\/div>\n<\/div>\n\t\t\t<div id=\"ccp-modal-1-31347\" class=\"ccp-modal\" hidden>\n\t<div class=\"ccp-modal__overlay\" data-ccp-close><\/div>\n\t<div class=\"ccp-modal__dialog\" role=\"dialog\" aria-modal=\"true\" aria-labelledby=\"ccp-modal-1-31347-title\" tabindex=\"-1\">\n\t\t<button class=\"ccp-modal__close\" type=\"button\" aria-label=\"Cerrar\" data-ccp-close>\n\t\t\t<span aria-hidden=\"true\">&times;<\/span>\n\t\t<\/button>\n\t\t<div class=\"ccp-modal__media\">\n\t\t\t\t\t\t\t<div class=\"ccp-modal__placeholder\" role=\"img\" aria-label=\"Un mundo de sensaciones\" style=\"object-position: 50% 50%;\">\n\t\t\t\t\t<span>Capital Cultural<\/span>\n\t\t\t\t<\/div>\n\t\t\t\t\t<\/div>\n\t\t<div class=\"ccp-modal__body\">\n\t\t\t<div class=\"ccp-modal__tags\">\n\t\t\t\t\t\t\t\t\t<span class=\"ccp-tag ccp-tag--categoria\">MUESTRA<\/span>\n\t\t\t\t\t\t\t\t<span class=\"ccp-tag ccp-tag--estado ccp-tag--ya-sucedio\">FINALIZADA<\/span>\n\t\t\t<\/div>\n\t\t\t<h2 id=\"ccp-modal-1-31347-title\" class=\"ccp-modal__title\">Un mundo de sensaciones<\/h2>\n\t\t\t\t\t\t\t<p class=\"ccp-modal__date\">14 de agosto de 2023<\/p>\n\t\t\t\t\t\t\t\t\t<div class=\"ccp-modal__content\">\n\t\t\t\t<h3>LA \u00daLTIMA CURDA<\/h3>\n<h4>ALCOHOL Y VIDA SOCIAL EN SANTA FE<\/h4>\n<p>Beber alcohol es una pr\u00e1ctica omnipresente y de significados muy variados. En cada \u00e9poca, s\u00f3lo algunas de sus formas son m\u00e1s visibles y suelen generar emociones o respuestas sociales apasionadas: la discusi\u00f3n por la adicci\u00f3n, por la violencia interpersonal, por c\u00f3mo afecta la productividad de los trabajadores o por c\u00f3mo modifica las costumbres de los j\u00f3venes, por citar s\u00f3lo algunos aspectos.<\/p>\n<p>Para hacer una historia del alcohol en Santa Fe es necesario preguntarse qu\u00e9 postales del consumo de alcohol nos muestra la ciudad en la primera mitad del siglo XX, c\u00f3mo se explica su presencia masiva y qu\u00e9 marca su importancia cultural. Tambi\u00e9n, qu\u00e9 testimonios, emociones, problemas y respuestas estatales despert\u00f3 su consumo.<\/p>\n<p>Dada su importancia cultural, para entender c\u00f3mo se forman y por qu\u00e9 cambian nuestras percepciones sobre la bebida, es necesario conocer tanto las formas aceptadas como las rechazadas de consumo de alcohol.<\/p>\n<p><strong>Texto completo:<\/strong> <a href=\"https:\/\/www.santafeciudad.gov.ar\/capitalcultural\/wp-content\/uploads\/2023\/08\/unmundodesensaciones-pdf.pdf\" target=\"_blank\" rel=\"noopener\">Descargar publicaci\u00f3n<\/a><\/p>\n<p><strong>Nota period\u00edstica:<\/strong> <a href=\"https:\/\/www.ellitoral.com\/area-metropolitana\/santa-fe-alcohol-cotidianeidad-muestra-relaciones-vida-social_0_qClvn1affP.html\" target=\"_blank\" rel=\"noopener\">\u201cLa \u00faltima curda\u201d: una in\u00e9dita muestra rastre\u00f3 el rol del alcohol en la vida social santafesina<\/a><\/p>\n\t\t\t<\/div>\n\t\t\t\t\t\t\t<a class=\"ccp-modal__button\" href=\"https:\/\/www.santafeciudad.gov.ar\/capitalcultural\/museos-y-salas\/museo-de-la-ciudad\/un-mundo-de-sensaciones\/\" target=\"_blank\" rel=\"noopener noreferrer\">\n\t\t\t\t\tVer muestra\t\t\t\t<\/a>\n\t\t\t\t\t<\/div>\n\t<\/div>\n<\/div>\n\t\t\t<div id=\"ccp-modal-1-31342\" class=\"ccp-modal\" hidden>\n\t<div class=\"ccp-modal__overlay\" data-ccp-close><\/div>\n\t<div class=\"ccp-modal__dialog\" role=\"dialog\" aria-modal=\"true\" aria-labelledby=\"ccp-modal-1-31342-title\" tabindex=\"-1\">\n\t\t<button class=\"ccp-modal__close\" type=\"button\" aria-label=\"Cerrar\" data-ccp-close>\n\t\t\t<span aria-hidden=\"true\">&times;<\/span>\n\t\t<\/button>\n\t\t<div class=\"ccp-modal__media\">\n\t\t\t\t\t\t\t<img loading=\"lazy\" width=\"1252\" height=\"904\" src=\"https:\/\/www.santafeciudad.gov.ar\/capitalcultural\/wp-content\/uploads\/2022\/12\/Puente-Colgante-Desde-Regatas-01.jpg\" class=\"ccp-modal__image wp-post-image\" alt=\"\" style=\"object-position: 50% 50%;\" sizes=\"auto, (max-width: 900px) calc(100vw - 24px), 44vw\" loading=\"lazy\" decoding=\"async\" srcset=\"https:\/\/www.santafeciudad.gov.ar\/capitalcultural\/wp-content\/uploads\/2022\/12\/Puente-Colgante-Desde-Regatas-01.jpg 1252w, https:\/\/www.santafeciudad.gov.ar\/capitalcultural\/wp-content\/uploads\/2022\/12\/Puente-Colgante-Desde-Regatas-01-300x217.jpg 300w, https:\/\/www.santafeciudad.gov.ar\/capitalcultural\/wp-content\/uploads\/2022\/12\/Puente-Colgante-Desde-Regatas-01-1024x739.jpg 1024w, https:\/\/www.santafeciudad.gov.ar\/capitalcultural\/wp-content\/uploads\/2022\/12\/Puente-Colgante-Desde-Regatas-01-768x555.jpg 768w\" \/>\t\t\t\t\t<\/div>\n\t\t<div class=\"ccp-modal__body\">\n\t\t\t<div class=\"ccp-modal__tags\">\n\t\t\t\t\t\t\t\t\t<span class=\"ccp-tag ccp-tag--categoria\">MUESTRA<\/span>\n\t\t\t\t\t\t\t\t<span class=\"ccp-tag ccp-tag--estado ccp-tag--ya-sucedio\">FINALIZADA<\/span>\n\t\t\t<\/div>\n\t\t\t<h2 id=\"ccp-modal-1-31342-title\" class=\"ccp-modal__title\">50 a\u00f1os de historias<\/h2>\n\t\t\t\t\t\t\t<p class=\"ccp-modal__date\">14 de diciembre de 2022<\/p>\n\t\t\t\t\t\t\t\t\t<div class=\"ccp-modal__content\">\n\t\t\t\t<p>50 a\u00f1os de historias es una muestra aniversario organizada por el Museo de la Ciudad, con el aporte de investigadores\/as, donantes, visitantes, trabajadores\/as y gestores\/as culturales.<br \/>\nLa muestra est\u00e1 compuesta por una selecci\u00f3n de piezas que conforman el patrimonio del Museo. Los objetos exhibidos formaron parte de la vida cotidiana de vecinos y vecinas de Santa Fe.<\/p>\n\t\t\t<\/div>\n\t\t\t\t\t\t\t<a class=\"ccp-modal__button\" href=\"https:\/\/www.santafeciudad.gov.ar\/capitalcultural\/museos-y-salas\/museo-de-la-ciudad\/50-anos-de-historias\/\" target=\"_blank\" rel=\"noopener noreferrer\">\n\t\t\t\t\tM\u00e1s muestra\t\t\t\t<\/a>\n\t\t\t\t\t<\/div>\n\t<\/div>\n<\/div>\n\t\t\t<div id=\"ccp-modal-1-31340\" class=\"ccp-modal\" hidden>\n\t<div class=\"ccp-modal__overlay\" data-ccp-close><\/div>\n\t<div class=\"ccp-modal__dialog\" role=\"dialog\" aria-modal=\"true\" aria-labelledby=\"ccp-modal-1-31340-title\" tabindex=\"-1\">\n\t\t<button class=\"ccp-modal__close\" type=\"button\" aria-label=\"Cerrar\" data-ccp-close>\n\t\t\t<span aria-hidden=\"true\">&times;<\/span>\n\t\t<\/button>\n\t\t<div class=\"ccp-modal__media\">\n\t\t\t\t\t\t\t<div class=\"ccp-modal__placeholder\" role=\"img\" aria-label=\"Viste Sentidos\" style=\"object-position: 50% 50%;\">\n\t\t\t\t\t<span>Capital Cultural<\/span>\n\t\t\t\t<\/div>\n\t\t\t\t\t<\/div>\n\t\t<div class=\"ccp-modal__body\">\n\t\t\t<div class=\"ccp-modal__tags\">\n\t\t\t\t\t\t\t\t\t<span class=\"ccp-tag ccp-tag--categoria\">MUESTRA<\/span>\n\t\t\t\t\t\t\t\t<span class=\"ccp-tag ccp-tag--estado ccp-tag--ya-sucedio\">FINALIZADA<\/span>\n\t\t\t<\/div>\n\t\t\t<h2 id=\"ccp-modal-1-31340-title\" class=\"ccp-modal__title\">Viste Sentidos<\/h2>\n\t\t\t\t\t\t\t<p class=\"ccp-modal__date\">25 de abril de 2022<\/p>\n\t\t\t\t\t\t\t\t\t<div class=\"ccp-modal__content\">\n\t\t\t\t<p>El Museo de la Ciudad ha organizado esta muestra sobre la vestimenta que usaban ni\u00f1as y ni\u00f1os, mujeres y varones santafesinos, entre 1880 y 1950. Con curadur\u00eda de Alicia Garc\u00eda y Patricia Vasconi, se re\u00fanen fotograf\u00edas, vestimentas y accesorios.<\/p>\n\t\t\t<\/div>\n\t\t\t\t\t\t\t<a class=\"ccp-modal__button\" href=\"https:\/\/www.santafeciudad.gov.ar\/capitalcultural\/museos-y-salas\/museo-de-la-ciudad\/viste-sentidos\/\" target=\"_blank\" rel=\"noopener noreferrer\">\n\t\t\t\t\tM\u00e1s muestra\t\t\t\t<\/a>\n\t\t\t\t\t<\/div>\n\t<\/div>\n<\/div>\n\t<\/div>\n<\/div>\n\t\t\t\t\t\t<\/div>\n\t\t\t\t<\/div>\n\t\t\t\t\t<\/div>\n\t\t<\/div>\n\t\t\t\t\t<\/div>\n\t\t<\/section>\n\t\t\t\t<section class=\"elementor-section elementor-top-section elementor-element elementor-element-e4c9018 elementor-section-boxed elementor-section-height-default elementor-section-height-default\" data-id=\"e4c9018\" data-element_type=\"section\" data-e-type=\"section\">\n\t\t\t\t\t\t<div class=\"elementor-container elementor-column-gap-default\">\n\t\t\t\t\t<div class=\"elementor-column elementor-col-100 elementor-top-column elementor-element elementor-element-5d1f2a4\" data-id=\"5d1f2a4\" data-element_type=\"column\" data-e-type=\"column\">\n\t\t\t<div class=\"elementor-widget-wrap elementor-element-populated\">\n\t\t\t\t\t\t<div class=\"elementor-element elementor-element-2f81fab elementor-widget elementor-widget-heading\" data-id=\"2f81fab\" data-element_type=\"widget\" data-e-type=\"widget\" data-widget_type=\"heading.default\">\n\t\t\t\t<div class=\"elementor-widget-container\">\n\t\t\t\t\t<h2 class=\"elementor-heading-title elementor-size-default\">Horarios y visitas<\/h2>\t\t\t\t<\/div>\n\t\t\t\t<\/div>\n\t\t\t\t\t<\/div>\n\t\t<\/div>\n\t\t\t\t\t<\/div>\n\t\t<\/section>\n\t\t\t\t<section class=\"elementor-section elementor-top-section elementor-element elementor-element-6b29a45 elementor-section-boxed elementor-section-height-default elementor-section-height-default\" data-id=\"6b29a45\" data-element_type=\"section\" data-e-type=\"section\">\n\t\t\t\t\t\t<div class=\"elementor-container elementor-column-gap-default\">\n\t\t\t\t\t<div class=\"elementor-column elementor-col-50 elementor-top-column elementor-element elementor-element-9797f7f\" data-id=\"9797f7f\" data-element_type=\"column\" data-e-type=\"column\">\n\t\t\t<div class=\"elementor-widget-wrap elementor-element-populated\">\n\t\t\t\t\t\t<div class=\"elementor-element elementor-element-fd84304 elementor-widget elementor-widget-text-editor\" data-id=\"fd84304\" data-element_type=\"widget\" data-e-type=\"widget\" data-widget_type=\"text-editor.default\">\n\t\t\t\t<div class=\"elementor-widget-container\">\n\t\t\t\t\t\t\t\t\t<p style=\"font-size: 13px; line-height: 18px;\">Cupo limitado de 30 personas por visita guiada.<br><br>\n\nEl ingreso es libre y gratuito.<\/p>\t\t\t\t\t\t\t\t<\/div>\n\t\t\t\t<\/div>\n\t\t\t\t\t<\/div>\n\t\t<\/div>\n\t\t\t\t<div class=\"elementor-column elementor-col-50 elementor-top-column elementor-element elementor-element-6c44371\" data-id=\"6c44371\" data-element_type=\"column\" data-e-type=\"column\">\n\t\t\t<div class=\"elementor-widget-wrap elementor-element-populated\">\n\t\t\t\t\t\t<div class=\"elementor-element elementor-element-82cbbc2 elementor-widget elementor-widget-google_maps\" data-id=\"82cbbc2\" data-element_type=\"widget\" data-e-type=\"widget\" data-widget_type=\"google_maps.default\">\n\t\t\t\t<div class=\"elementor-widget-container\">\n\t\t\t\t\t\t\t<div class=\"elementor-custom-embed\">\n\t\t\t<iframe loading=\"lazy\"\n\t\t\t\t\tsrc=\"https:\/\/maps.google.com\/maps?q=Salta%202951%2C%20Santa%20Fe%2C%20AR&#038;t=m&#038;z=17&#038;output=embed&#038;iwloc=near\"\n\t\t\t\t\ttitle=\"Salta 2951, Santa Fe, AR\"\n\t\t\t\t\taria-label=\"Salta 2951, Santa Fe, AR\"\n\t\t\t><\/iframe>\n\t\t<\/div>\n\t\t\t\t\t\t<\/div>\n\t\t\t\t<\/div>\n\t\t\t\t\t<\/div>\n\t\t<\/div>\n\t\t\t\t\t<\/div>\n\t\t<\/section>\n\t\t\t\t<section class=\"elementor-section elementor-top-section elementor-element elementor-element-87f74d0 elementor-section-boxed elementor-section-height-default elementor-section-height-default\" data-id=\"87f74d0\" data-element_type=\"section\" data-e-type=\"section\">\n\t\t\t\t\t\t<div class=\"elementor-container elementor-column-gap-default\">\n\t\t\t\t\t<div class=\"elementor-column elementor-col-100 elementor-top-column elementor-element elementor-element-3722489\" data-id=\"3722489\" data-element_type=\"column\" data-e-type=\"column\">\n\t\t\t<div class=\"elementor-widget-wrap elementor-element-populated\">\n\t\t\t\t\t\t<div class=\"elementor-element elementor-element-3a17b72 elementor-widget elementor-widget-text-editor\" data-id=\"3a17b72\" data-element_type=\"widget\" data-e-type=\"widget\" data-widget_type=\"text-editor.default\">\n\t\t\t\t<div class=\"elementor-widget-container\">\n\t\t\t\t\t\t\t\t\t<p style=\"font-size: 13px; line-height: 20px; text-align: center;\">Si desea solicitar turnos para visitas educativas en grupo, comunicarse por correo a <a href=\"mailto:museociudadsantafe\"><span style=\"font-weight: 400;\">museo.ciudad@santafeciudad.gov.ar<\/span><\/a><\/p>\t\t\t\t\t\t\t\t<\/div>\n\t\t\t\t<\/div>\n\t\t\t\t\t<\/div>\n\t\t<\/div>\n\t\t\t\t\t<\/div>\n\t\t<\/section>\n\t\t\t\t<\/div>\n\t\t","protected":false},"excerpt":{"rendered":"<p>Creado en 1972, el Museo de la Ciudad investiga, colecciona, conserva, interpreta, exhibe y pone en valor historias cotidianas de [&hellip;]<\/p>\n","protected":false},"author":3,"featured_media":0,"parent":20080,"menu_order":0,"comment_status":"closed","ping_status":"closed","template":"elementor_header_footer","meta":{"site-sidebar-layout":"default","site-content-layout":"","ast-site-content-layout":"full-width-container","site-content-style":"default","site-sidebar-style":"default","ast-global-header-display":"","ast-banner-title-visibility":"","ast-main-header-display":"","ast-hfb-above-header-display":"","ast-hfb-below-header-display":"","ast-hfb-mobile-header-display":"","site-post-title":"","ast-breadcrumbs-content":"","ast-featured-img":"","footer-sml-layout":"","ast-disable-related-posts":"","theme-transparent-header-meta":"","adv-header-id-meta":"","stick-header-meta":"","header-above-stick-meta":"","header-main-stick-meta":"","header-below-stick-meta":"","astra-migrate-meta-layouts":"default","ast-page-background-enabled":"default","ast-page-background-meta":{"desktop":{"background-color":"var(--ast-global-color-5)","background-image":"","background-repeat":"repeat","background-position":"center center","background-size":"auto","background-attachment":"scroll","background-type":"","background-media":"","overlay-type":"","overlay-color":"","overlay-opacity":"","overlay-gradient":""},"tablet":{"background-color":"","background-image":"","background-repeat":"repeat","background-position":"center center","background-size":"auto","background-attachment":"scroll","background-type":"","background-media":"","overlay-type":"","overlay-color":"","overlay-opacity":"","overlay-gradient":""},"mobile":{"background-color":"","background-image":"","background-repeat":"repeat","background-position":"center center","background-size":"auto","background-attachment":"scroll","background-type":"","background-media":"","overlay-type":"","overlay-color":"","overlay-opacity":"","overlay-gradient":""}},"ast-content-background-meta":{"desktop":{"background-color":"var(--ast-global-color-4)","background-image":"","background-repeat":"repeat","background-position":"center center","background-size":"auto","background-attachment":"scroll","background-type":"","background-media":"","overlay-type":"","overlay-color":"","overlay-opacity":"","overlay-gradient":""},"tablet":{"background-color":"var(--ast-global-color-4)","background-image":"","background-repeat":"repeat","background-position":"center center","background-size":"auto","background-attachment":"scroll","background-type":"","background-media":"","overlay-type":"","overlay-color":"","overlay-opacity":"","overlay-gradient":""},"mobile":{"background-color":"var(--ast-global-color-4)","background-image":"","background-repeat":"repeat","background-position":"center center","background-size":"auto","background-attachment":"scroll","background-type":"","background-media":"","overlay-type":"","overlay-color":"","overlay-opacity":"","overlay-gradient":""}},"footnotes":""},"class_list":["post-20091","page","type-page","status-publish","hentry"],"yoast_head":"<!-- This site is optimized with the Yoast SEO plugin v28.2 - https:\/\/yoast.com\/product\/yoast-seo-wordpress\/ -->\n<title>Museo de la Ciudad - Capital Cultural<\/title>\n<meta name=\"robots\" content=\"index, follow, max-snippet:-1, max-image-preview:large, max-video-preview:-1\" \/>\n<link rel=\"canonical\" href=\"https:\/\/www.santafeciudad.gov.ar\/capitalcultural\/museos-y-salas\/museo-de-la-ciudad\/\" \/>\n<meta property=\"og:locale\" content=\"es_ES\" \/>\n<meta property=\"og:type\" content=\"article\" \/>\n<meta property=\"og:title\" content=\"Museo de la Ciudad - Capital Cultural\" \/>\n<meta property=\"og:description\" content=\"Creado en 1972, el Museo de la Ciudad investiga, colecciona, conserva, interpreta, exhibe y pone en valor historias cotidianas de [&hellip;]\" \/>\n<meta property=\"og:url\" content=\"https:\/\/www.santafeciudad.gov.ar\/capitalcultural\/museos-y-salas\/museo-de-la-ciudad\/\" \/>\n<meta property=\"og:site_name\" content=\"Capital Cultural\" \/>\n<meta property=\"article:publisher\" content=\"https:\/\/www.facebook.com\/SantaFeCapitalok\/\" \/>\n<meta property=\"article:modified_time\" content=\"2026-07-27T10:36:59+00:00\" \/>\n<meta name=\"twitter:card\" content=\"summary_large_image\" \/>\n<meta name=\"twitter:site\" content=\"@_SantaFeCapital\" \/>\n<meta name=\"twitter:label1\" content=\"Tiempo de lectura\" \/>\n\t<meta name=\"twitter:data1\" content=\"2 minutos\" \/>\n<script type=\"application\/ld+json\" class=\"yoast-schema-graph\">{\"@context\":\"https:\\\/\\\/schema.org\",\"@graph\":[{\"@type\":\"WebPage\",\"@id\":\"https:\\\/\\\/www.santafeciudad.gov.ar\\\/capitalcultural\\\/museos-y-salas\\\/museo-de-la-ciudad\\\/\",\"url\":\"https:\\\/\\\/www.santafeciudad.gov.ar\\\/capitalcultural\\\/museos-y-salas\\\/museo-de-la-ciudad\\\/\",\"name\":\"Museo de la Ciudad - Capital Cultural\",\"isPartOf\":{\"@id\":\"https:\\\/\\\/www.santafeciudad.gov.ar\\\/capitalcultural\\\/#website\"},\"datePublished\":\"2022-12-02T16:54:33+00:00\",\"dateModified\":\"2026-07-27T10:36:59+00:00\",\"breadcrumb\":{\"@id\":\"https:\\\/\\\/www.santafeciudad.gov.ar\\\/capitalcultural\\\/museos-y-salas\\\/museo-de-la-ciudad\\\/#breadcrumb\"},\"inLanguage\":\"es-AR\",\"potentialAction\":[{\"@type\":\"ReadAction\",\"target\":[\"https:\\\/\\\/www.santafeciudad.gov.ar\\\/capitalcultural\\\/museos-y-salas\\\/museo-de-la-ciudad\\\/\"]}]},{\"@type\":\"BreadcrumbList\",\"@id\":\"https:\\\/\\\/www.santafeciudad.gov.ar\\\/capitalcultural\\\/museos-y-salas\\\/museo-de-la-ciudad\\\/#breadcrumb\",\"itemListElement\":[{\"@type\":\"ListItem\",\"position\":1,\"name\":\"Inicio\",\"item\":\"https:\\\/\\\/www.santafeciudad.gov.ar\\\/capitalcultural\\\/\"},{\"@type\":\"ListItem\",\"position\":2,\"name\":\"Museos y Salas\",\"item\":\"https:\\\/\\\/www.santafeciudad.gov.ar\\\/capitalcultural\\\/museos-y-salas\\\/\"},{\"@type\":\"ListItem\",\"position\":3,\"name\":\"Museo de la Ciudad\"}]},{\"@type\":\"WebSite\",\"@id\":\"https:\\\/\\\/www.santafeciudad.gov.ar\\\/capitalcultural\\\/#website\",\"url\":\"https:\\\/\\\/www.santafeciudad.gov.ar\\\/capitalcultural\\\/\",\"name\":\"Capital Cultural\",\"description\":\"Secretaria de Cultura\",\"publisher\":{\"@id\":\"https:\\\/\\\/www.santafeciudad.gov.ar\\\/capitalcultural\\\/#organization\"},\"potentialAction\":[{\"@type\":\"SearchAction\",\"target\":{\"@type\":\"EntryPoint\",\"urlTemplate\":\"https:\\\/\\\/www.santafeciudad.gov.ar\\\/capitalcultural\\\/?s={search_term_string}\"},\"query-input\":{\"@type\":\"PropertyValueSpecification\",\"valueRequired\":true,\"valueName\":\"search_term_string\"}}],\"inLanguage\":\"es-AR\"},{\"@type\":\"Organization\",\"@id\":\"https:\\\/\\\/www.santafeciudad.gov.ar\\\/capitalcultural\\\/#organization\",\"name\":\"Municipalidad de la ciudad de Santa Fe\",\"alternateName\":\"Municipalidad de Santa Fe\",\"url\":\"https:\\\/\\\/www.santafeciudad.gov.ar\\\/capitalcultural\\\/\",\"logo\":{\"@type\":\"ImageObject\",\"inLanguage\":\"es-AR\",\"@id\":\"https:\\\/\\\/www.santafeciudad.gov.ar\\\/capitalcultural\\\/#\\\/schema\\\/logo\\\/image\\\/\",\"url\":\"https:\\\/\\\/www.santafeciudad.gov.ar\\\/capitalcultural\\\/wp-content\\\/uploads\\\/2020\\\/06\\\/SantaFeCapital_Logo_800x400-e1591880179119.png\",\"contentUrl\":\"https:\\\/\\\/www.santafeciudad.gov.ar\\\/capitalcultural\\\/wp-content\\\/uploads\\\/2020\\\/06\\\/SantaFeCapital_Logo_800x400-e1591880179119.png\",\"width\":400,\"height\":200,\"caption\":\"Municipalidad de la ciudad de Santa Fe\"},\"image\":{\"@id\":\"https:\\\/\\\/www.santafeciudad.gov.ar\\\/capitalcultural\\\/#\\\/schema\\\/logo\\\/image\\\/\"},\"sameAs\":[\"https:\\\/\\\/www.facebook.com\\\/SantaFeCapitalok\\\/\",\"https:\\\/\\\/x.com\\\/_SantaFeCapital\",\"https:\\\/\\\/www.instagram.com\\\/cultura.santafecapital\\\/\"]}]}<\/script>\n<!-- \/ Yoast SEO plugin. -->","yoast_head_json":{"title":"Museo de la Ciudad - Capital Cultural","robots":{"index":"index","follow":"follow","max-snippet":"max-snippet:-1","max-image-preview":"max-image-preview:large","max-video-preview":"max-video-preview:-1"},"canonical":"https:\/\/www.santafeciudad.gov.ar\/capitalcultural\/museos-y-salas\/museo-de-la-ciudad\/","og_locale":"es_ES","og_type":"article","og_title":"Museo de la Ciudad - Capital Cultural","og_description":"Creado en 1972, el Museo de la Ciudad investiga, colecciona, conserva, interpreta, exhibe y pone en valor historias cotidianas de [&hellip;]","og_url":"https:\/\/www.santafeciudad.gov.ar\/capitalcultural\/museos-y-salas\/museo-de-la-ciudad\/","og_site_name":"Capital Cultural","article_publisher":"https:\/\/www.facebook.com\/SantaFeCapitalok\/","article_modified_time":"2026-07-27T10:36:59+00:00","twitter_card":"summary_large_image","twitter_site":"@_SantaFeCapital","twitter_misc":{"Tiempo de lectura":"2 minutos"},"schema":{"@context":"https:\/\/schema.org","@graph":[{"@type":"WebPage","@id":"https:\/\/www.santafeciudad.gov.ar\/capitalcultural\/museos-y-salas\/museo-de-la-ciudad\/","url":"https:\/\/www.santafeciudad.gov.ar\/capitalcultural\/museos-y-salas\/museo-de-la-ciudad\/","name":"Museo de la Ciudad - Capital Cultural","isPartOf":{"@id":"https:\/\/www.santafeciudad.gov.ar\/capitalcultural\/#website"},"datePublished":"2022-12-02T16:54:33+00:00","dateModified":"2026-07-27T10:36:59+00:00","breadcrumb":{"@id":"https:\/\/www.santafeciudad.gov.ar\/capitalcultural\/museos-y-salas\/museo-de-la-ciudad\/#breadcrumb"},"inLanguage":"es-AR","potentialAction":[{"@type":"ReadAction","target":["https:\/\/www.santafeciudad.gov.ar\/capitalcultural\/museos-y-salas\/museo-de-la-ciudad\/"]}]},{"@type":"BreadcrumbList","@id":"https:\/\/www.santafeciudad.gov.ar\/capitalcultural\/museos-y-salas\/museo-de-la-ciudad\/#breadcrumb","itemListElement":[{"@type":"ListItem","position":1,"name":"Inicio","item":"https:\/\/www.santafeciudad.gov.ar\/capitalcultural\/"},{"@type":"ListItem","position":2,"name":"Museos y Salas","item":"https:\/\/www.santafeciudad.gov.ar\/capitalcultural\/museos-y-salas\/"},{"@type":"ListItem","position":3,"name":"Museo de la Ciudad"}]},{"@type":"WebSite","@id":"https:\/\/www.santafeciudad.gov.ar\/capitalcultural\/#website","url":"https:\/\/www.santafeciudad.gov.ar\/capitalcultural\/","name":"Capital Cultural","description":"Secretaria de Cultura","publisher":{"@id":"https:\/\/www.santafeciudad.gov.ar\/capitalcultural\/#organization"},"potentialAction":[{"@type":"SearchAction","target":{"@type":"EntryPoint","urlTemplate":"https:\/\/www.santafeciudad.gov.ar\/capitalcultural\/?s={search_term_string}"},"query-input":{"@type":"PropertyValueSpecification","valueRequired":true,"valueName":"search_term_string"}}],"inLanguage":"es-AR"},{"@type":"Organization","@id":"https:\/\/www.santafeciudad.gov.ar\/capitalcultural\/#organization","name":"Municipalidad de la ciudad de Santa Fe","alternateName":"Municipalidad de Santa Fe","url":"https:\/\/www.santafeciudad.gov.ar\/capitalcultural\/","logo":{"@type":"ImageObject","inLanguage":"es-AR","@id":"https:\/\/www.santafeciudad.gov.ar\/capitalcultural\/#\/schema\/logo\/image\/","url":"https:\/\/www.santafeciudad.gov.ar\/capitalcultural\/wp-content\/uploads\/2020\/06\/SantaFeCapital_Logo_800x400-e1591880179119.png","contentUrl":"https:\/\/www.santafeciudad.gov.ar\/capitalcultural\/wp-content\/uploads\/2020\/06\/SantaFeCapital_Logo_800x400-e1591880179119.png","width":400,"height":200,"caption":"Municipalidad de la ciudad de Santa Fe"},"image":{"@id":"https:\/\/www.santafeciudad.gov.ar\/capitalcultural\/#\/schema\/logo\/image\/"},"sameAs":["https:\/\/www.facebook.com\/SantaFeCapitalok\/","https:\/\/x.com\/_SantaFeCapital","https:\/\/www.instagram.com\/cultura.santafecapital\/"]}]}},"_links":{"self":[{"href":"https:\/\/www.santafeciudad.gov.ar\/capitalcultural\/wp-json\/wp\/v2\/pages\/20091","targetHints":{"allow":["GET"]}}],"collection":[{"href":"https:\/\/www.santafeciudad.gov.ar\/capitalcultural\/wp-json\/wp\/v2\/pages"}],"about":[{"href":"https:\/\/www.santafeciudad.gov.ar\/capitalcultural\/wp-json\/wp\/v2\/types\/page"}],"author":[{"embeddable":true,"href":"https:\/\/www.santafeciudad.gov.ar\/capitalcultural\/wp-json\/wp\/v2\/users\/3"}],"replies":[{"embeddable":true,"href":"https:\/\/www.santafeciudad.gov.ar\/capitalcultural\/wp-json\/wp\/v2\/comments?post=20091"}],"version-history":[{"count":82,"href":"https:\/\/www.santafeciudad.gov.ar\/capitalcultural\/wp-json\/wp\/v2\/pages\/20091\/revisions"}],"predecessor-version":[{"id":31386,"href":"https:\/\/www.santafeciudad.gov.ar\/capitalcultural\/wp-json\/wp\/v2\/pages\/20091\/revisions\/31386"}],"up":[{"embeddable":true,"href":"https:\/\/www.santafeciudad.gov.ar\/capitalcultural\/wp-json\/wp\/v2\/pages\/20080"}],"wp:attachment":[{"href":"https:\/\/www.santafeciudad.gov.ar\/capitalcultural\/wp-json\/wp\/v2\/media?parent=20091"}],"curies":[{"name":"wp","href":"https:\/\/api.w.org\/{rel}","templated":true}]}}