{"id":20341,"date":"2022-12-21T12:48:40","date_gmt":"2022-12-21T15:48:40","guid":{"rendered":"https:\/\/www.santafeciudad.gov.ar\/capitalcultural\/?page_id=20341"},"modified":"2026-08-07T11:14:42","modified_gmt":"2026-08-07T14:14:42","slug":"mmav","status":"publish","type":"page","link":"https:\/\/www.santafeciudad.gov.ar\/capitalcultural\/museos-y-salas\/mmav\/","title":{"rendered":"Museo de Artes Visuales Sor Josefa D\u00edaz y Clucellas"},"content":{"rendered":"\t\t<div data-elementor-type=\"wp-page\" data-elementor-id=\"20341\" class=\"elementor elementor-20341\">\n\t\t\t\t\t\t<section class=\"elementor-section elementor-top-section elementor-element elementor-element-5f0e346 elementor-section-boxed elementor-section-height-default elementor-section-height-default\" data-id=\"5f0e346\" data-element_type=\"section\" data-e-type=\"section\">\n\t\t\t\t\t\t<div class=\"elementor-container elementor-column-gap-default\">\n\t\t\t\t\t<div class=\"elementor-column elementor-col-100 elementor-top-column elementor-element elementor-element-fb72f7f\" data-id=\"fb72f7f\" data-element_type=\"column\" data-e-type=\"column\">\n\t\t\t<div class=\"elementor-widget-wrap elementor-element-populated\">\n\t\t\t\t\t\t<div class=\"elementor-element elementor-element-6af645c elementor-widget elementor-widget-text-editor\" data-id=\"6af645c\" data-element_type=\"widget\" data-e-type=\"widget\" data-widget_type=\"text-editor.default\">\n\t\t\t\t<div class=\"elementor-widget-container\">\n\t\t\t\t\t\t\t\t\t<p style=\"font-size: 15px; line-height: 24px;\">El Museo fue creado en 1936 y en 1957 se lo nombra Sor Josefa D\u00edaz y Clucellas, en reconocimiento a la primera pintora con firma del continente.\u00a0 Actualmente es referencia en el campo de las artes visuales de la regi\u00f3n. Se propone contribuir al conocimiento y difusi\u00f3n de pr\u00e1cticas art\u00edsticas vinculadas con diversos lenguajes. Recibe a una diversidad de p\u00fablicos, valorando la accesibilidad y diversidad cultural. Cuenta con un patrimonio de m\u00e1s de 1100 obras de arte moderno y contempor\u00e1neo, salas de exhibici\u00f3n, un patio de esculturas y una biblioteca especializada.<\/p>\t\t\t\t\t\t\t\t<\/div>\n\t\t\t\t<\/div>\n\t\t\t\t\t<\/div>\n\t\t<\/div>\n\t\t\t\t\t<\/div>\n\t\t<\/section>\n\t\t\t\t<section class=\"elementor-section elementor-top-section elementor-element elementor-element-5b3bdce elementor-section-boxed elementor-section-height-default elementor-section-height-default\" data-id=\"5b3bdce\" data-element_type=\"section\" data-e-type=\"section\">\n\t\t\t\t\t\t<div class=\"elementor-container elementor-column-gap-default\">\n\t\t\t\t\t<div class=\"elementor-column elementor-col-100 elementor-top-column elementor-element elementor-element-efea9f4\" data-id=\"efea9f4\" data-element_type=\"column\" data-e-type=\"column\">\n\t\t\t<div class=\"elementor-widget-wrap elementor-element-populated\">\n\t\t\t\t\t\t<div class=\"elementor-element elementor-element-8bfae3b elementor-widget elementor-widget-shortcode\" data-id=\"8bfae3b\" data-element_type=\"widget\" data-e-type=\"widget\" data-widget_type=\"shortcode.default\">\n\t\t\t\t<div class=\"elementor-widget-container\">\n\t\t\t\t\t\t\t<div class=\"elementor-shortcode\"><div id=\"ccp-grid-1\" class=\"ccp-programacion\" data-ccp-instance=\"1\">\n\t<div class=\"ccp-grid ccp-grid--columns-5\" style=\"--ccp-columns: 5;\">\n\t\t\t\t\t<article class=\"ccp-card-wrap\">\n\t<button class=\"ccp-card\" type=\"button\" data-ccp-modal-target=\"ccp-modal-1-31899\" aria-haspopup=\"dialog\">\n\t\t<span class=\"ccp-card__media\">\n\t\t\t\t\t\t\t<img loading=\"lazy\" width=\"768\" height=\"623\" src=\"https:\/\/www.santafeciudad.gov.ar\/capitalcultural\/wp-content\/uploads\/2026\/08\/MMAVSJ-496-768x623.jpg\" class=\"ccp-card__image wp-post-image\" alt=\"\" style=\"object-position: 50% 50%;\" loading=\"lazy\" decoding=\"async\" srcset=\"https:\/\/www.santafeciudad.gov.ar\/capitalcultural\/wp-content\/uploads\/2026\/08\/MMAVSJ-496-768x623.jpg 768w, https:\/\/www.santafeciudad.gov.ar\/capitalcultural\/wp-content\/uploads\/2026\/08\/MMAVSJ-496-300x243.jpg 300w, https:\/\/www.santafeciudad.gov.ar\/capitalcultural\/wp-content\/uploads\/2026\/08\/MMAVSJ-496-1024x830.jpg 1024w, https:\/\/www.santafeciudad.gov.ar\/capitalcultural\/wp-content\/uploads\/2026\/08\/MMAVSJ-496-1536x1245.jpg 1536w, https:\/\/www.santafeciudad.gov.ar\/capitalcultural\/wp-content\/uploads\/2026\/08\/MMAVSJ-496-2048x1660.jpg 2048w\" sizes=\"auto, (max-width: 768px) 100vw, 768px\" \/>\t\t\t\t\t<\/span>\n\t\t<span class=\"ccp-card__content\">\n\t\t\t<span class=\"ccp-card__tags\">\n\t\t\t\t\t\t\t\t\t<span class=\"ccp-tag ccp-tag--categoria\">ACTIVIDAD<\/span>\n\t\t\t\t\t\t\t\t<span class=\"ccp-tag ccp-tag--estado ccp-tag--ya-sucedio\">FINALIZADA<\/span>\n\t\t\t<\/span>\n\t\t\t<span class=\"ccp-card__title\">Recorrer una escena: arte santafesino en los a\u00f1os 70 y 80<\/span>\n\t\t\t\t\t\t\t<span class=\"ccp-card__espacio\">Museo Municipal de Artes Visuales \u201cSor Josefa D\u00edaz y Clucellas\u201d<\/span>\n\t\t\t\t\t\t\t\t\t\t<span class=\"ccp-card__date\">14 de agosto de 2026<\/span>\n\t\t\t\t\t\t\t\t\t<span class=\"ccp-card__action\">Ver propuesta<\/span>\n\t\t<\/span>\n\t<\/button>\n<\/article>\n\t\t\t\t\t<article class=\"ccp-card-wrap\">\n\t<button class=\"ccp-card\" type=\"button\" data-ccp-modal-target=\"ccp-modal-1-31512\" aria-haspopup=\"dialog\">\n\t\t<span class=\"ccp-card__media\">\n\t\t\t\t\t\t\t<img loading=\"lazy\" width=\"768\" height=\"616\" src=\"https:\/\/www.santafeciudad.gov.ar\/capitalcultural\/wp-content\/uploads\/2026\/07\/Flyer-768x616.jpg\" class=\"ccp-card__image wp-post-image\" alt=\"\" style=\"object-position: 50% 50%;\" loading=\"lazy\" decoding=\"async\" srcset=\"https:\/\/www.santafeciudad.gov.ar\/capitalcultural\/wp-content\/uploads\/2026\/07\/Flyer-768x616.jpg 768w, https:\/\/www.santafeciudad.gov.ar\/capitalcultural\/wp-content\/uploads\/2026\/07\/Flyer-300x240.jpg 300w, https:\/\/www.santafeciudad.gov.ar\/capitalcultural\/wp-content\/uploads\/2026\/07\/Flyer-1024x821.jpg 1024w, https:\/\/www.santafeciudad.gov.ar\/capitalcultural\/wp-content\/uploads\/2026\/07\/Flyer-1536x1231.jpg 1536w, https:\/\/www.santafeciudad.gov.ar\/capitalcultural\/wp-content\/uploads\/2026\/07\/Flyer-2048x1642.jpg 2048w\" sizes=\"auto, (max-width: 768px) 100vw, 768px\" \/>\t\t\t\t\t<\/span>\n\t\t<span class=\"ccp-card__content\">\n\t\t\t<span class=\"ccp-card__tags\">\n\t\t\t\t\t\t\t\t\t<span class=\"ccp-tag ccp-tag--categoria\">MUESTRA<\/span>\n\t\t\t\t\t\t\t\t<span class=\"ccp-tag ccp-tag--estado ccp-tag--activa\">ACTIVA<\/span>\n\t\t\t<\/span>\n\t\t\t<span class=\"ccp-card__title\">La reorganizaci\u00f3n de aquello que ha sido retenido<\/span>\n\t\t\t\t\t\t\t<span class=\"ccp-card__espacio\">Museo Municipal de Artes Visuales \u201cSor Josefa D\u00edaz y Clucellas\u201d<\/span>\n\t\t\t\t\t\t\t\t\t\t<span class=\"ccp-card__date\">Del 5 de junio al 30 de septiembre de 2026<\/span>\n\t\t\t\t\t\t\t\t\t<span class=\"ccp-card__action\">Ver propuesta<\/span>\n\t\t<\/span>\n\t<\/button>\n<\/article>\n\t\t\t\t\t<article class=\"ccp-card-wrap\">\n\t<button class=\"ccp-card\" type=\"button\" data-ccp-modal-target=\"ccp-modal-1-32021\" aria-haspopup=\"dialog\">\n\t\t<span class=\"ccp-card__media\">\n\t\t\t\t\t\t\t<img loading=\"lazy\" width=\"768\" height=\"1070\" src=\"https:\/\/www.santafeciudad.gov.ar\/capitalcultural\/wp-content\/uploads\/2026\/08\/MMAVSJ-356-768x1070.jpg\" class=\"ccp-card__image wp-post-image\" alt=\"\" style=\"object-position: 50% 50%;\" loading=\"lazy\" decoding=\"async\" srcset=\"https:\/\/www.santafeciudad.gov.ar\/capitalcultural\/wp-content\/uploads\/2026\/08\/MMAVSJ-356-768x1070.jpg 768w, https:\/\/www.santafeciudad.gov.ar\/capitalcultural\/wp-content\/uploads\/2026\/08\/MMAVSJ-356-215x300.jpg 215w, https:\/\/www.santafeciudad.gov.ar\/capitalcultural\/wp-content\/uploads\/2026\/08\/MMAVSJ-356-735x1024.jpg 735w, https:\/\/www.santafeciudad.gov.ar\/capitalcultural\/wp-content\/uploads\/2026\/08\/MMAVSJ-356-1102x1536.jpg 1102w, https:\/\/www.santafeciudad.gov.ar\/capitalcultural\/wp-content\/uploads\/2026\/08\/MMAVSJ-356-1470x2048.jpg 1470w, https:\/\/www.santafeciudad.gov.ar\/capitalcultural\/wp-content\/uploads\/2026\/08\/MMAVSJ-356-scaled.jpg 1837w\" sizes=\"auto, (max-width: 768px) 100vw, 768px\" \/>\t\t\t\t\t<\/span>\n\t\t<span class=\"ccp-card__content\">\n\t\t\t<span class=\"ccp-card__tags\">\n\t\t\t\t\t\t\t\t\t<span class=\"ccp-tag ccp-tag--categoria\">CHARLA<\/span>\n\t\t\t\t\t\t\t\t<span class=\"ccp-tag ccp-tag--estado ccp-tag--ya-sucedio\">FINALIZADA<\/span>\n\t\t\t<\/span>\n\t\t\t<span class=\"ccp-card__title\">La escena en primera persona<\/span>\n\t\t\t\t\t\t\t<span class=\"ccp-card__espacio\">Museo Municipal de Artes Visuales \u201cSor Josefa D\u00edaz y Clucellas\u201d<\/span>\n\t\t\t\t\t\t\t\t\t\t<span class=\"ccp-card__date\">28 de agosto de 2026<\/span>\n\t\t\t\t\t\t\t\t\t<span class=\"ccp-card__action\">Ver propuesta<\/span>\n\t\t<\/span>\n\t<\/button>\n<\/article>\n\t\t\t\t\t<article class=\"ccp-card-wrap\">\n\t<button class=\"ccp-card\" type=\"button\" data-ccp-modal-target=\"ccp-modal-1-32009\" aria-haspopup=\"dialog\">\n\t\t<span class=\"ccp-card__media\">\n\t\t\t\t\t\t\t<img loading=\"lazy\" width=\"768\" height=\"1024\" src=\"https:\/\/www.santafeciudad.gov.ar\/capitalcultural\/wp-content\/uploads\/2026\/08\/IMG-20260814-WA0003-768x1024.jpg\" class=\"ccp-card__image wp-post-image\" alt=\"\" style=\"object-position: 50% 50%;\" loading=\"lazy\" decoding=\"async\" srcset=\"https:\/\/www.santafeciudad.gov.ar\/capitalcultural\/wp-content\/uploads\/2026\/08\/IMG-20260814-WA0003-768x1024.jpg 768w, https:\/\/www.santafeciudad.gov.ar\/capitalcultural\/wp-content\/uploads\/2026\/08\/IMG-20260814-WA0003-225x300.jpg 225w, https:\/\/www.santafeciudad.gov.ar\/capitalcultural\/wp-content\/uploads\/2026\/08\/IMG-20260814-WA0003-1152x1536.jpg 1152w, https:\/\/www.santafeciudad.gov.ar\/capitalcultural\/wp-content\/uploads\/2026\/08\/IMG-20260814-WA0003.jpg 1200w\" sizes=\"auto, (max-width: 768px) 100vw, 768px\" \/>\t\t\t\t\t<\/span>\n\t\t<span class=\"ccp-card__content\">\n\t\t\t<span class=\"ccp-card__tags\">\n\t\t\t\t\t\t\t\t\t<span class=\"ccp-tag ccp-tag--categoria\">ACTIVIDAD<\/span>\n\t\t\t\t\t\t\t\t<span class=\"ccp-tag ccp-tag--estado ccp-tag--ya-sucedio\">FINALIZADA<\/span>\n\t\t\t<\/span>\n\t\t\t<span class=\"ccp-card__title\">Personajes que dejan huella<\/span>\n\t\t\t\t\t\t\t<span class=\"ccp-card__espacio\">Museo Municipal de Artes Visuales \u201cSor Josefa D\u00edaz y Clucellas\u201d<\/span>\n\t\t\t\t\t\t\t\t\t\t<span class=\"ccp-card__date\">22 de agosto de 2026<\/span>\n\t\t\t\t\t\t\t\t\t<span class=\"ccp-card__action\">Ver propuesta<\/span>\n\t\t<\/span>\n\t<\/button>\n<\/article>\n\t\t\t\t\t<article class=\"ccp-card-wrap\">\n\t<button class=\"ccp-card\" type=\"button\" data-ccp-modal-target=\"ccp-modal-1-31509\" aria-haspopup=\"dialog\">\n\t\t<span class=\"ccp-card__media\">\n\t\t\t\t\t\t\t<img loading=\"lazy\" width=\"768\" height=\"544\" src=\"https:\/\/www.santafeciudad.gov.ar\/capitalcultural\/wp-content\/uploads\/2026\/07\/Reproduccion-Ayma1-768x544.jpg\" class=\"ccp-card__image wp-post-image\" alt=\"\" style=\"object-position: 50% 50%;\" loading=\"lazy\" decoding=\"async\" srcset=\"https:\/\/www.santafeciudad.gov.ar\/capitalcultural\/wp-content\/uploads\/2026\/07\/Reproduccion-Ayma1-768x544.jpg 768w, https:\/\/www.santafeciudad.gov.ar\/capitalcultural\/wp-content\/uploads\/2026\/07\/Reproduccion-Ayma1-300x212.jpg 300w, https:\/\/www.santafeciudad.gov.ar\/capitalcultural\/wp-content\/uploads\/2026\/07\/Reproduccion-Ayma1-1024x725.jpg 1024w, https:\/\/www.santafeciudad.gov.ar\/capitalcultural\/wp-content\/uploads\/2026\/07\/Reproduccion-Ayma1-1536x1087.jpg 1536w, https:\/\/www.santafeciudad.gov.ar\/capitalcultural\/wp-content\/uploads\/2026\/07\/Reproduccion-Ayma1-2048x1450.jpg 2048w\" sizes=\"auto, (max-width: 768px) 100vw, 768px\" \/>\t\t\t\t\t<\/span>\n\t\t<span class=\"ccp-card__content\">\n\t\t\t<span class=\"ccp-card__tags\">\n\t\t\t\t\t\t\t\t\t<span class=\"ccp-tag ccp-tag--categoria\">MUESTRA<\/span>\n\t\t\t\t\t\t\t\t<span class=\"ccp-tag ccp-tag--estado ccp-tag--ya-sucedio\">FINALIZADA<\/span>\n\t\t\t<\/span>\n\t\t\t<span class=\"ccp-card__title\">Parte y Arte<\/span>\n\t\t\t\t\t\t\t<span class=\"ccp-card__espacio\">Museo Municipal de Artes Visuales \u201cSor Josefa D\u00edaz y Clucellas\u201d<\/span>\n\t\t\t\t\t\t\t\t\t\t<span class=\"ccp-card__date\">Del 12 de junio al 31 de agosto de 2026<\/span>\n\t\t\t\t\t\t\t\t\t<span class=\"ccp-card__action\">Ver propuesta<\/span>\n\t\t<\/span>\n\t<\/button>\n<\/article>\n\t\t\t\t\t<article class=\"ccp-card-wrap\">\n\t<button class=\"ccp-card\" type=\"button\" data-ccp-modal-target=\"ccp-modal-1-31894\" aria-haspopup=\"dialog\">\n\t\t<span class=\"ccp-card__media\">\n\t\t\t\t\t\t\t<img loading=\"lazy\" width=\"768\" height=\"576\" src=\"https:\/\/www.santafeciudad.gov.ar\/capitalcultural\/wp-content\/uploads\/2026\/08\/20251003_130726-768x576.jpg\" class=\"ccp-card__image wp-post-image\" alt=\"\" style=\"object-position: 50% 50%;\" loading=\"lazy\" decoding=\"async\" srcset=\"https:\/\/www.santafeciudad.gov.ar\/capitalcultural\/wp-content\/uploads\/2026\/08\/20251003_130726-768x576.jpg 768w, https:\/\/www.santafeciudad.gov.ar\/capitalcultural\/wp-content\/uploads\/2026\/08\/20251003_130726-300x225.jpg 300w, https:\/\/www.santafeciudad.gov.ar\/capitalcultural\/wp-content\/uploads\/2026\/08\/20251003_130726-1024x768.jpg 1024w, https:\/\/www.santafeciudad.gov.ar\/capitalcultural\/wp-content\/uploads\/2026\/08\/20251003_130726-1536x1152.jpg 1536w, https:\/\/www.santafeciudad.gov.ar\/capitalcultural\/wp-content\/uploads\/2026\/08\/20251003_130726-2048x1536.jpg 2048w\" sizes=\"auto, (max-width: 768px) 100vw, 768px\" \/>\t\t\t\t\t<\/span>\n\t\t<span class=\"ccp-card__content\">\n\t\t\t<span class=\"ccp-card__tags\">\n\t\t\t\t\t\t\t\t\t<span class=\"ccp-tag ccp-tag--categoria\">CONVOCATORIA<\/span>\n\t\t\t\t\t\t\t\t<span class=\"ccp-tag ccp-tag--estado ccp-tag--ya-sucedio\">FINALIZADA<\/span>\n\t\t\t<\/span>\n\t\t\t<span class=\"ccp-card__title\">Proyectos Expositivos<\/span>\n\t\t\t\t\t\t\t<span class=\"ccp-card__espacio\">Museo Municipal de Artes Visuales \u201cSor Josefa D\u00edaz y Clucellas\u201d<\/span>\n\t\t\t\t\t\t\t\t\t\t<span class=\"ccp-card__date\">Del 5 al 30 de agosto de 2026<\/span>\n\t\t\t\t\t\t\t\t\t<span class=\"ccp-card__action\">Ver propuesta<\/span>\n\t\t<\/span>\n\t<\/button>\n<\/article>\n\t\t\t\t\t<article class=\"ccp-card-wrap\">\n\t<button class=\"ccp-card\" type=\"button\" data-ccp-modal-target=\"ccp-modal-1-31507\" aria-haspopup=\"dialog\">\n\t\t<span class=\"ccp-card__media\">\n\t\t\t\t\t\t\t<img loading=\"lazy\" width=\"768\" height=\"497\" src=\"https:\/\/www.santafeciudad.gov.ar\/capitalcultural\/wp-content\/uploads\/2026\/07\/MMAVSJ-224-768x497.jpg\" class=\"ccp-card__image wp-post-image\" alt=\"\" style=\"object-position: 50% 50%;\" loading=\"lazy\" decoding=\"async\" srcset=\"https:\/\/www.santafeciudad.gov.ar\/capitalcultural\/wp-content\/uploads\/2026\/07\/MMAVSJ-224-768x497.jpg 768w, https:\/\/www.santafeciudad.gov.ar\/capitalcultural\/wp-content\/uploads\/2026\/07\/MMAVSJ-224-300x194.jpg 300w, https:\/\/www.santafeciudad.gov.ar\/capitalcultural\/wp-content\/uploads\/2026\/07\/MMAVSJ-224-1024x663.jpg 1024w, https:\/\/www.santafeciudad.gov.ar\/capitalcultural\/wp-content\/uploads\/2026\/07\/MMAVSJ-224-1536x994.jpg 1536w, https:\/\/www.santafeciudad.gov.ar\/capitalcultural\/wp-content\/uploads\/2026\/07\/MMAVSJ-224-2048x1325.jpg 2048w\" sizes=\"auto, (max-width: 768px) 100vw, 768px\" \/>\t\t\t\t\t<\/span>\n\t\t<span class=\"ccp-card__content\">\n\t\t\t<span class=\"ccp-card__tags\">\n\t\t\t\t\t\t\t\t\t<span class=\"ccp-tag ccp-tag--categoria\">TALLER<\/span>\n\t\t\t\t\t\t\t\t<span class=\"ccp-tag ccp-tag--estado ccp-tag--ya-sucedio\">FINALIZADA<\/span>\n\t\t\t<\/span>\n\t\t\t<span class=\"ccp-card__title\">Velos y solapas 2<\/span>\n\t\t\t\t\t\t\t<span class=\"ccp-card__espacio\">Museo Municipal de Artes Visuales \u201cSor Josefa D\u00edaz y Clucellas\u201d<\/span>\n\t\t\t\t\t\t\t\t\t\t<span class=\"ccp-card__date\">28 de mayo de 2026<\/span>\n\t\t\t\t\t\t\t\t\t<span class=\"ccp-card__action\">Ver propuesta<\/span>\n\t\t<\/span>\n\t<\/button>\n<\/article>\n\t\t\t\t\t<article class=\"ccp-card-wrap\">\n\t<button class=\"ccp-card\" type=\"button\" data-ccp-modal-target=\"ccp-modal-1-31498\" aria-haspopup=\"dialog\">\n\t\t<span class=\"ccp-card__media\">\n\t\t\t\t\t\t\t<img loading=\"lazy\" width=\"768\" height=\"1215\" src=\"https:\/\/www.santafeciudad.gov.ar\/capitalcultural\/wp-content\/uploads\/2026\/07\/pyli-urfer-768x1215.jpeg\" class=\"ccp-card__image wp-post-image\" alt=\"\" style=\"object-position: 50% 50%;\" loading=\"lazy\" decoding=\"async\" srcset=\"https:\/\/www.santafeciudad.gov.ar\/capitalcultural\/wp-content\/uploads\/2026\/07\/pyli-urfer-768x1215.jpeg 768w, https:\/\/www.santafeciudad.gov.ar\/capitalcultural\/wp-content\/uploads\/2026\/07\/pyli-urfer-190x300.jpeg 190w, https:\/\/www.santafeciudad.gov.ar\/capitalcultural\/wp-content\/uploads\/2026\/07\/pyli-urfer-647x1024.jpeg 647w, https:\/\/www.santafeciudad.gov.ar\/capitalcultural\/wp-content\/uploads\/2026\/07\/pyli-urfer.jpeg 809w\" sizes=\"auto, (max-width: 768px) 100vw, 768px\" \/>\t\t\t\t\t<\/span>\n\t\t<span class=\"ccp-card__content\">\n\t\t\t<span class=\"ccp-card__tags\">\n\t\t\t\t\t\t\t\t\t<span class=\"ccp-tag ccp-tag--categoria\">TALLER<\/span>\n\t\t\t\t\t\t\t\t<span class=\"ccp-tag ccp-tag--estado ccp-tag--ya-sucedio\">FINALIZADA<\/span>\n\t\t\t<\/span>\n\t\t\t<span class=\"ccp-card__title\">Velos y solapas 1<\/span>\n\t\t\t\t\t\t\t<span class=\"ccp-card__espacio\">Museo Municipal de Artes Visuales \u201cSor Josefa D\u00edaz y Clucellas\u201d<\/span>\n\t\t\t\t\t\t\t\t\t\t<span class=\"ccp-card__date\">23 de abril de 2026<\/span>\n\t\t\t\t\t\t\t\t\t<span class=\"ccp-card__action\">Ver propuesta<\/span>\n\t\t<\/span>\n\t<\/button>\n<\/article>\n\t\t\t\t\t<article class=\"ccp-card-wrap\">\n\t<button class=\"ccp-card\" type=\"button\" data-ccp-modal-target=\"ccp-modal-1-31474\" aria-haspopup=\"dialog\">\n\t\t<span class=\"ccp-card__media\">\n\t\t\t\t\t\t\t<img loading=\"lazy\" width=\"629\" height=\"1178\" src=\"https:\/\/www.santafeciudad.gov.ar\/capitalcultural\/wp-content\/uploads\/2026\/07\/Ana-Maria-Paris.jpg\" class=\"ccp-card__image wp-post-image\" alt=\"\" style=\"object-position: 50% 50%;\" loading=\"lazy\" decoding=\"async\" srcset=\"https:\/\/www.santafeciudad.gov.ar\/capitalcultural\/wp-content\/uploads\/2026\/07\/Ana-Maria-Paris.jpg 629w, https:\/\/www.santafeciudad.gov.ar\/capitalcultural\/wp-content\/uploads\/2026\/07\/Ana-Maria-Paris-160x300.jpg 160w, https:\/\/www.santafeciudad.gov.ar\/capitalcultural\/wp-content\/uploads\/2026\/07\/Ana-Maria-Paris-547x1024.jpg 547w\" sizes=\"auto, (max-width: 629px) 100vw, 629px\" \/>\t\t\t\t\t<\/span>\n\t\t<span class=\"ccp-card__content\">\n\t\t\t<span class=\"ccp-card__tags\">\n\t\t\t\t\t\t\t\t\t<span class=\"ccp-tag ccp-tag--categoria\">ACTIVACI\u00d3N<\/span>\n\t\t\t\t\t\t\t\t<span class=\"ccp-tag ccp-tag--estado ccp-tag--ya-sucedio\">FINALIZADA<\/span>\n\t\t\t<\/span>\n\t\t\t<span class=\"ccp-card__title\">El rayo que no cesa<\/span>\n\t\t\t\t\t\t\t<span class=\"ccp-card__espacio\">Museo Municipal de Artes Visuales \u201cSor Josefa D\u00edaz y Clucellas\u201d<\/span>\n\t\t\t\t\t\t\t\t\t\t<span class=\"ccp-card__date\">8 de abril de 2026<\/span>\n\t\t\t\t\t\t\t\t\t<span class=\"ccp-card__action\">Ver propuesta<\/span>\n\t\t<\/span>\n\t<\/button>\n<\/article>\n\t\t\t\t\t<article class=\"ccp-card-wrap\">\n\t<button class=\"ccp-card\" type=\"button\" data-ccp-modal-target=\"ccp-modal-1-31468\" aria-haspopup=\"dialog\">\n\t\t<span class=\"ccp-card__media\">\n\t\t\t\t\t\t\t<img loading=\"lazy\" width=\"768\" height=\"512\" src=\"https:\/\/www.santafeciudad.gov.ar\/capitalcultural\/wp-content\/uploads\/2026\/07\/1los-jardines-de-paula-dibujo-50-x-70-cm-1968-768x512.jpg\" class=\"ccp-card__image wp-post-image\" alt=\"\" style=\"object-position: 50% 50%;\" loading=\"lazy\" decoding=\"async\" srcset=\"https:\/\/www.santafeciudad.gov.ar\/capitalcultural\/wp-content\/uploads\/2026\/07\/1los-jardines-de-paula-dibujo-50-x-70-cm-1968-768x512.jpg 768w, https:\/\/www.santafeciudad.gov.ar\/capitalcultural\/wp-content\/uploads\/2026\/07\/1los-jardines-de-paula-dibujo-50-x-70-cm-1968-300x200.jpg 300w, https:\/\/www.santafeciudad.gov.ar\/capitalcultural\/wp-content\/uploads\/2026\/07\/1los-jardines-de-paula-dibujo-50-x-70-cm-1968.jpg 782w\" sizes=\"auto, (max-width: 768px) 100vw, 768px\" \/>\t\t\t\t\t<\/span>\n\t\t<span class=\"ccp-card__content\">\n\t\t\t<span class=\"ccp-card__tags\">\n\t\t\t\t\t\t\t\t\t<span class=\"ccp-tag ccp-tag--categoria\">ACTIVIDAD<\/span>\n\t\t\t\t\t\t\t\t<span class=\"ccp-tag ccp-tag--estado ccp-tag--ya-sucedio\">FINALIZADA<\/span>\n\t\t\t<\/span>\n\t\t\t<span class=\"ccp-card__title\">La vida es obra. Recorrido por la vida y obra de  Graciela Borthwick<\/span>\n\t\t\t\t\t\t\t<span class=\"ccp-card__espacio\">Museo Municipal de Artes Visuales \u201cSor Josefa D\u00edaz y Clucellas\u201d<\/span>\n\t\t\t\t\t\t\t\t\t\t<span class=\"ccp-card__date\">13 de marzo de 2026<\/span>\n\t\t\t\t\t\t\t\t\t<span class=\"ccp-card__action\">Ver propuesta<\/span>\n\t\t<\/span>\n\t<\/button>\n<\/article>\n\t\t\t\t\t<article class=\"ccp-card-wrap\">\n\t<button class=\"ccp-card\" type=\"button\" data-ccp-modal-target=\"ccp-modal-1-31465\" aria-haspopup=\"dialog\">\n\t\t<span class=\"ccp-card__media\">\n\t\t\t\t\t\t\t<img loading=\"lazy\" width=\"768\" height=\"497\" src=\"https:\/\/www.santafeciudad.gov.ar\/capitalcultural\/wp-content\/uploads\/2026\/07\/MMAVSJ-224-768x497.jpg\" class=\"ccp-card__image wp-post-image\" alt=\"\" style=\"object-position: 50% 50%;\" loading=\"lazy\" decoding=\"async\" srcset=\"https:\/\/www.santafeciudad.gov.ar\/capitalcultural\/wp-content\/uploads\/2026\/07\/MMAVSJ-224-768x497.jpg 768w, https:\/\/www.santafeciudad.gov.ar\/capitalcultural\/wp-content\/uploads\/2026\/07\/MMAVSJ-224-300x194.jpg 300w, https:\/\/www.santafeciudad.gov.ar\/capitalcultural\/wp-content\/uploads\/2026\/07\/MMAVSJ-224-1024x663.jpg 1024w, https:\/\/www.santafeciudad.gov.ar\/capitalcultural\/wp-content\/uploads\/2026\/07\/MMAVSJ-224-1536x994.jpg 1536w, https:\/\/www.santafeciudad.gov.ar\/capitalcultural\/wp-content\/uploads\/2026\/07\/MMAVSJ-224-2048x1325.jpg 2048w\" sizes=\"auto, (max-width: 768px) 100vw, 768px\" \/>\t\t\t\t\t<\/span>\n\t\t<span class=\"ccp-card__content\">\n\t\t\t<span class=\"ccp-card__tags\">\n\t\t\t\t\t\t\t\t\t<span class=\"ccp-tag ccp-tag--categoria\">MUESTRA<\/span>\n\t\t\t\t\t\t\t\t<span class=\"ccp-tag ccp-tag--estado ccp-tag--ya-sucedio\">FINALIZADA<\/span>\n\t\t\t<\/span>\n\t\t\t<span class=\"ccp-card__title\">Mujeres cargadas de futuro: nuestras artistas de los a\u00f1os 60<\/span>\n\t\t\t\t\t\t\t<span class=\"ccp-card__espacio\">Museo Municipal de Artes Visuales \u201cSor Josefa D\u00edaz y Clucellas\u201d<\/span>\n\t\t\t\t\t\t\t\t\t\t<span class=\"ccp-card__date\">Del 5 de marzo al 31 de mayo de 2026<\/span>\n\t\t\t\t\t\t\t\t\t<span class=\"ccp-card__action\">Ver propuesta<\/span>\n\t\t<\/span>\n\t<\/button>\n<\/article>\n\t\t\t\t\t<article class=\"ccp-card-wrap\">\n\t<button class=\"ccp-card\" type=\"button\" data-ccp-modal-target=\"ccp-modal-1-31502\" aria-haspopup=\"dialog\">\n\t\t<span class=\"ccp-card__media\">\n\t\t\t\t\t\t\t<img loading=\"lazy\" width=\"768\" height=\"554\" src=\"https:\/\/www.santafeciudad.gov.ar\/capitalcultural\/wp-content\/uploads\/2026\/07\/Manuale-Taller-768x554.jpg\" class=\"ccp-card__image wp-post-image\" alt=\"\" style=\"object-position: 50% 50%;\" loading=\"lazy\" decoding=\"async\" srcset=\"https:\/\/www.santafeciudad.gov.ar\/capitalcultural\/wp-content\/uploads\/2026\/07\/Manuale-Taller-768x554.jpg 768w, https:\/\/www.santafeciudad.gov.ar\/capitalcultural\/wp-content\/uploads\/2026\/07\/Manuale-Taller-300x216.jpg 300w, https:\/\/www.santafeciudad.gov.ar\/capitalcultural\/wp-content\/uploads\/2026\/07\/Manuale-Taller-1024x738.jpg 1024w, https:\/\/www.santafeciudad.gov.ar\/capitalcultural\/wp-content\/uploads\/2026\/07\/Manuale-Taller.jpg 1470w\" sizes=\"auto, (max-width: 768px) 100vw, 768px\" \/>\t\t\t\t\t<\/span>\n\t\t<span class=\"ccp-card__content\">\n\t\t\t<span class=\"ccp-card__tags\">\n\t\t\t\t\t\t\t\t\t<span class=\"ccp-tag ccp-tag--categoria\">TALLER<\/span>\n\t\t\t\t\t\t\t\t<span class=\"ccp-tag ccp-tag--estado ccp-tag--ya-sucedio\">FINALIZADA<\/span>\n\t\t\t<\/span>\n\t\t\t<span class=\"ccp-card__title\">Del silencio a la forma<\/span>\n\t\t\t\t\t\t\t<span class=\"ccp-card__espacio\">Museo Municipal de Artes Visuales \u201cSor Josefa D\u00edaz y Clucellas\u201d<\/span>\n\t\t\t\t\t\t\t\t\t\t<span class=\"ccp-card__date\">30 de abril de 2026<\/span>\n\t\t\t\t\t\t\t\t\t<span class=\"ccp-card__action\">Ver propuesta<\/span>\n\t\t<\/span>\n\t<\/button>\n<\/article>\n\t\t\t\t\t<article class=\"ccp-card-wrap\">\n\t<button class=\"ccp-card\" type=\"button\" data-ccp-modal-target=\"ccp-modal-1-31471\" aria-haspopup=\"dialog\">\n\t\t<span class=\"ccp-card__media\">\n\t\t\t\t\t\t\t<img loading=\"lazy\" width=\"768\" height=\"1365\" src=\"https:\/\/www.santafeciudad.gov.ar\/capitalcultural\/wp-content\/uploads\/2026\/07\/E6C902B1-899A-49AC-BBB2-2024C3B35039-768x1365.jpg\" class=\"ccp-card__image wp-post-image\" alt=\"\" style=\"object-position: 50% 50%;\" loading=\"lazy\" decoding=\"async\" srcset=\"https:\/\/www.santafeciudad.gov.ar\/capitalcultural\/wp-content\/uploads\/2026\/07\/E6C902B1-899A-49AC-BBB2-2024C3B35039-768x1365.jpg 768w, https:\/\/www.santafeciudad.gov.ar\/capitalcultural\/wp-content\/uploads\/2026\/07\/E6C902B1-899A-49AC-BBB2-2024C3B35039-169x300.jpg 169w, https:\/\/www.santafeciudad.gov.ar\/capitalcultural\/wp-content\/uploads\/2026\/07\/E6C902B1-899A-49AC-BBB2-2024C3B35039-576x1024.jpg 576w, https:\/\/www.santafeciudad.gov.ar\/capitalcultural\/wp-content\/uploads\/2026\/07\/E6C902B1-899A-49AC-BBB2-2024C3B35039-864x1536.jpg 864w, https:\/\/www.santafeciudad.gov.ar\/capitalcultural\/wp-content\/uploads\/2026\/07\/E6C902B1-899A-49AC-BBB2-2024C3B35039-1153x2048.jpg 1153w, https:\/\/www.santafeciudad.gov.ar\/capitalcultural\/wp-content\/uploads\/2026\/07\/E6C902B1-899A-49AC-BBB2-2024C3B35039-scaled.jpg 1441w\" sizes=\"auto, (max-width: 768px) 100vw, 768px\" \/>\t\t\t\t\t<\/span>\n\t\t<span class=\"ccp-card__content\">\n\t\t\t<span class=\"ccp-card__tags\">\n\t\t\t\t\t\t\t\t\t<span class=\"ccp-tag ccp-tag--categoria\">MUESTRA<\/span>\n\t\t\t\t\t\t\t\t<span class=\"ccp-tag ccp-tag--estado ccp-tag--ya-sucedio\">FINALIZADA<\/span>\n\t\t\t<\/span>\n\t\t\t<span class=\"ccp-card__title\">Lo que perdimos en el fuego<\/span>\n\t\t\t\t\t\t\t<span class=\"ccp-card__espacio\">Museo Municipal de Artes Visuales \u201cSor Josefa D\u00edaz y Clucellas\u201d<\/span>\n\t\t\t\t\t\t\t\t\t\t<span class=\"ccp-card__date\">Del 26 de marzo al 31 de mayo de 2026<\/span>\n\t\t\t\t\t\t\t\t\t<span class=\"ccp-card__action\">Ver propuesta<\/span>\n\t\t<\/span>\n\t<\/button>\n<\/article>\n\t\t\t\t\t<article class=\"ccp-card-wrap\">\n\t<button class=\"ccp-card\" type=\"button\" data-ccp-modal-target=\"ccp-modal-1-31448\" aria-haspopup=\"dialog\">\n\t\t<span class=\"ccp-card__media\">\n\t\t\t\t\t\t\t<img loading=\"lazy\" width=\"768\" height=\"512\" src=\"https:\/\/www.santafeciudad.gov.ar\/capitalcultural\/wp-content\/uploads\/2026\/07\/MarcePucci_SC_MMAV_SalonAnualNacional_25012025_137-768x512.jpg\" class=\"ccp-card__image wp-post-image\" alt=\"\" style=\"object-position: 50% 50%;\" loading=\"lazy\" decoding=\"async\" srcset=\"https:\/\/www.santafeciudad.gov.ar\/capitalcultural\/wp-content\/uploads\/2026\/07\/MarcePucci_SC_MMAV_SalonAnualNacional_25012025_137-768x512.jpg 768w, https:\/\/www.santafeciudad.gov.ar\/capitalcultural\/wp-content\/uploads\/2026\/07\/MarcePucci_SC_MMAV_SalonAnualNacional_25012025_137-300x200.jpg 300w, https:\/\/www.santafeciudad.gov.ar\/capitalcultural\/wp-content\/uploads\/2026\/07\/MarcePucci_SC_MMAV_SalonAnualNacional_25012025_137-1024x683.jpg 1024w, https:\/\/www.santafeciudad.gov.ar\/capitalcultural\/wp-content\/uploads\/2026\/07\/MarcePucci_SC_MMAV_SalonAnualNacional_25012025_137-1536x1024.jpg 1536w, https:\/\/www.santafeciudad.gov.ar\/capitalcultural\/wp-content\/uploads\/2026\/07\/MarcePucci_SC_MMAV_SalonAnualNacional_25012025_137.jpg 1920w\" sizes=\"auto, (max-width: 768px) 100vw, 768px\" \/>\t\t\t\t\t<\/span>\n\t\t<span class=\"ccp-card__content\">\n\t\t\t<span class=\"ccp-card__tags\">\n\t\t\t\t\t\t\t\t\t<span class=\"ccp-tag ccp-tag--categoria\">ACTIVIDAD<\/span>\n\t\t\t\t\t\t\t\t<span class=\"ccp-tag ccp-tag--estado ccp-tag--ya-sucedio\">FINALIZADA<\/span>\n\t\t\t<\/span>\n\t\t\t<span class=\"ccp-card__title\">Sal\u00f3n a la carta<\/span>\n\t\t\t\t\t\t\t<span class=\"ccp-card__espacio\">Museo Municipal de Artes Visuales \u201cSor Josefa D\u00edaz y Clucellas\u201d<\/span>\n\t\t\t\t\t\t\t\t\t\t<span class=\"ccp-card__date\">Del 9 de enero al 15 de febrero de 2026<\/span>\n\t\t\t\t\t\t\t\t\t<span class=\"ccp-card__action\">Ver propuesta<\/span>\n\t\t<\/span>\n\t<\/button>\n<\/article>\n\t\t\t\t\t<article class=\"ccp-card-wrap\">\n\t<button class=\"ccp-card\" type=\"button\" data-ccp-modal-target=\"ccp-modal-1-31462\" aria-haspopup=\"dialog\">\n\t\t<span class=\"ccp-card__media\">\n\t\t\t\t\t\t\t<img loading=\"lazy\" width=\"768\" height=\"512\" src=\"https:\/\/www.santafeciudad.gov.ar\/capitalcultural\/wp-content\/uploads\/2026\/07\/MarcePucci_SC_MMAV_SalonAnualNacional_14012026_063-768x512.jpg\" class=\"ccp-card__image wp-post-image\" alt=\"\" style=\"object-position: 50% 50%;\" loading=\"lazy\" decoding=\"async\" srcset=\"https:\/\/www.santafeciudad.gov.ar\/capitalcultural\/wp-content\/uploads\/2026\/07\/MarcePucci_SC_MMAV_SalonAnualNacional_14012026_063-768x512.jpg 768w, https:\/\/www.santafeciudad.gov.ar\/capitalcultural\/wp-content\/uploads\/2026\/07\/MarcePucci_SC_MMAV_SalonAnualNacional_14012026_063-300x200.jpg 300w, https:\/\/www.santafeciudad.gov.ar\/capitalcultural\/wp-content\/uploads\/2026\/07\/MarcePucci_SC_MMAV_SalonAnualNacional_14012026_063-1024x683.jpg 1024w, https:\/\/www.santafeciudad.gov.ar\/capitalcultural\/wp-content\/uploads\/2026\/07\/MarcePucci_SC_MMAV_SalonAnualNacional_14012026_063-1536x1024.jpg 1536w, https:\/\/www.santafeciudad.gov.ar\/capitalcultural\/wp-content\/uploads\/2026\/07\/MarcePucci_SC_MMAV_SalonAnualNacional_14012026_063.jpg 1920w\" sizes=\"auto, (max-width: 768px) 100vw, 768px\" \/>\t\t\t\t\t<\/span>\n\t\t<span class=\"ccp-card__content\">\n\t\t\t<span class=\"ccp-card__tags\">\n\t\t\t\t\t\t\t\t\t<span class=\"ccp-tag ccp-tag--categoria\">CHARLA<\/span>\n\t\t\t\t\t\t\t\t<span class=\"ccp-tag ccp-tag--estado ccp-tag--ya-sucedio\">FINALIZADA<\/span>\n\t\t\t<\/span>\n\t\t\t<span class=\"ccp-card__title\">Conversatorio Sal\u00f3n Anual Nacional<\/span>\n\t\t\t\t\t\t\t<span class=\"ccp-card__espacio\">Museo Municipal de Artes Visuales \u201cSor Josefa D\u00edaz y Clucellas\u201d<\/span>\n\t\t\t\t\t\t\t\t\t\t<span class=\"ccp-card__date\">13 de febrero de 2026<\/span>\n\t\t\t\t\t\t\t\t\t<span class=\"ccp-card__action\">Ver propuesta<\/span>\n\t\t<\/span>\n\t<\/button>\n<\/article>\n\t\t\t\t\t<article class=\"ccp-card-wrap\">\n\t<button class=\"ccp-card\" type=\"button\" data-ccp-modal-target=\"ccp-modal-1-31458\" aria-haspopup=\"dialog\">\n\t\t<span class=\"ccp-card__media\">\n\t\t\t\t\t\t\t<img loading=\"lazy\" width=\"768\" height=\"512\" src=\"https:\/\/www.santafeciudad.gov.ar\/capitalcultural\/wp-content\/uploads\/2026\/07\/MarcePucci_SC_MMAV_SalonAnualNacional_25012025_130-768x512.jpg\" class=\"ccp-card__image wp-post-image\" alt=\"\" style=\"object-position: 50% 50%;\" loading=\"lazy\" decoding=\"async\" srcset=\"https:\/\/www.santafeciudad.gov.ar\/capitalcultural\/wp-content\/uploads\/2026\/07\/MarcePucci_SC_MMAV_SalonAnualNacional_25012025_130-768x512.jpg 768w, https:\/\/www.santafeciudad.gov.ar\/capitalcultural\/wp-content\/uploads\/2026\/07\/MarcePucci_SC_MMAV_SalonAnualNacional_25012025_130-300x200.jpg 300w, https:\/\/www.santafeciudad.gov.ar\/capitalcultural\/wp-content\/uploads\/2026\/07\/MarcePucci_SC_MMAV_SalonAnualNacional_25012025_130-1024x683.jpg 1024w, https:\/\/www.santafeciudad.gov.ar\/capitalcultural\/wp-content\/uploads\/2026\/07\/MarcePucci_SC_MMAV_SalonAnualNacional_25012025_130-1536x1024.jpg 1536w, https:\/\/www.santafeciudad.gov.ar\/capitalcultural\/wp-content\/uploads\/2026\/07\/MarcePucci_SC_MMAV_SalonAnualNacional_25012025_130.jpg 1920w\" sizes=\"auto, (max-width: 768px) 100vw, 768px\" \/>\t\t\t\t\t<\/span>\n\t\t<span class=\"ccp-card__content\">\n\t\t\t<span class=\"ccp-card__tags\">\n\t\t\t\t\t\t\t\t\t<span class=\"ccp-tag ccp-tag--categoria\">ACTIVACI\u00d3N<\/span>\n\t\t\t\t\t\t\t\t<span class=\"ccp-tag ccp-tag--estado ccp-tag--ya-sucedio\">FINALIZADA<\/span>\n\t\t\t<\/span>\n\t\t\t<span class=\"ccp-card__title\">Datos sensibles<\/span>\n\t\t\t\t\t\t\t<span class=\"ccp-card__espacio\">Museo Municipal de Artes Visuales \u201cSor Josefa D\u00edaz y Clucellas\u201d<\/span>\n\t\t\t\t\t\t\t\t\t\t<span class=\"ccp-card__date\">6 de febrero de 2026<\/span>\n\t\t\t\t\t\t\t\t\t<span class=\"ccp-card__action\">Ver propuesta<\/span>\n\t\t<\/span>\n\t<\/button>\n<\/article>\n\t\t\t\t\t<article class=\"ccp-card-wrap\">\n\t<button class=\"ccp-card\" type=\"button\" data-ccp-modal-target=\"ccp-modal-1-31439\" aria-haspopup=\"dialog\">\n\t\t<span class=\"ccp-card__media\">\n\t\t\t\t\t\t\t<img loading=\"lazy\" width=\"768\" height=\"543\" src=\"https:\/\/www.santafeciudad.gov.ar\/capitalcultural\/wp-content\/uploads\/2026\/07\/desplegable-768x543.jpg\" class=\"ccp-card__image wp-post-image\" alt=\"\" style=\"object-position: 50% 50%;\" loading=\"lazy\" decoding=\"async\" srcset=\"https:\/\/www.santafeciudad.gov.ar\/capitalcultural\/wp-content\/uploads\/2026\/07\/desplegable-768x543.jpg 768w, https:\/\/www.santafeciudad.gov.ar\/capitalcultural\/wp-content\/uploads\/2026\/07\/desplegable-300x212.jpg 300w, https:\/\/www.santafeciudad.gov.ar\/capitalcultural\/wp-content\/uploads\/2026\/07\/desplegable-1024x724.jpg 1024w, https:\/\/www.santafeciudad.gov.ar\/capitalcultural\/wp-content\/uploads\/2026\/07\/desplegable-1536x1086.jpg 1536w, https:\/\/www.santafeciudad.gov.ar\/capitalcultural\/wp-content\/uploads\/2026\/07\/desplegable-2048x1448.jpg 2048w\" sizes=\"auto, (max-width: 768px) 100vw, 768px\" \/>\t\t\t\t\t<\/span>\n\t\t<span class=\"ccp-card__content\">\n\t\t\t<span class=\"ccp-card__tags\">\n\t\t\t\t\t\t\t\t\t<span class=\"ccp-tag ccp-tag--categoria\">ACTIVIDAD<\/span>\n\t\t\t\t\t\t\t\t<span class=\"ccp-tag ccp-tag--estado ccp-tag--ya-sucedio\">FINALIZADA<\/span>\n\t\t\t<\/span>\n\t\t\t<span class=\"ccp-card__title\">La persistencia del tiempo<\/span>\n\t\t\t\t\t\t\t<span class=\"ccp-card__espacio\">Museo Municipal de Artes Visuales \u201cSor Josefa D\u00edaz y Clucellas\u201d<\/span>\n\t\t\t\t\t\t\t\t\t\t<span class=\"ccp-card__date\">18 de diciembre de 2025<\/span>\n\t\t\t\t\t\t\t\t\t<span class=\"ccp-card__action\">Ver propuesta<\/span>\n\t\t<\/span>\n\t<\/button>\n<\/article>\n\t\t\t\t\t<article class=\"ccp-card-wrap\">\n\t<button class=\"ccp-card\" type=\"button\" data-ccp-modal-target=\"ccp-modal-1-31398\" aria-haspopup=\"dialog\">\n\t\t<span class=\"ccp-card__media\">\n\t\t\t\t\t\t\t<img loading=\"lazy\" width=\"768\" height=\"432\" src=\"https:\/\/www.santafeciudad.gov.ar\/capitalcultural\/wp-content\/uploads\/2026\/07\/20231209_182646-768x432.jpg\" class=\"ccp-card__image wp-post-image\" alt=\"\" style=\"object-position: 50% 50%;\" loading=\"lazy\" decoding=\"async\" srcset=\"https:\/\/www.santafeciudad.gov.ar\/capitalcultural\/wp-content\/uploads\/2026\/07\/20231209_182646-768x432.jpg 768w, https:\/\/www.santafeciudad.gov.ar\/capitalcultural\/wp-content\/uploads\/2026\/07\/20231209_182646-300x169.jpg 300w, https:\/\/www.santafeciudad.gov.ar\/capitalcultural\/wp-content\/uploads\/2026\/07\/20231209_182646-1024x576.jpg 1024w, https:\/\/www.santafeciudad.gov.ar\/capitalcultural\/wp-content\/uploads\/2026\/07\/20231209_182646-1536x864.jpg 1536w, https:\/\/www.santafeciudad.gov.ar\/capitalcultural\/wp-content\/uploads\/2026\/07\/20231209_182646-2048x1152.jpg 2048w\" sizes=\"auto, (max-width: 768px) 100vw, 768px\" \/>\t\t\t\t\t<\/span>\n\t\t<span class=\"ccp-card__content\">\n\t\t\t<span class=\"ccp-card__tags\">\n\t\t\t\t\t\t\t\t\t<span class=\"ccp-tag ccp-tag--categoria\">MUESTRA<\/span>\n\t\t\t\t\t\t\t\t<span class=\"ccp-tag ccp-tag--estado ccp-tag--ya-sucedio\">FINALIZADA<\/span>\n\t\t\t<\/span>\n\t\t\t<span class=\"ccp-card__title\">Sal\u00f3n Anual Nacional<\/span>\n\t\t\t\t\t\t\t<span class=\"ccp-card__espacio\">Museo Municipal de Artes Visuales \u201cSor Josefa D\u00edaz y Clucellas\u201d<\/span>\n\t\t\t\t\t\t\t\t\t\t<span class=\"ccp-card__date\">Del 14 de noviembre de 2025 al 15 de febrero de 2026<\/span>\n\t\t\t\t\t\t\t\t\t<span class=\"ccp-card__action\">Ver propuesta<\/span>\n\t\t<\/span>\n\t<\/button>\n<\/article>\n\t\t\t\t\t<article class=\"ccp-card-wrap\">\n\t<button class=\"ccp-card\" type=\"button\" data-ccp-modal-target=\"ccp-modal-1-31454\" aria-haspopup=\"dialog\">\n\t\t<span class=\"ccp-card__media\">\n\t\t\t\t\t\t\t<img loading=\"lazy\" width=\"768\" height=\"1024\" src=\"https:\/\/www.santafeciudad.gov.ar\/capitalcultural\/wp-content\/uploads\/2026\/07\/Alquimia-2-768x1024.jpg\" class=\"ccp-card__image wp-post-image\" alt=\"\" style=\"object-position: 50% 50%;\" loading=\"lazy\" decoding=\"async\" srcset=\"https:\/\/www.santafeciudad.gov.ar\/capitalcultural\/wp-content\/uploads\/2026\/07\/Alquimia-2-768x1024.jpg 768w, https:\/\/www.santafeciudad.gov.ar\/capitalcultural\/wp-content\/uploads\/2026\/07\/Alquimia-2-225x300.jpg 225w, https:\/\/www.santafeciudad.gov.ar\/capitalcultural\/wp-content\/uploads\/2026\/07\/Alquimia-2-1152x1536.jpg 1152w, https:\/\/www.santafeciudad.gov.ar\/capitalcultural\/wp-content\/uploads\/2026\/07\/Alquimia-2-1536x2048.jpg 1536w, https:\/\/www.santafeciudad.gov.ar\/capitalcultural\/wp-content\/uploads\/2026\/07\/Alquimia-2-scaled.jpg 1920w\" sizes=\"auto, (max-width: 768px) 100vw, 768px\" \/>\t\t\t\t\t<\/span>\n\t\t<span class=\"ccp-card__content\">\n\t\t\t<span class=\"ccp-card__tags\">\n\t\t\t\t\t\t\t\t\t<span class=\"ccp-tag ccp-tag--categoria\">TALLER<\/span>\n\t\t\t\t\t\t\t\t<span class=\"ccp-tag ccp-tag--estado ccp-tag--ya-sucedio\">FINALIZADA<\/span>\n\t\t\t<\/span>\n\t\t\t<span class=\"ccp-card__title\">Alquimia del Duelo<\/span>\n\t\t\t\t\t\t\t<span class=\"ccp-card__espacio\">Museo Municipal de Artes Visuales \u201cSor Josefa D\u00edaz y Clucellas\u201d<\/span>\n\t\t\t\t\t\t\t\t\t\t<span class=\"ccp-card__date\">5 de febrero de 2026<\/span>\n\t\t\t\t\t\t\t\t\t<span class=\"ccp-card__action\">Ver propuesta<\/span>\n\t\t<\/span>\n\t<\/button>\n<\/article>\n\t\t\t\t\t<article class=\"ccp-card-wrap\">\n\t<button class=\"ccp-card\" type=\"button\" data-ccp-modal-target=\"ccp-modal-1-31445\" aria-haspopup=\"dialog\">\n\t\t<span class=\"ccp-card__media\">\n\t\t\t\t\t\t\t<img loading=\"lazy\" width=\"768\" height=\"1024\" src=\"https:\/\/www.santafeciudad.gov.ar\/capitalcultural\/wp-content\/uploads\/2026\/07\/IMG_0950-768x1024.jpg\" class=\"ccp-card__image wp-post-image\" alt=\"\" style=\"object-position: 50% 50%;\" loading=\"lazy\" decoding=\"async\" srcset=\"https:\/\/www.santafeciudad.gov.ar\/capitalcultural\/wp-content\/uploads\/2026\/07\/IMG_0950-768x1024.jpg 768w, https:\/\/www.santafeciudad.gov.ar\/capitalcultural\/wp-content\/uploads\/2026\/07\/IMG_0950-225x300.jpg 225w, https:\/\/www.santafeciudad.gov.ar\/capitalcultural\/wp-content\/uploads\/2026\/07\/IMG_0950-1152x1536.jpg 1152w, https:\/\/www.santafeciudad.gov.ar\/capitalcultural\/wp-content\/uploads\/2026\/07\/IMG_0950-1536x2048.jpg 1536w, https:\/\/www.santafeciudad.gov.ar\/capitalcultural\/wp-content\/uploads\/2026\/07\/IMG_0950-scaled.jpg 1920w\" sizes=\"auto, (max-width: 768px) 100vw, 768px\" \/>\t\t\t\t\t<\/span>\n\t\t<span class=\"ccp-card__content\">\n\t\t\t<span class=\"ccp-card__tags\">\n\t\t\t\t\t\t\t\t\t<span class=\"ccp-tag ccp-tag--categoria\">MUESTRA<\/span>\n\t\t\t\t\t\t\t\t<span class=\"ccp-tag ccp-tag--estado ccp-tag--ya-sucedio\">FINALIZADA<\/span>\n\t\t\t<\/span>\n\t\t\t<span class=\"ccp-card__title\">La luna fue testigo de mi nacimiento pero guardar\u00e1 el secreto de mis muertes<\/span>\n\t\t\t\t\t\t\t<span class=\"ccp-card__espacio\">Museo Municipal de Artes Visuales \u201cSor Josefa D\u00edaz y Clucellas\u201d<\/span>\n\t\t\t\t\t\t\t\t\t\t<span class=\"ccp-card__date\">Del 20 de noviembre de 2025 al 15 de febrero de 2026<\/span>\n\t\t\t\t\t\t\t\t\t<span class=\"ccp-card__action\">Ver propuesta<\/span>\n\t\t<\/span>\n\t<\/button>\n<\/article>\n\t\t\t\t\t<article class=\"ccp-card-wrap\">\n\t<button class=\"ccp-card\" type=\"button\" data-ccp-modal-target=\"ccp-modal-1-31451\" aria-haspopup=\"dialog\">\n\t\t<span class=\"ccp-card__media\">\n\t\t\t\t\t\t\t<img loading=\"lazy\" width=\"768\" height=\"500\" src=\"https:\/\/www.santafeciudad.gov.ar\/capitalcultural\/wp-content\/uploads\/2026\/07\/291-768x500.jpg\" class=\"ccp-card__image wp-post-image\" alt=\"\" style=\"object-position: 50% 50%;\" loading=\"lazy\" decoding=\"async\" srcset=\"https:\/\/www.santafeciudad.gov.ar\/capitalcultural\/wp-content\/uploads\/2026\/07\/291-768x500.jpg 768w, https:\/\/www.santafeciudad.gov.ar\/capitalcultural\/wp-content\/uploads\/2026\/07\/291-300x195.jpg 300w, https:\/\/www.santafeciudad.gov.ar\/capitalcultural\/wp-content\/uploads\/2026\/07\/291-1024x667.jpg 1024w, https:\/\/www.santafeciudad.gov.ar\/capitalcultural\/wp-content\/uploads\/2026\/07\/291-1536x1001.jpg 1536w, https:\/\/www.santafeciudad.gov.ar\/capitalcultural\/wp-content\/uploads\/2026\/07\/291-2048x1334.jpg 2048w\" sizes=\"auto, (max-width: 768px) 100vw, 768px\" \/>\t\t\t\t\t<\/span>\n\t\t<span class=\"ccp-card__content\">\n\t\t\t<span class=\"ccp-card__tags\">\n\t\t\t\t\t\t\t\t\t<span class=\"ccp-tag ccp-tag--categoria\">PRESENTACI\u00d3N<\/span>\n\t\t\t\t\t\t\t\t<span class=\"ccp-tag ccp-tag--estado ccp-tag--ya-sucedio\">FINALIZADA<\/span>\n\t\t\t<\/span>\n\t\t\t<span class=\"ccp-card__title\">90 a\u00f1os de historia, arte y comunidad<\/span>\n\t\t\t\t\t\t\t<span class=\"ccp-card__espacio\">Museo Municipal de Artes Visuales \u201cSor Josefa D\u00edaz y Clucellas\u201d<\/span>\n\t\t\t\t\t\t\t\t\t\t<span class=\"ccp-card__date\">28 de enero de 2026<\/span>\n\t\t\t\t\t\t\t\t\t<span class=\"ccp-card__action\">Ver propuesta<\/span>\n\t\t<\/span>\n\t<\/button>\n<\/article>\n\t\t\t\t\t<article class=\"ccp-card-wrap\">\n\t<button class=\"ccp-card\" type=\"button\" data-ccp-modal-target=\"ccp-modal-1-31437\" aria-haspopup=\"dialog\">\n\t\t<span class=\"ccp-card__media\">\n\t\t\t\t\t\t\t<img loading=\"lazy\" width=\"768\" height=\"576\" src=\"https:\/\/www.santafeciudad.gov.ar\/capitalcultural\/wp-content\/uploads\/2026\/07\/20251003_130746-768x576.jpg\" class=\"ccp-card__image wp-post-image\" alt=\"\" style=\"object-position: 50% 50%;\" loading=\"lazy\" decoding=\"async\" srcset=\"https:\/\/www.santafeciudad.gov.ar\/capitalcultural\/wp-content\/uploads\/2026\/07\/20251003_130746-768x576.jpg 768w, https:\/\/www.santafeciudad.gov.ar\/capitalcultural\/wp-content\/uploads\/2026\/07\/20251003_130746-300x225.jpg 300w, https:\/\/www.santafeciudad.gov.ar\/capitalcultural\/wp-content\/uploads\/2026\/07\/20251003_130746-1024x768.jpg 1024w, https:\/\/www.santafeciudad.gov.ar\/capitalcultural\/wp-content\/uploads\/2026\/07\/20251003_130746-1536x1152.jpg 1536w, https:\/\/www.santafeciudad.gov.ar\/capitalcultural\/wp-content\/uploads\/2026\/07\/20251003_130746-2048x1536.jpg 2048w\" sizes=\"auto, (max-width: 768px) 100vw, 768px\" \/>\t\t\t\t\t<\/span>\n\t\t<span class=\"ccp-card__content\">\n\t\t\t<span class=\"ccp-card__tags\">\n\t\t\t\t\t\t\t\t\t<span class=\"ccp-tag ccp-tag--categoria\">ACTIVACI\u00d3N<\/span>\n\t\t\t\t\t\t\t\t<span class=\"ccp-tag ccp-tag--estado ccp-tag--ya-sucedio\">FINALIZADA<\/span>\n\t\t\t<\/span>\n\t\t\t<span class=\"ccp-card__title\">\u00bfQui\u00e9n nos dir\u00e1 las cosas?<\/span>\n\t\t\t\t\t\t\t<span class=\"ccp-card__espacio\">Museo Municipal de Artes Visuales \u201cSor Josefa D\u00edaz y Clucellas\u201d<\/span>\n\t\t\t\t\t\t\t\t\t\t<span class=\"ccp-card__date\">8 de octubre de 2025<\/span>\n\t\t\t\t\t\t\t\t\t<span class=\"ccp-card__action\">Ver propuesta<\/span>\n\t\t<\/span>\n\t<\/button>\n<\/article>\n\t\t\t\t\t<article class=\"ccp-card-wrap\">\n\t<button class=\"ccp-card\" type=\"button\" data-ccp-modal-target=\"ccp-modal-1-31434\" aria-haspopup=\"dialog\">\n\t\t<span class=\"ccp-card__media\">\n\t\t\t\t\t\t\t<img loading=\"lazy\" width=\"768\" height=\"576\" src=\"https:\/\/www.santafeciudad.gov.ar\/capitalcultural\/wp-content\/uploads\/2026\/07\/20251003_130746-768x576.jpg\" class=\"ccp-card__image wp-post-image\" alt=\"\" style=\"object-position: 50% 50%;\" loading=\"lazy\" decoding=\"async\" srcset=\"https:\/\/www.santafeciudad.gov.ar\/capitalcultural\/wp-content\/uploads\/2026\/07\/20251003_130746-768x576.jpg 768w, https:\/\/www.santafeciudad.gov.ar\/capitalcultural\/wp-content\/uploads\/2026\/07\/20251003_130746-300x225.jpg 300w, https:\/\/www.santafeciudad.gov.ar\/capitalcultural\/wp-content\/uploads\/2026\/07\/20251003_130746-1024x768.jpg 1024w, https:\/\/www.santafeciudad.gov.ar\/capitalcultural\/wp-content\/uploads\/2026\/07\/20251003_130746-1536x1152.jpg 1536w, https:\/\/www.santafeciudad.gov.ar\/capitalcultural\/wp-content\/uploads\/2026\/07\/20251003_130746-2048x1536.jpg 2048w\" sizes=\"auto, (max-width: 768px) 100vw, 768px\" \/>\t\t\t\t\t<\/span>\n\t\t<span class=\"ccp-card__content\">\n\t\t\t<span class=\"ccp-card__tags\">\n\t\t\t\t\t\t\t\t\t<span class=\"ccp-tag ccp-tag--categoria\">MUESTRA<\/span>\n\t\t\t\t\t\t\t\t<span class=\"ccp-tag ccp-tag--estado ccp-tag--ya-sucedio\">FINALIZADA<\/span>\n\t\t\t<\/span>\n\t\t\t<span class=\"ccp-card__title\">\u00bfQui\u00e9n nos dir\u00e1 las cosas?<\/span>\n\t\t\t\t\t\t\t<span class=\"ccp-card__espacio\">Museo Municipal de Artes Visuales \u201cSor Josefa D\u00edaz y Clucellas\u201d<\/span>\n\t\t\t\t\t\t\t\t\t\t<span class=\"ccp-card__date\">Del 12 de septiembre al 31 de octubre de 2025<\/span>\n\t\t\t\t\t\t\t\t\t<span class=\"ccp-card__action\">Ver propuesta<\/span>\n\t\t<\/span>\n\t<\/button>\n<\/article>\n\t\t\t\t\t<article class=\"ccp-card-wrap\">\n\t<button class=\"ccp-card\" type=\"button\" data-ccp-modal-target=\"ccp-modal-1-31431\" aria-haspopup=\"dialog\">\n\t\t<span class=\"ccp-card__media\">\n\t\t\t\t\t\t\t<img loading=\"lazy\" width=\"768\" height=\"1048\" src=\"https:\/\/www.santafeciudad.gov.ar\/capitalcultural\/wp-content\/uploads\/2026\/07\/BrendaRos4-768x1048.jpg\" class=\"ccp-card__image wp-post-image\" alt=\"\" style=\"object-position: 50% 50%;\" loading=\"lazy\" decoding=\"async\" srcset=\"https:\/\/www.santafeciudad.gov.ar\/capitalcultural\/wp-content\/uploads\/2026\/07\/BrendaRos4-768x1048.jpg 768w, https:\/\/www.santafeciudad.gov.ar\/capitalcultural\/wp-content\/uploads\/2026\/07\/BrendaRos4-220x300.jpg 220w, https:\/\/www.santafeciudad.gov.ar\/capitalcultural\/wp-content\/uploads\/2026\/07\/BrendaRos4-750x1024.jpg 750w, https:\/\/www.santafeciudad.gov.ar\/capitalcultural\/wp-content\/uploads\/2026\/07\/BrendaRos4.jpg 1044w\" sizes=\"auto, (max-width: 768px) 100vw, 768px\" \/>\t\t\t\t\t<\/span>\n\t\t<span class=\"ccp-card__content\">\n\t\t\t<span class=\"ccp-card__tags\">\n\t\t\t\t\t\t\t\t\t<span class=\"ccp-tag ccp-tag--categoria\">MUESTRA<\/span>\n\t\t\t\t\t\t\t\t<span class=\"ccp-tag ccp-tag--estado ccp-tag--ya-sucedio\">FINALIZADA<\/span>\n\t\t\t<\/span>\n\t\t\t<span class=\"ccp-card__title\">El silencio que aprende la forma del vac\u00edo<\/span>\n\t\t\t\t\t\t\t<span class=\"ccp-card__espacio\">Museo Municipal de Artes Visuales \u201cSor Josefa D\u00edaz y Clucellas\u201d<\/span>\n\t\t\t\t\t\t\t\t\t\t<span class=\"ccp-card__date\">Del 22 de agosto al 12 de octubre de 2025<\/span>\n\t\t\t\t\t\t\t\t\t<span class=\"ccp-card__action\">Ver propuesta<\/span>\n\t\t<\/span>\n\t<\/button>\n<\/article>\n\t\t\t\t\t<article class=\"ccp-card-wrap\">\n\t<button class=\"ccp-card\" type=\"button\" data-ccp-modal-target=\"ccp-modal-1-31425\" aria-haspopup=\"dialog\">\n\t\t<span class=\"ccp-card__media\">\n\t\t\t\t\t\t\t<img loading=\"lazy\" width=\"768\" height=\"891\" src=\"https:\/\/www.santafeciudad.gov.ar\/capitalcultural\/wp-content\/uploads\/2026\/07\/Para-el-taller-768x891.jpg\" class=\"ccp-card__image wp-post-image\" alt=\"\" style=\"object-position: 50% 50%;\" loading=\"lazy\" decoding=\"async\" srcset=\"https:\/\/www.santafeciudad.gov.ar\/capitalcultural\/wp-content\/uploads\/2026\/07\/Para-el-taller-768x891.jpg 768w, https:\/\/www.santafeciudad.gov.ar\/capitalcultural\/wp-content\/uploads\/2026\/07\/Para-el-taller-259x300.jpg 259w, https:\/\/www.santafeciudad.gov.ar\/capitalcultural\/wp-content\/uploads\/2026\/07\/Para-el-taller-883x1024.jpg 883w, https:\/\/www.santafeciudad.gov.ar\/capitalcultural\/wp-content\/uploads\/2026\/07\/Para-el-taller-1325x1536.jpg 1325w, https:\/\/www.santafeciudad.gov.ar\/capitalcultural\/wp-content\/uploads\/2026\/07\/Para-el-taller-1766x2048.jpg 1766w\" sizes=\"auto, (max-width: 768px) 100vw, 768px\" \/>\t\t\t\t\t<\/span>\n\t\t<span class=\"ccp-card__content\">\n\t\t\t<span class=\"ccp-card__tags\">\n\t\t\t\t\t\t\t\t\t<span class=\"ccp-tag ccp-tag--categoria\">TALLER<\/span>\n\t\t\t\t\t\t\t\t<span class=\"ccp-tag ccp-tag--estado ccp-tag--ya-sucedio\">FINALIZADA<\/span>\n\t\t\t<\/span>\n\t\t\t<span class=\"ccp-card__title\">Apropiaci\u00f3n y cita: Taller pr\u00e1ctico de intertextualidad pict\u00f3rica<\/span>\n\t\t\t\t\t\t\t<span class=\"ccp-card__espacio\">Museo Municipal de Artes Visuales \u201cSor Josefa D\u00edaz y Clucellas\u201d<\/span>\n\t\t\t\t\t\t\t\t\t\t<span class=\"ccp-card__date\">26 de julio de 2025<\/span>\n\t\t\t\t\t\t\t\t\t<span class=\"ccp-card__action\">Ver propuesta<\/span>\n\t\t<\/span>\n\t<\/button>\n<\/article>\n\t\t\t\t\t<article class=\"ccp-card-wrap\">\n\t<button class=\"ccp-card\" type=\"button\" data-ccp-modal-target=\"ccp-modal-1-31422\" aria-haspopup=\"dialog\">\n\t\t<span class=\"ccp-card__media\">\n\t\t\t\t\t\t\t<img loading=\"lazy\" width=\"768\" height=\"575\" src=\"https:\/\/www.santafeciudad.gov.ar\/capitalcultural\/wp-content\/uploads\/2026\/07\/Para-el-recorrido-comentado-768x575.jpg\" class=\"ccp-card__image wp-post-image\" alt=\"\" style=\"object-position: 50% 50%;\" loading=\"lazy\" decoding=\"async\" srcset=\"https:\/\/www.santafeciudad.gov.ar\/capitalcultural\/wp-content\/uploads\/2026\/07\/Para-el-recorrido-comentado-768x575.jpg 768w, https:\/\/www.santafeciudad.gov.ar\/capitalcultural\/wp-content\/uploads\/2026\/07\/Para-el-recorrido-comentado-300x225.jpg 300w, https:\/\/www.santafeciudad.gov.ar\/capitalcultural\/wp-content\/uploads\/2026\/07\/Para-el-recorrido-comentado-1024x767.jpg 1024w, https:\/\/www.santafeciudad.gov.ar\/capitalcultural\/wp-content\/uploads\/2026\/07\/Para-el-recorrido-comentado-1536x1150.jpg 1536w, https:\/\/www.santafeciudad.gov.ar\/capitalcultural\/wp-content\/uploads\/2026\/07\/Para-el-recorrido-comentado-2048x1533.jpg 2048w\" sizes=\"auto, (max-width: 768px) 100vw, 768px\" \/>\t\t\t\t\t<\/span>\n\t\t<span class=\"ccp-card__content\">\n\t\t\t<span class=\"ccp-card__tags\">\n\t\t\t\t\t\t\t\t\t<span class=\"ccp-tag ccp-tag--categoria\">ACTIVACI\u00d3N<\/span>\n\t\t\t\t\t\t\t\t<span class=\"ccp-tag ccp-tag--estado ccp-tag--ya-sucedio\">FINALIZADA<\/span>\n\t\t\t<\/span>\n\t\t\t<span class=\"ccp-card__title\">Recorrido comentado muestra &#8220;Cr\u00f3nicas de una orilla distante&#8221;<\/span>\n\t\t\t\t\t\t\t<span class=\"ccp-card__espacio\">Museo Municipal de Artes Visuales \u201cSor Josefa D\u00edaz y Clucellas\u201d<\/span>\n\t\t\t\t\t\t\t\t\t\t<span class=\"ccp-card__date\">25 de julio de 2025<\/span>\n\t\t\t\t\t\t\t\t\t<span class=\"ccp-card__action\">Ver propuesta<\/span>\n\t\t<\/span>\n\t<\/button>\n<\/article>\n\t\t\t\t\t<article class=\"ccp-card-wrap\">\n\t<button class=\"ccp-card\" type=\"button\" data-ccp-modal-target=\"ccp-modal-1-31410\" aria-haspopup=\"dialog\">\n\t\t<span class=\"ccp-card__media\">\n\t\t\t\t\t\t\t<img loading=\"lazy\" width=\"768\" height=\"768\" src=\"https:\/\/www.santafeciudad.gov.ar\/capitalcultural\/wp-content\/uploads\/2026\/07\/617211521_17913938283122666_273882914285486744_n-768x768.jpg\" class=\"ccp-card__image wp-post-image\" alt=\"\" style=\"object-position: 50% 50%;\" loading=\"lazy\" decoding=\"async\" srcset=\"https:\/\/www.santafeciudad.gov.ar\/capitalcultural\/wp-content\/uploads\/2026\/07\/617211521_17913938283122666_273882914285486744_n-768x768.jpg 768w, https:\/\/www.santafeciudad.gov.ar\/capitalcultural\/wp-content\/uploads\/2026\/07\/617211521_17913938283122666_273882914285486744_n-300x300.jpg 300w, https:\/\/www.santafeciudad.gov.ar\/capitalcultural\/wp-content\/uploads\/2026\/07\/617211521_17913938283122666_273882914285486744_n-1024x1024.jpg 1024w, https:\/\/www.santafeciudad.gov.ar\/capitalcultural\/wp-content\/uploads\/2026\/07\/617211521_17913938283122666_273882914285486744_n-150x150.jpg 150w, https:\/\/www.santafeciudad.gov.ar\/capitalcultural\/wp-content\/uploads\/2026\/07\/617211521_17913938283122666_273882914285486744_n.jpg 1080w\" sizes=\"auto, (max-width: 768px) 100vw, 768px\" \/>\t\t\t\t\t<\/span>\n\t\t<span class=\"ccp-card__content\">\n\t\t\t<span class=\"ccp-card__tags\">\n\t\t\t\t\t\t\t\t\t<span class=\"ccp-tag ccp-tag--categoria\">MUESTRA<\/span>\n\t\t\t\t\t\t\t\t<span class=\"ccp-tag ccp-tag--estado ccp-tag--ya-sucedio\">FINALIZADA<\/span>\n\t\t\t<\/span>\n\t\t\t<span class=\"ccp-card__title\">Cr\u00f3nica de una orilla distante<\/span>\n\t\t\t\t\t\t\t<span class=\"ccp-card__espacio\">Museo Municipal de Artes Visuales \u201cSor Josefa D\u00edaz y Clucellas\u201d<\/span>\n\t\t\t\t\t\t\t\t\t\t<span class=\"ccp-card__date\">Del 4 de julio al 1 de octubre de 2025<\/span>\n\t\t\t\t\t\t\t\t\t<span class=\"ccp-card__action\">Ver propuesta<\/span>\n\t\t<\/span>\n\t<\/button>\n<\/article>\n\t\t\t\t\t<article class=\"ccp-card-wrap\">\n\t<button class=\"ccp-card\" type=\"button\" data-ccp-modal-target=\"ccp-modal-1-31413\" aria-haspopup=\"dialog\">\n\t\t<span class=\"ccp-card__media\">\n\t\t\t\t\t\t\t<img loading=\"lazy\" width=\"768\" height=\"919\" src=\"https:\/\/www.santafeciudad.gov.ar\/capitalcultural\/wp-content\/uploads\/2026\/07\/Sofia-Desuque-768x919.jpg\" class=\"ccp-card__image wp-post-image\" alt=\"\" style=\"object-position: 50% 50%;\" loading=\"lazy\" decoding=\"async\" srcset=\"https:\/\/www.santafeciudad.gov.ar\/capitalcultural\/wp-content\/uploads\/2026\/07\/Sofia-Desuque-768x919.jpg 768w, https:\/\/www.santafeciudad.gov.ar\/capitalcultural\/wp-content\/uploads\/2026\/07\/Sofia-Desuque-251x300.jpg 251w, https:\/\/www.santafeciudad.gov.ar\/capitalcultural\/wp-content\/uploads\/2026\/07\/Sofia-Desuque-856x1024.jpg 856w, https:\/\/www.santafeciudad.gov.ar\/capitalcultural\/wp-content\/uploads\/2026\/07\/Sofia-Desuque-1284x1536.jpg 1284w, https:\/\/www.santafeciudad.gov.ar\/capitalcultural\/wp-content\/uploads\/2026\/07\/Sofia-Desuque-1712x2048.jpg 1712w\" sizes=\"auto, (max-width: 768px) 100vw, 768px\" \/>\t\t\t\t\t<\/span>\n\t\t<span class=\"ccp-card__content\">\n\t\t\t<span class=\"ccp-card__tags\">\n\t\t\t\t\t\t\t\t\t<span class=\"ccp-tag ccp-tag--categoria\">CONVOCATORIA<\/span>\n\t\t\t\t\t\t\t\t<span class=\"ccp-tag ccp-tag--estado ccp-tag--ya-sucedio\">FINALIZADA<\/span>\n\t\t\t<\/span>\n\t\t\t<span class=\"ccp-card__title\">Convocatoria al Sal\u00f3n Anual Nacional del Museo Municipal de Artes Visuales<\/span>\n\t\t\t\t\t\t\t<span class=\"ccp-card__espacio\">Museo Municipal de Artes Visuales \u201cSor Josefa D\u00edaz y Clucellas\u201d<\/span>\n\t\t\t\t\t\t\t\t\t\t<span class=\"ccp-card__date\">Del 27 de julio al 18 de septiembre de 2025<\/span>\n\t\t\t\t\t\t\t\t\t<span class=\"ccp-card__action\">Ver propuesta<\/span>\n\t\t<\/span>\n\t<\/button>\n<\/article>\n\t\t\t\t\t<article class=\"ccp-card-wrap\">\n\t<button class=\"ccp-card\" type=\"button\" data-ccp-modal-target=\"ccp-modal-1-31442\" aria-haspopup=\"dialog\">\n\t\t<span class=\"ccp-card__media\">\n\t\t\t\t\t\t\t<img loading=\"lazy\" width=\"768\" height=\"1024\" src=\"https:\/\/www.santafeciudad.gov.ar\/capitalcultural\/wp-content\/uploads\/2026\/07\/IMG_0950-768x1024.jpg\" class=\"ccp-card__image wp-post-image\" alt=\"\" style=\"object-position: 50% 50%;\" loading=\"lazy\" decoding=\"async\" srcset=\"https:\/\/www.santafeciudad.gov.ar\/capitalcultural\/wp-content\/uploads\/2026\/07\/IMG_0950-768x1024.jpg 768w, https:\/\/www.santafeciudad.gov.ar\/capitalcultural\/wp-content\/uploads\/2026\/07\/IMG_0950-225x300.jpg 225w, https:\/\/www.santafeciudad.gov.ar\/capitalcultural\/wp-content\/uploads\/2026\/07\/IMG_0950-1152x1536.jpg 1152w, https:\/\/www.santafeciudad.gov.ar\/capitalcultural\/wp-content\/uploads\/2026\/07\/IMG_0950-1536x2048.jpg 1536w, https:\/\/www.santafeciudad.gov.ar\/capitalcultural\/wp-content\/uploads\/2026\/07\/IMG_0950-scaled.jpg 1920w\" sizes=\"auto, (max-width: 768px) 100vw, 768px\" \/>\t\t\t\t\t<\/span>\n\t\t<span class=\"ccp-card__content\">\n\t\t\t<span class=\"ccp-card__tags\">\n\t\t\t\t\t\t\t\t\t<span class=\"ccp-tag ccp-tag--categoria\">ACTIVACI\u00d3N<\/span>\n\t\t\t\t\t\t\t\t<span class=\"ccp-tag ccp-tag--estado ccp-tag--ya-sucedio\">FINALIZADA<\/span>\n\t\t\t<\/span>\n\t\t\t<span class=\"ccp-card__title\">Lo que fue o no lleg\u00f3 a ser<\/span>\n\t\t\t\t\t\t\t<span class=\"ccp-card__espacio\">Museo Municipal de Artes Visuales \u201cSor Josefa D\u00edaz y Clucellas\u201d<\/span>\n\t\t\t\t\t\t\t\t\t\t<span class=\"ccp-card__date\">25 de agosto de 2025<\/span>\n\t\t\t\t\t\t\t\t\t<span class=\"ccp-card__action\">Ver propuesta<\/span>\n\t\t<\/span>\n\t<\/button>\n<\/article>\n\t\t\t\t\t<article class=\"ccp-card-wrap\">\n\t<button class=\"ccp-card\" type=\"button\" data-ccp-modal-target=\"ccp-modal-1-31428\" aria-haspopup=\"dialog\">\n\t\t<span class=\"ccp-card__media\">\n\t\t\t\t\t\t\t<img loading=\"lazy\" width=\"768\" height=\"1024\" src=\"https:\/\/www.santafeciudad.gov.ar\/capitalcultural\/wp-content\/uploads\/2026\/07\/SorJosefa1-768x1024.jpeg\" class=\"ccp-card__image wp-post-image\" alt=\"\" style=\"object-position: 50% 50%;\" loading=\"lazy\" decoding=\"async\" srcset=\"https:\/\/www.santafeciudad.gov.ar\/capitalcultural\/wp-content\/uploads\/2026\/07\/SorJosefa1-768x1024.jpeg 768w, https:\/\/www.santafeciudad.gov.ar\/capitalcultural\/wp-content\/uploads\/2026\/07\/SorJosefa1-225x300.jpeg 225w, https:\/\/www.santafeciudad.gov.ar\/capitalcultural\/wp-content\/uploads\/2026\/07\/SorJosefa1.jpeg 960w\" sizes=\"auto, (max-width: 768px) 100vw, 768px\" \/>\t\t\t\t\t<\/span>\n\t\t<span class=\"ccp-card__content\">\n\t\t\t<span class=\"ccp-card__tags\">\n\t\t\t\t\t\t\t\t\t<span class=\"ccp-tag ccp-tag--categoria\">ACTIVACI\u00d3N<\/span>\n\t\t\t\t\t\t\t\t<span class=\"ccp-tag ccp-tag--estado ccp-tag--ya-sucedio\">FINALIZADA<\/span>\n\t\t\t<\/span>\n\t\t\t<span class=\"ccp-card__title\">Mes de las Infancias<\/span>\n\t\t\t\t\t\t\t<span class=\"ccp-card__espacio\">Museo Municipal de Artes Visuales \u201cSor Josefa D\u00edaz y Clucellas\u201d<\/span>\n\t\t\t\t\t\t\t\t\t\t<span class=\"ccp-card__date\">Del 22 al 23 de agosto de 2025<\/span>\n\t\t\t\t\t\t\t\t\t<span class=\"ccp-card__action\">Ver propuesta<\/span>\n\t\t<\/span>\n\t<\/button>\n<\/article>\n\t\t\t\t\t<article class=\"ccp-card-wrap\">\n\t<button class=\"ccp-card\" type=\"button\" data-ccp-modal-target=\"ccp-modal-1-31404\" aria-haspopup=\"dialog\">\n\t\t<span class=\"ccp-card__media\">\n\t\t\t\t\t\t\t<img loading=\"lazy\" width=\"768\" height=\"512\" src=\"https:\/\/www.santafeciudad.gov.ar\/capitalcultural\/wp-content\/uploads\/2026\/07\/Visita3-768x512.jpg\" class=\"ccp-card__image wp-post-image\" alt=\"\" style=\"object-position: 50% 50%;\" loading=\"lazy\" decoding=\"async\" srcset=\"https:\/\/www.santafeciudad.gov.ar\/capitalcultural\/wp-content\/uploads\/2026\/07\/Visita3-768x512.jpg 768w, https:\/\/www.santafeciudad.gov.ar\/capitalcultural\/wp-content\/uploads\/2026\/07\/Visita3-300x200.jpg 300w, https:\/\/www.santafeciudad.gov.ar\/capitalcultural\/wp-content\/uploads\/2026\/07\/Visita3-1024x683.jpg 1024w, https:\/\/www.santafeciudad.gov.ar\/capitalcultural\/wp-content\/uploads\/2026\/07\/Visita3-1536x1024.jpg 1536w, https:\/\/www.santafeciudad.gov.ar\/capitalcultural\/wp-content\/uploads\/2026\/07\/Visita3.jpg 1920w\" sizes=\"auto, (max-width: 768px) 100vw, 768px\" \/>\t\t\t\t\t<\/span>\n\t\t<span class=\"ccp-card__content\">\n\t\t\t<span class=\"ccp-card__tags\">\n\t\t\t\t\t\t\t\t\t<span class=\"ccp-tag ccp-tag--categoria\">MUESTRA<\/span>\n\t\t\t\t\t\t\t\t<span class=\"ccp-tag ccp-tag--estado ccp-tag--ya-sucedio\">FINALIZADA<\/span>\n\t\t\t<\/span>\n\t\t\t<span class=\"ccp-card__title\">Una visita extraordinaria<\/span>\n\t\t\t\t\t\t\t<span class=\"ccp-card__espacio\">Museo Municipal de Artes Visuales \u201cSor Josefa D\u00edaz y Clucellas\u201d<\/span>\n\t\t\t\t\t\t\t\t\t\t<span class=\"ccp-card__date\">Del 24 de abril al 15 de junio de 2025<\/span>\n\t\t\t\t\t\t\t\t\t<span class=\"ccp-card__action\">Ver propuesta<\/span>\n\t\t<\/span>\n\t<\/button>\n<\/article>\n\t\t\t\t\t<article class=\"ccp-card-wrap\">\n\t<button class=\"ccp-card\" type=\"button\" data-ccp-modal-target=\"ccp-modal-1-31407\" aria-haspopup=\"dialog\">\n\t\t<span class=\"ccp-card__media\">\n\t\t\t\t\t\t\t<img loading=\"lazy\" width=\"768\" height=\"512\" src=\"https:\/\/www.santafeciudad.gov.ar\/capitalcultural\/wp-content\/uploads\/2026\/07\/Milagreros-768x512.jpg\" class=\"ccp-card__image wp-post-image\" alt=\"\" style=\"object-position: 50% 50%;\" loading=\"lazy\" decoding=\"async\" srcset=\"https:\/\/www.santafeciudad.gov.ar\/capitalcultural\/wp-content\/uploads\/2026\/07\/Milagreros-768x512.jpg 768w, https:\/\/www.santafeciudad.gov.ar\/capitalcultural\/wp-content\/uploads\/2026\/07\/Milagreros-300x200.jpg 300w, https:\/\/www.santafeciudad.gov.ar\/capitalcultural\/wp-content\/uploads\/2026\/07\/Milagreros-1024x683.jpg 1024w, https:\/\/www.santafeciudad.gov.ar\/capitalcultural\/wp-content\/uploads\/2026\/07\/Milagreros-1536x1024.jpg 1536w, https:\/\/www.santafeciudad.gov.ar\/capitalcultural\/wp-content\/uploads\/2026\/07\/Milagreros-2048x1365.jpg 2048w\" sizes=\"auto, (max-width: 768px) 100vw, 768px\" \/>\t\t\t\t\t<\/span>\n\t\t<span class=\"ccp-card__content\">\n\t\t\t<span class=\"ccp-card__tags\">\n\t\t\t\t\t\t\t\t\t<span class=\"ccp-tag ccp-tag--categoria\">TALLER<\/span>\n\t\t\t\t\t\t\t\t<span class=\"ccp-tag ccp-tag--estado ccp-tag--ya-sucedio\">FINALIZADA<\/span>\n\t\t\t<\/span>\n\t\t\t<span class=\"ccp-card__title\">Un Milagrero<\/span>\n\t\t\t\t\t\t\t<span class=\"ccp-card__espacio\">Museo Municipal de Artes Visuales \u201cSor Josefa D\u00edaz y Clucellas\u201d<\/span>\n\t\t\t\t\t\t\t\t\t\t<span class=\"ccp-card__date\">Del 6 al 7 de junio de 2025<\/span>\n\t\t\t\t\t\t\t\t\t<span class=\"ccp-card__action\">Ver propuesta<\/span>\n\t\t<\/span>\n\t<\/button>\n<\/article>\n\t\t\t\t\t<article class=\"ccp-card-wrap\">\n\t<button class=\"ccp-card\" type=\"button\" data-ccp-modal-target=\"ccp-modal-1-31401\" aria-haspopup=\"dialog\">\n\t\t<span class=\"ccp-card__media\">\n\t\t\t\t\t\t\t<img loading=\"lazy\" width=\"768\" height=\"512\" src=\"https:\/\/www.santafeciudad.gov.ar\/capitalcultural\/wp-content\/uploads\/2026\/07\/MarcePucci_SC_MMAV_SalonAnualNacional_25012025_002-768x512.jpg\" class=\"ccp-card__image wp-post-image\" alt=\"\" style=\"object-position: 50% 50%;\" loading=\"lazy\" decoding=\"async\" srcset=\"https:\/\/www.santafeciudad.gov.ar\/capitalcultural\/wp-content\/uploads\/2026\/07\/MarcePucci_SC_MMAV_SalonAnualNacional_25012025_002-768x512.jpg 768w, https:\/\/www.santafeciudad.gov.ar\/capitalcultural\/wp-content\/uploads\/2026\/07\/MarcePucci_SC_MMAV_SalonAnualNacional_25012025_002-300x200.jpg 300w, https:\/\/www.santafeciudad.gov.ar\/capitalcultural\/wp-content\/uploads\/2026\/07\/MarcePucci_SC_MMAV_SalonAnualNacional_25012025_002-1024x683.jpg 1024w, https:\/\/www.santafeciudad.gov.ar\/capitalcultural\/wp-content\/uploads\/2026\/07\/MarcePucci_SC_MMAV_SalonAnualNacional_25012025_002-1536x1024.jpg 1536w, https:\/\/www.santafeciudad.gov.ar\/capitalcultural\/wp-content\/uploads\/2026\/07\/MarcePucci_SC_MMAV_SalonAnualNacional_25012025_002.jpg 1920w\" sizes=\"auto, (max-width: 768px) 100vw, 768px\" \/>\t\t\t\t\t<\/span>\n\t\t<span class=\"ccp-card__content\">\n\t\t\t<span class=\"ccp-card__tags\">\n\t\t\t\t\t\t\t\t\t<span class=\"ccp-tag ccp-tag--categoria\">ACTIVACI\u00d3N<\/span>\n\t\t\t\t\t\t\t\t<span class=\"ccp-tag ccp-tag--estado ccp-tag--ya-sucedio\">FINALIZADA<\/span>\n\t\t\t<\/span>\n\t\t\t<span class=\"ccp-card__title\">Miradas Curiosas<\/span>\n\t\t\t\t\t\t\t<span class=\"ccp-card__espacio\">Museo Municipal de Artes Visuales \u201cSor Josefa D\u00edaz y Clucellas\u201d<\/span>\n\t\t\t\t\t\t\t\t\t\t<span class=\"ccp-card__date\">Del 13 al 31 de marzo de 2025<\/span>\n\t\t\t\t\t\t\t\t\t<span class=\"ccp-card__action\">Ver propuesta<\/span>\n\t\t<\/span>\n\t<\/button>\n<\/article>\n\t\t\t\t\t<article class=\"ccp-card-wrap\">\n\t<button class=\"ccp-card\" type=\"button\" data-ccp-modal-target=\"ccp-modal-1-31390\" aria-haspopup=\"dialog\">\n\t\t<span class=\"ccp-card__media\">\n\t\t\t\t\t\t\t<img loading=\"lazy\" width=\"768\" height=\"512\" src=\"https:\/\/www.santafeciudad.gov.ar\/capitalcultural\/wp-content\/uploads\/2026\/07\/MPucci_SC_MuseoSorJosefa_11052024_017-1-768x512.jpg\" class=\"ccp-card__image wp-post-image\" alt=\"\" style=\"object-position: 50% 50%;\" loading=\"lazy\" decoding=\"async\" srcset=\"https:\/\/www.santafeciudad.gov.ar\/capitalcultural\/wp-content\/uploads\/2026\/07\/MPucci_SC_MuseoSorJosefa_11052024_017-1-768x512.jpg 768w, https:\/\/www.santafeciudad.gov.ar\/capitalcultural\/wp-content\/uploads\/2026\/07\/MPucci_SC_MuseoSorJosefa_11052024_017-1-300x200.jpg 300w, https:\/\/www.santafeciudad.gov.ar\/capitalcultural\/wp-content\/uploads\/2026\/07\/MPucci_SC_MuseoSorJosefa_11052024_017-1-1024x683.jpg 1024w, https:\/\/www.santafeciudad.gov.ar\/capitalcultural\/wp-content\/uploads\/2026\/07\/MPucci_SC_MuseoSorJosefa_11052024_017-1-1536x1024.jpg 1536w, https:\/\/www.santafeciudad.gov.ar\/capitalcultural\/wp-content\/uploads\/2026\/07\/MPucci_SC_MuseoSorJosefa_11052024_017-1.jpg 1920w\" sizes=\"auto, (max-width: 768px) 100vw, 768px\" \/>\t\t\t\t\t<\/span>\n\t\t<span class=\"ccp-card__content\">\n\t\t\t<span class=\"ccp-card__tags\">\n\t\t\t\t\t\t\t\t\t<span class=\"ccp-tag ccp-tag--categoria\">MUESTRA<\/span>\n\t\t\t\t\t\t\t\t<span class=\"ccp-tag ccp-tag--estado ccp-tag--ya-sucedio\">FINALIZADA<\/span>\n\t\t\t<\/span>\n\t\t\t<span class=\"ccp-card__title\">Una habitaci\u00f3n propia + Rum rum Sor Josefa<\/span>\n\t\t\t\t\t\t\t<span class=\"ccp-card__espacio\">Museo Municipal de Artes Visuales \u201cSor Josefa D\u00edaz y Clucellas\u201d<\/span>\n\t\t\t\t\t\t\t\t\t\t<span class=\"ccp-card__date\">Del 1 de enero al 12 de mayo de 2024<\/span>\n\t\t\t\t\t\t\t\t\t<span class=\"ccp-card__action\">Ver propuesta<\/span>\n\t\t<\/span>\n\t<\/button>\n<\/article>\n\t\t\t\t\t<article class=\"ccp-card-wrap\">\n\t<button class=\"ccp-card\" type=\"button\" data-ccp-modal-target=\"ccp-modal-1-31396\" aria-haspopup=\"dialog\">\n\t\t<span class=\"ccp-card__media\">\n\t\t\t\t\t\t\t<span class=\"ccp-card__placeholder\" role=\"img\" aria-label=\"\u00bfC\u00f3mo llegan las flores a las telas?\" style=\"object-position: 50% 50%;\">\n\t\t\t\t\t<span>Capital Cultural<\/span>\n\t\t\t\t<\/span>\n\t\t\t\t\t<\/span>\n\t\t<span class=\"ccp-card__content\">\n\t\t\t<span class=\"ccp-card__tags\">\n\t\t\t\t\t\t\t\t\t<span class=\"ccp-tag ccp-tag--categoria\">MUESTRA<\/span>\n\t\t\t\t\t\t\t\t<span class=\"ccp-tag ccp-tag--estado ccp-tag--ya-sucedio\">FINALIZADA<\/span>\n\t\t\t<\/span>\n\t\t\t<span class=\"ccp-card__title\">\u00bfC\u00f3mo llegan las flores a las telas?<\/span>\n\t\t\t\t\t\t\t<span class=\"ccp-card__espacio\">Museo Municipal de Artes Visuales \u201cSor Josefa D\u00edaz y Clucellas\u201d<\/span>\n\t\t\t\t\t\t\t\t\t\t<span class=\"ccp-card__date\">Del 1 al 30 de noviembre de 2022<\/span>\n\t\t\t\t\t\t\t\t\t<span class=\"ccp-card__action\">Ver propuesta<\/span>\n\t\t<\/span>\n\t<\/button>\n<\/article>\n\t\t\t<\/div>\n\t\t\t<div id=\"ccp-modal-1-31899\" class=\"ccp-modal\" hidden>\n\t<div class=\"ccp-modal__overlay\" data-ccp-close><\/div>\n\t<div class=\"ccp-modal__dialog\" role=\"dialog\" aria-modal=\"true\" aria-labelledby=\"ccp-modal-1-31899-title\" tabindex=\"-1\">\n\t\t<button class=\"ccp-modal__close\" type=\"button\" aria-label=\"Cerrar\" data-ccp-close>\n\t\t\t<span aria-hidden=\"true\">&times;<\/span>\n\t\t<\/button>\n\t\t<div class=\"ccp-modal__media\">\n\t\t\t\t\t\t\t<img loading=\"lazy\" width=\"2560\" height=\"2075\" src=\"https:\/\/www.santafeciudad.gov.ar\/capitalcultural\/wp-content\/uploads\/2026\/08\/MMAVSJ-496-scaled.jpg\" class=\"ccp-modal__image wp-post-image\" alt=\"\" style=\"object-position: 50% 50%;\" sizes=\"auto, (max-width: 900px) calc(100vw - 24px), 44vw\" loading=\"lazy\" decoding=\"async\" srcset=\"https:\/\/www.santafeciudad.gov.ar\/capitalcultural\/wp-content\/uploads\/2026\/08\/MMAVSJ-496-scaled.jpg 2560w, https:\/\/www.santafeciudad.gov.ar\/capitalcultural\/wp-content\/uploads\/2026\/08\/MMAVSJ-496-300x243.jpg 300w, https:\/\/www.santafeciudad.gov.ar\/capitalcultural\/wp-content\/uploads\/2026\/08\/MMAVSJ-496-1024x830.jpg 1024w, https:\/\/www.santafeciudad.gov.ar\/capitalcultural\/wp-content\/uploads\/2026\/08\/MMAVSJ-496-768x623.jpg 768w, https:\/\/www.santafeciudad.gov.ar\/capitalcultural\/wp-content\/uploads\/2026\/08\/MMAVSJ-496-1536x1245.jpg 1536w, https:\/\/www.santafeciudad.gov.ar\/capitalcultural\/wp-content\/uploads\/2026\/08\/MMAVSJ-496-2048x1660.jpg 2048w\" \/>\t\t\t\t\t<\/div>\n\t\t<div class=\"ccp-modal__body\">\n\t\t\t<div class=\"ccp-modal__tags\">\n\t\t\t\t\t\t\t\t\t<span class=\"ccp-tag ccp-tag--categoria\">ACTIVIDAD<\/span>\n\t\t\t\t\t\t\t\t<span class=\"ccp-tag ccp-tag--estado ccp-tag--ya-sucedio\">FINALIZADA<\/span>\n\t\t\t<\/div>\n\t\t\t<h2 id=\"ccp-modal-1-31899-title\" class=\"ccp-modal__title\">Recorrer una escena: arte santafesino en los a\u00f1os 70 y 80<\/h2>\n\t\t\t\t\t\t\t<p class=\"ccp-modal__date\">14 de agosto de 2026<\/p>\n\t\t\t\t\t\t\t\t\t\t<dl class=\"ccp-modal__details\">\n\t\t\t\t\t\t\t\t\t\t\t<div>\n\t\t\t\t\t\t\t<dt>Horarios<\/dt>\n\t\t\t\t\t\t\t<dd>Viernes 14 de agosto de 17 a 18.30 horas<\/dd>\n\t\t\t\t\t\t<\/div>\n\t\t\t\t\t\t\t\t\t\t\t\t\t\t<\/dl>\n\t\t\t\t\t\t<div class=\"ccp-modal__content\">\n\t\t\t\t<p>El viernes 14 de agosto de 17 a 18.30 h en el Museo Municipal de Artes Visuales Sor Josefa D\u00edaz y Clusellas se llevar\u00e1 adelante un recorrido comentado por la muestra \u201cPARTE Y ARTE. Pr\u00e1cticas art\u00edsticas en Santa Fe durante los a\u00f1os 70 y 80\u201d, a cargo del curador de la muestra, el Arquitecto Guillermo Aleu. A trav\u00e9s de los distintos n\u00facleos de la muestra, la propuesta invita a profundizar en las pr\u00e1cticas art\u00edsticas desarrolladas en Santa Fe durante las d\u00e9cadas de 1970 y 1980, abordando las relaciones entre arte, memoria, lenguaje y contexto hist\u00f3rico. La actividad es libre y gratuita.<\/p>\n<p>Sobre PARTE Y ARTE<\/p>\n<p>La muestra \u201cPARTE Y ARTE. Pr\u00e1cticas art\u00edsticas en Santa Fe durante los a\u00f1os 70 y 80\u201d, con curadur\u00eda de Guillermo Aleu, puede visitarse los martes de 15 a 19 h, mi\u00e9rcoles a viernes de 9 a 12:30 h y de 15 a 19 h y s\u00e1bados, domingos y feriados: de 16 a 19 h.<\/p>\n<p>Una ventana a la memoria cr\u00edtica<\/p>\n<p>En el marco de los 90 a\u00f1os del Sor Josefa, Santa Fe abre una ventana a la memoria cr\u00edtica de las d\u00e9cadas de 1970 y 1980 a trav\u00e9s de \u201cParte y Arte\u201d, una exposici\u00f3n que desvela lo que hist\u00f3ricamente fue silenciado o invisibilizado. En un contexto de represi\u00f3n y autocensura, la muestra propone dos v\u00edas para entender ese periodo: la denuncia como forma de intervenci\u00f3n pol\u00edtica y la exploraci\u00f3n del lenguaje pl\u00e1stico como resistencia y supervivencia.<\/p>\n<p>La muestra re\u00fane obras de Andr\u00e9s Dorigo, \u00c1lvaro Gatti, Raquel Minetti, Susana Ocampo, Jos\u00e9 Mercado, Nydia Andino, Rosa Renk, Guillermo Hoyos, Nilda Marsili, Marilde Gurdulich, Richard Pautasso, Federico Aym\u00e1, Julio Botta, Domingo Sahda, Fernando Espino, C\u00e9sar Armando Godoy, Rub\u00e9n Sedlacek, Miguel Flores, Alicia Sedlacek, Carlos La Cava, Jorge Burguener, Oscar Luna, Ra\u00fal Ishikawa, Eduardo Elgotas, Benito Postogna, Wenceslao Sedlacek, Favaretto Forner, Yiya Piccoli, Juan Vergel, Peti Lazzarini y Eva Perlman.<\/p>\n<p>La denuncia como forma re\u00fane a Domingo Sahda, Andr\u00e9s Dorigo, Federico Aym\u00e1, Richard Pautasso y Jos\u00e9 Mercado. Sus obras no son meros documentos: convocan la violencia, la nombran y la inscriben en el registro visual. Basurales (Pautasso, 1976), Anotaciones (Aym\u00e1, 1973), El humanario (Mercado, 1979 en adelante), Recuerdo In Memoriam (Dorigo, 1982) y Aparecieron (Sahda, 1983) sit\u00faan la memoria en el centro de la pr\u00e1ctica art\u00edstica, desbordando la narrativa oficial y revelando la dimensi\u00f3n \u00e9tica de la imagen.<\/p>\n<p>La forma como territorio examina abstracci\u00f3n, constructivismo e informalismo. Botta y Gatti encarnan dos caminos de la abstracci\u00f3n que dialogan en Santa Fe; Sedlacek e Ishikawa aportan miradas complementarias; la pedagog\u00eda de La Cava y Espino se presenta como eje de transmisi\u00f3n de una modernidad visual que abre espacio a nuevas lecturas.<\/p>\n<p>El patrimonio como celebraci\u00f3n: la colecci\u00f3n viva. Este eje emerge como espacio de reuni\u00f3n: obras de artistas santafesinos de las d\u00e9cadas de los setenta y ochenta procedentes del Museo, de colecciones privadas y de los propios artistas. Pinturas, dibujos, esculturas y cer\u00e1micas conviven no por argumento sino por presencia y memoria colectiva.<\/p>\n<p>La exposici\u00f3n invita a mirar el pasado para entender el presente y explorar futuros posibles del arte santafesino.<\/p>\n\t\t\t<\/div>\n\t\t\t\t\t<\/div>\n\t<\/div>\n<\/div>\n\t\t\t<div id=\"ccp-modal-1-31512\" class=\"ccp-modal\" hidden>\n\t<div class=\"ccp-modal__overlay\" data-ccp-close><\/div>\n\t<div class=\"ccp-modal__dialog\" role=\"dialog\" aria-modal=\"true\" aria-labelledby=\"ccp-modal-1-31512-title\" tabindex=\"-1\">\n\t\t<button class=\"ccp-modal__close\" type=\"button\" aria-label=\"Cerrar\" data-ccp-close>\n\t\t\t<span aria-hidden=\"true\">&times;<\/span>\n\t\t<\/button>\n\t\t<div class=\"ccp-modal__media\">\n\t\t\t\t\t\t\t<img loading=\"lazy\" width=\"2560\" height=\"2052\" src=\"https:\/\/www.santafeciudad.gov.ar\/capitalcultural\/wp-content\/uploads\/2026\/07\/Flyer-scaled.jpg\" class=\"ccp-modal__image wp-post-image\" alt=\"\" style=\"object-position: 50% 50%;\" sizes=\"auto, (max-width: 900px) calc(100vw - 24px), 44vw\" loading=\"lazy\" decoding=\"async\" srcset=\"https:\/\/www.santafeciudad.gov.ar\/capitalcultural\/wp-content\/uploads\/2026\/07\/Flyer-scaled.jpg 2560w, https:\/\/www.santafeciudad.gov.ar\/capitalcultural\/wp-content\/uploads\/2026\/07\/Flyer-300x240.jpg 300w, https:\/\/www.santafeciudad.gov.ar\/capitalcultural\/wp-content\/uploads\/2026\/07\/Flyer-1024x821.jpg 1024w, https:\/\/www.santafeciudad.gov.ar\/capitalcultural\/wp-content\/uploads\/2026\/07\/Flyer-768x616.jpg 768w, https:\/\/www.santafeciudad.gov.ar\/capitalcultural\/wp-content\/uploads\/2026\/07\/Flyer-1536x1231.jpg 1536w, https:\/\/www.santafeciudad.gov.ar\/capitalcultural\/wp-content\/uploads\/2026\/07\/Flyer-2048x1642.jpg 2048w\" \/>\t\t\t\t\t<\/div>\n\t\t<div class=\"ccp-modal__body\">\n\t\t\t<div class=\"ccp-modal__tags\">\n\t\t\t\t\t\t\t\t\t<span class=\"ccp-tag ccp-tag--categoria\">MUESTRA<\/span>\n\t\t\t\t\t\t\t\t<span class=\"ccp-tag ccp-tag--estado ccp-tag--activa\">ACTIVA<\/span>\n\t\t\t<\/div>\n\t\t\t<h2 id=\"ccp-modal-1-31512-title\" class=\"ccp-modal__title\">La reorganizaci\u00f3n de aquello que ha sido retenido<\/h2>\n\t\t\t\t\t\t\t<p class=\"ccp-modal__date\">Del 5 de junio al 30 de septiembre de 2026<\/p>\n\t\t\t\t\t\t\t\t\t\t<dl class=\"ccp-modal__details\">\n\t\t\t\t\t\t\t\t\t\t\t<div>\n\t\t\t\t\t\t\t<dt>Horarios<\/dt>\n\t\t\t\t\t\t\t<dd>Martes de 15 a 19 horas, mi\u00e9rcoles a viernes de 9 a 12:30 y de 15 a 19 horas y s\u00e1bados, domingos y feriados de 16 a 19 horas<\/dd>\n\t\t\t\t\t\t<\/div>\n\t\t\t\t\t\t\t\t\t\t\t\t\t\t\t\t<div>\n\t\t\t\t\t\t\t<dt>Sala o ubicaci\u00f3n<\/dt>\n\t\t\t\t\t\t\t<dd>Espacio expositivo La Fresca<\/dd>\n\t\t\t\t\t\t<\/div>\n\t\t\t\t\t\t\t\t\t<\/dl>\n\t\t\t\t\t\t<div class=\"ccp-modal__content\">\n\t\t\t\t<p>La muestra \u201cLa reorganizaci\u00f3n de aquello que ha sido retenido\u201d de Florencia Per\u00edn con texto de C\u00e9sar Nu\u00f1ez, se inaugurar\u00e1 en el marco del espacio expositivo La Fresca del Museo Municipal de Artes Visuales Sor Josefa D\u00edaz y Clucellas (San Mart\u00edn 2068) La apertura tendr\u00e1 lugar el jueves 25 de junio a las 20 h con entrada libre y gratuita.<\/p>\n<p>Un umbral<\/p>\n<p>En el texto curatorial, C\u00e9sar Nu\u00f1ez afirma: \u201cLa descomposici\u00f3n entendida como una inteligencia interna activa una reorganizaci\u00f3n cuando la retenci\u00f3n supera toda capacidad de asimilaci\u00f3n. Aparece como un trabajo en absoluto silencio que comienza a operar desde el interior mismo de aquello que ha quedado fijado. Desde ese n\u00facleo se articula la obra de Florencia Perin\u201d<\/p>\n<p>La muestra es una instalaci\u00f3n compuesta por pinturas y piezas de cer\u00e1mica, que se ubica en un umbral en el que ya no puede sostenerse el estado anterior y todav\u00eda no se alcanza una nueva organizaci\u00f3n.<br \/>\nEn ese sentido, Nu\u00f1ez expresa: \u201cLa obra se instala en ese intervalo (&#8230;) La tensi\u00f3n se mantiene, se vuelve densa, dif\u00edcil de habitar. Sin embargo, algo sigue operando en ese interior, reorganizando lentamente las condiciones de existencia\u201d<\/p>\n<p>Sobre el Espacio Expositivo La Fresca<\/p>\n<p>La Fresca es un proyecto expositivo del Museo Municipal de Artes Visuales Sor Josefa D\u00edaz y Clucellas. Est\u00e1 destinado al arte contempor\u00e1neo j\u00f3ven de nuestra ciudad, donde una pared del museo se convierte en un territorio para exponer, investigar, producir y difundir arte contempor\u00e1neo emergente y su contexto. Su objetivo es formar comunidad a partir de pr\u00e1cticas y experiencias pedag\u00f3gicas en arte.<\/p>\n\t\t\t<\/div>\n\t\t\t\t\t<\/div>\n\t<\/div>\n<\/div>\n\t\t\t<div id=\"ccp-modal-1-32021\" class=\"ccp-modal\" hidden>\n\t<div class=\"ccp-modal__overlay\" data-ccp-close><\/div>\n\t<div class=\"ccp-modal__dialog\" role=\"dialog\" aria-modal=\"true\" aria-labelledby=\"ccp-modal-1-32021-title\" tabindex=\"-1\">\n\t\t<button class=\"ccp-modal__close\" type=\"button\" aria-label=\"Cerrar\" data-ccp-close>\n\t\t\t<span aria-hidden=\"true\">&times;<\/span>\n\t\t<\/button>\n\t\t<div class=\"ccp-modal__media\">\n\t\t\t\t\t\t\t<img loading=\"lazy\" width=\"1837\" height=\"2560\" src=\"https:\/\/www.santafeciudad.gov.ar\/capitalcultural\/wp-content\/uploads\/2026\/08\/MMAVSJ-356-scaled.jpg\" class=\"ccp-modal__image wp-post-image\" alt=\"\" style=\"object-position: 50% 50%;\" sizes=\"auto, (max-width: 900px) calc(100vw - 24px), 44vw\" loading=\"lazy\" decoding=\"async\" srcset=\"https:\/\/www.santafeciudad.gov.ar\/capitalcultural\/wp-content\/uploads\/2026\/08\/MMAVSJ-356-scaled.jpg 1837w, https:\/\/www.santafeciudad.gov.ar\/capitalcultural\/wp-content\/uploads\/2026\/08\/MMAVSJ-356-215x300.jpg 215w, https:\/\/www.santafeciudad.gov.ar\/capitalcultural\/wp-content\/uploads\/2026\/08\/MMAVSJ-356-735x1024.jpg 735w, https:\/\/www.santafeciudad.gov.ar\/capitalcultural\/wp-content\/uploads\/2026\/08\/MMAVSJ-356-768x1070.jpg 768w, https:\/\/www.santafeciudad.gov.ar\/capitalcultural\/wp-content\/uploads\/2026\/08\/MMAVSJ-356-1102x1536.jpg 1102w, https:\/\/www.santafeciudad.gov.ar\/capitalcultural\/wp-content\/uploads\/2026\/08\/MMAVSJ-356-1470x2048.jpg 1470w\" \/>\t\t\t\t\t<\/div>\n\t\t<div class=\"ccp-modal__body\">\n\t\t\t<div class=\"ccp-modal__tags\">\n\t\t\t\t\t\t\t\t\t<span class=\"ccp-tag ccp-tag--categoria\">CHARLA<\/span>\n\t\t\t\t\t\t\t\t<span class=\"ccp-tag ccp-tag--estado ccp-tag--ya-sucedio\">FINALIZADA<\/span>\n\t\t\t<\/div>\n\t\t\t<h2 id=\"ccp-modal-1-32021-title\" class=\"ccp-modal__title\">La escena en primera persona<\/h2>\n\t\t\t\t\t\t\t<p class=\"ccp-modal__date\">28 de agosto de 2026<\/p>\n\t\t\t\t\t\t\t\t\t\t<dl class=\"ccp-modal__details\">\n\t\t\t\t\t\t\t\t\t\t\t<div>\n\t\t\t\t\t\t\t<dt>Horarios<\/dt>\n\t\t\t\t\t\t\t<dd>Viernes 28 agosto de 17.30 a 19 horas<\/dd>\n\t\t\t\t\t\t<\/div>\n\t\t\t\t\t\t\t\t\t\t\t\t\t\t<\/dl>\n\t\t\t\t\t\t<div class=\"ccp-modal__content\">\n\t\t\t\t<p>El viernes 28 agosto de 17.30  a 19 hs, se realizar\u00e1 la activaci\u00f3n \u201cLa escena en primera persona. Conversatorio con artistas de la muestra Parte y Arte. Pr\u00e1cticas art\u00edsticas en Santa Fe durante los a\u00f1os 70 y 80\u201d en el Museo Municipal de Artes Visuales Sor Josefa D\u00edaz y Clucellas (San Mart\u00edn 2068). La actividad es libre y gratuita.<br \/>\nEl Equipo de Educaci\u00f3n del Museo Sor Josefa D\u00edaz y Clucellas invita a participar de un encuentro con artistas que integran la exposici\u00f3n para compartir memorias, experiencias y reflexiones sobre la escena art\u00edstica santafesina de las d\u00e9cadas de 1970 y 1980. Una oportunidad para escuchar las voces de quienes protagonizaron ese per\u00edodo y poner en di\u00e1logo las obras con las historias, los procesos creativos y los contextos en los que fueron producidas.<\/p>\n<p>Sobre PARTE Y ARTE<br \/>\nLa muestra \u201cPARTE Y ARTE. Pr\u00e1cticas art\u00edsticas en Santa Fe durante los a\u00f1os 70 y 80\u201d, con curadur\u00eda de Guillermo Aleu, puede visitarse los martes de 15 a 19 h,  mi\u00e9rcoles a viernes de 9 a 12:30 h y de 15 a 19 h y s\u00e1bados, domingos y feriados: de 16 a 19 h.<\/p>\n<p>Una ventana a la memoria cr\u00edtica<br \/>\nEn el marco de los 90 a\u00f1os del Sor Josefa, Santa Fe abre una ventana a la memoria cr\u00edtica de las d\u00e9cadas de 1970 y 1980 a trav\u00e9s de \u201cParte y Arte\u201d, una exposici\u00f3n que desvela lo que hist\u00f3ricamente fue silenciado o invisibilizado. En un contexto de represi\u00f3n y autocensura, la muestra propone dos v\u00edas para entender ese periodo: la denuncia como forma de intervenci\u00f3n pol\u00edtica y la exploraci\u00f3n del lenguaje pl\u00e1stico como resistencia y supervivencia.<br \/>\nLa muestra re\u00fane obras de Andr\u00e9s Dorigo, \u00c1lvaro Gatti, Raquel Minetti, Susana Ocampo, Jos\u00e9 Mercado, Nydia Andino, Rosa Renk, Guillermo Hoyos, Nilda Marsili, Marilde Gurdulich, Richard Pautasso, Federico Aym\u00e1, Julio Botta, Domingo Sahda, Fernando Espino, C\u00e9sar Armando Godoy, Rub\u00e9n Sedlacek, Miguel Flores, Alicia Sedlacek, Carlos La Cava, Jorge Burguener, Oscar Luna, Ra\u00fal Ishikawa, Eduardo Elgotas, Benito Postogna, Wenceslao Sedlacek, Favaretto Forner, Yiya Piccoli, Juan Vergel, Peti Lazzarini y Eva Perlman.<br \/>\nLa denuncia como forma re\u00fane a Domingo Sahda, Andr\u00e9s Dorigo, Federico Aym\u00e1, Richard Pautasso y Jos\u00e9 Mercado. Sus obras no son meros documentos: convocan la violencia, la nombran y la inscriben en el registro visual. Basurales (Pautasso, 1976), Anotaciones (Aym\u00e1, 1973), El humanario (Mercado, 1979 en adelante), Recuerdo In Memoriam (Dorigo, 1982) y Aparecieron (Sahda, 1983) sit\u00faan la memoria en el centro de la pr\u00e1ctica art\u00edstica, desbordando la narrativa oficial y revelando la dimensi\u00f3n \u00e9tica de la imagen.<br \/>\nLa forma como territorio examina abstracci\u00f3n, constructivismo e informalismo. Botta y Gatti encarnan dos caminos de la abstracci\u00f3n que dialogan en Santa Fe; Sedlacek e Ishikawa aportan miradas complementarias; la pedagog\u00eda de La Cava y Espino se presenta como eje de transmisi\u00f3n de una modernidad visual que abre espacio a nuevas lecturas.<br \/>\nEl patrimonio como celebraci\u00f3n: la colecci\u00f3n viva. Este eje emerge como espacio de reuni\u00f3n: obras de artistas santafesinos de las d\u00e9cadas de los setenta y ochenta procedentes del Museo, de colecciones privadas y de los propios artistas. Pinturas, dibujos, esculturas y cer\u00e1micas conviven no por argumento sino por presencia y memoria colectiva.<br \/>\nLa exposici\u00f3n invita a mirar el pasado para entender el presente y explorar futuros posibles del arte santafesino.<\/p>\n\t\t\t<\/div>\n\t\t\t\t\t<\/div>\n\t<\/div>\n<\/div>\n\t\t\t<div id=\"ccp-modal-1-32009\" class=\"ccp-modal\" hidden>\n\t<div class=\"ccp-modal__overlay\" data-ccp-close><\/div>\n\t<div class=\"ccp-modal__dialog\" role=\"dialog\" aria-modal=\"true\" aria-labelledby=\"ccp-modal-1-32009-title\" tabindex=\"-1\">\n\t\t<button class=\"ccp-modal__close\" type=\"button\" aria-label=\"Cerrar\" data-ccp-close>\n\t\t\t<span aria-hidden=\"true\">&times;<\/span>\n\t\t<\/button>\n\t\t<div class=\"ccp-modal__media\">\n\t\t\t\t\t\t\t<img loading=\"lazy\" width=\"1200\" height=\"1600\" src=\"https:\/\/www.santafeciudad.gov.ar\/capitalcultural\/wp-content\/uploads\/2026\/08\/IMG-20260814-WA0003.jpg\" class=\"ccp-modal__image wp-post-image\" alt=\"\" style=\"object-position: 50% 50%;\" sizes=\"auto, (max-width: 900px) calc(100vw - 24px), 44vw\" loading=\"lazy\" decoding=\"async\" srcset=\"https:\/\/www.santafeciudad.gov.ar\/capitalcultural\/wp-content\/uploads\/2026\/08\/IMG-20260814-WA0003.jpg 1200w, https:\/\/www.santafeciudad.gov.ar\/capitalcultural\/wp-content\/uploads\/2026\/08\/IMG-20260814-WA0003-225x300.jpg 225w, https:\/\/www.santafeciudad.gov.ar\/capitalcultural\/wp-content\/uploads\/2026\/08\/IMG-20260814-WA0003-768x1024.jpg 768w, https:\/\/www.santafeciudad.gov.ar\/capitalcultural\/wp-content\/uploads\/2026\/08\/IMG-20260814-WA0003-1152x1536.jpg 1152w\" \/>\t\t\t\t\t<\/div>\n\t\t<div class=\"ccp-modal__body\">\n\t\t\t<div class=\"ccp-modal__tags\">\n\t\t\t\t\t\t\t\t\t<span class=\"ccp-tag ccp-tag--categoria\">ACTIVIDAD<\/span>\n\t\t\t\t\t\t\t\t<span class=\"ccp-tag ccp-tag--estado ccp-tag--ya-sucedio\">FINALIZADA<\/span>\n\t\t\t<\/div>\n\t\t\t<h2 id=\"ccp-modal-1-32009-title\" class=\"ccp-modal__title\">Personajes que dejan huella<\/h2>\n\t\t\t\t\t\t\t<p class=\"ccp-modal__date\">22 de agosto de 2026<\/p>\n\t\t\t\t\t\t\t\t\t\t<dl class=\"ccp-modal__details\">\n\t\t\t\t\t\t\t\t\t\t\t<div>\n\t\t\t\t\t\t\t<dt>Horarios<\/dt>\n\t\t\t\t\t\t\t<dd>s\u00e1bado 22 de agosto de 16 a 17.30 horas<\/dd>\n\t\t\t\t\t\t<\/div>\n\t\t\t\t\t\t\t\t\t\t\t\t\t\t<\/dl>\n\t\t\t\t\t\t<div class=\"ccp-modal__content\">\n\t\t\t\t<p>El s\u00e1bado 22 de agosto de 16 a 17.30 horas, y en el marco del Mes de las Infancias, tendr\u00e1 lugar la actividad \u201cPersonajes que dejan huella\u201d en el Museo Municipal de Artes Visuales Sor Josefa D\u00edaz y Clucellas (San Mart\u00edn 2068) destinada a ni\u00f1as y ni\u00f1os de 5 a 12 a\u00f1os.  Los participantes podr\u00e1n permanecer en el espacio hasta la finalizaci\u00f3n de la actividad y ser retirados por sus familias a las 17:30 horas, previa autorizaci\u00f3n.<\/p>\n<p>Paseo creativo<br \/>\nA partir de la exposici\u00f3n \u201cParte y Arte\u201d del Museo Sor Josefa, cada participante podr\u00e1 crear y construir visualmente su propio personaje mediante diferentes recursos y materiales. Luego, en el Museo del Teatro, y en di\u00e1logo con la muestra de danza \u201cEntre lo ef\u00edmero y lo perdurable\u201d, esos personajes encontrar\u00e1n nuevas posibilidades de movimiento, corporalidad y expresi\u00f3n.<br \/>\nEl recorrido propone mirar, imaginar, crear y poner el cuerpo en escena, en un proceso en el que aquello que comienza como una imagen cobra vida a trav\u00e9s del movimiento, la voz y el encuentro con otros.<br \/>\nUna invitaci\u00f3n a habitar los museos desde la imaginaci\u00f3n y el juego, descubriendo que una forma puede convertirse en personaje, un personaje puede cobrar vida y cada creaci\u00f3n puede dejar su propia huella.<\/p>\n\t\t\t<\/div>\n\t\t\t\t\t<\/div>\n\t<\/div>\n<\/div>\n\t\t\t<div id=\"ccp-modal-1-31509\" class=\"ccp-modal\" hidden>\n\t<div class=\"ccp-modal__overlay\" data-ccp-close><\/div>\n\t<div class=\"ccp-modal__dialog\" role=\"dialog\" aria-modal=\"true\" aria-labelledby=\"ccp-modal-1-31509-title\" tabindex=\"-1\">\n\t\t<button class=\"ccp-modal__close\" type=\"button\" aria-label=\"Cerrar\" data-ccp-close>\n\t\t\t<span aria-hidden=\"true\">&times;<\/span>\n\t\t<\/button>\n\t\t<div class=\"ccp-modal__media\">\n\t\t\t\t\t\t\t<img loading=\"lazy\" width=\"2560\" height=\"1812\" src=\"https:\/\/www.santafeciudad.gov.ar\/capitalcultural\/wp-content\/uploads\/2026\/07\/Reproduccion-Ayma1-scaled.jpg\" class=\"ccp-modal__image wp-post-image\" alt=\"\" style=\"object-position: 50% 50%;\" sizes=\"auto, (max-width: 900px) calc(100vw - 24px), 44vw\" loading=\"lazy\" decoding=\"async\" srcset=\"https:\/\/www.santafeciudad.gov.ar\/capitalcultural\/wp-content\/uploads\/2026\/07\/Reproduccion-Ayma1-scaled.jpg 2560w, https:\/\/www.santafeciudad.gov.ar\/capitalcultural\/wp-content\/uploads\/2026\/07\/Reproduccion-Ayma1-300x212.jpg 300w, https:\/\/www.santafeciudad.gov.ar\/capitalcultural\/wp-content\/uploads\/2026\/07\/Reproduccion-Ayma1-1024x725.jpg 1024w, https:\/\/www.santafeciudad.gov.ar\/capitalcultural\/wp-content\/uploads\/2026\/07\/Reproduccion-Ayma1-768x544.jpg 768w, https:\/\/www.santafeciudad.gov.ar\/capitalcultural\/wp-content\/uploads\/2026\/07\/Reproduccion-Ayma1-1536x1087.jpg 1536w, https:\/\/www.santafeciudad.gov.ar\/capitalcultural\/wp-content\/uploads\/2026\/07\/Reproduccion-Ayma1-2048x1450.jpg 2048w\" \/>\t\t\t\t\t<\/div>\n\t\t<div class=\"ccp-modal__body\">\n\t\t\t<div class=\"ccp-modal__tags\">\n\t\t\t\t\t\t\t\t\t<span class=\"ccp-tag ccp-tag--categoria\">MUESTRA<\/span>\n\t\t\t\t\t\t\t\t<span class=\"ccp-tag ccp-tag--estado ccp-tag--ya-sucedio\">FINALIZADA<\/span>\n\t\t\t<\/div>\n\t\t\t<h2 id=\"ccp-modal-1-31509-title\" class=\"ccp-modal__title\">Parte y Arte<\/h2>\n\t\t\t\t\t\t\t<p class=\"ccp-modal__date\">Del 12 de junio al 31 de agosto de 2026<\/p>\n\t\t\t\t\t\t\t\t\t\t<dl class=\"ccp-modal__details\">\n\t\t\t\t\t\t\t\t\t\t\t<div>\n\t\t\t\t\t\t\t<dt>Horarios<\/dt>\n\t\t\t\t\t\t\t<dd>Martes de 15 a 19 horas, mi\u00e9rcoles a viernes de 9 a 12:30 h y de 15 a 19 horas y s\u00e1bados, domingos y feriados: de 16 a 19 horas<\/dd>\n\t\t\t\t\t\t<\/div>\n\t\t\t\t\t\t\t\t\t\t\t\t\t\t<\/dl>\n\t\t\t\t\t\t<div class=\"ccp-modal__content\">\n\t\t\t\t<p>La muestra \u201cPARTE Y ARTE. Pr\u00e1cticas art\u00edsticas en Santa Fe durante los a\u00f1os 70 y 80\u201d, con curadur\u00eda de Guillermo Aleu, se inaugurar\u00e1 en el Museo Municipal de Artes Visuales Sor Josefa D\u00edaz y Clusellas (San Mart\u00edn 2068) el viernes 12 de junio a las 20 h. Luego podr\u00e1 visitarse los martes de 15 a 19 h, mi\u00e9rcoles a viernes de 9 a 12:30 h y de 15 a 19 h y s\u00e1bados, domingos y feriados: de 16 a 19 h.<\/p>\n<p>Una ventana a la memoria cr\u00edtica<\/p>\n<p>En el marco de los 90 a\u00f1os del Sor Josefa, Santa Fe abre una ventana a la memoria cr\u00edtica de las d\u00e9cadas de 1970 y 1980 a trav\u00e9s de \u201cParte y Arte\u201d, una exposici\u00f3n que desvela lo que hist\u00f3ricamente fue silenciado o invisibilizado. En un contexto de represi\u00f3n y autocensura, la muestra propone dos v\u00edas para entender ese periodo: la denuncia como forma de intervenci\u00f3n pol\u00edtica y la exploraci\u00f3n del lenguaje pl\u00e1stico como resistencia y supervivencia.<\/p>\n<p>La muestra re\u00fane obras de Andr\u00e9s Dorigo, \u00c1lvaro Gatti, Raquel Minetti, Susana Ocampo, Jos\u00e9 Mercado, Nydia Andino, Rosa Renk, Guillermo Hoyos, Nilda Marsili, Marilde Gurdulich, Richard Pautasso, Federico Aym\u00e1, Julio Botta, Domingo Sahda, Fernando Espino, C\u00e9sar Armando Godoy, Rub\u00e9n Sedlacek, Miguel Flores, Alicia Sedlacek, Carlos La Cava, Jorge Burguener, Oscar Luna, Ra\u00fal Ishikawa, Eduardo Elgotas, Benito Postogna, Wenceslao Sedlacek, Favaretto Forner, Yiya Piccoli, Juan Vergel, Peti Lazzarini y Eva Perlman.<\/p>\n<p>La denuncia como forma re\u00fane a Domingo Sahda, Andr\u00e9s Dorigo, Federico Aym\u00e1, Richard Pautasso y Jos\u00e9 Mercado. Sus obras no son meros documentos: convocan la violencia, la nombran y la inscriben en el registro visual. Basurales (Pautasso, 1976), Anotaciones (Aym\u00e1, 1973), El humanario (Mercado, 1979 en adelante), Recuerdo In Memoriam (Dorigo, 1982) y Aparecieron (Sahda, 1983) sit\u00faan la memoria en el centro de la pr\u00e1ctica art\u00edstica, desbordando la narrativa oficial y revelando la dimensi\u00f3n \u00e9tica de la imagen.<\/p>\n<p>La forma como territorio examina abstracci\u00f3n, constructivismo e informalismo. Botta y Gatti encarnan dos caminos de la abstracci\u00f3n que dialogan en Santa Fe; Sedlacek e Ishikawa aportan miradas complementarias; la pedagog\u00eda de La Cava y Espino se presenta como eje de transmisi\u00f3n de una modernidad visual que abre espacio a nuevas lecturas.<\/p>\n<p>El patrimonio como celebraci\u00f3n: la colecci\u00f3n viva. Este eje emerge como espacio de reuni\u00f3n: obras de artistas santafesinos de las d\u00e9cadas de los setenta y ochenta procedentes del Museo, de colecciones privadas y de los propios artistas. Pinturas, dibujos, esculturas y cer\u00e1micas conviven no por argumento sino por presencia y memoria colectiva.<\/p>\n<p>La exposici\u00f3n invita a mirar el pasado para entender el presente y explorar futuros posibles del arte santafesino.<\/p>\n\t\t\t<\/div>\n\t\t\t\t\t<\/div>\n\t<\/div>\n<\/div>\n\t\t\t<div id=\"ccp-modal-1-31894\" class=\"ccp-modal\" hidden>\n\t<div class=\"ccp-modal__overlay\" data-ccp-close><\/div>\n\t<div class=\"ccp-modal__dialog\" role=\"dialog\" aria-modal=\"true\" aria-labelledby=\"ccp-modal-1-31894-title\" tabindex=\"-1\">\n\t\t<button class=\"ccp-modal__close\" type=\"button\" aria-label=\"Cerrar\" data-ccp-close>\n\t\t\t<span aria-hidden=\"true\">&times;<\/span>\n\t\t<\/button>\n\t\t<div class=\"ccp-modal__media\">\n\t\t\t\t\t\t\t<img loading=\"lazy\" width=\"2560\" height=\"1920\" src=\"https:\/\/www.santafeciudad.gov.ar\/capitalcultural\/wp-content\/uploads\/2026\/08\/20251003_130726-scaled.jpg\" class=\"ccp-modal__image wp-post-image\" alt=\"\" style=\"object-position: 50% 50%;\" sizes=\"auto, (max-width: 900px) calc(100vw - 24px), 44vw\" loading=\"lazy\" decoding=\"async\" srcset=\"https:\/\/www.santafeciudad.gov.ar\/capitalcultural\/wp-content\/uploads\/2026\/08\/20251003_130726-scaled.jpg 2560w, https:\/\/www.santafeciudad.gov.ar\/capitalcultural\/wp-content\/uploads\/2026\/08\/20251003_130726-300x225.jpg 300w, https:\/\/www.santafeciudad.gov.ar\/capitalcultural\/wp-content\/uploads\/2026\/08\/20251003_130726-1024x768.jpg 1024w, https:\/\/www.santafeciudad.gov.ar\/capitalcultural\/wp-content\/uploads\/2026\/08\/20251003_130726-768x576.jpg 768w, https:\/\/www.santafeciudad.gov.ar\/capitalcultural\/wp-content\/uploads\/2026\/08\/20251003_130726-1536x1152.jpg 1536w, https:\/\/www.santafeciudad.gov.ar\/capitalcultural\/wp-content\/uploads\/2026\/08\/20251003_130726-2048x1536.jpg 2048w\" \/>\t\t\t\t\t<\/div>\n\t\t<div class=\"ccp-modal__body\">\n\t\t\t<div class=\"ccp-modal__tags\">\n\t\t\t\t\t\t\t\t\t<span class=\"ccp-tag ccp-tag--categoria\">CONVOCATORIA<\/span>\n\t\t\t\t\t\t\t\t<span class=\"ccp-tag ccp-tag--estado ccp-tag--ya-sucedio\">FINALIZADA<\/span>\n\t\t\t<\/div>\n\t\t\t<h2 id=\"ccp-modal-1-31894-title\" class=\"ccp-modal__title\">Proyectos Expositivos<\/h2>\n\t\t\t\t\t\t\t<p class=\"ccp-modal__date\">Del 5 al 30 de agosto de 2026<\/p>\n\t\t\t\t\t\t\t\t\t<div class=\"ccp-modal__content\">\n\t\t\t\t<p>Proyectos Expositivos para Museos y Espacios Municipales de Arte 2026\/27 \ud83c\udfdb\ufe0f\u2728<\/p>\n<p>Si sos artista o curador\/a (individual o colectivo) de cualquier punto del pa\u00eds, \u00a1esta oportunidad es para vos! La Secretar\u00eda de Cultura de la Municipalidad de Santa Fe invita a presentar propuestas art\u00edsticas, trans\/multidisciplinares o procesuales para formar parte de la programaci\u00f3n cultural 2026\/2027.<\/p>\n<p>\ud83d\udcb0 Reconocimiento: Se seleccionar\u00e1n 6 proyectos en total y cada uno recibir\u00e1 $3.000.000.<\/p>\n<p>\ud83d\udccd Espacios de exhibici\u00f3n:<br \/>\n\u2022 Museo Municipal de Artes Visuales \u201cSor Josefa D\u00edaz y Clucellas\u201d<br \/>\n\u2022 Sala \u201cCentro Experimental del Color\u201d (CEC)<br \/>\n\u2022 Museo Municipal \u201cC\u00e9sar L\u00f3pez Claro\u201d<br \/>\n\u2022 Fotogaler\u00eda Municipal<\/p>\n<p>\ud83d\udccc Modalidades: Artista individual, curador\/a individual, colectivo de artistas o colectivo de curadores.<br \/>\n\ud83d\udcc5 Cierre de inscripci\u00f3n con pr\u00f3rroga incluida: Domingo 30 de agosto de 2026.<br \/>\n\ud83c\udde6\ud83c\uddf7 Alcance: Nacional (con garant\u00eda de selecci\u00f3n de proyectos locales).<\/p>\n<p>\ud83d\udc49 Inscripci\u00f3n y bases completas: Ingres\u00e1 al link de nuestra bio (o visit\u00e1 santafeciudad.gov.ar\/secretaria-de-cultura\/convocatorias-vigentes\/).<\/p>\n<p>\ud83d\udcde \u00bfConsultas? Escribinos a los correos de cada espacio o al tel\u00e9fono oficial de la Secretar\u00eda de Cultura: 0342-4571609.<\/p>\n\t\t\t<\/div>\n\t\t\t\t\t<\/div>\n\t<\/div>\n<\/div>\n\t\t\t<div id=\"ccp-modal-1-31507\" class=\"ccp-modal\" hidden>\n\t<div class=\"ccp-modal__overlay\" data-ccp-close><\/div>\n\t<div class=\"ccp-modal__dialog\" role=\"dialog\" aria-modal=\"true\" aria-labelledby=\"ccp-modal-1-31507-title\" tabindex=\"-1\">\n\t\t<button class=\"ccp-modal__close\" type=\"button\" aria-label=\"Cerrar\" data-ccp-close>\n\t\t\t<span aria-hidden=\"true\">&times;<\/span>\n\t\t<\/button>\n\t\t<div class=\"ccp-modal__media\">\n\t\t\t\t\t\t\t<img loading=\"lazy\" width=\"2560\" height=\"1657\" src=\"https:\/\/www.santafeciudad.gov.ar\/capitalcultural\/wp-content\/uploads\/2026\/07\/MMAVSJ-224-scaled.jpg\" class=\"ccp-modal__image wp-post-image\" alt=\"\" style=\"object-position: 50% 50%;\" sizes=\"auto, (max-width: 900px) calc(100vw - 24px), 44vw\" loading=\"lazy\" decoding=\"async\" srcset=\"https:\/\/www.santafeciudad.gov.ar\/capitalcultural\/wp-content\/uploads\/2026\/07\/MMAVSJ-224-scaled.jpg 2560w, https:\/\/www.santafeciudad.gov.ar\/capitalcultural\/wp-content\/uploads\/2026\/07\/MMAVSJ-224-300x194.jpg 300w, https:\/\/www.santafeciudad.gov.ar\/capitalcultural\/wp-content\/uploads\/2026\/07\/MMAVSJ-224-1024x663.jpg 1024w, https:\/\/www.santafeciudad.gov.ar\/capitalcultural\/wp-content\/uploads\/2026\/07\/MMAVSJ-224-768x497.jpg 768w, https:\/\/www.santafeciudad.gov.ar\/capitalcultural\/wp-content\/uploads\/2026\/07\/MMAVSJ-224-1536x994.jpg 1536w, https:\/\/www.santafeciudad.gov.ar\/capitalcultural\/wp-content\/uploads\/2026\/07\/MMAVSJ-224-2048x1325.jpg 2048w\" \/>\t\t\t\t\t<\/div>\n\t\t<div class=\"ccp-modal__body\">\n\t\t\t<div class=\"ccp-modal__tags\">\n\t\t\t\t\t\t\t\t\t<span class=\"ccp-tag ccp-tag--categoria\">TALLER<\/span>\n\t\t\t\t\t\t\t\t<span class=\"ccp-tag ccp-tag--estado ccp-tag--ya-sucedio\">FINALIZADA<\/span>\n\t\t\t<\/div>\n\t\t\t<h2 id=\"ccp-modal-1-31507-title\" class=\"ccp-modal__title\">Velos y solapas 2<\/h2>\n\t\t\t\t\t\t\t<p class=\"ccp-modal__date\">28 de mayo de 2026<\/p>\n\t\t\t\t\t\t\t\t\t\t<dl class=\"ccp-modal__details\">\n\t\t\t\t\t\t\t\t\t\t\t<div>\n\t\t\t\t\t\t\t<dt>Horarios<\/dt>\n\t\t\t\t\t\t\t<dd>El jueves 28 de mayo de 16 a 17.30 horas<\/dd>\n\t\t\t\t\t\t<\/div>\n\t\t\t\t\t\t\t\t\t\t\t\t\t\t<\/dl>\n\t\t\t\t\t\t<div class=\"ccp-modal__content\">\n\t\t\t\t<p>El jueves 28 de mayo de 16 a 17.30 h el Museo Municipal de Artes Visuales Sor Josefa D\u00edaz y Clucellas (San Mart\u00edn 2068) se transformar\u00e1 en un espacio de experimentaci\u00f3n y juego para las infancias entre 5 y 12 a\u00f1os. &#8220;Velos y solapas 2&#8221;, se trata de un taller de creaciones abstractas dise\u00f1ado espec\u00edficamente para el p\u00fablico infantil.<\/p>\n<p>La propuesta plantea una invitaci\u00f3n a explorar formas, colores y texturas a trav\u00e9s de la estampaci\u00f3n y el grabado. A partir de obras de artistas santafesinas exhibidas en la muestra \u201cMujeres cargadas de Futuro\u201d se propone experimentar con la abstracci\u00f3n y crear im\u00e1genes propias donde la imaginaci\u00f3n sea protagonista.<\/p>\n<p>Inspiraci\u00f3n en clave local<\/p>\n<p>El taller toma como punto de partida la muestra &#8220;Mujeres cargadas de futuro&#8221;, actualmente en exhibici\u00f3n en el museo. Los participantes trabajar\u00e1n a partir de la observaci\u00f3n de obras de referentes del arte santafesino como Pyli Urfer, Juana Piccoli y Myriam Robbiano. El objetivo es que los asistentes puedan conocer y recrear el legado de estas artistas, utilizando la abstracci\u00f3n como herramienta para que la imaginaci\u00f3n sea la verdadera protagonista.<\/p>\n<p>Una actividad &#8220;al paso&#8221;<\/p>\n<p>Bajo los ejes conceptuales de la abstracci\u00f3n y el grabado, la jornada busca brindar un encuentro donde la pl\u00e1stica permita crear im\u00e1genes propias en un entorno l\u00fadico. La actividad est\u00e1 planteada bajo un formato de taller libre y gratuito, permitiendo que las familias se acerquen a participar de manera espont\u00e1nea.<\/p>\n<p>Sobre Mujeres cargadas de futuro<\/p>\n<p>La muestra \u201cMujeres cargadas de futuro: nuestras artistas de los a\u00f1os 60\u201d, explora el legado art\u00edstico de las artistas santafesinas en un contexto hist\u00f3rico marcado por el cambio, la juventud, la rebeld\u00eda y la esperanza.<\/p>\n<p>La iniciativa se enmarca en las celebraciones por los 90 a\u00f1os del Sor Josefa y cuenta con la curadur\u00eda de Paula Ram\u00edrez. Presenta obras de las artistas santafesinas Graciela Borthwick, In\u00e9s Gasparoti, Beatriz Mart\u00edn, Ana Mar\u00eda Paris, Juana Piccoli, Ana Mar\u00eda Pizzarro, Miriam Robiano, Elsa Rotman, Pyli Urfer, Alicia Sedlacek, Nanzi Vallejo y Miguela Vera.<\/p>\n\t\t\t<\/div>\n\t\t\t\t\t<\/div>\n\t<\/div>\n<\/div>\n\t\t\t<div id=\"ccp-modal-1-31498\" class=\"ccp-modal\" hidden>\n\t<div class=\"ccp-modal__overlay\" data-ccp-close><\/div>\n\t<div class=\"ccp-modal__dialog\" role=\"dialog\" aria-modal=\"true\" aria-labelledby=\"ccp-modal-1-31498-title\" tabindex=\"-1\">\n\t\t<button class=\"ccp-modal__close\" type=\"button\" aria-label=\"Cerrar\" data-ccp-close>\n\t\t\t<span aria-hidden=\"true\">&times;<\/span>\n\t\t<\/button>\n\t\t<div class=\"ccp-modal__media\">\n\t\t\t\t\t\t\t<img loading=\"lazy\" width=\"809\" height=\"1280\" src=\"https:\/\/www.santafeciudad.gov.ar\/capitalcultural\/wp-content\/uploads\/2026\/07\/pyli-urfer.jpeg\" class=\"ccp-modal__image wp-post-image\" alt=\"\" style=\"object-position: 50% 50%;\" sizes=\"auto, (max-width: 900px) calc(100vw - 24px), 44vw\" loading=\"lazy\" decoding=\"async\" srcset=\"https:\/\/www.santafeciudad.gov.ar\/capitalcultural\/wp-content\/uploads\/2026\/07\/pyli-urfer.jpeg 809w, https:\/\/www.santafeciudad.gov.ar\/capitalcultural\/wp-content\/uploads\/2026\/07\/pyli-urfer-190x300.jpeg 190w, https:\/\/www.santafeciudad.gov.ar\/capitalcultural\/wp-content\/uploads\/2026\/07\/pyli-urfer-647x1024.jpeg 647w, https:\/\/www.santafeciudad.gov.ar\/capitalcultural\/wp-content\/uploads\/2026\/07\/pyli-urfer-768x1215.jpeg 768w\" \/>\t\t\t\t\t<\/div>\n\t\t<div class=\"ccp-modal__body\">\n\t\t\t<div class=\"ccp-modal__tags\">\n\t\t\t\t\t\t\t\t\t<span class=\"ccp-tag ccp-tag--categoria\">TALLER<\/span>\n\t\t\t\t\t\t\t\t<span class=\"ccp-tag ccp-tag--estado ccp-tag--ya-sucedio\">FINALIZADA<\/span>\n\t\t\t<\/div>\n\t\t\t<h2 id=\"ccp-modal-1-31498-title\" class=\"ccp-modal__title\">Velos y solapas 1<\/h2>\n\t\t\t\t\t\t\t<p class=\"ccp-modal__date\">23 de abril de 2026<\/p>\n\t\t\t\t\t\t\t\t\t\t<dl class=\"ccp-modal__details\">\n\t\t\t\t\t\t\t\t\t\t\t<div>\n\t\t\t\t\t\t\t<dt>Horarios<\/dt>\n\t\t\t\t\t\t\t<dd>Jueves 23 de abril de 16 a 19 horas<\/dd>\n\t\t\t\t\t\t<\/div>\n\t\t\t\t\t\t\t\t\t\t\t\t\t\t<\/dl>\n\t\t\t\t\t\t<div class=\"ccp-modal__content\">\n\t\t\t\t<p>El jueves 23 de abril el Museo Municipal de Artes Visuales Sor Josefa D\u00edaz y Clucellas (San Mart\u00edn 2068) se transformar\u00e1 en un espacio de experimentaci\u00f3n y juego para los m\u00e1s chicos. De 16 a 19 h se llevar\u00e1 adelante &#8220;Velos y solapas 1&#8221;, un taller de creaciones abstractas dise\u00f1ado espec\u00edficamente para el p\u00fablico infantil.<br \/>\nLa propuesta, coordinada por el equipo de Talleres Culturales Barriales, invita a ni\u00f1as y ni\u00f1os a explorar el universo de las formas, los colores y las texturas a trav\u00e9s de la t\u00e9cnica del collage y la superposici\u00f3n.<\/p>\n<p>Inspiraci\u00f3n en clave local<\/p>\n<p>El taller toma como punto de partida la muestra &#8220;Mujeres cargadas de futuro&#8221;, actualmente en exhibici\u00f3n en el museo. Los participantes trabajar\u00e1n a partir de la observaci\u00f3n de obras de referentes del arte santafesino como Pyli Urfer, Juana Piccoli y Myriam Robbiano. El objetivo es que los asistentes puedan conocer y recrear el legado de estas artistas, utilizando la abstracci\u00f3n como herramienta para que la imaginaci\u00f3n sea la verdadera protagonista.<\/p>\n<p>Una actividad &#8220;al paso&#8221;<\/p>\n<p>Bajo los ejes conceptuales de la abstracci\u00f3n y el grabado, la jornada busca brindar un encuentro donde la pl\u00e1stica permita crear im\u00e1genes propias en un entorno l\u00fadico. La actividad est\u00e1 planteada bajo un formato de taller libre y gratuito, permitiendo que las familias se acerquen a participar de manera espont\u00e1nea.<\/p>\n<p>Sobre Mujeres cargadas de futuro<\/p>\n<p>La muestra \u201cMujeres cargadas de futuro: nuestras artistas de los a\u00f1os 60\u201d, explora el legado art\u00edstico de las artistas santafesinas en un contexto hist\u00f3rico marcado por el cambio, la juventud, la rebeld\u00eda y la esperanza.<\/p>\n<p>La iniciativa se enmarca en las celebraciones por los 90 a\u00f1os del Sor Josefa y cuenta con la curadur\u00eda de Paula Ram\u00edrez. Presenta obras de las artistas santafesinas Graciela Borthwick, In\u00e9s Gasparoti, Beatriz Mart\u00edn, Ana Mar\u00eda Paris, Juana Piccoli, Ana Mar\u00eda Pizzarro, Miriam Robiano, Elsa Rotman, Pyli Urfer, Alicia Sedlacek, Nanzi Vallejo y Miguela Vera.<\/p>\n<p>Puede visitarse en el Museo Municipal de Artes Visuales Sor Josefa D\u00edaz Clucellas hasta el domingo 10 de mayo de mi\u00e9rcoles a s\u00e1bado de 9.30 a 12.30 y 17 a 20 h y domingos y feriados de 17 a 20 h.<\/p>\n\t\t\t<\/div>\n\t\t\t\t\t<\/div>\n\t<\/div>\n<\/div>\n\t\t\t<div id=\"ccp-modal-1-31474\" class=\"ccp-modal\" hidden>\n\t<div class=\"ccp-modal__overlay\" data-ccp-close><\/div>\n\t<div class=\"ccp-modal__dialog\" role=\"dialog\" aria-modal=\"true\" aria-labelledby=\"ccp-modal-1-31474-title\" tabindex=\"-1\">\n\t\t<button class=\"ccp-modal__close\" type=\"button\" aria-label=\"Cerrar\" data-ccp-close>\n\t\t\t<span aria-hidden=\"true\">&times;<\/span>\n\t\t<\/button>\n\t\t<div class=\"ccp-modal__media\">\n\t\t\t\t\t\t\t<img loading=\"lazy\" width=\"629\" height=\"1178\" src=\"https:\/\/www.santafeciudad.gov.ar\/capitalcultural\/wp-content\/uploads\/2026\/07\/Ana-Maria-Paris.jpg\" class=\"ccp-modal__image wp-post-image\" alt=\"\" style=\"object-position: 50% 50%;\" sizes=\"auto, (max-width: 900px) calc(100vw - 24px), 44vw\" loading=\"lazy\" decoding=\"async\" srcset=\"https:\/\/www.santafeciudad.gov.ar\/capitalcultural\/wp-content\/uploads\/2026\/07\/Ana-Maria-Paris.jpg 629w, https:\/\/www.santafeciudad.gov.ar\/capitalcultural\/wp-content\/uploads\/2026\/07\/Ana-Maria-Paris-160x300.jpg 160w, https:\/\/www.santafeciudad.gov.ar\/capitalcultural\/wp-content\/uploads\/2026\/07\/Ana-Maria-Paris-547x1024.jpg 547w\" \/>\t\t\t\t\t<\/div>\n\t\t<div class=\"ccp-modal__body\">\n\t\t\t<div class=\"ccp-modal__tags\">\n\t\t\t\t\t\t\t\t\t<span class=\"ccp-tag ccp-tag--categoria\">ACTIVACI\u00d3N<\/span>\n\t\t\t\t\t\t\t\t<span class=\"ccp-tag ccp-tag--estado ccp-tag--ya-sucedio\">FINALIZADA<\/span>\n\t\t\t<\/div>\n\t\t\t<h2 id=\"ccp-modal-1-31474-title\" class=\"ccp-modal__title\">El rayo que no cesa<\/h2>\n\t\t\t\t\t\t\t<p class=\"ccp-modal__date\">8 de abril de 2026<\/p>\n\t\t\t\t\t\t\t\t\t\t<dl class=\"ccp-modal__details\">\n\t\t\t\t\t\t\t\t\t\t\t<div>\n\t\t\t\t\t\t\t<dt>Horarios<\/dt>\n\t\t\t\t\t\t\t<dd>Mi\u00e9rcoles 8 de abril de 18 a 20 horas<\/dd>\n\t\t\t\t\t\t<\/div>\n\t\t\t\t\t\t\t\t\t\t\t\t\t\t<\/dl>\n\t\t\t\t\t\t<div class=\"ccp-modal__content\">\n\t\t\t\t<p>El mi\u00e9rcoles 8 de abril de 18 a 20 h, tendr\u00e1 lugar la activaci\u00f3n \u201cEl rayo que no cesa\u201d en el Museo Municipal de Artes Visuales Sor Josefa D\u00edaz y Clucellas (San Mart\u00edn 2068), en el marco de la muestra \u201cMujeres cargadas de futuro\u201d. La invitaci\u00f3n es abierta al p\u00fablico y a la vez, contar\u00e1 con la asistencia de alumnos ingresantes del Profesorado y Tecnicatura de Artes Visuales de la Escuela Provincial de Artes Visuales Prof. Juan Mantovani.<\/p>\n<p>Durante el encuentro se recitar\u00e1n textos de Ana Mar\u00eda Paris (escritora y artista visual que participa de la actual exhibici\u00f3n) , Paulina Riera, Zulma Molaro y Teresa Guzzonato. La din\u00e1mica propuesta es la de una jam de lectura y dibujo, es decir se invita a los participantes a concurrir con materiales o utilizar los brindados por el Museo para construir im\u00e1genes improvisadas a partir de los textos recitados.<\/p>\n<p>Sobre Mujeres Cargadas de Futuro<\/p>\n<p>La muestra \u201cMujeres cargadas de futuro: nuestras artistas de los a\u00f1os 60\u201d puede visitarse en el Museo Municipal de Artes Visuales Sor Josefa D\u00edaz Clucellas (San Mart\u00edn 2068) La exhibici\u00f3n explora el legado art\u00edstico de las artistas santafesinas en un contexto hist\u00f3rico marcado por el cambio, la juventud, la rebeld\u00eda y la esperanza.<\/p>\n<p>La iniciativa se enmarca en las celebraciones por los 90 a\u00f1os del Sor Josefa y cuenta con la curadur\u00eda de Paula Ram\u00edrez. Presenta obras de las artistas santafesinas Graciela Borthwick, In\u00e9s Gasparoti, Beatriz Mart\u00edn, Ana Mar\u00eda Paris, Juana Piccoli, Ana Mar\u00eda Pizzarro, Miriam Robiano, Elsa Rotman, Pyli Urfer, Alicia Sedlacek, Nanzi Vallejo y Miguela Vera. La muestra se exhibe hasta el domingo 10 de mayo de mi\u00e9rcoles a s\u00e1bado de 9.30 a 12.30y 17 a 20 h y domingos y feriados de 17 a 20 h.<\/p>\n\t\t\t<\/div>\n\t\t\t\t\t<\/div>\n\t<\/div>\n<\/div>\n\t\t\t<div id=\"ccp-modal-1-31468\" class=\"ccp-modal\" hidden>\n\t<div class=\"ccp-modal__overlay\" data-ccp-close><\/div>\n\t<div class=\"ccp-modal__dialog\" role=\"dialog\" aria-modal=\"true\" aria-labelledby=\"ccp-modal-1-31468-title\" tabindex=\"-1\">\n\t\t<button class=\"ccp-modal__close\" type=\"button\" aria-label=\"Cerrar\" data-ccp-close>\n\t\t\t<span aria-hidden=\"true\">&times;<\/span>\n\t\t<\/button>\n\t\t<div class=\"ccp-modal__media\">\n\t\t\t\t\t\t\t<img loading=\"lazy\" width=\"782\" height=\"521\" src=\"https:\/\/www.santafeciudad.gov.ar\/capitalcultural\/wp-content\/uploads\/2026\/07\/1los-jardines-de-paula-dibujo-50-x-70-cm-1968.jpg\" class=\"ccp-modal__image wp-post-image\" alt=\"\" style=\"object-position: 50% 50%;\" sizes=\"auto, (max-width: 900px) calc(100vw - 24px), 44vw\" loading=\"lazy\" decoding=\"async\" srcset=\"https:\/\/www.santafeciudad.gov.ar\/capitalcultural\/wp-content\/uploads\/2026\/07\/1los-jardines-de-paula-dibujo-50-x-70-cm-1968.jpg 782w, https:\/\/www.santafeciudad.gov.ar\/capitalcultural\/wp-content\/uploads\/2026\/07\/1los-jardines-de-paula-dibujo-50-x-70-cm-1968-300x200.jpg 300w, https:\/\/www.santafeciudad.gov.ar\/capitalcultural\/wp-content\/uploads\/2026\/07\/1los-jardines-de-paula-dibujo-50-x-70-cm-1968-768x512.jpg 768w\" \/>\t\t\t\t\t<\/div>\n\t\t<div class=\"ccp-modal__body\">\n\t\t\t<div class=\"ccp-modal__tags\">\n\t\t\t\t\t\t\t\t\t<span class=\"ccp-tag ccp-tag--categoria\">ACTIVIDAD<\/span>\n\t\t\t\t\t\t\t\t<span class=\"ccp-tag ccp-tag--estado ccp-tag--ya-sucedio\">FINALIZADA<\/span>\n\t\t\t<\/div>\n\t\t\t<h2 id=\"ccp-modal-1-31468-title\" class=\"ccp-modal__title\">La vida es obra. Recorrido por la vida y obra de  Graciela Borthwick<\/h2>\n\t\t\t\t\t\t\t<p class=\"ccp-modal__date\">13 de marzo de 2026<\/p>\n\t\t\t\t\t\t\t\t\t\t<dl class=\"ccp-modal__details\">\n\t\t\t\t\t\t\t\t\t\t\t<div>\n\t\t\t\t\t\t\t<dt>Horarios<\/dt>\n\t\t\t\t\t\t\t<dd>Viernes 13 de marzo a las 18 horas<\/dd>\n\t\t\t\t\t\t<\/div>\n\t\t\t\t\t\t\t\t\t\t\t\t\t\t<\/dl>\n\t\t\t\t\t\t<div class=\"ccp-modal__content\">\n\t\t\t\t<p>La actividad \u201cLa vida es obra. Conversatorio y proyecci\u00f3n. Recorrido por la vida y obra de Graciela Borthwick\u201d, tendr\u00e1 lugar el viernes 13 de marzo a las 18 h en el Museo Municipal de Artes Visuales Sor Josefa D\u00edaz y Clucellas (San Mart\u00edn 2068) con entrada libre y gratuita. La iniciativa se enmarca en la muestra \u201cMujeres cargadas de futuro: nuestras artistas de los a\u00f1os 60\u201d. Consistir\u00e1 en un di\u00e1logo con la artista Graciela Borthwick conducido por la curadora de la muestra, Paula Ramirez.<\/p>\n<p>Durante la propuesta, se recorrer\u00e1 la vida y obra de la artista en un di\u00e1logo directo con interacci\u00f3n del p\u00fablico. Se indagar\u00e1 en su periodo de formaci\u00f3n y ejercicio en la ciudad de Santa Fe, su producci\u00f3n durante los a\u00f1os 60 y el v\u00ednculo con las distintas instituciones.<\/p>\n<p>Sobre Graciela Borthwick<br \/>\nGraciela Borthwick (Santa Fe, 1941) es una artista visual y docente argentina. Vive y trabaja en el barrio de San Telmo, en la ciudad de Buenos Aires. Se form\u00f3 en la Escuela Superior de Artes Visuales \u201cJuan Mantovani\u201d de Santa Fe y es Licenciada en Arte por el Instituto Universitario Nacional del Arte.<br \/>\nA lo largo de su trayectoria desarroll\u00f3 una intensa actividad art\u00edstica y educativa. Fund\u00f3 y dirigi\u00f3 el Instituto Superior de Arte de Pilar y fue profesora titular de Dibujo y Escultura en la Escuela Superior de Bellas Artes Prilidiano Pueyrred\u00f3n (IUNA).<br \/>\nDesde fines de la d\u00e9cada de 1960 participa en exposiciones individuales y colectivas en Argentina y en el exterior. Su obra \u2014que abarca dibujo, escultura, objetos y libros de artista\u2014 se ha presentado en museos y galer\u00edas de pa\u00edses como M\u00e9xico, Venezuela, Brasil y Uruguay, adem\u00e1s de numerosas instituciones culturales del pa\u00eds.<\/p>\n<p>Entre sus exposiciones se destacan muestras en el Museo Rosa Galisteo de Rodr\u00edguez (Santa Fe), el Museo Eduardo S\u00edvori, el Museo de Arte Contempor\u00e1neo de La Plata (MACLA), el Centro Cultural Recoleta y el Centro Cultural Borges, entre otras. Tambi\u00e9n particip\u00f3 en eventos y bienales internacionales, como la Bienal de Arte de Jerusal\u00e9n y la Bienal Internacional de MiniPrint.<br \/>\nSus obras integran colecciones p\u00fablicas y privadas en Argentina y en el exterior. En 2018 public\u00f3 el libro \u201cUna manera de vivir. Obras 1968\u20132018\u201d, que re\u00fane cinco d\u00e9cadas de producci\u00f3n art\u00edstica.<\/p>\n<p>Sobre \u201cMujeres cargadas de futuro: nuestras artistas de los a\u00f1os 60\u201d<\/p>\n<p>La muestra \u201cMujeres cargadas de futuro: nuestras artistas de los a\u00f1os 60\u201d se inaugurar\u00e1 el mi\u00e9rcoles 11 de marzo a las 20 h en el Museo Municipal de Artes Visuales Sor Josefa D\u00edaz Clucellas (San Mart\u00edn 2068) La iniciativa se enmarca en las celebraciones por los 90 a\u00f1os del Sor Josefa y cuenta con la curadur\u00eda de Paula Ram\u00edrez. Presentar\u00e1 obras de las artistas santafesinas Graciela Borthwick, In\u00e9s Gasparoti, Beatriz Mart\u00edn, Ana Mar\u00eda Paris, Juana Piccoli, Ana Mar\u00eda Pizzarro, Miriam Robiano, Elsa Rotman, Pyli Urfer | Alicia Sedlacek, Nanzi Vallejo y Miguela Vera.<\/p>\n\t\t\t<\/div>\n\t\t\t\t\t<\/div>\n\t<\/div>\n<\/div>\n\t\t\t<div id=\"ccp-modal-1-31465\" class=\"ccp-modal\" hidden>\n\t<div class=\"ccp-modal__overlay\" data-ccp-close><\/div>\n\t<div class=\"ccp-modal__dialog\" role=\"dialog\" aria-modal=\"true\" aria-labelledby=\"ccp-modal-1-31465-title\" tabindex=\"-1\">\n\t\t<button class=\"ccp-modal__close\" type=\"button\" aria-label=\"Cerrar\" data-ccp-close>\n\t\t\t<span aria-hidden=\"true\">&times;<\/span>\n\t\t<\/button>\n\t\t<div class=\"ccp-modal__media\">\n\t\t\t\t\t\t\t<img loading=\"lazy\" width=\"2560\" height=\"1657\" src=\"https:\/\/www.santafeciudad.gov.ar\/capitalcultural\/wp-content\/uploads\/2026\/07\/MMAVSJ-224-scaled.jpg\" class=\"ccp-modal__image wp-post-image\" alt=\"\" style=\"object-position: 50% 50%;\" sizes=\"auto, (max-width: 900px) calc(100vw - 24px), 44vw\" loading=\"lazy\" decoding=\"async\" srcset=\"https:\/\/www.santafeciudad.gov.ar\/capitalcultural\/wp-content\/uploads\/2026\/07\/MMAVSJ-224-scaled.jpg 2560w, https:\/\/www.santafeciudad.gov.ar\/capitalcultural\/wp-content\/uploads\/2026\/07\/MMAVSJ-224-300x194.jpg 300w, https:\/\/www.santafeciudad.gov.ar\/capitalcultural\/wp-content\/uploads\/2026\/07\/MMAVSJ-224-1024x663.jpg 1024w, https:\/\/www.santafeciudad.gov.ar\/capitalcultural\/wp-content\/uploads\/2026\/07\/MMAVSJ-224-768x497.jpg 768w, https:\/\/www.santafeciudad.gov.ar\/capitalcultural\/wp-content\/uploads\/2026\/07\/MMAVSJ-224-1536x994.jpg 1536w, https:\/\/www.santafeciudad.gov.ar\/capitalcultural\/wp-content\/uploads\/2026\/07\/MMAVSJ-224-2048x1325.jpg 2048w\" \/>\t\t\t\t\t<\/div>\n\t\t<div class=\"ccp-modal__body\">\n\t\t\t<div class=\"ccp-modal__tags\">\n\t\t\t\t\t\t\t\t\t<span class=\"ccp-tag ccp-tag--categoria\">MUESTRA<\/span>\n\t\t\t\t\t\t\t\t<span class=\"ccp-tag ccp-tag--estado ccp-tag--ya-sucedio\">FINALIZADA<\/span>\n\t\t\t<\/div>\n\t\t\t<h2 id=\"ccp-modal-1-31465-title\" class=\"ccp-modal__title\">Mujeres cargadas de futuro: nuestras artistas de los a\u00f1os 60<\/h2>\n\t\t\t\t\t\t\t<p class=\"ccp-modal__date\">Del 5 de marzo al 31 de mayo de 2026<\/p>\n\t\t\t\t\t\t\t\t\t\t<dl class=\"ccp-modal__details\">\n\t\t\t\t\t\t\t\t\t\t\t<div>\n\t\t\t\t\t\t\t<dt>Horarios<\/dt>\n\t\t\t\t\t\t\t<dd>Mi\u00e9rcoles a s\u00e1bado de 9.30 a 12.30 y de 17 a 20 horas y domingos y feriados de 17 a 20 horas<\/dd>\n\t\t\t\t\t\t<\/div>\n\t\t\t\t\t\t\t\t\t\t\t\t\t\t<\/dl>\n\t\t\t\t\t\t<div class=\"ccp-modal__content\">\n\t\t\t\t<p>La muestra \u201cMujeres cargadas de futuro: nuestras artistas de los a\u00f1os 60\u201dpuede visitarse en el Museo Municipal de Artes Visuales Sor Josefa D\u00edaz Clucellas (San Mart\u00edn 2068) La iniciativa se enmarca en las celebraciones por los 90 a\u00f1os del Sor Josefa y cuenta con la curadur\u00eda de Paula Ram\u00edrez. Presenta obras de las artistas santafesinas Graciela Borthwick, In\u00e9s Gasparoti, Beatriz Mart\u00edn, Ana Mar\u00eda Paris, Juana Piccoli, Ana Mar\u00eda Pizzarro, Miriam Robiano, Elsa Rotman, Pyli Urfer, Alicia Sedlacek, Nanzi Vallejo y Miguela Vera. La actividad es libre y gratuita.<\/p>\n<p>La muestra se exhibe hasta el domingo 31 de mayo de mi\u00e9rcoles a s\u00e1bado de 9.30 a 12.30y 17 a 20 h y domingos y feriados de 17 a 20 h.<\/p>\n<p>Dos fen\u00f3menos hist\u00f3ricos entrelazados<br \/>\nDos fen\u00f3menos entrelazados guiaron la construcci\u00f3n de la muestra \u201cMujeres cargadas de futuro. Nuestras artistas de los a\u00f1os 60\u201d. Por un lado el contexto hist\u00f3rico: La d\u00e9cada del 60 atraves\u00f3 el mundo con aires de cambio y juventud, rebeld\u00eda y esperanza. Tanto a nivel pol\u00edtico y social como art\u00edstico, con el surgimiento de las segundas vanguardias y un acercamiento del arte a la vida, a trav\u00e9s de la experimentaci\u00f3n y la desmaterializaci\u00f3n de la obra de arte. En Am\u00e9rica Latina este fen\u00f3meno se vio impulsado por procesos de modernizaci\u00f3n de la mano del despliegue de un nuevo paradigma anclado en modelos desarrollistas. De all\u00ed surgen interrogantes: \u00bfQu\u00e9 pasaba en Santa Fe en aquel entonces? \u00bfLlegaron a nuestra costa las oleadas de este impulso modernizador?<br \/>\nArtistas consumadas.<\/p>\n<p>Por otro lado, la muestra indaga en esa d\u00e9cada paradigm\u00e1tica a trav\u00e9s de las artistas mujeres de la ciudad de Santa Fe. \u00bfPor qu\u00e9 mujeres? Porque, en un mundo patriarcal, ten\u00edan menos visibilidad que sus pares varones, recib\u00edan menos premios, no eran tenidas en cuenta como jurados en los concursos y divid\u00edan su vida entre el trabajo dom\u00e9stico y la crianza de los hijos, el trabajo fuera de casa y la creaci\u00f3n.<\/p>\n<p>Y en este \u00faltimo punto vale la aclaraci\u00f3n: no fueron elegidas por el s\u00f3lo hecho de ser mujeres, sino porque su obra es la de artistas consumadas, investigadoras, escritoras, con t\u00e9cnicas minuciosas y pulidas, con indagaciones est\u00e9ticas que no acabaron en el momento hist\u00f3rico elegido sino que fueron mutando a trav\u00e9s de los a\u00f1os. La investigaci\u00f3n previa incluy\u00f3 lecturas de diarios y biograf\u00edas, charlas con las artistas y la reconstrucci\u00f3n de una po\u00e9tica profundamente ecl\u00e9ctica, espejo rimbombante de una estructura de sentimientos o esp\u00edritu de \u00e9poca marcado por la b\u00fasqueda incesante.<\/p>\n<p>Grabados de Elsa Rotman y Miguela Vera, dibujos de Nanzi Vallejo, Ana Mar\u00eda Paris, Graciela Borthwick, pinturas de Miriam Robbiano, Alicia Sedlacek, Pyli Urfer, Ana Mar\u00eda Pizarro, Beatriz Mart\u00edn, In\u00e9s Gasparotti, esculturas de Juana \u201cYiya\u201d Piccoli se suceden en medio de b\u00fasquedas americanistas, postcubistas, metaf\u00edsicas, de nuevas figuraciones o de obras con un claro sello abstracto.<br \/>\nCon estas mujeres cargadas de futuro se teje una muestra exuberante que amalgama t\u00e9cnicas, g\u00e9neros y estilos y que es, simplemente, un eco palpitante de un periodo rico y complejo de la historia del arte de Santa Fe.<\/p>\n\t\t\t<\/div>\n\t\t\t\t\t<\/div>\n\t<\/div>\n<\/div>\n\t\t\t<div id=\"ccp-modal-1-31502\" class=\"ccp-modal\" hidden>\n\t<div class=\"ccp-modal__overlay\" data-ccp-close><\/div>\n\t<div class=\"ccp-modal__dialog\" role=\"dialog\" aria-modal=\"true\" aria-labelledby=\"ccp-modal-1-31502-title\" tabindex=\"-1\">\n\t\t<button class=\"ccp-modal__close\" type=\"button\" aria-label=\"Cerrar\" data-ccp-close>\n\t\t\t<span aria-hidden=\"true\">&times;<\/span>\n\t\t<\/button>\n\t\t<div class=\"ccp-modal__media\">\n\t\t\t\t\t\t\t<img loading=\"lazy\" width=\"1470\" height=\"1060\" src=\"https:\/\/www.santafeciudad.gov.ar\/capitalcultural\/wp-content\/uploads\/2026\/07\/Manuale-Taller.jpg\" class=\"ccp-modal__image wp-post-image\" alt=\"\" style=\"object-position: 50% 50%;\" sizes=\"auto, (max-width: 900px) calc(100vw - 24px), 44vw\" loading=\"lazy\" decoding=\"async\" srcset=\"https:\/\/www.santafeciudad.gov.ar\/capitalcultural\/wp-content\/uploads\/2026\/07\/Manuale-Taller.jpg 1470w, https:\/\/www.santafeciudad.gov.ar\/capitalcultural\/wp-content\/uploads\/2026\/07\/Manuale-Taller-300x216.jpg 300w, https:\/\/www.santafeciudad.gov.ar\/capitalcultural\/wp-content\/uploads\/2026\/07\/Manuale-Taller-1024x738.jpg 1024w, https:\/\/www.santafeciudad.gov.ar\/capitalcultural\/wp-content\/uploads\/2026\/07\/Manuale-Taller-768x554.jpg 768w\" \/>\t\t\t\t\t<\/div>\n\t\t<div class=\"ccp-modal__body\">\n\t\t\t<div class=\"ccp-modal__tags\">\n\t\t\t\t\t\t\t\t\t<span class=\"ccp-tag ccp-tag--categoria\">TALLER<\/span>\n\t\t\t\t\t\t\t\t<span class=\"ccp-tag ccp-tag--estado ccp-tag--ya-sucedio\">FINALIZADA<\/span>\n\t\t\t<\/div>\n\t\t\t<h2 id=\"ccp-modal-1-31502-title\" class=\"ccp-modal__title\">Del silencio a la forma<\/h2>\n\t\t\t\t\t\t\t<p class=\"ccp-modal__date\">30 de abril de 2026<\/p>\n\t\t\t\t\t\t\t\t\t\t<dl class=\"ccp-modal__details\">\n\t\t\t\t\t\t\t\t\t\t\t<div>\n\t\t\t\t\t\t\t<dt>Horarios<\/dt>\n\t\t\t\t\t\t\t<dd>Jueves 30 de abril de 17 a 19 horas<\/dd>\n\t\t\t\t\t\t<\/div>\n\t\t\t\t\t\t\t\t\t\t\t\t\t\t\t\t<div>\n\t\t\t\t\t\t\t<dt>Sala o ubicaci\u00f3n<\/dt>\n\t\t\t\t\t\t\t<dd>Espacio expositivo La Fresca<\/dd>\n\t\t\t\t\t\t<\/div>\n\t\t\t\t\t\t\t\t\t<\/dl>\n\t\t\t\t\t\t<div class=\"ccp-modal__content\">\n\t\t\t\t<p>El jueves 30 de abril, de 17 a 19 h, el Museo Municipal de Artes Visuales &#8220;Sor Josefa D\u00edaz y Clucellas&#8221; (San Mart\u00edn 2068) abrir\u00e1 las puertas del espacio expositivo La Fresca para una experiencia singular: el taller &#8220;Del silencio a la forma&#8221;. La propuesta, destinada a preadolescentes y j\u00f3venes de entre 11 y 14 a\u00f1os, se desarrolla en el marco de la muestra \u201cLo que perdimos en el fuego\u201d, de la artista Tatiana Manuale.<\/p>\n<p>El objeto como portador de historias<\/p>\n<p>El marco conceptual de este encuentro invita a los participantes a reflexionar sobre la carga emocional de las cosas. La consigna es asistir con un objeto de importancia personal para, a trav\u00e9s del di\u00e1logo y la pr\u00e1ctica del dibujo, explorar conceptos como la transformaci\u00f3n, el vac\u00edo, el desgaste y el paso del tiempo. No se trata solo de representar un elemento, sino de descubrir las an\u00e9cdotas y vinculaciones afectivas que lo habitan, otorg\u00e1ndole una nueva &#8220;forma&#8221; a trav\u00e9s del trazo.<\/p>\n<p>Mediaci\u00f3n art\u00edstica y educativa<\/p>\n<p>La actividad ser\u00e1 coordinada por el Equipo de Educaci\u00f3n del Museo, con mediaci\u00f3n directa de Tatiana Manuale. Esta sinergia permite que los asistentes no solo visiten la exposici\u00f3n, sino que la &#8220;activen&#8221; desde su propia subjetividad, convirtiendo la sala del museo en un laboratorio de creaci\u00f3n y memoria colectiva.<\/p>\n<p>Inscripci\u00f3n y materiales<\/p>\n<p>Si bien la actividad incluye los materiales necesarios, se invita a los participantes a traer sus propias cartucheras o cuadernos si as\u00ed lo desean. Dado que los cupos son limitados, la participaci\u00f3n requiere inscripci\u00f3n previa a trav\u00e9s del formulario online que se encuentra en www.santafeciudad.gov.ar\/capitalcultural\/<\/p>\n<p>Resumen<\/p>\n<p>Evento: Taller &#8220;Del silencio a la forma&#8221; (Activaci\u00f3n de la muestra Lo que perdimos en el fuego).<br \/>\nDestinatarios: J\u00f3venes de 11 a 14 a\u00f1os.<br \/>\nFecha y Hora: Jueves 30 de abril, de 17 a 19 h.<br \/>\nLugar: Espacio Expositivo La Fresca &#8211; Museo Municipal de Artes Visuales Sor Josefa D\u00edaz y Clucellas (San Mart\u00edn 2068).<br \/>\nCosto: Actividad gratuita con inscripci\u00f3n previa.<br \/>\nRequisito: Asistir con un objeto personal significativo.<\/p>\n\t\t\t<\/div>\n\t\t\t\t\t<\/div>\n\t<\/div>\n<\/div>\n\t\t\t<div id=\"ccp-modal-1-31471\" class=\"ccp-modal\" hidden>\n\t<div class=\"ccp-modal__overlay\" data-ccp-close><\/div>\n\t<div class=\"ccp-modal__dialog\" role=\"dialog\" aria-modal=\"true\" aria-labelledby=\"ccp-modal-1-31471-title\" tabindex=\"-1\">\n\t\t<button class=\"ccp-modal__close\" type=\"button\" aria-label=\"Cerrar\" data-ccp-close>\n\t\t\t<span aria-hidden=\"true\">&times;<\/span>\n\t\t<\/button>\n\t\t<div class=\"ccp-modal__media\">\n\t\t\t\t\t\t\t<img loading=\"lazy\" width=\"1441\" height=\"2560\" src=\"https:\/\/www.santafeciudad.gov.ar\/capitalcultural\/wp-content\/uploads\/2026\/07\/E6C902B1-899A-49AC-BBB2-2024C3B35039-scaled.jpg\" class=\"ccp-modal__image wp-post-image\" alt=\"\" style=\"object-position: 50% 50%;\" sizes=\"auto, (max-width: 900px) calc(100vw - 24px), 44vw\" loading=\"lazy\" decoding=\"async\" srcset=\"https:\/\/www.santafeciudad.gov.ar\/capitalcultural\/wp-content\/uploads\/2026\/07\/E6C902B1-899A-49AC-BBB2-2024C3B35039-scaled.jpg 1441w, https:\/\/www.santafeciudad.gov.ar\/capitalcultural\/wp-content\/uploads\/2026\/07\/E6C902B1-899A-49AC-BBB2-2024C3B35039-169x300.jpg 169w, https:\/\/www.santafeciudad.gov.ar\/capitalcultural\/wp-content\/uploads\/2026\/07\/E6C902B1-899A-49AC-BBB2-2024C3B35039-576x1024.jpg 576w, https:\/\/www.santafeciudad.gov.ar\/capitalcultural\/wp-content\/uploads\/2026\/07\/E6C902B1-899A-49AC-BBB2-2024C3B35039-768x1365.jpg 768w, https:\/\/www.santafeciudad.gov.ar\/capitalcultural\/wp-content\/uploads\/2026\/07\/E6C902B1-899A-49AC-BBB2-2024C3B35039-864x1536.jpg 864w, https:\/\/www.santafeciudad.gov.ar\/capitalcultural\/wp-content\/uploads\/2026\/07\/E6C902B1-899A-49AC-BBB2-2024C3B35039-1153x2048.jpg 1153w\" \/>\t\t\t\t\t<\/div>\n\t\t<div class=\"ccp-modal__body\">\n\t\t\t<div class=\"ccp-modal__tags\">\n\t\t\t\t\t\t\t\t\t<span class=\"ccp-tag ccp-tag--categoria\">MUESTRA<\/span>\n\t\t\t\t\t\t\t\t<span class=\"ccp-tag ccp-tag--estado ccp-tag--ya-sucedio\">FINALIZADA<\/span>\n\t\t\t<\/div>\n\t\t\t<h2 id=\"ccp-modal-1-31471-title\" class=\"ccp-modal__title\">Lo que perdimos en el fuego<\/h2>\n\t\t\t\t\t\t\t<p class=\"ccp-modal__date\">Del 26 de marzo al 31 de mayo de 2026<\/p>\n\t\t\t\t\t\t\t\t\t\t<dl class=\"ccp-modal__details\">\n\t\t\t\t\t\t\t\t\t\t\t\t\t\t\t\t<div>\n\t\t\t\t\t\t\t<dt>Sala o ubicaci\u00f3n<\/dt>\n\t\t\t\t\t\t\t<dd>Espacio expositivo La Fresca<\/dd>\n\t\t\t\t\t\t<\/div>\n\t\t\t\t\t\t\t\t\t<\/dl>\n\t\t\t\t\t\t<div class=\"ccp-modal__content\">\n\t\t\t\t<p>La muestra \u201cLo que perdimos en el fuego\u201d de Tatiana Manuale puede visitarse en el marco del espacio expositivo La Fresca del Museo Municipal de Artes Visuales Sor Josefa D\u00edaz y Clucellas (San Mart\u00edn 2068).<\/p>\n<p>La extra\u00f1eza de lo cotidiano<\/p>\n<p>En palabras de Manuale \u201cla muestra est\u00e1 atravesada por una reflexi\u00f3n en torno a la p\u00e9rdida, entendida no como una ausencia o un vac\u00edo, sino como una transformaci\u00f3n profunda de los v\u00ednculos, la memoria y la materia. Me interesa pensar c\u00f3mo aquello que desaparece contin\u00faa actuando desde otro lugar, en formas desplazadas de existencia. En ese sentido, el eje conceptual se sit\u00faa en ese intervalo donde el v\u00ednculo se fractura pero no se disuelve, donde el tiempo deja de ser lineal y se acumula en las superficies, en las marcas y en los restos. La ruina, m\u00e1s que un final, aparece como una forma de pensamiento y como un modo de habitar esa transformaci\u00f3n\u201d<\/p>\n<p>Sobre la materialidad de la obra, la artista asegura que \u201ctrabaj\u00e9 principalmente con materiales recolectados, muchos de ellos provenientes de la casa familiar y atravesados por situaciones de deterioro, desgaste e incluso por un incendio. A partir de estos elementos, desarroll\u00e9 procedimientos de intervenci\u00f3n, ensamblaje y reorganizaci\u00f3n material. No hay una b\u00fasqueda de restauraci\u00f3n, sino m\u00e1s bien de enfatizar las marcas, las interrupciones y las deformaciones que los materiales ya contienen. Por otro lado, los dibujos est\u00e1n realizados en grafito\u201d.<\/p>\n<p>Acerca de las expectativas que posee en torno a la recepci\u00f3n de su trabajo, Manuale reflexiona: \u201cM\u00e1s que generar una lectura cerrada o un relato un\u00edvoco, me interesa que la exhibici\u00f3n habilite una experiencia sensible en torno a estas ideas. Espero que quienes recorran la muestra puedan vincularse con las obras desde ese lugar de extra\u00f1eza, donde lo familiar se vuelve inestable y lo cercano adquiere nuevas formas. No busco ofrecer respuestas ni consuelo, sino abrir un espacio de reflexi\u00f3n sobre c\u00f3mo habitamos la p\u00e9rdida y qu\u00e9 formas de cercan\u00eda pueden persistir incluso cuando lo conocido ya no est\u00e1\u201d.<\/p>\n<p>Sobre Tatiana Manuale<\/p>\n<p>Naci\u00f3 en la ciudad de Santa Fe el 30 de agosto del a\u00f1o 2002. Es egresada del nivel secundario de la Escuela Provincial de Artes Visuales N\u00b0 3023 \u201cProf. Juan Mantovani\u201d. Actualmente, ejerce la docencia en el nivel primario del Complejo Educativo I Es como profesora en artes visuales con orientaci\u00f3n en producci\u00f3n. Desde el a\u00f1o 2023, realiza el Taller de An\u00e1lisis y Seguimiento de Proyectos Art\u00edsticos \u201cInminente\u201d, coordinado y dirigido por el artista, docente y curador C\u00e9sar N\u00fa\u00f1ez. Desde el a\u00f1o 2021, se ha formado de manera complementaria en diferentes talleres y seminarios de la Escuela \u201cProf. Juan Mantovani\u201d. Adem\u00e1s, particip\u00f3 en la Residencia para Artistas del Taller \u201cInminente\u201d (edici\u00f3n 2025), como tambi\u00e9n en presentaciones y exposiciones de obras de la +Feria 2025, junto con el Taller \u201cInminente\u201d, de la Universidad Nacional del Litoral, del Puerto Santa Fe y de la Municipalidad de San Jer\u00f3nimo Norte.<\/p>\n<p>Sobre el Espacio Expositivo La Fresca<\/p>\n<p>La Fresca es un proyecto expositivo del Museo Municipal de Artes Visuales Sor Josefa D\u00edaz y Clucellas. Est\u00e1 destinado al arte contempor\u00e1neo j\u00f3ven de nuestra ciudad, donde una pared del museo se convierte en un territorio para exponer, investigar, producir y difundir arte contempor\u00e1neo emergente y su contexto. Su objetivo es formar comunidad a partir de pr\u00e1cticas y experiencias pedag\u00f3gicas en arte.<\/p>\n\t\t\t<\/div>\n\t\t\t\t\t<\/div>\n\t<\/div>\n<\/div>\n\t\t\t<div id=\"ccp-modal-1-31448\" class=\"ccp-modal\" hidden>\n\t<div class=\"ccp-modal__overlay\" data-ccp-close><\/div>\n\t<div class=\"ccp-modal__dialog\" role=\"dialog\" aria-modal=\"true\" aria-labelledby=\"ccp-modal-1-31448-title\" tabindex=\"-1\">\n\t\t<button class=\"ccp-modal__close\" type=\"button\" aria-label=\"Cerrar\" data-ccp-close>\n\t\t\t<span aria-hidden=\"true\">&times;<\/span>\n\t\t<\/button>\n\t\t<div class=\"ccp-modal__media\">\n\t\t\t\t\t\t\t<img loading=\"lazy\" width=\"1920\" height=\"1280\" src=\"https:\/\/www.santafeciudad.gov.ar\/capitalcultural\/wp-content\/uploads\/2026\/07\/MarcePucci_SC_MMAV_SalonAnualNacional_25012025_137.jpg\" class=\"ccp-modal__image wp-post-image\" alt=\"\" style=\"object-position: 50% 50%;\" sizes=\"auto, (max-width: 900px) calc(100vw - 24px), 44vw\" loading=\"lazy\" decoding=\"async\" srcset=\"https:\/\/www.santafeciudad.gov.ar\/capitalcultural\/wp-content\/uploads\/2026\/07\/MarcePucci_SC_MMAV_SalonAnualNacional_25012025_137.jpg 1920w, https:\/\/www.santafeciudad.gov.ar\/capitalcultural\/wp-content\/uploads\/2026\/07\/MarcePucci_SC_MMAV_SalonAnualNacional_25012025_137-300x200.jpg 300w, https:\/\/www.santafeciudad.gov.ar\/capitalcultural\/wp-content\/uploads\/2026\/07\/MarcePucci_SC_MMAV_SalonAnualNacional_25012025_137-1024x683.jpg 1024w, https:\/\/www.santafeciudad.gov.ar\/capitalcultural\/wp-content\/uploads\/2026\/07\/MarcePucci_SC_MMAV_SalonAnualNacional_25012025_137-768x512.jpg 768w, https:\/\/www.santafeciudad.gov.ar\/capitalcultural\/wp-content\/uploads\/2026\/07\/MarcePucci_SC_MMAV_SalonAnualNacional_25012025_137-1536x1024.jpg 1536w\" \/>\t\t\t\t\t<\/div>\n\t\t<div class=\"ccp-modal__body\">\n\t\t\t<div class=\"ccp-modal__tags\">\n\t\t\t\t\t\t\t\t\t<span class=\"ccp-tag ccp-tag--categoria\">ACTIVIDAD<\/span>\n\t\t\t\t\t\t\t\t<span class=\"ccp-tag ccp-tag--estado ccp-tag--ya-sucedio\">FINALIZADA<\/span>\n\t\t\t<\/div>\n\t\t\t<h2 id=\"ccp-modal-1-31448-title\" class=\"ccp-modal__title\">Sal\u00f3n a la carta<\/h2>\n\t\t\t\t\t\t\t<p class=\"ccp-modal__date\">Del 9 de enero al 15 de febrero de 2026<\/p>\n\t\t\t\t\t\t\t\t\t\t<dl class=\"ccp-modal__details\">\n\t\t\t\t\t\t\t\t\t\t\t<div>\n\t\t\t\t\t\t\t<dt>Horarios<\/dt>\n\t\t\t\t\t\t\t<dd>Lunes a viernes de 10 a 12 y de 17 a 19 horas, y los s\u00e1bados, domingos y feriados de 17 a 20 horas<\/dd>\n\t\t\t\t\t\t<\/div>\n\t\t\t\t\t\t\t\t\t\t\t\t\t\t<\/dl>\n\t\t\t\t\t\t<div class=\"ccp-modal__content\">\n\t\t\t\t<p>El Museo Municipal de Artes Visuales Sor Josefa D\u00edaz y Clucellas (San Mart\u00edn 2068) presenta \u201cSal\u00f3n a la carta\u201d, propuesta gratuita que tendr\u00e1 lugar los jueves y viernes desde el 9 de enero al 15 de febrero de lunes a viernes de 10 a 12 hs y de 17 a 19 hs, y los s\u00e1bados, domingos y feriados de 17 a 20 hs.<\/p>\n<p>El Equipo de Educaci\u00f3n del Museo Sor Josefa invita a recorrer el Sal\u00f3n Anual Nacional 2025 a trav\u00e9s de una propuesta auto-guiada. La actividad incluye cuatro gu\u00edas tem\u00e1ticas y un plano did\u00e1ctico que re\u00fanen obras de 23 artistas de todo el pa\u00eds. Los recorridos se organizan en torno a cuatro ejes: Tramando; Sendero adentro; Dibujar: hacer y decir y Lo m\u00e1gico en lo com\u00fan.<\/p>\n<p>La propuesta invita a elegir uno de estos cuatro caminos para profundizar en una tem\u00e1tica y ampliar la informaci\u00f3n sobre los artistas participantes y sus obras. Cada gu\u00eda finaliza con un llamado a la acci\u00f3n que propone al p\u00fablico imaginar y dise\u00f1ar un nuevo recorrido posible.<\/p>\n<p>Sobre el Sal\u00f3n Anual Nacional<\/p>\n<p>El Sal\u00f3n Anual Nacional 2025 del Museo Municipal de Artes Visuales Sor Josefa D\u00edaz y Clucellas exhibe obras de 23 artistas de Buenos Aires, Santa Fe, Tucum\u00e1n y Santa Cruz seleccionados de un total de 410 aplicaciones de todo el pa\u00eds.<\/p>\n<p>Se trata de una de las iniciativas m\u00e1s importantes de la Direcci\u00f3n de Patrimonio y Museos de la Secretar\u00eda de Cultura de la Municipalidad de Santa Fe. Propone situar, repensar y sostener buenas pr\u00e1cticas que nutran a la comunidad art\u00edstica local y a la ciudadan\u00eda. Representa la continuidad de una pol\u00edtica p\u00fablica que pone en di\u00e1logo la producci\u00f3n santafesina con la del resto del pa\u00eds.<\/p>\n\t\t\t<\/div>\n\t\t\t\t\t<\/div>\n\t<\/div>\n<\/div>\n\t\t\t<div id=\"ccp-modal-1-31462\" class=\"ccp-modal\" hidden>\n\t<div class=\"ccp-modal__overlay\" data-ccp-close><\/div>\n\t<div class=\"ccp-modal__dialog\" role=\"dialog\" aria-modal=\"true\" aria-labelledby=\"ccp-modal-1-31462-title\" tabindex=\"-1\">\n\t\t<button class=\"ccp-modal__close\" type=\"button\" aria-label=\"Cerrar\" data-ccp-close>\n\t\t\t<span aria-hidden=\"true\">&times;<\/span>\n\t\t<\/button>\n\t\t<div class=\"ccp-modal__media\">\n\t\t\t\t\t\t\t<img loading=\"lazy\" width=\"1920\" height=\"1280\" src=\"https:\/\/www.santafeciudad.gov.ar\/capitalcultural\/wp-content\/uploads\/2026\/07\/MarcePucci_SC_MMAV_SalonAnualNacional_14012026_063.jpg\" class=\"ccp-modal__image wp-post-image\" alt=\"\" style=\"object-position: 50% 50%;\" sizes=\"auto, (max-width: 900px) calc(100vw - 24px), 44vw\" loading=\"lazy\" decoding=\"async\" srcset=\"https:\/\/www.santafeciudad.gov.ar\/capitalcultural\/wp-content\/uploads\/2026\/07\/MarcePucci_SC_MMAV_SalonAnualNacional_14012026_063.jpg 1920w, https:\/\/www.santafeciudad.gov.ar\/capitalcultural\/wp-content\/uploads\/2026\/07\/MarcePucci_SC_MMAV_SalonAnualNacional_14012026_063-300x200.jpg 300w, https:\/\/www.santafeciudad.gov.ar\/capitalcultural\/wp-content\/uploads\/2026\/07\/MarcePucci_SC_MMAV_SalonAnualNacional_14012026_063-1024x683.jpg 1024w, https:\/\/www.santafeciudad.gov.ar\/capitalcultural\/wp-content\/uploads\/2026\/07\/MarcePucci_SC_MMAV_SalonAnualNacional_14012026_063-768x512.jpg 768w, https:\/\/www.santafeciudad.gov.ar\/capitalcultural\/wp-content\/uploads\/2026\/07\/MarcePucci_SC_MMAV_SalonAnualNacional_14012026_063-1536x1024.jpg 1536w\" \/>\t\t\t\t\t<\/div>\n\t\t<div class=\"ccp-modal__body\">\n\t\t\t<div class=\"ccp-modal__tags\">\n\t\t\t\t\t\t\t\t\t<span class=\"ccp-tag ccp-tag--categoria\">CHARLA<\/span>\n\t\t\t\t\t\t\t\t<span class=\"ccp-tag ccp-tag--estado ccp-tag--ya-sucedio\">FINALIZADA<\/span>\n\t\t\t<\/div>\n\t\t\t<h2 id=\"ccp-modal-1-31462-title\" class=\"ccp-modal__title\">Conversatorio Sal\u00f3n Anual Nacional<\/h2>\n\t\t\t\t\t\t\t<p class=\"ccp-modal__date\">13 de febrero de 2026<\/p>\n\t\t\t\t\t\t\t\t\t\t<dl class=\"ccp-modal__details\">\n\t\t\t\t\t\t\t\t\t\t\t\t\t\t\t\t<div>\n\t\t\t\t\t\t\t<dt>Sala o ubicaci\u00f3n<\/dt>\n\t\t\t\t\t\t\t<dd>Viernes 13 de febrero a las 19 horas<\/dd>\n\t\t\t\t\t\t<\/div>\n\t\t\t\t\t\t\t\t\t<\/dl>\n\t\t\t\t\t\t<div class=\"ccp-modal__content\">\n\t\t\t\t<p>El viernes 13 de febrero a las 19 h en el Museo Municipal de Artes Visuales Sor Josefa D\u00edaz y Clucellas (San Mart\u00edn 2068), tendr\u00e1 lugar un conversatorio con los artistas que exhiben sus obras en el marco del Sal\u00f3n Anual Nacional. La charla girar\u00e1 en torno a las obras y procesos creativos, experiencias, visiones y reflexiones sobre los salones, el arte contempor\u00e1neo y el patrimonio. Participar\u00e1n Cintia Clara Romero, Mar\u00eda Elena Machuca, Paco Bergallo, Mauge Suarez, Pamela Bengochea y Flor Meyer. La coordinaci\u00f3n estar\u00e1 a cargo del Equipo de Educaci\u00f3n del Museo. La actividad es libre y gratuita.<\/p>\n<p>Sobre el Sal\u00f3n Anual Nacional<\/p>\n<p>El Sal\u00f3n Anual Nacional Museo Sor Josefa es una de las iniciativas m\u00e1s importantes de la Direcci\u00f3n de Patrimonio y Museos de la Secretar\u00eda de Cultura de la Municipalidad de Santa Fe. Propone situar, repensar y sostener buenas pr\u00e1cticas que nutran a la comunidad art\u00edstica local y a la ciudadan\u00eda. Representa la continuidad de una pol\u00edtica p\u00fablica que pone en di\u00e1logo la producci\u00f3n santafesina con la del resto del pa\u00eds.<\/p>\n<p>Los artistas que participan en esta edici\u00f3n son: Erica AISEN (CABA), Pamela BENGOCHEA (Santo Tom\u00e9, Santa Fe), Paco BERGALLO (Santa Fe, Santa Fe), Sebasti\u00e1n BONA (Rufino, Santa Fe), Hern\u00e1n BORCHES (CABA), Colectivo FUGA (Rosario, Santa Fe), Carla COLOMBO (Rosario, Santa Fe), Emiliano D\u2019AMATO MATEO (San Miguel de Tucum\u00e1n, Tucum\u00e1n), Emilia DE LAS CARRERAS (CABA), Sof\u00eda DESUQUE (Rosario, Santa Fe), Camilo GUINOT (CABA), Mar\u00eda Elena MACHUCA (Avellaneda, Santa Fe), Santiago MARTINELLI (La Plata, Buenos Aires), Flor MEYER (Santa Fe, Santa Fe), Agust\u00edn MIGUEZ (Santa Fe, Santa Fe), Nacho PAUTASSO (Rafaela, Santa Fe), Juan REY (Tornquist, Buenos Aires), Lourdes RIVADENEYRA (San Miguel de Tucum\u00e1n, Tucum\u00e1n), Cintia Clara ROMERO (Rinc\u00f3n, Santa Fe), Luc\u00eda SORANS (CABA), Mauge SUAREZ (Santa Fe, Santa Fe), Jimena TRAVAGLIO (CABA), Patricia VIEL (R\u00edo Gallegos, Santa Cruz).<\/p>\n\t\t\t<\/div>\n\t\t\t\t\t<\/div>\n\t<\/div>\n<\/div>\n\t\t\t<div id=\"ccp-modal-1-31458\" class=\"ccp-modal\" hidden>\n\t<div class=\"ccp-modal__overlay\" data-ccp-close><\/div>\n\t<div class=\"ccp-modal__dialog\" role=\"dialog\" aria-modal=\"true\" aria-labelledby=\"ccp-modal-1-31458-title\" tabindex=\"-1\">\n\t\t<button class=\"ccp-modal__close\" type=\"button\" aria-label=\"Cerrar\" data-ccp-close>\n\t\t\t<span aria-hidden=\"true\">&times;<\/span>\n\t\t<\/button>\n\t\t<div class=\"ccp-modal__media\">\n\t\t\t\t\t\t\t<img loading=\"lazy\" width=\"1920\" height=\"1280\" src=\"https:\/\/www.santafeciudad.gov.ar\/capitalcultural\/wp-content\/uploads\/2026\/07\/MarcePucci_SC_MMAV_SalonAnualNacional_25012025_130.jpg\" class=\"ccp-modal__image wp-post-image\" alt=\"\" style=\"object-position: 50% 50%;\" sizes=\"auto, (max-width: 900px) calc(100vw - 24px), 44vw\" loading=\"lazy\" decoding=\"async\" srcset=\"https:\/\/www.santafeciudad.gov.ar\/capitalcultural\/wp-content\/uploads\/2026\/07\/MarcePucci_SC_MMAV_SalonAnualNacional_25012025_130.jpg 1920w, https:\/\/www.santafeciudad.gov.ar\/capitalcultural\/wp-content\/uploads\/2026\/07\/MarcePucci_SC_MMAV_SalonAnualNacional_25012025_130-300x200.jpg 300w, https:\/\/www.santafeciudad.gov.ar\/capitalcultural\/wp-content\/uploads\/2026\/07\/MarcePucci_SC_MMAV_SalonAnualNacional_25012025_130-1024x683.jpg 1024w, https:\/\/www.santafeciudad.gov.ar\/capitalcultural\/wp-content\/uploads\/2026\/07\/MarcePucci_SC_MMAV_SalonAnualNacional_25012025_130-768x512.jpg 768w, https:\/\/www.santafeciudad.gov.ar\/capitalcultural\/wp-content\/uploads\/2026\/07\/MarcePucci_SC_MMAV_SalonAnualNacional_25012025_130-1536x1024.jpg 1536w\" \/>\t\t\t\t\t<\/div>\n\t\t<div class=\"ccp-modal__body\">\n\t\t\t<div class=\"ccp-modal__tags\">\n\t\t\t\t\t\t\t\t\t<span class=\"ccp-tag ccp-tag--categoria\">ACTIVACI\u00d3N<\/span>\n\t\t\t\t\t\t\t\t<span class=\"ccp-tag ccp-tag--estado ccp-tag--ya-sucedio\">FINALIZADA<\/span>\n\t\t\t<\/div>\n\t\t\t<h2 id=\"ccp-modal-1-31458-title\" class=\"ccp-modal__title\">Datos sensibles<\/h2>\n\t\t\t\t\t\t\t<p class=\"ccp-modal__date\">6 de febrero de 2026<\/p>\n\t\t\t\t\t\t\t\t\t\t<dl class=\"ccp-modal__details\">\n\t\t\t\t\t\t\t\t\t\t\t<div>\n\t\t\t\t\t\t\t<dt>Horarios<\/dt>\n\t\t\t\t\t\t\t<dd>Viernes 6 de febrero a las 19 horas<\/dd>\n\t\t\t\t\t\t<\/div>\n\t\t\t\t\t\t\t\t\t\t\t\t\t\t<\/dl>\n\t\t\t\t\t\t<div class=\"ccp-modal__content\">\n\t\t\t\t<p>Se trata de un recorrido comentado por las obras que integran el Sal\u00f3n Anual Nacional, a cargo del Equipo de Educaci\u00f3n del Museo Municipal de Artes Visuales Sor Josefa D\u00edaz y Clucellas.<\/p>\n<p>En el marco del Sal\u00f3n Anual Nacional, que actualmente se exhibe en el Museo Municipal de Artes Visuales Sor Josefa D\u00edaz y Clucellas (San Mart\u00edn 2068), tendr\u00e1 lugar la activaci\u00f3n \u201cDatos sensibles\u201d, el viernes 6 de febrero a las 19 h.<\/p>\n<p>Se trata de un recorrido comentado a cargo del Equipo de Educaci\u00f3n del museo. A trav\u00e9s de una selecci\u00f3n de obras del Sal\u00f3n Anual Nacional, se propone un recorrido posible, activando relaciones de sentido entre obras que comparten la tecnolog\u00eda como elemento constitutivo. As\u00ed, se despliega una narrativa donde la tecnolog\u00eda se presenta como espacio cr\u00edtico y sensible de mediaci\u00f3n entre lo humano, lo simb\u00f3lico y lo artificial.<\/p>\n\t\t\t<\/div>\n\t\t\t\t\t<\/div>\n\t<\/div>\n<\/div>\n\t\t\t<div id=\"ccp-modal-1-31439\" class=\"ccp-modal\" hidden>\n\t<div class=\"ccp-modal__overlay\" data-ccp-close><\/div>\n\t<div class=\"ccp-modal__dialog\" role=\"dialog\" aria-modal=\"true\" aria-labelledby=\"ccp-modal-1-31439-title\" tabindex=\"-1\">\n\t\t<button class=\"ccp-modal__close\" type=\"button\" aria-label=\"Cerrar\" data-ccp-close>\n\t\t\t<span aria-hidden=\"true\">&times;<\/span>\n\t\t<\/button>\n\t\t<div class=\"ccp-modal__media\">\n\t\t\t\t\t\t\t<img loading=\"lazy\" width=\"2560\" height=\"1810\" src=\"https:\/\/www.santafeciudad.gov.ar\/capitalcultural\/wp-content\/uploads\/2026\/07\/desplegable-scaled.jpg\" class=\"ccp-modal__image wp-post-image\" alt=\"\" style=\"object-position: 50% 50%;\" sizes=\"auto, (max-width: 900px) calc(100vw - 24px), 44vw\" loading=\"lazy\" decoding=\"async\" srcset=\"https:\/\/www.santafeciudad.gov.ar\/capitalcultural\/wp-content\/uploads\/2026\/07\/desplegable-scaled.jpg 2560w, https:\/\/www.santafeciudad.gov.ar\/capitalcultural\/wp-content\/uploads\/2026\/07\/desplegable-300x212.jpg 300w, https:\/\/www.santafeciudad.gov.ar\/capitalcultural\/wp-content\/uploads\/2026\/07\/desplegable-1024x724.jpg 1024w, https:\/\/www.santafeciudad.gov.ar\/capitalcultural\/wp-content\/uploads\/2026\/07\/desplegable-768x543.jpg 768w, https:\/\/www.santafeciudad.gov.ar\/capitalcultural\/wp-content\/uploads\/2026\/07\/desplegable-1536x1086.jpg 1536w, https:\/\/www.santafeciudad.gov.ar\/capitalcultural\/wp-content\/uploads\/2026\/07\/desplegable-2048x1448.jpg 2048w\" \/>\t\t\t\t\t<\/div>\n\t\t<div class=\"ccp-modal__body\">\n\t\t\t<div class=\"ccp-modal__tags\">\n\t\t\t\t\t\t\t\t\t<span class=\"ccp-tag ccp-tag--categoria\">ACTIVIDAD<\/span>\n\t\t\t\t\t\t\t\t<span class=\"ccp-tag ccp-tag--estado ccp-tag--ya-sucedio\">FINALIZADA<\/span>\n\t\t\t<\/div>\n\t\t\t<h2 id=\"ccp-modal-1-31439-title\" class=\"ccp-modal__title\">La persistencia del tiempo<\/h2>\n\t\t\t\t\t\t\t<p class=\"ccp-modal__date\">18 de diciembre de 2025<\/p>\n\t\t\t\t\t\t\t\t\t\t<dl class=\"ccp-modal__details\">\n\t\t\t\t\t\t\t\t\t\t\t<div>\n\t\t\t\t\t\t\t<dt>Horarios<\/dt>\n\t\t\t\t\t\t\t<dd>S\u00e1bado 18 de octubre a las 18 horas<\/dd>\n\t\t\t\t\t\t<\/div>\n\t\t\t\t\t\t\t\t\t\t\t\t\t\t<\/dl>\n\t\t\t\t\t\t<div class=\"ccp-modal__content\">\n\t\t\t\t<p>El objetivo de la propuesta es generar un espacio de participaci\u00f3n horizontal, donde el p\u00fablico deja huella en el museo articulando memoria, historia y contemporaneidad.<\/p>\n<p>El s\u00e1bado 18 de octubre a las 18 h en el Museo Municipal de Artes Visuales Sor Josefa D\u00edaz y Clucellas (San Mart\u00edn 2068), tendr\u00e1 lugar \u201cLa persistencia del tiempo. Dispositivo de Intervenci\u00f3n\u201d. La actividad es libre y gratuita.<\/p>\n<p>La actividad es una din\u00e1mica organizada en torno a un dispositivo que est\u00e1 instalado en sala llamado &#8220;La persistencia del tiempo&#8221; que involucra los ejes: capas de tiempos y la memoria, parte de la exposici\u00f3n de Julieta Barderi. El objetivo de la propuesta es generar un espacio de participaci\u00f3n horizontal, donde el p\u00fablico deja huella en el museo, articulando memoria, historia y contemporaneidad.<\/p>\n<p>Consiste en una primera instancia de observaci\u00f3n de la obra, para luego pasar a una instancia de dibujo individual con unas fichas que tienen la leyenda &#8220;Aquello que quieras recordar&#8221; y &#8220;Aquello que quieras borrar&#8221; para finalmente sumar ese aporte individual a un plano transparente colectivo, que visita tras visita se enriquece de los trazos (relatos, memorias) del p\u00fablico. Este plano pl\u00e1stico se va superponiendo con otros a medida que pasa el tiempo generando zonas de manchas, borrones y superposiciones, que dialogan con la est\u00e9tica pict\u00f3rica de Julieta Barderi.<\/p>\n<p>La propuesta es abierta y gratuita, destinada a todas las edades y tendr\u00e1 una hora de duraci\u00f3n.<\/p>\n\t\t\t<\/div>\n\t\t\t\t\t<\/div>\n\t<\/div>\n<\/div>\n\t\t\t<div id=\"ccp-modal-1-31398\" class=\"ccp-modal\" hidden>\n\t<div class=\"ccp-modal__overlay\" data-ccp-close><\/div>\n\t<div class=\"ccp-modal__dialog\" role=\"dialog\" aria-modal=\"true\" aria-labelledby=\"ccp-modal-1-31398-title\" tabindex=\"-1\">\n\t\t<button class=\"ccp-modal__close\" type=\"button\" aria-label=\"Cerrar\" data-ccp-close>\n\t\t\t<span aria-hidden=\"true\">&times;<\/span>\n\t\t<\/button>\n\t\t<div class=\"ccp-modal__media\">\n\t\t\t\t\t\t\t<img loading=\"lazy\" width=\"2560\" height=\"1440\" src=\"https:\/\/www.santafeciudad.gov.ar\/capitalcultural\/wp-content\/uploads\/2026\/07\/20231209_182646-scaled.jpg\" class=\"ccp-modal__image wp-post-image\" alt=\"\" style=\"object-position: 50% 50%;\" sizes=\"auto, (max-width: 900px) calc(100vw - 24px), 44vw\" loading=\"lazy\" decoding=\"async\" srcset=\"https:\/\/www.santafeciudad.gov.ar\/capitalcultural\/wp-content\/uploads\/2026\/07\/20231209_182646-scaled.jpg 2560w, https:\/\/www.santafeciudad.gov.ar\/capitalcultural\/wp-content\/uploads\/2026\/07\/20231209_182646-300x169.jpg 300w, https:\/\/www.santafeciudad.gov.ar\/capitalcultural\/wp-content\/uploads\/2026\/07\/20231209_182646-1024x576.jpg 1024w, https:\/\/www.santafeciudad.gov.ar\/capitalcultural\/wp-content\/uploads\/2026\/07\/20231209_182646-768x432.jpg 768w, https:\/\/www.santafeciudad.gov.ar\/capitalcultural\/wp-content\/uploads\/2026\/07\/20231209_182646-1536x864.jpg 1536w, https:\/\/www.santafeciudad.gov.ar\/capitalcultural\/wp-content\/uploads\/2026\/07\/20231209_182646-2048x1152.jpg 2048w\" \/>\t\t\t\t\t<\/div>\n\t\t<div class=\"ccp-modal__body\">\n\t\t\t<div class=\"ccp-modal__tags\">\n\t\t\t\t\t\t\t\t\t<span class=\"ccp-tag ccp-tag--categoria\">MUESTRA<\/span>\n\t\t\t\t\t\t\t\t<span class=\"ccp-tag ccp-tag--estado ccp-tag--ya-sucedio\">FINALIZADA<\/span>\n\t\t\t<\/div>\n\t\t\t<h2 id=\"ccp-modal-1-31398-title\" class=\"ccp-modal__title\">Sal\u00f3n Anual Nacional<\/h2>\n\t\t\t\t\t\t\t<p class=\"ccp-modal__date\">Del 14 de noviembre de 2025 al 15 de febrero de 2026<\/p>\n\t\t\t\t\t\t\t\t\t\t<dl class=\"ccp-modal__details\">\n\t\t\t\t\t\t\t\t\t\t\t<div>\n\t\t\t\t\t\t\t<dt>Horarios<\/dt>\n\t\t\t\t\t\t\t<dd>Mi\u00e9rcoles a s\u00e1bados de 9:30 a 12:30 y de 17 a 20 horas y los domingos y feriados de 17 a 20 horas<\/dd>\n\t\t\t\t\t\t<\/div>\n\t\t\t\t\t\t\t\t\t\t\t\t\t\t<\/dl>\n\t\t\t\t\t\t<div class=\"ccp-modal__content\">\n\t\t\t\t<p>La muestra del Sal\u00f3n Anual Nacional del Museo Municipal de Artes Visuales Sor Josefa D\u00edaz y Clucellas (San Mart\u00edn 2068) , se exhibe hasta el domingo 15 de febrero de 2026 de mi\u00e9rcoles a s\u00e1bados de 9:30 a 12:30 y de 17 a 20 hs y los domingos y feriados de 17 a 20 h.<\/p>\n<p>Los Museos municipales con proyecci\u00f3n nacional<\/p>\n<p>El Sal\u00f3n Anual Nacional Museo Sor Josefa es una de las iniciativas m\u00e1s importantes de la Direcci\u00f3n de Patrimonio y Museos de la Secretar\u00eda de Cultura de la Municipalidad de Santa Fe. Propone situar, repensar y sostener buenas pr\u00e1cticas que nutran a la comunidad art\u00edstica local y a la ciudadan\u00eda. Representa la continuidad de una pol\u00edtica p\u00fablica que pone en di\u00e1logo la producci\u00f3n santafesina con la del resto del pa\u00eds.<\/p>\n<p>El formato Sal\u00f3n funciona como un dispositivo de andamiaje que tensiona su forma hist\u00f3rica para volverse permeable, abierto a las transformaciones del presente. Esta voluntad encarna el desaf\u00edo de convocar artistas de diversas pr\u00e1cticas, concepciones y tradiciones, para constituirse en un signo de convivencia que habilite nuevas lecturas del mundo. Al mismo tiempo, propone incrementar el patrimonio del Museo Municipal de Artes Visuales a trav\u00e9s de un premio adquisici\u00f3n otorgado por la Municipalidad de Santa Fe.<\/p>\n<p>Un mapa del arte argentino actual<\/p>\n<p>Para esta convocatoria se recibieron 322 postulaciones de todo el pa\u00eds. La selecci\u00f3n, conformada por veintitr\u00e9s artistas del centro, norte y sur del territorio nacional, nos invita a conectar distancias y trazar un mapa del arte argentino actual desde la ciudad de Santa Fe. De esta forma, el Sal\u00f3n Nacional vuelve a situarse como un territorio de encuentro. Reafirma su compromiso con la construcci\u00f3n de un espacio plural que busca reflejar la diversidad de las producciones contempor\u00e1neas y sostener el di\u00e1logo entre artistas, instituciones y p\u00fablicos.<\/p>\n<p>Jurado y obras seleccionadas<\/p>\n<p>En esta edici\u00f3n, el jurado estuvo integrado por la artista santafesina Daniela Arnaudo; el curador Rodrigo Alonso; la Directora Ejecutiva de Museos y Patrimonio, Mar\u00eda Laura Mart\u00ednez Spaggiari; y por Mar\u00eda Teresa Tenorio y Florencia Olmos, en representaci\u00f3n de las \u00e1reas de Conservaci\u00f3n y Restauraci\u00f3n y del Equipo de Educaci\u00f3n del Museo Sor Josefa.<\/p>\n<p>Las obras seleccionadas pertenecen a: Erica AISEN (CABA), Pamela BENGOCHEA (Santo Tom\u00e9, Santa Fe), Francisco BERGALLO (Santa Fe, Santa Fe), Sebasti\u00e1n BONA (Rufino, Santa Fe), Hern\u00e1n BORCHES (CABA), Colectivo Fuga (Rosario, Santa Fe), Carla COLOMBO (Rosario, Santa Fe), Emiliano D&#8217;AMATO MATEO (Tucum\u00e1n), Emilia DE LAS CARRERAS (CABA), Sof\u00eda DESUQUE (Rosario, Santa Fe), Camilo GUINOT (CABA), Mar\u00eda Elena MACHUCA (Avellaneda, Santa Fe), Santiago MARTINELLI (La Plata, Buenos Aires), Flor MEYER (Santa Fe, Santa Fe), Agust\u00edn MIGUEZ (Santa Fe, Santa Fe), Nacho PAUTASSO (Rafaela, Santa Fe), Juan REY (Tornquist, Buenos Aires), Lourdes RIVADENEYRA (Tucum\u00e1n), Cintia Clara ROMERO (San Jos\u00e9 del Rinc\u00f3n, Santa Fe), Luc\u00eda SORANS (CABA), Mauge SUAREZ (Santa Fe, Santa Fe), Jimena TRAVAGLIO (CABA), Patricia VIEL (R\u00edo Gallegos, Santa Cruz).<\/p>\n\t\t\t<\/div>\n\t\t\t\t\t<\/div>\n\t<\/div>\n<\/div>\n\t\t\t<div id=\"ccp-modal-1-31454\" class=\"ccp-modal\" hidden>\n\t<div class=\"ccp-modal__overlay\" data-ccp-close><\/div>\n\t<div class=\"ccp-modal__dialog\" role=\"dialog\" aria-modal=\"true\" aria-labelledby=\"ccp-modal-1-31454-title\" tabindex=\"-1\">\n\t\t<button class=\"ccp-modal__close\" type=\"button\" aria-label=\"Cerrar\" data-ccp-close>\n\t\t\t<span aria-hidden=\"true\">&times;<\/span>\n\t\t<\/button>\n\t\t<div class=\"ccp-modal__media\">\n\t\t\t\t\t\t\t<img loading=\"lazy\" width=\"1920\" height=\"2560\" src=\"https:\/\/www.santafeciudad.gov.ar\/capitalcultural\/wp-content\/uploads\/2026\/07\/Alquimia-2-scaled.jpg\" class=\"ccp-modal__image wp-post-image\" alt=\"\" style=\"object-position: 50% 50%;\" sizes=\"auto, (max-width: 900px) calc(100vw - 24px), 44vw\" loading=\"lazy\" decoding=\"async\" srcset=\"https:\/\/www.santafeciudad.gov.ar\/capitalcultural\/wp-content\/uploads\/2026\/07\/Alquimia-2-scaled.jpg 1920w, https:\/\/www.santafeciudad.gov.ar\/capitalcultural\/wp-content\/uploads\/2026\/07\/Alquimia-2-225x300.jpg 225w, https:\/\/www.santafeciudad.gov.ar\/capitalcultural\/wp-content\/uploads\/2026\/07\/Alquimia-2-768x1024.jpg 768w, https:\/\/www.santafeciudad.gov.ar\/capitalcultural\/wp-content\/uploads\/2026\/07\/Alquimia-2-1152x1536.jpg 1152w, https:\/\/www.santafeciudad.gov.ar\/capitalcultural\/wp-content\/uploads\/2026\/07\/Alquimia-2-1536x2048.jpg 1536w\" \/>\t\t\t\t\t<\/div>\n\t\t<div class=\"ccp-modal__body\">\n\t\t\t<div class=\"ccp-modal__tags\">\n\t\t\t\t\t\t\t\t\t<span class=\"ccp-tag ccp-tag--categoria\">TALLER<\/span>\n\t\t\t\t\t\t\t\t<span class=\"ccp-tag ccp-tag--estado ccp-tag--ya-sucedio\">FINALIZADA<\/span>\n\t\t\t<\/div>\n\t\t\t<h2 id=\"ccp-modal-1-31454-title\" class=\"ccp-modal__title\">Alquimia del Duelo<\/h2>\n\t\t\t\t\t\t\t<p class=\"ccp-modal__date\">5 de febrero de 2026<\/p>\n\t\t\t\t\t\t\t\t\t\t<dl class=\"ccp-modal__details\">\n\t\t\t\t\t\t\t\t\t\t\t<div>\n\t\t\t\t\t\t\t<dt>Horarios<\/dt>\n\t\t\t\t\t\t\t<dd>Jueves 5 de febrero de 17 a 20 horas<\/dd>\n\t\t\t\t\t\t<\/div>\n\t\t\t\t\t\t\t\t\t\t\t\t\t\t<\/dl>\n\t\t\t\t\t\t<div class=\"ccp-modal__content\">\n\t\t\t\t<p>En el marco de la muestra \u201cLa luna fue testigo de mi nacimiento pero guardar\u00e1 el secreto de mis muertes\u201d, que se exhibe en el espacio La Fresca del Museo Municipal de Artes Visuales Sor Josefa D\u00edaz y Clucellas (San Mart\u00edn 2068), tendr\u00e1 lugar la activaci\u00f3n \u201cAlquimia del Duelo\u201d. Presentada como un taller intensivo de pintura para adolescentes y adultos, se realizar\u00e1 el jueves 5 de febrero de 17 a 20 h y estar\u00e1 a cargo de la artista Eva Luna.<\/p>\n<p>Los interesados en participar deben inscribirse enviando un correo a <a href=\"mailto:educacion.museosorjosefa@santafeciudad.gov.ar\">educacion.museosorjosefa@santafeciudad.gov.ar<\/a> hasta el 4 de febrero. Cabe aclarar que se trata de una propuesta gratuita con cupo limitado (15 personas).<\/p>\n<p>Un di\u00e1logo entre la palabra escrita y la imagen<\/p>\n<p>La activaci\u00f3n se desprende de la serie de obras expuestas, las cuales exploran el duelo no como final, sino como proceso de metamorfosis. El duelo entendido como la p\u00e9rdida de un estado, un v\u00ednculo o una identidad, y la transformaci\u00f3n como la resiliencia del esp\u00edritu para poder reconfigurarse. El taller propone un di\u00e1logo entre la palabra escrita y la imagen, utilizando la literatura como puente para pensar im\u00e1genes.<\/p>\n<p>Se presentar\u00e1n una selecci\u00f3n diversa de fragmentos de autoras\/es que han servido de inspiraci\u00f3n para la serie. Los participantes se tomar\u00e1n un momento para leerlos, hasta que alguno les resuene. A partir de all\u00ed, empezaran a trabajar en la representaci\u00f3n de su propia visi\u00f3n y experiencia del duelo o la transformaci\u00f3n, sobre bastidor o fibro f\u00e1cil, utilizando acr\u00edlico.<\/p>\n<p>Sobre la muestra<\/p>\n<p>S\u00f3lo qui\u00e9n aprende a tocar el fondo del dolor y atravesar \u201csu noche oscura\u201d puede ir a la plenitud de la vida. Ese dolor debe ser mirado y asumido. Enfrentado desde la ca\u00edda, acunado y liberado despu\u00e9s. As\u00ed pasar\u00e1 y no se transformar\u00e1 en sufrimiento eterno. Este grito silencioso y femenino del que habla la pintura de Eva Luna nos muestra a quien vivi\u00f3 el dolor desde todas sus pieles y como la piel que muta y se abandona en una profunda metamorfosis, as\u00ed el proceso de vivir y cruzar todos los duelos para llegar al encuentro de \u201csi- misma\u201d y desde lo esencial parir un nuevo \u201cyo\u201d. S\u00f3lo se conoce lo bello de la luz si sabemos de la oscuridad.<\/p>\n\t\t\t<\/div>\n\t\t\t\t\t<\/div>\n\t<\/div>\n<\/div>\n\t\t\t<div id=\"ccp-modal-1-31445\" class=\"ccp-modal\" hidden>\n\t<div class=\"ccp-modal__overlay\" data-ccp-close><\/div>\n\t<div class=\"ccp-modal__dialog\" role=\"dialog\" aria-modal=\"true\" aria-labelledby=\"ccp-modal-1-31445-title\" tabindex=\"-1\">\n\t\t<button class=\"ccp-modal__close\" type=\"button\" aria-label=\"Cerrar\" data-ccp-close>\n\t\t\t<span aria-hidden=\"true\">&times;<\/span>\n\t\t<\/button>\n\t\t<div class=\"ccp-modal__media\">\n\t\t\t\t\t\t\t<img loading=\"lazy\" width=\"1920\" height=\"2560\" src=\"https:\/\/www.santafeciudad.gov.ar\/capitalcultural\/wp-content\/uploads\/2026\/07\/IMG_0950-scaled.jpg\" class=\"ccp-modal__image wp-post-image\" alt=\"\" style=\"object-position: 50% 50%;\" sizes=\"auto, (max-width: 900px) calc(100vw - 24px), 44vw\" loading=\"lazy\" decoding=\"async\" srcset=\"https:\/\/www.santafeciudad.gov.ar\/capitalcultural\/wp-content\/uploads\/2026\/07\/IMG_0950-scaled.jpg 1920w, https:\/\/www.santafeciudad.gov.ar\/capitalcultural\/wp-content\/uploads\/2026\/07\/IMG_0950-225x300.jpg 225w, https:\/\/www.santafeciudad.gov.ar\/capitalcultural\/wp-content\/uploads\/2026\/07\/IMG_0950-768x1024.jpg 768w, https:\/\/www.santafeciudad.gov.ar\/capitalcultural\/wp-content\/uploads\/2026\/07\/IMG_0950-1152x1536.jpg 1152w, https:\/\/www.santafeciudad.gov.ar\/capitalcultural\/wp-content\/uploads\/2026\/07\/IMG_0950-1536x2048.jpg 1536w\" \/>\t\t\t\t\t<\/div>\n\t\t<div class=\"ccp-modal__body\">\n\t\t\t<div class=\"ccp-modal__tags\">\n\t\t\t\t\t\t\t\t\t<span class=\"ccp-tag ccp-tag--categoria\">MUESTRA<\/span>\n\t\t\t\t\t\t\t\t<span class=\"ccp-tag ccp-tag--estado ccp-tag--ya-sucedio\">FINALIZADA<\/span>\n\t\t\t<\/div>\n\t\t\t<h2 id=\"ccp-modal-1-31445-title\" class=\"ccp-modal__title\">La luna fue testigo de mi nacimiento pero guardar\u00e1 el secreto de mis muertes<\/h2>\n\t\t\t\t\t\t\t<p class=\"ccp-modal__date\">Del 20 de noviembre de 2025 al 15 de febrero de 2026<\/p>\n\t\t\t\t\t\t\t\t\t\t<dl class=\"ccp-modal__details\">\n\t\t\t\t\t\t\t\t\t\t\t<div>\n\t\t\t\t\t\t\t<dt>Horarios<\/dt>\n\t\t\t\t\t\t\t<dd>Mi\u00e9rcoles a viernes de 9.30 a 12.30 y 17 a 20 horas. S\u00e1bados, domingos y feriados: 17 a 20 horas<\/dd>\n\t\t\t\t\t\t<\/div>\n\t\t\t\t\t\t\t\t\t\t\t\t\t\t\t\t<div>\n\t\t\t\t\t\t\t<dt>Sala o ubicaci\u00f3n<\/dt>\n\t\t\t\t\t\t\t<dd>Espacio expositivo La Fresca<\/dd>\n\t\t\t\t\t\t<\/div>\n\t\t\t\t\t\t\t\t\t<\/dl>\n\t\t\t\t\t\t<div class=\"ccp-modal__content\">\n\t\t\t\t<p>El espacio expositivo La Fresca presenta la muestra \u201cLa luna fue testigo de mi nacimiento pero guardar\u00e1 el secreto de mis muertes\u201d de Eva Luna. La inauguraci\u00f3n tendr\u00e1 lugar el jueves 20 de noviembre a las 20 h en el Museo Municipal de Artes Visuales Sor Josefa D\u00edaz y Clucellas (San Mart\u00edn 2068). Actividad libre y gratuita.<\/p>\n<p>Sobre la muestra<\/p>\n<p>S\u00f3lo qui\u00e9n aprende a tocar el fondo del dolor y atravesar \u201csu noche oscura\u201d puede ir a la plenitud de la vida. Ese dolor debe ser mirado y asumido. Enfrentado desde la ca\u00edda, acunado y liberado despu\u00e9s. As\u00ed pasar\u00e1 y no se transformar\u00e1 en sufrimiento eterno. Este grito silencioso y femenino del que habla la pintura de Eva Luna nos muestra a quien vivi\u00f3 el dolor desde todas sus pieles y como la piel que muta y se abandona en una profunda metamorfosis, as\u00ed el proceso de vivir y cruzar todos los duelos para llegar al encuentro de \u201csi- misma\u201d y desde lo esencial parir un nuevo \u201cyo\u201d. S\u00f3lo se conoce lo bello de la luz si sabemos de la oscuridad.<\/p>\n<p>Sobre La Fresca<\/p>\n<p>La Fresca es un proyecto expositivo destinado al arte contempor\u00e1neo j\u00f3ven de nuestra ciudad, donde una pared del museo se convierte en un territorio para investigar, producir y difundir arte contempor\u00e1neo emergente y su contexto. Es un espacio para formar comunidad a partir de pr\u00e1cticas y experiencias pedag\u00f3gicas en arte.<\/p>\n\t\t\t<\/div>\n\t\t\t\t\t<\/div>\n\t<\/div>\n<\/div>\n\t\t\t<div id=\"ccp-modal-1-31451\" class=\"ccp-modal\" hidden>\n\t<div class=\"ccp-modal__overlay\" data-ccp-close><\/div>\n\t<div class=\"ccp-modal__dialog\" role=\"dialog\" aria-modal=\"true\" aria-labelledby=\"ccp-modal-1-31451-title\" tabindex=\"-1\">\n\t\t<button class=\"ccp-modal__close\" type=\"button\" aria-label=\"Cerrar\" data-ccp-close>\n\t\t\t<span aria-hidden=\"true\">&times;<\/span>\n\t\t<\/button>\n\t\t<div class=\"ccp-modal__media\">\n\t\t\t\t\t\t\t<img loading=\"lazy\" width=\"2560\" height=\"1668\" src=\"https:\/\/www.santafeciudad.gov.ar\/capitalcultural\/wp-content\/uploads\/2026\/07\/291-scaled.jpg\" class=\"ccp-modal__image wp-post-image\" alt=\"\" style=\"object-position: 50% 50%;\" sizes=\"auto, (max-width: 900px) calc(100vw - 24px), 44vw\" loading=\"lazy\" decoding=\"async\" srcset=\"https:\/\/www.santafeciudad.gov.ar\/capitalcultural\/wp-content\/uploads\/2026\/07\/291-scaled.jpg 2560w, https:\/\/www.santafeciudad.gov.ar\/capitalcultural\/wp-content\/uploads\/2026\/07\/291-300x195.jpg 300w, https:\/\/www.santafeciudad.gov.ar\/capitalcultural\/wp-content\/uploads\/2026\/07\/291-1024x667.jpg 1024w, https:\/\/www.santafeciudad.gov.ar\/capitalcultural\/wp-content\/uploads\/2026\/07\/291-768x500.jpg 768w, https:\/\/www.santafeciudad.gov.ar\/capitalcultural\/wp-content\/uploads\/2026\/07\/291-1536x1001.jpg 1536w, https:\/\/www.santafeciudad.gov.ar\/capitalcultural\/wp-content\/uploads\/2026\/07\/291-2048x1334.jpg 2048w\" \/>\t\t\t\t\t<\/div>\n\t\t<div class=\"ccp-modal__body\">\n\t\t\t<div class=\"ccp-modal__tags\">\n\t\t\t\t\t\t\t\t\t<span class=\"ccp-tag ccp-tag--categoria\">PRESENTACI\u00d3N<\/span>\n\t\t\t\t\t\t\t\t<span class=\"ccp-tag ccp-tag--estado ccp-tag--ya-sucedio\">FINALIZADA<\/span>\n\t\t\t<\/div>\n\t\t\t<h2 id=\"ccp-modal-1-31451-title\" class=\"ccp-modal__title\">90 a\u00f1os de historia, arte y comunidad<\/h2>\n\t\t\t\t\t\t\t<p class=\"ccp-modal__date\">28 de enero de 2026<\/p>\n\t\t\t\t\t\t\t\t\t<div class=\"ccp-modal__content\">\n\t\t\t\t<p>El 28 de enero de 1936 comenz\u00f3 a escribirse la historia de este museo. Primero en el foyer del Teatro Municipal y, desde 1944, en la casa de San Mart\u00edn 2068, un espacio que supo transformarse para albergar creatividad, pensamiento y encuentro.<\/p>\n<p>Desde sus or\u00edgenes, el Museo Municipal de Artes Visuales naci\u00f3 con una vocaci\u00f3n clara: dar visibilidad al arte local y abrir sus puertas a artistas nacionales e internacionales, con especial atenci\u00f3n a las voces emergentes. Fue tambi\u00e9n academia, taller y refugio creativo, donde convivieron la pintura, la escultura, las danzas folkl\u00f3ricas y una biblioteca especializada que acompa\u00f1\u00f3 la formaci\u00f3n y el intercambio.<\/p>\n<p>El edificio que hoy lo contiene guarda su propia memoria. Construido entre 1902 y 1903, perteneci\u00f3 a Don Eliseo Videla y conserva una impronta academicista de l\u00edneas italianizantes. Fue escenario de la vida social santafesina como sede del Club del Orden y, desde 1942, forma parte del patrimonio de la Municipalidad de Santa Fe.<\/p>\n<p>Desde 1957, el museo lleva el nombre de Sor Josefa D\u00edaz y Clucellas (1852\u20131917), en homenaje a su legado pionero. Santafesina, artista precoz, fue la primera pintora con firma del continente y la \u00fanica mujer argentina en representar al pa\u00eds en la Exposici\u00f3n Universal de Filadelfia en 1876. Su nombre hoy sigue iluminando este espacio dedicado al arte y la creaci\u00f3n con su obra \u201cJes\u00fas y los ni\u00f1os\u201d, patrimonio del museo.<\/p>\n<p>Creado oficialmente por el Decreto N\u00ba 16\/1936, el museo se consolid\u00f3 como un referente de las artes visuales de la ciudad y la regi\u00f3n.<\/p>\n<p>Por sus salas transitaron nombres que hoy integran la historia del arte argentino y latinoamericano: Luis Felipe No\u00e9, Demirjian, P\u00e9rez Celis, Ricardo Supisiche, Leonidas Gambartes, Juan Grela, Ra\u00fal Soldi, P\u00e1ez Vilar\u00f3, Rocambole, Ferruccio Polacco, Felipe Pino, Beatriz Mart\u00edn, Fern\u00e1ndez Navarro, Richard Pautasso, Carlos Delmonte, Gladys Desumvila, Esther Cardelino, Hamano Ryuho, Ana Mar\u00eda Pizarro, Francisco Puccinelli, Ana Weiss de Rossi, Mildred Burton, Mele Bruniard, Alicia Sedlacek, Israel Hoffmann, Nancy Vallejos, Mirian Robiano, Jos\u00e9 Sedlacek y Artemio Alisio, entre tantos otros.<\/p>\n<p>En sus espacios tuvieron lugar experiencias imborrables: disertaciones con Felipe No\u00e9, Alfredo Portillo y Carlos Delmonte; charlas con cr\u00edticos de arte de la talla del Dr. Taverna Irigoyen; talleres de dibujo con modelo en vivo. En la planta alta, durante cinco a\u00f1os, funcion\u00f3 la sala Luis Di Filippo, con propuestas de artistas j\u00f3venes y emergentes.<\/p>\n<p>Presente vivo<\/p>\n<p>Hoy, el museo resguarda un patrimonio de m\u00e1s de 1100 obras: pinturas, esculturas, dibujos y grabados del siglo XX, que dialogan con expresiones contempor\u00e1neas incorporadas a trav\u00e9s de adquisiciones, donaciones y premios.<\/p>\n<p>Depende de la Secretar\u00eda de Cultura de la Municipalidad de Santa Fe y se proyecta como un espacio abierto y accesible: salas climatizadas, patio de esculturas, biblioteca especializada, reserva y restauraci\u00f3n de obras, junto a equipos dedicados a la mediaci\u00f3n, la educaci\u00f3n y el cuidado del patrimonio.<\/p>\n<p>La democratizaci\u00f3n del espacio expositivo se concreta a trav\u00e9s de herramientas clave como la Convocatoria de Proyectos Expositivos para Espacios Municipales y el Premio Municipal de Artes Visuales Sal\u00f3n Anual Nacional. Estas iniciativas abren el museo a artistas de la ciudad, la regi\u00f3n y el pa\u00eds, impulsando proyectos sin l\u00edmites disciplinares y fortaleciendo la escena art\u00edstica local mediante est\u00edmulos econ\u00f3micos y premios adquisici\u00f3n, con procesos transparentes y jurados de reconocida trayectoria.<\/p>\n<p>Como parte de las pol\u00edticas culturales del municipio, el museo tambi\u00e9n dialoga con propuestas de alcance nacional y latinoamericano. En este camino, por ejemplo, Bienalsur, la bienal itinerante de la Universidad Nacional de Tres de Febrero, lleg\u00f3 por primera vez a Santa Fe en 2023, con una programaci\u00f3n diversa y contempor\u00e1nea.<\/p>\n<p>As\u00ed, a trav\u00e9s de convocatorias abiertas, salones nacionales, propuestas educativas y redes, el Museo Sor Josefa reafirma, a 90 a\u00f1os, su compromiso con el arte, la memoria y el presente cultural de Santa Fe.Un espacio que sigue creciendo, latiendo y construy\u00e9ndose junto a su comunidad.<\/p>\n\t\t\t<\/div>\n\t\t\t\t\t<\/div>\n\t<\/div>\n<\/div>\n\t\t\t<div id=\"ccp-modal-1-31437\" class=\"ccp-modal\" hidden>\n\t<div class=\"ccp-modal__overlay\" data-ccp-close><\/div>\n\t<div class=\"ccp-modal__dialog\" role=\"dialog\" aria-modal=\"true\" aria-labelledby=\"ccp-modal-1-31437-title\" tabindex=\"-1\">\n\t\t<button class=\"ccp-modal__close\" type=\"button\" aria-label=\"Cerrar\" data-ccp-close>\n\t\t\t<span aria-hidden=\"true\">&times;<\/span>\n\t\t<\/button>\n\t\t<div class=\"ccp-modal__media\">\n\t\t\t\t\t\t\t<img loading=\"lazy\" width=\"2560\" height=\"1920\" src=\"https:\/\/www.santafeciudad.gov.ar\/capitalcultural\/wp-content\/uploads\/2026\/07\/20251003_130746-scaled.jpg\" class=\"ccp-modal__image wp-post-image\" alt=\"\" style=\"object-position: 50% 50%;\" sizes=\"auto, (max-width: 900px) calc(100vw - 24px), 44vw\" loading=\"lazy\" decoding=\"async\" srcset=\"https:\/\/www.santafeciudad.gov.ar\/capitalcultural\/wp-content\/uploads\/2026\/07\/20251003_130746-scaled.jpg 2560w, https:\/\/www.santafeciudad.gov.ar\/capitalcultural\/wp-content\/uploads\/2026\/07\/20251003_130746-300x225.jpg 300w, https:\/\/www.santafeciudad.gov.ar\/capitalcultural\/wp-content\/uploads\/2026\/07\/20251003_130746-1024x768.jpg 1024w, https:\/\/www.santafeciudad.gov.ar\/capitalcultural\/wp-content\/uploads\/2026\/07\/20251003_130746-768x576.jpg 768w, https:\/\/www.santafeciudad.gov.ar\/capitalcultural\/wp-content\/uploads\/2026\/07\/20251003_130746-1536x1152.jpg 1536w, https:\/\/www.santafeciudad.gov.ar\/capitalcultural\/wp-content\/uploads\/2026\/07\/20251003_130746-2048x1536.jpg 2048w\" \/>\t\t\t\t\t<\/div>\n\t\t<div class=\"ccp-modal__body\">\n\t\t\t<div class=\"ccp-modal__tags\">\n\t\t\t\t\t\t\t\t\t<span class=\"ccp-tag ccp-tag--categoria\">ACTIVACI\u00d3N<\/span>\n\t\t\t\t\t\t\t\t<span class=\"ccp-tag ccp-tag--estado ccp-tag--ya-sucedio\">FINALIZADA<\/span>\n\t\t\t<\/div>\n\t\t\t<h2 id=\"ccp-modal-1-31437-title\" class=\"ccp-modal__title\">\u00bfQui\u00e9n nos dir\u00e1 las cosas?<\/h2>\n\t\t\t\t\t\t\t<p class=\"ccp-modal__date\">8 de octubre de 2025<\/p>\n\t\t\t\t\t\t\t\t\t\t<dl class=\"ccp-modal__details\">\n\t\t\t\t\t\t\t\t\t\t\t<div>\n\t\t\t\t\t\t\t<dt>Horarios<\/dt>\n\t\t\t\t\t\t\t<dd>Mi\u00e9rcoles 8 de octubre a las 18 horas<\/dd>\n\t\t\t\t\t\t<\/div>\n\t\t\t\t\t\t\t\t\t\t\t\t\t\t<\/dl>\n\t\t\t\t\t\t<div class=\"ccp-modal__content\">\n\t\t\t\t<p>Recorrido comentado por la muestra del que participar\u00e1 Barderi. Actividad libre y gratuita.<\/p>\n\t\t\t<\/div>\n\t\t\t\t\t<\/div>\n\t<\/div>\n<\/div>\n\t\t\t<div id=\"ccp-modal-1-31434\" class=\"ccp-modal\" hidden>\n\t<div class=\"ccp-modal__overlay\" data-ccp-close><\/div>\n\t<div class=\"ccp-modal__dialog\" role=\"dialog\" aria-modal=\"true\" aria-labelledby=\"ccp-modal-1-31434-title\" tabindex=\"-1\">\n\t\t<button class=\"ccp-modal__close\" type=\"button\" aria-label=\"Cerrar\" data-ccp-close>\n\t\t\t<span aria-hidden=\"true\">&times;<\/span>\n\t\t<\/button>\n\t\t<div class=\"ccp-modal__media\">\n\t\t\t\t\t\t\t<img loading=\"lazy\" width=\"2560\" height=\"1920\" src=\"https:\/\/www.santafeciudad.gov.ar\/capitalcultural\/wp-content\/uploads\/2026\/07\/20251003_130746-scaled.jpg\" class=\"ccp-modal__image wp-post-image\" alt=\"\" style=\"object-position: 50% 50%;\" sizes=\"auto, (max-width: 900px) calc(100vw - 24px), 44vw\" loading=\"lazy\" decoding=\"async\" srcset=\"https:\/\/www.santafeciudad.gov.ar\/capitalcultural\/wp-content\/uploads\/2026\/07\/20251003_130746-scaled.jpg 2560w, https:\/\/www.santafeciudad.gov.ar\/capitalcultural\/wp-content\/uploads\/2026\/07\/20251003_130746-300x225.jpg 300w, https:\/\/www.santafeciudad.gov.ar\/capitalcultural\/wp-content\/uploads\/2026\/07\/20251003_130746-1024x768.jpg 1024w, https:\/\/www.santafeciudad.gov.ar\/capitalcultural\/wp-content\/uploads\/2026\/07\/20251003_130746-768x576.jpg 768w, https:\/\/www.santafeciudad.gov.ar\/capitalcultural\/wp-content\/uploads\/2026\/07\/20251003_130746-1536x1152.jpg 1536w, https:\/\/www.santafeciudad.gov.ar\/capitalcultural\/wp-content\/uploads\/2026\/07\/20251003_130746-2048x1536.jpg 2048w\" \/>\t\t\t\t\t<\/div>\n\t\t<div class=\"ccp-modal__body\">\n\t\t\t<div class=\"ccp-modal__tags\">\n\t\t\t\t\t\t\t\t\t<span class=\"ccp-tag ccp-tag--categoria\">MUESTRA<\/span>\n\t\t\t\t\t\t\t\t<span class=\"ccp-tag ccp-tag--estado ccp-tag--ya-sucedio\">FINALIZADA<\/span>\n\t\t\t<\/div>\n\t\t\t<h2 id=\"ccp-modal-1-31434-title\" class=\"ccp-modal__title\">\u00bfQui\u00e9n nos dir\u00e1 las cosas?<\/h2>\n\t\t\t\t\t\t\t<p class=\"ccp-modal__date\">Del 12 de septiembre al 31 de octubre de 2025<\/p>\n\t\t\t\t\t\t\t\t\t\t<dl class=\"ccp-modal__details\">\n\t\t\t\t\t\t\t\t\t\t\t<div>\n\t\t\t\t\t\t\t<dt>Horarios<\/dt>\n\t\t\t\t\t\t\t<dd>Mi\u00e9rcoles a s\u00e1bados de 9.30 a 12.30 y de 16 a 19 horas y domingos y feriados de 16 a 19 horas<\/dd>\n\t\t\t\t\t\t<\/div>\n\t\t\t\t\t\t\t\t\t\t\t\t\t\t<\/dl>\n\t\t\t\t\t\t<div class=\"ccp-modal__content\">\n\t\t\t\t<p>La muestra &#8220;\u00bfQui\u00e9n nos dir\u00e1 las cosas?&#8221; de Julieta Barderi con textos de Agust\u00edn Fern\u00e1ndez.<\/p>\n\t\t\t<\/div>\n\t\t\t\t\t<\/div>\n\t<\/div>\n<\/div>\n\t\t\t<div id=\"ccp-modal-1-31431\" class=\"ccp-modal\" hidden>\n\t<div class=\"ccp-modal__overlay\" data-ccp-close><\/div>\n\t<div class=\"ccp-modal__dialog\" role=\"dialog\" aria-modal=\"true\" aria-labelledby=\"ccp-modal-1-31431-title\" tabindex=\"-1\">\n\t\t<button class=\"ccp-modal__close\" type=\"button\" aria-label=\"Cerrar\" data-ccp-close>\n\t\t\t<span aria-hidden=\"true\">&times;<\/span>\n\t\t<\/button>\n\t\t<div class=\"ccp-modal__media\">\n\t\t\t\t\t\t\t<img loading=\"lazy\" width=\"1044\" height=\"1425\" src=\"https:\/\/www.santafeciudad.gov.ar\/capitalcultural\/wp-content\/uploads\/2026\/07\/BrendaRos4.jpg\" class=\"ccp-modal__image wp-post-image\" alt=\"\" style=\"object-position: 50% 50%;\" sizes=\"auto, (max-width: 900px) calc(100vw - 24px), 44vw\" loading=\"lazy\" decoding=\"async\" srcset=\"https:\/\/www.santafeciudad.gov.ar\/capitalcultural\/wp-content\/uploads\/2026\/07\/BrendaRos4.jpg 1044w, https:\/\/www.santafeciudad.gov.ar\/capitalcultural\/wp-content\/uploads\/2026\/07\/BrendaRos4-220x300.jpg 220w, https:\/\/www.santafeciudad.gov.ar\/capitalcultural\/wp-content\/uploads\/2026\/07\/BrendaRos4-750x1024.jpg 750w, https:\/\/www.santafeciudad.gov.ar\/capitalcultural\/wp-content\/uploads\/2026\/07\/BrendaRos4-768x1048.jpg 768w\" \/>\t\t\t\t\t<\/div>\n\t\t<div class=\"ccp-modal__body\">\n\t\t\t<div class=\"ccp-modal__tags\">\n\t\t\t\t\t\t\t\t\t<span class=\"ccp-tag ccp-tag--categoria\">MUESTRA<\/span>\n\t\t\t\t\t\t\t\t<span class=\"ccp-tag ccp-tag--estado ccp-tag--ya-sucedio\">FINALIZADA<\/span>\n\t\t\t<\/div>\n\t\t\t<h2 id=\"ccp-modal-1-31431-title\" class=\"ccp-modal__title\">El silencio que aprende la forma del vac\u00edo<\/h2>\n\t\t\t\t\t\t\t<p class=\"ccp-modal__date\">Del 22 de agosto al 12 de octubre de 2025<\/p>\n\t\t\t\t\t\t\t\t\t\t<dl class=\"ccp-modal__details\">\n\t\t\t\t\t\t\t\t\t\t\t<div>\n\t\t\t\t\t\t\t<dt>Horarios<\/dt>\n\t\t\t\t\t\t\t<dd>Mi\u00e9rcoles a s\u00e1bados de 9.30 a 12.30 horas y los domingos y feriados de 16 a 19 horas<\/dd>\n\t\t\t\t\t\t<\/div>\n\t\t\t\t\t\t\t\t\t\t\t\t\t\t<\/dl>\n\t\t\t\t\t\t<div class=\"ccp-modal__content\">\n\t\t\t\t<p>La muestra \u201cEl silencio que aprende la forma del vac\u00edo\u201d de la artista Brenda Ros con texto de C\u00e9sar N\u00fa\u00f1ez, se inaugurar\u00e1 el viernes 22 de agosto a las 20 h en el marco de la nueva sala expositiva\u201cLa Fresca\u201d, en el Museo Municipal de Artes Visuales Sor Josefa D\u00edaz y Clucellas (San Mart\u00edn 2068) Podr\u00e1 visitarse con entrada libre y gratuita hasta el 12 de octubre de mi\u00e9rcoles a s\u00e1bados de 9.30 a 12.30 h y los domingos y feriados de 16 a 19 h.<\/p>\n<p>Sobre La Fresca<\/p>\n<p>La Fresca es un nuevo proyecto expositivo del Museo Municipal de Artes Visuales Sor Josefa D\u00edaz y Clucellas. Est\u00e1 destinado al arte contempor\u00e1neo j\u00f3ven de nuestra ciudad, donde una pared del museo se convierte en un territorio para exponer, investigar, producir y difundir arte contempor\u00e1neo emergente y su contexto. Su objetivo es formar comunidad a partir de pr\u00e1cticas y experiencias pedag\u00f3gicas en arte.<\/p>\n<p>Este espacio estar\u00e1 coordinado por el equipo de Educaci\u00f3n del Museo &#8220;Sor Josefa&#8221;. Este primer ciclo se inaugurar\u00e1 el 22 de agosto con la obra de Brenda Ros y continuar\u00e1 hasta octubre del pr\u00f3ximo a\u00f1o con distintas propuestas de j\u00f3venes artistas.<\/p>\n<p>Sobre \u201cEl silencio que aprende la forma del vac\u00edo\u201d<\/p>\n<p>La exhibici\u00f3n de Brenda Ross explora la identidad desde lo sensible, lo corporal y lo simb\u00f3lico a trav\u00e9s de pinturas y cer\u00e1micas. Su trabajo se articula a partir de una escucha profunda de aquello que vibra por debajo de la superficie: emociones que no siempre encuentran palabras, rastros de v\u00ednculos pasados, huellas que deja el tiempo sobre el cuerpo y la memoria. Actualmente, su investigaci\u00f3n visual se adentra en una dimensi\u00f3n m\u00e1s on\u00edrica, donde lo monstruoso se presenta desde lo sutil, lo ambiguo y lo tierno. La oscuridad del monte (tradicionalmente asociada al peligro, al miedo o a lo desconocido) se resignifica en sus pinturas como un espacio f\u00e9rtil, lleno de peque\u00f1as presencias que invitan a mirar con detenimiento.<\/p>\n\t\t\t<\/div>\n\t\t\t\t\t<\/div>\n\t<\/div>\n<\/div>\n\t\t\t<div id=\"ccp-modal-1-31425\" class=\"ccp-modal\" hidden>\n\t<div class=\"ccp-modal__overlay\" data-ccp-close><\/div>\n\t<div class=\"ccp-modal__dialog\" role=\"dialog\" aria-modal=\"true\" aria-labelledby=\"ccp-modal-1-31425-title\" tabindex=\"-1\">\n\t\t<button class=\"ccp-modal__close\" type=\"button\" aria-label=\"Cerrar\" data-ccp-close>\n\t\t\t<span aria-hidden=\"true\">&times;<\/span>\n\t\t<\/button>\n\t\t<div class=\"ccp-modal__media\">\n\t\t\t\t\t\t\t<img loading=\"lazy\" width=\"2208\" height=\"2560\" src=\"https:\/\/www.santafeciudad.gov.ar\/capitalcultural\/wp-content\/uploads\/2026\/07\/Para-el-taller-scaled.jpg\" class=\"ccp-modal__image wp-post-image\" alt=\"\" style=\"object-position: 50% 50%;\" sizes=\"auto, (max-width: 900px) calc(100vw - 24px), 44vw\" loading=\"lazy\" decoding=\"async\" srcset=\"https:\/\/www.santafeciudad.gov.ar\/capitalcultural\/wp-content\/uploads\/2026\/07\/Para-el-taller-scaled.jpg 2208w, https:\/\/www.santafeciudad.gov.ar\/capitalcultural\/wp-content\/uploads\/2026\/07\/Para-el-taller-259x300.jpg 259w, https:\/\/www.santafeciudad.gov.ar\/capitalcultural\/wp-content\/uploads\/2026\/07\/Para-el-taller-883x1024.jpg 883w, https:\/\/www.santafeciudad.gov.ar\/capitalcultural\/wp-content\/uploads\/2026\/07\/Para-el-taller-768x891.jpg 768w, https:\/\/www.santafeciudad.gov.ar\/capitalcultural\/wp-content\/uploads\/2026\/07\/Para-el-taller-1325x1536.jpg 1325w, https:\/\/www.santafeciudad.gov.ar\/capitalcultural\/wp-content\/uploads\/2026\/07\/Para-el-taller-1766x2048.jpg 1766w\" \/>\t\t\t\t\t<\/div>\n\t\t<div class=\"ccp-modal__body\">\n\t\t\t<div class=\"ccp-modal__tags\">\n\t\t\t\t\t\t\t\t\t<span class=\"ccp-tag ccp-tag--categoria\">TALLER<\/span>\n\t\t\t\t\t\t\t\t<span class=\"ccp-tag ccp-tag--estado ccp-tag--ya-sucedio\">FINALIZADA<\/span>\n\t\t\t<\/div>\n\t\t\t<h2 id=\"ccp-modal-1-31425-title\" class=\"ccp-modal__title\">Apropiaci\u00f3n y cita: Taller pr\u00e1ctico de intertextualidad pict\u00f3rica<\/h2>\n\t\t\t\t\t\t\t<p class=\"ccp-modal__date\">26 de julio de 2025<\/p>\n\t\t\t\t\t\t\t\t\t\t<dl class=\"ccp-modal__details\">\n\t\t\t\t\t\t\t\t\t\t\t<div>\n\t\t\t\t\t\t\t<dt>Horarios<\/dt>\n\t\t\t\t\t\t\t<dd>S\u00e1bado 26 de julio a las 17 horas<\/dd>\n\t\t\t\t\t\t<\/div>\n\t\t\t\t\t\t\t\t\t\t\t\t\t\t<\/dl>\n\t\t\t\t\t\t<div class=\"ccp-modal__content\">\n\t\t\t\t<p>El s\u00e1bado 26 a las 17 hs se realizar\u00e1 un taller guiado por el artista Kevin Montenegro, en el que se explorar\u00e1 la cita como operaci\u00f3n dial\u00e9ctica en las artes visuales. La actividad, dirigida a j\u00f3venes y adultos, incluir\u00e1 un recorrido mediado y una instancia pr\u00e1ctica de calcado y collage con im\u00e1genes disparadoras, para ello se solicita a los participantes traer tijeras.<\/p>\n\t\t\t<\/div>\n\t\t\t\t\t<\/div>\n\t<\/div>\n<\/div>\n\t\t\t<div id=\"ccp-modal-1-31422\" class=\"ccp-modal\" hidden>\n\t<div class=\"ccp-modal__overlay\" data-ccp-close><\/div>\n\t<div class=\"ccp-modal__dialog\" role=\"dialog\" aria-modal=\"true\" aria-labelledby=\"ccp-modal-1-31422-title\" tabindex=\"-1\">\n\t\t<button class=\"ccp-modal__close\" type=\"button\" aria-label=\"Cerrar\" data-ccp-close>\n\t\t\t<span aria-hidden=\"true\">&times;<\/span>\n\t\t<\/button>\n\t\t<div class=\"ccp-modal__media\">\n\t\t\t\t\t\t\t<img loading=\"lazy\" width=\"2560\" height=\"1916\" src=\"https:\/\/www.santafeciudad.gov.ar\/capitalcultural\/wp-content\/uploads\/2026\/07\/Para-el-recorrido-comentado-scaled.jpg\" class=\"ccp-modal__image wp-post-image\" alt=\"\" style=\"object-position: 50% 50%;\" sizes=\"auto, (max-width: 900px) calc(100vw - 24px), 44vw\" loading=\"lazy\" decoding=\"async\" srcset=\"https:\/\/www.santafeciudad.gov.ar\/capitalcultural\/wp-content\/uploads\/2026\/07\/Para-el-recorrido-comentado-scaled.jpg 2560w, https:\/\/www.santafeciudad.gov.ar\/capitalcultural\/wp-content\/uploads\/2026\/07\/Para-el-recorrido-comentado-300x225.jpg 300w, https:\/\/www.santafeciudad.gov.ar\/capitalcultural\/wp-content\/uploads\/2026\/07\/Para-el-recorrido-comentado-1024x767.jpg 1024w, https:\/\/www.santafeciudad.gov.ar\/capitalcultural\/wp-content\/uploads\/2026\/07\/Para-el-recorrido-comentado-768x575.jpg 768w, https:\/\/www.santafeciudad.gov.ar\/capitalcultural\/wp-content\/uploads\/2026\/07\/Para-el-recorrido-comentado-1536x1150.jpg 1536w, https:\/\/www.santafeciudad.gov.ar\/capitalcultural\/wp-content\/uploads\/2026\/07\/Para-el-recorrido-comentado-2048x1533.jpg 2048w\" \/>\t\t\t\t\t<\/div>\n\t\t<div class=\"ccp-modal__body\">\n\t\t\t<div class=\"ccp-modal__tags\">\n\t\t\t\t\t\t\t\t\t<span class=\"ccp-tag ccp-tag--categoria\">ACTIVACI\u00d3N<\/span>\n\t\t\t\t\t\t\t\t<span class=\"ccp-tag ccp-tag--estado ccp-tag--ya-sucedio\">FINALIZADA<\/span>\n\t\t\t<\/div>\n\t\t\t<h2 id=\"ccp-modal-1-31422-title\" class=\"ccp-modal__title\">Recorrido comentado muestra &#8220;Cr\u00f3nicas de una orilla distante&#8221;<\/h2>\n\t\t\t\t\t\t\t<p class=\"ccp-modal__date\">25 de julio de 2025<\/p>\n\t\t\t\t\t\t\t\t\t\t<dl class=\"ccp-modal__details\">\n\t\t\t\t\t\t\t\t\t\t\t<div>\n\t\t\t\t\t\t\t<dt>Horarios<\/dt>\n\t\t\t\t\t\t\t<dd>Viernes 25 de julio a las 18 horas<\/dd>\n\t\t\t\t\t\t<\/div>\n\t\t\t\t\t\t\t\t\t\t\t\t\t\t<\/dl>\n\t\t\t\t\t\t<div class=\"ccp-modal__content\">\n\t\t\t\t<p>El viernes 25 a las 18 hs el equipo de Educaci\u00f3n del Museo Sor Josefa llevar\u00e1 a cabo un recorrido comentado acompa\u00f1ados por el artista Kevin Montenegro, autor de Cr\u00f3nicas de una orilla distante, proyecto seleccionado en la convocatoria para proyectos expositivos 2025.<\/p>\n\t\t\t<\/div>\n\t\t\t\t\t<\/div>\n\t<\/div>\n<\/div>\n\t\t\t<div id=\"ccp-modal-1-31410\" class=\"ccp-modal\" hidden>\n\t<div class=\"ccp-modal__overlay\" data-ccp-close><\/div>\n\t<div class=\"ccp-modal__dialog\" role=\"dialog\" aria-modal=\"true\" aria-labelledby=\"ccp-modal-1-31410-title\" tabindex=\"-1\">\n\t\t<button class=\"ccp-modal__close\" type=\"button\" aria-label=\"Cerrar\" data-ccp-close>\n\t\t\t<span aria-hidden=\"true\">&times;<\/span>\n\t\t<\/button>\n\t\t<div class=\"ccp-modal__media\">\n\t\t\t\t\t\t\t<img loading=\"lazy\" width=\"1080\" height=\"1080\" src=\"https:\/\/www.santafeciudad.gov.ar\/capitalcultural\/wp-content\/uploads\/2026\/07\/617211521_17913938283122666_273882914285486744_n.jpg\" class=\"ccp-modal__image wp-post-image\" alt=\"\" style=\"object-position: 50% 50%;\" sizes=\"auto, (max-width: 900px) calc(100vw - 24px), 44vw\" loading=\"lazy\" decoding=\"async\" srcset=\"https:\/\/www.santafeciudad.gov.ar\/capitalcultural\/wp-content\/uploads\/2026\/07\/617211521_17913938283122666_273882914285486744_n.jpg 1080w, https:\/\/www.santafeciudad.gov.ar\/capitalcultural\/wp-content\/uploads\/2026\/07\/617211521_17913938283122666_273882914285486744_n-300x300.jpg 300w, https:\/\/www.santafeciudad.gov.ar\/capitalcultural\/wp-content\/uploads\/2026\/07\/617211521_17913938283122666_273882914285486744_n-1024x1024.jpg 1024w, https:\/\/www.santafeciudad.gov.ar\/capitalcultural\/wp-content\/uploads\/2026\/07\/617211521_17913938283122666_273882914285486744_n-150x150.jpg 150w, https:\/\/www.santafeciudad.gov.ar\/capitalcultural\/wp-content\/uploads\/2026\/07\/617211521_17913938283122666_273882914285486744_n-768x768.jpg 768w\" \/>\t\t\t\t\t<\/div>\n\t\t<div class=\"ccp-modal__body\">\n\t\t\t<div class=\"ccp-modal__tags\">\n\t\t\t\t\t\t\t\t\t<span class=\"ccp-tag ccp-tag--categoria\">MUESTRA<\/span>\n\t\t\t\t\t\t\t\t<span class=\"ccp-tag ccp-tag--estado ccp-tag--ya-sucedio\">FINALIZADA<\/span>\n\t\t\t<\/div>\n\t\t\t<h2 id=\"ccp-modal-1-31410-title\" class=\"ccp-modal__title\">Cr\u00f3nica de una orilla distante<\/h2>\n\t\t\t\t\t\t\t<p class=\"ccp-modal__date\">Del 4 de julio al 1 de octubre de 2025<\/p>\n\t\t\t\t\t\t\t\t\t<div class=\"ccp-modal__content\">\n\t\t\t\t<p>La muestra \u201cCr\u00f3nica de una orilla distante\u201d del artista Kevin Montenegro se inaugurar\u00e1 el viernes 4 de julio a las 20 h en el Museo Municipal de Artes Visuales Sor Josefa D\u00edaz y Clucellas (San Mart\u00edn 2068)<\/p>\n<p>La pintura de Kevin Montenegro indaga sensible y cr\u00edticamente sobre las estructuras de las violencias persistentes. Mediante un archivo personal interroga los entramados de sentido, enunciando un territorio pol\u00edtico y afectivo.<\/p>\n<p>Sobre la muestra<\/p>\n<p>Desde los bordes de un mundo sin nombre propio, entre las ruinas de la historia legitimada, sangra una herida abierta: la promesa incumplida de la modernidad. Las im\u00e1genes conversan con la pintura argentina y europea, pero s\u00f3lo para torcer su gram\u00e1tica, tensionando los discursos hegem\u00f3nicos y los procedimientos de la tradici\u00f3n pict\u00f3rica, revelando la fisura en el relato. La cita no es filiaci\u00f3n, sino advertencia.<\/p>\n<p>La \u00e9pica que ennobleci\u00f3 la derrota y estetiz\u00f3 el sufrimiento, aparece aqu\u00ed refutada, sin nostalgia. En estas visiones, el dolor no es estilo, sino cuerpo, y cada color, la impugnaci\u00f3n del ornamento. Pero al tiempo que hay desgarro hay caricia. Tambi\u00e9n desde el margen se puede nombrar el mundo con ternura.<\/p>\n<p>Sobre el artista<\/p>\n<p>Kevin Montenegro es un artista conurbano nacido en 1994 en Buenos Aires, Argentina. Vive y trabaja en Pilar. Es profesor en Artes Visuales con orientaci\u00f3n en pintura. Asisti\u00f3 a talleres y programas de formaci\u00f3n como Cl\u00ednica &#8220;Piedras Rodantes&#8221; por Sergio Bazan, Fundaci\u00f3n Cazadores (2025), Taller \u201cLas im\u00e1genes y las cosas\u201d dictado por Daniel Santoro (2024), Artista x Artista (2023), Taller \u201cPinte Ud\u201d con Gachi Rosati (2020-2022), y Taller de figura humana con Ernesto Pesce (2019).<\/p>\n<p>Su trabajo fue reconocido con el Premio Proyecto Expositivo en Museos y Espacios de Arte, Santa Fe (2025), la Menci\u00f3n honor\u00edfica del jurado del 101 Sal\u00f3n de Santa Fe (2024), la Menci\u00f3n de Honor \u201cErnestina Rivademar\u201d (2022) y la Beca Co-working en Galer\u00eda Camarones (2023). Expuso de forma individual en: Relatos Nocturnos de un Rosal, Cruces de la Memoria. Cap. II, Espacio Kumas (2024), y Relatos Nocturnos de un Rosal, Memoria y Herencia. Cap. I, Media Galer\u00eda (2023).<\/p>\n<p>Particip\u00f3 en salones y exhibiciones grupales como: Casa Nacional del Bicentenario (2025), Museo S\u00edvori (2025), Museo Pettoruti (2023-2024), Museo Rosa Galisteo (2024), Museo Moderno (2024), MACBA (2024), Manzana de las Luces (2023), Fundaci\u00f3n Klemm (2021), CCK (2021), entre otros<\/p>\n\t\t\t<\/div>\n\t\t\t\t\t<\/div>\n\t<\/div>\n<\/div>\n\t\t\t<div id=\"ccp-modal-1-31413\" class=\"ccp-modal\" hidden>\n\t<div class=\"ccp-modal__overlay\" data-ccp-close><\/div>\n\t<div class=\"ccp-modal__dialog\" role=\"dialog\" aria-modal=\"true\" aria-labelledby=\"ccp-modal-1-31413-title\" tabindex=\"-1\">\n\t\t<button class=\"ccp-modal__close\" type=\"button\" aria-label=\"Cerrar\" data-ccp-close>\n\t\t\t<span aria-hidden=\"true\">&times;<\/span>\n\t\t<\/button>\n\t\t<div class=\"ccp-modal__media\">\n\t\t\t\t\t\t\t<img loading=\"lazy\" width=\"2140\" height=\"2560\" src=\"https:\/\/www.santafeciudad.gov.ar\/capitalcultural\/wp-content\/uploads\/2026\/07\/Sofia-Desuque-scaled.jpg\" class=\"ccp-modal__image wp-post-image\" alt=\"\" style=\"object-position: 50% 50%;\" sizes=\"auto, (max-width: 900px) calc(100vw - 24px), 44vw\" loading=\"lazy\" decoding=\"async\" srcset=\"https:\/\/www.santafeciudad.gov.ar\/capitalcultural\/wp-content\/uploads\/2026\/07\/Sofia-Desuque-scaled.jpg 2140w, https:\/\/www.santafeciudad.gov.ar\/capitalcultural\/wp-content\/uploads\/2026\/07\/Sofia-Desuque-251x300.jpg 251w, https:\/\/www.santafeciudad.gov.ar\/capitalcultural\/wp-content\/uploads\/2026\/07\/Sofia-Desuque-856x1024.jpg 856w, https:\/\/www.santafeciudad.gov.ar\/capitalcultural\/wp-content\/uploads\/2026\/07\/Sofia-Desuque-768x919.jpg 768w, https:\/\/www.santafeciudad.gov.ar\/capitalcultural\/wp-content\/uploads\/2026\/07\/Sofia-Desuque-1284x1536.jpg 1284w, https:\/\/www.santafeciudad.gov.ar\/capitalcultural\/wp-content\/uploads\/2026\/07\/Sofia-Desuque-1712x2048.jpg 1712w\" \/>\t\t\t\t\t<\/div>\n\t\t<div class=\"ccp-modal__body\">\n\t\t\t<div class=\"ccp-modal__tags\">\n\t\t\t\t\t\t\t\t\t<span class=\"ccp-tag ccp-tag--categoria\">CONVOCATORIA<\/span>\n\t\t\t\t\t\t\t\t<span class=\"ccp-tag ccp-tag--estado ccp-tag--ya-sucedio\">FINALIZADA<\/span>\n\t\t\t<\/div>\n\t\t\t<h2 id=\"ccp-modal-1-31413-title\" class=\"ccp-modal__title\">Convocatoria al Sal\u00f3n Anual Nacional del Museo Municipal de Artes Visuales<\/h2>\n\t\t\t\t\t\t\t<p class=\"ccp-modal__date\">Del 27 de julio al 18 de septiembre de 2025<\/p>\n\t\t\t\t\t\t\t\t\t<div class=\"ccp-modal__content\">\n\t\t\t\t<p>La Municipalidad de Santa Fe abre la convocatoria para formar parte del Sal\u00f3n Anual del Museo Municipal de Artes Visuales \u201cSor Josefa D\u00edaz y Clucellas\u201d. La inscripci\u00f3n se encuentra abierta hasta el 18 de septiembre de forma online en https:\/\/santafeciudad.gov.ar\/secretaria-de-cultura\/convocatorias-vigentes\/.<\/p>\n<p>Objetivos<\/p>\n<p>El llamado se realiza con el objetivo de difundir las pr\u00e1cticas art\u00edsticas contempor\u00e1neas regionales y nacionales, incrementar el patrimonio del Museo Municipal de Artes Visuales a trav\u00e9s de un premio adquisici\u00f3n, incentivar la producci\u00f3n art\u00edstica regional y nacional a trav\u00e9s de asignaciones otorgadas por la Municipalidad y premios est\u00edmulo acordados con instituciones p\u00fablicas o privadas.<\/p>\n<p>Destinatarios<\/p>\n<p>Est\u00e1 destinada a artistas visuales mayores de 18 a\u00f1os, de nacionalidad argentina o extranjeros naturalizados o con un m\u00ednimo de dos a\u00f1os de residencia en el pa\u00eds debidamente acreditada con Declaraci\u00f3n Jurada de residencia y a colectivos de artistas visuales que pueden estar integrados por dos o m\u00e1s personas. En este caso los requisitos de edad, nacionalidad y residencia, deber\u00e1n ser cumplidos como m\u00ednimo, por la mitad de los integrantes o la mayor\u00eda seg\u00fan corresponda.<\/p>\n<p>Requisitos<\/p>\n<p>En el momento de realizar la inscripci\u00f3n se solicitar\u00e1:<\/p>\n<p>-Datos Personales: del Artista Individual o de cada uno de los integrantes del Colectivo, identificando entre ellos a un representante. En la documentaci\u00f3n presentada debe constar el domicilio y nombre del o de los artistas, perfectamente legibles.<\/p>\n<p>-Archivos de imagen digital: Registro del\/los documento\/s de identidad de cada artista (frente y dorso) y, de corresponder, la Designaci\u00f3n de Representante. En caso de artistas extranjeros, documentaci\u00f3n que acredite su residencia de acuerdo al Art\u00edculo<\/p>\n<p>-Datos de la obra: Se solicitar\u00e1 la carga de un \u00fanico archivo PDF elaborado seg\u00fan el Modelo de Postulaci\u00f3n de Obra.<\/p>\n<p>Sobre las obras<\/p>\n<p>Ser\u00e1n admitidas obras realizadas en diferentes variantes formales y conceptuales (sean bidimensionales o tridimensionales, audiovisuales, digitales o perform\u00e1ticas) Se podr\u00e1 postular hasta una obra por artista individual o colectivo de artistas. El artista que realice una postulaci\u00f3n individualmente podr\u00e1 a su vez formar parte de otra postulaci\u00f3n como integrante de un colectivo de artistas.<\/p>\n<p>El Jurado<\/p>\n<p>La selecci\u00f3n y premiaci\u00f3n de las obras ser\u00e1 llevada a cabo por el jurado integrado por Daniela Arnaudo y Rodrigo Alonso como jurados internos; en representaci\u00f3n de la Secretar\u00eda de Cultura estar\u00e1n Mar\u00eda Laura Mart\u00ednez Spaggiari (Directora Ejecutiva de Patrimonio y Museos) Florencia Olmos (Mediadora del \u00c1rea Pedag\u00f3gica del Museo Sor Josefa D\u00edaz y Clucellas) y Mar\u00eda Elena Tenorio (integrante del \u00c1rea de Conservaci\u00f3n y Restauraci\u00f3n de la Direcci\u00f3n de Museos).<\/p>\n<p>Sobre la selecci\u00f3n<\/p>\n<p>El jurado seleccionar\u00e1 hasta veinte obras, cuya n\u00f3mina se dar\u00e1 a conocer a trav\u00e9s de los medios de comunicaci\u00f3n oficiales de la Municipalidad y del Museo. Las decisiones del jurado ser\u00e1n irrecurribles. La Municipalidad de la Ciudad de Santa Fe otorgar\u00e1 una asignaci\u00f3n est\u00edmulo de $150.000 a cada obra seleccionada, que se har\u00e1 efectiva con posterioridad a la recepci\u00f3n de la obra y previa verificaci\u00f3n de cumplimiento de los requisitos establecidos en el reglamento. Por otra parte, la que resulte ganadora recibir\u00e1 el Premio Adquisici\u00f3n &#8220;Municipalidad de Santa Fe&#8221; de $2.500.000.<\/p>\n<p>Calendario<\/p>\n<p>-La inscripci\u00f3n estar\u00e1 abierta hasta el jueves 18 de septiembre de 2025 a las 23.59 horas.<\/p>\n<p>&#8211; Per\u00edodo de evaluaci\u00f3n de proyectos que participar\u00e1n de la exhibici\u00f3n: desde el viernes 19<br \/>\nde septiembre al viernes 3 de octubre de 2025<\/p>\n<p>&#8211; Comunicaci\u00f3n de la selecci\u00f3n: segunda semana de octubre de 2025<\/p>\n<p>&#8211; Recepci\u00f3n de las obras seleccionadas: deber\u00e1n ser remitidas al Museo desde el lunes 13 de octubre al viernes 24 de octubre, con cita previa. Las obras seleccionadas que no sean<br \/>\nentregadas dentro de este plazo, quedar\u00e1n autom\u00e1ticamente excluidas del Certamen, sin derecho<br \/>\na reclamo alguno.<\/p>\n<p>&#8211; Comunicaci\u00f3n de los premios: se realizar\u00e1 a partir del lunes 3 de noviembre de 2025<\/p>\n<p>&#8211; Inauguraci\u00f3n de la Muestra: viernes 14 de noviembre de 2025.<\/p>\n<p>&#8211; Devoluci\u00f3n de las obras: se llevar\u00e1 a cabo con cita previa, durante los 10 d\u00edas h\u00e1biles siguientes a la clausura de la exhibici\u00f3n, prevista para enero de 2026.<\/p>\n<p>Consultas<\/p>\n<p>Todas las consultas sobre el Certamen deber\u00e1n realizarse \u00fanicamente por correo electr\u00f3nico a la siguiente direcci\u00f3n: museo.sorjosefa@santafeciudad.gov.ar<\/p>\n\t\t\t<\/div>\n\t\t\t\t\t<\/div>\n\t<\/div>\n<\/div>\n\t\t\t<div id=\"ccp-modal-1-31442\" class=\"ccp-modal\" hidden>\n\t<div class=\"ccp-modal__overlay\" data-ccp-close><\/div>\n\t<div class=\"ccp-modal__dialog\" role=\"dialog\" aria-modal=\"true\" aria-labelledby=\"ccp-modal-1-31442-title\" tabindex=\"-1\">\n\t\t<button class=\"ccp-modal__close\" type=\"button\" aria-label=\"Cerrar\" data-ccp-close>\n\t\t\t<span aria-hidden=\"true\">&times;<\/span>\n\t\t<\/button>\n\t\t<div class=\"ccp-modal__media\">\n\t\t\t\t\t\t\t<img loading=\"lazy\" width=\"1920\" height=\"2560\" src=\"https:\/\/www.santafeciudad.gov.ar\/capitalcultural\/wp-content\/uploads\/2026\/07\/IMG_0950-scaled.jpg\" class=\"ccp-modal__image wp-post-image\" alt=\"\" style=\"object-position: 50% 50%;\" sizes=\"auto, (max-width: 900px) calc(100vw - 24px), 44vw\" loading=\"lazy\" decoding=\"async\" srcset=\"https:\/\/www.santafeciudad.gov.ar\/capitalcultural\/wp-content\/uploads\/2026\/07\/IMG_0950-scaled.jpg 1920w, https:\/\/www.santafeciudad.gov.ar\/capitalcultural\/wp-content\/uploads\/2026\/07\/IMG_0950-225x300.jpg 225w, https:\/\/www.santafeciudad.gov.ar\/capitalcultural\/wp-content\/uploads\/2026\/07\/IMG_0950-768x1024.jpg 768w, https:\/\/www.santafeciudad.gov.ar\/capitalcultural\/wp-content\/uploads\/2026\/07\/IMG_0950-1152x1536.jpg 1152w, https:\/\/www.santafeciudad.gov.ar\/capitalcultural\/wp-content\/uploads\/2026\/07\/IMG_0950-1536x2048.jpg 1536w\" \/>\t\t\t\t\t<\/div>\n\t\t<div class=\"ccp-modal__body\">\n\t\t\t<div class=\"ccp-modal__tags\">\n\t\t\t\t\t\t\t\t\t<span class=\"ccp-tag ccp-tag--categoria\">ACTIVACI\u00d3N<\/span>\n\t\t\t\t\t\t\t\t<span class=\"ccp-tag ccp-tag--estado ccp-tag--ya-sucedio\">FINALIZADA<\/span>\n\t\t\t<\/div>\n\t\t\t<h2 id=\"ccp-modal-1-31442-title\" class=\"ccp-modal__title\">Lo que fue o no lleg\u00f3 a ser<\/h2>\n\t\t\t\t\t\t\t<p class=\"ccp-modal__date\">25 de agosto de 2025<\/p>\n\t\t\t\t\t\t\t\t\t\t<dl class=\"ccp-modal__details\">\n\t\t\t\t\t\t\t\t\t\t\t<div>\n\t\t\t\t\t\t\t<dt>Horarios<\/dt>\n\t\t\t\t\t\t\t<dd>S\u00e1bado 25 de octubre de 18.30 a 19.30 horas<\/dd>\n\t\t\t\t\t\t<\/div>\n\t\t\t\t\t\t\t\t\t\t\t\t\t\t\t\t<div>\n\t\t\t\t\t\t\t<dt>Sala o ubicaci\u00f3n<\/dt>\n\t\t\t\t\t\t\t<dd>Espacio expositivo La Fresca<\/dd>\n\t\t\t\t\t\t<\/div>\n\t\t\t\t\t\t\t\t\t<\/dl>\n\t\t\t\t\t\t<div class=\"ccp-modal__content\">\n\t\t\t\t<p>Activaci\u00f3n de La Fresca: espacio expositivo para artistas emergentes, junto a Brenda Ros y su muestra El silencio que aprende la forma del vac\u00edo.<\/p>\n<p>Se propone una charla con la artista Brenda Ros en el marco de su muestra El silencio que aprende la forma del vac\u00edo, seguida de una actividad en sala que consiste en responder de manera gr\u00e1fica o escrita una serie de preguntas para ir cubriendo poco a poco sectores de un espejo, impidiendo paulatinamente el reflejo de los participantes.<br \/>\nCoordina: Equipo de Educaci\u00f3n.<\/p>\n\t\t\t<\/div>\n\t\t\t\t\t<\/div>\n\t<\/div>\n<\/div>\n\t\t\t<div id=\"ccp-modal-1-31428\" class=\"ccp-modal\" hidden>\n\t<div class=\"ccp-modal__overlay\" data-ccp-close><\/div>\n\t<div class=\"ccp-modal__dialog\" role=\"dialog\" aria-modal=\"true\" aria-labelledby=\"ccp-modal-1-31428-title\" tabindex=\"-1\">\n\t\t<button class=\"ccp-modal__close\" type=\"button\" aria-label=\"Cerrar\" data-ccp-close>\n\t\t\t<span aria-hidden=\"true\">&times;<\/span>\n\t\t<\/button>\n\t\t<div class=\"ccp-modal__media\">\n\t\t\t\t\t\t\t<img loading=\"lazy\" width=\"960\" height=\"1280\" src=\"https:\/\/www.santafeciudad.gov.ar\/capitalcultural\/wp-content\/uploads\/2026\/07\/SorJosefa1.jpeg\" class=\"ccp-modal__image wp-post-image\" alt=\"\" style=\"object-position: 50% 50%;\" sizes=\"auto, (max-width: 900px) calc(100vw - 24px), 44vw\" loading=\"lazy\" decoding=\"async\" srcset=\"https:\/\/www.santafeciudad.gov.ar\/capitalcultural\/wp-content\/uploads\/2026\/07\/SorJosefa1.jpeg 960w, https:\/\/www.santafeciudad.gov.ar\/capitalcultural\/wp-content\/uploads\/2026\/07\/SorJosefa1-225x300.jpeg 225w, https:\/\/www.santafeciudad.gov.ar\/capitalcultural\/wp-content\/uploads\/2026\/07\/SorJosefa1-768x1024.jpeg 768w\" \/>\t\t\t\t\t<\/div>\n\t\t<div class=\"ccp-modal__body\">\n\t\t\t<div class=\"ccp-modal__tags\">\n\t\t\t\t\t\t\t\t\t<span class=\"ccp-tag ccp-tag--categoria\">ACTIVACI\u00d3N<\/span>\n\t\t\t\t\t\t\t\t<span class=\"ccp-tag ccp-tag--estado ccp-tag--ya-sucedio\">FINALIZADA<\/span>\n\t\t\t<\/div>\n\t\t\t<h2 id=\"ccp-modal-1-31428-title\" class=\"ccp-modal__title\">Mes de las Infancias<\/h2>\n\t\t\t\t\t\t\t<p class=\"ccp-modal__date\">Del 22 al 23 de agosto de 2025<\/p>\n\t\t\t\t\t\t\t\t\t<div class=\"ccp-modal__content\">\n\t\t\t\t<p>En el marco del Mes de las Infancias, el Museo Municipal de Artes Visuales (San Mart\u00edn 2068) presenta \u201cRecorridos mediados para infancias y familias\u201d, el viernes 22 de agosto de 18 a 19 h. La actividad es libre y gratuita.<\/p>\n<p>En tanto que el s\u00e1bado 23 de agosto de 10 a 12 h tendr\u00e1n lugar las propuestas \u201cRinc\u00f3n Apropiacionista: H\u00e9roes y hero\u00ednas de mi barrio\u201d (una invitaci\u00f3n a transformar los personajes del museo en tus h\u00e9roes preferidos) y \u201cEntrevista a una obra\u201d (brindando a los m\u00e1s chicos la posibilidad de convertirse en periodistas y realizar una entrevista a pinturas o esculturas del pasado) Actividades libres y gratuitas.<\/p>\n\t\t\t<\/div>\n\t\t\t\t\t<\/div>\n\t<\/div>\n<\/div>\n\t\t\t<div id=\"ccp-modal-1-31404\" class=\"ccp-modal\" hidden>\n\t<div class=\"ccp-modal__overlay\" data-ccp-close><\/div>\n\t<div class=\"ccp-modal__dialog\" role=\"dialog\" aria-modal=\"true\" aria-labelledby=\"ccp-modal-1-31404-title\" tabindex=\"-1\">\n\t\t<button class=\"ccp-modal__close\" type=\"button\" aria-label=\"Cerrar\" data-ccp-close>\n\t\t\t<span aria-hidden=\"true\">&times;<\/span>\n\t\t<\/button>\n\t\t<div class=\"ccp-modal__media\">\n\t\t\t\t\t\t\t<img loading=\"lazy\" width=\"1920\" height=\"1280\" src=\"https:\/\/www.santafeciudad.gov.ar\/capitalcultural\/wp-content\/uploads\/2026\/07\/Visita3.jpg\" class=\"ccp-modal__image wp-post-image\" alt=\"\" style=\"object-position: 50% 50%;\" sizes=\"auto, (max-width: 900px) calc(100vw - 24px), 44vw\" loading=\"lazy\" decoding=\"async\" srcset=\"https:\/\/www.santafeciudad.gov.ar\/capitalcultural\/wp-content\/uploads\/2026\/07\/Visita3.jpg 1920w, https:\/\/www.santafeciudad.gov.ar\/capitalcultural\/wp-content\/uploads\/2026\/07\/Visita3-300x200.jpg 300w, https:\/\/www.santafeciudad.gov.ar\/capitalcultural\/wp-content\/uploads\/2026\/07\/Visita3-1024x683.jpg 1024w, https:\/\/www.santafeciudad.gov.ar\/capitalcultural\/wp-content\/uploads\/2026\/07\/Visita3-768x512.jpg 768w, https:\/\/www.santafeciudad.gov.ar\/capitalcultural\/wp-content\/uploads\/2026\/07\/Visita3-1536x1024.jpg 1536w\" \/>\t\t\t\t\t<\/div>\n\t\t<div class=\"ccp-modal__body\">\n\t\t\t<div class=\"ccp-modal__tags\">\n\t\t\t\t\t\t\t\t\t<span class=\"ccp-tag ccp-tag--categoria\">MUESTRA<\/span>\n\t\t\t\t\t\t\t\t<span class=\"ccp-tag ccp-tag--estado ccp-tag--ya-sucedio\">FINALIZADA<\/span>\n\t\t\t<\/div>\n\t\t\t<h2 id=\"ccp-modal-1-31404-title\" class=\"ccp-modal__title\">Una visita extraordinaria<\/h2>\n\t\t\t\t\t\t\t<p class=\"ccp-modal__date\">Del 24 de abril al 15 de junio de 2025<\/p>\n\t\t\t\t\t\t\t\t\t\t<dl class=\"ccp-modal__details\">\n\t\t\t\t\t\t\t\t\t\t\t<div>\n\t\t\t\t\t\t\t<dt>Horarios<\/dt>\n\t\t\t\t\t\t\t<dd>Mi\u00e9rcoles a s\u00e1bados de 9:30 a 12:30 horas; mi\u00e9rcoles a viernes de 16 a 20 horas; s\u00e1bados, domingos y feriados de 17 a 20 horas<\/dd>\n\t\t\t\t\t\t<\/div>\n\t\t\t\t\t\t\t\t\t\t\t\t\t\t<\/dl>\n\t\t\t\t\t\t<div class=\"ccp-modal__content\">\n\t\t\t\t<p>Este jueves 24 de abril a partir de las 20 horas, &#8220;Una visita extraordinaria\u201d, proyecto expositivo ganador de la Convocatoria para Museo y Espacios Municipales de Arte, se inaugurar\u00e1 en el Museo Municipal de Artes Visuales Sor Josefa D\u00edaz y Clucellas (San Mart\u00edn 2068). La muestra estar\u00e1 disponible para visitas hasta el 15 de junio de mi\u00e9rcoles a s\u00e1bados de 9:30 a 12:30 h; mi\u00e9rcoles a viernes de 16 a 20 h; s\u00e1bados, domingos y feriados de 17 a 20 h.<\/p>\n<p>La propuesta fue seleccionada en la categor\u00eda Proyecto de curador individual y fue presentada por <strong>Raquel Minetti<\/strong>.<\/p>\n<p>Transitar lo cotidiano<\/p>\n<p>Alfonsina Morz\u00e1n, Mar\u00eda Elena Machuca, Natalia Vallejos, Karen Spahn, Ver\u00f3nica Moreira y Paola Nerina Chiappella son seis mujeres, de Paran\u00e1 y Avellaneda, que transitan hace tiempo Programa Dom\u00e9stico, un plan de trabajo para artistas dirigido por Raquel Minetti.<br \/>\nAqu\u00ed presentan sus propuestas donde lo cotidiano, la observaci\u00f3n, la recolecci\u00f3n de muestras, los rituales y los peque\u00f1os gestos humanos se re\u00fanen para la creaci\u00f3n de un nuevo territorio de encuentro. Las coincidencias giran alrededor de la investigaci\u00f3n del entorno, rural y urbano, f\u00edsico y cultural, como motor de la pr\u00e1ctica art\u00edstica.<\/p>\n<p>Dibujar el territorio<\/p>\n<p>En palabras de la curadora Raquel Minetti: \u201cEjercicios de pensamiento, escrituras, exploraciones en el territorio, desarrollo de im\u00e1genes vinculadas a relatos cotidianos. Demorarse en el gesto de transitar por lugares que habitamos o nos habitan. Descubrir en un libro im\u00e1genes que rememoran la vida dom\u00e9stica de una abuela. Grabar en piedras o escombros notas que van diciendo un amor, una esperanza, un dolor. Recuperar la po\u00e9tica de flores y hojas ca\u00eddas en las veredas cubri\u00e9ndolas de cenizas o de restos o vestigios de lugares abandonados de la ciudad. Raspar paredes para encontrar los azules posibles que traman relatos cotidianos. Crear un santo popular, un milagrero. Inventar un jard\u00edn a orillas del monte\u201d<\/p>\n\t\t\t<\/div>\n\t\t\t\t\t<\/div>\n\t<\/div>\n<\/div>\n\t\t\t<div id=\"ccp-modal-1-31407\" class=\"ccp-modal\" hidden>\n\t<div class=\"ccp-modal__overlay\" data-ccp-close><\/div>\n\t<div class=\"ccp-modal__dialog\" role=\"dialog\" aria-modal=\"true\" aria-labelledby=\"ccp-modal-1-31407-title\" tabindex=\"-1\">\n\t\t<button class=\"ccp-modal__close\" type=\"button\" aria-label=\"Cerrar\" data-ccp-close>\n\t\t\t<span aria-hidden=\"true\">&times;<\/span>\n\t\t<\/button>\n\t\t<div class=\"ccp-modal__media\">\n\t\t\t\t\t\t\t<img loading=\"lazy\" width=\"2560\" height=\"1707\" src=\"https:\/\/www.santafeciudad.gov.ar\/capitalcultural\/wp-content\/uploads\/2026\/07\/Milagreros-scaled.jpg\" class=\"ccp-modal__image wp-post-image\" alt=\"\" style=\"object-position: 50% 50%;\" sizes=\"auto, (max-width: 900px) calc(100vw - 24px), 44vw\" loading=\"lazy\" decoding=\"async\" srcset=\"https:\/\/www.santafeciudad.gov.ar\/capitalcultural\/wp-content\/uploads\/2026\/07\/Milagreros-scaled.jpg 2560w, https:\/\/www.santafeciudad.gov.ar\/capitalcultural\/wp-content\/uploads\/2026\/07\/Milagreros-300x200.jpg 300w, https:\/\/www.santafeciudad.gov.ar\/capitalcultural\/wp-content\/uploads\/2026\/07\/Milagreros-1024x683.jpg 1024w, https:\/\/www.santafeciudad.gov.ar\/capitalcultural\/wp-content\/uploads\/2026\/07\/Milagreros-768x512.jpg 768w, https:\/\/www.santafeciudad.gov.ar\/capitalcultural\/wp-content\/uploads\/2026\/07\/Milagreros-1536x1024.jpg 1536w, https:\/\/www.santafeciudad.gov.ar\/capitalcultural\/wp-content\/uploads\/2026\/07\/Milagreros-2048x1365.jpg 2048w\" \/>\t\t\t\t\t<\/div>\n\t\t<div class=\"ccp-modal__body\">\n\t\t\t<div class=\"ccp-modal__tags\">\n\t\t\t\t\t\t\t\t\t<span class=\"ccp-tag ccp-tag--categoria\">TALLER<\/span>\n\t\t\t\t\t\t\t\t<span class=\"ccp-tag ccp-tag--estado ccp-tag--ya-sucedio\">FINALIZADA<\/span>\n\t\t\t<\/div>\n\t\t\t<h2 id=\"ccp-modal-1-31407-title\" class=\"ccp-modal__title\">Un Milagrero<\/h2>\n\t\t\t\t\t\t\t<p class=\"ccp-modal__date\">Del 6 al 7 de junio de 2025<\/p>\n\t\t\t\t\t\t\t\t\t<div class=\"ccp-modal__content\">\n\t\t\t\t<p>Imaginaci\u00f3n y creencias afectivas<\/p>\n<p>El equipo de Educaci\u00f3n del Museo Municipal de Artes Visuales, invita a encender la imaginaci\u00f3n simb\u00f3lica y explorar las creencias afectivas a trav\u00e9s de la creaci\u00f3n de un personaje inspirado en un deseo personal. En esta propuesta, los participantes dise\u00f1ar\u00e1n su propio \u201csanto popular\u201d, un ser \u00fanico con nombre, misi\u00f3n y una oraci\u00f3n especial que puede ser humor\u00edstica, cotidiana o emocional, seg\u00fan lo que cada uno prefiera.<\/p>\n<p>Un santo personalizado<\/p>\n<p>La actividad tendr\u00e1 lugar el viernes 6 de junio de 16 a 18 h y el s\u00e1bado 7 de 9.30 a 12.30 h en el Museo Municipal de Artes Visuales (San Mart\u00edn 2068) Es libre y gratuita y se solicita a los interesados e interesadas traer cualquier material que los inspire en el dise\u00f1o.<\/p>\n<p>El proceso creativo incluye la posibilidad de intervenir el dibujo con materiales como telas, botones u otros elementos, enriqueciendo as\u00ed el plano de la obra. Adem\u00e1s, se sugiere acompa\u00f1ar el dise\u00f1o con una petici\u00f3n simb\u00f3lica, un amuleto personal y una peque\u00f1a oraci\u00f3n que refleje la esencia del personaje creado.<\/p>\n\t\t\t<\/div>\n\t\t\t\t\t<\/div>\n\t<\/div>\n<\/div>\n\t\t\t<div id=\"ccp-modal-1-31401\" class=\"ccp-modal\" hidden>\n\t<div class=\"ccp-modal__overlay\" data-ccp-close><\/div>\n\t<div class=\"ccp-modal__dialog\" role=\"dialog\" aria-modal=\"true\" aria-labelledby=\"ccp-modal-1-31401-title\" tabindex=\"-1\">\n\t\t<button class=\"ccp-modal__close\" type=\"button\" aria-label=\"Cerrar\" data-ccp-close>\n\t\t\t<span aria-hidden=\"true\">&times;<\/span>\n\t\t<\/button>\n\t\t<div class=\"ccp-modal__media\">\n\t\t\t\t\t\t\t<img loading=\"lazy\" width=\"1920\" height=\"1280\" src=\"https:\/\/www.santafeciudad.gov.ar\/capitalcultural\/wp-content\/uploads\/2026\/07\/MarcePucci_SC_MMAV_SalonAnualNacional_25012025_002.jpg\" class=\"ccp-modal__image wp-post-image\" alt=\"\" style=\"object-position: 50% 50%;\" sizes=\"auto, (max-width: 900px) calc(100vw - 24px), 44vw\" loading=\"lazy\" decoding=\"async\" srcset=\"https:\/\/www.santafeciudad.gov.ar\/capitalcultural\/wp-content\/uploads\/2026\/07\/MarcePucci_SC_MMAV_SalonAnualNacional_25012025_002.jpg 1920w, https:\/\/www.santafeciudad.gov.ar\/capitalcultural\/wp-content\/uploads\/2026\/07\/MarcePucci_SC_MMAV_SalonAnualNacional_25012025_002-300x200.jpg 300w, https:\/\/www.santafeciudad.gov.ar\/capitalcultural\/wp-content\/uploads\/2026\/07\/MarcePucci_SC_MMAV_SalonAnualNacional_25012025_002-1024x683.jpg 1024w, https:\/\/www.santafeciudad.gov.ar\/capitalcultural\/wp-content\/uploads\/2026\/07\/MarcePucci_SC_MMAV_SalonAnualNacional_25012025_002-768x512.jpg 768w, https:\/\/www.santafeciudad.gov.ar\/capitalcultural\/wp-content\/uploads\/2026\/07\/MarcePucci_SC_MMAV_SalonAnualNacional_25012025_002-1536x1024.jpg 1536w\" \/>\t\t\t\t\t<\/div>\n\t\t<div class=\"ccp-modal__body\">\n\t\t\t<div class=\"ccp-modal__tags\">\n\t\t\t\t\t\t\t\t\t<span class=\"ccp-tag ccp-tag--categoria\">ACTIVACI\u00d3N<\/span>\n\t\t\t\t\t\t\t\t<span class=\"ccp-tag ccp-tag--estado ccp-tag--ya-sucedio\">FINALIZADA<\/span>\n\t\t\t<\/div>\n\t\t\t<h2 id=\"ccp-modal-1-31401-title\" class=\"ccp-modal__title\">Miradas Curiosas<\/h2>\n\t\t\t\t\t\t\t<p class=\"ccp-modal__date\">Del 13 al 31 de marzo de 2025<\/p>\n\t\t\t\t\t\t\t\t\t\t<dl class=\"ccp-modal__details\">\n\t\t\t\t\t\t\t\t\t\t\t<div>\n\t\t\t\t\t\t\t<dt>Horarios<\/dt>\n\t\t\t\t\t\t\t<dd>Jueves y viernes de marzo de 10 a 12 y de 17 a 19 horas<\/dd>\n\t\t\t\t\t\t<\/div>\n\t\t\t\t\t\t\t\t\t\t\t\t\t\t<\/dl>\n\t\t\t\t\t\t<div class=\"ccp-modal__content\">\n\t\t\t\t<p>En el marco del Sal\u00f3n Anual Nacional<\/p>\n<p>Te invitamos a descubrir las obras a trav\u00e9s de recorridos sugeridos y otros caminos posibles que, de manera espont\u00e1nea, se podr\u00e1n armar en el espacio. Se trata de una actividad de lanzamiento del Museo coordinada por el Equipo de Educaci\u00f3n del Museo, con acceso libre y gratuito y dirigida a todo p\u00fablico.<\/p>\n\t\t\t<\/div>\n\t\t\t\t\t<\/div>\n\t<\/div>\n<\/div>\n\t\t\t<div id=\"ccp-modal-1-31390\" class=\"ccp-modal\" hidden>\n\t<div class=\"ccp-modal__overlay\" data-ccp-close><\/div>\n\t<div class=\"ccp-modal__dialog\" role=\"dialog\" aria-modal=\"true\" aria-labelledby=\"ccp-modal-1-31390-title\" tabindex=\"-1\">\n\t\t<button class=\"ccp-modal__close\" type=\"button\" aria-label=\"Cerrar\" data-ccp-close>\n\t\t\t<span aria-hidden=\"true\">&times;<\/span>\n\t\t<\/button>\n\t\t<div class=\"ccp-modal__media\">\n\t\t\t\t\t\t\t<img loading=\"lazy\" width=\"1920\" height=\"1280\" src=\"https:\/\/www.santafeciudad.gov.ar\/capitalcultural\/wp-content\/uploads\/2026\/07\/MPucci_SC_MuseoSorJosefa_11052024_017-1.jpg\" class=\"ccp-modal__image wp-post-image\" alt=\"\" style=\"object-position: 50% 50%;\" sizes=\"auto, (max-width: 900px) calc(100vw - 24px), 44vw\" loading=\"lazy\" decoding=\"async\" srcset=\"https:\/\/www.santafeciudad.gov.ar\/capitalcultural\/wp-content\/uploads\/2026\/07\/MPucci_SC_MuseoSorJosefa_11052024_017-1.jpg 1920w, https:\/\/www.santafeciudad.gov.ar\/capitalcultural\/wp-content\/uploads\/2026\/07\/MPucci_SC_MuseoSorJosefa_11052024_017-1-300x200.jpg 300w, https:\/\/www.santafeciudad.gov.ar\/capitalcultural\/wp-content\/uploads\/2026\/07\/MPucci_SC_MuseoSorJosefa_11052024_017-1-1024x683.jpg 1024w, https:\/\/www.santafeciudad.gov.ar\/capitalcultural\/wp-content\/uploads\/2026\/07\/MPucci_SC_MuseoSorJosefa_11052024_017-1-768x512.jpg 768w, https:\/\/www.santafeciudad.gov.ar\/capitalcultural\/wp-content\/uploads\/2026\/07\/MPucci_SC_MuseoSorJosefa_11052024_017-1-1536x1024.jpg 1536w\" \/>\t\t\t\t\t<\/div>\n\t\t<div class=\"ccp-modal__body\">\n\t\t\t<div class=\"ccp-modal__tags\">\n\t\t\t\t\t\t\t\t\t<span class=\"ccp-tag ccp-tag--categoria\">MUESTRA<\/span>\n\t\t\t\t\t\t\t\t<span class=\"ccp-tag ccp-tag--estado ccp-tag--ya-sucedio\">FINALIZADA<\/span>\n\t\t\t<\/div>\n\t\t\t<h2 id=\"ccp-modal-1-31390-title\" class=\"ccp-modal__title\">Una habitaci\u00f3n propia + Rum rum Sor Josefa<\/h2>\n\t\t\t\t\t\t\t<p class=\"ccp-modal__date\">Del 1 de enero al 12 de mayo de 2024<\/p>\n\t\t\t\t\t\t\t\t\t\t<dl class=\"ccp-modal__details\">\n\t\t\t\t\t\t\t\t\t\t\t<div>\n\t\t\t\t\t\t\t<dt>Horarios<\/dt>\n\t\t\t\t\t\t\t<dd>Mi\u00e9rcoles a s\u00e1bados de 9:30 a 12:30 horas por la ma\u00f1ana y de 16 a 19 horas por la tarde, y los domingos y feriados de 16 a 19 horas<\/dd>\n\t\t\t\t\t\t<\/div>\n\t\t\t\t\t\t\t\t\t\t\t\t\t\t<\/dl>\n\t\t\t\t\t\t<div class=\"ccp-modal__content\">\n\t\t\t\t<p>La labor conjunta fue uno de los ejes principales para la realizaci\u00f3n de la muestra: los equipos de trabajadores del museo junto a los integrantes de Proyecto Deatres, realizaron una curadur\u00eda colectiva que devino en la muestra denominada El Rum Rum del Josefa. La propuesta es explorar el patrimonio del museo desde la mirada, la escucha, la conversaci\u00f3n, y los relatos, rumores, resonancias y caminos que transita una obra hasta ser patrimoniada.<\/p>\n<p>Esta exposici\u00f3n estar\u00e1 disponible en las Salas A y B del Museo, y se podr\u00e1 visitar hasta el 12 de mayo de mi\u00e9rcoles a s\u00e1bados de 9:30 a 12:30 horas por la ma\u00f1ana y de 16 a 19 horas por la tarde, y los domingos y feriados de 16 a 19 horas.<\/p>\n<p>Tambi\u00e9n pod\u00e9s consultar la publicaci\u00f3n <a href=\"https:\/\/www.santafeciudad.gov.ar\/capitalcultural\/wp-content\/uploads\/2024\/05\/MMAV_marzodigital.pdf\" target=\"_blank\" rel=\"noopener\">ac\u00e1<\/a>.<\/p>\n\t\t\t<\/div>\n\t\t\t\t\t<\/div>\n\t<\/div>\n<\/div>\n\t\t\t<div id=\"ccp-modal-1-31396\" class=\"ccp-modal\" hidden>\n\t<div class=\"ccp-modal__overlay\" data-ccp-close><\/div>\n\t<div class=\"ccp-modal__dialog\" role=\"dialog\" aria-modal=\"true\" aria-labelledby=\"ccp-modal-1-31396-title\" tabindex=\"-1\">\n\t\t<button class=\"ccp-modal__close\" type=\"button\" aria-label=\"Cerrar\" data-ccp-close>\n\t\t\t<span aria-hidden=\"true\">&times;<\/span>\n\t\t<\/button>\n\t\t<div class=\"ccp-modal__media\">\n\t\t\t\t\t\t\t<div class=\"ccp-modal__placeholder\" role=\"img\" aria-label=\"\u00bfC\u00f3mo llegan las flores a las telas?\" style=\"object-position: 50% 50%;\">\n\t\t\t\t\t<span>Capital Cultural<\/span>\n\t\t\t\t<\/div>\n\t\t\t\t\t<\/div>\n\t\t<div class=\"ccp-modal__body\">\n\t\t\t<div class=\"ccp-modal__tags\">\n\t\t\t\t\t\t\t\t\t<span class=\"ccp-tag ccp-tag--categoria\">MUESTRA<\/span>\n\t\t\t\t\t\t\t\t<span class=\"ccp-tag ccp-tag--estado ccp-tag--ya-sucedio\">FINALIZADA<\/span>\n\t\t\t<\/div>\n\t\t\t<h2 id=\"ccp-modal-1-31396-title\" class=\"ccp-modal__title\">\u00bfC\u00f3mo llegan las flores a las telas?<\/h2>\n\t\t\t\t\t\t\t<p class=\"ccp-modal__date\">Del 1 al 30 de noviembre de 2022<\/p>\n\t\t\t\t\t\t\t\t\t<div class=\"ccp-modal__content\">\n\t\t\t\t<p>La exposici\u00f3n \u00bfC\u00f3mo llegan las flores a las telas?, curada por Constanza Mart\u00ednez, se present\u00f3 en el Museo Municipal de Artes Visuales \u201cSor Josefa D\u00edaz y Clucellas\u201d en el marco de BIENALSUR 2021. La intenci\u00f3n de esta exhibici\u00f3n es la de integrar, conceptual y visualmente, piezas textiles creadas en Santiago del Estero con una selecci\u00f3n de obras de arte contempor\u00e1neo.<\/p>\n<p>Su disparador principal es un trabajo de investigaci\u00f3n sobre la llegada de manuales de bordados europeos a esa provincia argentina a mediados de 1900 y c\u00f3mo esos dise\u00f1os reconfiguran la iconograf\u00eda prehisp\u00e1nica andina tradicional permitiendo que en estas mantas convivan tanto la greca escalonada con cestos florales del rococ\u00f3 y grifos medievales, in\u00e9ditos hasta ahora en esa iconograf\u00eda.<\/p>\n<p>Estos tejidos producidos de manera artesanal por cada una de las teleras en medio del \u00e1rido monte santiague\u00f1o, alejados de cualquier tendencia de transmisi\u00f3n monocorde, anticipan muchos de los mecanismos propios del arte contempor\u00e1neo, sobre todo en la concepci\u00f3n de unicidad, del mismo modo que estas obras contempor\u00e1neas en su camino, quiz\u00e1s inverso, orientan su mirada a procedimientos distintivos del dise\u00f1o textil.<\/p>\n<p>Por un lado, las teleras santiague\u00f1as se apropian de los patrones de bordado europeos y al amplificarlos extirpan su naturaleza de rapport y funci\u00f3n. Por otro lado, los artistas reflexionan voluntaria, o involuntariamente, sobre la g\u00e9nesis de la tela en ese productivo l\u00edmite entre el textil y la obra \u00fanica. Y por sobre ambos, la voluntad infringida a las fibras textiles que muta entre su deber ser, tan caro a la tela en sociedad, y la multiplicaci\u00f3n ingobernable de la creatividad.<\/p>\n<p>Artistas:<br \/>\nGuido Yannitto \u2013 AR<br \/>\nChiachio &amp; Giannone \u2013 AR<br \/>\nLuis Gonz\u00e1lez Palma \u2013 AR\/GT<br \/>\nEmma Herbin \u2013 AR<br \/>\nAriadna Pastorini \u2013 UR<br \/>\nVer\u00f3nica Ryan \u2013 AR<br \/>\nNushi Muntaabski \u2013 AR<\/p>\n<p>Colecci\u00f3n Teleras:<br \/>\nBel\u00e9n Carballo \u2013 AR<br \/>\nRicardo Paz \u2013 AR<\/p>\n<p>Curadur\u00eda:<br \/>\nConstanza Mart\u00ednez \u2013 AR<\/p>\n\t\t\t<\/div>\n\t\t\t\t\t\t\t<a class=\"ccp-modal__button\" href=\"https:\/\/www.youtube.com\/watch?v=QM-3AmXy0Gs\" target=\"_blank\" rel=\"noopener noreferrer\">\n\t\t\t\t\tVer video\t\t\t\t<\/a>\n\t\t\t\t\t<\/div>\n\t<\/div>\n<\/div>\n\t<\/div>\n<\/div>\n\t\t\t\t\t\t<\/div>\n\t\t\t\t<\/div>\n\t\t\t\t\t<\/div>\n\t\t<\/div>\n\t\t\t\t\t<\/div>\n\t\t<\/section>\n\t\t\t\t<section class=\"elementor-section elementor-top-section elementor-element elementor-element-4322f179 elementor-section-boxed elementor-section-height-default elementor-section-height-default\" data-id=\"4322f179\" data-element_type=\"section\" data-e-type=\"section\">\n\t\t\t\t\t\t<div class=\"elementor-container elementor-column-gap-default\">\n\t\t\t\t\t<div class=\"elementor-column elementor-col-100 elementor-top-column elementor-element elementor-element-1dd88ee6\" data-id=\"1dd88ee6\" data-element_type=\"column\" data-e-type=\"column\">\n\t\t\t<div class=\"elementor-widget-wrap elementor-element-populated\">\n\t\t\t\t\t\t<div class=\"elementor-element elementor-element-74cb090a elementor-widget elementor-widget-heading\" data-id=\"74cb090a\" data-element_type=\"widget\" data-e-type=\"widget\" data-widget_type=\"heading.default\">\n\t\t\t\t<div class=\"elementor-widget-container\">\n\t\t\t\t\t<h2 class=\"elementor-heading-title elementor-size-default\">Horarios y visitas<\/h2>\t\t\t\t<\/div>\n\t\t\t\t<\/div>\n\t\t\t\t\t<\/div>\n\t\t<\/div>\n\t\t\t\t\t<\/div>\n\t\t<\/section>\n\t\t\t\t<section class=\"elementor-section elementor-top-section elementor-element elementor-element-3b0457a elementor-section-boxed elementor-section-height-default elementor-section-height-default\" data-id=\"3b0457a\" data-element_type=\"section\" data-e-type=\"section\">\n\t\t\t\t\t\t<div class=\"elementor-container elementor-column-gap-default\">\n\t\t\t\t\t<div class=\"elementor-column elementor-col-50 elementor-top-column elementor-element elementor-element-c27e2dc\" data-id=\"c27e2dc\" data-element_type=\"column\" data-e-type=\"column\">\n\t\t\t<div class=\"elementor-widget-wrap elementor-element-populated\">\n\t\t\t\t\t\t<div class=\"elementor-element elementor-element-b2cd449 elementor-widget elementor-widget-text-editor\" data-id=\"b2cd449\" data-element_type=\"widget\" data-e-type=\"widget\" data-widget_type=\"text-editor.default\">\n\t\t\t\t<div class=\"elementor-widget-container\">\n\t\t\t\t\t\t\t\t\t<p style=\"font-size: 13px; line-height: 18px;\"><b>Matutino<\/b><br>\nMi\u00e9rcoles a viernes de 9.30 a 12.30 horas.<br><br>\n<b>Vespertino<\/b><i> (noviembre a marzo)<br>\nMi\u00e9rcoles a domingos y feriados de 17 a 20 horas.<\/i><br><br>\n<b>Vespertino<\/b><i> (abril a octubre)\nMi\u00e9rcoles a domingos y feriados de 16 a 19 horas.<\/i><br><br>\n\nCupo limitado de 30 personas por visita guiada.<br><br>\n\nEl ingreso es libre y gratuito.<br><br>\n\nSan Mart\u00edn 2068.\t\t\t\t\t\t\t\t<\/div>\n\t\t\t\t<\/div>\n\t\t\t\t\t<\/div>\n\t\t<\/div>\n\t\t\t\t<div class=\"elementor-column elementor-col-50 elementor-top-column elementor-element elementor-element-f0f11d0\" data-id=\"f0f11d0\" data-element_type=\"column\" data-e-type=\"column\">\n\t\t\t<div class=\"elementor-widget-wrap elementor-element-populated\">\n\t\t\t\t\t\t<div class=\"elementor-element elementor-element-5f84b83 elementor-widget elementor-widget-google_maps\" data-id=\"5f84b83\" data-element_type=\"widget\" data-e-type=\"widget\" data-widget_type=\"google_maps.default\">\n\t\t\t\t<div class=\"elementor-widget-container\">\n\t\t\t\t\t\t\t<div class=\"elementor-custom-embed\">\n\t\t\t<iframe loading=\"lazy\"\n\t\t\t\t\tsrc=\"https:\/\/maps.google.com\/maps?q=San%20Martin%202068%2C%20Santa%20Fe%2C%20AR&#038;t=m&#038;z=17&#038;output=embed&#038;iwloc=near\"\n\t\t\t\t\ttitle=\"San Martin 2068, Santa Fe, AR\"\n\t\t\t\t\taria-label=\"San Martin 2068, Santa Fe, AR\"\n\t\t\t><\/iframe>\n\t\t<\/div>\n\t\t\t\t\t\t<\/div>\n\t\t\t\t<\/div>\n\t\t\t\t\t<\/div>\n\t\t<\/div>\n\t\t\t\t\t<\/div>\n\t\t<\/section>\n\t\t\t\t<section class=\"elementor-section elementor-top-section elementor-element elementor-element-ce6487c elementor-section-boxed elementor-section-height-default elementor-section-height-default\" data-id=\"ce6487c\" data-element_type=\"section\" data-e-type=\"section\">\n\t\t\t\t\t\t<div class=\"elementor-container elementor-column-gap-default\">\n\t\t\t\t\t<div class=\"elementor-column elementor-col-100 elementor-top-column elementor-element elementor-element-e8edd76\" data-id=\"e8edd76\" data-element_type=\"column\" data-e-type=\"column\">\n\t\t\t<div class=\"elementor-widget-wrap elementor-element-populated\">\n\t\t\t\t\t\t<div class=\"elementor-element elementor-element-40089cc elementor-widget elementor-widget-text-editor\" data-id=\"40089cc\" data-element_type=\"widget\" data-e-type=\"widget\" data-widget_type=\"text-editor.default\">\n\t\t\t\t<div class=\"elementor-widget-container\">\n\t\t\t\t\t\t\t\t\t<p style=\"font-size: 13px; line-height: 20px; text-align: center;\">Si desea solicitar turnos para visitas educativas en grupo, comunicarse por correo a <a href=\"mailto:educacion.museosorjosefa@santafeciudad.gov.ar\"><span style=\"font-weight: 400;\">educacion.museosorjosefa@santafeciudad.gov.ar<\/span><\/a><\/p>\t\t\t\t\t\t\t\t<\/div>\n\t\t\t\t<\/div>\n\t\t\t\t\t<\/div>\n\t\t<\/div>\n\t\t\t\t\t<\/div>\n\t\t<\/section>\n\t\t\t\t<\/div>\n\t\t","protected":false},"excerpt":{"rendered":"<p>El Museo fue creado en 1936 y en 1957 se lo nombra Sor Josefa D\u00edaz y Clucellas, en reconocimiento a [&hellip;]<\/p>\n","protected":false},"author":3,"featured_media":0,"parent":20080,"menu_order":0,"comment_status":"closed","ping_status":"closed","template":"elementor_header_footer","meta":{"site-sidebar-layout":"default","site-content-layout":"","ast-site-content-layout":"default","site-content-style":"default","site-sidebar-style":"default","ast-global-header-display":"","ast-banner-title-visibility":"","ast-main-header-display":"","ast-hfb-above-header-display":"","ast-hfb-below-header-display":"","ast-hfb-mobile-header-display":"","site-post-title":"","ast-breadcrumbs-content":"","ast-featured-img":"","footer-sml-layout":"","ast-disable-related-posts":"","theme-transparent-header-meta":"","adv-header-id-meta":"","stick-header-meta":"","header-above-stick-meta":"","header-main-stick-meta":"","header-below-stick-meta":"","astra-migrate-meta-layouts":"default","ast-page-background-enabled":"default","ast-page-background-meta":{"desktop":{"background-color":"var(--ast-global-color-5)","background-image":"","background-repeat":"repeat","background-position":"center center","background-size":"auto","background-attachment":"scroll","background-type":"","background-media":"","overlay-type":"","overlay-color":"","overlay-opacity":"","overlay-gradient":""},"tablet":{"background-color":"","background-image":"","background-repeat":"repeat","background-position":"center center","background-size":"auto","background-attachment":"scroll","background-type":"","background-media":"","overlay-type":"","overlay-color":"","overlay-opacity":"","overlay-gradient":""},"mobile":{"background-color":"","background-image":"","background-repeat":"repeat","background-position":"center center","background-size":"auto","background-attachment":"scroll","background-type":"","background-media":"","overlay-type":"","overlay-color":"","overlay-opacity":"","overlay-gradient":""}},"ast-content-background-meta":{"desktop":{"background-color":"var(--ast-global-color-4)","background-image":"","background-repeat":"repeat","background-position":"center center","background-size":"auto","background-attachment":"scroll","background-type":"","background-media":"","overlay-type":"","overlay-color":"","overlay-opacity":"","overlay-gradient":""},"tablet":{"background-color":"var(--ast-global-color-4)","background-image":"","background-repeat":"repeat","background-position":"center center","background-size":"auto","background-attachment":"scroll","background-type":"","background-media":"","overlay-type":"","overlay-color":"","overlay-opacity":"","overlay-gradient":""},"mobile":{"background-color":"var(--ast-global-color-4)","background-image":"","background-repeat":"repeat","background-position":"center center","background-size":"auto","background-attachment":"scroll","background-type":"","background-media":"","overlay-type":"","overlay-color":"","overlay-opacity":"","overlay-gradient":""}},"footnotes":""},"class_list":["post-20341","page","type-page","status-publish","hentry"],"yoast_head":"<!-- This site is optimized with the Yoast SEO plugin v28.2 - https:\/\/yoast.com\/product\/yoast-seo-wordpress\/ -->\n<title>Museo de Artes Visuales Sor Josefa D\u00edaz y Clucellas - Capital Cultural<\/title>\n<meta name=\"robots\" content=\"index, follow, max-snippet:-1, max-image-preview:large, max-video-preview:-1\" \/>\n<link rel=\"canonical\" href=\"https:\/\/www.santafeciudad.gov.ar\/capitalcultural\/museos-y-salas\/mmav\/\" \/>\n<meta property=\"og:locale\" content=\"es_ES\" \/>\n<meta property=\"og:type\" content=\"article\" \/>\n<meta property=\"og:title\" content=\"Museo de Artes Visuales Sor Josefa D\u00edaz y Clucellas - Capital Cultural\" \/>\n<meta property=\"og:description\" content=\"El Museo fue creado en 1936 y en 1957 se lo nombra Sor Josefa D\u00edaz y Clucellas, en reconocimiento a [&hellip;]\" \/>\n<meta property=\"og:url\" content=\"https:\/\/www.santafeciudad.gov.ar\/capitalcultural\/museos-y-salas\/mmav\/\" \/>\n<meta property=\"og:site_name\" content=\"Capital Cultural\" \/>\n<meta property=\"article:publisher\" content=\"https:\/\/www.facebook.com\/SantaFeCapitalok\/\" \/>\n<meta property=\"article:modified_time\" content=\"2026-08-07T14:14:42+00:00\" \/>\n<meta name=\"twitter:card\" content=\"summary_large_image\" \/>\n<meta name=\"twitter:site\" content=\"@_SantaFeCapital\" \/>\n<meta name=\"twitter:label1\" content=\"Tiempo de lectura\" \/>\n\t<meta name=\"twitter:data1\" content=\"1 minuto\" \/>\n<script type=\"application\/ld+json\" class=\"yoast-schema-graph\">{\"@context\":\"https:\\\/\\\/schema.org\",\"@graph\":[{\"@type\":\"WebPage\",\"@id\":\"https:\\\/\\\/www.santafeciudad.gov.ar\\\/capitalcultural\\\/museos-y-salas\\\/mmav\\\/\",\"url\":\"https:\\\/\\\/www.santafeciudad.gov.ar\\\/capitalcultural\\\/museos-y-salas\\\/mmav\\\/\",\"name\":\"Museo de Artes Visuales Sor Josefa D\u00edaz y Clucellas - Capital Cultural\",\"isPartOf\":{\"@id\":\"https:\\\/\\\/www.santafeciudad.gov.ar\\\/capitalcultural\\\/#website\"},\"datePublished\":\"2022-12-21T15:48:40+00:00\",\"dateModified\":\"2026-08-07T14:14:42+00:00\",\"breadcrumb\":{\"@id\":\"https:\\\/\\\/www.santafeciudad.gov.ar\\\/capitalcultural\\\/museos-y-salas\\\/mmav\\\/#breadcrumb\"},\"inLanguage\":\"es-AR\",\"potentialAction\":[{\"@type\":\"ReadAction\",\"target\":[\"https:\\\/\\\/www.santafeciudad.gov.ar\\\/capitalcultural\\\/museos-y-salas\\\/mmav\\\/\"]}]},{\"@type\":\"BreadcrumbList\",\"@id\":\"https:\\\/\\\/www.santafeciudad.gov.ar\\\/capitalcultural\\\/museos-y-salas\\\/mmav\\\/#breadcrumb\",\"itemListElement\":[{\"@type\":\"ListItem\",\"position\":1,\"name\":\"Inicio\",\"item\":\"https:\\\/\\\/www.santafeciudad.gov.ar\\\/capitalcultural\\\/\"},{\"@type\":\"ListItem\",\"position\":2,\"name\":\"Museos y Salas\",\"item\":\"https:\\\/\\\/www.santafeciudad.gov.ar\\\/capitalcultural\\\/museos-y-salas\\\/\"},{\"@type\":\"ListItem\",\"position\":3,\"name\":\"Museo de Artes Visuales Sor Josefa D\u00edaz y Clucellas\"}]},{\"@type\":\"WebSite\",\"@id\":\"https:\\\/\\\/www.santafeciudad.gov.ar\\\/capitalcultural\\\/#website\",\"url\":\"https:\\\/\\\/www.santafeciudad.gov.ar\\\/capitalcultural\\\/\",\"name\":\"Capital Cultural\",\"description\":\"Secretaria de Cultura\",\"publisher\":{\"@id\":\"https:\\\/\\\/www.santafeciudad.gov.ar\\\/capitalcultural\\\/#organization\"},\"potentialAction\":[{\"@type\":\"SearchAction\",\"target\":{\"@type\":\"EntryPoint\",\"urlTemplate\":\"https:\\\/\\\/www.santafeciudad.gov.ar\\\/capitalcultural\\\/?s={search_term_string}\"},\"query-input\":{\"@type\":\"PropertyValueSpecification\",\"valueRequired\":true,\"valueName\":\"search_term_string\"}}],\"inLanguage\":\"es-AR\"},{\"@type\":\"Organization\",\"@id\":\"https:\\\/\\\/www.santafeciudad.gov.ar\\\/capitalcultural\\\/#organization\",\"name\":\"Municipalidad de la ciudad de Santa Fe\",\"alternateName\":\"Municipalidad de Santa Fe\",\"url\":\"https:\\\/\\\/www.santafeciudad.gov.ar\\\/capitalcultural\\\/\",\"logo\":{\"@type\":\"ImageObject\",\"inLanguage\":\"es-AR\",\"@id\":\"https:\\\/\\\/www.santafeciudad.gov.ar\\\/capitalcultural\\\/#\\\/schema\\\/logo\\\/image\\\/\",\"url\":\"https:\\\/\\\/www.santafeciudad.gov.ar\\\/capitalcultural\\\/wp-content\\\/uploads\\\/2020\\\/06\\\/SantaFeCapital_Logo_800x400-e1591880179119.png\",\"contentUrl\":\"https:\\\/\\\/www.santafeciudad.gov.ar\\\/capitalcultural\\\/wp-content\\\/uploads\\\/2020\\\/06\\\/SantaFeCapital_Logo_800x400-e1591880179119.png\",\"width\":400,\"height\":200,\"caption\":\"Municipalidad de la ciudad de Santa Fe\"},\"image\":{\"@id\":\"https:\\\/\\\/www.santafeciudad.gov.ar\\\/capitalcultural\\\/#\\\/schema\\\/logo\\\/image\\\/\"},\"sameAs\":[\"https:\\\/\\\/www.facebook.com\\\/SantaFeCapitalok\\\/\",\"https:\\\/\\\/x.com\\\/_SantaFeCapital\",\"https:\\\/\\\/www.instagram.com\\\/cultura.santafecapital\\\/\"]}]}<\/script>\n<!-- \/ Yoast SEO plugin. -->","yoast_head_json":{"title":"Museo de Artes Visuales Sor Josefa D\u00edaz y Clucellas - Capital Cultural","robots":{"index":"index","follow":"follow","max-snippet":"max-snippet:-1","max-image-preview":"max-image-preview:large","max-video-preview":"max-video-preview:-1"},"canonical":"https:\/\/www.santafeciudad.gov.ar\/capitalcultural\/museos-y-salas\/mmav\/","og_locale":"es_ES","og_type":"article","og_title":"Museo de Artes Visuales Sor Josefa D\u00edaz y Clucellas - Capital Cultural","og_description":"El Museo fue creado en 1936 y en 1957 se lo nombra Sor Josefa D\u00edaz y Clucellas, en reconocimiento a [&hellip;]","og_url":"https:\/\/www.santafeciudad.gov.ar\/capitalcultural\/museos-y-salas\/mmav\/","og_site_name":"Capital Cultural","article_publisher":"https:\/\/www.facebook.com\/SantaFeCapitalok\/","article_modified_time":"2026-08-07T14:14:42+00:00","twitter_card":"summary_large_image","twitter_site":"@_SantaFeCapital","twitter_misc":{"Tiempo de lectura":"1 minuto"},"schema":{"@context":"https:\/\/schema.org","@graph":[{"@type":"WebPage","@id":"https:\/\/www.santafeciudad.gov.ar\/capitalcultural\/museos-y-salas\/mmav\/","url":"https:\/\/www.santafeciudad.gov.ar\/capitalcultural\/museos-y-salas\/mmav\/","name":"Museo de Artes Visuales Sor Josefa D\u00edaz y Clucellas - Capital Cultural","isPartOf":{"@id":"https:\/\/www.santafeciudad.gov.ar\/capitalcultural\/#website"},"datePublished":"2022-12-21T15:48:40+00:00","dateModified":"2026-08-07T14:14:42+00:00","breadcrumb":{"@id":"https:\/\/www.santafeciudad.gov.ar\/capitalcultural\/museos-y-salas\/mmav\/#breadcrumb"},"inLanguage":"es-AR","potentialAction":[{"@type":"ReadAction","target":["https:\/\/www.santafeciudad.gov.ar\/capitalcultural\/museos-y-salas\/mmav\/"]}]},{"@type":"BreadcrumbList","@id":"https:\/\/www.santafeciudad.gov.ar\/capitalcultural\/museos-y-salas\/mmav\/#breadcrumb","itemListElement":[{"@type":"ListItem","position":1,"name":"Inicio","item":"https:\/\/www.santafeciudad.gov.ar\/capitalcultural\/"},{"@type":"ListItem","position":2,"name":"Museos y Salas","item":"https:\/\/www.santafeciudad.gov.ar\/capitalcultural\/museos-y-salas\/"},{"@type":"ListItem","position":3,"name":"Museo de Artes Visuales Sor Josefa D\u00edaz y Clucellas"}]},{"@type":"WebSite","@id":"https:\/\/www.santafeciudad.gov.ar\/capitalcultural\/#website","url":"https:\/\/www.santafeciudad.gov.ar\/capitalcultural\/","name":"Capital Cultural","description":"Secretaria de Cultura","publisher":{"@id":"https:\/\/www.santafeciudad.gov.ar\/capitalcultural\/#organization"},"potentialAction":[{"@type":"SearchAction","target":{"@type":"EntryPoint","urlTemplate":"https:\/\/www.santafeciudad.gov.ar\/capitalcultural\/?s={search_term_string}"},"query-input":{"@type":"PropertyValueSpecification","valueRequired":true,"valueName":"search_term_string"}}],"inLanguage":"es-AR"},{"@type":"Organization","@id":"https:\/\/www.santafeciudad.gov.ar\/capitalcultural\/#organization","name":"Municipalidad de la ciudad de Santa Fe","alternateName":"Municipalidad de Santa Fe","url":"https:\/\/www.santafeciudad.gov.ar\/capitalcultural\/","logo":{"@type":"ImageObject","inLanguage":"es-AR","@id":"https:\/\/www.santafeciudad.gov.ar\/capitalcultural\/#\/schema\/logo\/image\/","url":"https:\/\/www.santafeciudad.gov.ar\/capitalcultural\/wp-content\/uploads\/2020\/06\/SantaFeCapital_Logo_800x400-e1591880179119.png","contentUrl":"https:\/\/www.santafeciudad.gov.ar\/capitalcultural\/wp-content\/uploads\/2020\/06\/SantaFeCapital_Logo_800x400-e1591880179119.png","width":400,"height":200,"caption":"Municipalidad de la ciudad de Santa Fe"},"image":{"@id":"https:\/\/www.santafeciudad.gov.ar\/capitalcultural\/#\/schema\/logo\/image\/"},"sameAs":["https:\/\/www.facebook.com\/SantaFeCapitalok\/","https:\/\/x.com\/_SantaFeCapital","https:\/\/www.instagram.com\/cultura.santafecapital\/"]}]}},"_links":{"self":[{"href":"https:\/\/www.santafeciudad.gov.ar\/capitalcultural\/wp-json\/wp\/v2\/pages\/20341","targetHints":{"allow":["GET"]}}],"collection":[{"href":"https:\/\/www.santafeciudad.gov.ar\/capitalcultural\/wp-json\/wp\/v2\/pages"}],"about":[{"href":"https:\/\/www.santafeciudad.gov.ar\/capitalcultural\/wp-json\/wp\/v2\/types\/page"}],"author":[{"embeddable":true,"href":"https:\/\/www.santafeciudad.gov.ar\/capitalcultural\/wp-json\/wp\/v2\/users\/3"}],"replies":[{"embeddable":true,"href":"https:\/\/www.santafeciudad.gov.ar\/capitalcultural\/wp-json\/wp\/v2\/comments?post=20341"}],"version-history":[{"count":82,"href":"https:\/\/www.santafeciudad.gov.ar\/capitalcultural\/wp-json\/wp\/v2\/pages\/20341\/revisions"}],"predecessor-version":[{"id":31908,"href":"https:\/\/www.santafeciudad.gov.ar\/capitalcultural\/wp-json\/wp\/v2\/pages\/20341\/revisions\/31908"}],"up":[{"embeddable":true,"href":"https:\/\/www.santafeciudad.gov.ar\/capitalcultural\/wp-json\/wp\/v2\/pages\/20080"}],"wp:attachment":[{"href":"https:\/\/www.santafeciudad.gov.ar\/capitalcultural\/wp-json\/wp\/v2\/media?parent=20341"}],"curies":[{"name":"wp","href":"https:\/\/api.w.org\/{rel}","templated":true}]}}