{"id":23358,"date":"2024-05-20T10:02:10","date_gmt":"2024-05-20T13:02:10","guid":{"rendered":"https:\/\/www.santafeciudad.gov.ar\/capitalcultural\/?page_id=23358"},"modified":"2026-07-29T12:34:16","modified_gmt":"2026-07-29T15:34:16","slug":"museo-del-teatro","status":"publish","type":"page","link":"https:\/\/www.santafeciudad.gov.ar\/capitalcultural\/museos-y-salas\/museo-del-teatro\/","title":{"rendered":"Museo del Teatro"},"content":{"rendered":"\t\t<div data-elementor-type=\"wp-page\" data-elementor-id=\"23358\" class=\"elementor elementor-23358\">\n\t\t\t\t\t\t<section class=\"elementor-section elementor-top-section elementor-element elementor-element-e16a061 elementor-section-boxed elementor-section-height-default elementor-section-height-default\" data-id=\"e16a061\" data-element_type=\"section\" data-e-type=\"section\">\n\t\t\t\t\t\t<div class=\"elementor-container elementor-column-gap-default\">\n\t\t\t\t\t<div class=\"elementor-column elementor-col-100 elementor-top-column elementor-element elementor-element-b9a8ae7\" data-id=\"b9a8ae7\" data-element_type=\"column\" data-e-type=\"column\">\n\t\t\t<div class=\"elementor-widget-wrap elementor-element-populated\">\n\t\t\t\t\t\t<div class=\"elementor-element elementor-element-15b310b elementor-widget elementor-widget-text-editor\" data-id=\"15b310b\" data-element_type=\"widget\" data-e-type=\"widget\" data-widget_type=\"text-editor.default\">\n\t\t\t\t<div class=\"elementor-widget-container\">\n\t\t\t\t\t\t\t\t\t<p style=\"font-size: 15px; line-height: 22px;\">El Museo del Teatro, creado en 2002, pone en valor el patrimonio del coliseo santafesino. Exhibe sus colecciones en la Sala Franze e incluye talleres de restauraci\u00f3n. En 2017 recibi\u00f3 el valioso fondo documental y art\u00edstico del pianista Ariel Ram\u00edrez.<\/p>\t\t\t\t\t\t\t\t<\/div>\n\t\t\t\t<\/div>\n\t\t\t\t\t<\/div>\n\t\t<\/div>\n\t\t\t\t\t<\/div>\n\t\t<\/section>\n\t\t\t\t<section class=\"elementor-section elementor-top-section elementor-element elementor-element-1f23679d elementor-section-boxed elementor-section-height-default elementor-section-height-default\" data-id=\"1f23679d\" data-element_type=\"section\" data-e-type=\"section\">\n\t\t\t\t\t\t<div class=\"elementor-container elementor-column-gap-default\">\n\t\t\t\t\t<div class=\"elementor-column elementor-col-100 elementor-top-column elementor-element elementor-element-5c126769\" data-id=\"5c126769\" data-element_type=\"column\" data-e-type=\"column\">\n\t\t\t<div class=\"elementor-widget-wrap elementor-element-populated\">\n\t\t\t\t\t\t<div class=\"elementor-element elementor-element-2e52cc3 elementor-widget elementor-widget-html\" data-id=\"2e52cc3\" data-element_type=\"widget\" data-e-type=\"widget\" data-widget_type=\"html.default\">\n\t\t\t\t<div class=\"elementor-widget-container\">\n\t\t\t\t\t<div id=\"ccp-grid-1\" class=\"ccp-programacion\" data-ccp-instance=\"1\">\n\t<div class=\"ccp-grid ccp-grid--columns-5\" style=\"--ccp-columns: 5;\">\n\t\t\t\t\t<article class=\"ccp-card-wrap\">\n\t<button class=\"ccp-card\" type=\"button\" data-ccp-modal-target=\"ccp-modal-1-31530\" aria-haspopup=\"dialog\">\n\t\t<span class=\"ccp-card__media\">\n\t\t\t\t\t\t\t<img loading=\"lazy\" width=\"768\" height=\"595\" src=\"https:\/\/www.santafeciudad.gov.ar\/capitalcultural\/wp-content\/uploads\/2026\/07\/Hiroshima-1974-768x595.jpg\" class=\"ccp-card__image wp-post-image\" alt=\"\" style=\"object-position: 50% 50%;\" loading=\"lazy\" decoding=\"async\" srcset=\"https:\/\/www.santafeciudad.gov.ar\/capitalcultural\/wp-content\/uploads\/2026\/07\/Hiroshima-1974-768x595.jpg 768w, https:\/\/www.santafeciudad.gov.ar\/capitalcultural\/wp-content\/uploads\/2026\/07\/Hiroshima-1974-300x232.jpg 300w, https:\/\/www.santafeciudad.gov.ar\/capitalcultural\/wp-content\/uploads\/2026\/07\/Hiroshima-1974.jpg 941w\" sizes=\"auto, (max-width: 768px) 100vw, 768px\" \/>\t\t\t\t\t<\/span>\n\t\t<span class=\"ccp-card__content\">\n\t\t\t<span class=\"ccp-card__tags\">\n\t\t\t\t\t\t\t\t\t<span class=\"ccp-tag ccp-tag--categoria\">ACTIVACI\u00d3N<\/span>\n\t\t\t\t\t\t\t\t<span class=\"ccp-tag ccp-tag--estado ccp-tag--ya-sucedio\">FINALIZADA<\/span>\n\t\t\t<\/span>\n\t\t\t<span class=\"ccp-card__title\">D\u00eda de la Danza en el Museo<\/span>\n\t\t\t\t\t\t\t<span class=\"ccp-card__espacio\">Museo del Teatro<\/span>\n\t\t\t\t\t\t\t\t\t\t<span class=\"ccp-card__date\">29 de abril de 2026<\/span>\n\t\t\t\t\t\t\t\t\t\t<span class=\"ccp-card__excerpt\">La propuesta, que se llevar\u00e1 a cabo el mi\u00e9rcoles 29 de abril a las 10.30 h con entrada libre y gratuita, consiste en un&hellip;<\/span>\n\t\t\t\t\t\t<span class=\"ccp-card__action\">Ver propuesta<\/span>\n\t\t<\/span>\n\t<\/button>\n<\/article>\n\t\t\t\t\t<article class=\"ccp-card-wrap\">\n\t<button class=\"ccp-card\" type=\"button\" data-ccp-modal-target=\"ccp-modal-1-31527\" aria-haspopup=\"dialog\">\n\t\t<span class=\"ccp-card__media\">\n\t\t\t\t\t\t\t<img loading=\"lazy\" width=\"768\" height=\"406\" src=\"https:\/\/www.santafeciudad.gov.ar\/capitalcultural\/wp-content\/uploads\/2026\/07\/Boceto-de-Chabela-Reinares-768x406.jpg\" class=\"ccp-card__image wp-post-image\" alt=\"\" style=\"object-position: 17% 73%;\" loading=\"lazy\" decoding=\"async\" srcset=\"https:\/\/www.santafeciudad.gov.ar\/capitalcultural\/wp-content\/uploads\/2026\/07\/Boceto-de-Chabela-Reinares-768x406.jpg 768w, https:\/\/www.santafeciudad.gov.ar\/capitalcultural\/wp-content\/uploads\/2026\/07\/Boceto-de-Chabela-Reinares-300x159.jpg 300w, https:\/\/www.santafeciudad.gov.ar\/capitalcultural\/wp-content\/uploads\/2026\/07\/Boceto-de-Chabela-Reinares-1024x541.jpg 1024w, https:\/\/www.santafeciudad.gov.ar\/capitalcultural\/wp-content\/uploads\/2026\/07\/Boceto-de-Chabela-Reinares-1536x812.jpg 1536w, https:\/\/www.santafeciudad.gov.ar\/capitalcultural\/wp-content\/uploads\/2026\/07\/Boceto-de-Chabela-Reinares-2048x1083.jpg 2048w\" sizes=\"auto, (max-width: 768px) 100vw, 768px\" \/>\t\t\t\t\t<\/span>\n\t\t<span class=\"ccp-card__content\">\n\t\t\t<span class=\"ccp-card__tags\">\n\t\t\t\t\t\t\t\t\t<span class=\"ccp-tag ccp-tag--categoria\">MUESTRA<\/span>\n\t\t\t\t\t\t\t\t<span class=\"ccp-tag ccp-tag--estado ccp-tag--activa\">ACTIVA<\/span>\n\t\t\t<\/span>\n\t\t\t<span class=\"ccp-card__title\">Entre lo ef\u00edmero y lo perdurable<\/span>\n\t\t\t\t\t\t\t<span class=\"ccp-card__espacio\">Museo del Teatro<\/span>\n\t\t\t\t\t\t\t\t\t\t<span class=\"ccp-card__date\">Del 18 de abril al 13 de septiembre de 2026<\/span>\n\t\t\t\t\t\t\t\t\t\t<span class=\"ccp-card__excerpt\">La muestra \u201cEntre lo ef\u00edmero y lo perdurable. La danza en la historia del Teatro 1\u00b0 de Mayo\u201d se inaugura en el Museo del&hellip;<\/span>\n\t\t\t\t\t\t<span class=\"ccp-card__action\">Ver propuesta<\/span>\n\t\t<\/span>\n\t<\/button>\n<\/article>\n\t\t\t\t\t<article class=\"ccp-card-wrap\">\n\t<button class=\"ccp-card\" type=\"button\" data-ccp-modal-target=\"ccp-modal-1-31534\" aria-haspopup=\"dialog\">\n\t\t<span class=\"ccp-card__media\">\n\t\t\t\t\t\t\t<img loading=\"lazy\" width=\"768\" height=\"1035\" src=\"https:\/\/www.santafeciudad.gov.ar\/capitalcultural\/wp-content\/uploads\/2026\/06\/Museo-de-la-Constitucion.-Pintura-_La-mujer-en-el-campo-de-batalla_-768x1035.jpg\" class=\"ccp-card__image wp-post-image\" alt=\"\" style=\"object-position: 50% 50%;\" loading=\"lazy\" decoding=\"async\" srcset=\"https:\/\/www.santafeciudad.gov.ar\/capitalcultural\/wp-content\/uploads\/2026\/06\/Museo-de-la-Constitucion.-Pintura-_La-mujer-en-el-campo-de-batalla_-768x1035.jpg 768w, https:\/\/www.santafeciudad.gov.ar\/capitalcultural\/wp-content\/uploads\/2026\/06\/Museo-de-la-Constitucion.-Pintura-_La-mujer-en-el-campo-de-batalla_-223x300.jpg 223w, https:\/\/www.santafeciudad.gov.ar\/capitalcultural\/wp-content\/uploads\/2026\/06\/Museo-de-la-Constitucion.-Pintura-_La-mujer-en-el-campo-de-batalla_-760x1024.jpg 760w, https:\/\/www.santafeciudad.gov.ar\/capitalcultural\/wp-content\/uploads\/2026\/06\/Museo-de-la-Constitucion.-Pintura-_La-mujer-en-el-campo-de-batalla_-1140x1536.jpg 1140w, https:\/\/www.santafeciudad.gov.ar\/capitalcultural\/wp-content\/uploads\/2026\/06\/Museo-de-la-Constitucion.-Pintura-_La-mujer-en-el-campo-de-batalla_-1520x2048.jpg 1520w, https:\/\/www.santafeciudad.gov.ar\/capitalcultural\/wp-content\/uploads\/2026\/06\/Museo-de-la-Constitucion.-Pintura-_La-mujer-en-el-campo-de-batalla_-scaled.jpg 1900w\" sizes=\"auto, (max-width: 768px) 100vw, 768px\" \/>\t\t\t\t\t<\/span>\n\t\t<span class=\"ccp-card__content\">\n\t\t\t<span class=\"ccp-card__tags\">\n\t\t\t\t\t\t\t\t\t<span class=\"ccp-tag ccp-tag--categoria\">ACTIVIDAD<\/span>\n\t\t\t\t\t\t\t\t<span class=\"ccp-tag ccp-tag--estado ccp-tag--ya-sucedio\">FINALIZADA<\/span>\n\t\t\t<\/span>\n\t\t\t<span class=\"ccp-card__title\">La mujer en el campo de batalla<\/span>\n\t\t\t\t\t\t\t<span class=\"ccp-card__espacio\">Museo del Teatro<\/span>\n\t\t\t\t\t\t\t\t\t\t<span class=\"ccp-card__date\">Del 7 al 26 de julio de 2026<\/span>\n\t\t\t\t\t\t\t\t\t\t<span class=\"ccp-card__excerpt\">\u00a1TOCHI!, historias prestadas entre Museos, propone nuevos encuentros entre objetos, relatos y memorias. En el Museo del Teatro se exhibe La mujer en el&hellip;<\/span>\n\t\t\t\t\t\t<span class=\"ccp-card__action\">Ver propuesta<\/span>\n\t\t<\/span>\n\t<\/button>\n<\/article>\n\t\t\t\t\t<article class=\"ccp-card-wrap\">\n\t<button class=\"ccp-card\" type=\"button\" data-ccp-modal-target=\"ccp-modal-1-31524\" aria-haspopup=\"dialog\">\n\t\t<span class=\"ccp-card__media\">\n\t\t\t\t\t\t\t<img loading=\"lazy\" width=\"768\" height=\"606\" src=\"https:\/\/www.santafeciudad.gov.ar\/capitalcultural\/wp-content\/uploads\/2026\/07\/Imagen-plano-original-Teatro-Municipal.-Arq-Augusto-Plou.-1905-768x606.jpg\" class=\"ccp-card__image wp-post-image\" alt=\"\" style=\"object-position: 50% 50%;\" loading=\"lazy\" decoding=\"async\" srcset=\"https:\/\/www.santafeciudad.gov.ar\/capitalcultural\/wp-content\/uploads\/2026\/07\/Imagen-plano-original-Teatro-Municipal.-Arq-Augusto-Plou.-1905-768x606.jpg 768w, https:\/\/www.santafeciudad.gov.ar\/capitalcultural\/wp-content\/uploads\/2026\/07\/Imagen-plano-original-Teatro-Municipal.-Arq-Augusto-Plou.-1905-300x237.jpg 300w, https:\/\/www.santafeciudad.gov.ar\/capitalcultural\/wp-content\/uploads\/2026\/07\/Imagen-plano-original-Teatro-Municipal.-Arq-Augusto-Plou.-1905-1024x808.jpg 1024w, https:\/\/www.santafeciudad.gov.ar\/capitalcultural\/wp-content\/uploads\/2026\/07\/Imagen-plano-original-Teatro-Municipal.-Arq-Augusto-Plou.-1905.jpg 1425w\" sizes=\"auto, (max-width: 768px) 100vw, 768px\" \/>\t\t\t\t\t<\/span>\n\t\t<span class=\"ccp-card__content\">\n\t\t\t<span class=\"ccp-card__tags\">\n\t\t\t\t\t\t\t\t\t<span class=\"ccp-tag ccp-tag--categoria\">MUESTRA<\/span>\n\t\t\t\t\t\t\t\t<span class=\"ccp-tag ccp-tag--estado ccp-tag--ya-sucedio\">FINALIZADA<\/span>\n\t\t\t<\/span>\n\t\t\t<span class=\"ccp-card__title\">Capas del Tiempo &#8211; 120 A\u00f1os del Teatro Municipal<\/span>\n\t\t\t\t\t\t\t<span class=\"ccp-card__espacio\">Museo del Teatro<\/span>\n\t\t\t\t\t\t\t\t\t\t<span class=\"ccp-card__date\">Del 2 de octubre de 2025 al 28 de marzo de 2026<\/span>\n\t\t\t\t\t\t\t\t\t\t<span class=\"ccp-card__excerpt\">La muestra \u201cCapas del tiempo | Teatro Municipal 1\u00ba de Mayo | 120 a\u00f1os\u201d, con la curadur\u00eda del Museo del Teatro y del \u00c1rea&hellip;<\/span>\n\t\t\t\t\t\t<span class=\"ccp-card__action\">Ver propuesta<\/span>\n\t\t<\/span>\n\t<\/button>\n<\/article>\n\t\t\t\t\t<article class=\"ccp-card-wrap\">\n\t<button class=\"ccp-card\" type=\"button\" data-ccp-modal-target=\"ccp-modal-1-31515\" aria-haspopup=\"dialog\">\n\t\t<span class=\"ccp-card__media\">\n\t\t\t\t\t\t\t<img loading=\"lazy\" width=\"768\" height=\"1436\" src=\"https:\/\/www.santafeciudad.gov.ar\/capitalcultural\/wp-content\/uploads\/2026\/07\/Pedro-y-el-lobo.-Gato-768x1436.jpg\" class=\"ccp-card__image wp-post-image\" alt=\"\" style=\"object-position: 50% 50%;\" loading=\"lazy\" decoding=\"async\" srcset=\"https:\/\/www.santafeciudad.gov.ar\/capitalcultural\/wp-content\/uploads\/2026\/07\/Pedro-y-el-lobo.-Gato-768x1436.jpg 768w, https:\/\/www.santafeciudad.gov.ar\/capitalcultural\/wp-content\/uploads\/2026\/07\/Pedro-y-el-lobo.-Gato-160x300.jpg 160w, https:\/\/www.santafeciudad.gov.ar\/capitalcultural\/wp-content\/uploads\/2026\/07\/Pedro-y-el-lobo.-Gato-548x1024.jpg 548w, https:\/\/www.santafeciudad.gov.ar\/capitalcultural\/wp-content\/uploads\/2026\/07\/Pedro-y-el-lobo.-Gato-822x1536.jpg 822w, https:\/\/www.santafeciudad.gov.ar\/capitalcultural\/wp-content\/uploads\/2026\/07\/Pedro-y-el-lobo.-Gato-1096x2048.jpg 1096w, https:\/\/www.santafeciudad.gov.ar\/capitalcultural\/wp-content\/uploads\/2026\/07\/Pedro-y-el-lobo.-Gato-scaled.jpg 1369w\" sizes=\"auto, (max-width: 768px) 100vw, 768px\" \/>\t\t\t\t\t<\/span>\n\t\t<span class=\"ccp-card__content\">\n\t\t\t<span class=\"ccp-card__tags\">\n\t\t\t\t\t\t\t\t\t<span class=\"ccp-tag ccp-tag--categoria\">MUESTRA<\/span>\n\t\t\t\t\t\t\t\t<span class=\"ccp-tag ccp-tag--estado ccp-tag--ya-sucedio\">FINALIZADA<\/span>\n\t\t\t<\/span>\n\t\t\t<span class=\"ccp-card__title\">Medio siglo contado con las manos<\/span>\n\t\t\t\t\t\t\t<span class=\"ccp-card__espacio\">Museo del Teatro<\/span>\n\t\t\t\t\t\t\t\t\t\t<span class=\"ccp-card__date\">Del 12 de junio al 21 de septiembre de 2025<\/span>\n\t\t\t\t\t\t\t\t\t\t<span class=\"ccp-card__excerpt\">El jueves 12 de junio a las 20 h en la Sala Franze del Museo del Teatro Municipal, ser\u00e1 inaugurada la muestra \u201cMedio siglo&hellip;<\/span>\n\t\t\t\t\t\t<span class=\"ccp-card__action\">Ver propuesta<\/span>\n\t\t<\/span>\n\t<\/button>\n<\/article>\n\t\t\t\t\t<article class=\"ccp-card-wrap\">\n\t<button class=\"ccp-card\" type=\"button\" data-ccp-modal-target=\"ccp-modal-1-31521\" aria-haspopup=\"dialog\">\n\t\t<span class=\"ccp-card__media\">\n\t\t\t\t\t\t\t<img loading=\"lazy\" width=\"768\" height=\"1152\" src=\"https:\/\/www.santafeciudad.gov.ar\/capitalcultural\/wp-content\/uploads\/2026\/07\/MarcePucci_SC_TeatroTiteresMunicipal_12062025_023-768x1152.jpg\" class=\"ccp-card__image wp-post-image\" alt=\"\" style=\"object-position: 50% 50%;\" loading=\"lazy\" decoding=\"async\" srcset=\"https:\/\/www.santafeciudad.gov.ar\/capitalcultural\/wp-content\/uploads\/2026\/07\/MarcePucci_SC_TeatroTiteresMunicipal_12062025_023-768x1152.jpg 768w, https:\/\/www.santafeciudad.gov.ar\/capitalcultural\/wp-content\/uploads\/2026\/07\/MarcePucci_SC_TeatroTiteresMunicipal_12062025_023-200x300.jpg 200w, https:\/\/www.santafeciudad.gov.ar\/capitalcultural\/wp-content\/uploads\/2026\/07\/MarcePucci_SC_TeatroTiteresMunicipal_12062025_023-683x1024.jpg 683w, https:\/\/www.santafeciudad.gov.ar\/capitalcultural\/wp-content\/uploads\/2026\/07\/MarcePucci_SC_TeatroTiteresMunicipal_12062025_023-1024x1536.jpg 1024w, https:\/\/www.santafeciudad.gov.ar\/capitalcultural\/wp-content\/uploads\/2026\/07\/MarcePucci_SC_TeatroTiteresMunicipal_12062025_023.jpg 1280w\" sizes=\"auto, (max-width: 768px) 100vw, 768px\" \/>\t\t\t\t\t<\/span>\n\t\t<span class=\"ccp-card__content\">\n\t\t\t<span class=\"ccp-card__tags\">\n\t\t\t\t\t\t\t\t\t<span class=\"ccp-tag ccp-tag--categoria\">ACTIVIDAD<\/span>\n\t\t\t\t\t\t\t\t<span class=\"ccp-tag ccp-tag--estado ccp-tag--ya-sucedio\">FINALIZADA<\/span>\n\t\t\t<\/span>\n\t\t\t<span class=\"ccp-card__title\">Vacaciones de Invierno en el Museo<\/span>\n\t\t\t\t\t\t\t<span class=\"ccp-card__espacio\">Museo del Teatro<\/span>\n\t\t\t\t\t\t\t\t\t\t<span class=\"ccp-card__date\">Del 10 al 19 de julio de 2025<\/span>\n\t\t\t\t\t\t\t\t\t\t<span class=\"ccp-card__excerpt\">El Teatro de T\u00edteres Municipal presentar\u00e1 sus obras en conjunto con recorridos libres por la muestra \u201cMedio siglo contado con las manos. Teatro de&hellip;<\/span>\n\t\t\t\t\t\t<span class=\"ccp-card__action\">Ver propuesta<\/span>\n\t\t<\/span>\n\t<\/button>\n<\/article>\n\t\t\t<\/div>\n\t\t\t<div id=\"ccp-modal-1-31530\" class=\"ccp-modal\" hidden>\n\t<div class=\"ccp-modal__overlay\" data-ccp-close><\/div>\n\t<div class=\"ccp-modal__dialog\" role=\"dialog\" aria-modal=\"true\" aria-labelledby=\"ccp-modal-1-31530-title\" tabindex=\"-1\">\n\t\t<button class=\"ccp-modal__close\" type=\"button\" aria-label=\"Cerrar\" data-ccp-close>\n\t\t\t<span aria-hidden=\"true\">&times;<\/span>\n\t\t<\/button>\n\t\t<div class=\"ccp-modal__media\">\n\t\t\t\t\t\t\t<img loading=\"lazy\" width=\"941\" height=\"729\" src=\"https:\/\/www.santafeciudad.gov.ar\/capitalcultural\/wp-content\/uploads\/2026\/07\/Hiroshima-1974.jpg\" class=\"ccp-modal__image wp-post-image\" alt=\"\" style=\"object-position: 50% 50%;\" sizes=\"auto, (max-width: 900px) calc(100vw - 24px), 44vw\" loading=\"lazy\" decoding=\"async\" srcset=\"https:\/\/www.santafeciudad.gov.ar\/capitalcultural\/wp-content\/uploads\/2026\/07\/Hiroshima-1974.jpg 941w, https:\/\/www.santafeciudad.gov.ar\/capitalcultural\/wp-content\/uploads\/2026\/07\/Hiroshima-1974-300x232.jpg 300w, https:\/\/www.santafeciudad.gov.ar\/capitalcultural\/wp-content\/uploads\/2026\/07\/Hiroshima-1974-768x595.jpg 768w\" \/>\t\t\t\t\t<\/div>\n\t\t<div class=\"ccp-modal__body\">\n\t\t\t<div class=\"ccp-modal__tags\">\n\t\t\t\t\t\t\t\t\t<span class=\"ccp-tag ccp-tag--categoria\">ACTIVACI\u00d3N<\/span>\n\t\t\t\t\t\t\t\t<span class=\"ccp-tag ccp-tag--estado ccp-tag--ya-sucedio\">FINALIZADA<\/span>\n\t\t\t<\/div>\n\t\t\t<h2 id=\"ccp-modal-1-31530-title\" class=\"ccp-modal__title\">D\u00eda de la Danza en el Museo<\/h2>\n\t\t\t\t\t\t\t<p class=\"ccp-modal__date\">29 de abril de 2026<\/p>\n\t\t\t\t\t\t\t\t\t<div class=\"ccp-modal__content\">\n\t\t\t\t<p>La propuesta, que se llevar\u00e1 a cabo el mi\u00e9rcoles 29 de abril a las 10.30 h con entrada libre y gratuita, consiste en un recorrido comentado dirigido por la curadora de la muestra, Noel Sbodio. Durante el encuentro, se profundizar\u00e1 en el valioso acervo de documentos, fotograf\u00edas y objetos que integran la exhibici\u00f3n, rescatando la memoria de la danza esc\u00e9nica local, la llegada de grandes compa\u00f1\u00edas internacionales y el rol fundamental del Liceo Municipal en la formaci\u00f3n de artistas santafesinos.<\/p>\n<p>Sobre la actividad y la muestra<\/p>\n<p>La activaci\u00f3n busca poner en di\u00e1logo la investigaci\u00f3n hist\u00f3rica con el p\u00fablico, permitiendo una lectura m\u00e1s profunda sobre c\u00f3mo se tejieron las relaciones entre lo local y lo nacional en la construcci\u00f3n de la danza. La muestra, que ya se encuentra abierta al p\u00fablico, y que puede visitarse hasta el domingo 13 de septiembre de martes a s\u00e1bados de 9 a 13 y de 17 a 20 h, funciona como un registro vivo de las memorias que habitan el Teatro 1\u00b0 de Mayo.<\/p>\n<p>Cabe destacar que Noel Sbodio, a cargo del recorrido, cuenta con una trayectoria de excelencia como bailarina formada en el Instituto Superior de Arte del Teatro Col\u00f3n y el Ballet Nacional de Cuba, adem\u00e1s de ser una referente en la investigaci\u00f3n y legislaci\u00f3n de la danza en Argentina.<\/p>\n\t\t\t<\/div>\n\t\t\t\t\t<\/div>\n\t<\/div>\n<\/div>\n\t\t\t<div id=\"ccp-modal-1-31527\" class=\"ccp-modal\" hidden>\n\t<div class=\"ccp-modal__overlay\" data-ccp-close><\/div>\n\t<div class=\"ccp-modal__dialog\" role=\"dialog\" aria-modal=\"true\" aria-labelledby=\"ccp-modal-1-31527-title\" tabindex=\"-1\">\n\t\t<button class=\"ccp-modal__close\" type=\"button\" aria-label=\"Cerrar\" data-ccp-close>\n\t\t\t<span aria-hidden=\"true\">&times;<\/span>\n\t\t<\/button>\n\t\t<div class=\"ccp-modal__media\">\n\t\t\t\t\t\t\t<img loading=\"lazy\" width=\"2560\" height=\"1354\" src=\"https:\/\/www.santafeciudad.gov.ar\/capitalcultural\/wp-content\/uploads\/2026\/07\/Boceto-de-Chabela-Reinares-scaled.jpg\" class=\"ccp-modal__image wp-post-image\" alt=\"\" style=\"object-position: 17% 73%;\" sizes=\"auto, (max-width: 900px) calc(100vw - 24px), 44vw\" loading=\"lazy\" decoding=\"async\" srcset=\"https:\/\/www.santafeciudad.gov.ar\/capitalcultural\/wp-content\/uploads\/2026\/07\/Boceto-de-Chabela-Reinares-scaled.jpg 2560w, https:\/\/www.santafeciudad.gov.ar\/capitalcultural\/wp-content\/uploads\/2026\/07\/Boceto-de-Chabela-Reinares-300x159.jpg 300w, https:\/\/www.santafeciudad.gov.ar\/capitalcultural\/wp-content\/uploads\/2026\/07\/Boceto-de-Chabela-Reinares-1024x541.jpg 1024w, https:\/\/www.santafeciudad.gov.ar\/capitalcultural\/wp-content\/uploads\/2026\/07\/Boceto-de-Chabela-Reinares-768x406.jpg 768w, https:\/\/www.santafeciudad.gov.ar\/capitalcultural\/wp-content\/uploads\/2026\/07\/Boceto-de-Chabela-Reinares-1536x812.jpg 1536w, https:\/\/www.santafeciudad.gov.ar\/capitalcultural\/wp-content\/uploads\/2026\/07\/Boceto-de-Chabela-Reinares-2048x1083.jpg 2048w\" \/>\t\t\t\t\t<\/div>\n\t\t<div class=\"ccp-modal__body\">\n\t\t\t<div class=\"ccp-modal__tags\">\n\t\t\t\t\t\t\t\t\t<span class=\"ccp-tag ccp-tag--categoria\">MUESTRA<\/span>\n\t\t\t\t\t\t\t\t<span class=\"ccp-tag ccp-tag--estado ccp-tag--activa\">ACTIVA<\/span>\n\t\t\t<\/div>\n\t\t\t<h2 id=\"ccp-modal-1-31527-title\" class=\"ccp-modal__title\">Entre lo ef\u00edmero y lo perdurable<\/h2>\n\t\t\t\t\t\t\t<p class=\"ccp-modal__date\">Del 18 de abril al 13 de septiembre de 2026<\/p>\n\t\t\t\t\t\t\t\t\t\t<dl class=\"ccp-modal__details\">\n\t\t\t\t\t\t\t\t\t\t\t<div>\n\t\t\t\t\t\t\t<dt>Horarios<\/dt>\n\t\t\t\t\t\t\t<dd>Martes a s\u00e1bados de 9 a 13 y de 17 a 20 horas<\/dd>\n\t\t\t\t\t\t<\/div>\n\t\t\t\t\t\t\t\t\t\t\t\t\t\t<\/dl>\n\t\t\t\t\t\t<div class=\"ccp-modal__content\">\n\t\t\t\t<p>La muestra \u201cEntre lo ef\u00edmero y lo perdurable. La danza en la historia del Teatro 1\u00b0 de Mayo\u201d se inaugura en el Museo del Teatro (San Mart\u00edn 2068) el s\u00e1bado 18 de abril a las 19.30 h, con curadur\u00eda de Noel Sbodio. En el marco de la inauguraci\u00f3n, la Compa\u00f1\u00eda Ham presentar\u00e1 la obra \u201cTri\u00e6da. Danza contempor\u00e1nea en vivo\u201d. La actividad es libre y gratuita.<\/p>\n<p>La muestra se podr\u00e1 visitar hasta el domingo 13 de septiembre de 2026 de martes a s\u00e1bados de 9 a 13 y de 17 a 20 h.<\/p>\n<p>Un registro hist\u00f3rico de la construcci\u00f3n de la danza en Santa Fe<\/p>\n<p>A partir de documentos, fotograf\u00edas y objetos del acervo del Teatro, la muestra explora los inicios de la danza esc\u00e9nica local, la llegada de compa\u00f1\u00edas y figuras internacionales, y la influencia de los circuitos nacionales en la formaci\u00f3n de p\u00fablicos y artistas.<\/p>\n<p>Asimismo, se aborda la evoluci\u00f3n de la Escuela de Danza del Liceo Municipal Antonio Fuentes del Arco, espacio clave en la formaci\u00f3n de bailarines y en la incorporaci\u00f3n de nuevas tendencias. Entre memorias encarnadas y registros perdurables, la muestra revela c\u00f3mo se tejieron las relaciones entre lo local, lo nacional y lo internacional en la construcci\u00f3n de la danza en Santa Fe.<\/p>\n<p>Presentaci\u00f3n de la Compa\u00f1\u00eda Ham<\/p>\n<p>Luego del acto inaugural la Compa\u00f1\u00eda Ham, bajo la direcci\u00f3n de Cecilia Romero Kucharuk, presentar\u00e1 la obra Tri\u00e6da, con m\u00fasica de Mercedes Sosa y la interpretaci\u00f3n de Lucia Mazuqu\u00edn, Amparo Gallo y Virginia Weder. Se trata de una coreograf\u00eda creada con el fin de representar a la Argentina en el 9\u00b0 Festival Internazionale Armon\u00eda de Popoli, para la Gala Homenaje a la bailarina Liliana Cosi en Montecatini Terme (Pistoia, Italia) realizado en 2022.<\/p>\n<p>Sobre Noel Sbodio<\/p>\n<p>Noel Sbodio naci\u00f3 en Santa Fe. Es bailarina formada por la Mtra. Elizabeth Sture, egres\u00f3 como int\u00e9rprete profesional del Instituto Superior de Arte del Teatro Col\u00f3n, y fue bailarina del Ballet Nacional de Cuba. Es Licenciada en Sociolog\u00eda (UBA) y Mag\u00edster en Ciencias Pol\u00edticas (Universidad de Lovaina, B\u00e9lgica). Se especializa en Estudios de danza, campo en el que desarrolla investigaciones y publicaciones. Es co-redactora del proyecto de Ley Nacional de Danza y particip\u00f3 activamente en su impulso. En 2015 cofund\u00f3 la Asociaci\u00f3n Argentina de Trabajadores de la Danza. Entre 2018 y 2025 integr\u00f3 la Direcci\u00f3n de Museos de la Municipalidad de Santa Fe, donde realiz\u00f3 curadur\u00edas para diversas muestras. Actualmente dirige su estudio de danza y contin\u00faa su labor como investigadora independiente.<\/p>\n\t\t\t<\/div>\n\t\t\t\t\t<\/div>\n\t<\/div>\n<\/div>\n\t\t\t<div id=\"ccp-modal-1-31534\" class=\"ccp-modal\" hidden>\n\t<div class=\"ccp-modal__overlay\" data-ccp-close><\/div>\n\t<div class=\"ccp-modal__dialog\" role=\"dialog\" aria-modal=\"true\" aria-labelledby=\"ccp-modal-1-31534-title\" tabindex=\"-1\">\n\t\t<button class=\"ccp-modal__close\" type=\"button\" aria-label=\"Cerrar\" data-ccp-close>\n\t\t\t<span aria-hidden=\"true\">&times;<\/span>\n\t\t<\/button>\n\t\t<div class=\"ccp-modal__media\">\n\t\t\t\t\t\t\t<img loading=\"lazy\" width=\"1900\" height=\"2560\" src=\"https:\/\/www.santafeciudad.gov.ar\/capitalcultural\/wp-content\/uploads\/2026\/06\/Museo-de-la-Constitucion.-Pintura-_La-mujer-en-el-campo-de-batalla_-scaled.jpg\" class=\"ccp-modal__image wp-post-image\" alt=\"\" style=\"object-position: 50% 50%;\" sizes=\"auto, (max-width: 900px) calc(100vw - 24px), 44vw\" loading=\"lazy\" decoding=\"async\" srcset=\"https:\/\/www.santafeciudad.gov.ar\/capitalcultural\/wp-content\/uploads\/2026\/06\/Museo-de-la-Constitucion.-Pintura-_La-mujer-en-el-campo-de-batalla_-scaled.jpg 1900w, https:\/\/www.santafeciudad.gov.ar\/capitalcultural\/wp-content\/uploads\/2026\/06\/Museo-de-la-Constitucion.-Pintura-_La-mujer-en-el-campo-de-batalla_-223x300.jpg 223w, https:\/\/www.santafeciudad.gov.ar\/capitalcultural\/wp-content\/uploads\/2026\/06\/Museo-de-la-Constitucion.-Pintura-_La-mujer-en-el-campo-de-batalla_-760x1024.jpg 760w, https:\/\/www.santafeciudad.gov.ar\/capitalcultural\/wp-content\/uploads\/2026\/06\/Museo-de-la-Constitucion.-Pintura-_La-mujer-en-el-campo-de-batalla_-768x1035.jpg 768w, https:\/\/www.santafeciudad.gov.ar\/capitalcultural\/wp-content\/uploads\/2026\/06\/Museo-de-la-Constitucion.-Pintura-_La-mujer-en-el-campo-de-batalla_-1140x1536.jpg 1140w, https:\/\/www.santafeciudad.gov.ar\/capitalcultural\/wp-content\/uploads\/2026\/06\/Museo-de-la-Constitucion.-Pintura-_La-mujer-en-el-campo-de-batalla_-1520x2048.jpg 1520w\" \/>\t\t\t\t\t<\/div>\n\t\t<div class=\"ccp-modal__body\">\n\t\t\t<div class=\"ccp-modal__tags\">\n\t\t\t\t\t\t\t\t\t<span class=\"ccp-tag ccp-tag--categoria\">ACTIVIDAD<\/span>\n\t\t\t\t\t\t\t\t<span class=\"ccp-tag ccp-tag--estado ccp-tag--ya-sucedio\">FINALIZADA<\/span>\n\t\t\t<\/div>\n\t\t\t<h2 id=\"ccp-modal-1-31534-title\" class=\"ccp-modal__title\">La mujer en el campo de batalla<\/h2>\n\t\t\t\t\t\t\t<p class=\"ccp-modal__date\">Del 7 al 26 de julio de 2026<\/p>\n\t\t\t\t\t\t\t\t\t<div class=\"ccp-modal__content\">\n\t\t\t\t<div class=\"tochi-audio-content\">\n<p><strong>\u00a1TOCHI!, historias prestadas entre Museos<\/strong>, propone nuevos encuentros entre objetos, relatos y memorias. En el Museo del Teatro se exhibe <em>La mujer en el campo de batalla<\/em>, de la artista santafesina Myriam Robbiano. Una obra del Museo de la Constituci\u00f3n que recupera la historia de mujeres invisibilizadas por el relato oficial.<\/p>\n<p>Sus experiencias encuentran un eco en la historia de la danza y las artes esc\u00e9nicas, sostenidas tambi\u00e9n por tantas personas que hicieron posible la transmisi\u00f3n, la formaci\u00f3n y la creaci\u00f3n desde lugares poco reconocidos.<\/p>\n<p>Te invitamos a completar la experiencia escuchando el audio que acompa\u00f1a la obra, una voz que rescata sus historias de trabajo, cuidado, resistencia y valent\u00eda.<\/p>\n<div class=\"tochi-player-card\">\n<div class=\"tochi-player-header\">\n<div class=\"tochi-player-icon\">\ud83c\udfa7<\/div>\n<div class=\"tochi-player-info\">Audiogu\u00eda<br \/>\n<strong>Escuch\u00e1 el relato de la obra<\/strong><\/div>\n<\/div>\n<p><audio preload=\"metadata\" controls=\"controls\">Tu navegador no soporta la reproducci\u00f3n de audio.<\/audio><\/p>\n<\/div>\n<\/div>\n\t\t\t<\/div>\n\t\t\t\t\t<\/div>\n\t<\/div>\n<\/div>\n\t\t\t<div id=\"ccp-modal-1-31524\" class=\"ccp-modal\" hidden>\n\t<div class=\"ccp-modal__overlay\" data-ccp-close><\/div>\n\t<div class=\"ccp-modal__dialog\" role=\"dialog\" aria-modal=\"true\" aria-labelledby=\"ccp-modal-1-31524-title\" tabindex=\"-1\">\n\t\t<button class=\"ccp-modal__close\" type=\"button\" aria-label=\"Cerrar\" data-ccp-close>\n\t\t\t<span aria-hidden=\"true\">&times;<\/span>\n\t\t<\/button>\n\t\t<div class=\"ccp-modal__media\">\n\t\t\t\t\t\t\t<img loading=\"lazy\" width=\"1425\" height=\"1125\" src=\"https:\/\/www.santafeciudad.gov.ar\/capitalcultural\/wp-content\/uploads\/2026\/07\/Imagen-plano-original-Teatro-Municipal.-Arq-Augusto-Plou.-1905.jpg\" class=\"ccp-modal__image wp-post-image\" alt=\"\" style=\"object-position: 50% 50%;\" sizes=\"auto, (max-width: 900px) calc(100vw - 24px), 44vw\" loading=\"lazy\" decoding=\"async\" srcset=\"https:\/\/www.santafeciudad.gov.ar\/capitalcultural\/wp-content\/uploads\/2026\/07\/Imagen-plano-original-Teatro-Municipal.-Arq-Augusto-Plou.-1905.jpg 1425w, https:\/\/www.santafeciudad.gov.ar\/capitalcultural\/wp-content\/uploads\/2026\/07\/Imagen-plano-original-Teatro-Municipal.-Arq-Augusto-Plou.-1905-300x237.jpg 300w, https:\/\/www.santafeciudad.gov.ar\/capitalcultural\/wp-content\/uploads\/2026\/07\/Imagen-plano-original-Teatro-Municipal.-Arq-Augusto-Plou.-1905-1024x808.jpg 1024w, https:\/\/www.santafeciudad.gov.ar\/capitalcultural\/wp-content\/uploads\/2026\/07\/Imagen-plano-original-Teatro-Municipal.-Arq-Augusto-Plou.-1905-768x606.jpg 768w\" \/>\t\t\t\t\t<\/div>\n\t\t<div class=\"ccp-modal__body\">\n\t\t\t<div class=\"ccp-modal__tags\">\n\t\t\t\t\t\t\t\t\t<span class=\"ccp-tag ccp-tag--categoria\">MUESTRA<\/span>\n\t\t\t\t\t\t\t\t<span class=\"ccp-tag ccp-tag--estado ccp-tag--ya-sucedio\">FINALIZADA<\/span>\n\t\t\t<\/div>\n\t\t\t<h2 id=\"ccp-modal-1-31524-title\" class=\"ccp-modal__title\">Capas del Tiempo &#8211; 120 A\u00f1os del Teatro Municipal<\/h2>\n\t\t\t\t\t\t\t<p class=\"ccp-modal__date\">Del 2 de octubre de 2025 al 28 de marzo de 2026<\/p>\n\t\t\t\t\t\t\t\t\t\t<dl class=\"ccp-modal__details\">\n\t\t\t\t\t\t\t\t\t\t\t<div>\n\t\t\t\t\t\t\t<dt>Horarios<\/dt>\n\t\t\t\t\t\t\t<dd>Lunes a viernes de 8 a 13 horas<\/dd>\n\t\t\t\t\t\t<\/div>\n\t\t\t\t\t\t\t\t\t\t\t\t\t\t<\/dl>\n\t\t\t\t\t\t<div class=\"ccp-modal__content\">\n\t\t\t\t<p>La muestra \u201cCapas del tiempo | Teatro Municipal 1\u00ba de Mayo | 120 a\u00f1os\u201d, con la curadur\u00eda del Museo del Teatro y del \u00c1rea de Conservaci\u00f3n y Restauraci\u00f3n de Museos, puede visitarse hasta el 28 de marzo de 2026 de lunes a viernes de 8 a 13 h.<\/p>\n<p>Un espacio patrimonial emblem\u00e1tico<\/p>\n<p>En el marco de la celebraci\u00f3n de los 120 a\u00f1os del Teatro Municipal 1 de Mayo, esta muestra invita a recorrer capas de historia a trav\u00e9s de la arquitectura del coliseo local. Es tambi\u00e9n un llamado a construir una narrativa compartida. Cada paso evoca las voces que lo hicieron eterno y lo reconocen como espacio patrimonial emblem\u00e1tico, lugar de encuentro donde el arte, la memoria y la identidad se entrelazan en comunidad.<\/p>\n<p>El Teatro Municipal de Santa Fe abri\u00f3 sus puertas en 1905, en una ciudad que so\u00f1aba con modernidad y grandeza. Su emplazamiento, entre el casco hist\u00f3rico y el puerto, lo convirti\u00f3 desde el inicio en un s\u00edmbolo de pertenencia y territorialidad. Fue concebido como un gesto colectivo: la voluntad pol\u00edtica, el proyecto de un arquitecto franc\u00e9s y, especialmente, el impulso de las corrientes inmigratorias italianas \u2014que vieron en su construcci\u00f3n una forma de integraci\u00f3n social\u2014, junto a artistas y vecinos, dieron vida a un edificio que desde entonces se erige como emblema cultural.<\/p>\n<p>Su arquitectura, inspirada en los grandes coliseos europeos, con un estilo ecl\u00e9ctico y detalles innovadores para la \u00e9poca \u2014condiciones ac\u00fasticas destacadas, energ\u00eda el\u00e9ctrica, cubierta corrediza y gran mural en la c\u00fapula, pisos con mecanismos de elevaci\u00f3n, ornamentos, dorados a la hoja\u2014, convirti\u00f3 al 1\u00ba de Mayo en un faro de las artes. Su Sala Mayor fue testigo de \u00f3peras y conciertos, dramas y comedias, danzas y t\u00edteres, voces locales y universales y tantas otras expresiones que hicieron vibrar a generaciones de santafesinos.<\/p>\n<p>La historia de este Teatro es tambi\u00e9n la de sus transformaciones. Cada \u00e9poca dej\u00f3 su huella: las reparaciones de los a\u00f1os 40, la modernizaci\u00f3n de los 70 con la inauguraci\u00f3n de la Sala Marechal, las restauraciones tras el incendio de 1995, el regreso a los or\u00edgenes en el Centenario de 2005 y la declaraci\u00f3n como Monumento Hist\u00f3rico Nacional en 2011. M\u00e1s recientemente, la puesta en valor de su fachada y las investigaciones actuales sobre la Sala Mayor reafirman su vigencia como hito cultural y arquitect\u00f3nico de la ciudad.<\/p>\n<p>Conservar el Teatro ha sido siempre un acto de cuidado colectivo. Reformas, restauraciones y modernizaciones acompa\u00f1aron el pulso de la ciudad, asegurando la continuidad de un edificio que late con la misma vitalidad desde hace 120 a\u00f1os.<\/p>\n\t\t\t<\/div>\n\t\t\t\t\t<\/div>\n\t<\/div>\n<\/div>\n\t\t\t<div id=\"ccp-modal-1-31515\" class=\"ccp-modal\" hidden>\n\t<div class=\"ccp-modal__overlay\" data-ccp-close><\/div>\n\t<div class=\"ccp-modal__dialog\" role=\"dialog\" aria-modal=\"true\" aria-labelledby=\"ccp-modal-1-31515-title\" tabindex=\"-1\">\n\t\t<button class=\"ccp-modal__close\" type=\"button\" aria-label=\"Cerrar\" data-ccp-close>\n\t\t\t<span aria-hidden=\"true\">&times;<\/span>\n\t\t<\/button>\n\t\t<div class=\"ccp-modal__media\">\n\t\t\t\t\t\t\t<img loading=\"lazy\" width=\"1369\" height=\"2560\" src=\"https:\/\/www.santafeciudad.gov.ar\/capitalcultural\/wp-content\/uploads\/2026\/07\/Pedro-y-el-lobo.-Gato-scaled.jpg\" class=\"ccp-modal__image wp-post-image\" alt=\"\" style=\"object-position: 50% 50%;\" sizes=\"auto, (max-width: 900px) calc(100vw - 24px), 44vw\" loading=\"lazy\" decoding=\"async\" srcset=\"https:\/\/www.santafeciudad.gov.ar\/capitalcultural\/wp-content\/uploads\/2026\/07\/Pedro-y-el-lobo.-Gato-scaled.jpg 1369w, https:\/\/www.santafeciudad.gov.ar\/capitalcultural\/wp-content\/uploads\/2026\/07\/Pedro-y-el-lobo.-Gato-160x300.jpg 160w, https:\/\/www.santafeciudad.gov.ar\/capitalcultural\/wp-content\/uploads\/2026\/07\/Pedro-y-el-lobo.-Gato-548x1024.jpg 548w, https:\/\/www.santafeciudad.gov.ar\/capitalcultural\/wp-content\/uploads\/2026\/07\/Pedro-y-el-lobo.-Gato-768x1436.jpg 768w, https:\/\/www.santafeciudad.gov.ar\/capitalcultural\/wp-content\/uploads\/2026\/07\/Pedro-y-el-lobo.-Gato-822x1536.jpg 822w, https:\/\/www.santafeciudad.gov.ar\/capitalcultural\/wp-content\/uploads\/2026\/07\/Pedro-y-el-lobo.-Gato-1096x2048.jpg 1096w\" \/>\t\t\t\t\t<\/div>\n\t\t<div class=\"ccp-modal__body\">\n\t\t\t<div class=\"ccp-modal__tags\">\n\t\t\t\t\t\t\t\t\t<span class=\"ccp-tag ccp-tag--categoria\">MUESTRA<\/span>\n\t\t\t\t\t\t\t\t<span class=\"ccp-tag ccp-tag--estado ccp-tag--ya-sucedio\">FINALIZADA<\/span>\n\t\t\t<\/div>\n\t\t\t<h2 id=\"ccp-modal-1-31515-title\" class=\"ccp-modal__title\">Medio siglo contado con las manos<\/h2>\n\t\t\t\t\t\t\t<p class=\"ccp-modal__date\">Del 12 de junio al 21 de septiembre de 2025<\/p>\n\t\t\t\t\t\t\t\t\t\t<dl class=\"ccp-modal__details\">\n\t\t\t\t\t\t\t\t\t\t\t<div>\n\t\t\t\t\t\t\t<dt>Horarios<\/dt>\n\t\t\t\t\t\t\t<dd>Martes a s\u00e1bados de 9 a 13 y de 17 a 20 horas<\/dd>\n\t\t\t\t\t\t<\/div>\n\t\t\t\t\t\t\t\t\t\t\t\t\t\t\t\t<div>\n\t\t\t\t\t\t\t<dt>Sala o ubicaci\u00f3n<\/dt>\n\t\t\t\t\t\t\t<dd>Sala Franze<\/dd>\n\t\t\t\t\t\t<\/div>\n\t\t\t\t\t\t\t\t\t<\/dl>\n\t\t\t\t\t\t<div class=\"ccp-modal__content\">\n\t\t\t\t<p>El jueves 12 de junio a las 20 h en la Sala Franze del Museo del Teatro Municipal, ser\u00e1 inaugurada la muestra \u201cMedio siglo contado con las manos. Teatro de T\u00edteres Municipal 1975 &#8211; 2025\u201d, que reconstruye la historia del Teatro de T\u00edteres Municipal desde sus inicios hasta la actualidad. Cuenta con la curadur\u00eda y dise\u00f1o exhibitivo de los Equipos de Museos Municipales y el texto curatorial a cargo de Nidia Maidana.<\/p>\n<p>Podr\u00e1 visitarse hasta el 21 de septiembre de martes a s\u00e1bado de 9 a 13 y de 17 a 20 h.<\/p>\n<p>Mapa esc\u00e9nico<\/p>\n<p>En palabras Maidana, en la muestra, \u201cse presenta un mapa esc\u00e9nico compuesto por un pu\u00f1ado de espect\u00e1culos, de los muchos y emblem\u00e1ticos realizados por el Teatro de T\u00edteres, concebidos al calor de charlas y mates, en los que la experiencia est\u00e9tica redobla la apuesta por lo l\u00fadico y la sensibilidad\u201d<\/p>\n<p>Adem\u00e1s de t\u00edteres y puestas escenogr\u00e1ficas, se rescatan materiales de archivos, fotos, notas period\u00edsticas y programas. La exhibici\u00f3n contiene diferentes elementos de las obras presentadas por el Teatro de T\u00edteres, que van desde &#8220;Pipeta vendedor de cubanitos&#8221; de 1975 hasta &#8220;Al pan pan y vino el diablo&#8221; de 2024, pasando por un sinn\u00famero de propuestas, entre la que se destacan la adaptaci\u00f3n de &#8220;Inodoro Pereyra, el renega\u00fa&#8221; de 1995, &#8220;El retablillo de Don Crist\u00f3bal&#8221; de Federico Garc\u00eda Lorca (1998) y \u201cPedro y el lobo\u201d (2009) de Sergu\u00e9i Prok\u00f3fiev.<\/p>\n<p>Sobre el Teatro de T\u00edteres Municipal<\/p>\n<p>El Teatro Estable de Mu\u00f1ecos de la Municipalidad de Santa Fe nace en mayo de 1975, en sinton\u00eda con un movimiento muy importante de titiriteros a nivel nacional. El nombre de Mat\u00edas Rodr\u00edguez (1956-2004) est\u00e1 \u00edntimamente ligado a los comienzos de esta experiencia, ya que con apenas diecinueve a\u00f1os impuls\u00f3 la creaci\u00f3n del grupo, que en esa primera etapa cont\u00f3 tambi\u00e9n con Carlos Falco, Gonzalo Palta, Nancy Del Nescier y Nora Carelli.<\/p>\n<p>En ese momento inicial se encontraron las semillas de la identidad del grupo, que desde sus inicios plante\u00f3 espect\u00e1culos para ni\u00f1as y ni\u00f1os, adolescentes y adultos que giraron por distintos espacios p\u00fablicos de la ciudad, escuelas y jardines.<\/p>\n<p>A lo largo de estos 50 a\u00f1os retomaron numerosas obras del repertorio cl\u00e1sico pertenecientes a titiriteros que tejieron la historia de este arte, como Federico Garc\u00eda Lorca, Javier Villafa\u00f1e, Roberto Espina, Quique S\u00e1nchez Vera y Lucho Clayssen, entre otros; y autores como Jos\u00e9 Luis Pag\u00e9s, Elsa Bornnemann, Roberto Fontanarrosa y Enrique Butti.<\/p>\n<p>La trayectoria del Teatro de T\u00edteres Municipal s\u00f3lo fue discontinuada durante la dictadura militar, entre 1979 y 1983, por lo que se trata del elenco titiritero en actividad m\u00e1s antiguo de la capital santafesina.<\/p>\n\t\t\t<\/div>\n\t\t\t\t\t<\/div>\n\t<\/div>\n<\/div>\n\t\t\t<div id=\"ccp-modal-1-31521\" class=\"ccp-modal\" hidden>\n\t<div class=\"ccp-modal__overlay\" data-ccp-close><\/div>\n\t<div class=\"ccp-modal__dialog\" role=\"dialog\" aria-modal=\"true\" aria-labelledby=\"ccp-modal-1-31521-title\" tabindex=\"-1\">\n\t\t<button class=\"ccp-modal__close\" type=\"button\" aria-label=\"Cerrar\" data-ccp-close>\n\t\t\t<span aria-hidden=\"true\">&times;<\/span>\n\t\t<\/button>\n\t\t<div class=\"ccp-modal__media\">\n\t\t\t\t\t\t\t<img loading=\"lazy\" width=\"1280\" height=\"1920\" src=\"https:\/\/www.santafeciudad.gov.ar\/capitalcultural\/wp-content\/uploads\/2026\/07\/MarcePucci_SC_TeatroTiteresMunicipal_12062025_023.jpg\" class=\"ccp-modal__image wp-post-image\" alt=\"\" style=\"object-position: 50% 50%;\" sizes=\"auto, (max-width: 900px) calc(100vw - 24px), 44vw\" loading=\"lazy\" decoding=\"async\" srcset=\"https:\/\/www.santafeciudad.gov.ar\/capitalcultural\/wp-content\/uploads\/2026\/07\/MarcePucci_SC_TeatroTiteresMunicipal_12062025_023.jpg 1280w, https:\/\/www.santafeciudad.gov.ar\/capitalcultural\/wp-content\/uploads\/2026\/07\/MarcePucci_SC_TeatroTiteresMunicipal_12062025_023-200x300.jpg 200w, https:\/\/www.santafeciudad.gov.ar\/capitalcultural\/wp-content\/uploads\/2026\/07\/MarcePucci_SC_TeatroTiteresMunicipal_12062025_023-683x1024.jpg 683w, https:\/\/www.santafeciudad.gov.ar\/capitalcultural\/wp-content\/uploads\/2026\/07\/MarcePucci_SC_TeatroTiteresMunicipal_12062025_023-768x1152.jpg 768w, https:\/\/www.santafeciudad.gov.ar\/capitalcultural\/wp-content\/uploads\/2026\/07\/MarcePucci_SC_TeatroTiteresMunicipal_12062025_023-1024x1536.jpg 1024w\" \/>\t\t\t\t\t<\/div>\n\t\t<div class=\"ccp-modal__body\">\n\t\t\t<div class=\"ccp-modal__tags\">\n\t\t\t\t\t\t\t\t\t<span class=\"ccp-tag ccp-tag--categoria\">ACTIVIDAD<\/span>\n\t\t\t\t\t\t\t\t<span class=\"ccp-tag ccp-tag--estado ccp-tag--ya-sucedio\">FINALIZADA<\/span>\n\t\t\t<\/div>\n\t\t\t<h2 id=\"ccp-modal-1-31521-title\" class=\"ccp-modal__title\">Vacaciones de Invierno en el Museo<\/h2>\n\t\t\t\t\t\t\t<p class=\"ccp-modal__date\">Del 10 al 19 de julio de 2025<\/p>\n\t\t\t\t\t\t\t\t\t\t<dl class=\"ccp-modal__details\">\n\t\t\t\t\t\t\t\t\t\t\t\t\t\t\t\t<div>\n\t\t\t\t\t\t\t<dt>Sala o ubicaci\u00f3n<\/dt>\n\t\t\t\t\t\t\t<dd>Sala Franze<\/dd>\n\t\t\t\t\t\t<\/div>\n\t\t\t\t\t\t\t\t\t<\/dl>\n\t\t\t\t\t\t<div class=\"ccp-modal__content\">\n\t\t\t\t<p>El Teatro de T\u00edteres Municipal presentar\u00e1 sus obras en conjunto con recorridos libres por la muestra \u201cMedio siglo contado con las manos. Teatro de T\u00edteres Municipal 1975 &#8211; 2025\u201d, que se expone en la Sala Franze. Las obras y recorridos tendr\u00e1n lugar el jueves 10 a las 16 h, s\u00e1bado 12 a las 11.30 h, el jueves 17 a las 16 h y s\u00e1bado 19 a las 11.30 h.<\/p>\n<p>El jueves 17 a las 16 h se presentar\u00e1 la obra &#8220;Al pan pan y vino el diablo&#8221; y el s\u00e1bado 19 a las 11.30 hs ser\u00e1 el turno de la obra de &#8220;El gato y los ratones&#8221;<\/p>\n<p>Sobre la muestra \u201cMedio siglo contado con las manos\u201d<\/p>\n<p>La muestra \u201cMedio siglo contado con las manos. Teatro de T\u00edteres Municipal 1975 &#8211; 2025\u201d, reconstruye la historia del Teatro de T\u00edteres Municipal desde sus inicios hasta la actualidad. Cuenta con la curadur\u00eda y dise\u00f1o exhibitivo de los Equipos de Museos Municipales y el texto curatorial a cargo de Nidia Maidana.<\/p>\n\t\t\t<\/div>\n\t\t\t\t\t<\/div>\n\t<\/div>\n<\/div>\n\t<\/div>\n\t\t\t\t<\/div>\n\t\t\t\t<\/div>\n\t\t\t\t\t<\/div>\n\t\t<\/div>\n\t\t\t\t\t<\/div>\n\t\t<\/section>\n\t\t\t\t<section class=\"elementor-section elementor-top-section elementor-element elementor-element-774a8f12 elementor-section-boxed elementor-section-height-default elementor-section-height-default\" data-id=\"774a8f12\" data-element_type=\"section\" data-e-type=\"section\">\n\t\t\t\t\t\t<div class=\"elementor-container elementor-column-gap-default\">\n\t\t\t\t\t<div class=\"elementor-column elementor-col-100 elementor-top-column elementor-element elementor-element-33af3df5\" data-id=\"33af3df5\" data-element_type=\"column\" data-e-type=\"column\">\n\t\t\t<div class=\"elementor-widget-wrap elementor-element-populated\">\n\t\t\t\t\t\t<div class=\"elementor-element elementor-element-76d01053 elementor-widget elementor-widget-heading\" data-id=\"76d01053\" data-element_type=\"widget\" data-e-type=\"widget\" data-widget_type=\"heading.default\">\n\t\t\t\t<div class=\"elementor-widget-container\">\n\t\t\t\t\t<h2 class=\"elementor-heading-title elementor-size-default\">Horarios y visitas<\/h2>\t\t\t\t<\/div>\n\t\t\t\t<\/div>\n\t\t\t\t\t<\/div>\n\t\t<\/div>\n\t\t\t\t\t<\/div>\n\t\t<\/section>\n\t\t\t\t<section class=\"elementor-section elementor-top-section elementor-element elementor-element-ccbbd06 elementor-section-boxed elementor-section-height-default elementor-section-height-default\" data-id=\"ccbbd06\" data-element_type=\"section\" data-e-type=\"section\">\n\t\t\t\t\t\t<div class=\"elementor-container elementor-column-gap-default\">\n\t\t\t\t\t<div class=\"elementor-column elementor-col-50 elementor-top-column elementor-element elementor-element-78f6bb4\" data-id=\"78f6bb4\" data-element_type=\"column\" data-e-type=\"column\">\n\t\t\t<div class=\"elementor-widget-wrap elementor-element-populated\">\n\t\t\t\t\t\t<div class=\"elementor-element elementor-element-526bfdc elementor-widget elementor-widget-text-editor\" data-id=\"526bfdc\" data-element_type=\"widget\" data-e-type=\"widget\" data-widget_type=\"text-editor.default\">\n\t\t\t\t<div class=\"elementor-widget-container\">\n\t\t\t\t\t\t\t\t\t<p style=\"font-size: 13px; line-height: 18px;\"><b>Para visitas guiadas con turno previo<\/b>:<br>\nMartes por la ma\u00f1ana de 9 a 11 horas y por la tarde de 14 a 15 horas.<br>\nJueves por la ma\u00f1ana de 9 a 11 horas.<br>\nViernes por la tarde de 14 a 15 horas.<br><br>\n\nCupo limitado de 30 personas por visita guiada.<br><br>\n\nEl ingreso es libre y gratuito.<br><br>\n\nSan Mart\u00edn 2020.\t\t\t\t\t\t\t\t<\/div>\n\t\t\t\t<\/div>\n\t\t\t\t\t<\/div>\n\t\t<\/div>\n\t\t\t\t<div class=\"elementor-column elementor-col-50 elementor-top-column elementor-element elementor-element-cd91a5c\" data-id=\"cd91a5c\" data-element_type=\"column\" data-e-type=\"column\">\n\t\t\t<div class=\"elementor-widget-wrap elementor-element-populated\">\n\t\t\t\t\t\t<div class=\"elementor-element elementor-element-c595eab elementor-widget elementor-widget-google_maps\" data-id=\"c595eab\" data-element_type=\"widget\" data-e-type=\"widget\" data-widget_type=\"google_maps.default\">\n\t\t\t\t<div class=\"elementor-widget-container\">\n\t\t\t\t\t\t\t<div class=\"elementor-custom-embed\">\n\t\t\t<iframe loading=\"lazy\"\n\t\t\t\t\tsrc=\"https:\/\/maps.google.com\/maps?q=San%20Mart%C3%ADn%202020%2C%20Santa%20Fe%2C%20AR&#038;t=m&#038;z=17&#038;output=embed&#038;iwloc=near\"\n\t\t\t\t\ttitle=\"San Mart\u00edn 2020, Santa Fe, AR\"\n\t\t\t\t\taria-label=\"San Mart\u00edn 2020, Santa Fe, AR\"\n\t\t\t><\/iframe>\n\t\t<\/div>\n\t\t\t\t\t\t<\/div>\n\t\t\t\t<\/div>\n\t\t\t\t\t<\/div>\n\t\t<\/div>\n\t\t\t\t\t<\/div>\n\t\t<\/section>\n\t\t\t\t<section class=\"elementor-section elementor-top-section elementor-element elementor-element-94a1662 elementor-section-boxed elementor-section-height-default elementor-section-height-default\" data-id=\"94a1662\" data-element_type=\"section\" data-e-type=\"section\">\n\t\t\t\t\t\t<div class=\"elementor-container elementor-column-gap-default\">\n\t\t\t\t\t<div class=\"elementor-column elementor-col-100 elementor-top-column elementor-element elementor-element-ee9f83b\" data-id=\"ee9f83b\" data-element_type=\"column\" data-e-type=\"column\">\n\t\t\t<div class=\"elementor-widget-wrap elementor-element-populated\">\n\t\t\t\t\t\t<div class=\"elementor-element elementor-element-acfa13a elementor-widget elementor-widget-text-editor\" data-id=\"acfa13a\" data-element_type=\"widget\" data-e-type=\"widget\" data-widget_type=\"text-editor.default\">\n\t\t\t\t<div class=\"elementor-widget-container\">\n\t\t\t\t\t\t\t\t\t<p style=\"font-size: 13px; line-height: 20px; text-align: center;\">Si desea solicitar turnos para visitas guiadas debes comunicarte al siguiente correo electr\u00f3nico: <a href=\"mailto:museodelteatro@santafeciudad.gov.ar\"><span style=\"color: #ad8c52;\">museodelteatro@santafeciudad.gov.ar<\/span><\/a><\/p>\t\t\t\t\t\t\t\t<\/div>\n\t\t\t\t<\/div>\n\t\t\t\t\t<\/div>\n\t\t<\/div>\n\t\t\t\t\t<\/div>\n\t\t<\/section>\n\t\t\t\t<\/div>\n\t\t","protected":false},"excerpt":{"rendered":"<p>El Museo del Teatro, creado en 2002, pone en valor el patrimonio del coliseo santafesino. Exhibe sus colecciones en la [&hellip;]<\/p>\n","protected":false},"author":3,"featured_media":0,"parent":20080,"menu_order":0,"comment_status":"closed","ping_status":"closed","template":"elementor_header_footer","meta":{"site-sidebar-layout":"default","site-content-layout":"","ast-site-content-layout":"default","site-content-style":"default","site-sidebar-style":"default","ast-global-header-display":"","ast-banner-title-visibility":"","ast-main-header-display":"","ast-hfb-above-header-display":"","ast-hfb-below-header-display":"","ast-hfb-mobile-header-display":"","site-post-title":"","ast-breadcrumbs-content":"","ast-featured-img":"","footer-sml-layout":"","ast-disable-related-posts":"","theme-transparent-header-meta":"","adv-header-id-meta":"","stick-header-meta":"","header-above-stick-meta":"","header-main-stick-meta":"","header-below-stick-meta":"","astra-migrate-meta-layouts":"default","ast-page-background-enabled":"default","ast-page-background-meta":{"desktop":{"background-color":"var(--ast-global-color-5)","background-image":"","background-repeat":"repeat","background-position":"center center","background-size":"auto","background-attachment":"scroll","background-type":"","background-media":"","overlay-type":"","overlay-color":"","overlay-opacity":"","overlay-gradient":""},"tablet":{"background-color":"","background-image":"","background-repeat":"repeat","background-position":"center center","background-size":"auto","background-attachment":"scroll","background-type":"","background-media":"","overlay-type":"","overlay-color":"","overlay-opacity":"","overlay-gradient":""},"mobile":{"background-color":"","background-image":"","background-repeat":"repeat","background-position":"center center","background-size":"auto","background-attachment":"scroll","background-type":"","background-media":"","overlay-type":"","overlay-color":"","overlay-opacity":"","overlay-gradient":""}},"ast-content-background-meta":{"desktop":{"background-color":"var(--ast-global-color-4)","background-image":"","background-repeat":"repeat","background-position":"center center","background-size":"auto","background-attachment":"scroll","background-type":"","background-media":"","overlay-type":"","overlay-color":"","overlay-opacity":"","overlay-gradient":""},"tablet":{"background-color":"var(--ast-global-color-4)","background-image":"","background-repeat":"repeat","background-position":"center center","background-size":"auto","background-attachment":"scroll","background-type":"","background-media":"","overlay-type":"","overlay-color":"","overlay-opacity":"","overlay-gradient":""},"mobile":{"background-color":"var(--ast-global-color-4)","background-image":"","background-repeat":"repeat","background-position":"center center","background-size":"auto","background-attachment":"scroll","background-type":"","background-media":"","overlay-type":"","overlay-color":"","overlay-opacity":"","overlay-gradient":""}},"footnotes":""},"class_list":["post-23358","page","type-page","status-publish","hentry"],"yoast_head":"<!-- This site is optimized with the Yoast SEO plugin v28.2 - https:\/\/yoast.com\/product\/yoast-seo-wordpress\/ -->\n<title>Museo del Teatro - Capital Cultural<\/title>\n<meta name=\"robots\" content=\"index, follow, max-snippet:-1, max-image-preview:large, max-video-preview:-1\" \/>\n<link rel=\"canonical\" href=\"https:\/\/www.santafeciudad.gov.ar\/capitalcultural\/museos-y-salas\/museo-del-teatro\/\" \/>\n<meta property=\"og:locale\" content=\"es_ES\" \/>\n<meta property=\"og:type\" content=\"article\" \/>\n<meta property=\"og:title\" content=\"Museo del Teatro - Capital Cultural\" \/>\n<meta property=\"og:description\" content=\"El Museo del Teatro, creado en 2002, pone en valor el patrimonio del coliseo santafesino. Exhibe sus colecciones en la [&hellip;]\" \/>\n<meta property=\"og:url\" content=\"https:\/\/www.santafeciudad.gov.ar\/capitalcultural\/museos-y-salas\/museo-del-teatro\/\" \/>\n<meta property=\"og:site_name\" content=\"Capital Cultural\" \/>\n<meta property=\"article:publisher\" content=\"https:\/\/www.facebook.com\/SantaFeCapitalok\/\" \/>\n<meta property=\"article:modified_time\" content=\"2026-07-29T15:34:16+00:00\" \/>\n<meta name=\"twitter:card\" content=\"summary_large_image\" \/>\n<meta name=\"twitter:site\" content=\"@_SantaFeCapital\" \/>\n<meta name=\"twitter:label1\" content=\"Tiempo de lectura\" \/>\n\t<meta name=\"twitter:data1\" content=\"1 minuto\" \/>\n<script type=\"application\/ld+json\" class=\"yoast-schema-graph\">{\"@context\":\"https:\\\/\\\/schema.org\",\"@graph\":[{\"@type\":\"WebPage\",\"@id\":\"https:\\\/\\\/www.santafeciudad.gov.ar\\\/capitalcultural\\\/museos-y-salas\\\/museo-del-teatro\\\/\",\"url\":\"https:\\\/\\\/www.santafeciudad.gov.ar\\\/capitalcultural\\\/museos-y-salas\\\/museo-del-teatro\\\/\",\"name\":\"Museo del Teatro - Capital Cultural\",\"isPartOf\":{\"@id\":\"https:\\\/\\\/www.santafeciudad.gov.ar\\\/capitalcultural\\\/#website\"},\"datePublished\":\"2024-05-20T13:02:10+00:00\",\"dateModified\":\"2026-07-29T15:34:16+00:00\",\"breadcrumb\":{\"@id\":\"https:\\\/\\\/www.santafeciudad.gov.ar\\\/capitalcultural\\\/museos-y-salas\\\/museo-del-teatro\\\/#breadcrumb\"},\"inLanguage\":\"es-AR\",\"potentialAction\":[{\"@type\":\"ReadAction\",\"target\":[\"https:\\\/\\\/www.santafeciudad.gov.ar\\\/capitalcultural\\\/museos-y-salas\\\/museo-del-teatro\\\/\"]}]},{\"@type\":\"BreadcrumbList\",\"@id\":\"https:\\\/\\\/www.santafeciudad.gov.ar\\\/capitalcultural\\\/museos-y-salas\\\/museo-del-teatro\\\/#breadcrumb\",\"itemListElement\":[{\"@type\":\"ListItem\",\"position\":1,\"name\":\"Inicio\",\"item\":\"https:\\\/\\\/www.santafeciudad.gov.ar\\\/capitalcultural\\\/\"},{\"@type\":\"ListItem\",\"position\":2,\"name\":\"Museos y Salas\",\"item\":\"https:\\\/\\\/www.santafeciudad.gov.ar\\\/capitalcultural\\\/museos-y-salas\\\/\"},{\"@type\":\"ListItem\",\"position\":3,\"name\":\"Museo del Teatro\"}]},{\"@type\":\"WebSite\",\"@id\":\"https:\\\/\\\/www.santafeciudad.gov.ar\\\/capitalcultural\\\/#website\",\"url\":\"https:\\\/\\\/www.santafeciudad.gov.ar\\\/capitalcultural\\\/\",\"name\":\"Capital Cultural\",\"description\":\"Secretaria de Cultura\",\"publisher\":{\"@id\":\"https:\\\/\\\/www.santafeciudad.gov.ar\\\/capitalcultural\\\/#organization\"},\"potentialAction\":[{\"@type\":\"SearchAction\",\"target\":{\"@type\":\"EntryPoint\",\"urlTemplate\":\"https:\\\/\\\/www.santafeciudad.gov.ar\\\/capitalcultural\\\/?s={search_term_string}\"},\"query-input\":{\"@type\":\"PropertyValueSpecification\",\"valueRequired\":true,\"valueName\":\"search_term_string\"}}],\"inLanguage\":\"es-AR\"},{\"@type\":\"Organization\",\"@id\":\"https:\\\/\\\/www.santafeciudad.gov.ar\\\/capitalcultural\\\/#organization\",\"name\":\"Municipalidad de la ciudad de Santa Fe\",\"alternateName\":\"Municipalidad de Santa Fe\",\"url\":\"https:\\\/\\\/www.santafeciudad.gov.ar\\\/capitalcultural\\\/\",\"logo\":{\"@type\":\"ImageObject\",\"inLanguage\":\"es-AR\",\"@id\":\"https:\\\/\\\/www.santafeciudad.gov.ar\\\/capitalcultural\\\/#\\\/schema\\\/logo\\\/image\\\/\",\"url\":\"https:\\\/\\\/www.santafeciudad.gov.ar\\\/capitalcultural\\\/wp-content\\\/uploads\\\/2020\\\/06\\\/SantaFeCapital_Logo_800x400-e1591880179119.png\",\"contentUrl\":\"https:\\\/\\\/www.santafeciudad.gov.ar\\\/capitalcultural\\\/wp-content\\\/uploads\\\/2020\\\/06\\\/SantaFeCapital_Logo_800x400-e1591880179119.png\",\"width\":400,\"height\":200,\"caption\":\"Municipalidad de la ciudad de Santa Fe\"},\"image\":{\"@id\":\"https:\\\/\\\/www.santafeciudad.gov.ar\\\/capitalcultural\\\/#\\\/schema\\\/logo\\\/image\\\/\"},\"sameAs\":[\"https:\\\/\\\/www.facebook.com\\\/SantaFeCapitalok\\\/\",\"https:\\\/\\\/x.com\\\/_SantaFeCapital\",\"https:\\\/\\\/www.instagram.com\\\/cultura.santafecapital\\\/\"]}]}<\/script>\n<!-- \/ Yoast SEO plugin. -->","yoast_head_json":{"title":"Museo del Teatro - Capital Cultural","robots":{"index":"index","follow":"follow","max-snippet":"max-snippet:-1","max-image-preview":"max-image-preview:large","max-video-preview":"max-video-preview:-1"},"canonical":"https:\/\/www.santafeciudad.gov.ar\/capitalcultural\/museos-y-salas\/museo-del-teatro\/","og_locale":"es_ES","og_type":"article","og_title":"Museo del Teatro - Capital Cultural","og_description":"El Museo del Teatro, creado en 2002, pone en valor el patrimonio del coliseo santafesino. Exhibe sus colecciones en la [&hellip;]","og_url":"https:\/\/www.santafeciudad.gov.ar\/capitalcultural\/museos-y-salas\/museo-del-teatro\/","og_site_name":"Capital Cultural","article_publisher":"https:\/\/www.facebook.com\/SantaFeCapitalok\/","article_modified_time":"2026-07-29T15:34:16+00:00","twitter_card":"summary_large_image","twitter_site":"@_SantaFeCapital","twitter_misc":{"Tiempo de lectura":"1 minuto"},"schema":{"@context":"https:\/\/schema.org","@graph":[{"@type":"WebPage","@id":"https:\/\/www.santafeciudad.gov.ar\/capitalcultural\/museos-y-salas\/museo-del-teatro\/","url":"https:\/\/www.santafeciudad.gov.ar\/capitalcultural\/museos-y-salas\/museo-del-teatro\/","name":"Museo del Teatro - Capital Cultural","isPartOf":{"@id":"https:\/\/www.santafeciudad.gov.ar\/capitalcultural\/#website"},"datePublished":"2024-05-20T13:02:10+00:00","dateModified":"2026-07-29T15:34:16+00:00","breadcrumb":{"@id":"https:\/\/www.santafeciudad.gov.ar\/capitalcultural\/museos-y-salas\/museo-del-teatro\/#breadcrumb"},"inLanguage":"es-AR","potentialAction":[{"@type":"ReadAction","target":["https:\/\/www.santafeciudad.gov.ar\/capitalcultural\/museos-y-salas\/museo-del-teatro\/"]}]},{"@type":"BreadcrumbList","@id":"https:\/\/www.santafeciudad.gov.ar\/capitalcultural\/museos-y-salas\/museo-del-teatro\/#breadcrumb","itemListElement":[{"@type":"ListItem","position":1,"name":"Inicio","item":"https:\/\/www.santafeciudad.gov.ar\/capitalcultural\/"},{"@type":"ListItem","position":2,"name":"Museos y Salas","item":"https:\/\/www.santafeciudad.gov.ar\/capitalcultural\/museos-y-salas\/"},{"@type":"ListItem","position":3,"name":"Museo del Teatro"}]},{"@type":"WebSite","@id":"https:\/\/www.santafeciudad.gov.ar\/capitalcultural\/#website","url":"https:\/\/www.santafeciudad.gov.ar\/capitalcultural\/","name":"Capital Cultural","description":"Secretaria de Cultura","publisher":{"@id":"https:\/\/www.santafeciudad.gov.ar\/capitalcultural\/#organization"},"potentialAction":[{"@type":"SearchAction","target":{"@type":"EntryPoint","urlTemplate":"https:\/\/www.santafeciudad.gov.ar\/capitalcultural\/?s={search_term_string}"},"query-input":{"@type":"PropertyValueSpecification","valueRequired":true,"valueName":"search_term_string"}}],"inLanguage":"es-AR"},{"@type":"Organization","@id":"https:\/\/www.santafeciudad.gov.ar\/capitalcultural\/#organization","name":"Municipalidad de la ciudad de Santa Fe","alternateName":"Municipalidad de Santa Fe","url":"https:\/\/www.santafeciudad.gov.ar\/capitalcultural\/","logo":{"@type":"ImageObject","inLanguage":"es-AR","@id":"https:\/\/www.santafeciudad.gov.ar\/capitalcultural\/#\/schema\/logo\/image\/","url":"https:\/\/www.santafeciudad.gov.ar\/capitalcultural\/wp-content\/uploads\/2020\/06\/SantaFeCapital_Logo_800x400-e1591880179119.png","contentUrl":"https:\/\/www.santafeciudad.gov.ar\/capitalcultural\/wp-content\/uploads\/2020\/06\/SantaFeCapital_Logo_800x400-e1591880179119.png","width":400,"height":200,"caption":"Municipalidad de la ciudad de Santa Fe"},"image":{"@id":"https:\/\/www.santafeciudad.gov.ar\/capitalcultural\/#\/schema\/logo\/image\/"},"sameAs":["https:\/\/www.facebook.com\/SantaFeCapitalok\/","https:\/\/x.com\/_SantaFeCapital","https:\/\/www.instagram.com\/cultura.santafecapital\/"]}]}},"_links":{"self":[{"href":"https:\/\/www.santafeciudad.gov.ar\/capitalcultural\/wp-json\/wp\/v2\/pages\/23358","targetHints":{"allow":["GET"]}}],"collection":[{"href":"https:\/\/www.santafeciudad.gov.ar\/capitalcultural\/wp-json\/wp\/v2\/pages"}],"about":[{"href":"https:\/\/www.santafeciudad.gov.ar\/capitalcultural\/wp-json\/wp\/v2\/types\/page"}],"author":[{"embeddable":true,"href":"https:\/\/www.santafeciudad.gov.ar\/capitalcultural\/wp-json\/wp\/v2\/users\/3"}],"replies":[{"embeddable":true,"href":"https:\/\/www.santafeciudad.gov.ar\/capitalcultural\/wp-json\/wp\/v2\/comments?post=23358"}],"version-history":[{"count":67,"href":"https:\/\/www.santafeciudad.gov.ar\/capitalcultural\/wp-json\/wp\/v2\/pages\/23358\/revisions"}],"predecessor-version":[{"id":31541,"href":"https:\/\/www.santafeciudad.gov.ar\/capitalcultural\/wp-json\/wp\/v2\/pages\/23358\/revisions\/31541"}],"up":[{"embeddable":true,"href":"https:\/\/www.santafeciudad.gov.ar\/capitalcultural\/wp-json\/wp\/v2\/pages\/20080"}],"wp:attachment":[{"href":"https:\/\/www.santafeciudad.gov.ar\/capitalcultural\/wp-json\/wp\/v2\/media?parent=23358"}],"curies":[{"name":"wp","href":"https:\/\/api.w.org\/{rel}","templated":true}]}}