{"id":23414,"date":"2024-06-03T11:05:31","date_gmt":"2024-06-03T14:05:31","guid":{"rendered":"https:\/\/www.santafeciudad.gov.ar\/capitalcultural\/?page_id=23414"},"modified":"2026-07-25T11:44:43","modified_gmt":"2026-07-25T14:44:43","slug":"manzana-jesuitica","status":"publish","type":"page","link":"https:\/\/www.santafeciudad.gov.ar\/capitalcultural\/museos-y-salas\/manzana-jesuitica\/","title":{"rendered":"Manzana Jesu\u00edtica y Museo Colegio Inmaculada"},"content":{"rendered":"\t\t<div data-elementor-type=\"wp-page\" data-elementor-id=\"23414\" class=\"elementor elementor-23414\">\n\t\t\t\t\t\t<section class=\"elementor-section elementor-top-section elementor-element elementor-element-0392f98 elementor-section-boxed elementor-section-height-default elementor-section-height-default\" data-id=\"0392f98\" data-element_type=\"section\" data-e-type=\"section\">\n\t\t\t\t\t\t<div class=\"elementor-container elementor-column-gap-default\">\n\t\t\t\t\t<div class=\"elementor-column elementor-col-100 elementor-top-column elementor-element elementor-element-e28a4aa\" data-id=\"e28a4aa\" data-element_type=\"column\" data-e-type=\"column\">\n\t\t\t<div class=\"elementor-widget-wrap elementor-element-populated\">\n\t\t\t\t\t\t<div class=\"elementor-element elementor-element-8923cc3 elementor-widget elementor-widget-text-editor\" data-id=\"8923cc3\" data-element_type=\"widget\" data-e-type=\"widget\" data-widget_type=\"text-editor.default\">\n\t\t\t\t<div class=\"elementor-widget-container\">\n\t\t\t\t\t\t\t\t\t<p style=\"font-size: 15px; line-height: 24px;\">Este museo, inaugurado en el a\u00f1o 1982, se encuentra ubicado en el edificio del Colegio de la Inmaculada Concepci\u00f3n. <span style=\"font-weight: 400;\">A trav\u00e9s de su patrimonio, el cual sobresale por su riqueza hist\u00f3rica y\u00a0<\/span><span style=\"font-weight: 400;\">diversidad material, quienes recorren el Observatorio y las Salas de exposici\u00f3n <\/span><span style=\"font-weight: 400;\">pueden descubrir y conocer la importante obra evangelizadora y educadora llevada <\/span><span style=\"font-weight: 400;\">adelante por la Compa\u00f1\u00eda de Jes\u00fas en la ciudad de Santa Fe y la regi\u00f3n.<\/span><\/p>\t\t\t\t\t\t\t\t<\/div>\n\t\t\t\t<\/div>\n\t\t\t\t\t<\/div>\n\t\t<\/div>\n\t\t\t\t\t<\/div>\n\t\t<\/section>\n\t\t\t\t<section class=\"elementor-section elementor-top-section elementor-element elementor-element-3b3b1b2 elementor-section-boxed elementor-section-height-default elementor-section-height-default\" data-id=\"3b3b1b2\" data-element_type=\"section\" data-e-type=\"section\">\n\t\t\t\t\t\t<div class=\"elementor-container elementor-column-gap-default\">\n\t\t\t\t\t<div class=\"elementor-column elementor-col-100 elementor-top-column elementor-element elementor-element-13917c7\" data-id=\"13917c7\" data-element_type=\"column\" data-e-type=\"column\">\n\t\t\t<div class=\"elementor-widget-wrap elementor-element-populated\">\n\t\t\t\t\t\t<div class=\"elementor-element elementor-element-63f513c elementor-widget elementor-widget-shortcode\" data-id=\"63f513c\" data-element_type=\"widget\" data-e-type=\"widget\" data-widget_type=\"shortcode.default\">\n\t\t\t\t<div class=\"elementor-widget-container\">\n\t\t\t\t\t\t\t<div class=\"elementor-shortcode\"><div id=\"ccp-grid-1\" class=\"ccp-programacion\" data-ccp-instance=\"1\">\n\t<div class=\"ccp-grid ccp-grid--columns-5\" style=\"--ccp-columns: 5;\">\n\t\t\t\t\t<article class=\"ccp-card-wrap\">\n\t<button class=\"ccp-card\" type=\"button\" data-ccp-modal-target=\"ccp-modal-1-31332\" aria-haspopup=\"dialog\">\n\t\t<span class=\"ccp-card__media\">\n\t\t\t\t\t\t\t<img loading=\"lazy\" width=\"768\" height=\"615\" src=\"https:\/\/www.santafeciudad.gov.ar\/capitalcultural\/wp-content\/uploads\/2026\/07\/El-Sudor-Milagroso-768x615.jpg\" class=\"ccp-card__image wp-post-image\" alt=\"\" style=\"object-position: 50% 50%;\" loading=\"lazy\" decoding=\"async\" srcset=\"https:\/\/www.santafeciudad.gov.ar\/capitalcultural\/wp-content\/uploads\/2026\/07\/El-Sudor-Milagroso-768x615.jpg 768w, https:\/\/www.santafeciudad.gov.ar\/capitalcultural\/wp-content\/uploads\/2026\/07\/El-Sudor-Milagroso-300x240.jpg 300w, https:\/\/www.santafeciudad.gov.ar\/capitalcultural\/wp-content\/uploads\/2026\/07\/El-Sudor-Milagroso-1024x820.jpg 1024w, https:\/\/www.santafeciudad.gov.ar\/capitalcultural\/wp-content\/uploads\/2026\/07\/El-Sudor-Milagroso.jpg 1342w\" sizes=\"auto, (max-width: 768px) 100vw, 768px\" \/>\t\t\t\t\t<\/span>\n\t\t<span class=\"ccp-card__content\">\n\t\t\t<span class=\"ccp-card__tags\">\n\t\t\t\t\t\t\t\t\t<span class=\"ccp-tag ccp-tag--categoria\">ACTIVACI\u00d3N<\/span>\n\t\t\t\t\t\t\t\t<span class=\"ccp-tag ccp-tag--estado ccp-tag--ya-sucedio\">FINALIZADA<\/span>\n\t\t\t<\/span>\n\t\t\t<span class=\"ccp-card__title\">Charla sobre los simbolismos y la historia del cuadro de la Virgen de los Milagros<\/span>\n\t\t\t\t\t\t\t<span class=\"ccp-card__espacio\">Museo del Colegio Inmaculada<\/span>\n\t\t\t\t\t\t\t\t\t\t<span class=\"ccp-card__date\">29 de mayo de 2026<\/span>\n\t\t\t\t\t\t\t\t\t\t<span class=\"ccp-card__excerpt\">La actividad, a cargo de la Prof. Raquel E. Garigliano invita a reflexionar sobre los atributos de la imagen y el v\u00ednculo devocional de los santafesinos.<\/span>\n\t\t\t\t\t\t<span class=\"ccp-card__action\">Ver propuesta<\/span>\n\t\t<\/span>\n\t<\/button>\n<\/article>\n\t\t\t\t\t<article class=\"ccp-card-wrap\">\n\t<button class=\"ccp-card\" type=\"button\" data-ccp-modal-target=\"ccp-modal-1-31330\" aria-haspopup=\"dialog\">\n\t\t<span class=\"ccp-card__media\">\n\t\t\t\t\t\t\t<span class=\"ccp-card__placeholder\" role=\"img\" aria-label=\"2\u00b0 Jornadas de Turismo de la Fe en la Manzana Jesu\u00edtica\" style=\"object-position: 50% 50%;\">\n\t\t\t\t\t<span>Capital Cultural<\/span>\n\t\t\t\t<\/span>\n\t\t\t\t\t<\/span>\n\t\t<span class=\"ccp-card__content\">\n\t\t\t<span class=\"ccp-card__tags\">\n\t\t\t\t\t\t\t\t\t<span class=\"ccp-tag ccp-tag--categoria\">ACTIVACI\u00d3N<\/span>\n\t\t\t\t\t\t\t\t<span class=\"ccp-tag ccp-tag--estado ccp-tag--ya-sucedio\">FINALIZADA<\/span>\n\t\t\t<\/span>\n\t\t\t<span class=\"ccp-card__title\">2\u00b0 Jornadas de Turismo de la Fe en la Manzana Jesu\u00edtica<\/span>\n\t\t\t\t\t\t\t<span class=\"ccp-card__espacio\">Museo del Colegio Inmaculada<\/span>\n\t\t\t\t\t\t\t\t\t\t<span class=\"ccp-card__date\">13 de marzo de 2026<\/span>\n\t\t\t\t\t\t\t\t\t\t<span class=\"ccp-card__excerpt\">La Manzana Jesu\u00edtica, ubicada en el coraz\u00f3n del Casco fundacional de la ciudad de Santa Fe, es el colegio jesuita m\u00e1s antiguo del pa\u00eds&hellip;<\/span>\n\t\t\t\t\t\t<span class=\"ccp-card__action\">Ver propuesta<\/span>\n\t\t<\/span>\n\t<\/button>\n<\/article>\n\t\t\t\t\t<article class=\"ccp-card-wrap\">\n\t<button class=\"ccp-card\" type=\"button\" data-ccp-modal-target=\"ccp-modal-1-31328\" aria-haspopup=\"dialog\">\n\t\t<span class=\"ccp-card__media\">\n\t\t\t\t\t\t\t<span class=\"ccp-card__placeholder\" role=\"img\" aria-label=\"La Hora M\u00e1gica\" style=\"object-position: 50% 50%;\">\n\t\t\t\t\t<span>Capital Cultural<\/span>\n\t\t\t\t<\/span>\n\t\t\t\t\t<\/span>\n\t\t<span class=\"ccp-card__content\">\n\t\t\t<span class=\"ccp-card__tags\">\n\t\t\t\t\t\t\t\t\t<span class=\"ccp-tag ccp-tag--categoria\">ACTIVACI\u00d3N<\/span>\n\t\t\t\t\t\t\t\t<span class=\"ccp-tag ccp-tag--estado ccp-tag--ya-sucedio\">FINALIZADA<\/span>\n\t\t\t<\/span>\n\t\t\t<span class=\"ccp-card__title\">La Hora M\u00e1gica<\/span>\n\t\t\t\t\t\t\t<span class=\"ccp-card__espacio\">Museo del Colegio Inmaculada<\/span>\n\t\t\t\t\t\t\t\t\t\t<span class=\"ccp-card__date\">7 de febrero de 2026<\/span>\n\t\t\t\t\t\t\t\t\t\t<span class=\"ccp-card__excerpt\">La iniciativa, cuya inscripci\u00f3n se agot\u00f3 a las pocas horas de abrirse, ofrece una experiencia distinta en la Manzana Jesu\u00edtica, aprovechando el horario del atardecer como un momento singular para recorrer, contemplar y disfrutar un espacio que se destaca por su relevancia hist\u00f3rica y patrimonial.<\/span>\n\t\t\t\t\t\t<span class=\"ccp-card__action\">Ver propuesta<\/span>\n\t\t<\/span>\n\t<\/button>\n<\/article>\n\t\t\t\t\t<article class=\"ccp-card-wrap\">\n\t<button class=\"ccp-card\" type=\"button\" data-ccp-modal-target=\"ccp-modal-1-31322\" aria-haspopup=\"dialog\">\n\t\t<span class=\"ccp-card__media\">\n\t\t\t\t\t\t\t<img loading=\"lazy\" width=\"768\" height=\"576\" src=\"https:\/\/www.santafeciudad.gov.ar\/capitalcultural\/wp-content\/uploads\/2026\/07\/Imagen-Muestra-Museo-de-la-MJ-768x576.jpg\" class=\"ccp-card__image wp-post-image\" alt=\"\" style=\"object-position: 50% 50%;\" loading=\"lazy\" decoding=\"async\" srcset=\"https:\/\/www.santafeciudad.gov.ar\/capitalcultural\/wp-content\/uploads\/2026\/07\/Imagen-Muestra-Museo-de-la-MJ-768x576.jpg 768w, https:\/\/www.santafeciudad.gov.ar\/capitalcultural\/wp-content\/uploads\/2026\/07\/Imagen-Muestra-Museo-de-la-MJ-300x225.jpg 300w, https:\/\/www.santafeciudad.gov.ar\/capitalcultural\/wp-content\/uploads\/2026\/07\/Imagen-Muestra-Museo-de-la-MJ-1024x768.jpg 1024w, https:\/\/www.santafeciudad.gov.ar\/capitalcultural\/wp-content\/uploads\/2026\/07\/Imagen-Muestra-Museo-de-la-MJ-1536x1152.jpg 1536w, https:\/\/www.santafeciudad.gov.ar\/capitalcultural\/wp-content\/uploads\/2026\/07\/Imagen-Muestra-Museo-de-la-MJ-2048x1536.jpg 2048w\" sizes=\"auto, (max-width: 768px) 100vw, 768px\" \/>\t\t\t\t\t<\/span>\n\t\t<span class=\"ccp-card__content\">\n\t\t\t<span class=\"ccp-card__tags\">\n\t\t\t\t\t\t\t\t\t<span class=\"ccp-tag ccp-tag--categoria\">MUESTRA<\/span>\n\t\t\t\t\t\t\t\t<span class=\"ccp-tag ccp-tag--estado ccp-tag--ya-sucedio\">FINALIZADA<\/span>\n\t\t\t<\/span>\n\t\t\t<span class=\"ccp-card__title\">Entre c\u00e1lices, libros y saberes<\/span>\n\t\t\t\t\t\t\t<span class=\"ccp-card__espacio\">Museo del Colegio Inmaculada<\/span>\n\t\t\t\t\t\t\t\t\t\t<span class=\"ccp-card__date\">Del 1 de marzo al 30 de noviembre de 2025<\/span>\n\t\t\t\t\t\t\t\t\t\t<span class=\"ccp-card__excerpt\">MUESTRA PERMANENTE Entre c\u00e1lices, libros y saberes. La obra y el legado de la Compa\u00f1\u00eda de Jes\u00fas en el patrimonio del Museo. Mi\u00e9rcoles a&hellip;<\/span>\n\t\t\t\t\t\t<span class=\"ccp-card__action\">Ver propuesta<\/span>\n\t\t<\/span>\n\t<\/button>\n<\/article>\n\t\t\t\t\t<article class=\"ccp-card-wrap\">\n\t<button class=\"ccp-card\" type=\"button\" data-ccp-modal-target=\"ccp-modal-1-31325\" aria-haspopup=\"dialog\">\n\t\t<span class=\"ccp-card__media\">\n\t\t\t\t\t\t\t<img loading=\"lazy\" width=\"768\" height=\"1365\" src=\"https:\/\/www.santafeciudad.gov.ar\/capitalcultural\/wp-content\/uploads\/2026\/07\/1000100474-768x1365.jpg\" class=\"ccp-card__image wp-post-image\" alt=\"\" style=\"object-position: 50% 50%;\" loading=\"lazy\" decoding=\"async\" srcset=\"https:\/\/www.santafeciudad.gov.ar\/capitalcultural\/wp-content\/uploads\/2026\/07\/1000100474-768x1365.jpg 768w, https:\/\/www.santafeciudad.gov.ar\/capitalcultural\/wp-content\/uploads\/2026\/07\/1000100474-169x300.jpg 169w, https:\/\/www.santafeciudad.gov.ar\/capitalcultural\/wp-content\/uploads\/2026\/07\/1000100474-576x1024.jpg 576w, https:\/\/www.santafeciudad.gov.ar\/capitalcultural\/wp-content\/uploads\/2026\/07\/1000100474-864x1536.jpg 864w, https:\/\/www.santafeciudad.gov.ar\/capitalcultural\/wp-content\/uploads\/2026\/07\/1000100474-1152x2048.jpg 1152w, https:\/\/www.santafeciudad.gov.ar\/capitalcultural\/wp-content\/uploads\/2026\/07\/1000100474-scaled.jpg 1440w\" sizes=\"auto, (max-width: 768px) 100vw, 768px\" \/>\t\t\t\t\t<\/span>\n\t\t<span class=\"ccp-card__content\">\n\t\t\t<span class=\"ccp-card__tags\">\n\t\t\t\t\t\t\t\t\t<span class=\"ccp-tag ccp-tag--categoria\">ACTIVACI\u00d3N<\/span>\n\t\t\t\t\t\t\t\t<span class=\"ccp-tag ccp-tag--estado ccp-tag--ya-sucedio\">FINALIZADA<\/span>\n\t\t\t<\/span>\n\t\t\t<span class=\"ccp-card__title\">Obras restauradas en el Santuario<\/span>\n\t\t\t\t\t\t\t<span class=\"ccp-card__espacio\">Museo del Colegio Inmaculada<\/span>\n\t\t\t\t\t\t\t\t\t\t<span class=\"ccp-card__date\">16 de octubre de 2025<\/span>\n\t\t\t\t\t\t\t\t\t\t<span class=\"ccp-card__excerpt\">Se trata de un recorrido guiado donde se identificar\u00e1n y abordar\u00e1n algunas pinturas ubicadas en el presbiterio del Santuario y se profundizar\u00e1 en las diversas tendencias pict\u00f3ricas y sus alcances sem\u00e1nticos.<\/span>\n\t\t\t\t\t\t<span class=\"ccp-card__action\">Ver propuesta<\/span>\n\t\t<\/span>\n\t<\/button>\n<\/article>\n\t\t\t\t\t<article class=\"ccp-card-wrap\">\n\t<button class=\"ccp-card\" type=\"button\" data-ccp-modal-target=\"ccp-modal-1-31319\" aria-haspopup=\"dialog\">\n\t\t<span class=\"ccp-card__media\">\n\t\t\t\t\t\t\t<img loading=\"lazy\" width=\"768\" height=\"615\" src=\"https:\/\/www.santafeciudad.gov.ar\/capitalcultural\/wp-content\/uploads\/2026\/07\/El-Sudor-Milagroso-768x615.jpg\" class=\"ccp-card__image wp-post-image\" alt=\"\" style=\"object-position: 50% 50%;\" loading=\"lazy\" decoding=\"async\" srcset=\"https:\/\/www.santafeciudad.gov.ar\/capitalcultural\/wp-content\/uploads\/2026\/07\/El-Sudor-Milagroso-768x615.jpg 768w, https:\/\/www.santafeciudad.gov.ar\/capitalcultural\/wp-content\/uploads\/2026\/07\/El-Sudor-Milagroso-300x240.jpg 300w, https:\/\/www.santafeciudad.gov.ar\/capitalcultural\/wp-content\/uploads\/2026\/07\/El-Sudor-Milagroso-1024x820.jpg 1024w, https:\/\/www.santafeciudad.gov.ar\/capitalcultural\/wp-content\/uploads\/2026\/07\/El-Sudor-Milagroso.jpg 1342w\" sizes=\"auto, (max-width: 768px) 100vw, 768px\" \/>\t\t\t\t\t<\/span>\n\t\t<span class=\"ccp-card__content\">\n\t\t\t<span class=\"ccp-card__tags\">\n\t\t\t\t\t\t\t\t\t<span class=\"ccp-tag ccp-tag--categoria\">PRESENTACI\u00d3N<\/span>\n\t\t\t\t\t\t\t\t<span class=\"ccp-tag ccp-tag--estado ccp-tag--ya-sucedio\">FINALIZADA<\/span>\n\t\t\t<\/span>\n\t\t\t<span class=\"ccp-card__title\">Las pinturas del Milagro<\/span>\n\t\t\t\t\t\t\t<span class=\"ccp-card__espacio\">Museo del Colegio Inmaculada<\/span>\n\t\t\t\t\t\t\t\t\t\t<span class=\"ccp-card__date\">8 de mayo de 2025<\/span>\n\t\t\t\t\t\t\t\t\t\t<span class=\"ccp-card__excerpt\">La actividad estar\u00e1 a cargo de la Profesora Raquel Garigliano, en el marco del Aniversario del Milagro ocurrido el 9 de mayo de 1636.<\/span>\n\t\t\t\t\t\t<span class=\"ccp-card__action\">Ver propuesta<\/span>\n\t\t<\/span>\n\t<\/button>\n<\/article>\n\t\t\t\t\t<article class=\"ccp-card-wrap\">\n\t<button class=\"ccp-card\" type=\"button\" data-ccp-modal-target=\"ccp-modal-1-31314\" aria-haspopup=\"dialog\">\n\t\t<span class=\"ccp-card__media\">\n\t\t\t\t\t\t\t<img loading=\"lazy\" width=\"768\" height=\"615\" src=\"https:\/\/www.santafeciudad.gov.ar\/capitalcultural\/wp-content\/uploads\/2026\/07\/El-Sudor-Milagroso-768x615.jpg\" class=\"ccp-card__image wp-post-image\" alt=\"\" style=\"object-position: 50% 50%;\" loading=\"lazy\" decoding=\"async\" srcset=\"https:\/\/www.santafeciudad.gov.ar\/capitalcultural\/wp-content\/uploads\/2026\/07\/El-Sudor-Milagroso-768x615.jpg 768w, https:\/\/www.santafeciudad.gov.ar\/capitalcultural\/wp-content\/uploads\/2026\/07\/El-Sudor-Milagroso-300x240.jpg 300w, https:\/\/www.santafeciudad.gov.ar\/capitalcultural\/wp-content\/uploads\/2026\/07\/El-Sudor-Milagroso-1024x820.jpg 1024w, https:\/\/www.santafeciudad.gov.ar\/capitalcultural\/wp-content\/uploads\/2026\/07\/El-Sudor-Milagroso.jpg 1342w\" sizes=\"auto, (max-width: 768px) 100vw, 768px\" \/>\t\t\t\t\t<\/span>\n\t\t<span class=\"ccp-card__content\">\n\t\t\t<span class=\"ccp-card__tags\">\n\t\t\t\t\t\t\t\t\t<span class=\"ccp-tag ccp-tag--categoria\">PRESENTACI\u00d3N<\/span>\n\t\t\t\t\t\t\t\t<span class=\"ccp-tag ccp-tag--estado ccp-tag--ya-sucedio\">FINALIZADA<\/span>\n\t\t\t<\/span>\n\t\t\t<span class=\"ccp-card__title\">Propuestas para Semana Santa<\/span>\n\t\t\t\t\t\t\t<span class=\"ccp-card__espacio\">Museo del Colegio Inmaculada<\/span>\n\t\t\t\t\t\t\t\t\t\t<span class=\"ccp-card__date\">Del 17 al 19 de abril de 2025<\/span>\n\t\t\t\t\t\t\t\t\t\t<span class=\"ccp-card__excerpt\">La visita guiada &quot;Entre la historia y la fe: Liturgia exequial en la cripta del Santuario&quot;, se suma como nueva propuesta a los tradicionales&hellip;<\/span>\n\t\t\t\t\t\t<span class=\"ccp-card__action\">Ver propuesta<\/span>\n\t\t<\/span>\n\t<\/button>\n<\/article>\n\t\t\t\t\t<article class=\"ccp-card-wrap\">\n\t<button class=\"ccp-card\" type=\"button\" data-ccp-modal-target=\"ccp-modal-1-31312\" aria-haspopup=\"dialog\">\n\t\t<span class=\"ccp-card__media\">\n\t\t\t\t\t\t\t<span class=\"ccp-card__placeholder\" role=\"img\" aria-label=\"Aniversario 10 a\u00f1os\" style=\"object-position: 50% 50%;\">\n\t\t\t\t\t<span>Capital Cultural<\/span>\n\t\t\t\t<\/span>\n\t\t\t\t\t<\/span>\n\t\t<span class=\"ccp-card__content\">\n\t\t\t<span class=\"ccp-card__tags\">\n\t\t\t\t\t\t\t\t\t<span class=\"ccp-tag ccp-tag--categoria\">ACTIVACI\u00d3N<\/span>\n\t\t\t\t\t\t\t\t<span class=\"ccp-tag ccp-tag--estado ccp-tag--ya-sucedio\">FINALIZADA<\/span>\n\t\t\t<\/span>\n\t\t\t<span class=\"ccp-card__title\">Aniversario 10 a\u00f1os<\/span>\n\t\t\t\t\t\t\t<span class=\"ccp-card__espacio\">Museo del Colegio Inmaculada<\/span>\n\t\t\t\t\t\t\t\t\t\t<span class=\"ccp-card__date\">Del 12 al 14 de marzo de 2025<\/span>\n\t\t\t\t\t\t\t\t\t\t<span class=\"ccp-card__excerpt\">El 13 de marzo de 2015 se abri\u00f3 el Colegio de la Inmaculada Concepci\u00f3n de Santa Fe como un sitio tur\u00edstico patrimonial de gran&hellip;<\/span>\n\t\t\t\t\t\t<span class=\"ccp-card__action\">Ver propuesta<\/span>\n\t\t<\/span>\n\t<\/button>\n<\/article>\n\t\t\t<\/div>\n\t\t\t<div id=\"ccp-modal-1-31332\" class=\"ccp-modal\" hidden>\n\t<div class=\"ccp-modal__overlay\" data-ccp-close><\/div>\n\t<div class=\"ccp-modal__dialog\" role=\"dialog\" aria-modal=\"true\" aria-labelledby=\"ccp-modal-1-31332-title\" tabindex=\"-1\">\n\t\t<button class=\"ccp-modal__close\" type=\"button\" aria-label=\"Cerrar\" data-ccp-close>\n\t\t\t<span aria-hidden=\"true\">&times;<\/span>\n\t\t<\/button>\n\t\t<div class=\"ccp-modal__media\">\n\t\t\t\t\t\t\t<img loading=\"lazy\" width=\"1342\" height=\"1074\" src=\"https:\/\/www.santafeciudad.gov.ar\/capitalcultural\/wp-content\/uploads\/2026\/07\/El-Sudor-Milagroso.jpg\" class=\"ccp-modal__image wp-post-image\" alt=\"\" style=\"object-position: 50% 50%;\" sizes=\"auto, (max-width: 900px) calc(100vw - 24px), 44vw\" loading=\"lazy\" decoding=\"async\" srcset=\"https:\/\/www.santafeciudad.gov.ar\/capitalcultural\/wp-content\/uploads\/2026\/07\/El-Sudor-Milagroso.jpg 1342w, https:\/\/www.santafeciudad.gov.ar\/capitalcultural\/wp-content\/uploads\/2026\/07\/El-Sudor-Milagroso-300x240.jpg 300w, https:\/\/www.santafeciudad.gov.ar\/capitalcultural\/wp-content\/uploads\/2026\/07\/El-Sudor-Milagroso-1024x820.jpg 1024w, https:\/\/www.santafeciudad.gov.ar\/capitalcultural\/wp-content\/uploads\/2026\/07\/El-Sudor-Milagroso-768x615.jpg 768w\" \/>\t\t\t\t\t<\/div>\n\t\t<div class=\"ccp-modal__body\">\n\t\t\t<div class=\"ccp-modal__tags\">\n\t\t\t\t\t\t\t\t\t<span class=\"ccp-tag ccp-tag--categoria\">ACTIVACI\u00d3N<\/span>\n\t\t\t\t\t\t\t\t<span class=\"ccp-tag ccp-tag--estado ccp-tag--ya-sucedio\">FINALIZADA<\/span>\n\t\t\t<\/div>\n\t\t\t<h2 id=\"ccp-modal-1-31332-title\" class=\"ccp-modal__title\">Charla sobre los simbolismos y la historia del cuadro de la Virgen de los Milagros<\/h2>\n\t\t\t\t\t\t\t<p class=\"ccp-modal__date\">29 de mayo de 2026<\/p>\n\t\t\t\t\t\t\t\t\t<div class=\"ccp-modal__content\">\n\t\t\t\t<p>La actividad, a cargo de la Prof. Raquel E. Garigliano invita a reflexionar sobre los atributos de la imagen y el v\u00ednculo devocional de los santafesinos.<\/p>\n<p>  La charla &#8220;Nuestra Se\u00f1ora de los Milagros. Valores simb\u00f3licos de su cuadro&#8221;, tendr\u00e1 lugar el viernes 29 de mayo a las 17 h en el Santuario hom\u00f3nimo, ubicado en San Mart\u00edn 1588, pleno coraz\u00f3n de la Manzana Jesu\u00edtica. La actividad es libre y gratuita.<\/p>\n<p>  La disertaci\u00f3n estar\u00e1 a cargo de la Prof. Raquel E. Garigliano, quien propone un recorrido anal\u00edtico y reflexivo sobre una de las piezas iconogr\u00e1ficas m\u00e1s importantes de la fe y el patrimonio local.<\/p>\n<p>Arte, fe y devoci\u00f3n santafesina<\/p>\n<p>  A trav\u00e9s de esta charla, la Prof. Garigliano invita a conocer en profundidad los distintos atributos y significados simb\u00f3licos presentes en la representaci\u00f3n de la Virgen. Seg\u00fan explica la especialista, muchos de estos elementos son frutos directos del compromiso devocional asumido por generaciones de santafesinos, integrando la historia del cuadro con la identidad de la ciudad.<\/p>\n<p>  La actividad busca derribar la barrera de la mera observaci\u00f3n est\u00e9tica para comprender la &#8220;maquinaria&#8221; simb\u00f3lica y el contexto hist\u00f3rico-religioso que rodea a la obra, permitiendo que los asistentes descubran los mensajes ocultos en sus detalles y ornamentos.<\/p>\n\t\t\t<\/div>\n\t\t\t\t\t<\/div>\n\t<\/div>\n<\/div>\n\t\t\t<div id=\"ccp-modal-1-31330\" class=\"ccp-modal\" hidden>\n\t<div class=\"ccp-modal__overlay\" data-ccp-close><\/div>\n\t<div class=\"ccp-modal__dialog\" role=\"dialog\" aria-modal=\"true\" aria-labelledby=\"ccp-modal-1-31330-title\" tabindex=\"-1\">\n\t\t<button class=\"ccp-modal__close\" type=\"button\" aria-label=\"Cerrar\" data-ccp-close>\n\t\t\t<span aria-hidden=\"true\">&times;<\/span>\n\t\t<\/button>\n\t\t<div class=\"ccp-modal__media\">\n\t\t\t\t\t\t\t<div class=\"ccp-modal__placeholder\" role=\"img\" aria-label=\"2\u00b0 Jornadas de Turismo de la Fe en la Manzana Jesu\u00edtica\" style=\"object-position: 50% 50%;\">\n\t\t\t\t\t<span>Capital Cultural<\/span>\n\t\t\t\t<\/div>\n\t\t\t\t\t<\/div>\n\t\t<div class=\"ccp-modal__body\">\n\t\t\t<div class=\"ccp-modal__tags\">\n\t\t\t\t\t\t\t\t\t<span class=\"ccp-tag ccp-tag--categoria\">ACTIVACI\u00d3N<\/span>\n\t\t\t\t\t\t\t\t<span class=\"ccp-tag ccp-tag--estado ccp-tag--ya-sucedio\">FINALIZADA<\/span>\n\t\t\t<\/div>\n\t\t\t<h2 id=\"ccp-modal-1-31330-title\" class=\"ccp-modal__title\">2\u00b0 Jornadas de Turismo de la Fe en la Manzana Jesu\u00edtica<\/h2>\n\t\t\t\t\t\t\t<p class=\"ccp-modal__date\">13 de marzo de 2026<\/p>\n\t\t\t\t\t\t\t\t\t<div class=\"ccp-modal__content\">\n\t\t\t\t<p>La Manzana Jesu\u00edtica, ubicada en el coraz\u00f3n del Casco fundacional de la ciudad de Santa Fe, es el colegio jesuita m\u00e1s antiguo del pa\u00eds y como tal all\u00ed se resguarda patrimonio cultural, religioso e hist\u00f3rico. Desde hace once a\u00f1os este espacio funciona no s\u00f3lo como una instituci\u00f3n educativa sino tambi\u00e9n como un sitio tur\u00edstico. Los patios, el santuario,  el observatorio y museo jesuita son algunos de los sitios que componen el recorrido por esta centenaria instituci\u00f3n. Este enfoque, el de considerarla un espacio tur\u00edstico, conlleva ciertas tareas de mantenimiento, puesta en valor y sobre todo investigaci\u00f3n para que su propuesta sea atractiva e innovadora. Es as\u00ed que con motivo del 10\u00b0 aniversario en 2025 la Municipalidad de Santa Fe, a trav\u00e9s de las \u00e1reas de Cultura y Turismo, tom\u00f3 la decisi\u00f3n de realizar las Jornadas de Turismo de la Fe, que el viernes 13 de marzo tendr\u00e1n su segunda edici\u00f3n.<\/p>\n<p>  Con motivo de celebrar un nuevo aniversario de la Manzana Jesu\u00edtica como atractivo tur\u00edstico tendr\u00e1 lugar la 2\u00b0 Jornada de Turismo de la Fe \u201cUn destino, mil historias de fe. Santa Fe Capital, sede de turismo religioso.\u201d La actividad comenzar\u00e1 a las 9.30 hs y se desarrollar\u00e1 en la Sala San Ignacio de Loyola, ubicada en el Colegio Inmaculada Concepci\u00f3n (San Mart\u00edn 1540). Al respecto el subsecretario de Turismo de la Municipalidad de Santa Fe, Javier Dellam\u00f3nica, destac\u00f3 que \u201cLas segundas jornadas de Turismo de la Fe tienen como objetivo generar un momento de encuentro y de socializaci\u00f3n de las diversas experiencias que hay en la ciudad y regi\u00f3n sobre el segmento de turismo religioso. Esperamos que en este marco se puedan generar las sinergias necesarias para potenciar a nuestros templos y espacios de culto con las tendencias que se est\u00e1n desarrollando a nivel mundial\u201d. En tanto que la secretaria de Cultura Luciana Ceresola destac\u00f3 que \u201cla Manzana Jesu\u00edtica es un espacio sumamente valioso para los santafesinos que resguarda un patrimonio muy importante no solo para la ciudad sino para el pa\u00eds. Por eso desde la Municipalidad, y las \u00e1reas que aqu\u00ed coordinamos nuestro trabajo, tomamos el desaf\u00edo de generar instancias como estas para afianzar el desarrollo de espacios culturales como atractivos culturales y tur\u00edsticos\u201d.<\/p>\n<p>Un destino, mil historias de fe<\/p>\n<p>  La segunda jornada de turismo religioso est\u00e1 destinada a profesionales del sector, prestadores de servicios tur\u00edsticos, sacerdotes, religiosos, actores vinculados a las iglesias y sitios de valor religioso, gu\u00edas de turismo y p\u00fablico en general.<\/p>\n<p>  La primera actividad de la ma\u00f1ana ser\u00e1 una presentaci\u00f3n de la Manzana Jesu\u00edtica como desarrollo de turismo religioso a cargo del personal del Sitio. Luego, se llevar\u00e1 a cabo una mesa de intercambio de experiencias \u201cEl legado en primera persona\u201d y desde las 11 hs la charla \u201cTurismo de la Fe: herramienta de innovaci\u00f3n y desarrollo local\u201d. El cierre de la actividad formal ser\u00e1 al mediod\u00eda con la presentaci\u00f3n de nuevos materiales audiovisuales para promoci\u00f3n tur\u00edstica de la Manzana Jesu\u00edtica. Adem\u00e1s, el programa invita a vivir la experiencia del turismo religioso en la capital provincial. Por eso desde las 16 hs se realizar\u00e1 el recorrido tur\u00edstico guiado \u201cUn paseo, mil historias de fe\u201d que visitar\u00e1 los cuatro templos cat\u00f3licos fundacionales; es decir San Francisco, Santo Domingo, Catedral Metropolitana y Nuestra Sra de los Milagros. El punto de encuentro ser\u00e1 en el Convento de San Francisco (San Mart\u00edn y Amen\u00e1bar) y la finalizaci\u00f3n ser\u00e1 en Nuestra Sra. de los Milagros con un concierto del \u00f3rgano A. Cavaill\u00e9-Coll a cargo de Manuel Marina, titulado &#8220;J. S. Bach en dos afectos&#8221; y el repertorio incluir\u00e1 las obras de Johan Sebastian Bach Fantas\u00eda y Fuga en do menor, BWV 537 y Preludio y Fuga en Sol Mayor, BWV 541. Vale destacar que este \u00f3rgano es una pieza \u00fanica, realizada por el constructor franc\u00e9s Aristide Cavaill\u00e9-Coll, en el pa\u00eds existen alrededor de 10 ejemplares. Adem\u00e1s el recorrido tur\u00edstico contar\u00e1 con gu\u00eda tur\u00edstico en LSA continuando con la pol\u00edtica de generar espacios de disfrute para la comunidad sorda de la ciudad y regi\u00f3n. Finalmente, es importante destacar que todas las actividades de la fecha ser\u00e1n con entrada libre y gratuita. <\/p>\n<p>Instituci\u00f3n educativa y atractivo tur\u00edstico<\/p>\n<p>  La comunidad Jesu\u00edtica dej\u00f3 en Am\u00e9rica Latina huellas muy profundas, de modo que se puede trazar un camino que contiene pa\u00edses como Bolivia, Paraguay, Uruguay, Brasil y diversas zonas de nuestro pa\u00eds. Una de las caracter\u00edsticas que distingue al Colegio Inmaculada Concepci\u00f3n es que sigue siendo una instituci\u00f3n activa, abierta a la comunidad. All\u00ed la historia y el presente se encolumnan en la construcci\u00f3n del futuro.<\/p>\n<p>  La Manzana Jesu\u00edtica abri\u00f3 sus puertas como paseo tur\u00edstico en marzo de 2015, al cumplirse el 2 aniversario de la elecci\u00f3n de Jorge Bergoglio como Papa de la Iglesia Cat\u00f3lica. En los inicios la propuesta se organiz\u00f3 en torno al \u201cPaso del Papa Francisco por Santa Fe\u201d  quien fue maestrillo de la Academia de Literatura y cuyos ex alumnos brindaron informaci\u00f3n fundamental para la diagramaci\u00f3n de la primera propuesta tur\u00edstica dentro de la instituci\u00f3n. Pero el espacio, que cuenta con m\u00e1s de 400 a\u00f1os, resguarda patrimonio invaluable tanto art\u00edstico como religioso y por eso fue progresivamente convirti\u00e9ndose en un circuito que excedi\u00f3 a la figura de Bergoglio.<\/p>\n<p>  Actualmente, en este espacio conviven la Municipalidad de Santa Fe a trav\u00e9s de las \u00e1reas de Cultura y Turismo y la instituci\u00f3n educativa, convirti\u00e9ndose en un ejemplo de coordinaci\u00f3n p\u00fablico privada para potenciar el desarrollo de un segmento espec\u00edfico de la actividad tur\u00edstica; el turismo religioso. \u00c9ste no se limita s\u00f3lo a lo relacionado con la fe, sino que y sobre todo en ciudades como Santa Fe Capital que es una de las m\u00e1s antiguas del pa\u00eds, contiene posibilidades muy diversas. Aqu\u00ed se entremezclan acontecimientos hist\u00f3ricos, con patrimonio cultural y religioso, desarrollo cient\u00edfico y la tarea educativa. Adem\u00e1s se ha incorporado personal especializado que brinda el servicio de visitas guiadas y se encarga del desarrollo de contenidos para innovar en la propuesta cultural y tur\u00edstica.<\/p>\n<p>  En 2020 la Municipalidad inici\u00f3 las gestiones para incorporar a la Manzana Jesu\u00edtica de Santa Fe en el Camino Internacional de los Jesuitas, hecho que se concret\u00f3 en 2021. Desde ese momento el sitio integra este espacio siendo referenciado a nivel internacional junto a espacios que han sido declarados patrimonio de la Humanidad.<\/p>\n\t\t\t<\/div>\n\t\t\t\t\t<\/div>\n\t<\/div>\n<\/div>\n\t\t\t<div id=\"ccp-modal-1-31328\" class=\"ccp-modal\" hidden>\n\t<div class=\"ccp-modal__overlay\" data-ccp-close><\/div>\n\t<div class=\"ccp-modal__dialog\" role=\"dialog\" aria-modal=\"true\" aria-labelledby=\"ccp-modal-1-31328-title\" tabindex=\"-1\">\n\t\t<button class=\"ccp-modal__close\" type=\"button\" aria-label=\"Cerrar\" data-ccp-close>\n\t\t\t<span aria-hidden=\"true\">&times;<\/span>\n\t\t<\/button>\n\t\t<div class=\"ccp-modal__media\">\n\t\t\t\t\t\t\t<div class=\"ccp-modal__placeholder\" role=\"img\" aria-label=\"La Hora M\u00e1gica\" style=\"object-position: 50% 50%;\">\n\t\t\t\t\t<span>Capital Cultural<\/span>\n\t\t\t\t<\/div>\n\t\t\t\t\t<\/div>\n\t\t<div class=\"ccp-modal__body\">\n\t\t\t<div class=\"ccp-modal__tags\">\n\t\t\t\t\t\t\t\t\t<span class=\"ccp-tag ccp-tag--categoria\">ACTIVACI\u00d3N<\/span>\n\t\t\t\t\t\t\t\t<span class=\"ccp-tag ccp-tag--estado ccp-tag--ya-sucedio\">FINALIZADA<\/span>\n\t\t\t<\/div>\n\t\t\t<h2 id=\"ccp-modal-1-31328-title\" class=\"ccp-modal__title\">La Hora M\u00e1gica<\/h2>\n\t\t\t\t\t\t\t<p class=\"ccp-modal__date\">7 de febrero de 2026<\/p>\n\t\t\t\t\t\t\t\t\t<div class=\"ccp-modal__content\">\n\t\t\t\t<p>La iniciativa, cuya inscripci\u00f3n se agot\u00f3 a las pocas horas de abrirse, ofrece una experiencia distinta en la Manzana Jesu\u00edtica, aprovechando el horario del atardecer como un momento singular para recorrer, contemplar y disfrutar un espacio que se destaca por su relevancia hist\u00f3rica y patrimonial.<\/p>\n<p>   El s\u00e1bado 7 de febrero de 18.30 a 21.30 h, tendr\u00e1 lugar una nueva edici\u00f3n de La Hora M\u00e1gica. Se trata de un recorrido guiado especial, a cargo del Equipo de Gu\u00edas de las secretar\u00edas de Cultura y Turismo, que abarcar\u00e1 diversos espacios de la Manzana Jesu\u00edtica, entre ellos los Patios de los Naranjos y del Sagrado Coraz\u00f3n, Ateneo Inmaculada, la r\u00e9plica de la Habitaci\u00f3n del Papa Francisco y el Observatorio.  A lo largo del trayecto se destacar\u00e1n aspectos clave de sus or\u00edgenes, trayectoria hist\u00f3rica y arquitectura. El paseo  culminar\u00e1 en la terraza mayor del Colegio, donde se podr\u00e1 disfrutar del atardecer y participar en una degustaci\u00f3n, acompa\u00f1ada por el show musical de  \u201cSuplentes &#8211; Ensamble Ac\u00fastico Vers\u00e1til\u201d. <\/p>\n<p>  La iniciativa se desarrolla de manera conjunta entre los Equipos de Museos y Turismo de la Municipalidad de Santa Fe, con el permiso y\/o apoyo de las autoridades del Colegio de la Inmaculada Concepci\u00f3n, en el marco del trabajo articulado que se lleva adelante en la Manzana Jesu\u00edtica. <\/p>\n<p>   A pocas horas de habilitarse la inscripci\u00f3n online, los cupos limitados se agotaron, dando cuenta del inter\u00e9s que despierta en la comunidad esta actividad, que se realiza por segunda vez. <\/p>\n<p>Historia, paisaje y disfrute sensorial<\/p>\n<p>  La Hora M\u00e1gica ofrece una experiencia distinta en la Manzana Jesu\u00edtica, aprovechando el horario del atardecer como un momento singular para recorrer, contemplar y disfrutar un espacio que se destaca por su relevancia hist\u00f3rica y patrimonial. <\/p>\n<p>  Se trata de una propuesta pensada para el per\u00edodo estival, con un formato acorde a la temporada, que combina historia, paisaje y disfrute sensorial, e invita a nuevos p\u00fablicos a acercarse a la Manzana Jesu\u00edtica. <\/p>\n<p>Un atardecer de lujo <\/p>\n<p>  En la terraza mayor del Colegio, se podr\u00e1 disfrutar de una degustaci\u00f3n de vinos a cargo del emprendimiento especializado Tres Sentidos. <\/p>\n<p>  A su vez, tendr\u00e1 lugar el show musical de \u201cSUPLENTES &#8211; Ensamble Ac\u00fastico Vers\u00e1til\u201d, que presentar\u00e1 un repertorio amplio y flexible, abarcando desde el folclore argentino y el pop latino hasta populares canciones internacionales, lo que les posibilita adaptarse con facilidad a la atm\u00f3sfera de cualquier evento. Sus instrumentos incluyen la guitarra ac\u00fastica, la flauta traversa y la percusi\u00f3n.<\/p>\n\t\t\t<\/div>\n\t\t\t\t\t<\/div>\n\t<\/div>\n<\/div>\n\t\t\t<div id=\"ccp-modal-1-31322\" class=\"ccp-modal\" hidden>\n\t<div class=\"ccp-modal__overlay\" data-ccp-close><\/div>\n\t<div class=\"ccp-modal__dialog\" role=\"dialog\" aria-modal=\"true\" aria-labelledby=\"ccp-modal-1-31322-title\" tabindex=\"-1\">\n\t\t<button class=\"ccp-modal__close\" type=\"button\" aria-label=\"Cerrar\" data-ccp-close>\n\t\t\t<span aria-hidden=\"true\">&times;<\/span>\n\t\t<\/button>\n\t\t<div class=\"ccp-modal__media\">\n\t\t\t\t\t\t\t<img loading=\"lazy\" width=\"2560\" height=\"1920\" src=\"https:\/\/www.santafeciudad.gov.ar\/capitalcultural\/wp-content\/uploads\/2026\/07\/Imagen-Muestra-Museo-de-la-MJ-scaled.jpg\" class=\"ccp-modal__image wp-post-image\" alt=\"\" style=\"object-position: 50% 50%;\" sizes=\"auto, (max-width: 900px) calc(100vw - 24px), 44vw\" loading=\"lazy\" decoding=\"async\" srcset=\"https:\/\/www.santafeciudad.gov.ar\/capitalcultural\/wp-content\/uploads\/2026\/07\/Imagen-Muestra-Museo-de-la-MJ-scaled.jpg 2560w, https:\/\/www.santafeciudad.gov.ar\/capitalcultural\/wp-content\/uploads\/2026\/07\/Imagen-Muestra-Museo-de-la-MJ-300x225.jpg 300w, https:\/\/www.santafeciudad.gov.ar\/capitalcultural\/wp-content\/uploads\/2026\/07\/Imagen-Muestra-Museo-de-la-MJ-1024x768.jpg 1024w, https:\/\/www.santafeciudad.gov.ar\/capitalcultural\/wp-content\/uploads\/2026\/07\/Imagen-Muestra-Museo-de-la-MJ-768x576.jpg 768w, https:\/\/www.santafeciudad.gov.ar\/capitalcultural\/wp-content\/uploads\/2026\/07\/Imagen-Muestra-Museo-de-la-MJ-1536x1152.jpg 1536w, https:\/\/www.santafeciudad.gov.ar\/capitalcultural\/wp-content\/uploads\/2026\/07\/Imagen-Muestra-Museo-de-la-MJ-2048x1536.jpg 2048w\" \/>\t\t\t\t\t<\/div>\n\t\t<div class=\"ccp-modal__body\">\n\t\t\t<div class=\"ccp-modal__tags\">\n\t\t\t\t\t\t\t\t\t<span class=\"ccp-tag ccp-tag--categoria\">MUESTRA<\/span>\n\t\t\t\t\t\t\t\t<span class=\"ccp-tag ccp-tag--estado ccp-tag--ya-sucedio\">FINALIZADA<\/span>\n\t\t\t<\/div>\n\t\t\t<h2 id=\"ccp-modal-1-31322-title\" class=\"ccp-modal__title\">Entre c\u00e1lices, libros y saberes<\/h2>\n\t\t\t\t\t\t\t<p class=\"ccp-modal__date\">Del 1 de marzo al 30 de noviembre de 2025<\/p>\n\t\t\t\t\t\t\t\t\t<div class=\"ccp-modal__content\">\n\t\t\t\t<p>MUESTRA PERMANENTE<br \/>\nEntre c\u00e1lices, libros y saberes. La obra y el legado de la Compa\u00f1\u00eda de Jes\u00fas en el patrimonio del Museo. <\/p>\n<p>Mi\u00e9rcoles a s\u00e1bado.<br \/>\nApertura y Cierre:<br \/>\nTurno ma\u00f1ana: 9 a 12.30 h.<br \/>\nTurno tarde: 15.30 a 19 h. <\/p>\n<p>Visitas Guiadas:<br \/>\nTurno ma\u00f1ana: 9 y 10.30 h.<br \/>\nTurno tarde: 16.30 y 18 h. <\/p>\n<p>visitas@colegioinmaculada.edu.ar<br \/>\nSan Mart\u00edn 1540<\/p>\n\t\t\t<\/div>\n\t\t\t\t\t<\/div>\n\t<\/div>\n<\/div>\n\t\t\t<div id=\"ccp-modal-1-31325\" class=\"ccp-modal\" hidden>\n\t<div class=\"ccp-modal__overlay\" data-ccp-close><\/div>\n\t<div class=\"ccp-modal__dialog\" role=\"dialog\" aria-modal=\"true\" aria-labelledby=\"ccp-modal-1-31325-title\" tabindex=\"-1\">\n\t\t<button class=\"ccp-modal__close\" type=\"button\" aria-label=\"Cerrar\" data-ccp-close>\n\t\t\t<span aria-hidden=\"true\">&times;<\/span>\n\t\t<\/button>\n\t\t<div class=\"ccp-modal__media\">\n\t\t\t\t\t\t\t<img loading=\"lazy\" width=\"1440\" height=\"2560\" src=\"https:\/\/www.santafeciudad.gov.ar\/capitalcultural\/wp-content\/uploads\/2026\/07\/1000100474-scaled.jpg\" class=\"ccp-modal__image wp-post-image\" alt=\"\" style=\"object-position: 50% 50%;\" sizes=\"auto, (max-width: 900px) calc(100vw - 24px), 44vw\" loading=\"lazy\" decoding=\"async\" srcset=\"https:\/\/www.santafeciudad.gov.ar\/capitalcultural\/wp-content\/uploads\/2026\/07\/1000100474-scaled.jpg 1440w, https:\/\/www.santafeciudad.gov.ar\/capitalcultural\/wp-content\/uploads\/2026\/07\/1000100474-169x300.jpg 169w, https:\/\/www.santafeciudad.gov.ar\/capitalcultural\/wp-content\/uploads\/2026\/07\/1000100474-576x1024.jpg 576w, https:\/\/www.santafeciudad.gov.ar\/capitalcultural\/wp-content\/uploads\/2026\/07\/1000100474-768x1365.jpg 768w, https:\/\/www.santafeciudad.gov.ar\/capitalcultural\/wp-content\/uploads\/2026\/07\/1000100474-864x1536.jpg 864w, https:\/\/www.santafeciudad.gov.ar\/capitalcultural\/wp-content\/uploads\/2026\/07\/1000100474-1152x2048.jpg 1152w\" \/>\t\t\t\t\t<\/div>\n\t\t<div class=\"ccp-modal__body\">\n\t\t\t<div class=\"ccp-modal__tags\">\n\t\t\t\t\t\t\t\t\t<span class=\"ccp-tag ccp-tag--categoria\">ACTIVACI\u00d3N<\/span>\n\t\t\t\t\t\t\t\t<span class=\"ccp-tag ccp-tag--estado ccp-tag--ya-sucedio\">FINALIZADA<\/span>\n\t\t\t<\/div>\n\t\t\t<h2 id=\"ccp-modal-1-31325-title\" class=\"ccp-modal__title\">Obras restauradas en el Santuario<\/h2>\n\t\t\t\t\t\t\t<p class=\"ccp-modal__date\">16 de octubre de 2025<\/p>\n\t\t\t\t\t\t\t\t\t<div class=\"ccp-modal__content\">\n\t\t\t\t<p>El jueves 16 de octubre a las 17.30 h en el Santuario Nuestra Se\u00f1ora de los Milagros (San Mart\u00edn 1588) tendr\u00e1 lugar la visita mediada destacada  &#8220;Obras restauradas en el Santuario&#8221;, cargo de la Profesora Raquel Garigliano. La actividad es libre y gratuita. <\/p>\n<p>  En esta visita guiada se identificar\u00e1n y abordar\u00e1n algunas pinturas ubicadas en el presbiterio del Santuario, tales como \u201cEl Descendimiento\u201d, \u201cCristo con la Cruz a cuestas\u201d y \u201cLa flagelaci\u00f3n de Jes\u00fas\u201d. Otra de las obras que se analizar\u00e1 es \u201cSanta Teresa de Jes\u00fas\u201d, de la artista santafesina Sor Josefa D\u00edaz y Clucellas, que actualmente preside la nave lateral sur del templo.<\/p>\n<p>  Al mismo tiempo, se profundizar\u00e1 en las diversas tendencias pict\u00f3ricas y, especialmente, en sus alcances sem\u00e1nticos, as\u00ed como en su ubicaci\u00f3n contextual desde el punto de vista espiritual y patrimonial.<\/p>\n<p>  La actividad es organizada por la Profesora Raquel Garigliano de forma conjunta con el Equipo del Museo de la Manzana Jesu\u00edtica y el Santuario \u201cNuestra Se\u00f1ora de los Milagros\u201d.<\/p>\n<p>Sobre Raquel Garigliano<\/p>\n<p> Profesora de Historia para la Ense\u00f1anza Media y Superior (UCSF), Magister en Patrimonio Art\u00edstico y Cultura en Sudam\u00e9rica Colonial (FILO-UBA) y Post\u00edtulo en Teor\u00eda del Arte. <\/p>\n<p> Dict\u00f3 c\u00e1tedras de Historia del Arte a nivel superior y medio, dirigido Post\u00edtulos especializados en Arte y trabajos de investigaci\u00f3n.  Es miembro de n\u00famero del Centro de Estudios Hispanoamericanos, del cual ha sido vicepresidenta (2019-2022), e integra desde 2014 la Comisi\u00f3n Redactora de la Revista Am\u00e9rica. <\/p>\n<p> Public\u00f3 art\u00edculos, dictado Post\u00edtulos, cursos de especializaci\u00f3n, conferencias y ponencias en congresos sobre intersecciones entre la Historia del Arte con: Poder, Sociedad, Vestimenta-Moda, Religi\u00f3n, Ciencias (Matem\u00e1tica), Patrimonio, desde una concepci\u00f3n gramsciana de la cultura y desde la perspectiva de la Interculturalidad. <\/p>\n<p> Cur\u00f3 muestras sobre artistas santafesinos contempor\u00e1neos y expresiones art\u00edsticas coloniales en museos de la Municipalidad de Santa Fe.  Ha sido miembro de la Comisi\u00f3n Municipal de Defensa del Patrimonio Cultural de la Ciudad de Santa Fe (2010-2016), y es vocal de las Comisiones Directivas del Centro de Estudios Hispanoamericanos, Asociaci\u00f3n Amigos de Santa Fe la Vieja y Asociaci\u00f3n Cultural Sanmartiniana de Santa Fe.  Se desempe\u00f1\u00f3 como jurado en Salones Provinciales y en Jornadas del Instituto \u201cJulio E. Payr\u00f3\u201d de Buenos Aires (UBA).<\/p>\n\t\t\t<\/div>\n\t\t\t\t\t<\/div>\n\t<\/div>\n<\/div>\n\t\t\t<div id=\"ccp-modal-1-31319\" class=\"ccp-modal\" hidden>\n\t<div class=\"ccp-modal__overlay\" data-ccp-close><\/div>\n\t<div class=\"ccp-modal__dialog\" role=\"dialog\" aria-modal=\"true\" aria-labelledby=\"ccp-modal-1-31319-title\" tabindex=\"-1\">\n\t\t<button class=\"ccp-modal__close\" type=\"button\" aria-label=\"Cerrar\" data-ccp-close>\n\t\t\t<span aria-hidden=\"true\">&times;<\/span>\n\t\t<\/button>\n\t\t<div class=\"ccp-modal__media\">\n\t\t\t\t\t\t\t<img loading=\"lazy\" width=\"1342\" height=\"1074\" src=\"https:\/\/www.santafeciudad.gov.ar\/capitalcultural\/wp-content\/uploads\/2026\/07\/El-Sudor-Milagroso.jpg\" class=\"ccp-modal__image wp-post-image\" alt=\"\" style=\"object-position: 50% 50%;\" sizes=\"auto, (max-width: 900px) calc(100vw - 24px), 44vw\" loading=\"lazy\" decoding=\"async\" srcset=\"https:\/\/www.santafeciudad.gov.ar\/capitalcultural\/wp-content\/uploads\/2026\/07\/El-Sudor-Milagroso.jpg 1342w, https:\/\/www.santafeciudad.gov.ar\/capitalcultural\/wp-content\/uploads\/2026\/07\/El-Sudor-Milagroso-300x240.jpg 300w, https:\/\/www.santafeciudad.gov.ar\/capitalcultural\/wp-content\/uploads\/2026\/07\/El-Sudor-Milagroso-1024x820.jpg 1024w, https:\/\/www.santafeciudad.gov.ar\/capitalcultural\/wp-content\/uploads\/2026\/07\/El-Sudor-Milagroso-768x615.jpg 768w\" \/>\t\t\t\t\t<\/div>\n\t\t<div class=\"ccp-modal__body\">\n\t\t\t<div class=\"ccp-modal__tags\">\n\t\t\t\t\t\t\t\t\t<span class=\"ccp-tag ccp-tag--categoria\">PRESENTACI\u00d3N<\/span>\n\t\t\t\t\t\t\t\t<span class=\"ccp-tag ccp-tag--estado ccp-tag--ya-sucedio\">FINALIZADA<\/span>\n\t\t\t<\/div>\n\t\t\t<h2 id=\"ccp-modal-1-31319-title\" class=\"ccp-modal__title\">Las pinturas del Milagro<\/h2>\n\t\t\t\t\t\t\t<p class=\"ccp-modal__date\">8 de mayo de 2025<\/p>\n\t\t\t\t\t\t\t\t\t<div class=\"ccp-modal__content\">\n\t\t\t\t<p>La actividad estar\u00e1 a cargo de la Profesora Raquel Garigliano, en el marco del Aniversario del Milagro ocurrido el 9 de mayo de 1636.<\/p>\n<p>   Este jueves 8 de mayo a las 17 horas, el Santuario Nuestra Se\u00f1ora de los Milagros de la Manzana Jesu\u00edtica (San Mart\u00edn 1588) ser\u00e1 sede del recorrido &#8220;Las pinturas del Milagro&#8221;. La visita guiada estar\u00e1 a cargo de la Prof. Raquel Garigliano. Se enmarca en la celebraci\u00f3n del nuevo aniversario del milagro mariano ocurrido en Santa Fe la Vieja, el 9 de mayo de 1636. La actividad es libre y gratuita. <\/p>\n<p>El milagro pict\u00f3rico<\/p>\n<p>  El 9 de mayo de 1636 en el templo de la Compa\u00f1\u00eda de Jes\u00fas, el padre Pedro de Helgueta observ\u00f3 como el cuadro &#8220;La Pura y Limpia Concepci\u00f3n&#8221;, pintado por el hermano Luis Berger dos a\u00f1os antes, se encontraba completamente humedecido en su parte inferior, emanando gotas en formas de sudor. Dicha obra forma parte del patrimonio del Santuario. En 1919, el artista Juan Cingolani pint\u00f3 el cuadro \u201cEl momento del milagro\u201d o \u201cEl Sudor Milagroso\u201d, a fin de representar el momento del milagro ocurrido. El autor realiz\u00f3 el lienzo con los datos suministrados por las actas de aquel d\u00eda.<\/p>\n<p>   En palabras de la expositora: &#8220;El Santuario Nuestra Se\u00f1ora de los Milagros guarda dentro de s\u00ed obras art\u00edsticas que testimonian la vida cultural de nuestra ciudad de Santa Fe, constituyendo un repositorio de inestimable valor patrimonial. A trav\u00e9s de esta visita guiada, a realizarse en ocasi\u00f3n de los festejos del 389\u00ba aniversario del Sudor Milagroso, se propone un recorrido -peregrinaje explicado- de las obras pict\u00f3ricas que cubren las paredes del templo, a los efectos de visibilizar tanto sus valores est\u00e9ticos y sociales, como los de orden simb\u00f3lico-religioso.&#8221;<\/p>\n<p>Sobre Raquel Garigliano<\/p>\n<p>  Profesora de Historia para la Ense\u00f1anza Media y Superior (UCSF), Magister en Patrimonio Art\u00edstico y Cultura en Sudam\u00e9rica Colonial (FILO-UBA) y Post\u00edtulo en Teor\u00eda del Arte. <\/p>\n<p>Dict\u00f3 c\u00e1tedras de Historia del Arte a nivel superior y medio, dirigido Post\u00edtulos especializados en Arte y trabajos de investigaci\u00f3n.  Es miembro de n\u00famero del Centro de Estudios Hispanoamericanos, del cual ha sido vicepresidenta (2019-2022), e integra desde 2014 la Comisi\u00f3n Redactora de la Revista Am\u00e9rica. <\/p>\n<p>Public\u00f3 art\u00edculos, dictado Post\u00edtulos, cursos de especializaci\u00f3n, conferencias y ponencias en congresos sobre intersecciones entre la Historia del Arte con: Poder, Sociedad, Vestimenta-Moda, Religi\u00f3n, Ciencias (Matem\u00e1tica), Patrimonio, desde una concepci\u00f3n gramsciana de la cultura y desde la perspectiva de la Interculturalidad. <\/p>\n<p>Cur\u00f3 muestras sobre artistas santafesinos contempor\u00e1neos y expresiones art\u00edsticas coloniales en museos de la Municipalidad de Santa Fe.  Ha sido miembro de la Comisi\u00f3n Municipal de Defensa del Patrimonio Cultural de la Ciudad de Santa Fe (2010-2016), y es vocal de las Comisiones Directivas del Centro de Estudios Hispanoamericanos, Asociaci\u00f3n Amigos de Santa Fe la Vieja y Asociaci\u00f3n Cultural Sanmartiniana de Santa Fe.  Se desempe\u00f1\u00f3 como jurado en Salones Provinciales y en Jornadas del Instituto \u201cJulio E. Payr\u00f3\u201d de Buenos Aires (UBA).<\/p>\n\t\t\t<\/div>\n\t\t\t\t\t<\/div>\n\t<\/div>\n<\/div>\n\t\t\t<div id=\"ccp-modal-1-31314\" class=\"ccp-modal\" hidden>\n\t<div class=\"ccp-modal__overlay\" data-ccp-close><\/div>\n\t<div class=\"ccp-modal__dialog\" role=\"dialog\" aria-modal=\"true\" aria-labelledby=\"ccp-modal-1-31314-title\" tabindex=\"-1\">\n\t\t<button class=\"ccp-modal__close\" type=\"button\" aria-label=\"Cerrar\" data-ccp-close>\n\t\t\t<span aria-hidden=\"true\">&times;<\/span>\n\t\t<\/button>\n\t\t<div class=\"ccp-modal__media\">\n\t\t\t\t\t\t\t<img loading=\"lazy\" width=\"1342\" height=\"1074\" src=\"https:\/\/www.santafeciudad.gov.ar\/capitalcultural\/wp-content\/uploads\/2026\/07\/El-Sudor-Milagroso.jpg\" class=\"ccp-modal__image wp-post-image\" alt=\"\" style=\"object-position: 50% 50%;\" sizes=\"auto, (max-width: 900px) calc(100vw - 24px), 44vw\" loading=\"lazy\" decoding=\"async\" srcset=\"https:\/\/www.santafeciudad.gov.ar\/capitalcultural\/wp-content\/uploads\/2026\/07\/El-Sudor-Milagroso.jpg 1342w, https:\/\/www.santafeciudad.gov.ar\/capitalcultural\/wp-content\/uploads\/2026\/07\/El-Sudor-Milagroso-300x240.jpg 300w, https:\/\/www.santafeciudad.gov.ar\/capitalcultural\/wp-content\/uploads\/2026\/07\/El-Sudor-Milagroso-1024x820.jpg 1024w, https:\/\/www.santafeciudad.gov.ar\/capitalcultural\/wp-content\/uploads\/2026\/07\/El-Sudor-Milagroso-768x615.jpg 768w\" \/>\t\t\t\t\t<\/div>\n\t\t<div class=\"ccp-modal__body\">\n\t\t\t<div class=\"ccp-modal__tags\">\n\t\t\t\t\t\t\t\t\t<span class=\"ccp-tag ccp-tag--categoria\">PRESENTACI\u00d3N<\/span>\n\t\t\t\t\t\t\t\t<span class=\"ccp-tag ccp-tag--estado ccp-tag--ya-sucedio\">FINALIZADA<\/span>\n\t\t\t<\/div>\n\t\t\t<h2 id=\"ccp-modal-1-31314-title\" class=\"ccp-modal__title\">Propuestas para Semana Santa<\/h2>\n\t\t\t\t\t\t\t<p class=\"ccp-modal__date\">Del 17 al 19 de abril de 2025<\/p>\n\t\t\t\t\t\t\t\t\t<div class=\"ccp-modal__content\">\n\t\t\t\t<p>La visita guiada &#8220;Entre la historia y la fe: Liturgia exequial en la cripta del Santuario&#8221;, se suma como nueva propuesta a los tradicionales recorridos por la Manzana, la Biblioteca y Sala Garay y el \u00d3rgano del Santuario. Todos son libres y gratuitos. <\/p>\n<p>  En el marco de las propuestas para la Semana Santa, la Manzana Jesu\u00edtica (ubicada en San Mart\u00edn 1540) presenta las tradicionales visitas guiadas, que tendr\u00e1n lugar entre el jueves 17 y el s\u00e1bado 19 de abril. <\/p>\n<p>Atractivo tur\u00edstico clave<\/p>\n<p>  La Manzana Jesu\u00edtica es un atractivo tur\u00edstico santafesino clave, constituido por edificios hist\u00f3ricos y culturales en el casco hist\u00f3rico, incluyendo el Santuario Nuestra Se\u00f1ora de los Milagros, el Colegio de la Inmaculada Concepci\u00f3n, y el antiguo patio de clausura. Es parte del Camino Internacional de los Jesuitas, corredor tur\u00edstico de Am\u00e9rica del Sur, y su patrimonio hist\u00f3rico y religioso permite vivir experiencias de los siglos XVI y XVII. <\/p>\n<p>   Cada Semana Santa, es visitado por turistas y santafesinos. En esta ocasi\u00f3n, como nuevo atractivo, en esta edici\u00f3n se presentar\u00e1 el recorrido &#8220;Entre la historia y la fe: Liturgia exequial en la cripta del Santuario&#8221;, que busca reconstruir el altar de la Cripta, a trav\u00e9s de la recuperaci\u00f3n del material hist\u00f3rico y de una indagaci\u00f3n en las principales ideas de la Iglesia Cat\u00f3lica acerca de los fieles difuntos, la misa exequial y la vida despu\u00e9s de la muerte.  Adem\u00e1s, se presentar\u00e1 el Acta Original del Milagro, documento hist\u00f3rico que atestigua el milagro ocurrido el 9 de mayo de 1636. <\/p>\n<p>Entre la historia y la fe: Liturgia exequial en la cripta del Santuario<\/p>\n<p>   Se trata de una visita especial al Santuario y la Cripta, que tendr\u00e1 lugar el jueves  17 de abril a las  15:30 y 17 h y el viernes 18, a las 9.30, 11 y 15.30 h.<\/p>\n<p>  Esta visita guiada busca reconstruir el altar de la Cripta,  a trav\u00e9s de la recuperaci\u00f3n del material hist\u00f3rico disponible y de una indagaci\u00f3n en las misas exequiales (ceremonias llevadas a cabo para honrar al difunto y pedir por su eterno descanso) que se realizaban all\u00ed, y las  principales ideas de la Iglesia Cat\u00f3lica acerca de los fieles difuntos,y la vida despu\u00e9s de la muerte. Esta intervenci\u00f3n se acompa\u00f1ar\u00e1 de la presentaci\u00f3n de textos curatoriales. <\/p>\n<p>  A su vez se presentar\u00e1 el Acta Original del Milagro, documento hist\u00f3rico que atestigua el milagro ocurrido el 9 de mayo de 1636. Ese d\u00eda en el templo de la Compa\u00f1\u00eda de Jes\u00fas, el padre Pedro de Helgueta observ\u00f3 como el cuadro &#8220;La Pura y Limpia Concepci\u00f3n&#8221;, pintado por el hermano Luis Berger dos a\u00f1os antes, se encontraba completamente humedecido en su parte inferior, emanando gotas en formas de sudor. Dicha obra forma parte del patrimonio del Santuario. <\/p>\n<p>  En 1919, el artista Juan Cingolani pint\u00f3 el cuadro \u201cEl momento del milagro\u201d o \u201cEl Sudor Milagroso\u201d, a fin de representar el momento del milagro ocurrido. El autor realiz\u00f3 el lienzo con los datos suministrados por las actas de aquel d\u00eda, que ser\u00e1n develadas en la muestra.<\/p>\n<p>Visitas guiadas<\/p>\n<p>   A su vez, tendr\u00e1n lugar el resto de los recorridos guiados. Las visitas especiales en la Biblioteca y Sala Garay se realizar\u00e1n el viernes 18 a las 17 hs, en tanto que el recorrido guiado por la Manzana Jesu\u00edtica tendr\u00e1 lugar el s\u00e1bado a las 9.30 y 11 hs, y &#8220;Melod\u00edas con Historia&#8221; (visita guiada al \u00d3rgano del Santuario) ser\u00e1 el s\u00e1bado 19 a las 15.30 y 17 hs.<\/p>\n<p>   El ingreso es libre y gratuito, con un cupo limitado de 30 personas por visita guiada. Si desea solicitar turnos para visitas educativas en grupo, comunicarse por correo a museo.manzanajesuitica@santafeciudad.gov.ar<\/p>\n\t\t\t<\/div>\n\t\t\t\t\t<\/div>\n\t<\/div>\n<\/div>\n\t\t\t<div id=\"ccp-modal-1-31312\" class=\"ccp-modal\" hidden>\n\t<div class=\"ccp-modal__overlay\" data-ccp-close><\/div>\n\t<div class=\"ccp-modal__dialog\" role=\"dialog\" aria-modal=\"true\" aria-labelledby=\"ccp-modal-1-31312-title\" tabindex=\"-1\">\n\t\t<button class=\"ccp-modal__close\" type=\"button\" aria-label=\"Cerrar\" data-ccp-close>\n\t\t\t<span aria-hidden=\"true\">&times;<\/span>\n\t\t<\/button>\n\t\t<div class=\"ccp-modal__media\">\n\t\t\t\t\t\t\t<div class=\"ccp-modal__placeholder\" role=\"img\" aria-label=\"Aniversario 10 a\u00f1os\" style=\"object-position: 50% 50%;\">\n\t\t\t\t\t<span>Capital Cultural<\/span>\n\t\t\t\t<\/div>\n\t\t\t\t\t<\/div>\n\t\t<div class=\"ccp-modal__body\">\n\t\t\t<div class=\"ccp-modal__tags\">\n\t\t\t\t\t\t\t\t\t<span class=\"ccp-tag ccp-tag--categoria\">ACTIVACI\u00d3N<\/span>\n\t\t\t\t\t\t\t\t<span class=\"ccp-tag ccp-tag--estado ccp-tag--ya-sucedio\">FINALIZADA<\/span>\n\t\t\t<\/div>\n\t\t\t<h2 id=\"ccp-modal-1-31312-title\" class=\"ccp-modal__title\">Aniversario 10 a\u00f1os<\/h2>\n\t\t\t\t\t\t\t<p class=\"ccp-modal__date\">Del 12 al 14 de marzo de 2025<\/p>\n\t\t\t\t\t\t\t\t\t<div class=\"ccp-modal__content\">\n\t\t\t\t<p>El 13 de marzo de 2015 se abri\u00f3 el Colegio de la Inmaculada Concepci\u00f3n de Santa Fe como un sitio tur\u00edstico patrimonial de gran relevancia en la ciudad ofreciendo desde la Municipalidad de Santa Fe el servicio de visitas guiadas regulares por los diferentes espacios que componen este complejo hist\u00f3rico, tur\u00edstico y cultural.<\/p>\n<p>Fundamento<br \/>\nA modo de rememorar los 10 a\u00f1os transcurridos y el desarrollo del espacio como referente de Turismo de la Fe y Patrimonio Hist\u00f3rico de la ciudad, se propone el siguiente evento conmemorativo.<\/p>\n\t\t\t<\/div>\n\t\t\t\t\t<\/div>\n\t<\/div>\n<\/div>\n\t<\/div>\n<\/div>\n\t\t\t\t\t\t<\/div>\n\t\t\t\t<\/div>\n\t\t\t\t\t<\/div>\n\t\t<\/div>\n\t\t\t\t\t<\/div>\n\t\t<\/section>\n\t\t\t\t<section class=\"elementor-section elementor-top-section elementor-element elementor-element-1bc860cd elementor-section-boxed elementor-section-height-default elementor-section-height-default\" data-id=\"1bc860cd\" data-element_type=\"section\" data-e-type=\"section\">\n\t\t\t\t\t\t<div class=\"elementor-container elementor-column-gap-default\">\n\t\t\t\t\t<div class=\"elementor-column elementor-col-100 elementor-top-column elementor-element elementor-element-4161a223\" data-id=\"4161a223\" data-element_type=\"column\" data-e-type=\"column\">\n\t\t\t<div class=\"elementor-widget-wrap elementor-element-populated\">\n\t\t\t\t\t\t<div class=\"elementor-element elementor-element-61102817 elementor-widget elementor-widget-heading\" data-id=\"61102817\" data-element_type=\"widget\" data-e-type=\"widget\" data-widget_type=\"heading.default\">\n\t\t\t\t<div class=\"elementor-widget-container\">\n\t\t\t\t\t<h2 class=\"elementor-heading-title elementor-size-default\">Horarios y visitas<\/h2>\t\t\t\t<\/div>\n\t\t\t\t<\/div>\n\t\t\t\t\t<\/div>\n\t\t<\/div>\n\t\t\t\t\t<\/div>\n\t\t<\/section>\n\t\t\t\t<section class=\"elementor-section elementor-top-section elementor-element elementor-element-9107980 elementor-section-boxed elementor-section-height-default elementor-section-height-default\" data-id=\"9107980\" data-element_type=\"section\" data-e-type=\"section\">\n\t\t\t\t\t\t<div class=\"elementor-container elementor-column-gap-default\">\n\t\t\t\t\t<div class=\"elementor-column elementor-col-50 elementor-top-column elementor-element elementor-element-d8c5335\" data-id=\"d8c5335\" data-element_type=\"column\" data-e-type=\"column\">\n\t\t\t<div class=\"elementor-widget-wrap elementor-element-populated\">\n\t\t\t\t\t\t<div class=\"elementor-element elementor-element-532b108 elementor-widget elementor-widget-text-editor\" data-id=\"532b108\" data-element_type=\"widget\" data-e-type=\"widget\" data-widget_type=\"text-editor.default\">\n\t\t\t\t<div class=\"elementor-widget-container\">\n\t\t\t\t\t\t\t\t\t<p style=\"font-size: 13px; line-height: 18px;\"><strong>Temporada de oto\u00f1o<\/strong> &#8211; invierno <i>(marzo a noviembre)<\/i><br>\nMi\u00e9rcoles a viernes de 9 a 12:30 horas y de 15:30 a 19 horas \/ S\u00e1bados de 15:30 a 19 horas \/ Feriados de 16 a 19horas.<br><br>\n<strong>Temporada de verano<\/strong> &#8211; <i>(diciembre a febrero)<\/i><br>\nMi\u00e9rcoles a viernes de 9 a 12:30 horas y de 16 a 20 horas \/ S\u00e1bados de 17 a 20 horas \/ Feriados de 17 a 20 horas.<br><br>\n\nEl ingreso es libre y gratuito.<br><br>\n\nVisitas guiadas: <strong>Temporada de oto\u00f1o &#8211; invierno<\/strong> <i>(marzo a noviembre)<\/i><br>Mi\u00e9rcoles a viernes 9:30 y 11 horas \/ s\u00e1bados 15:30 y 17 horas.<br>\n<strong>Temporada de verano<\/strong> <i>(diciembre a febrero)<\/i><br>Mi\u00e9rcoles a viernes 9 y 10.30 horas \/ s\u00e1bados 17 y 18.30 horas.<br><br>\nCupo limitado de 30 personas por cada visita guiada.<br><br>\nSan Martin 1540.<\/p>\t\t\t\t\t\t\t\t<\/div>\n\t\t\t\t<\/div>\n\t\t\t\t\t<\/div>\n\t\t<\/div>\n\t\t\t\t<div class=\"elementor-column elementor-col-50 elementor-top-column elementor-element elementor-element-722e6b3\" data-id=\"722e6b3\" data-element_type=\"column\" data-e-type=\"column\">\n\t\t\t<div class=\"elementor-widget-wrap elementor-element-populated\">\n\t\t\t\t\t\t<div class=\"elementor-element elementor-element-64190bf elementor-widget elementor-widget-google_maps\" data-id=\"64190bf\" data-element_type=\"widget\" data-e-type=\"widget\" data-widget_type=\"google_maps.default\">\n\t\t\t\t<div class=\"elementor-widget-container\">\n\t\t\t\t\t\t\t<div class=\"elementor-custom-embed\">\n\t\t\t<iframe loading=\"lazy\"\n\t\t\t\t\tsrc=\"https:\/\/maps.google.com\/maps?q=San%20Martin%201540%2C%20Santa%20Fe%2C%20AR&#038;t=m&#038;z=17&#038;output=embed&#038;iwloc=near\"\n\t\t\t\t\ttitle=\"San Martin 1540, Santa Fe, AR\"\n\t\t\t\t\taria-label=\"San Martin 1540, Santa Fe, AR\"\n\t\t\t><\/iframe>\n\t\t<\/div>\n\t\t\t\t\t\t<\/div>\n\t\t\t\t<\/div>\n\t\t\t\t\t<\/div>\n\t\t<\/div>\n\t\t\t\t\t<\/div>\n\t\t<\/section>\n\t\t\t\t<section class=\"elementor-section elementor-top-section elementor-element elementor-element-7e8c8f9 elementor-section-boxed elementor-section-height-default elementor-section-height-default\" data-id=\"7e8c8f9\" data-element_type=\"section\" data-e-type=\"section\">\n\t\t\t\t\t\t<div class=\"elementor-container elementor-column-gap-default\">\n\t\t\t\t\t<div class=\"elementor-column elementor-col-100 elementor-top-column elementor-element elementor-element-af73fdc\" data-id=\"af73fdc\" data-element_type=\"column\" data-e-type=\"column\">\n\t\t\t<div class=\"elementor-widget-wrap elementor-element-populated\">\n\t\t\t\t\t\t<div class=\"elementor-element elementor-element-0a469c1 elementor-widget elementor-widget-text-editor\" data-id=\"0a469c1\" data-element_type=\"widget\" data-e-type=\"widget\" data-widget_type=\"text-editor.default\">\n\t\t\t\t<div class=\"elementor-widget-container\">\n\t\t\t\t\t\t\t\t\t<p style=\"font-size: 13px; line-height: 20px; text-align: center;\">Si desea solicitar turnos para visitas educativas en grupo, comunicarse por correo a <a href=\"mailto:museo.manzanajesuitica@santafeciudad.gov.ar\"><span style=\"font-weight: 400;\">museo.manzanajesuitica@santafeciudad.gov.ar<\/span><\/a><\/p>\t\t\t\t\t\t\t\t<\/div>\n\t\t\t\t<\/div>\n\t\t\t\t\t<\/div>\n\t\t<\/div>\n\t\t\t\t\t<\/div>\n\t\t<\/section>\n\t\t\t\t<\/div>\n\t\t","protected":false},"excerpt":{"rendered":"<p>Este museo, inaugurado en el a\u00f1o 1982, se encuentra ubicado en el edificio del Colegio de la Inmaculada Concepci\u00f3n. A [&hellip;]<\/p>\n","protected":false},"author":3,"featured_media":0,"parent":20080,"menu_order":0,"comment_status":"closed","ping_status":"closed","template":"elementor_header_footer","meta":{"site-sidebar-layout":"default","site-content-layout":"","ast-site-content-layout":"full-width-container","site-content-style":"default","site-sidebar-style":"default","ast-global-header-display":"","ast-banner-title-visibility":"","ast-main-header-display":"","ast-hfb-above-header-display":"","ast-hfb-below-header-display":"","ast-hfb-mobile-header-display":"","site-post-title":"","ast-breadcrumbs-content":"","ast-featured-img":"","footer-sml-layout":"","ast-disable-related-posts":"","theme-transparent-header-meta":"","adv-header-id-meta":"","stick-header-meta":"","header-above-stick-meta":"","header-main-stick-meta":"","header-below-stick-meta":"","astra-migrate-meta-layouts":"default","ast-page-background-enabled":"default","ast-page-background-meta":{"desktop":{"background-color":"var(--ast-global-color-5)","background-image":"","background-repeat":"repeat","background-position":"center center","background-size":"auto","background-attachment":"scroll","background-type":"","background-media":"","overlay-type":"","overlay-color":"","overlay-opacity":"","overlay-gradient":""},"tablet":{"background-color":"","background-image":"","background-repeat":"repeat","background-position":"center center","background-size":"auto","background-attachment":"scroll","background-type":"","background-media":"","overlay-type":"","overlay-color":"","overlay-opacity":"","overlay-gradient":""},"mobile":{"background-color":"","background-image":"","background-repeat":"repeat","background-position":"center center","background-size":"auto","background-attachment":"scroll","background-type":"","background-media":"","overlay-type":"","overlay-color":"","overlay-opacity":"","overlay-gradient":""}},"ast-content-background-meta":{"desktop":{"background-color":"var(--ast-global-color-4)","background-image":"","background-repeat":"repeat","background-position":"center center","background-size":"auto","background-attachment":"scroll","background-type":"","background-media":"","overlay-type":"","overlay-color":"","overlay-opacity":"","overlay-gradient":""},"tablet":{"background-color":"var(--ast-global-color-4)","background-image":"","background-repeat":"repeat","background-position":"center center","background-size":"auto","background-attachment":"scroll","background-type":"","background-media":"","overlay-type":"","overlay-color":"","overlay-opacity":"","overlay-gradient":""},"mobile":{"background-color":"var(--ast-global-color-4)","background-image":"","background-repeat":"repeat","background-position":"center center","background-size":"auto","background-attachment":"scroll","background-type":"","background-media":"","overlay-type":"","overlay-color":"","overlay-opacity":"","overlay-gradient":""}},"footnotes":""},"class_list":["post-23414","page","type-page","status-publish","hentry"],"yoast_head":"<!-- This site is optimized with the Yoast SEO plugin v28.2 - https:\/\/yoast.com\/product\/yoast-seo-wordpress\/ -->\n<title>Manzana Jesu\u00edtica y Museo Colegio Inmaculada - Capital Cultural<\/title>\n<meta name=\"robots\" content=\"index, follow, max-snippet:-1, max-image-preview:large, max-video-preview:-1\" \/>\n<link rel=\"canonical\" href=\"https:\/\/www.santafeciudad.gov.ar\/capitalcultural\/museos-y-salas\/manzana-jesuitica\/\" \/>\n<meta property=\"og:locale\" content=\"es_ES\" \/>\n<meta property=\"og:type\" content=\"article\" \/>\n<meta property=\"og:title\" content=\"Manzana Jesu\u00edtica y Museo Colegio Inmaculada - Capital Cultural\" \/>\n<meta property=\"og:description\" content=\"Este museo, inaugurado en el a\u00f1o 1982, se encuentra ubicado en el edificio del Colegio de la Inmaculada Concepci\u00f3n. A [&hellip;]\" \/>\n<meta property=\"og:url\" content=\"https:\/\/www.santafeciudad.gov.ar\/capitalcultural\/museos-y-salas\/manzana-jesuitica\/\" \/>\n<meta property=\"og:site_name\" content=\"Capital Cultural\" \/>\n<meta property=\"article:publisher\" content=\"https:\/\/www.facebook.com\/SantaFeCapitalok\/\" \/>\n<meta property=\"article:modified_time\" content=\"2026-07-25T14:44:43+00:00\" \/>\n<meta name=\"twitter:card\" content=\"summary_large_image\" \/>\n<meta name=\"twitter:site\" content=\"@_SantaFeCapital\" \/>\n<meta name=\"twitter:label1\" content=\"Tiempo de lectura\" \/>\n\t<meta name=\"twitter:data1\" content=\"3 minutos\" \/>\n<script type=\"application\/ld+json\" class=\"yoast-schema-graph\">{\"@context\":\"https:\\\/\\\/schema.org\",\"@graph\":[{\"@type\":\"WebPage\",\"@id\":\"https:\\\/\\\/www.santafeciudad.gov.ar\\\/capitalcultural\\\/museos-y-salas\\\/manzana-jesuitica\\\/\",\"url\":\"https:\\\/\\\/www.santafeciudad.gov.ar\\\/capitalcultural\\\/museos-y-salas\\\/manzana-jesuitica\\\/\",\"name\":\"Manzana Jesu\u00edtica y Museo Colegio Inmaculada - Capital Cultural\",\"isPartOf\":{\"@id\":\"https:\\\/\\\/www.santafeciudad.gov.ar\\\/capitalcultural\\\/#website\"},\"datePublished\":\"2024-06-03T14:05:31+00:00\",\"dateModified\":\"2026-07-25T14:44:43+00:00\",\"breadcrumb\":{\"@id\":\"https:\\\/\\\/www.santafeciudad.gov.ar\\\/capitalcultural\\\/museos-y-salas\\\/manzana-jesuitica\\\/#breadcrumb\"},\"inLanguage\":\"es-AR\",\"potentialAction\":[{\"@type\":\"ReadAction\",\"target\":[\"https:\\\/\\\/www.santafeciudad.gov.ar\\\/capitalcultural\\\/museos-y-salas\\\/manzana-jesuitica\\\/\"]}]},{\"@type\":\"BreadcrumbList\",\"@id\":\"https:\\\/\\\/www.santafeciudad.gov.ar\\\/capitalcultural\\\/museos-y-salas\\\/manzana-jesuitica\\\/#breadcrumb\",\"itemListElement\":[{\"@type\":\"ListItem\",\"position\":1,\"name\":\"Inicio\",\"item\":\"https:\\\/\\\/www.santafeciudad.gov.ar\\\/capitalcultural\\\/\"},{\"@type\":\"ListItem\",\"position\":2,\"name\":\"Museos y Salas\",\"item\":\"https:\\\/\\\/www.santafeciudad.gov.ar\\\/capitalcultural\\\/museos-y-salas\\\/\"},{\"@type\":\"ListItem\",\"position\":3,\"name\":\"Manzana Jesu\u00edtica y Museo Colegio Inmaculada\"}]},{\"@type\":\"WebSite\",\"@id\":\"https:\\\/\\\/www.santafeciudad.gov.ar\\\/capitalcultural\\\/#website\",\"url\":\"https:\\\/\\\/www.santafeciudad.gov.ar\\\/capitalcultural\\\/\",\"name\":\"Capital Cultural\",\"description\":\"Secretaria de Cultura\",\"publisher\":{\"@id\":\"https:\\\/\\\/www.santafeciudad.gov.ar\\\/capitalcultural\\\/#organization\"},\"potentialAction\":[{\"@type\":\"SearchAction\",\"target\":{\"@type\":\"EntryPoint\",\"urlTemplate\":\"https:\\\/\\\/www.santafeciudad.gov.ar\\\/capitalcultural\\\/?s={search_term_string}\"},\"query-input\":{\"@type\":\"PropertyValueSpecification\",\"valueRequired\":true,\"valueName\":\"search_term_string\"}}],\"inLanguage\":\"es-AR\"},{\"@type\":\"Organization\",\"@id\":\"https:\\\/\\\/www.santafeciudad.gov.ar\\\/capitalcultural\\\/#organization\",\"name\":\"Municipalidad de la ciudad de Santa Fe\",\"alternateName\":\"Municipalidad de Santa Fe\",\"url\":\"https:\\\/\\\/www.santafeciudad.gov.ar\\\/capitalcultural\\\/\",\"logo\":{\"@type\":\"ImageObject\",\"inLanguage\":\"es-AR\",\"@id\":\"https:\\\/\\\/www.santafeciudad.gov.ar\\\/capitalcultural\\\/#\\\/schema\\\/logo\\\/image\\\/\",\"url\":\"https:\\\/\\\/www.santafeciudad.gov.ar\\\/capitalcultural\\\/wp-content\\\/uploads\\\/2020\\\/06\\\/SantaFeCapital_Logo_800x400-e1591880179119.png\",\"contentUrl\":\"https:\\\/\\\/www.santafeciudad.gov.ar\\\/capitalcultural\\\/wp-content\\\/uploads\\\/2020\\\/06\\\/SantaFeCapital_Logo_800x400-e1591880179119.png\",\"width\":400,\"height\":200,\"caption\":\"Municipalidad de la ciudad de Santa Fe\"},\"image\":{\"@id\":\"https:\\\/\\\/www.santafeciudad.gov.ar\\\/capitalcultural\\\/#\\\/schema\\\/logo\\\/image\\\/\"},\"sameAs\":[\"https:\\\/\\\/www.facebook.com\\\/SantaFeCapitalok\\\/\",\"https:\\\/\\\/x.com\\\/_SantaFeCapital\",\"https:\\\/\\\/www.instagram.com\\\/cultura.santafecapital\\\/\"]}]}<\/script>\n<!-- \/ Yoast SEO plugin. -->","yoast_head_json":{"title":"Manzana Jesu\u00edtica y Museo Colegio Inmaculada - Capital Cultural","robots":{"index":"index","follow":"follow","max-snippet":"max-snippet:-1","max-image-preview":"max-image-preview:large","max-video-preview":"max-video-preview:-1"},"canonical":"https:\/\/www.santafeciudad.gov.ar\/capitalcultural\/museos-y-salas\/manzana-jesuitica\/","og_locale":"es_ES","og_type":"article","og_title":"Manzana Jesu\u00edtica y Museo Colegio Inmaculada - Capital Cultural","og_description":"Este museo, inaugurado en el a\u00f1o 1982, se encuentra ubicado en el edificio del Colegio de la Inmaculada Concepci\u00f3n. A [&hellip;]","og_url":"https:\/\/www.santafeciudad.gov.ar\/capitalcultural\/museos-y-salas\/manzana-jesuitica\/","og_site_name":"Capital Cultural","article_publisher":"https:\/\/www.facebook.com\/SantaFeCapitalok\/","article_modified_time":"2026-07-25T14:44:43+00:00","twitter_card":"summary_large_image","twitter_site":"@_SantaFeCapital","twitter_misc":{"Tiempo de lectura":"3 minutos"},"schema":{"@context":"https:\/\/schema.org","@graph":[{"@type":"WebPage","@id":"https:\/\/www.santafeciudad.gov.ar\/capitalcultural\/museos-y-salas\/manzana-jesuitica\/","url":"https:\/\/www.santafeciudad.gov.ar\/capitalcultural\/museos-y-salas\/manzana-jesuitica\/","name":"Manzana Jesu\u00edtica y Museo Colegio Inmaculada - Capital Cultural","isPartOf":{"@id":"https:\/\/www.santafeciudad.gov.ar\/capitalcultural\/#website"},"datePublished":"2024-06-03T14:05:31+00:00","dateModified":"2026-07-25T14:44:43+00:00","breadcrumb":{"@id":"https:\/\/www.santafeciudad.gov.ar\/capitalcultural\/museos-y-salas\/manzana-jesuitica\/#breadcrumb"},"inLanguage":"es-AR","potentialAction":[{"@type":"ReadAction","target":["https:\/\/www.santafeciudad.gov.ar\/capitalcultural\/museos-y-salas\/manzana-jesuitica\/"]}]},{"@type":"BreadcrumbList","@id":"https:\/\/www.santafeciudad.gov.ar\/capitalcultural\/museos-y-salas\/manzana-jesuitica\/#breadcrumb","itemListElement":[{"@type":"ListItem","position":1,"name":"Inicio","item":"https:\/\/www.santafeciudad.gov.ar\/capitalcultural\/"},{"@type":"ListItem","position":2,"name":"Museos y Salas","item":"https:\/\/www.santafeciudad.gov.ar\/capitalcultural\/museos-y-salas\/"},{"@type":"ListItem","position":3,"name":"Manzana Jesu\u00edtica y Museo Colegio Inmaculada"}]},{"@type":"WebSite","@id":"https:\/\/www.santafeciudad.gov.ar\/capitalcultural\/#website","url":"https:\/\/www.santafeciudad.gov.ar\/capitalcultural\/","name":"Capital Cultural","description":"Secretaria de Cultura","publisher":{"@id":"https:\/\/www.santafeciudad.gov.ar\/capitalcultural\/#organization"},"potentialAction":[{"@type":"SearchAction","target":{"@type":"EntryPoint","urlTemplate":"https:\/\/www.santafeciudad.gov.ar\/capitalcultural\/?s={search_term_string}"},"query-input":{"@type":"PropertyValueSpecification","valueRequired":true,"valueName":"search_term_string"}}],"inLanguage":"es-AR"},{"@type":"Organization","@id":"https:\/\/www.santafeciudad.gov.ar\/capitalcultural\/#organization","name":"Municipalidad de la ciudad de Santa Fe","alternateName":"Municipalidad de Santa Fe","url":"https:\/\/www.santafeciudad.gov.ar\/capitalcultural\/","logo":{"@type":"ImageObject","inLanguage":"es-AR","@id":"https:\/\/www.santafeciudad.gov.ar\/capitalcultural\/#\/schema\/logo\/image\/","url":"https:\/\/www.santafeciudad.gov.ar\/capitalcultural\/wp-content\/uploads\/2020\/06\/SantaFeCapital_Logo_800x400-e1591880179119.png","contentUrl":"https:\/\/www.santafeciudad.gov.ar\/capitalcultural\/wp-content\/uploads\/2020\/06\/SantaFeCapital_Logo_800x400-e1591880179119.png","width":400,"height":200,"caption":"Municipalidad de la ciudad de Santa Fe"},"image":{"@id":"https:\/\/www.santafeciudad.gov.ar\/capitalcultural\/#\/schema\/logo\/image\/"},"sameAs":["https:\/\/www.facebook.com\/SantaFeCapitalok\/","https:\/\/x.com\/_SantaFeCapital","https:\/\/www.instagram.com\/cultura.santafecapital\/"]}]}},"_links":{"self":[{"href":"https:\/\/www.santafeciudad.gov.ar\/capitalcultural\/wp-json\/wp\/v2\/pages\/23414","targetHints":{"allow":["GET"]}}],"collection":[{"href":"https:\/\/www.santafeciudad.gov.ar\/capitalcultural\/wp-json\/wp\/v2\/pages"}],"about":[{"href":"https:\/\/www.santafeciudad.gov.ar\/capitalcultural\/wp-json\/wp\/v2\/types\/page"}],"author":[{"embeddable":true,"href":"https:\/\/www.santafeciudad.gov.ar\/capitalcultural\/wp-json\/wp\/v2\/users\/3"}],"replies":[{"embeddable":true,"href":"https:\/\/www.santafeciudad.gov.ar\/capitalcultural\/wp-json\/wp\/v2\/comments?post=23414"}],"version-history":[{"count":34,"href":"https:\/\/www.santafeciudad.gov.ar\/capitalcultural\/wp-json\/wp\/v2\/pages\/23414\/revisions"}],"predecessor-version":[{"id":31339,"href":"https:\/\/www.santafeciudad.gov.ar\/capitalcultural\/wp-json\/wp\/v2\/pages\/23414\/revisions\/31339"}],"up":[{"embeddable":true,"href":"https:\/\/www.santafeciudad.gov.ar\/capitalcultural\/wp-json\/wp\/v2\/pages\/20080"}],"wp:attachment":[{"href":"https:\/\/www.santafeciudad.gov.ar\/capitalcultural\/wp-json\/wp\/v2\/media?parent=23414"}],"curies":[{"name":"wp","href":"https:\/\/api.w.org\/{rel}","templated":true}]}}