{"id":23955,"date":"2024-08-28T10:22:01","date_gmt":"2024-08-28T13:22:01","guid":{"rendered":"https:\/\/www.santafeciudad.gov.ar\/capitalcultural\/?page_id=23955"},"modified":"2026-08-07T12:53:21","modified_gmt":"2026-08-07T15:53:21","slug":"nochedelosmuseos","status":"publish","type":"page","link":"https:\/\/www.santafeciudad.gov.ar\/capitalcultural\/nochedelosmuseos\/","title":{"rendered":"Noche de los Museos"},"content":{"rendered":"\t\t<div data-elementor-type=\"wp-page\" data-elementor-id=\"23955\" class=\"elementor elementor-23955\">\n\t\t\t\t\t\t<section class=\"elementor-section elementor-top-section elementor-element elementor-element-03a2969 elementor-section-boxed elementor-section-height-default elementor-section-height-default\" data-id=\"03a2969\" data-element_type=\"section\" data-e-type=\"section\">\n\t\t\t\t\t\t<div class=\"elementor-container elementor-column-gap-default\">\n\t\t\t\t\t<div class=\"elementor-column elementor-col-100 elementor-top-column elementor-element elementor-element-49078f6\" data-id=\"49078f6\" data-element_type=\"column\" data-e-type=\"column\">\n\t\t\t<div class=\"elementor-widget-wrap elementor-element-populated\">\n\t\t\t\t\t\t<div class=\"elementor-element elementor-element-5422335 elementor-widget elementor-widget-html\" data-id=\"5422335\" data-element_type=\"widget\" data-e-type=\"widget\" data-widget_type=\"html.default\">\n\t\t\t\t<div class=\"elementor-widget-container\">\n\t\t\t\t\t<section class=\"cc-ndm2026\">\n\n  <section class=\"cc-ndm2026\">\n\n    <div class=\"cc-ndm2026__contenedor\">\n\n        <h2>\n            Se encuentra abierta la inscripci\u00f3n\n            a la Noche de los Museos\n        <\/h2>\n\n        <p>\n            El s\u00e1bado <strong>24 de octubre de 2026<\/strong> tendr\u00e1 lugar una nueva\n            edici\u00f3n de la <strong>Noche de los Museos de la ciudad de Santa Fe<\/strong>.\n            La inscripci\u00f3n para formar parte del evento ya se encuentra abierta y se\n            realiza de manera online.\n        <\/p>\n\n        <p>\n            Los espacios interesados podr\u00e1n inscribirse hasta el\n            <strong>domingo 6 de septiembre<\/strong>. No es necesario haber realizado\n            la instancia de preinscripci\u00f3n para participar de esta convocatoria.\n        <\/p>\n\n        <p>\n            La propuesta invita a <strong>museos, espacios p\u00fablicos municipales y\n            provinciales, espacios independientes y organizaciones culturales<\/strong>\n            a sumarse con propuestas que permitan recorrer y disfrutar el patrimonio\n            y el arte en sus m\u00faltiples expresiones: artes visuales, ciencias naturales\n            y sociales, literatura, danza, m\u00fasica, entre otras.\n        <\/p>\n\n        <p>\n            La Noche de los Museos es un encuentro \u00fanico en el que espacios culturales\n            p\u00fablicos y privados abren sus puertas con <strong>propuestas especiales y\n            actividades gratuitas<\/strong>, invitando a vecinos y vecinas a descubrir\n            sus muestras, colecciones y patrimonios a trav\u00e9s de nuevas experiencias.\n        <\/p>\n\n        <div class=\"cc-ndm2026__convocatoria\">\n\n            <h3>\n                \u00bfQuer\u00e9s formar parte?\n            <\/h3>\n\n            <p>\n                Los espacios interesados pueden completar el formulario de inscripci\u00f3n\n                hasta el <strong>domingo 6 de septiembre de 2026<\/strong>.\n            <\/p>\n\n            <p class=\"cc-ndm2026__contacto\">\n                Consultas:\n                <a href=\"mailto:nochedelosmuseos.santafe@gmail.com\">\n                    nochedelosmuseos.santafe@gmail.com\n                <\/a>\n            <\/p>\n\n        <\/div>\n\n        <div class=\"cc-ndm2026__botones\">\n\n            <a\n                class=\"cc-ndm2026__boton cc-ndm2026__boton--principal\"\n                href=\"https:\/\/docs.google.com\/forms\/d\/e\/1FAIpQLSc_RSMeA1TwCE4EF6KAs0947dGgQd-1Z7rjqfhF9Bus30tFhg\/viewform\"\n            >\n                Inscripci\u00f3n\n            <\/a>\n\n            <a\n                class=\"cc-ndm2026__boton\"\n                href=\"https:\/\/drive.google.com\/drive\/folders\/1qqS9tBsv6kIEduniJ_J3mQ-GJ6ZSApSX?usp=drive_link\"\n                target=\"_blank\"\n                rel=\"noopener\"\n            >\n                Kit de prensa\n            <\/a>\n\n            <a\n                class=\"cc-ndm2026__boton\"\n                href=\"https:\/\/www.santafeciudad.gov.ar\/capitalcultural\/wp-content\/uploads\/2026\/08\/NDM_Programacion-completa.pdf\"\n                target=\"_blank\"\n                rel=\"noopener\"\n            >\n                Edici\u00f3n anterior\n            <\/a>\n\n        <\/div>\n\n    <\/div>\n\n<\/section>\n<\/section>\n<style>\n\n\n.cc-ndm2026 h2{\n    margin:0 0 25px;\n    color:#002751;\n    font-size:22px;\n    line-height:1.3;\n    font-weight:700;\n    text-align: center;\n}\n\n.cc-ndm2026 p{\n    margin:0 0 15px;\n    color:#4b5b63;\n    font-size:15px;\n    line-height:1.5;\n}\n\n.cc-ndm2026 strong{\n    color:inherit;\n}\n\n.cc-ndm2026__convocatoria{\n    margin-top:25px;\n    margin-left:30px;\n    margin-right:30px;\n    padding:15px 20px;\n    background:#fff;\n    border-left:4px solid #E6007E;\n    border-radius:4px;\n    box-shadow:0 3px 10px rgba(0,0,0,.1);\n}\n\n.cc-ndm2026__convocatoria h3{\n    margin:0 0 6px;\n    color:#002751;\n    font-size:15px;\n    line-height:1.4;\n}\n\n.cc-ndm2026__convocatoria p{\n    margin:0 0 6px;\n    font-size:13px;\n    line-height:1.5;\n}\n\n.cc-ndm2026__convocatoria p:last-child{\n    margin-bottom:0;\n}\n\n.cc-ndm2026__contacto a{\n    color:#002751;\n    font-weight:700;\n    text-decoration:none;\n}\n\n.cc-ndm2026__contacto a:hover{\n    color:#E6007E;\n}\n\n.cc-ndm2026__botones{\n    display:flex;\n    flex-wrap:wrap;\n    justify-content:center;\n    align-items:center;\n    gap:12px;\n    margin-top:30px;\n}\n\n.cc-ndm2026__boton{\n    display:inline-flex;\n    align-items:center;\n    justify-content:center;\n    min-height:46px;\n    padding:12px 24px;\n    background:#002751;\n    color:#fff !important;\n    text-decoration:none !important;\n    border-radius:4px;\n    font-size:14px;\n    font-weight:700 !important;\n    transition:all .25s ease;\n}\n\n.cc-ndm2026__boton:hover{\n    background:#E6007E;\n    color:#fff !important;\n    transform:translateY(-2px);\n}\n\n.cc-ndm2026__boton--principal{\n    background:#E6007E;\n}\n\n.cc-ndm2026__boton--principal:hover{\n    background:#002751;\n}\n\n\n@media(max-width:900px){\n\n    .cc-ndm2026__contenedor{\n        padding:40px 30px;\n    }\n\n    .cc-ndm2026 h2{\n        font-size:22px;\n    }\n\n}\n\n\n\/* MOBILE *\/\n\n@media(max-width:600px){\n\n    .cc-ndm2026{\n        margin-bottom:50px;\n    }\n\n    .cc-ndm2026__contenedor{\n        padding:20px 5px;\n    }\n\n\n    .cc-ndm2026 h2{\n        font-size:22px;\n    }\n\n    .cc-ndm2026 p{\n        font-size:15px;\n        line-height:1.5;\n    }\n\n    .cc-ndm2026__convocatoria{\n        padding:15px 18px;\n        margin-left:20px;\n        margin-right:20px;\n        margin-bottom:50px;\n    }\n\n    .cc-ndm2026__botones{\n        flex-direction:column;\n        width:100%;\n    }\n\n    .cc-ndm2026__boton{\n        width:100%;\n    }\n\n}\n<\/style>\t\t\t\t<\/div>\n\t\t\t\t<\/div>\n\t\t\t\t\t<\/div>\n\t\t<\/div>\n\t\t\t\t\t<\/div>\n\t\t<\/section>\n\t\t\t\t<\/div>\n\t\t","protected":false},"excerpt":{"rendered":"<p>Se encuentra abierta la inscripci\u00f3n a la Noche de los Museos El s\u00e1bado 24 de octubre de 2026 tendr\u00e1 lugar [&hellip;]<\/p>\n","protected":false},"author":3,"featured_media":0,"parent":0,"menu_order":0,"comment_status":"closed","ping_status":"closed","template":"elementor_header_footer","meta":{"site-sidebar-layout":"default","site-content-layout":"","ast-site-content-layout":"full-width-container","site-content-style":"default","site-sidebar-style":"default","ast-global-header-display":"","ast-banner-title-visibility":"","ast-main-header-display":"","ast-hfb-above-header-display":"","ast-hfb-below-header-display":"","ast-hfb-mobile-header-display":"","site-post-title":"","ast-breadcrumbs-content":"","ast-featured-img":"","footer-sml-layout":"","ast-disable-related-posts":"","theme-transparent-header-meta":"","adv-header-id-meta":"","stick-header-meta":"","header-above-stick-meta":"","header-main-stick-meta":"","header-below-stick-meta":"","astra-migrate-meta-layouts":"default","ast-page-background-enabled":"default","ast-page-background-meta":{"desktop":{"background-color":"var(--ast-global-color-5)","background-image":"","background-repeat":"repeat","background-position":"center center","background-size":"auto","background-attachment":"scroll","background-type":"","background-media":"","overlay-type":"","overlay-color":"","overlay-opacity":"","overlay-gradient":""},"tablet":{"background-color":"","background-image":"","background-repeat":"repeat","background-position":"center center","background-size":"auto","background-attachment":"scroll","background-type":"","background-media":"","overlay-type":"","overlay-color":"","overlay-opacity":"","overlay-gradient":""},"mobile":{"background-color":"","background-image":"","background-repeat":"repeat","background-position":"center center","background-size":"auto","background-attachment":"scroll","background-type":"","background-media":"","overlay-type":"","overlay-color":"","overlay-opacity":"","overlay-gradient":""}},"ast-content-background-meta":{"desktop":{"background-color":"var(--ast-global-color-4)","background-image":"","background-repeat":"repeat","background-position":"center center","background-size":"auto","background-attachment":"scroll","background-type":"","background-media":"","overlay-type":"","overlay-color":"","overlay-opacity":"","overlay-gradient":""},"tablet":{"background-color":"var(--ast-global-color-4)","background-image":"","background-repeat":"repeat","background-position":"center center","background-size":"auto","background-attachment":"scroll","background-type":"","background-media":"","overlay-type":"","overlay-color":"","overlay-opacity":"","overlay-gradient":""},"mobile":{"background-color":"var(--ast-global-color-4)","background-image":"","background-repeat":"repeat","background-position":"center center","background-size":"auto","background-attachment":"scroll","background-type":"","background-media":"","overlay-type":"","overlay-color":"","overlay-opacity":"","overlay-gradient":""}},"footnotes":""},"class_list":["post-23955","page","type-page","status-publish","hentry"],"yoast_head":"<!-- This site is optimized with the Yoast SEO plugin v28.2 - https:\/\/yoast.com\/product\/yoast-seo-wordpress\/ -->\n<title>Noche de los Museos - Capital Cultural<\/title>\n<meta name=\"robots\" content=\"index, follow, max-snippet:-1, max-image-preview:large, max-video-preview:-1\" \/>\n<link rel=\"canonical\" href=\"https:\/\/www.santafeciudad.gov.ar\/capitalcultural\/nochedelosmuseos\/\" \/>\n<meta property=\"og:locale\" content=\"es_ES\" \/>\n<meta property=\"og:type\" content=\"article\" \/>\n<meta property=\"og:title\" content=\"Noche de los Museos - Capital Cultural\" \/>\n<meta property=\"og:description\" content=\"Se encuentra abierta la inscripci\u00f3n a la Noche de los Museos El s\u00e1bado 24 de octubre de 2026 tendr\u00e1 lugar [&hellip;]\" \/>\n<meta property=\"og:url\" content=\"https:\/\/www.santafeciudad.gov.ar\/capitalcultural\/nochedelosmuseos\/\" \/>\n<meta property=\"og:site_name\" content=\"Capital Cultural\" \/>\n<meta property=\"article:publisher\" content=\"https:\/\/www.facebook.com\/SantaFeCapitalok\/\" \/>\n<meta property=\"article:modified_time\" content=\"2026-08-07T15:53:21+00:00\" \/>\n<meta name=\"twitter:card\" content=\"summary_large_image\" \/>\n<meta name=\"twitter:site\" content=\"@_SantaFeCapital\" \/>\n<meta name=\"twitter:label1\" content=\"Tiempo de lectura\" \/>\n\t<meta name=\"twitter:data1\" content=\"1 minuto\" \/>\n<script type=\"application\/ld+json\" class=\"yoast-schema-graph\">{\"@context\":\"https:\\\/\\\/schema.org\",\"@graph\":[{\"@type\":\"WebPage\",\"@id\":\"https:\\\/\\\/www.santafeciudad.gov.ar\\\/capitalcultural\\\/nochedelosmuseos\\\/\",\"url\":\"https:\\\/\\\/www.santafeciudad.gov.ar\\\/capitalcultural\\\/nochedelosmuseos\\\/\",\"name\":\"Noche de los Museos - Capital Cultural\",\"isPartOf\":{\"@id\":\"https:\\\/\\\/www.santafeciudad.gov.ar\\\/capitalcultural\\\/#website\"},\"datePublished\":\"2024-08-28T13:22:01+00:00\",\"dateModified\":\"2026-08-07T15:53:21+00:00\",\"breadcrumb\":{\"@id\":\"https:\\\/\\\/www.santafeciudad.gov.ar\\\/capitalcultural\\\/nochedelosmuseos\\\/#breadcrumb\"},\"inLanguage\":\"es-AR\",\"potentialAction\":[{\"@type\":\"ReadAction\",\"target\":[\"https:\\\/\\\/www.santafeciudad.gov.ar\\\/capitalcultural\\\/nochedelosmuseos\\\/\"]}]},{\"@type\":\"BreadcrumbList\",\"@id\":\"https:\\\/\\\/www.santafeciudad.gov.ar\\\/capitalcultural\\\/nochedelosmuseos\\\/#breadcrumb\",\"itemListElement\":[{\"@type\":\"ListItem\",\"position\":1,\"name\":\"Inicio\",\"item\":\"https:\\\/\\\/www.santafeciudad.gov.ar\\\/capitalcultural\\\/\"},{\"@type\":\"ListItem\",\"position\":2,\"name\":\"Noche de los Museos\"}]},{\"@type\":\"WebSite\",\"@id\":\"https:\\\/\\\/www.santafeciudad.gov.ar\\\/capitalcultural\\\/#website\",\"url\":\"https:\\\/\\\/www.santafeciudad.gov.ar\\\/capitalcultural\\\/\",\"name\":\"Capital Cultural\",\"description\":\"Secretaria de Cultura\",\"publisher\":{\"@id\":\"https:\\\/\\\/www.santafeciudad.gov.ar\\\/capitalcultural\\\/#organization\"},\"potentialAction\":[{\"@type\":\"SearchAction\",\"target\":{\"@type\":\"EntryPoint\",\"urlTemplate\":\"https:\\\/\\\/www.santafeciudad.gov.ar\\\/capitalcultural\\\/?s={search_term_string}\"},\"query-input\":{\"@type\":\"PropertyValueSpecification\",\"valueRequired\":true,\"valueName\":\"search_term_string\"}}],\"inLanguage\":\"es-AR\"},{\"@type\":\"Organization\",\"@id\":\"https:\\\/\\\/www.santafeciudad.gov.ar\\\/capitalcultural\\\/#organization\",\"name\":\"Municipalidad de la ciudad de Santa Fe\",\"alternateName\":\"Municipalidad de Santa Fe\",\"url\":\"https:\\\/\\\/www.santafeciudad.gov.ar\\\/capitalcultural\\\/\",\"logo\":{\"@type\":\"ImageObject\",\"inLanguage\":\"es-AR\",\"@id\":\"https:\\\/\\\/www.santafeciudad.gov.ar\\\/capitalcultural\\\/#\\\/schema\\\/logo\\\/image\\\/\",\"url\":\"https:\\\/\\\/www.santafeciudad.gov.ar\\\/capitalcultural\\\/wp-content\\\/uploads\\\/2020\\\/06\\\/SantaFeCapital_Logo_800x400-e1591880179119.png\",\"contentUrl\":\"https:\\\/\\\/www.santafeciudad.gov.ar\\\/capitalcultural\\\/wp-content\\\/uploads\\\/2020\\\/06\\\/SantaFeCapital_Logo_800x400-e1591880179119.png\",\"width\":400,\"height\":200,\"caption\":\"Municipalidad de la ciudad de Santa Fe\"},\"image\":{\"@id\":\"https:\\\/\\\/www.santafeciudad.gov.ar\\\/capitalcultural\\\/#\\\/schema\\\/logo\\\/image\\\/\"},\"sameAs\":[\"https:\\\/\\\/www.facebook.com\\\/SantaFeCapitalok\\\/\",\"https:\\\/\\\/x.com\\\/_SantaFeCapital\",\"https:\\\/\\\/www.instagram.com\\\/cultura.santafecapital\\\/\"]}]}<\/script>\n<!-- \/ Yoast SEO plugin. -->","yoast_head_json":{"title":"Noche de los Museos - Capital Cultural","robots":{"index":"index","follow":"follow","max-snippet":"max-snippet:-1","max-image-preview":"max-image-preview:large","max-video-preview":"max-video-preview:-1"},"canonical":"https:\/\/www.santafeciudad.gov.ar\/capitalcultural\/nochedelosmuseos\/","og_locale":"es_ES","og_type":"article","og_title":"Noche de los Museos - Capital Cultural","og_description":"Se encuentra abierta la inscripci\u00f3n a la Noche de los Museos El s\u00e1bado 24 de octubre de 2026 tendr\u00e1 lugar [&hellip;]","og_url":"https:\/\/www.santafeciudad.gov.ar\/capitalcultural\/nochedelosmuseos\/","og_site_name":"Capital Cultural","article_publisher":"https:\/\/www.facebook.com\/SantaFeCapitalok\/","article_modified_time":"2026-08-07T15:53:21+00:00","twitter_card":"summary_large_image","twitter_site":"@_SantaFeCapital","twitter_misc":{"Tiempo de lectura":"1 minuto"},"schema":{"@context":"https:\/\/schema.org","@graph":[{"@type":"WebPage","@id":"https:\/\/www.santafeciudad.gov.ar\/capitalcultural\/nochedelosmuseos\/","url":"https:\/\/www.santafeciudad.gov.ar\/capitalcultural\/nochedelosmuseos\/","name":"Noche de los Museos - Capital Cultural","isPartOf":{"@id":"https:\/\/www.santafeciudad.gov.ar\/capitalcultural\/#website"},"datePublished":"2024-08-28T13:22:01+00:00","dateModified":"2026-08-07T15:53:21+00:00","breadcrumb":{"@id":"https:\/\/www.santafeciudad.gov.ar\/capitalcultural\/nochedelosmuseos\/#breadcrumb"},"inLanguage":"es-AR","potentialAction":[{"@type":"ReadAction","target":["https:\/\/www.santafeciudad.gov.ar\/capitalcultural\/nochedelosmuseos\/"]}]},{"@type":"BreadcrumbList","@id":"https:\/\/www.santafeciudad.gov.ar\/capitalcultural\/nochedelosmuseos\/#breadcrumb","itemListElement":[{"@type":"ListItem","position":1,"name":"Inicio","item":"https:\/\/www.santafeciudad.gov.ar\/capitalcultural\/"},{"@type":"ListItem","position":2,"name":"Noche de los Museos"}]},{"@type":"WebSite","@id":"https:\/\/www.santafeciudad.gov.ar\/capitalcultural\/#website","url":"https:\/\/www.santafeciudad.gov.ar\/capitalcultural\/","name":"Capital Cultural","description":"Secretaria de Cultura","publisher":{"@id":"https:\/\/www.santafeciudad.gov.ar\/capitalcultural\/#organization"},"potentialAction":[{"@type":"SearchAction","target":{"@type":"EntryPoint","urlTemplate":"https:\/\/www.santafeciudad.gov.ar\/capitalcultural\/?s={search_term_string}"},"query-input":{"@type":"PropertyValueSpecification","valueRequired":true,"valueName":"search_term_string"}}],"inLanguage":"es-AR"},{"@type":"Organization","@id":"https:\/\/www.santafeciudad.gov.ar\/capitalcultural\/#organization","name":"Municipalidad de la ciudad de Santa Fe","alternateName":"Municipalidad de Santa Fe","url":"https:\/\/www.santafeciudad.gov.ar\/capitalcultural\/","logo":{"@type":"ImageObject","inLanguage":"es-AR","@id":"https:\/\/www.santafeciudad.gov.ar\/capitalcultural\/#\/schema\/logo\/image\/","url":"https:\/\/www.santafeciudad.gov.ar\/capitalcultural\/wp-content\/uploads\/2020\/06\/SantaFeCapital_Logo_800x400-e1591880179119.png","contentUrl":"https:\/\/www.santafeciudad.gov.ar\/capitalcultural\/wp-content\/uploads\/2020\/06\/SantaFeCapital_Logo_800x400-e1591880179119.png","width":400,"height":200,"caption":"Municipalidad de la ciudad de Santa Fe"},"image":{"@id":"https:\/\/www.santafeciudad.gov.ar\/capitalcultural\/#\/schema\/logo\/image\/"},"sameAs":["https:\/\/www.facebook.com\/SantaFeCapitalok\/","https:\/\/x.com\/_SantaFeCapital","https:\/\/www.instagram.com\/cultura.santafecapital\/"]}]}},"_links":{"self":[{"href":"https:\/\/www.santafeciudad.gov.ar\/capitalcultural\/wp-json\/wp\/v2\/pages\/23955","targetHints":{"allow":["GET"]}}],"collection":[{"href":"https:\/\/www.santafeciudad.gov.ar\/capitalcultural\/wp-json\/wp\/v2\/pages"}],"about":[{"href":"https:\/\/www.santafeciudad.gov.ar\/capitalcultural\/wp-json\/wp\/v2\/types\/page"}],"author":[{"embeddable":true,"href":"https:\/\/www.santafeciudad.gov.ar\/capitalcultural\/wp-json\/wp\/v2\/users\/3"}],"replies":[{"embeddable":true,"href":"https:\/\/www.santafeciudad.gov.ar\/capitalcultural\/wp-json\/wp\/v2\/comments?post=23955"}],"version-history":[{"count":385,"href":"https:\/\/www.santafeciudad.gov.ar\/capitalcultural\/wp-json\/wp\/v2\/pages\/23955\/revisions"}],"predecessor-version":[{"id":31933,"href":"https:\/\/www.santafeciudad.gov.ar\/capitalcultural\/wp-json\/wp\/v2\/pages\/23955\/revisions\/31933"}],"wp:attachment":[{"href":"https:\/\/www.santafeciudad.gov.ar\/capitalcultural\/wp-json\/wp\/v2\/media?parent=23955"}],"curies":[{"name":"wp","href":"https:\/\/api.w.org\/{rel}","templated":true}]}}