{"id":24705,"date":"2025-01-27T10:30:55","date_gmt":"2025-01-27T13:30:55","guid":{"rendered":"https:\/\/www.santafeciudad.gov.ar\/capitalcultural\/?page_id=24705"},"modified":"2026-08-26T09:17:57","modified_gmt":"2026-08-26T12:17:57","slug":"mercadoprogreso","status":"publish","type":"page","link":"https:\/\/www.santafeciudad.gov.ar\/capitalcultural\/mercadoprogreso\/","title":{"rendered":"Mercado Progreso"},"content":{"rendered":"\t\t<div data-elementor-type=\"wp-page\" data-elementor-id=\"24705\" class=\"elementor elementor-24705\">\n\t\t\t\t\t\t<section class=\"elementor-section elementor-top-section elementor-element elementor-element-11db2a5 elementor-section-boxed elementor-section-height-default elementor-section-height-default\" data-id=\"11db2a5\" data-element_type=\"section\" data-e-type=\"section\">\n\t\t\t\t\t\t<div class=\"elementor-container elementor-column-gap-default\">\n\t\t\t\t\t<div class=\"elementor-column elementor-col-100 elementor-top-column elementor-element elementor-element-0092b2a\" data-id=\"0092b2a\" data-element_type=\"column\" data-e-type=\"column\">\n\t\t\t<div class=\"elementor-widget-wrap elementor-element-populated\">\n\t\t\t\t\t\t<div class=\"elementor-element elementor-element-a3bcffa elementor-widget elementor-widget-text-editor\" data-id=\"a3bcffa\" data-element_type=\"widget\" data-e-type=\"widget\" data-widget_type=\"text-editor.default\">\n\t\t\t\t<div class=\"elementor-widget-container\">\n\t\t\t\t\t\t\t\t\t<p>El Mercado Progreso, inaugurado en 1925, form\u00f3 parte del hist\u00f3rico circuito comercial de la ciudad junto al Mercado Central y el Mercado Norte. Tras varios a\u00f1os de abandono, en 2011 la Municipalidad de Santa Fe inici\u00f3 un proceso de puesta en valor que lo transform\u00f3 en un espacio cultural clave para la ciudad.<br \/>Desde entonces, es gestionado por la Secretar\u00eda de Cultura junto a organizaciones sociales, educativas y comunitarias, convirti\u00e9ndose en un punto de encuentro para expresiones art\u00edsticas, emprendimientos creativos y la industria cultural local.<br \/>Ubicado estrat\u00e9gicamente en el coraz\u00f3n de Barrio Candioti, frente a la Plaza Pueyrred\u00f3n e integrado al Paseo de Boulevard G\u00e1lvez, el Mercado Progreso es hoy un espacio abierto y diverso. All\u00ed conviven propuestas de m\u00fasica, teatro, cine, dise\u00f1o, danza, artesan\u00edas y mucho m\u00e1s, en un entorno que combina tradici\u00f3n e innovaci\u00f3n.<\/p><p>Este edificio patrimonial es, actualmente, un lugar de referencia para la cultura santafesina y regional, donde se celebran la creatividad, el encuentro y la identidad de la comunidad.<\/p>\t\t\t\t\t\t\t\t<\/div>\n\t\t\t\t<\/div>\n\t\t\t\t\t<\/div>\n\t\t<\/div>\n\t\t\t\t\t<\/div>\n\t\t<\/section>\n\t\t\t\t<section class=\"elementor-section elementor-top-section elementor-element elementor-element-2d83a00b elementor-section-boxed elementor-section-height-default elementor-section-height-default\" data-id=\"2d83a00b\" data-element_type=\"section\" data-e-type=\"section\">\n\t\t\t\t\t\t<div class=\"elementor-container elementor-column-gap-default\">\n\t\t\t\t\t<div class=\"elementor-column elementor-col-100 elementor-top-column elementor-element elementor-element-291f34e9\" data-id=\"291f34e9\" data-element_type=\"column\" data-e-type=\"column\">\n\t\t\t<div class=\"elementor-widget-wrap elementor-element-populated\">\n\t\t\t\t\t\t<div class=\"elementor-element elementor-element-3e775c0e elementor-widget elementor-widget-html\" data-id=\"3e775c0e\" data-element_type=\"widget\" data-e-type=\"widget\" data-widget_type=\"html.default\">\n\t\t\t\t<div class=\"elementor-widget-container\">\n\t\t\t\t\t<div class=\"cb-grid\">\n\n\n  <a class=\"cb-btn\" href=\"\/capitalcultural\/mercadoprogreso\/teatromercado26\/\">\n    <span>Teatro en el Mercado 2026<\/span>\n  <\/a>\n  \n  <a class=\"cb-btn\" href=\"\/capitalcultural\/mercadoprogreso\/cineextranjero\/\">\n    <span>Cine Extranjero en la Red de Casas<\/span>\n  <\/a>\n  <a class=\"cb-btn\" href=\"\/capitalcultural\/capacitaciones4por4\/\">\n    <span>Capacitaciones 4x4<\/span>\n  <\/a>\n  \n  <a class=\"cb-btn\" href=\"https:\/\/www.santafeciudad.gov.ar\/capitalcultural\/mercadoprogreso\/musicamercado\/\">\n    <span>M\u00fasica en el Mercado<\/span>\n  <\/a>\n  \n  <a class=\"cb-btn\" href=\"https:\/\/www.santafeciudad.gov.ar\/capitalcultural\/mercadoprogreso\/espectaculosinfantiles\/\">\n    <span>Espect\u00e1culos Infantiles<\/span>\n  <\/a>\n\n  <a class=\"cb-btn\" href=\"https:\/\/www.santafeciudad.gov.ar\/capitalcultural\/mercadoprogreso\/festivaltrotamundos\/\">\n    <span>Festival de T\u00edteres \u201cTrotamundos\u201d<\/span>\n  <\/a>\n\n  <a class=\"cb-btn\" href=\"https:\/\/www.santafeciudad.gov.ar\/capitalcultural\/mercadoprogreso\/ciclobajolasestrellas\/\">\n    <span>Cine Bajo Las Estrellas<\/span>\n  <\/a>\n\n  <a class=\"cb-btn\" href=\"https:\/\/www.santafeciudad.gov.ar\/capitalcultural\/mercadoprogreso\/anivermercado\/\">\n    <span>Aniversario del Mercado Progreso<\/span>\n  <\/a>\n\n  <a class=\"cb-btn\" href=\"https:\/\/www.santafeciudad.gov.ar\/capitalcultural\/mercadoprogreso\/teatromercado25\/\">\n    <span>Teatro en el Mercado 2025<\/span>\n  <\/a>\n\n<\/div>\t\t\t\t<\/div>\n\t\t\t\t<\/div>\n\t\t\t\t\t<\/div>\n\t\t<\/div>\n\t\t\t\t\t<\/div>\n\t\t<\/section>\n\t\t\t\t<section class=\"elementor-section elementor-top-section elementor-element elementor-element-c63868b elementor-section-boxed elementor-section-height-default elementor-section-height-default\" data-id=\"c63868b\" data-element_type=\"section\" data-e-type=\"section\">\n\t\t\t\t\t\t<div class=\"elementor-container elementor-column-gap-default\">\n\t\t\t\t\t<div class=\"elementor-column elementor-col-100 elementor-top-column elementor-element elementor-element-38a9c38\" data-id=\"38a9c38\" data-element_type=\"column\" data-e-type=\"column\">\n\t\t\t<div class=\"elementor-widget-wrap elementor-element-populated\">\n\t\t\t\t\t\t<div class=\"elementor-element elementor-element-45b1262 elementor-widget elementor-widget-heading\" data-id=\"45b1262\" data-element_type=\"widget\" data-e-type=\"widget\" data-widget_type=\"heading.default\">\n\t\t\t\t<div class=\"elementor-widget-container\">\n\t\t\t\t\t<h4 class=\"elementor-heading-title elementor-size-small\">Informaci\u00f3n de contacto:<\/h4>\t\t\t\t<\/div>\n\t\t\t\t<\/div>\n\t\t\t\t<div class=\"elementor-element elementor-element-c22b4a6 elementor-widget elementor-widget-html\" data-id=\"c22b4a6\" data-element_type=\"widget\" data-e-type=\"widget\" data-widget_type=\"html.default\">\n\t\t\t\t<div class=\"elementor-widget-container\">\n\t\t\t\t\t<p style=\"line-height: 20px;\">Balcarce 1625<br><br>\n\n0342 457 1879<br><br>\n\n\n<a href=\"mailto:mercado.progreso@santafeciudad.gov.ar\">mercado.progreso@santafeciudad.gov.ar<\/a><\/p>\t\t\t\t<\/div>\n\t\t\t\t<\/div>\n\t\t\t\t\t<\/div>\n\t\t<\/div>\n\t\t\t\t\t<\/div>\n\t\t<\/section>\n\t\t\t\t<section class=\"elementor-section elementor-top-section elementor-element elementor-element-789c3c8 elementor-section-boxed elementor-section-height-default elementor-section-height-default\" data-id=\"789c3c8\" data-element_type=\"section\" data-e-type=\"section\">\n\t\t\t\t\t\t<div class=\"elementor-container elementor-column-gap-default\">\n\t\t\t\t\t<div class=\"elementor-column elementor-col-100 elementor-top-column elementor-element elementor-element-8e5b131\" data-id=\"8e5b131\" data-element_type=\"column\" data-e-type=\"column\">\n\t\t\t<div class=\"elementor-widget-wrap elementor-element-populated\">\n\t\t\t\t\t\t<div class=\"elementor-element elementor-element-aba0a95 elementor-widget elementor-widget-image\" data-id=\"aba0a95\" data-element_type=\"widget\" data-e-type=\"widget\" data-widget_type=\"image.default\">\n\t\t\t\t<div class=\"elementor-widget-container\">\n\t\t\t\t\t\t\t\t\t\t\t\t\t\t\t<img fetchpriority=\"high\" decoding=\"async\" width=\"819\" height=\"1024\" src=\"https:\/\/www.santafeciudad.gov.ar\/capitalcultural\/wp-content\/uploads\/2025\/12\/escudo-municipal-santa-fe-scaled-1-819x1024.jpg\" class=\"attachment-large size-large wp-image-27512\" alt=\"\" srcset=\"https:\/\/www.santafeciudad.gov.ar\/capitalcultural\/wp-content\/uploads\/2025\/12\/escudo-municipal-santa-fe-scaled-1-819x1024.jpg 819w, https:\/\/www.santafeciudad.gov.ar\/capitalcultural\/wp-content\/uploads\/2025\/12\/escudo-municipal-santa-fe-scaled-1-240x300.jpg 240w, https:\/\/www.santafeciudad.gov.ar\/capitalcultural\/wp-content\/uploads\/2025\/12\/escudo-municipal-santa-fe-scaled-1-768x960.jpg 768w, https:\/\/www.santafeciudad.gov.ar\/capitalcultural\/wp-content\/uploads\/2025\/12\/escudo-municipal-santa-fe-scaled-1-1229x1536.jpg 1229w, https:\/\/www.santafeciudad.gov.ar\/capitalcultural\/wp-content\/uploads\/2025\/12\/escudo-municipal-santa-fe-scaled-1-1638x2048.jpg 1638w, https:\/\/www.santafeciudad.gov.ar\/capitalcultural\/wp-content\/uploads\/2025\/12\/escudo-municipal-santa-fe-scaled-1.jpg 2048w\" sizes=\"(max-width: 819px) 100vw, 819px\" \/>\t\t\t\t\t\t\t\t\t\t\t\t\t\t\t<\/div>\n\t\t\t\t<\/div>\n\t\t\t\t<div class=\"elementor-element elementor-element-4644d35 elementor-widget elementor-widget-heading\" data-id=\"4644d35\" data-element_type=\"widget\" data-e-type=\"widget\" data-widget_type=\"heading.default\">\n\t\t\t\t<div class=\"elementor-widget-container\">\n\t\t\t\t\t<h4 class=\"elementor-heading-title elementor-size-default\">Autoridades<\/h4>\t\t\t\t<\/div>\n\t\t\t\t<\/div>\n\t\t\t\t<div class=\"elementor-element elementor-element-69fbdce elementor-widget elementor-widget-text-editor\" data-id=\"69fbdce\" data-element_type=\"widget\" data-e-type=\"widget\" data-widget_type=\"text-editor.default\">\n\t\t\t\t<div class=\"elementor-widget-container\">\n\t\t\t\t\t\t\t\t\t<p style=\"font-size: 13px; line-height: 22px; text-align: left\">Intendente: <strong>Juan Pablo Poletti<\/strong><br>\nSecretaria de Cultura: <strong>Luciana Ceresola<\/strong><br>\nSubsecretario de Cultura: <strong>Pablo E. Villaverde<\/strong><br>\nDirector Ejecutivo de Espacios Culturales: <strong>Pablo Sarnari<\/strong><br>\nCoordinador Teatro Municipal: <strong>Ricardo A.\u00a0Gonzalez\u00a0Arce<\/strong>\t\t\t\t\t\t\t\t<\/div>\n\t\t\t\t<\/div>\n\t\t\t\t\t<\/div>\n\t\t<\/div>\n\t\t\t\t\t<\/div>\n\t\t<\/section>\n\t\t\t\t<\/div>\n\t\t","protected":false},"excerpt":{"rendered":"<p>El Mercado Progreso, inaugurado en 1925, form\u00f3 parte del hist\u00f3rico circuito comercial de la ciudad junto al Mercado Central y [&hellip;]<\/p>\n","protected":false},"author":3,"featured_media":0,"parent":0,"menu_order":0,"comment_status":"closed","ping_status":"closed","template":"elementor_header_footer","meta":{"site-sidebar-layout":"default","site-content-layout":"","ast-site-content-layout":"default","site-content-style":"default","site-sidebar-style":"default","ast-global-header-display":"","ast-banner-title-visibility":"","ast-main-header-display":"","ast-hfb-above-header-display":"","ast-hfb-below-header-display":"","ast-hfb-mobile-header-display":"","site-post-title":"","ast-breadcrumbs-content":"","ast-featured-img":"","footer-sml-layout":"","ast-disable-related-posts":"","theme-transparent-header-meta":"","adv-header-id-meta":"","stick-header-meta":"","header-above-stick-meta":"","header-main-stick-meta":"","header-below-stick-meta":"","astra-migrate-meta-layouts":"default","ast-page-background-enabled":"default","ast-page-background-meta":{"desktop":{"background-color":"var(--ast-global-color-5)","background-image":"","background-repeat":"repeat","background-position":"center center","background-size":"auto","background-attachment":"scroll","background-type":"","background-media":"","overlay-type":"","overlay-color":"","overlay-opacity":"","overlay-gradient":""},"tablet":{"background-color":"","background-image":"","background-repeat":"repeat","background-position":"center center","background-size":"auto","background-attachment":"scroll","background-type":"","background-media":"","overlay-type":"","overlay-color":"","overlay-opacity":"","overlay-gradient":""},"mobile":{"background-color":"","background-image":"","background-repeat":"repeat","background-position":"center center","background-size":"auto","background-attachment":"scroll","background-type":"","background-media":"","overlay-type":"","overlay-color":"","overlay-opacity":"","overlay-gradient":""}},"ast-content-background-meta":{"desktop":{"background-color":"var(--ast-global-color-4)","background-image":"","background-repeat":"repeat","background-position":"center center","background-size":"auto","background-attachment":"scroll","background-type":"","background-media":"","overlay-type":"","overlay-color":"","overlay-opacity":"","overlay-gradient":""},"tablet":{"background-color":"var(--ast-global-color-4)","background-image":"","background-repeat":"repeat","background-position":"center center","background-size":"auto","background-attachment":"scroll","background-type":"","background-media":"","overlay-type":"","overlay-color":"","overlay-opacity":"","overlay-gradient":""},"mobile":{"background-color":"var(--ast-global-color-4)","background-image":"","background-repeat":"repeat","background-position":"center center","background-size":"auto","background-attachment":"scroll","background-type":"","background-media":"","overlay-type":"","overlay-color":"","overlay-opacity":"","overlay-gradient":""}},"footnotes":""},"class_list":["post-24705","page","type-page","status-publish","hentry"],"yoast_head":"<!-- This site is optimized with the Yoast SEO plugin v28.2 - https:\/\/yoast.com\/product\/yoast-seo-wordpress\/ -->\n<title>Mercado Progreso - Capital Cultural<\/title>\n<meta name=\"robots\" content=\"index, follow, max-snippet:-1, max-image-preview:large, max-video-preview:-1\" \/>\n<link rel=\"canonical\" href=\"https:\/\/www.santafeciudad.gov.ar\/capitalcultural\/mercadoprogreso\/\" \/>\n<meta property=\"og:locale\" content=\"es_ES\" \/>\n<meta property=\"og:type\" content=\"article\" \/>\n<meta property=\"og:title\" content=\"Mercado Progreso - Capital Cultural\" \/>\n<meta property=\"og:description\" content=\"El Mercado Progreso, inaugurado en 1925, form\u00f3 parte del hist\u00f3rico circuito comercial de la ciudad junto al Mercado Central y [&hellip;]\" \/>\n<meta property=\"og:url\" content=\"https:\/\/www.santafeciudad.gov.ar\/capitalcultural\/mercadoprogreso\/\" \/>\n<meta property=\"og:site_name\" content=\"Capital Cultural\" \/>\n<meta property=\"article:publisher\" content=\"https:\/\/www.facebook.com\/SantaFeCapitalok\/\" \/>\n<meta property=\"article:modified_time\" content=\"2026-08-26T12:17:57+00:00\" \/>\n<meta property=\"og:image\" content=\"https:\/\/www.santafeciudad.gov.ar\/capitalcultural\/wp-content\/uploads\/2025\/12\/escudo-municipal-santa-fe-scaled-1.jpg\" \/>\n\t<meta property=\"og:image:width\" content=\"2048\" \/>\n\t<meta property=\"og:image:height\" content=\"2560\" \/>\n\t<meta property=\"og:image:type\" content=\"image\/jpeg\" \/>\n<meta name=\"twitter:card\" content=\"summary_large_image\" \/>\n<meta name=\"twitter:site\" content=\"@_SantaFeCapital\" \/>\n<meta name=\"twitter:label1\" content=\"Tiempo de lectura\" \/>\n\t<meta name=\"twitter:data1\" content=\"2 minutos\" \/>\n<script type=\"application\/ld+json\" class=\"yoast-schema-graph\">{\"@context\":\"https:\\\/\\\/schema.org\",\"@graph\":[{\"@type\":\"WebPage\",\"@id\":\"https:\\\/\\\/www.santafeciudad.gov.ar\\\/capitalcultural\\\/mercadoprogreso\\\/\",\"url\":\"https:\\\/\\\/www.santafeciudad.gov.ar\\\/capitalcultural\\\/mercadoprogreso\\\/\",\"name\":\"Mercado Progreso - Capital Cultural\",\"isPartOf\":{\"@id\":\"https:\\\/\\\/www.santafeciudad.gov.ar\\\/capitalcultural\\\/#website\"},\"primaryImageOfPage\":{\"@id\":\"https:\\\/\\\/www.santafeciudad.gov.ar\\\/capitalcultural\\\/mercadoprogreso\\\/#primaryimage\"},\"image\":{\"@id\":\"https:\\\/\\\/www.santafeciudad.gov.ar\\\/capitalcultural\\\/mercadoprogreso\\\/#primaryimage\"},\"thumbnailUrl\":\"https:\\\/\\\/www.santafeciudad.gov.ar\\\/capitalcultural\\\/wp-content\\\/uploads\\\/2025\\\/12\\\/escudo-municipal-santa-fe-scaled-1-819x1024.jpg\",\"datePublished\":\"2025-01-27T13:30:55+00:00\",\"dateModified\":\"2026-08-26T12:17:57+00:00\",\"breadcrumb\":{\"@id\":\"https:\\\/\\\/www.santafeciudad.gov.ar\\\/capitalcultural\\\/mercadoprogreso\\\/#breadcrumb\"},\"inLanguage\":\"es-AR\",\"potentialAction\":[{\"@type\":\"ReadAction\",\"target\":[\"https:\\\/\\\/www.santafeciudad.gov.ar\\\/capitalcultural\\\/mercadoprogreso\\\/\"]}]},{\"@type\":\"ImageObject\",\"inLanguage\":\"es-AR\",\"@id\":\"https:\\\/\\\/www.santafeciudad.gov.ar\\\/capitalcultural\\\/mercadoprogreso\\\/#primaryimage\",\"url\":\"https:\\\/\\\/www.santafeciudad.gov.ar\\\/capitalcultural\\\/wp-content\\\/uploads\\\/2025\\\/12\\\/escudo-municipal-santa-fe-scaled-1.jpg\",\"contentUrl\":\"https:\\\/\\\/www.santafeciudad.gov.ar\\\/capitalcultural\\\/wp-content\\\/uploads\\\/2025\\\/12\\\/escudo-municipal-santa-fe-scaled-1.jpg\",\"width\":2048,\"height\":2560},{\"@type\":\"BreadcrumbList\",\"@id\":\"https:\\\/\\\/www.santafeciudad.gov.ar\\\/capitalcultural\\\/mercadoprogreso\\\/#breadcrumb\",\"itemListElement\":[{\"@type\":\"ListItem\",\"position\":1,\"name\":\"Inicio\",\"item\":\"https:\\\/\\\/www.santafeciudad.gov.ar\\\/capitalcultural\\\/\"},{\"@type\":\"ListItem\",\"position\":2,\"name\":\"Mercado Progreso\"}]},{\"@type\":\"WebSite\",\"@id\":\"https:\\\/\\\/www.santafeciudad.gov.ar\\\/capitalcultural\\\/#website\",\"url\":\"https:\\\/\\\/www.santafeciudad.gov.ar\\\/capitalcultural\\\/\",\"name\":\"Capital Cultural\",\"description\":\"Secretaria de Cultura\",\"publisher\":{\"@id\":\"https:\\\/\\\/www.santafeciudad.gov.ar\\\/capitalcultural\\\/#organization\"},\"potentialAction\":[{\"@type\":\"SearchAction\",\"target\":{\"@type\":\"EntryPoint\",\"urlTemplate\":\"https:\\\/\\\/www.santafeciudad.gov.ar\\\/capitalcultural\\\/?s={search_term_string}\"},\"query-input\":{\"@type\":\"PropertyValueSpecification\",\"valueRequired\":true,\"valueName\":\"search_term_string\"}}],\"inLanguage\":\"es-AR\"},{\"@type\":\"Organization\",\"@id\":\"https:\\\/\\\/www.santafeciudad.gov.ar\\\/capitalcultural\\\/#organization\",\"name\":\"Municipalidad de la ciudad de Santa Fe\",\"alternateName\":\"Municipalidad de Santa Fe\",\"url\":\"https:\\\/\\\/www.santafeciudad.gov.ar\\\/capitalcultural\\\/\",\"logo\":{\"@type\":\"ImageObject\",\"inLanguage\":\"es-AR\",\"@id\":\"https:\\\/\\\/www.santafeciudad.gov.ar\\\/capitalcultural\\\/#\\\/schema\\\/logo\\\/image\\\/\",\"url\":\"https:\\\/\\\/www.santafeciudad.gov.ar\\\/capitalcultural\\\/wp-content\\\/uploads\\\/2020\\\/06\\\/SantaFeCapital_Logo_800x400-e1591880179119.png\",\"contentUrl\":\"https:\\\/\\\/www.santafeciudad.gov.ar\\\/capitalcultural\\\/wp-content\\\/uploads\\\/2020\\\/06\\\/SantaFeCapital_Logo_800x400-e1591880179119.png\",\"width\":400,\"height\":200,\"caption\":\"Municipalidad de la ciudad de Santa Fe\"},\"image\":{\"@id\":\"https:\\\/\\\/www.santafeciudad.gov.ar\\\/capitalcultural\\\/#\\\/schema\\\/logo\\\/image\\\/\"},\"sameAs\":[\"https:\\\/\\\/www.facebook.com\\\/SantaFeCapitalok\\\/\",\"https:\\\/\\\/x.com\\\/_SantaFeCapital\",\"https:\\\/\\\/www.instagram.com\\\/cultura.santafecapital\\\/\"]}]}<\/script>\n<!-- \/ Yoast SEO plugin. -->","yoast_head_json":{"title":"Mercado Progreso - Capital Cultural","robots":{"index":"index","follow":"follow","max-snippet":"max-snippet:-1","max-image-preview":"max-image-preview:large","max-video-preview":"max-video-preview:-1"},"canonical":"https:\/\/www.santafeciudad.gov.ar\/capitalcultural\/mercadoprogreso\/","og_locale":"es_ES","og_type":"article","og_title":"Mercado Progreso - Capital Cultural","og_description":"El Mercado Progreso, inaugurado en 1925, form\u00f3 parte del hist\u00f3rico circuito comercial de la ciudad junto al Mercado Central y [&hellip;]","og_url":"https:\/\/www.santafeciudad.gov.ar\/capitalcultural\/mercadoprogreso\/","og_site_name":"Capital Cultural","article_publisher":"https:\/\/www.facebook.com\/SantaFeCapitalok\/","article_modified_time":"2026-08-26T12:17:57+00:00","og_image":[{"width":2048,"height":2560,"url":"https:\/\/www.santafeciudad.gov.ar\/capitalcultural\/wp-content\/uploads\/2025\/12\/escudo-municipal-santa-fe-scaled-1.jpg","type":"image\/jpeg"}],"twitter_card":"summary_large_image","twitter_site":"@_SantaFeCapital","twitter_misc":{"Tiempo de lectura":"2 minutos"},"schema":{"@context":"https:\/\/schema.org","@graph":[{"@type":"WebPage","@id":"https:\/\/www.santafeciudad.gov.ar\/capitalcultural\/mercadoprogreso\/","url":"https:\/\/www.santafeciudad.gov.ar\/capitalcultural\/mercadoprogreso\/","name":"Mercado Progreso - Capital Cultural","isPartOf":{"@id":"https:\/\/www.santafeciudad.gov.ar\/capitalcultural\/#website"},"primaryImageOfPage":{"@id":"https:\/\/www.santafeciudad.gov.ar\/capitalcultural\/mercadoprogreso\/#primaryimage"},"image":{"@id":"https:\/\/www.santafeciudad.gov.ar\/capitalcultural\/mercadoprogreso\/#primaryimage"},"thumbnailUrl":"https:\/\/www.santafeciudad.gov.ar\/capitalcultural\/wp-content\/uploads\/2025\/12\/escudo-municipal-santa-fe-scaled-1-819x1024.jpg","datePublished":"2025-01-27T13:30:55+00:00","dateModified":"2026-08-26T12:17:57+00:00","breadcrumb":{"@id":"https:\/\/www.santafeciudad.gov.ar\/capitalcultural\/mercadoprogreso\/#breadcrumb"},"inLanguage":"es-AR","potentialAction":[{"@type":"ReadAction","target":["https:\/\/www.santafeciudad.gov.ar\/capitalcultural\/mercadoprogreso\/"]}]},{"@type":"ImageObject","inLanguage":"es-AR","@id":"https:\/\/www.santafeciudad.gov.ar\/capitalcultural\/mercadoprogreso\/#primaryimage","url":"https:\/\/www.santafeciudad.gov.ar\/capitalcultural\/wp-content\/uploads\/2025\/12\/escudo-municipal-santa-fe-scaled-1.jpg","contentUrl":"https:\/\/www.santafeciudad.gov.ar\/capitalcultural\/wp-content\/uploads\/2025\/12\/escudo-municipal-santa-fe-scaled-1.jpg","width":2048,"height":2560},{"@type":"BreadcrumbList","@id":"https:\/\/www.santafeciudad.gov.ar\/capitalcultural\/mercadoprogreso\/#breadcrumb","itemListElement":[{"@type":"ListItem","position":1,"name":"Inicio","item":"https:\/\/www.santafeciudad.gov.ar\/capitalcultural\/"},{"@type":"ListItem","position":2,"name":"Mercado Progreso"}]},{"@type":"WebSite","@id":"https:\/\/www.santafeciudad.gov.ar\/capitalcultural\/#website","url":"https:\/\/www.santafeciudad.gov.ar\/capitalcultural\/","name":"Capital Cultural","description":"Secretaria de Cultura","publisher":{"@id":"https:\/\/www.santafeciudad.gov.ar\/capitalcultural\/#organization"},"potentialAction":[{"@type":"SearchAction","target":{"@type":"EntryPoint","urlTemplate":"https:\/\/www.santafeciudad.gov.ar\/capitalcultural\/?s={search_term_string}"},"query-input":{"@type":"PropertyValueSpecification","valueRequired":true,"valueName":"search_term_string"}}],"inLanguage":"es-AR"},{"@type":"Organization","@id":"https:\/\/www.santafeciudad.gov.ar\/capitalcultural\/#organization","name":"Municipalidad de la ciudad de Santa Fe","alternateName":"Municipalidad de Santa Fe","url":"https:\/\/www.santafeciudad.gov.ar\/capitalcultural\/","logo":{"@type":"ImageObject","inLanguage":"es-AR","@id":"https:\/\/www.santafeciudad.gov.ar\/capitalcultural\/#\/schema\/logo\/image\/","url":"https:\/\/www.santafeciudad.gov.ar\/capitalcultural\/wp-content\/uploads\/2020\/06\/SantaFeCapital_Logo_800x400-e1591880179119.png","contentUrl":"https:\/\/www.santafeciudad.gov.ar\/capitalcultural\/wp-content\/uploads\/2020\/06\/SantaFeCapital_Logo_800x400-e1591880179119.png","width":400,"height":200,"caption":"Municipalidad de la ciudad de Santa Fe"},"image":{"@id":"https:\/\/www.santafeciudad.gov.ar\/capitalcultural\/#\/schema\/logo\/image\/"},"sameAs":["https:\/\/www.facebook.com\/SantaFeCapitalok\/","https:\/\/x.com\/_SantaFeCapital","https:\/\/www.instagram.com\/cultura.santafecapital\/"]}]}},"_links":{"self":[{"href":"https:\/\/www.santafeciudad.gov.ar\/capitalcultural\/wp-json\/wp\/v2\/pages\/24705","targetHints":{"allow":["GET"]}}],"collection":[{"href":"https:\/\/www.santafeciudad.gov.ar\/capitalcultural\/wp-json\/wp\/v2\/pages"}],"about":[{"href":"https:\/\/www.santafeciudad.gov.ar\/capitalcultural\/wp-json\/wp\/v2\/types\/page"}],"author":[{"embeddable":true,"href":"https:\/\/www.santafeciudad.gov.ar\/capitalcultural\/wp-json\/wp\/v2\/users\/3"}],"replies":[{"embeddable":true,"href":"https:\/\/www.santafeciudad.gov.ar\/capitalcultural\/wp-json\/wp\/v2\/comments?post=24705"}],"version-history":[{"count":147,"href":"https:\/\/www.santafeciudad.gov.ar\/capitalcultural\/wp-json\/wp\/v2\/pages\/24705\/revisions"}],"predecessor-version":[{"id":32118,"href":"https:\/\/www.santafeciudad.gov.ar\/capitalcultural\/wp-json\/wp\/v2\/pages\/24705\/revisions\/32118"}],"wp:attachment":[{"href":"https:\/\/www.santafeciudad.gov.ar\/capitalcultural\/wp-json\/wp\/v2\/media?parent=24705"}],"curies":[{"name":"wp","href":"https:\/\/api.w.org\/{rel}","templated":true}]}}