{"id":26135,"date":"2025-07-29T22:10:44","date_gmt":"2025-07-30T01:10:44","guid":{"rendered":"https:\/\/www.santafeciudad.gov.ar\/capitalcultural\/?page_id=26135"},"modified":"2026-01-27T13:13:59","modified_gmt":"2026-01-27T16:13:59","slug":"anivermercado","status":"publish","type":"page","link":"https:\/\/www.santafeciudad.gov.ar\/capitalcultural\/mercadoprogreso\/anivermercado\/","title":{"rendered":"Aniversario del Mercado Progreso"},"content":{"rendered":"\t\t<div data-elementor-type=\"wp-page\" data-elementor-id=\"26135\" class=\"elementor elementor-26135\">\n\t\t\t\t\t\t<section class=\"elementor-section elementor-top-section elementor-element elementor-element-2bf27c9 elementor-section-boxed elementor-section-height-default elementor-section-height-default\" data-id=\"2bf27c9\" data-element_type=\"section\" data-e-type=\"section\">\n\t\t\t\t\t\t<div class=\"elementor-container elementor-column-gap-default\">\n\t\t\t\t\t<div class=\"elementor-column elementor-col-100 elementor-top-column elementor-element elementor-element-ff5d3a9\" data-id=\"ff5d3a9\" data-element_type=\"column\" data-e-type=\"column\">\n\t\t\t<div class=\"elementor-widget-wrap elementor-element-populated\">\n\t\t\t\t\t\t<div class=\"elementor-element elementor-element-c3da65f elementor-widget elementor-widget-text-editor\" data-id=\"c3da65f\" data-element_type=\"widget\" data-e-type=\"widget\" data-widget_type=\"text-editor.default\">\n\t\t\t\t<div class=\"elementor-widget-container\">\n\t\t\t\t\t\t\t\t\t<p style=\"font-size: 15px; line-height: 22px;\">El Mercado Progreso cumple 101 a\u00f1os y lo celebra como mejor sabe: siendo un punto de encuentro para la cultura, la m\u00fasica, el dise\u00f1o y la gastronom\u00eda del barrio Candioti y de toda la ciudad. Con m\u00e1s de un siglo de historia, este espacio recuperado se consolida como un coraz\u00f3n cultural santafesino, donde conviven la memoria, la creaci\u00f3n y la vida comunitaria.\t\t\t\t\t\t\t\t<\/div>\n\t\t\t\t<\/div>\n\t\t\t\t\t<\/div>\n\t\t<\/div>\n\t\t\t\t\t<\/div>\n\t\t<\/section>\n\t\t\t\t<section class=\"elementor-section elementor-top-section elementor-element elementor-element-8bc8382 elementor-section-boxed elementor-section-height-default elementor-section-height-default\" data-id=\"8bc8382\" data-element_type=\"section\" data-e-type=\"section\">\n\t\t\t\t\t\t<div class=\"elementor-container elementor-column-gap-default\">\n\t\t\t\t\t<div class=\"elementor-column elementor-col-100 elementor-top-column elementor-element elementor-element-22e1cdf\" data-id=\"22e1cdf\" data-element_type=\"column\" data-e-type=\"column\">\n\t\t\t<div class=\"elementor-widget-wrap elementor-element-populated\">\n\t\t\t\t\t\t<div class=\"elementor-element elementor-element-7c9abf6 elementor-widget elementor-widget-text-editor\" data-id=\"7c9abf6\" data-element_type=\"widget\" data-e-type=\"widget\" data-widget_type=\"text-editor.default\">\n\t\t\t\t<div class=\"elementor-widget-container\">\n\t\t\t\t\t\t\t\t\t<p style=\"font-size: 13px; line-height: 22px;\">El domingo 1\u00b0 de febrero, de 20 a 23 horas, el <strong>Mercado Progreso<\/strong> festeja su aniversario con una noche cargada de propuestas para disfrutar con todos los sentidos. Habr\u00e1 shows en vivo de <strong>Tito Furcata<\/strong> y <strong>Skamas<\/strong>, el set musical de <strong>DJ Raga<\/strong>, la participaci\u00f3n de locales gastron\u00f3micos del barrio y una gran Feria de Emprendimientos Culturales con proyectos de dise\u00f1o, arte y creaci\u00f3n local.\n\nUna celebraci\u00f3n al aire libre, con entrada libre y gratuita, para bailar, recorrer y compartir en comunidad.\t\t\t\t\t\t\t\t<\/div>\n\t\t\t\t<\/div>\n\t\t\t\t<div class=\"elementor-element elementor-element-f54978e elementor-widget elementor-widget-heading\" data-id=\"f54978e\" data-element_type=\"widget\" data-e-type=\"widget\" data-widget_type=\"heading.default\">\n\t\t\t\t<div class=\"elementor-widget-container\">\n\t\t\t\t\t<h4 class=\"elementor-heading-title elementor-size-default\">Emprendimientos culturales<\/h4>\t\t\t\t<\/div>\n\t\t\t\t<\/div>\n\t\t\t\t<div class=\"elementor-element elementor-element-9fc0329 elementor-widget elementor-widget-text-editor\" data-id=\"9fc0329\" data-element_type=\"widget\" data-e-type=\"widget\" data-widget_type=\"text-editor.default\">\n\t\t\t\t<div class=\"elementor-widget-container\">\n\t\t\t\t\t\t\t\t\t<p style=\"font-size: 13px; line-height: 22px; text-align: center;\">404 \u00b7 Al rayo del sol \u00b7 El conejo de la luna \u00b7 Epifan\u00eda \u00b7 Giusseppina \u00b7 Lu Artt \u00b7 Luc\u00eda de Frutos \u00b7 Luciana Sabio, Artista Creativa \u00b7 Martina C\u00faneo \u00b7 Mercuria \u00b7 Mostra \u00b7 Pastiche \u00b7 Pau! Cer\u00e1mica \u00b7 Proyecto Tinta \u00b7 Rayos \u00b7 Repiquet\u00e9rea Art \u00b7 Rita Porcelana \u00b7 Rugido Rosa \u00b7 Silvestre \u00b7 T\u00e9 con Lim\u00f3n.<\/p>\t\t\t\t\t\t\t\t<\/div>\n\t\t\t\t<\/div>\n\t\t\t\t<div class=\"elementor-element elementor-element-7345068 elementor-widget elementor-widget-heading\" data-id=\"7345068\" data-element_type=\"widget\" data-e-type=\"widget\" data-widget_type=\"heading.default\">\n\t\t\t\t<div class=\"elementor-widget-container\">\n\t\t\t\t\t<h4 class=\"elementor-heading-title elementor-size-default\">Propuestas gastron\u00f3micas<\/h4>\t\t\t\t<\/div>\n\t\t\t\t<\/div>\n\t\t\t\t<section class=\"elementor-section elementor-inner-section elementor-element elementor-element-cef0e75 elementor-section-boxed elementor-section-height-default elementor-section-height-default\" data-id=\"cef0e75\" data-element_type=\"section\" data-e-type=\"section\">\n\t\t\t\t\t\t<div class=\"elementor-container elementor-column-gap-default\">\n\t\t\t\t\t<div class=\"elementor-column elementor-col-25 elementor-inner-column elementor-element elementor-element-f38bd20\" data-id=\"f38bd20\" data-element_type=\"column\" data-e-type=\"column\">\n\t\t\t<div class=\"elementor-widget-wrap elementor-element-populated\">\n\t\t\t\t\t\t<div class=\"elementor-element elementor-element-8e8c9a2 elementor-widget elementor-widget-image\" data-id=\"8e8c9a2\" data-element_type=\"widget\" data-e-type=\"widget\" data-widget_type=\"image.default\">\n\t\t\t\t<div class=\"elementor-widget-container\">\n\t\t\t\t\t\t\t\t\t\t\t\t\t\t\t<img fetchpriority=\"high\" decoding=\"async\" width=\"1024\" height=\"1024\" src=\"https:\/\/www.santafeciudad.gov.ar\/capitalcultural\/wp-content\/uploads\/2026\/01\/gastro_diva-1024x1024.png\" class=\"attachment-large size-large wp-image-27818\" alt=\"\" srcset=\"https:\/\/www.santafeciudad.gov.ar\/capitalcultural\/wp-content\/uploads\/2026\/01\/gastro_diva-1024x1024.png 1024w, https:\/\/www.santafeciudad.gov.ar\/capitalcultural\/wp-content\/uploads\/2026\/01\/gastro_diva-300x300.png 300w, https:\/\/www.santafeciudad.gov.ar\/capitalcultural\/wp-content\/uploads\/2026\/01\/gastro_diva-150x150.png 150w, https:\/\/www.santafeciudad.gov.ar\/capitalcultural\/wp-content\/uploads\/2026\/01\/gastro_diva-768x768.png 768w, https:\/\/www.santafeciudad.gov.ar\/capitalcultural\/wp-content\/uploads\/2026\/01\/gastro_diva-1536x1536.png 1536w, https:\/\/www.santafeciudad.gov.ar\/capitalcultural\/wp-content\/uploads\/2026\/01\/gastro_diva-2048x2048.png 2048w, https:\/\/www.santafeciudad.gov.ar\/capitalcultural\/wp-content\/uploads\/2026\/01\/gastro_diva-400x400.png 400w, https:\/\/www.santafeciudad.gov.ar\/capitalcultural\/wp-content\/uploads\/2026\/01\/gastro_diva-780x780.png 780w, https:\/\/www.santafeciudad.gov.ar\/capitalcultural\/wp-content\/uploads\/2026\/01\/gastro_diva-1200x1200.png 1200w\" sizes=\"(max-width: 1024px) 100vw, 1024px\" \/>\t\t\t\t\t\t\t\t\t\t\t\t\t\t\t<\/div>\n\t\t\t\t<\/div>\n\t\t\t\t\t<\/div>\n\t\t<\/div>\n\t\t\t\t<div class=\"elementor-column elementor-col-25 elementor-inner-column elementor-element elementor-element-4b37e58\" data-id=\"4b37e58\" data-element_type=\"column\" data-e-type=\"column\">\n\t\t\t<div class=\"elementor-widget-wrap elementor-element-populated\">\n\t\t\t\t\t\t<div class=\"elementor-element elementor-element-ef3afd3 elementor-widget elementor-widget-image\" data-id=\"ef3afd3\" data-element_type=\"widget\" data-e-type=\"widget\" data-widget_type=\"image.default\">\n\t\t\t\t<div class=\"elementor-widget-container\">\n\t\t\t\t\t\t\t\t\t\t\t\t\t\t\t<img decoding=\"async\" width=\"1024\" height=\"1024\" src=\"https:\/\/www.santafeciudad.gov.ar\/capitalcultural\/wp-content\/uploads\/2026\/01\/gastro_cookingcrew-1024x1024.png\" class=\"attachment-large size-large wp-image-27819\" alt=\"\" srcset=\"https:\/\/www.santafeciudad.gov.ar\/capitalcultural\/wp-content\/uploads\/2026\/01\/gastro_cookingcrew-1024x1024.png 1024w, https:\/\/www.santafeciudad.gov.ar\/capitalcultural\/wp-content\/uploads\/2026\/01\/gastro_cookingcrew-300x300.png 300w, https:\/\/www.santafeciudad.gov.ar\/capitalcultural\/wp-content\/uploads\/2026\/01\/gastro_cookingcrew-150x150.png 150w, https:\/\/www.santafeciudad.gov.ar\/capitalcultural\/wp-content\/uploads\/2026\/01\/gastro_cookingcrew-768x768.png 768w, https:\/\/www.santafeciudad.gov.ar\/capitalcultural\/wp-content\/uploads\/2026\/01\/gastro_cookingcrew-1536x1536.png 1536w, https:\/\/www.santafeciudad.gov.ar\/capitalcultural\/wp-content\/uploads\/2026\/01\/gastro_cookingcrew-2048x2048.png 2048w, https:\/\/www.santafeciudad.gov.ar\/capitalcultural\/wp-content\/uploads\/2026\/01\/gastro_cookingcrew-400x400.png 400w, https:\/\/www.santafeciudad.gov.ar\/capitalcultural\/wp-content\/uploads\/2026\/01\/gastro_cookingcrew-780x780.png 780w, https:\/\/www.santafeciudad.gov.ar\/capitalcultural\/wp-content\/uploads\/2026\/01\/gastro_cookingcrew-1200x1200.png 1200w\" sizes=\"(max-width: 1024px) 100vw, 1024px\" \/>\t\t\t\t\t\t\t\t\t\t\t\t\t\t\t<\/div>\n\t\t\t\t<\/div>\n\t\t\t\t\t<\/div>\n\t\t<\/div>\n\t\t\t\t<div class=\"elementor-column elementor-col-25 elementor-inner-column elementor-element elementor-element-115693d\" data-id=\"115693d\" data-element_type=\"column\" data-e-type=\"column\">\n\t\t\t<div class=\"elementor-widget-wrap elementor-element-populated\">\n\t\t\t\t\t\t<div class=\"elementor-element elementor-element-f0f4b52 elementor-widget elementor-widget-image\" data-id=\"f0f4b52\" data-element_type=\"widget\" data-e-type=\"widget\" data-widget_type=\"image.default\">\n\t\t\t\t<div class=\"elementor-widget-container\">\n\t\t\t\t\t\t\t\t\t\t\t\t\t\t\t<img decoding=\"async\" width=\"1024\" height=\"1024\" src=\"https:\/\/www.santafeciudad.gov.ar\/capitalcultural\/wp-content\/uploads\/2026\/01\/gastro_brandon-1024x1024.png\" class=\"attachment-large size-large wp-image-27820\" alt=\"\" srcset=\"https:\/\/www.santafeciudad.gov.ar\/capitalcultural\/wp-content\/uploads\/2026\/01\/gastro_brandon-1024x1024.png 1024w, https:\/\/www.santafeciudad.gov.ar\/capitalcultural\/wp-content\/uploads\/2026\/01\/gastro_brandon-300x300.png 300w, https:\/\/www.santafeciudad.gov.ar\/capitalcultural\/wp-content\/uploads\/2026\/01\/gastro_brandon-150x150.png 150w, https:\/\/www.santafeciudad.gov.ar\/capitalcultural\/wp-content\/uploads\/2026\/01\/gastro_brandon-768x768.png 768w, https:\/\/www.santafeciudad.gov.ar\/capitalcultural\/wp-content\/uploads\/2026\/01\/gastro_brandon-1536x1536.png 1536w, https:\/\/www.santafeciudad.gov.ar\/capitalcultural\/wp-content\/uploads\/2026\/01\/gastro_brandon-2048x2048.png 2048w, https:\/\/www.santafeciudad.gov.ar\/capitalcultural\/wp-content\/uploads\/2026\/01\/gastro_brandon-400x400.png 400w, https:\/\/www.santafeciudad.gov.ar\/capitalcultural\/wp-content\/uploads\/2026\/01\/gastro_brandon-780x780.png 780w, https:\/\/www.santafeciudad.gov.ar\/capitalcultural\/wp-content\/uploads\/2026\/01\/gastro_brandon-1200x1200.png 1200w\" sizes=\"(max-width: 1024px) 100vw, 1024px\" \/>\t\t\t\t\t\t\t\t\t\t\t\t\t\t\t<\/div>\n\t\t\t\t<\/div>\n\t\t\t\t\t<\/div>\n\t\t<\/div>\n\t\t\t\t<div class=\"elementor-column elementor-col-25 elementor-inner-column elementor-element elementor-element-f0b2146\" data-id=\"f0b2146\" data-element_type=\"column\" data-e-type=\"column\">\n\t\t\t<div class=\"elementor-widget-wrap elementor-element-populated\">\n\t\t\t\t\t\t<div class=\"elementor-element elementor-element-82702ba elementor-widget elementor-widget-image\" data-id=\"82702ba\" data-element_type=\"widget\" data-e-type=\"widget\" data-widget_type=\"image.default\">\n\t\t\t\t<div class=\"elementor-widget-container\">\n\t\t\t\t\t\t\t\t\t\t\t\t\t\t\t<img loading=\"lazy\" decoding=\"async\" width=\"1024\" height=\"1024\" src=\"https:\/\/www.santafeciudad.gov.ar\/capitalcultural\/wp-content\/uploads\/2026\/01\/gastro_babylon-1024x1024.png\" class=\"attachment-large size-large wp-image-27821\" alt=\"\" srcset=\"https:\/\/www.santafeciudad.gov.ar\/capitalcultural\/wp-content\/uploads\/2026\/01\/gastro_babylon-1024x1024.png 1024w, https:\/\/www.santafeciudad.gov.ar\/capitalcultural\/wp-content\/uploads\/2026\/01\/gastro_babylon-300x300.png 300w, https:\/\/www.santafeciudad.gov.ar\/capitalcultural\/wp-content\/uploads\/2026\/01\/gastro_babylon-150x150.png 150w, https:\/\/www.santafeciudad.gov.ar\/capitalcultural\/wp-content\/uploads\/2026\/01\/gastro_babylon-768x768.png 768w, https:\/\/www.santafeciudad.gov.ar\/capitalcultural\/wp-content\/uploads\/2026\/01\/gastro_babylon-1536x1536.png 1536w, https:\/\/www.santafeciudad.gov.ar\/capitalcultural\/wp-content\/uploads\/2026\/01\/gastro_babylon-2048x2048.png 2048w, https:\/\/www.santafeciudad.gov.ar\/capitalcultural\/wp-content\/uploads\/2026\/01\/gastro_babylon-400x400.png 400w, https:\/\/www.santafeciudad.gov.ar\/capitalcultural\/wp-content\/uploads\/2026\/01\/gastro_babylon-780x780.png 780w, https:\/\/www.santafeciudad.gov.ar\/capitalcultural\/wp-content\/uploads\/2026\/01\/gastro_babylon-1200x1200.png 1200w\" sizes=\"(max-width: 1024px) 100vw, 1024px\" \/>\t\t\t\t\t\t\t\t\t\t\t\t\t\t\t<\/div>\n\t\t\t\t<\/div>\n\t\t\t\t\t<\/div>\n\t\t<\/div>\n\t\t\t\t\t<\/div>\n\t\t<\/section>\n\t\t\t\t\t<\/div>\n\t\t<\/div>\n\t\t\t\t\t<\/div>\n\t\t<\/section>\n\t\t\t\t<\/div>\n\t\t","protected":false},"excerpt":{"rendered":"<p>El Mercado Progreso cumple 101 a\u00f1os y lo celebra como mejor sabe: siendo un punto de encuentro para la cultura, [&hellip;]<\/p>\n","protected":false},"author":3,"featured_media":0,"parent":24705,"menu_order":0,"comment_status":"closed","ping_status":"closed","template":"elementor_header_footer","meta":{"site-sidebar-layout":"default","site-content-layout":"","ast-site-content-layout":"default","site-content-style":"default","site-sidebar-style":"default","ast-global-header-display":"","ast-banner-title-visibility":"","ast-main-header-display":"","ast-hfb-above-header-display":"","ast-hfb-below-header-display":"","ast-hfb-mobile-header-display":"","site-post-title":"","ast-breadcrumbs-content":"","ast-featured-img":"","footer-sml-layout":"","ast-disable-related-posts":"","theme-transparent-header-meta":"","adv-header-id-meta":"","stick-header-meta":"","header-above-stick-meta":"","header-main-stick-meta":"","header-below-stick-meta":"","astra-migrate-meta-layouts":"default","ast-page-background-enabled":"default","ast-page-background-meta":{"desktop":{"background-color":"var(--ast-global-color-5)","background-image":"","background-repeat":"repeat","background-position":"center center","background-size":"auto","background-attachment":"scroll","background-type":"","background-media":"","overlay-type":"","overlay-color":"","overlay-opacity":"","overlay-gradient":""},"tablet":{"background-color":"","background-image":"","background-repeat":"repeat","background-position":"center center","background-size":"auto","background-attachment":"scroll","background-type":"","background-media":"","overlay-type":"","overlay-color":"","overlay-opacity":"","overlay-gradient":""},"mobile":{"background-color":"","background-image":"","background-repeat":"repeat","background-position":"center center","background-size":"auto","background-attachment":"scroll","background-type":"","background-media":"","overlay-type":"","overlay-color":"","overlay-opacity":"","overlay-gradient":""}},"ast-content-background-meta":{"desktop":{"background-color":"var(--ast-global-color-4)","background-image":"","background-repeat":"repeat","background-position":"center center","background-size":"auto","background-attachment":"scroll","background-type":"","background-media":"","overlay-type":"","overlay-color":"","overlay-opacity":"","overlay-gradient":""},"tablet":{"background-color":"var(--ast-global-color-4)","background-image":"","background-repeat":"repeat","background-position":"center center","background-size":"auto","background-attachment":"scroll","background-type":"","background-media":"","overlay-type":"","overlay-color":"","overlay-opacity":"","overlay-gradient":""},"mobile":{"background-color":"var(--ast-global-color-4)","background-image":"","background-repeat":"repeat","background-position":"center center","background-size":"auto","background-attachment":"scroll","background-type":"","background-media":"","overlay-type":"","overlay-color":"","overlay-opacity":"","overlay-gradient":""}},"footnotes":""},"class_list":["post-26135","page","type-page","status-publish","hentry"],"yoast_head":"<!-- This site is optimized with the Yoast SEO plugin v28.2 - https:\/\/yoast.com\/product\/yoast-seo-wordpress\/ -->\n<title>Aniversario del Mercado Progreso - Capital Cultural<\/title>\n<meta name=\"robots\" content=\"index, follow, max-snippet:-1, max-image-preview:large, max-video-preview:-1\" \/>\n<link rel=\"canonical\" href=\"https:\/\/www.santafeciudad.gov.ar\/capitalcultural\/mercadoprogreso\/anivermercado\/\" \/>\n<meta property=\"og:locale\" content=\"es_ES\" \/>\n<meta property=\"og:type\" content=\"article\" \/>\n<meta property=\"og:title\" content=\"Aniversario del Mercado Progreso - Capital Cultural\" \/>\n<meta property=\"og:description\" content=\"El Mercado Progreso cumple 101 a\u00f1os y lo celebra como mejor sabe: siendo un punto de encuentro para la cultura, [&hellip;]\" \/>\n<meta property=\"og:url\" content=\"https:\/\/www.santafeciudad.gov.ar\/capitalcultural\/mercadoprogreso\/anivermercado\/\" \/>\n<meta property=\"og:site_name\" content=\"Capital Cultural\" \/>\n<meta property=\"article:publisher\" content=\"https:\/\/www.facebook.com\/SantaFeCapitalok\/\" \/>\n<meta property=\"article:modified_time\" content=\"2026-01-27T16:13:59+00:00\" \/>\n<meta property=\"og:image\" content=\"https:\/\/www.santafeciudad.gov.ar\/capitalcultural\/wp-content\/uploads\/2026\/01\/gastro_diva-1024x1024.png\" \/>\n<meta name=\"twitter:card\" content=\"summary_large_image\" \/>\n<meta name=\"twitter:site\" content=\"@_SantaFeCapital\" \/>\n<meta name=\"twitter:label1\" content=\"Tiempo de lectura\" \/>\n\t<meta name=\"twitter:data1\" content=\"2 minutos\" \/>\n<script type=\"application\/ld+json\" class=\"yoast-schema-graph\">{\"@context\":\"https:\\\/\\\/schema.org\",\"@graph\":[{\"@type\":\"WebPage\",\"@id\":\"https:\\\/\\\/www.santafeciudad.gov.ar\\\/capitalcultural\\\/mercadoprogreso\\\/anivermercado\\\/\",\"url\":\"https:\\\/\\\/www.santafeciudad.gov.ar\\\/capitalcultural\\\/mercadoprogreso\\\/anivermercado\\\/\",\"name\":\"Aniversario del Mercado Progreso - Capital Cultural\",\"isPartOf\":{\"@id\":\"https:\\\/\\\/www.santafeciudad.gov.ar\\\/capitalcultural\\\/#website\"},\"primaryImageOfPage\":{\"@id\":\"https:\\\/\\\/www.santafeciudad.gov.ar\\\/capitalcultural\\\/mercadoprogreso\\\/anivermercado\\\/#primaryimage\"},\"image\":{\"@id\":\"https:\\\/\\\/www.santafeciudad.gov.ar\\\/capitalcultural\\\/mercadoprogreso\\\/anivermercado\\\/#primaryimage\"},\"thumbnailUrl\":\"https:\\\/\\\/www.santafeciudad.gov.ar\\\/capitalcultural\\\/wp-content\\\/uploads\\\/2026\\\/01\\\/gastro_diva-1024x1024.png\",\"datePublished\":\"2025-07-30T01:10:44+00:00\",\"dateModified\":\"2026-01-27T16:13:59+00:00\",\"breadcrumb\":{\"@id\":\"https:\\\/\\\/www.santafeciudad.gov.ar\\\/capitalcultural\\\/mercadoprogreso\\\/anivermercado\\\/#breadcrumb\"},\"inLanguage\":\"es-AR\",\"potentialAction\":[{\"@type\":\"ReadAction\",\"target\":[\"https:\\\/\\\/www.santafeciudad.gov.ar\\\/capitalcultural\\\/mercadoprogreso\\\/anivermercado\\\/\"]}]},{\"@type\":\"ImageObject\",\"inLanguage\":\"es-AR\",\"@id\":\"https:\\\/\\\/www.santafeciudad.gov.ar\\\/capitalcultural\\\/mercadoprogreso\\\/anivermercado\\\/#primaryimage\",\"url\":\"https:\\\/\\\/www.santafeciudad.gov.ar\\\/capitalcultural\\\/wp-content\\\/uploads\\\/2026\\\/01\\\/gastro_diva.png\",\"contentUrl\":\"https:\\\/\\\/www.santafeciudad.gov.ar\\\/capitalcultural\\\/wp-content\\\/uploads\\\/2026\\\/01\\\/gastro_diva.png\",\"width\":2250,\"height\":2250},{\"@type\":\"BreadcrumbList\",\"@id\":\"https:\\\/\\\/www.santafeciudad.gov.ar\\\/capitalcultural\\\/mercadoprogreso\\\/anivermercado\\\/#breadcrumb\",\"itemListElement\":[{\"@type\":\"ListItem\",\"position\":1,\"name\":\"Inicio\",\"item\":\"https:\\\/\\\/www.santafeciudad.gov.ar\\\/capitalcultural\\\/\"},{\"@type\":\"ListItem\",\"position\":2,\"name\":\"Mercado Progreso\",\"item\":\"https:\\\/\\\/www.santafeciudad.gov.ar\\\/capitalcultural\\\/mercadoprogreso\\\/\"},{\"@type\":\"ListItem\",\"position\":3,\"name\":\"Aniversario del Mercado Progreso\"}]},{\"@type\":\"WebSite\",\"@id\":\"https:\\\/\\\/www.santafeciudad.gov.ar\\\/capitalcultural\\\/#website\",\"url\":\"https:\\\/\\\/www.santafeciudad.gov.ar\\\/capitalcultural\\\/\",\"name\":\"Capital Cultural\",\"description\":\"Secretaria de Cultura\",\"publisher\":{\"@id\":\"https:\\\/\\\/www.santafeciudad.gov.ar\\\/capitalcultural\\\/#organization\"},\"potentialAction\":[{\"@type\":\"SearchAction\",\"target\":{\"@type\":\"EntryPoint\",\"urlTemplate\":\"https:\\\/\\\/www.santafeciudad.gov.ar\\\/capitalcultural\\\/?s={search_term_string}\"},\"query-input\":{\"@type\":\"PropertyValueSpecification\",\"valueRequired\":true,\"valueName\":\"search_term_string\"}}],\"inLanguage\":\"es-AR\"},{\"@type\":\"Organization\",\"@id\":\"https:\\\/\\\/www.santafeciudad.gov.ar\\\/capitalcultural\\\/#organization\",\"name\":\"Municipalidad de la ciudad de Santa Fe\",\"alternateName\":\"Municipalidad de Santa Fe\",\"url\":\"https:\\\/\\\/www.santafeciudad.gov.ar\\\/capitalcultural\\\/\",\"logo\":{\"@type\":\"ImageObject\",\"inLanguage\":\"es-AR\",\"@id\":\"https:\\\/\\\/www.santafeciudad.gov.ar\\\/capitalcultural\\\/#\\\/schema\\\/logo\\\/image\\\/\",\"url\":\"https:\\\/\\\/www.santafeciudad.gov.ar\\\/capitalcultural\\\/wp-content\\\/uploads\\\/2020\\\/06\\\/SantaFeCapital_Logo_800x400-e1591880179119.png\",\"contentUrl\":\"https:\\\/\\\/www.santafeciudad.gov.ar\\\/capitalcultural\\\/wp-content\\\/uploads\\\/2020\\\/06\\\/SantaFeCapital_Logo_800x400-e1591880179119.png\",\"width\":400,\"height\":200,\"caption\":\"Municipalidad de la ciudad de Santa Fe\"},\"image\":{\"@id\":\"https:\\\/\\\/www.santafeciudad.gov.ar\\\/capitalcultural\\\/#\\\/schema\\\/logo\\\/image\\\/\"},\"sameAs\":[\"https:\\\/\\\/www.facebook.com\\\/SantaFeCapitalok\\\/\",\"https:\\\/\\\/x.com\\\/_SantaFeCapital\",\"https:\\\/\\\/www.instagram.com\\\/cultura.santafecapital\\\/\"]}]}<\/script>\n<!-- \/ Yoast SEO plugin. -->","yoast_head_json":{"title":"Aniversario del Mercado Progreso - Capital Cultural","robots":{"index":"index","follow":"follow","max-snippet":"max-snippet:-1","max-image-preview":"max-image-preview:large","max-video-preview":"max-video-preview:-1"},"canonical":"https:\/\/www.santafeciudad.gov.ar\/capitalcultural\/mercadoprogreso\/anivermercado\/","og_locale":"es_ES","og_type":"article","og_title":"Aniversario del Mercado Progreso - Capital Cultural","og_description":"El Mercado Progreso cumple 101 a\u00f1os y lo celebra como mejor sabe: siendo un punto de encuentro para la cultura, [&hellip;]","og_url":"https:\/\/www.santafeciudad.gov.ar\/capitalcultural\/mercadoprogreso\/anivermercado\/","og_site_name":"Capital Cultural","article_publisher":"https:\/\/www.facebook.com\/SantaFeCapitalok\/","article_modified_time":"2026-01-27T16:13:59+00:00","og_image":[{"url":"https:\/\/www.santafeciudad.gov.ar\/capitalcultural\/wp-content\/uploads\/2026\/01\/gastro_diva-1024x1024.png","type":"","width":"","height":""}],"twitter_card":"summary_large_image","twitter_site":"@_SantaFeCapital","twitter_misc":{"Tiempo de lectura":"2 minutos"},"schema":{"@context":"https:\/\/schema.org","@graph":[{"@type":"WebPage","@id":"https:\/\/www.santafeciudad.gov.ar\/capitalcultural\/mercadoprogreso\/anivermercado\/","url":"https:\/\/www.santafeciudad.gov.ar\/capitalcultural\/mercadoprogreso\/anivermercado\/","name":"Aniversario del Mercado Progreso - Capital Cultural","isPartOf":{"@id":"https:\/\/www.santafeciudad.gov.ar\/capitalcultural\/#website"},"primaryImageOfPage":{"@id":"https:\/\/www.santafeciudad.gov.ar\/capitalcultural\/mercadoprogreso\/anivermercado\/#primaryimage"},"image":{"@id":"https:\/\/www.santafeciudad.gov.ar\/capitalcultural\/mercadoprogreso\/anivermercado\/#primaryimage"},"thumbnailUrl":"https:\/\/www.santafeciudad.gov.ar\/capitalcultural\/wp-content\/uploads\/2026\/01\/gastro_diva-1024x1024.png","datePublished":"2025-07-30T01:10:44+00:00","dateModified":"2026-01-27T16:13:59+00:00","breadcrumb":{"@id":"https:\/\/www.santafeciudad.gov.ar\/capitalcultural\/mercadoprogreso\/anivermercado\/#breadcrumb"},"inLanguage":"es-AR","potentialAction":[{"@type":"ReadAction","target":["https:\/\/www.santafeciudad.gov.ar\/capitalcultural\/mercadoprogreso\/anivermercado\/"]}]},{"@type":"ImageObject","inLanguage":"es-AR","@id":"https:\/\/www.santafeciudad.gov.ar\/capitalcultural\/mercadoprogreso\/anivermercado\/#primaryimage","url":"https:\/\/www.santafeciudad.gov.ar\/capitalcultural\/wp-content\/uploads\/2026\/01\/gastro_diva.png","contentUrl":"https:\/\/www.santafeciudad.gov.ar\/capitalcultural\/wp-content\/uploads\/2026\/01\/gastro_diva.png","width":2250,"height":2250},{"@type":"BreadcrumbList","@id":"https:\/\/www.santafeciudad.gov.ar\/capitalcultural\/mercadoprogreso\/anivermercado\/#breadcrumb","itemListElement":[{"@type":"ListItem","position":1,"name":"Inicio","item":"https:\/\/www.santafeciudad.gov.ar\/capitalcultural\/"},{"@type":"ListItem","position":2,"name":"Mercado Progreso","item":"https:\/\/www.santafeciudad.gov.ar\/capitalcultural\/mercadoprogreso\/"},{"@type":"ListItem","position":3,"name":"Aniversario del Mercado Progreso"}]},{"@type":"WebSite","@id":"https:\/\/www.santafeciudad.gov.ar\/capitalcultural\/#website","url":"https:\/\/www.santafeciudad.gov.ar\/capitalcultural\/","name":"Capital Cultural","description":"Secretaria de Cultura","publisher":{"@id":"https:\/\/www.santafeciudad.gov.ar\/capitalcultural\/#organization"},"potentialAction":[{"@type":"SearchAction","target":{"@type":"EntryPoint","urlTemplate":"https:\/\/www.santafeciudad.gov.ar\/capitalcultural\/?s={search_term_string}"},"query-input":{"@type":"PropertyValueSpecification","valueRequired":true,"valueName":"search_term_string"}}],"inLanguage":"es-AR"},{"@type":"Organization","@id":"https:\/\/www.santafeciudad.gov.ar\/capitalcultural\/#organization","name":"Municipalidad de la ciudad de Santa Fe","alternateName":"Municipalidad de Santa Fe","url":"https:\/\/www.santafeciudad.gov.ar\/capitalcultural\/","logo":{"@type":"ImageObject","inLanguage":"es-AR","@id":"https:\/\/www.santafeciudad.gov.ar\/capitalcultural\/#\/schema\/logo\/image\/","url":"https:\/\/www.santafeciudad.gov.ar\/capitalcultural\/wp-content\/uploads\/2020\/06\/SantaFeCapital_Logo_800x400-e1591880179119.png","contentUrl":"https:\/\/www.santafeciudad.gov.ar\/capitalcultural\/wp-content\/uploads\/2020\/06\/SantaFeCapital_Logo_800x400-e1591880179119.png","width":400,"height":200,"caption":"Municipalidad de la ciudad de Santa Fe"},"image":{"@id":"https:\/\/www.santafeciudad.gov.ar\/capitalcultural\/#\/schema\/logo\/image\/"},"sameAs":["https:\/\/www.facebook.com\/SantaFeCapitalok\/","https:\/\/x.com\/_SantaFeCapital","https:\/\/www.instagram.com\/cultura.santafecapital\/"]}]}},"_links":{"self":[{"href":"https:\/\/www.santafeciudad.gov.ar\/capitalcultural\/wp-json\/wp\/v2\/pages\/26135","targetHints":{"allow":["GET"]}}],"collection":[{"href":"https:\/\/www.santafeciudad.gov.ar\/capitalcultural\/wp-json\/wp\/v2\/pages"}],"about":[{"href":"https:\/\/www.santafeciudad.gov.ar\/capitalcultural\/wp-json\/wp\/v2\/types\/page"}],"author":[{"embeddable":true,"href":"https:\/\/www.santafeciudad.gov.ar\/capitalcultural\/wp-json\/wp\/v2\/users\/3"}],"replies":[{"embeddable":true,"href":"https:\/\/www.santafeciudad.gov.ar\/capitalcultural\/wp-json\/wp\/v2\/comments?post=26135"}],"version-history":[{"count":42,"href":"https:\/\/www.santafeciudad.gov.ar\/capitalcultural\/wp-json\/wp\/v2\/pages\/26135\/revisions"}],"predecessor-version":[{"id":27833,"href":"https:\/\/www.santafeciudad.gov.ar\/capitalcultural\/wp-json\/wp\/v2\/pages\/26135\/revisions\/27833"}],"up":[{"embeddable":true,"href":"https:\/\/www.santafeciudad.gov.ar\/capitalcultural\/wp-json\/wp\/v2\/pages\/24705"}],"wp:attachment":[{"href":"https:\/\/www.santafeciudad.gov.ar\/capitalcultural\/wp-json\/wp\/v2\/media?parent=26135"}],"curies":[{"name":"wp","href":"https:\/\/api.w.org\/{rel}","templated":true}]}}