{"id":27565,"date":"2025-12-11T09:57:09","date_gmt":"2025-12-11T12:57:09","guid":{"rendered":"https:\/\/www.santafeciudad.gov.ar\/capitalcultural\/?page_id=27565"},"modified":"2026-08-21T08:27:49","modified_gmt":"2026-08-21T11:27:49","slug":"cesarlopezclaro","status":"publish","type":"page","link":"https:\/\/www.santafeciudad.gov.ar\/capitalcultural\/museos-y-salas\/cesarlopezclaro\/","title":{"rendered":"Museo Municipal C\u00e9sar L\u00f3pez Claro"},"content":{"rendered":"\t\t<div data-elementor-type=\"wp-page\" data-elementor-id=\"27565\" class=\"elementor elementor-27565\">\n\t\t\t\t\t\t<section class=\"elementor-section elementor-top-section elementor-element elementor-element-5f0e346 elementor-section-boxed elementor-section-height-default elementor-section-height-default\" data-id=\"5f0e346\" data-element_type=\"section\" data-e-type=\"section\">\n\t\t\t\t\t\t<div class=\"elementor-container elementor-column-gap-default\">\n\t\t\t\t\t<div class=\"elementor-column elementor-col-100 elementor-top-column elementor-element elementor-element-fb72f7f\" data-id=\"fb72f7f\" data-element_type=\"column\" data-e-type=\"column\">\n\t\t\t<div class=\"elementor-widget-wrap elementor-element-populated\">\n\t\t\t\t\t\t<div class=\"elementor-element elementor-element-6af645c elementor-widget elementor-widget-text-editor\" data-id=\"6af645c\" data-element_type=\"widget\" data-e-type=\"widget\" data-widget_type=\"text-editor.default\">\n\t\t\t\t<div class=\"elementor-widget-container\">\n\t\t\t\t\t\t\t\t\t<p>Emplazado en la vivienda particular del barrio Guadalupe donde vivieron C\u00e9sar L\u00f3pez Claro y su compa\u00f1era, Mar\u00eda Brizzi, este espacio ofrece el patrimonio cultural que donaron a la ciudad para la exhibici\u00f3n permanente. En este espacio tambi\u00e9n se desarrollan experiencias de formaci\u00f3n en conservaci\u00f3n y preservaci\u00f3n de la obra. Tambi\u00e9n se exhibe e investiga sobre la vasta producci\u00f3n de su proyecto pict\u00f3rico.<br \/>A partir de 2020 se inicia el proceso para que las personas que visiten el espacio se encuentren con las obras y su historia, mediante una propuesta educativa que deje ver la experiencia de preservaci\u00f3n y conservaci\u00f3n, y conocer los aspectos generales de catalogaci\u00f3n y manipulaci\u00f3n de obra.<\/p>\t\t\t\t\t\t\t\t<\/div>\n\t\t\t\t<\/div>\n\t\t\t\t\t<\/div>\n\t\t<\/div>\n\t\t\t\t\t<\/div>\n\t\t<\/section>\n\t\t\t\t<section class=\"elementor-section elementor-top-section elementor-element elementor-element-2df6711 elementor-section-boxed elementor-section-height-default elementor-section-height-default\" data-id=\"2df6711\" data-element_type=\"section\" data-e-type=\"section\">\n\t\t\t\t\t\t<div class=\"elementor-container elementor-column-gap-default\">\n\t\t\t\t\t<div class=\"elementor-column elementor-col-100 elementor-top-column elementor-element elementor-element-1d11e91\" data-id=\"1d11e91\" data-element_type=\"column\" data-e-type=\"column\">\n\t\t\t<div class=\"elementor-widget-wrap elementor-element-populated\">\n\t\t\t\t\t\t<div class=\"elementor-element elementor-element-00cdc91 elementor-widget elementor-widget-shortcode\" data-id=\"00cdc91\" data-element_type=\"widget\" data-e-type=\"widget\" data-widget_type=\"shortcode.default\">\n\t\t\t\t<div class=\"elementor-widget-container\">\n\t\t\t\t\t\t\t<div class=\"elementor-shortcode\"><div id=\"ccp-grid-1\" class=\"ccp-programacion\" data-ccp-instance=\"1\">\n\t<div class=\"ccp-grid ccp-grid--columns-5\" style=\"--ccp-columns: 5;\">\n\t\t\t\t\t<article class=\"ccp-card-wrap\">\n\t<button class=\"ccp-card\" type=\"button\" data-ccp-modal-target=\"ccp-modal-1-32231\" aria-haspopup=\"dialog\">\n\t\t<span class=\"ccp-card__media\">\n\t\t\t\t\t\t\t<img loading=\"lazy\" width=\"768\" height=\"513\" src=\"https:\/\/www.santafeciudad.gov.ar\/capitalcultural\/wp-content\/uploads\/2026\/09\/Foto-para-Flyer-768x513.jpg\" class=\"ccp-card__image wp-post-image\" alt=\"\" style=\"object-position: 50% 50%;\" loading=\"lazy\" decoding=\"async\" srcset=\"https:\/\/www.santafeciudad.gov.ar\/capitalcultural\/wp-content\/uploads\/2026\/09\/Foto-para-Flyer-768x513.jpg 768w, https:\/\/www.santafeciudad.gov.ar\/capitalcultural\/wp-content\/uploads\/2026\/09\/Foto-para-Flyer-300x200.jpg 300w, https:\/\/www.santafeciudad.gov.ar\/capitalcultural\/wp-content\/uploads\/2026\/09\/Foto-para-Flyer-1024x684.jpg 1024w, https:\/\/www.santafeciudad.gov.ar\/capitalcultural\/wp-content\/uploads\/2026\/09\/Foto-para-Flyer-1536x1026.jpg 1536w, https:\/\/www.santafeciudad.gov.ar\/capitalcultural\/wp-content\/uploads\/2026\/09\/Foto-para-Flyer-2048x1368.jpg 2048w\" sizes=\"auto, (max-width: 768px) 100vw, 768px\" \/>\t\t\t\t\t<\/span>\n\t\t<span class=\"ccp-card__content\">\n\t\t\t<span class=\"ccp-card__tags\">\n\t\t\t\t\t\t\t\t\t<span class=\"ccp-tag ccp-tag--categoria\">ACTIVACI\u00d3N<\/span>\n\t\t\t\t\t\t\t\t<span class=\"ccp-tag ccp-tag--estado ccp-tag--ya-sucedio\">FINALIZADA<\/span>\n\t\t\t<\/span>\n\t\t\t<span class=\"ccp-card__title\">Los sue\u00f1os como forma de construir un paisaje<\/span>\n\t\t\t\t\t\t\t<span class=\"ccp-card__espacio\">Museo C\u00e9sar L\u00f3pez Claro<\/span>\n\t\t\t\t\t\t\t\t\t\t<span class=\"ccp-card__date\">3 de septiembre de 2026<\/span>\n\t\t\t\t\t\t\t\t\t\t<span class=\"ccp-card__excerpt\">El taller propone explorar el cruce entre el espacio habitable, la memoria y el paisaje ps\u00edquico a trav\u00e9s de la pr\u00e1ctica pict\u00f3rica. En el&hellip;<\/span>\n\t\t\t\t\t\t<span class=\"ccp-card__action\">Ver propuesta<\/span>\n\t\t<\/span>\n\t<\/button>\n<\/article>\n\t\t\t\t\t<article class=\"ccp-card-wrap\">\n\t<button class=\"ccp-card\" type=\"button\" data-ccp-modal-target=\"ccp-modal-1-32182\" aria-haspopup=\"dialog\">\n\t\t<span class=\"ccp-card__media\">\n\t\t\t\t\t\t\t<img loading=\"lazy\" width=\"591\" height=\"705\" src=\"https:\/\/www.santafeciudad.gov.ar\/capitalcultural\/wp-content\/uploads\/2026\/08\/10.jpg\" class=\"ccp-card__image wp-post-image\" alt=\"\" style=\"object-position: 50% 50%;\" loading=\"lazy\" decoding=\"async\" srcset=\"https:\/\/www.santafeciudad.gov.ar\/capitalcultural\/wp-content\/uploads\/2026\/08\/10.jpg 591w, https:\/\/www.santafeciudad.gov.ar\/capitalcultural\/wp-content\/uploads\/2026\/08\/10-251x300.jpg 251w\" sizes=\"auto, (max-width: 591px) 100vw, 591px\" \/>\t\t\t\t\t<\/span>\n\t\t<span class=\"ccp-card__content\">\n\t\t\t<span class=\"ccp-card__tags\">\n\t\t\t\t\t\t\t\t\t<span class=\"ccp-tag ccp-tag--categoria\">TALLER<\/span>\n\t\t\t\t\t\t\t\t<span class=\"ccp-tag ccp-tag--estado ccp-tag--ya-sucedio\">FINALIZADA<\/span>\n\t\t\t<\/span>\n\t\t\t<span class=\"ccp-card__title\">Soy Clementina<\/span>\n\t\t\t\t\t\t\t<span class=\"ccp-card__espacio\">Museo C\u00e9sar L\u00f3pez Claro<\/span>\n\t\t\t\t\t\t\t\t\t\t<span class=\"ccp-card__date\">29 de agosto de 2026<\/span>\n\t\t\t\t\t\t\t\t\t\t<span class=\"ccp-card__excerpt\">En el marco de la muestra \u201cNeog\u00f3tica Popular\u201d, el Museo C\u00e9sar L\u00f3pez Claro invita a la comunidad a participar del taller de modelado en&hellip;<\/span>\n\t\t\t\t\t\t<span class=\"ccp-card__action\">Ver propuesta<\/span>\n\t\t<\/span>\n\t<\/button>\n<\/article>\n\t\t\t\t\t<article class=\"ccp-card-wrap\">\n\t<button class=\"ccp-card\" type=\"button\" data-ccp-modal-target=\"ccp-modal-1-31231\" aria-haspopup=\"dialog\">\n\t\t<span class=\"ccp-card__media\">\n\t\t\t\t\t\t\t<img loading=\"lazy\" width=\"768\" height=\"771\" src=\"https:\/\/www.santafeciudad.gov.ar\/capitalcultural\/wp-content\/uploads\/2026\/07\/FLYER-1-1-768x771.jpg\" class=\"ccp-card__image wp-post-image\" alt=\"\" style=\"object-position: 50% 50%;\" loading=\"lazy\" decoding=\"async\" srcset=\"https:\/\/www.santafeciudad.gov.ar\/capitalcultural\/wp-content\/uploads\/2026\/07\/FLYER-1-1-768x771.jpg 768w, https:\/\/www.santafeciudad.gov.ar\/capitalcultural\/wp-content\/uploads\/2026\/07\/FLYER-1-1-300x300.jpg 300w, https:\/\/www.santafeciudad.gov.ar\/capitalcultural\/wp-content\/uploads\/2026\/07\/FLYER-1-1-1020x1024.jpg 1020w, https:\/\/www.santafeciudad.gov.ar\/capitalcultural\/wp-content\/uploads\/2026\/07\/FLYER-1-1-150x150.jpg 150w, https:\/\/www.santafeciudad.gov.ar\/capitalcultural\/wp-content\/uploads\/2026\/07\/FLYER-1-1-1530x1536.jpg 1530w, https:\/\/www.santafeciudad.gov.ar\/capitalcultural\/wp-content\/uploads\/2026\/07\/FLYER-1-1-2040x2048.jpg 2040w\" sizes=\"auto, (max-width: 768px) 100vw, 768px\" \/>\t\t\t\t\t<\/span>\n\t\t<span class=\"ccp-card__content\">\n\t\t\t<span class=\"ccp-card__tags\">\n\t\t\t\t\t\t\t\t\t<span class=\"ccp-tag ccp-tag--categoria\">MUESTRA<\/span>\n\t\t\t\t\t\t\t\t<span class=\"ccp-tag ccp-tag--estado ccp-tag--activa\">ACTIVA<\/span>\n\t\t\t<\/span>\n\t\t\t<span class=\"ccp-card__title\">Neog\u00f3tica popular y La dulzura inm\u00f3vil de ciertos encierros<\/span>\n\t\t\t\t\t\t\t<span class=\"ccp-card__espacio\">Museo C\u00e9sar L\u00f3pez Claro<\/span>\n\t\t\t\t\t\t\t\t\t\t<span class=\"ccp-card__date\">Del 27 de julio al 4 de septiembre de 2026<\/span>\n\t\t\t\t\t\t\t\t\t\t<span class=\"ccp-card__excerpt\">La Casa Museo C\u00e9sar L\u00f3pez Claro presenta las muestras \u201cNeog\u00f3tica popular\u201d de Juan Manuel Preti y \u201cLa dulzura inm\u00f3vil de ciertos encierros\u201d de Luciana R\u00edmini.<\/span>\n\t\t\t\t\t\t<span class=\"ccp-card__action\">Ver propuesta<\/span>\n\t\t<\/span>\n\t<\/button>\n<\/article>\n\t\t\t\t\t<article class=\"ccp-card-wrap\">\n\t<button class=\"ccp-card\" type=\"button\" data-ccp-modal-target=\"ccp-modal-1-32229\" aria-haspopup=\"dialog\">\n\t\t<span class=\"ccp-card__media\">\n\t\t\t\t\t\t\t<img loading=\"lazy\" width=\"768\" height=\"1152\" src=\"https:\/\/www.santafeciudad.gov.ar\/capitalcultural\/wp-content\/uploads\/2026\/08\/Imagen-para-Flyer-768x1152.jpg\" class=\"ccp-card__image wp-post-image\" alt=\"\" style=\"object-position: 50% 50%;\" loading=\"lazy\" decoding=\"async\" srcset=\"https:\/\/www.santafeciudad.gov.ar\/capitalcultural\/wp-content\/uploads\/2026\/08\/Imagen-para-Flyer-768x1152.jpg 768w, https:\/\/www.santafeciudad.gov.ar\/capitalcultural\/wp-content\/uploads\/2026\/08\/Imagen-para-Flyer-200x300.jpg 200w, https:\/\/www.santafeciudad.gov.ar\/capitalcultural\/wp-content\/uploads\/2026\/08\/Imagen-para-Flyer-683x1024.jpg 683w, https:\/\/www.santafeciudad.gov.ar\/capitalcultural\/wp-content\/uploads\/2026\/08\/Imagen-para-Flyer-1024x1536.jpg 1024w, https:\/\/www.santafeciudad.gov.ar\/capitalcultural\/wp-content\/uploads\/2026\/08\/Imagen-para-Flyer-1365x2048.jpg 1365w, https:\/\/www.santafeciudad.gov.ar\/capitalcultural\/wp-content\/uploads\/2026\/08\/Imagen-para-Flyer-scaled.jpg 1707w\" sizes=\"auto, (max-width: 768px) 100vw, 768px\" \/>\t\t\t\t\t<\/span>\n\t\t<span class=\"ccp-card__content\">\n\t\t\t<span class=\"ccp-card__tags\">\n\t\t\t\t\t\t\t\t\t<span class=\"ccp-tag ccp-tag--categoria\">MUESTRA<\/span>\n\t\t\t\t\t\t\t\t<span class=\"ccp-tag ccp-tag--estado ccp-tag--proximamente\">PR\u00d3XIMAMENTE<\/span>\n\t\t\t<\/span>\n\t\t\t<span class=\"ccp-card__title\">De hilos y trapos<\/span>\n\t\t\t\t\t\t\t<span class=\"ccp-card__espacio\">Museo C\u00e9sar L\u00f3pez Claro<\/span>\n\t\t\t\t\t\t\t\t\t\t<span class=\"ccp-card__date\">Del 10 de septiembre al 28 de noviembre de 2026<\/span>\n\t\t\t\t\t\t\t\t\t\t<span class=\"ccp-card__excerpt\">La propuesta re\u00fane un corpus de m\u00e1s de 20 obras que exploran las posibilidades expresivas de los materiales cotidianos. El jueves 10 de septiembre&hellip;<\/span>\n\t\t\t\t\t\t<span class=\"ccp-card__action\">Ver propuesta<\/span>\n\t\t<\/span>\n\t<\/button>\n<\/article>\n\t\t\t\t\t<article class=\"ccp-card-wrap\">\n\t<button class=\"ccp-card\" type=\"button\" data-ccp-modal-target=\"ccp-modal-1-31234\" aria-haspopup=\"dialog\">\n\t\t<span class=\"ccp-card__media\">\n\t\t\t\t\t\t\t<img loading=\"lazy\" width=\"768\" height=\"512\" src=\"https:\/\/www.santafeciudad.gov.ar\/capitalcultural\/wp-content\/uploads\/2026\/07\/Al-Pan-Pan-3-768x512.jpg\" class=\"ccp-card__image wp-post-image\" alt=\"\" style=\"object-position: 50% 50%;\" loading=\"lazy\" decoding=\"async\" srcset=\"https:\/\/www.santafeciudad.gov.ar\/capitalcultural\/wp-content\/uploads\/2026\/07\/Al-Pan-Pan-3-768x512.jpg 768w, https:\/\/www.santafeciudad.gov.ar\/capitalcultural\/wp-content\/uploads\/2026\/07\/Al-Pan-Pan-3-300x200.jpg 300w, https:\/\/www.santafeciudad.gov.ar\/capitalcultural\/wp-content\/uploads\/2026\/07\/Al-Pan-Pan-3-1024x683.jpg 1024w, https:\/\/www.santafeciudad.gov.ar\/capitalcultural\/wp-content\/uploads\/2026\/07\/Al-Pan-Pan-3-1536x1024.jpg 1536w, https:\/\/www.santafeciudad.gov.ar\/capitalcultural\/wp-content\/uploads\/2026\/07\/Al-Pan-Pan-3-rotated.jpg 2048w\" sizes=\"auto, (max-width: 768px) 100vw, 768px\" \/>\t\t\t\t\t<\/span>\n\t\t<span class=\"ccp-card__content\">\n\t\t\t<span class=\"ccp-card__tags\">\n\t\t\t\t\t\t\t\t\t<span class=\"ccp-tag ccp-tag--categoria\">ACTIVACI\u00d3N<\/span>\n\t\t\t\t\t\t\t\t<span class=\"ccp-tag ccp-tag--estado ccp-tag--ya-sucedio\">FINALIZADA<\/span>\n\t\t\t<\/span>\n\t\t\t<span class=\"ccp-card__title\">Vacaciones de Invierno en la Ciudad<\/span>\n\t\t\t\t\t\t\t<span class=\"ccp-card__espacio\">Museo C\u00e9sar L\u00f3pez Claro<\/span>\n\t\t\t\t\t\t\t\t\t\t<span class=\"ccp-card__date\">Del 1 al 27 de julio de 2026<\/span>\n\t\t\t\t\t\t\t\t\t\t<span class=\"ccp-card__excerpt\">Durante las vacaciones de invierno, la Secretar\u00eda de Cultura de la Municipalidad invita a disfrutar propuestas para infancias, familias y p\u00fablico general en museos, salas y espacios culturales de la ciudad. La programaci\u00f3n incluye funciones de t\u00edteres, teatro, circo, m\u00fasica, talleres, recorridos, muestras y actividades participativas con entrada libre y gratuita o acceso seg\u00fan disponibilidad de cada espacio.<\/span>\n\t\t\t\t\t\t<span class=\"ccp-card__action\">Ver propuesta<\/span>\n\t\t<\/span>\n\t<\/button>\n<\/article>\n\t\t\t\t\t<article class=\"ccp-card-wrap\">\n\t<button class=\"ccp-card\" type=\"button\" data-ccp-modal-target=\"ccp-modal-1-31228\" aria-haspopup=\"dialog\">\n\t\t<span class=\"ccp-card__media\">\n\t\t\t\t\t\t\t<img loading=\"lazy\" width=\"768\" height=\"525\" src=\"https:\/\/www.santafeciudad.gov.ar\/capitalcultural\/wp-content\/uploads\/2026\/07\/Y-LA-BALSA-VA-768x525.jpg\" class=\"ccp-card__image wp-post-image\" alt=\"\" style=\"object-position: 50% 50%;\" loading=\"lazy\" decoding=\"async\" srcset=\"https:\/\/www.santafeciudad.gov.ar\/capitalcultural\/wp-content\/uploads\/2026\/07\/Y-LA-BALSA-VA-768x525.jpg 768w, https:\/\/www.santafeciudad.gov.ar\/capitalcultural\/wp-content\/uploads\/2026\/07\/Y-LA-BALSA-VA-300x205.jpg 300w, https:\/\/www.santafeciudad.gov.ar\/capitalcultural\/wp-content\/uploads\/2026\/07\/Y-LA-BALSA-VA-1024x700.jpg 1024w, https:\/\/www.santafeciudad.gov.ar\/capitalcultural\/wp-content\/uploads\/2026\/07\/Y-LA-BALSA-VA-1536x1050.jpg 1536w, https:\/\/www.santafeciudad.gov.ar\/capitalcultural\/wp-content\/uploads\/2026\/07\/Y-LA-BALSA-VA-2048x1401.jpg 2048w\" sizes=\"auto, (max-width: 768px) 100vw, 768px\" \/>\t\t\t\t\t<\/span>\n\t\t<span class=\"ccp-card__content\">\n\t\t\t<span class=\"ccp-card__tags\">\n\t\t\t\t\t\t\t\t\t<span class=\"ccp-tag ccp-tag--categoria\">MUESTRA<\/span>\n\t\t\t\t\t\t\t\t<span class=\"ccp-tag ccp-tag--estado ccp-tag--ya-sucedio\">FINALIZADA<\/span>\n\t\t\t<\/span>\n\t\t\t<span class=\"ccp-card__title\">Confluencias<\/span>\n\t\t\t\t\t\t\t<span class=\"ccp-card__espacio\">Museo C\u00e9sar L\u00f3pez Claro<\/span>\n\t\t\t\t\t\t\t\t\t\t<span class=\"ccp-card__date\">Del 8 de mayo al 26 de junio de 2026<\/span>\n\t\t\t\t\t\t\t\t\t\t<span class=\"ccp-card__excerpt\">La muestra combina pintura tradicional, arte digital y una selecci\u00f3n curatorial de obras patrimoniales restauradas.<\/span>\n\t\t\t\t\t\t<span class=\"ccp-card__action\">Ver propuesta<\/span>\n\t\t<\/span>\n\t<\/button>\n<\/article>\n\t\t\t\t\t<article class=\"ccp-card-wrap\">\n\t<button class=\"ccp-card\" type=\"button\" data-ccp-modal-target=\"ccp-modal-1-31225\" aria-haspopup=\"dialog\">\n\t\t<span class=\"ccp-card__media\">\n\t\t\t\t\t\t\t<img loading=\"lazy\" width=\"768\" height=\"525\" src=\"https:\/\/www.santafeciudad.gov.ar\/capitalcultural\/wp-content\/uploads\/2026\/07\/hibridos4-768x525.png\" class=\"ccp-card__image wp-post-image\" alt=\"\" style=\"object-position: 50% 50%;\" loading=\"lazy\" decoding=\"async\" srcset=\"https:\/\/www.santafeciudad.gov.ar\/capitalcultural\/wp-content\/uploads\/2026\/07\/hibridos4-768x525.png 768w, https:\/\/www.santafeciudad.gov.ar\/capitalcultural\/wp-content\/uploads\/2026\/07\/hibridos4-300x205.png 300w, https:\/\/www.santafeciudad.gov.ar\/capitalcultural\/wp-content\/uploads\/2026\/07\/hibridos4-1024x700.png 1024w, https:\/\/www.santafeciudad.gov.ar\/capitalcultural\/wp-content\/uploads\/2026\/07\/hibridos4-1536x1051.png 1536w, https:\/\/www.santafeciudad.gov.ar\/capitalcultural\/wp-content\/uploads\/2026\/07\/hibridos4.png 2000w\" sizes=\"auto, (max-width: 768px) 100vw, 768px\" \/>\t\t\t\t\t<\/span>\n\t\t<span class=\"ccp-card__content\">\n\t\t\t<span class=\"ccp-card__tags\">\n\t\t\t\t\t\t\t\t\t<span class=\"ccp-tag ccp-tag--categoria\">ACTIVACI\u00d3N<\/span>\n\t\t\t\t\t\t\t\t<span class=\"ccp-tag ccp-tag--estado ccp-tag--ya-sucedio\">FINALIZADA<\/span>\n\t\t\t<\/span>\n\t\t\t<span class=\"ccp-card__title\">Cuerpos en deriva<\/span>\n\t\t\t\t\t\t\t<span class=\"ccp-card__espacio\">Museo C\u00e9sar L\u00f3pez Claro<\/span>\n\t\t\t\t\t\t\t\t\t\t<span class=\"ccp-card__date\">25 de abril de 2026<\/span>\n\t\t\t\t\t\t\t\t\t\t<span class=\"ccp-card__excerpt\">La jornada propone un recorrido comentado seguido de la realizaci\u00f3n de una obra tridimensional colectiva.<\/span>\n\t\t\t\t\t\t<span class=\"ccp-card__action\">Ver propuesta<\/span>\n\t\t<\/span>\n\t<\/button>\n<\/article>\n\t\t\t\t\t<article class=\"ccp-card-wrap\">\n\t<button class=\"ccp-card\" type=\"button\" data-ccp-modal-target=\"ccp-modal-1-31222\" aria-haspopup=\"dialog\">\n\t\t<span class=\"ccp-card__media\">\n\t\t\t\t\t\t\t<img loading=\"lazy\" width=\"768\" height=\"432\" src=\"https:\/\/www.santafeciudad.gov.ar\/capitalcultural\/wp-content\/uploads\/2026\/07\/Ecologia2-768x432.png\" class=\"ccp-card__image wp-post-image\" alt=\"\" style=\"object-position: 50% 50%;\" loading=\"lazy\" decoding=\"async\" srcset=\"https:\/\/www.santafeciudad.gov.ar\/capitalcultural\/wp-content\/uploads\/2026\/07\/Ecologia2-768x432.png 768w, https:\/\/www.santafeciudad.gov.ar\/capitalcultural\/wp-content\/uploads\/2026\/07\/Ecologia2-300x169.png 300w, https:\/\/www.santafeciudad.gov.ar\/capitalcultural\/wp-content\/uploads\/2026\/07\/Ecologia2-1024x576.png 1024w, https:\/\/www.santafeciudad.gov.ar\/capitalcultural\/wp-content\/uploads\/2026\/07\/Ecologia2-1536x864.png 1536w, https:\/\/www.santafeciudad.gov.ar\/capitalcultural\/wp-content\/uploads\/2026\/07\/Ecologia2.png 1600w\" sizes=\"auto, (max-width: 768px) 100vw, 768px\" \/>\t\t\t\t\t<\/span>\n\t\t<span class=\"ccp-card__content\">\n\t\t\t<span class=\"ccp-card__tags\">\n\t\t\t\t\t\t\t\t\t<span class=\"ccp-tag ccp-tag--categoria\">MUESTRA<\/span>\n\t\t\t\t\t\t\t\t<span class=\"ccp-tag ccp-tag--estado ccp-tag--ya-sucedio\">FINALIZADA<\/span>\n\t\t\t<\/span>\n\t\t\t<span class=\"ccp-card__title\">Ecolog\u00edas de umbral<\/span>\n\t\t\t\t\t\t\t<span class=\"ccp-card__espacio\">Museo C\u00e9sar L\u00f3pez Claro<\/span>\n\t\t\t\t\t\t\t\t\t\t<span class=\"ccp-card__date\">Del 14 de marzo al 30 de abril de 2026<\/span>\n\t\t\t\t\t\t\t\t\t\t<span class=\"ccp-card__excerpt\">En Ecolog\u00edas de umbral, Laura Benech construye un territorio inestable donde naturaleza, cuerpo y tecnolog\u00eda se entrelazan en un estado de transformaci\u00f3n continua.<\/span>\n\t\t\t\t\t\t<span class=\"ccp-card__action\">Ver propuesta<\/span>\n\t\t<\/span>\n\t<\/button>\n<\/article>\n\t\t\t\t\t<article class=\"ccp-card-wrap\">\n\t<button class=\"ccp-card\" type=\"button\" data-ccp-modal-target=\"ccp-modal-1-31219\" aria-haspopup=\"dialog\">\n\t\t<span class=\"ccp-card__media\">\n\t\t\t\t\t\t\t<img loading=\"lazy\" width=\"768\" height=\"512\" src=\"https:\/\/www.santafeciudad.gov.ar\/capitalcultural\/wp-content\/uploads\/2026\/07\/Foto-para-Actividades-Verano-CMCL-768x512.jpg\" class=\"ccp-card__image wp-post-image\" alt=\"\" style=\"object-position: 50% 50%;\" loading=\"lazy\" decoding=\"async\" srcset=\"https:\/\/www.santafeciudad.gov.ar\/capitalcultural\/wp-content\/uploads\/2026\/07\/Foto-para-Actividades-Verano-CMCL-768x512.jpg 768w, https:\/\/www.santafeciudad.gov.ar\/capitalcultural\/wp-content\/uploads\/2026\/07\/Foto-para-Actividades-Verano-CMCL-300x200.jpg 300w, https:\/\/www.santafeciudad.gov.ar\/capitalcultural\/wp-content\/uploads\/2026\/07\/Foto-para-Actividades-Verano-CMCL-1024x683.jpg 1024w, https:\/\/www.santafeciudad.gov.ar\/capitalcultural\/wp-content\/uploads\/2026\/07\/Foto-para-Actividades-Verano-CMCL-1536x1024.jpg 1536w, https:\/\/www.santafeciudad.gov.ar\/capitalcultural\/wp-content\/uploads\/2026\/07\/Foto-para-Actividades-Verano-CMCL.jpg 1920w\" sizes=\"auto, (max-width: 768px) 100vw, 768px\" \/>\t\t\t\t\t<\/span>\n\t\t<span class=\"ccp-card__content\">\n\t\t\t<span class=\"ccp-card__tags\">\n\t\t\t\t\t\t\t\t\t<span class=\"ccp-tag ccp-tag--categoria\">ACTIVACI\u00d3N<\/span>\n\t\t\t\t\t\t\t\t<span class=\"ccp-tag ccp-tag--estado ccp-tag--ya-sucedio\">FINALIZADA<\/span>\n\t\t\t<\/span>\n\t\t\t<span class=\"ccp-card__title\">Activaci\u00f3n en el marco del Festival de Guadalupe<\/span>\n\t\t\t\t\t\t\t<span class=\"ccp-card__espacio\">Museo C\u00e9sar L\u00f3pez Claro<\/span>\n\t\t\t\t\t\t\t\t\t\t<span class=\"ccp-card__date\">Del 16 al 17 de enero de 2026<\/span>\n\t\t\t\t\t\t\t\t\t\t<span class=\"ccp-card__excerpt\">En el marco del Festival de Guadalupe y  la muestra patrimonial \u201cAqu\u00ed nos vemos. Conversaciones con Mar\u00eda y C\u00e9sar\u201d, la Casa Museo C\u00e9sar L\u00f3pez Claro realizar\u00e1 dos activaciones que tendr\u00e1n lugar el viernes 16 y el s\u00e1bado 17 de enero.<\/span>\n\t\t\t\t\t\t<span class=\"ccp-card__action\">Ver propuesta<\/span>\n\t\t<\/span>\n\t<\/button>\n<\/article>\n\t\t\t\t\t<article class=\"ccp-card-wrap\">\n\t<button class=\"ccp-card\" type=\"button\" data-ccp-modal-target=\"ccp-modal-1-31216\" aria-haspopup=\"dialog\">\n\t\t<span class=\"ccp-card__media\">\n\t\t\t\t\t\t\t<img loading=\"lazy\" width=\"768\" height=\"512\" src=\"https:\/\/www.santafeciudad.gov.ar\/capitalcultural\/wp-content\/uploads\/2026\/07\/Taller3-768x512.jpg\" class=\"ccp-card__image wp-post-image\" alt=\"\" style=\"object-position: 50% 50%;\" loading=\"lazy\" decoding=\"async\" srcset=\"https:\/\/www.santafeciudad.gov.ar\/capitalcultural\/wp-content\/uploads\/2026\/07\/Taller3-768x512.jpg 768w, https:\/\/www.santafeciudad.gov.ar\/capitalcultural\/wp-content\/uploads\/2026\/07\/Taller3-300x200.jpg 300w, https:\/\/www.santafeciudad.gov.ar\/capitalcultural\/wp-content\/uploads\/2026\/07\/Taller3-1024x683.jpg 1024w, https:\/\/www.santafeciudad.gov.ar\/capitalcultural\/wp-content\/uploads\/2026\/07\/Taller3-1536x1024.jpg 1536w, https:\/\/www.santafeciudad.gov.ar\/capitalcultural\/wp-content\/uploads\/2026\/07\/Taller3-2048x1365.jpg 2048w\" sizes=\"auto, (max-width: 768px) 100vw, 768px\" \/>\t\t\t\t\t<\/span>\n\t\t<span class=\"ccp-card__content\">\n\t\t\t<span class=\"ccp-card__tags\">\n\t\t\t\t\t\t\t\t\t<span class=\"ccp-tag ccp-tag--categoria\">TALLER<\/span>\n\t\t\t\t\t\t\t\t<span class=\"ccp-tag ccp-tag--estado ccp-tag--ya-sucedio\">FINALIZADA<\/span>\n\t\t\t<\/span>\n\t\t\t<span class=\"ccp-card__title\">Taller de conservaci\u00f3n de colecciones fotogr\u00e1ficas<\/span>\n\t\t\t\t\t\t\t<span class=\"ccp-card__espacio\">Museo C\u00e9sar L\u00f3pez Claro<\/span>\n\t\t\t\t\t\t\t\t\t\t<span class=\"ccp-card__date\">18 de diciembre de 2025<\/span>\n\t\t\t\t\t\t\t\t\t\t<span class=\"ccp-card__excerpt\">En el marco del  35 aniversario de la Casa Museo se proponen dos actividades en conjunto: un taller de conservaci\u00f3n de colecciones fotogr\u00e1ficas seguido de una proyecci\u00f3n perform\u00e1tica de diapositivas.<\/span>\n\t\t\t\t\t\t<span class=\"ccp-card__action\">Ver propuesta<\/span>\n\t\t<\/span>\n\t<\/button>\n<\/article>\n\t\t\t\t\t<article class=\"ccp-card-wrap\">\n\t<button class=\"ccp-card\" type=\"button\" data-ccp-modal-target=\"ccp-modal-1-31157\" aria-haspopup=\"dialog\">\n\t\t<span class=\"ccp-card__media\">\n\t\t\t\t\t\t\t<img loading=\"lazy\" width=\"768\" height=\"578\" src=\"https:\/\/www.santafeciudad.gov.ar\/capitalcultural\/wp-content\/uploads\/2026\/07\/flyer-23-1-768x578.jpg\" class=\"ccp-card__image wp-post-image\" alt=\"\" style=\"object-position: 50% 50%;\" loading=\"lazy\" decoding=\"async\" srcset=\"https:\/\/www.santafeciudad.gov.ar\/capitalcultural\/wp-content\/uploads\/2026\/07\/flyer-23-1-768x578.jpg 768w, https:\/\/www.santafeciudad.gov.ar\/capitalcultural\/wp-content\/uploads\/2026\/07\/flyer-23-1-300x226.jpg 300w, https:\/\/www.santafeciudad.gov.ar\/capitalcultural\/wp-content\/uploads\/2026\/07\/flyer-23-1-1024x771.jpg 1024w\" sizes=\"auto, (max-width: 768px) 100vw, 768px\" \/>\t\t\t\t\t<\/span>\n\t\t<span class=\"ccp-card__content\">\n\t\t\t<span class=\"ccp-card__tags\">\n\t\t\t\t\t\t\t\t\t<span class=\"ccp-tag ccp-tag--categoria\">MUESTRA<\/span>\n\t\t\t\t\t\t\t\t<span class=\"ccp-tag ccp-tag--estado ccp-tag--ya-sucedio\">FINALIZADA<\/span>\n\t\t\t<\/span>\n\t\t\t<span class=\"ccp-card__title\">Aqu\u00ed nos vemos. Conversaciones con Mar\u00eda y C\u00e9sar<\/span>\n\t\t\t\t\t\t\t<span class=\"ccp-card__espacio\">Museo C\u00e9sar L\u00f3pez Claro<\/span>\n\t\t\t\t\t\t\t\t\t\t<span class=\"ccp-card__date\">Del 3 de diciembre de 2025 al 20 de febrero de 2026<\/span>\n\t\t\t\t\t\t\t\t\t\t<span class=\"ccp-card__excerpt\">La muestra patrimonial propone un recorrido por las diferentes salas que conforman la Casa Museo. En cada una de ellas, se desplegar\u00e1n obras de C\u00e9sar L\u00f3pez Claro y Mar\u00eda Herminia Brizzi, como as\u00ed tambi\u00e9n de artistas allegados a la pareja.<\/span>\n\t\t\t\t\t\t<span class=\"ccp-card__action\">Ver propuesta<\/span>\n\t\t<\/span>\n\t<\/button>\n<\/article>\n\t\t\t\t\t<article class=\"ccp-card-wrap\">\n\t<button class=\"ccp-card\" type=\"button\" data-ccp-modal-target=\"ccp-modal-1-31209\" aria-haspopup=\"dialog\">\n\t\t<span class=\"ccp-card__media\">\n\t\t\t\t\t\t\t<img loading=\"lazy\" width=\"768\" height=\"576\" src=\"https:\/\/www.santafeciudad.gov.ar\/capitalcultural\/wp-content\/uploads\/2026\/07\/IMG_4999_edicion-768x576.jpeg\" class=\"ccp-card__image wp-post-image\" alt=\"\" style=\"object-position: 50% 50%;\" loading=\"lazy\" decoding=\"async\" srcset=\"https:\/\/www.santafeciudad.gov.ar\/capitalcultural\/wp-content\/uploads\/2026\/07\/IMG_4999_edicion-768x576.jpeg 768w, https:\/\/www.santafeciudad.gov.ar\/capitalcultural\/wp-content\/uploads\/2026\/07\/IMG_4999_edicion-300x225.jpeg 300w, https:\/\/www.santafeciudad.gov.ar\/capitalcultural\/wp-content\/uploads\/2026\/07\/IMG_4999_edicion-1024x768.jpeg 1024w, https:\/\/www.santafeciudad.gov.ar\/capitalcultural\/wp-content\/uploads\/2026\/07\/IMG_4999_edicion-1536x1152.jpeg 1536w, https:\/\/www.santafeciudad.gov.ar\/capitalcultural\/wp-content\/uploads\/2026\/07\/IMG_4999_edicion-2048x1536.jpeg 2048w\" sizes=\"auto, (max-width: 768px) 100vw, 768px\" \/>\t\t\t\t\t<\/span>\n\t\t<span class=\"ccp-card__content\">\n\t\t\t<span class=\"ccp-card__tags\">\n\t\t\t\t\t\t\t\t\t<span class=\"ccp-tag ccp-tag--categoria\">ACTIVACI\u00d3N<\/span>\n\t\t\t\t\t\t\t\t<span class=\"ccp-tag ccp-tag--estado ccp-tag--ya-sucedio\">FINALIZADA<\/span>\n\t\t\t<\/span>\n\t\t\t<span class=\"ccp-card__title\">Recorrido comentado y show de Diamantina<\/span>\n\t\t\t\t\t\t\t<span class=\"ccp-card__espacio\">Museo C\u00e9sar L\u00f3pez Claro<\/span>\n\t\t\t\t\t\t\t\t\t\t<span class=\"ccp-card__date\">11 de octubre de 2025<\/span>\n\t\t\t\t\t\t\t\t\t\t<span class=\"ccp-card__excerpt\">En el marco de la muestra \u201cAlquiler particular\u201d de la Casa Museo C\u00e9sar L\u00f3pez Claro. \u201cAlquiler particular\u201d llevada adelante por el colectivo \u201cLa Dealer\u201d, presenta una activaci\u00f3n que incluye m\u00fasica en vivo.<\/span>\n\t\t\t\t\t\t<span class=\"ccp-card__action\">Ver propuesta<\/span>\n\t\t<\/span>\n\t<\/button>\n<\/article>\n\t\t\t\t\t<article class=\"ccp-card-wrap\">\n\t<button class=\"ccp-card\" type=\"button\" data-ccp-modal-target=\"ccp-modal-1-31205\" aria-haspopup=\"dialog\">\n\t\t<span class=\"ccp-card__media\">\n\t\t\t\t\t\t\t<img loading=\"lazy\" width=\"768\" height=\"512\" src=\"https:\/\/www.santafeciudad.gov.ar\/capitalcultural\/wp-content\/uploads\/2026\/07\/Copia-de-Alquila-768x512.jpg\" class=\"ccp-card__image wp-post-image\" alt=\"\" style=\"object-position: 50% 50%;\" loading=\"lazy\" decoding=\"async\" srcset=\"https:\/\/www.santafeciudad.gov.ar\/capitalcultural\/wp-content\/uploads\/2026\/07\/Copia-de-Alquila-768x512.jpg 768w, https:\/\/www.santafeciudad.gov.ar\/capitalcultural\/wp-content\/uploads\/2026\/07\/Copia-de-Alquila-300x200.jpg 300w, https:\/\/www.santafeciudad.gov.ar\/capitalcultural\/wp-content\/uploads\/2026\/07\/Copia-de-Alquila-1024x683.jpg 1024w, https:\/\/www.santafeciudad.gov.ar\/capitalcultural\/wp-content\/uploads\/2026\/07\/Copia-de-Alquila-1536x1024.jpg 1536w, https:\/\/www.santafeciudad.gov.ar\/capitalcultural\/wp-content\/uploads\/2026\/07\/Copia-de-Alquila-2048x1365.jpg 2048w\" sizes=\"auto, (max-width: 768px) 100vw, 768px\" \/>\t\t\t\t\t<\/span>\n\t\t<span class=\"ccp-card__content\">\n\t\t\t<span class=\"ccp-card__tags\">\n\t\t\t\t\t\t\t\t\t<span class=\"ccp-tag ccp-tag--categoria\">MUESTRA<\/span>\n\t\t\t\t\t\t\t\t<span class=\"ccp-tag ccp-tag--estado ccp-tag--ya-sucedio\">FINALIZADA<\/span>\n\t\t\t<\/span>\n\t\t\t<span class=\"ccp-card__title\">Alquiler particular<\/span>\n\t\t\t\t\t\t\t<span class=\"ccp-card__espacio\">Museo C\u00e9sar L\u00f3pez Claro<\/span>\n\t\t\t\t\t\t\t\t\t\t<span class=\"ccp-card__date\">Del 23 de agosto al 14 de noviembre de 2025<\/span>\n\t\t\t\t\t\t\t\t\t\t<span class=\"ccp-card__excerpt\">El s\u00e1bado 23 de agosto a las 20 h, La Dealer Colectivo inaugurar\u00e1 la muestra \u201cAlquiler particular\u201d en la Casa Museo C\u00e9sar L\u00f3pez Claro (Piedras 7352). El evento es libre y gratuito.<\/span>\n\t\t\t\t\t\t<span class=\"ccp-card__action\">Ver propuesta<\/span>\n\t\t<\/span>\n\t<\/button>\n<\/article>\n\t\t\t\t\t<article class=\"ccp-card-wrap\">\n\t<button class=\"ccp-card\" type=\"button\" data-ccp-modal-target=\"ccp-modal-1-31202\" aria-haspopup=\"dialog\">\n\t\t<span class=\"ccp-card__media\">\n\t\t\t\t\t\t\t<img loading=\"lazy\" width=\"768\" height=\"431\" src=\"https:\/\/www.santafeciudad.gov.ar\/capitalcultural\/wp-content\/uploads\/2026\/07\/1000060700-768x431.jpg\" class=\"ccp-card__image wp-post-image\" alt=\"\" style=\"object-position: 50% 50%;\" loading=\"lazy\" decoding=\"async\" srcset=\"https:\/\/www.santafeciudad.gov.ar\/capitalcultural\/wp-content\/uploads\/2026\/07\/1000060700-768x431.jpg 768w, https:\/\/www.santafeciudad.gov.ar\/capitalcultural\/wp-content\/uploads\/2026\/07\/1000060700-300x168.jpg 300w, https:\/\/www.santafeciudad.gov.ar\/capitalcultural\/wp-content\/uploads\/2026\/07\/1000060700-1024x574.jpg 1024w, https:\/\/www.santafeciudad.gov.ar\/capitalcultural\/wp-content\/uploads\/2026\/07\/1000060700-1536x861.jpg 1536w, https:\/\/www.santafeciudad.gov.ar\/capitalcultural\/wp-content\/uploads\/2026\/07\/1000060700-2048x1148.jpg 2048w\" sizes=\"auto, (max-width: 768px) 100vw, 768px\" \/>\t\t\t\t\t<\/span>\n\t\t<span class=\"ccp-card__content\">\n\t\t\t<span class=\"ccp-card__tags\">\n\t\t\t\t\t\t\t\t\t<span class=\"ccp-tag ccp-tag--categoria\">ACTIVACI\u00d3N<\/span>\n\t\t\t\t\t\t\t\t<span class=\"ccp-tag ccp-tag--estado ccp-tag--ya-sucedio\">FINALIZADA<\/span>\n\t\t\t<\/span>\n\t\t\t<span class=\"ccp-card__title\">Volverse masa<\/span>\n\t\t\t\t\t\t\t<span class=\"ccp-card__espacio\">Museo C\u00e9sar L\u00f3pez Claro<\/span>\n\t\t\t\t\t\t\t\t\t\t<span class=\"ccp-card__date\">9 de agosto de 2025<\/span>\n\t\t\t\t\t\t\t\t\t\t<span class=\"ccp-card__excerpt\">En el marco del Mes de las Infancias, tendr\u00e1 lugar la actividad \u201cVolverse masa. Realizaci\u00f3n de retratos y personajes en masa de colores\u201d.<\/span>\n\t\t\t\t\t\t<span class=\"ccp-card__action\">Ver propuesta<\/span>\n\t\t<\/span>\n\t<\/button>\n<\/article>\n\t\t\t\t\t<article class=\"ccp-card-wrap\">\n\t<button class=\"ccp-card\" type=\"button\" data-ccp-modal-target=\"ccp-modal-1-31195\" aria-haspopup=\"dialog\">\n\t\t<span class=\"ccp-card__media\">\n\t\t\t\t\t\t\t<img loading=\"lazy\" width=\"768\" height=\"1013\" src=\"https:\/\/www.santafeciudad.gov.ar\/capitalcultural\/wp-content\/uploads\/2026\/07\/FLYER-1-Tsunami-35-x-27-cm-2024-768x1013.jpg\" class=\"ccp-card__image wp-post-image\" alt=\"\" style=\"object-position: 50% 50%;\" loading=\"lazy\" decoding=\"async\" srcset=\"https:\/\/www.santafeciudad.gov.ar\/capitalcultural\/wp-content\/uploads\/2026\/07\/FLYER-1-Tsunami-35-x-27-cm-2024-768x1013.jpg 768w, https:\/\/www.santafeciudad.gov.ar\/capitalcultural\/wp-content\/uploads\/2026\/07\/FLYER-1-Tsunami-35-x-27-cm-2024-227x300.jpg 227w, https:\/\/www.santafeciudad.gov.ar\/capitalcultural\/wp-content\/uploads\/2026\/07\/FLYER-1-Tsunami-35-x-27-cm-2024-776x1024.jpg 776w, https:\/\/www.santafeciudad.gov.ar\/capitalcultural\/wp-content\/uploads\/2026\/07\/FLYER-1-Tsunami-35-x-27-cm-2024-1164x1536.jpg 1164w, https:\/\/www.santafeciudad.gov.ar\/capitalcultural\/wp-content\/uploads\/2026\/07\/FLYER-1-Tsunami-35-x-27-cm-2024-1552x2048.jpg 1552w, https:\/\/www.santafeciudad.gov.ar\/capitalcultural\/wp-content\/uploads\/2026\/07\/FLYER-1-Tsunami-35-x-27-cm-2024-scaled.jpg 1940w\" sizes=\"auto, (max-width: 768px) 100vw, 768px\" \/>\t\t\t\t\t<\/span>\n\t\t<span class=\"ccp-card__content\">\n\t\t\t<span class=\"ccp-card__tags\">\n\t\t\t\t\t\t\t\t\t<span class=\"ccp-tag ccp-tag--categoria\">ACTIVACI\u00d3N<\/span>\n\t\t\t\t\t\t\t\t<span class=\"ccp-tag ccp-tag--estado ccp-tag--ya-sucedio\">FINALIZADA<\/span>\n\t\t\t<\/span>\n\t\t\t<span class=\"ccp-card__title\">Recorrido comentado por la muestra \u201cCuando pase la tormenta\u201d<\/span>\n\t\t\t\t\t\t\t<span class=\"ccp-card__espacio\">Museo C\u00e9sar L\u00f3pez Claro<\/span>\n\t\t\t\t\t\t\t\t\t\t<span class=\"ccp-card__date\">25 de julio de 2025<\/span>\n\t\t\t\t\t\t\t\t\t\t<span class=\"ccp-card__excerpt\">El viernes 25 de julio de 17 a 19 h, tendr\u00e1 lugar en la Casa Museo C\u00e9sar L\u00f3pez Claro (Piedras 7352), un recorrido comentado&hellip;<\/span>\n\t\t\t\t\t\t<span class=\"ccp-card__action\">Ver propuesta<\/span>\n\t\t<\/span>\n\t<\/button>\n<\/article>\n\t\t\t\t\t<article class=\"ccp-card-wrap\">\n\t<button class=\"ccp-card\" type=\"button\" data-ccp-modal-target=\"ccp-modal-1-31188\" aria-haspopup=\"dialog\">\n\t\t<span class=\"ccp-card__media\">\n\t\t\t\t\t\t\t<img loading=\"lazy\" width=\"768\" height=\"970\" src=\"https:\/\/www.santafeciudad.gov.ar\/capitalcultural\/wp-content\/uploads\/2026\/07\/FLYER-2-NO-HAY-MAL-QUE-DURE-MAS-QUE-YO-LAPICERA-SOBRE-TELA-50-X-40-2024-768x970.jpg\" class=\"ccp-card__image wp-post-image\" alt=\"\" style=\"object-position: 50% 50%;\" loading=\"lazy\" decoding=\"async\" srcset=\"https:\/\/www.santafeciudad.gov.ar\/capitalcultural\/wp-content\/uploads\/2026\/07\/FLYER-2-NO-HAY-MAL-QUE-DURE-MAS-QUE-YO-LAPICERA-SOBRE-TELA-50-X-40-2024-768x970.jpg 768w, https:\/\/www.santafeciudad.gov.ar\/capitalcultural\/wp-content\/uploads\/2026\/07\/FLYER-2-NO-HAY-MAL-QUE-DURE-MAS-QUE-YO-LAPICERA-SOBRE-TELA-50-X-40-2024-238x300.jpg 238w, https:\/\/www.santafeciudad.gov.ar\/capitalcultural\/wp-content\/uploads\/2026\/07\/FLYER-2-NO-HAY-MAL-QUE-DURE-MAS-QUE-YO-LAPICERA-SOBRE-TELA-50-X-40-2024-811x1024.jpg 811w, https:\/\/www.santafeciudad.gov.ar\/capitalcultural\/wp-content\/uploads\/2026\/07\/FLYER-2-NO-HAY-MAL-QUE-DURE-MAS-QUE-YO-LAPICERA-SOBRE-TELA-50-X-40-2024-1216x1536.jpg 1216w, https:\/\/www.santafeciudad.gov.ar\/capitalcultural\/wp-content\/uploads\/2026\/07\/FLYER-2-NO-HAY-MAL-QUE-DURE-MAS-QUE-YO-LAPICERA-SOBRE-TELA-50-X-40-2024-1621x2048.jpg 1621w, https:\/\/www.santafeciudad.gov.ar\/capitalcultural\/wp-content\/uploads\/2026\/07\/FLYER-2-NO-HAY-MAL-QUE-DURE-MAS-QUE-YO-LAPICERA-SOBRE-TELA-50-X-40-2024-scaled.jpg 2027w\" sizes=\"auto, (max-width: 768px) 100vw, 768px\" \/>\t\t\t\t\t<\/span>\n\t\t<span class=\"ccp-card__content\">\n\t\t\t<span class=\"ccp-card__tags\">\n\t\t\t\t\t\t\t\t\t<span class=\"ccp-tag ccp-tag--categoria\">MUESTRA<\/span>\n\t\t\t\t\t\t\t\t<span class=\"ccp-tag ccp-tag--estado ccp-tag--ya-sucedio\">FINALIZADA<\/span>\n\t\t\t<\/span>\n\t\t\t<span class=\"ccp-card__title\">Cuando pase la tormenta<\/span>\n\t\t\t\t\t\t\t<span class=\"ccp-card__espacio\">Museo C\u00e9sar L\u00f3pez Claro<\/span>\n\t\t\t\t\t\t\t\t\t\t<span class=\"ccp-card__date\">Del 27 de junio al 14 de agosto de 2025<\/span>\n\t\t\t\t\t\t\t\t\t\t<span class=\"ccp-card__excerpt\">Con la curadur\u00eda de Sof\u00eda Culzoni, el artista Nacho Pautasso inaugurar\u00e1 su muestra \u201cCuando pase la tormenta\u201d el viernes 27 de junio a las 20 h en la Casa Museo C\u00e9sar L\u00f3pez Claro (Piedras 7352) Entrada libre y gratuita.<\/span>\n\t\t\t\t\t\t<span class=\"ccp-card__action\">Ver propuesta<\/span>\n\t\t<\/span>\n\t<\/button>\n<\/article>\n\t\t\t\t\t<article class=\"ccp-card-wrap\">\n\t<button class=\"ccp-card\" type=\"button\" data-ccp-modal-target=\"ccp-modal-1-31185\" aria-haspopup=\"dialog\">\n\t\t<span class=\"ccp-card__media\">\n\t\t\t\t\t\t\t<img loading=\"lazy\" width=\"768\" height=\"960\" src=\"https:\/\/www.santafeciudad.gov.ar\/capitalcultural\/wp-content\/uploads\/2026\/07\/LopezClaro_redes-actmayo01-768x960.png\" class=\"ccp-card__image wp-post-image\" alt=\"\" style=\"object-position: 50% 50%;\" loading=\"lazy\" decoding=\"async\" srcset=\"https:\/\/www.santafeciudad.gov.ar\/capitalcultural\/wp-content\/uploads\/2026\/07\/LopezClaro_redes-actmayo01-768x960.png 768w, https:\/\/www.santafeciudad.gov.ar\/capitalcultural\/wp-content\/uploads\/2026\/07\/LopezClaro_redes-actmayo01-240x300.png 240w, https:\/\/www.santafeciudad.gov.ar\/capitalcultural\/wp-content\/uploads\/2026\/07\/LopezClaro_redes-actmayo01-819x1024.png 819w, https:\/\/www.santafeciudad.gov.ar\/capitalcultural\/wp-content\/uploads\/2026\/07\/LopezClaro_redes-actmayo01.png 1080w\" sizes=\"auto, (max-width: 768px) 100vw, 768px\" \/>\t\t\t\t\t<\/span>\n\t\t<span class=\"ccp-card__content\">\n\t\t\t<span class=\"ccp-card__tags\">\n\t\t\t\t\t\t\t\t\t<span class=\"ccp-tag ccp-tag--categoria\">ACTIVACI\u00d3N<\/span>\n\t\t\t\t\t\t\t\t<span class=\"ccp-tag ccp-tag--estado ccp-tag--ya-sucedio\">FINALIZADA<\/span>\n\t\t\t<\/span>\n\t\t\t<span class=\"ccp-card__title\">Alicia a trav\u00e9s del espejo y Feria Librera y Editorial<\/span>\n\t\t\t\t\t\t\t<span class=\"ccp-card__espacio\">Museo C\u00e9sar L\u00f3pez Claro<\/span>\n\t\t\t\t\t\t\t\t\t\t<span class=\"ccp-card__date\">31 de mayo de 2025<\/span>\n\t\t\t\t\t\t\t\t\t\t<span class=\"ccp-card__excerpt\">Alicia a trav\u00e9s del espejo y Feria Librera y Editorial en una nueva activaci\u00f3n de la muestra \u201cConjurar el Infinito\u201d.\r\n\r\nLa propuesta consiste en la lectura polif\u00f3nica de fragmentos de \u201cAlicia a trav\u00e9s del espejo\u201d y la participaci\u00f3n de la Feria que nuclea a diversas editoriales santafesinas.<\/span>\n\t\t\t\t\t\t<span class=\"ccp-card__action\">Ver propuesta<\/span>\n\t\t<\/span>\n\t<\/button>\n<\/article>\n\t\t\t\t\t<article class=\"ccp-card-wrap\">\n\t<button class=\"ccp-card\" type=\"button\" data-ccp-modal-target=\"ccp-modal-1-31182\" aria-haspopup=\"dialog\">\n\t\t<span class=\"ccp-card__media\">\n\t\t\t\t\t\t\t<img loading=\"lazy\" width=\"768\" height=\"960\" src=\"https:\/\/www.santafeciudad.gov.ar\/capitalcultural\/wp-content\/uploads\/2026\/07\/museoabierto_mf-768x960.jpg\" class=\"ccp-card__image wp-post-image\" alt=\"\" style=\"object-position: 50% 50%;\" loading=\"lazy\" decoding=\"async\" srcset=\"https:\/\/www.santafeciudad.gov.ar\/capitalcultural\/wp-content\/uploads\/2026\/07\/museoabierto_mf-768x960.jpg 768w, https:\/\/www.santafeciudad.gov.ar\/capitalcultural\/wp-content\/uploads\/2026\/07\/museoabierto_mf-240x300.jpg 240w, https:\/\/www.santafeciudad.gov.ar\/capitalcultural\/wp-content\/uploads\/2026\/07\/museoabierto_mf-819x1024.jpg 819w, https:\/\/www.santafeciudad.gov.ar\/capitalcultural\/wp-content\/uploads\/2026\/07\/museoabierto_mf.jpg 1080w\" sizes=\"auto, (max-width: 768px) 100vw, 768px\" \/>\t\t\t\t\t<\/span>\n\t\t<span class=\"ccp-card__content\">\n\t\t\t<span class=\"ccp-card__tags\">\n\t\t\t\t\t\t\t\t\t<span class=\"ccp-tag ccp-tag--categoria\">ACTIVACI\u00d3N<\/span>\n\t\t\t\t\t\t\t\t<span class=\"ccp-tag ccp-tag--estado ccp-tag--ya-sucedio\">FINALIZADA<\/span>\n\t\t\t<\/span>\n\t\t\t<span class=\"ccp-card__title\">Museo Abierto<\/span>\n\t\t\t\t\t\t\t<span class=\"ccp-card__espacio\">Museo C\u00e9sar L\u00f3pez Claro<\/span>\n\t\t\t\t\t\t\t\t\t\t<span class=\"ccp-card__date\">Del 3 al 4 de mayo de 2025<\/span>\n\t\t\t\t\t\t\t\t\t\t<span class=\"ccp-card__excerpt\">Casa Museo C\u00e9sar L\u00f3pez Claro: Museo Abierto en el marco de la 126 Peregrinaci\u00f3n a Guadalupe.<\/span>\n\t\t\t\t\t\t<span class=\"ccp-card__action\">Ver propuesta<\/span>\n\t\t<\/span>\n\t<\/button>\n<\/article>\n\t\t\t\t\t<article class=\"ccp-card-wrap\">\n\t<button class=\"ccp-card\" type=\"button\" data-ccp-modal-target=\"ccp-modal-1-31177\" aria-haspopup=\"dialog\">\n\t\t<span class=\"ccp-card__media\">\n\t\t\t\t\t\t\t<img loading=\"lazy\" width=\"768\" height=\"1152\" src=\"https:\/\/www.santafeciudad.gov.ar\/capitalcultural\/wp-content\/uploads\/2026\/07\/MarcePucci_SC_ConjurarElInfinito_AgustinaMinones_MuseoLopezClaro_28032025_010-768x1152.jpg\" class=\"ccp-card__image wp-post-image\" alt=\"\" style=\"object-position: 50% 50%;\" loading=\"lazy\" decoding=\"async\" srcset=\"https:\/\/www.santafeciudad.gov.ar\/capitalcultural\/wp-content\/uploads\/2026\/07\/MarcePucci_SC_ConjurarElInfinito_AgustinaMinones_MuseoLopezClaro_28032025_010-768x1152.jpg 768w, https:\/\/www.santafeciudad.gov.ar\/capitalcultural\/wp-content\/uploads\/2026\/07\/MarcePucci_SC_ConjurarElInfinito_AgustinaMinones_MuseoLopezClaro_28032025_010-200x300.jpg 200w, https:\/\/www.santafeciudad.gov.ar\/capitalcultural\/wp-content\/uploads\/2026\/07\/MarcePucci_SC_ConjurarElInfinito_AgustinaMinones_MuseoLopezClaro_28032025_010-683x1024.jpg 683w, https:\/\/www.santafeciudad.gov.ar\/capitalcultural\/wp-content\/uploads\/2026\/07\/MarcePucci_SC_ConjurarElInfinito_AgustinaMinones_MuseoLopezClaro_28032025_010-1024x1536.jpg 1024w, https:\/\/www.santafeciudad.gov.ar\/capitalcultural\/wp-content\/uploads\/2026\/07\/MarcePucci_SC_ConjurarElInfinito_AgustinaMinones_MuseoLopezClaro_28032025_010.jpg 1280w\" sizes=\"auto, (max-width: 768px) 100vw, 768px\" \/>\t\t\t\t\t<\/span>\n\t\t<span class=\"ccp-card__content\">\n\t\t\t<span class=\"ccp-card__tags\">\n\t\t\t\t\t\t\t\t\t<span class=\"ccp-tag ccp-tag--categoria\">ACTIVACI\u00d3N<\/span>\n\t\t\t\t\t\t\t\t<span class=\"ccp-tag ccp-tag--estado ccp-tag--ya-sucedio\">FINALIZADA<\/span>\n\t\t\t<\/span>\n\t\t\t<span class=\"ccp-card__title\">La sombra de un reflejo es tambi\u00e9n un reflejo<\/span>\n\t\t\t\t\t\t\t<span class=\"ccp-card__espacio\">Museo C\u00e9sar L\u00f3pez Claro<\/span>\n\t\t\t\t\t\t\t\t\t\t<span class=\"ccp-card__date\">12 de abril de 2025<\/span>\n\t\t\t\t\t\t\t\t\t\t<span class=\"ccp-card__excerpt\">La artista Eme de Melissa explorar\u00e1 diferentes juegos de luces sobre Cristales y Espejos Derramados I y II, instalaciones de Mar\u00eda Agustina Mi\u00f1ones.<\/span>\n\t\t\t\t\t\t<span class=\"ccp-card__action\">Ver propuesta<\/span>\n\t\t<\/span>\n\t<\/button>\n<\/article>\n\t\t\t\t\t<article class=\"ccp-card-wrap\">\n\t<button class=\"ccp-card\" type=\"button\" data-ccp-modal-target=\"ccp-modal-1-31174\" aria-haspopup=\"dialog\">\n\t\t<span class=\"ccp-card__media\">\n\t\t\t\t\t\t\t<img loading=\"lazy\" width=\"768\" height=\"1024\" src=\"https:\/\/www.santafeciudad.gov.ar\/capitalcultural\/wp-content\/uploads\/2026\/07\/Flyer-1-768x1024.jpg\" class=\"ccp-card__image wp-post-image\" alt=\"\" style=\"object-position: 50% 50%;\" loading=\"lazy\" decoding=\"async\" srcset=\"https:\/\/www.santafeciudad.gov.ar\/capitalcultural\/wp-content\/uploads\/2026\/07\/Flyer-1-768x1024.jpg 768w, https:\/\/www.santafeciudad.gov.ar\/capitalcultural\/wp-content\/uploads\/2026\/07\/Flyer-1-225x300.jpg 225w, https:\/\/www.santafeciudad.gov.ar\/capitalcultural\/wp-content\/uploads\/2026\/07\/Flyer-1-1152x1536.jpg 1152w, https:\/\/www.santafeciudad.gov.ar\/capitalcultural\/wp-content\/uploads\/2026\/07\/Flyer-1-1536x2048.jpg 1536w, https:\/\/www.santafeciudad.gov.ar\/capitalcultural\/wp-content\/uploads\/2026\/07\/Flyer-1-scaled.jpg 1920w\" sizes=\"auto, (max-width: 768px) 100vw, 768px\" \/>\t\t\t\t\t<\/span>\n\t\t<span class=\"ccp-card__content\">\n\t\t\t<span class=\"ccp-card__tags\">\n\t\t\t\t\t\t\t\t\t<span class=\"ccp-tag ccp-tag--categoria\">MUESTRA<\/span>\n\t\t\t\t\t\t\t\t<span class=\"ccp-tag ccp-tag--estado ccp-tag--ya-sucedio\">FINALIZADA<\/span>\n\t\t\t<\/span>\n\t\t\t<span class=\"ccp-card__title\">Conjurar el infinito<\/span>\n\t\t\t\t\t\t\t<span class=\"ccp-card__espacio\">Museo C\u00e9sar L\u00f3pez Claro<\/span>\n\t\t\t\t\t\t\t\t\t\t<span class=\"ccp-card__date\">Del 28 de marzo al 20 de junio de 2025<\/span>\n\t\t\t\t\t\t\t\t\t\t<span class=\"ccp-card__excerpt\">La artista visual Agustina Mi\u00f1ones estrena su muestra en la que juega a crear espejos a trav\u00e9s de la aplicaci\u00f3n de grafito puro sobre diversas superficies. La inauguraci\u00f3n ser\u00e1 el viernes 28 de marzo a las 20 horas en la Casa Museo C\u00e9sar L\u00f3pez Claro (Piedras 7352)  y podr\u00e1 visitarse hasta el 20 de junio.<\/span>\n\t\t\t\t\t\t<span class=\"ccp-card__action\">Ver propuesta<\/span>\n\t\t<\/span>\n\t<\/button>\n<\/article>\n\t\t\t<\/div>\n\t\t\t<div id=\"ccp-modal-1-32231\" class=\"ccp-modal\" hidden>\n\t<div class=\"ccp-modal__overlay\" data-ccp-close><\/div>\n\t<div class=\"ccp-modal__dialog\" role=\"dialog\" aria-modal=\"true\" aria-labelledby=\"ccp-modal-1-32231-title\" tabindex=\"-1\">\n\t\t<button class=\"ccp-modal__close\" type=\"button\" aria-label=\"Cerrar\" data-ccp-close>\n\t\t\t<span aria-hidden=\"true\">&times;<\/span>\n\t\t<\/button>\n\t\t<div class=\"ccp-modal__media\">\n\t\t\t\t\t\t\t<img loading=\"lazy\" width=\"2560\" height=\"1710\" src=\"https:\/\/www.santafeciudad.gov.ar\/capitalcultural\/wp-content\/uploads\/2026\/09\/Foto-para-Flyer-scaled.jpg\" class=\"ccp-modal__image wp-post-image\" alt=\"\" style=\"object-position: 50% 50%;\" sizes=\"auto, (max-width: 900px) calc(100vw - 24px), 44vw\" loading=\"lazy\" decoding=\"async\" srcset=\"https:\/\/www.santafeciudad.gov.ar\/capitalcultural\/wp-content\/uploads\/2026\/09\/Foto-para-Flyer-scaled.jpg 2560w, https:\/\/www.santafeciudad.gov.ar\/capitalcultural\/wp-content\/uploads\/2026\/09\/Foto-para-Flyer-300x200.jpg 300w, https:\/\/www.santafeciudad.gov.ar\/capitalcultural\/wp-content\/uploads\/2026\/09\/Foto-para-Flyer-1024x684.jpg 1024w, https:\/\/www.santafeciudad.gov.ar\/capitalcultural\/wp-content\/uploads\/2026\/09\/Foto-para-Flyer-768x513.jpg 768w, https:\/\/www.santafeciudad.gov.ar\/capitalcultural\/wp-content\/uploads\/2026\/09\/Foto-para-Flyer-1536x1026.jpg 1536w, https:\/\/www.santafeciudad.gov.ar\/capitalcultural\/wp-content\/uploads\/2026\/09\/Foto-para-Flyer-2048x1368.jpg 2048w\" \/>\t\t\t\t\t<\/div>\n\t\t<div class=\"ccp-modal__body\">\n\t\t\t<div class=\"ccp-modal__tags\">\n\t\t\t\t\t\t\t\t\t<span class=\"ccp-tag ccp-tag--categoria\">ACTIVACI\u00d3N<\/span>\n\t\t\t\t\t\t\t\t<span class=\"ccp-tag ccp-tag--estado ccp-tag--ya-sucedio\">FINALIZADA<\/span>\n\t\t\t<\/div>\n\t\t\t<h2 id=\"ccp-modal-1-32231-title\" class=\"ccp-modal__title\">Los sue\u00f1os como forma de construir un paisaje<\/h2>\n\t\t\t\t\t\t\t<p class=\"ccp-modal__date\">3 de septiembre de 2026<\/p>\n\t\t\t\t\t\t\t\t\t\t<dl class=\"ccp-modal__details\">\n\t\t\t\t\t\t\t\t\t\t\t<div>\n\t\t\t\t\t\t\t<dt>Horarios<\/dt>\n\t\t\t\t\t\t\t<dd>Jueves 3 de septiembre de 14 a 17 horas<\/dd>\n\t\t\t\t\t\t<\/div>\n\t\t\t\t\t\t\t\t\t\t\t\t\t\t<\/dl>\n\t\t\t\t\t\t<div class=\"ccp-modal__content\">\n\t\t\t\t<p>El taller propone explorar el cruce entre el espacio habitable, la memoria y el paisaje ps\u00edquico a trav\u00e9s de la pr\u00e1ctica pict\u00f3rica.<\/p>\n<p>En el marco de la muestra \u201cLa dulzura inm\u00f3vil de ciertos encierros\u201d, la artista visual Luciana R\u00edmini coordinar\u00e1 una activaci\u00f3n bajo el formato taller de pintura destinado a j\u00f3venes mayores de 16 a\u00f1os y adultos. La actividad se llevar\u00e1 a cabo el jueves 3 de septiembre, de 14 a 17 h, en las instalaciones del Museo C\u00e9sar L\u00f3pez Claro (Piedras 7352). La propuesta, que incluye materiales, es libre y gratuita pero cuenta con un cupo limitado de 15 participantes y requiere inscripci\u00f3n previa enviando un correo a museo.lopezclaro@santafeciudad.gov.ar.<\/p>\n<p>Sobre la exposici\u00f3n y las muestras en sala<\/p>\n<p>\u201cLa dulzura inm\u00f3vil de ciertos encierros\u201d re\u00fane una serie de \u00f3leos sobre lienzo y estructuras de hierro pintadas con esmalte sint\u00e9tico. Seg\u00fan el curador de la muestra, C\u00e9sar N\u00fa\u00f1ez, la obra explora c\u00f3mo la casa deja de ser solo un espacio de protecci\u00f3n para convertirse en una estructura ps\u00edquica donde la suavidad crom\u00e1tica convive con una intensidad afectiva ambigua.<\/p>\n<p>Esta exhibici\u00f3n se presenta en di\u00e1logo con \u201cNeog\u00f3tica popular\u201d, de Juan Manuel Preti, tambi\u00e9n curada por N\u00fa\u00f1ez. Ambos artistas formaron parte del Programa de Becas de formaci\u00f3n para artistas visuales contempor\u00e1neos de la Secretar\u00eda de Cultura de la Municipalidad de Santa Fe, desarrollado en el Centro Experimental del Color.<\/p>\n<p>Ambas muestras pueden visitarse con entrada libre y gratuita hasta el viernes 4 de septiembre, en el horario de 9 a 12 h.<\/p>\n<p>Sobre Luciana R\u00edmini<\/p>\n<p>Nacida en Santa Fe (1997), R\u00edmini se form\u00f3 en la Escuela Provincial de Artes Visuales Profesor Juan Mantovani. Ha participado en residencias e instancias formativas como el taller Inminente Ediciones (con la participaci\u00f3n de Gabriel Valansi), la residencia P\u00farpura en Punta del Este (Uruguay) y el programa de Becas de Cultura de Santa Fe, cl\u00ednica a cargo de referentes como Rafael Cippolini, Andr\u00e9s Labak\u00e9 y Diego Bianchi. Integrante del colectivo de arte contempor\u00e1neo 500 el liso, ha exhibido su trabajo en +Feria Santa Fe, ArteCo Corrientes, Feria 362 de Resistencia y el MAC de C\u00f3rdoba. Actualmente se capacita en conservaci\u00f3n de papel con Felisa Lovaglio, asiste a la Cl\u00ednica de Obra de C\u00e9sar N\u00fa\u00f1ez y forma parte del taller P\u00farpura Proyecto.<\/p>\n\t\t\t<\/div>\n\t\t\t\t\t<\/div>\n\t<\/div>\n<\/div>\n\t\t\t<div id=\"ccp-modal-1-32182\" class=\"ccp-modal\" hidden>\n\t<div class=\"ccp-modal__overlay\" data-ccp-close><\/div>\n\t<div class=\"ccp-modal__dialog\" role=\"dialog\" aria-modal=\"true\" aria-labelledby=\"ccp-modal-1-32182-title\" tabindex=\"-1\">\n\t\t<button class=\"ccp-modal__close\" type=\"button\" aria-label=\"Cerrar\" data-ccp-close>\n\t\t\t<span aria-hidden=\"true\">&times;<\/span>\n\t\t<\/button>\n\t\t<div class=\"ccp-modal__media\">\n\t\t\t\t\t\t\t<img loading=\"lazy\" width=\"591\" height=\"705\" src=\"https:\/\/www.santafeciudad.gov.ar\/capitalcultural\/wp-content\/uploads\/2026\/08\/10.jpg\" class=\"ccp-modal__image wp-post-image\" alt=\"\" style=\"object-position: 50% 50%;\" sizes=\"auto, (max-width: 900px) calc(100vw - 24px), 44vw\" loading=\"lazy\" decoding=\"async\" srcset=\"https:\/\/www.santafeciudad.gov.ar\/capitalcultural\/wp-content\/uploads\/2026\/08\/10.jpg 591w, https:\/\/www.santafeciudad.gov.ar\/capitalcultural\/wp-content\/uploads\/2026\/08\/10-251x300.jpg 251w\" \/>\t\t\t\t\t<\/div>\n\t\t<div class=\"ccp-modal__body\">\n\t\t\t<div class=\"ccp-modal__tags\">\n\t\t\t\t\t\t\t\t\t<span class=\"ccp-tag ccp-tag--categoria\">TALLER<\/span>\n\t\t\t\t\t\t\t\t<span class=\"ccp-tag ccp-tag--estado ccp-tag--ya-sucedio\">FINALIZADA<\/span>\n\t\t\t<\/div>\n\t\t\t<h2 id=\"ccp-modal-1-32182-title\" class=\"ccp-modal__title\">Soy Clementina<\/h2>\n\t\t\t\t\t\t\t<p class=\"ccp-modal__date\">29 de agosto de 2026<\/p>\n\t\t\t\t\t\t\t\t\t\t<dl class=\"ccp-modal__details\">\n\t\t\t\t\t\t\t\t\t\t\t<div>\n\t\t\t\t\t\t\t<dt>Horarios<\/dt>\n\t\t\t\t\t\t\t<dd>S\u00e1bado 29 de agosto, de 14 a 17 horas<\/dd>\n\t\t\t\t\t\t<\/div>\n\t\t\t\t\t\t\t\t\t\t\t\t\t\t<\/dl>\n\t\t\t\t\t\t<div class=\"ccp-modal__content\">\n\t\t\t\t<p>En el marco de la muestra \u201cNeog\u00f3tica Popular\u201d, el Museo C\u00e9sar L\u00f3pez Claro invita a la comunidad a participar del taller de modelado en porcelana fr\u00eda \u201cSoy Clementina\u201d, dictado por el artista Juan Manuel Preti. La propuesta se llevar\u00e1 a cabo el s\u00e1bado 29 de agosto, de 14 a 17 h, en la sede del museo (Piedras 7352) con inscripci\u00f3n previa al correo museo.lopezclaro@santafeciudad.gov.ar, dado que posee un cupo limitado de 15 participantes.<\/p>\n<p>El taller propone un espacio de producci\u00f3n y exploraci\u00f3n creativa donde cada participante podr\u00e1 dise\u00f1ar y moldear su propio personaje o alter ego, tomando como punto de partida las tem\u00e1ticas y la est\u00e9tica que articulan la obra de Preti. La actividad est\u00e1 dirigida a adolescentes y adultos mayores de 16 a\u00f1os y no requiere conocimientos previos en modelado ni escultura.<\/p>\n<p>Un cruce entre el terror, la devoci\u00f3n y la cultura pop<\/p>\n<p>La capacitaci\u00f3n se conecta directamente con la exposici\u00f3n \u201cNeog\u00f3tica Popular\u201d, actualmente exhibida en la Sala Litoral del Museo. En esta muestra, Preti despliega un universo visual h\u00edbrido \u2014a medio camino entre la liturgia pagana, el velorio y el dormitorio adolescente\u2014 donde la pintura, la cer\u00e1mica y la porcelana fr\u00eda dialogan con referencias al terror cotidiano, la imaginer\u00eda religiosa y la cultura pop de los a\u00f1os 90 y 2000.<\/p>\n<p>A trav\u00e9s del trabajo con la porcelana fr\u00eda, el taller invita a abordar conceptos como la identidad, el paso a la adultez y los recuerdos de la infancia desde una perspectiva cr\u00edtica y l\u00fadica.<\/p>\n\t\t\t<\/div>\n\t\t\t\t\t<\/div>\n\t<\/div>\n<\/div>\n\t\t\t<div id=\"ccp-modal-1-31231\" class=\"ccp-modal\" hidden>\n\t<div class=\"ccp-modal__overlay\" data-ccp-close><\/div>\n\t<div class=\"ccp-modal__dialog\" role=\"dialog\" aria-modal=\"true\" aria-labelledby=\"ccp-modal-1-31231-title\" tabindex=\"-1\">\n\t\t<button class=\"ccp-modal__close\" type=\"button\" aria-label=\"Cerrar\" data-ccp-close>\n\t\t\t<span aria-hidden=\"true\">&times;<\/span>\n\t\t<\/button>\n\t\t<div class=\"ccp-modal__media\">\n\t\t\t\t\t\t\t<img loading=\"lazy\" width=\"2550\" height=\"2560\" src=\"https:\/\/www.santafeciudad.gov.ar\/capitalcultural\/wp-content\/uploads\/2026\/07\/FLYER-1-1-scaled.jpg\" class=\"ccp-modal__image wp-post-image\" alt=\"\" style=\"object-position: 50% 50%;\" sizes=\"auto, (max-width: 900px) calc(100vw - 24px), 44vw\" loading=\"lazy\" decoding=\"async\" srcset=\"https:\/\/www.santafeciudad.gov.ar\/capitalcultural\/wp-content\/uploads\/2026\/07\/FLYER-1-1-scaled.jpg 2550w, https:\/\/www.santafeciudad.gov.ar\/capitalcultural\/wp-content\/uploads\/2026\/07\/FLYER-1-1-300x300.jpg 300w, https:\/\/www.santafeciudad.gov.ar\/capitalcultural\/wp-content\/uploads\/2026\/07\/FLYER-1-1-1020x1024.jpg 1020w, https:\/\/www.santafeciudad.gov.ar\/capitalcultural\/wp-content\/uploads\/2026\/07\/FLYER-1-1-150x150.jpg 150w, https:\/\/www.santafeciudad.gov.ar\/capitalcultural\/wp-content\/uploads\/2026\/07\/FLYER-1-1-768x771.jpg 768w, https:\/\/www.santafeciudad.gov.ar\/capitalcultural\/wp-content\/uploads\/2026\/07\/FLYER-1-1-1530x1536.jpg 1530w, https:\/\/www.santafeciudad.gov.ar\/capitalcultural\/wp-content\/uploads\/2026\/07\/FLYER-1-1-2040x2048.jpg 2040w\" \/>\t\t\t\t\t<\/div>\n\t\t<div class=\"ccp-modal__body\">\n\t\t\t<div class=\"ccp-modal__tags\">\n\t\t\t\t\t\t\t\t\t<span class=\"ccp-tag ccp-tag--categoria\">MUESTRA<\/span>\n\t\t\t\t\t\t\t\t<span class=\"ccp-tag ccp-tag--estado ccp-tag--activa\">ACTIVA<\/span>\n\t\t\t<\/div>\n\t\t\t<h2 id=\"ccp-modal-1-31231-title\" class=\"ccp-modal__title\">Neog\u00f3tica popular y La dulzura inm\u00f3vil de ciertos encierros<\/h2>\n\t\t\t\t\t\t\t<p class=\"ccp-modal__date\">Del 27 de julio al 4 de septiembre de 2026<\/p>\n\t\t\t\t\t\t\t\t\t\t<dl class=\"ccp-modal__details\">\n\t\t\t\t\t\t\t\t\t\t\t<div>\n\t\t\t\t\t\t\t<dt>Horarios<\/dt>\n\t\t\t\t\t\t\t<dd>Lunes a viernes de 9 a 12 horas<\/dd>\n\t\t\t\t\t\t<\/div>\n\t\t\t\t\t\t\t\t\t\t\t\t\t\t<\/dl>\n\t\t\t\t\t\t<div class=\"ccp-modal__content\">\n\t\t\t\t<p>Las muestras \u201cNeog\u00f3tica popular\u201d de Juan Manuel Preti y \u201cLa dulzura inm\u00f3vil de ciertos encierros\u201d de Luciana R\u00edmini se inaugurar\u00e1n en la Casa Museo C\u00e9sar L\u00f3pez Claro el viernes 17 de julio a las 19 h con entrada libre y gratuita. Ambas exhibiciones cuentan con la curadur\u00eda de Cesar N\u00fa\u00f1ez.<\/p>\n<p>Los dos expositores participaron del Programa de Becas de formaci\u00f3n para artistas visuales contempor\u00e1neos organizado por la Secretar\u00eda de Cultura de la ciudad de Santa Fe y desarrollado en el Centro Experimental del Color. Las muestras podr\u00e1n visitarse hasta el viernes 4 de septiembre de 9 a 12 h. Cabe aclarar que en el marco de \u00a1Tochi!, la propuesta de los museos de la ciudad para las vacaciones de invierno, la muestra ampl\u00eda sus d\u00edas y horarios de visita pudiendo recorrerse del 20 al 25 de julio de 9 a 13 y el s\u00e1bado 20 de 14 a 17 h.<br \/>\nSobre \u201cNeog\u00f3tica Popular\u201d<br \/>\nLa muestra \u201cNeog\u00f3tica Popular\u201d de Juan Manuel Preti se exhibe en la Sala Litoral de de la Casa Museo L\u00f3pez Claro y est\u00e1 compuesta por obras en bidimensi\u00f3n y tridimensi\u00f3n, acr\u00edlicos sobre tela, esculturas de porcelana fr\u00eda pintadas con acr\u00edlicos y cer\u00e1mica esmaltada.<\/p>\n<p>En \u201cNeog\u00f3tica Popular\u201d, Juan Manuel Preti construye un universo visual donde la pintura dialoga con el terror, la imaginer\u00eda religiosa y la cultura pop dosmilera para hablar de la infancia, el paso a la adultez y la identidad.<\/p>\n<p>La muestra se desarrolla como una ceremonia h\u00edbrida, a medio camino entre el velorio, la liturgia pagana y el dormitorio adolescente, donde los recuerdos personales se entrelazan con s\u00edmbolos colectivos y referencias culturales. Aqu\u00ed, lo &#8220;g\u00f3tico&#8221; se revisita desde una sensibilidad popular y latinoamericana. El terror no se representa en castillos medievales ni paisajes sombr\u00edos, sino en espacios cotidianos marcados por el ritual, la extra\u00f1eza y la superstici\u00f3n. As\u00ed, el imaginario religioso se contamina con referencias ir\u00f3nicas a la televisi\u00f3n, internet y la cultura adolescente de los 90 y 2000, uniendo lo sagrado con lo popular y profano.<\/p>\n<p>El hilo conductor de este relato es Clementina, personaje arquet\u00edpico y alter ego del artista. Clementina atraviesa una constante metamorfosis: su cuerpo y su identidad oscilan entre la ni\u00f1ez y la adolescencia, entre la inocencia y lo monstruoso, entre lo humano y lo inclasificable. Funciona como un espejo para explorar el miedo, el deseo y la incomodidad de crecer sinti\u00e9ndose diferente. Siguiendo esta l\u00ednea, Preti se apropia de una est\u00e9tica en apariencia infantil, pero le abre grietas por donde asoma algo inquietante.<\/p>\n<p>La muestra tambi\u00e9n propone una reflexi\u00f3n sobre la experiencia queer. El despertar de la identidad aparece ligado a sentimientos contradictorios de culpa, fascinaci\u00f3n, deseo y aislamiento, todo traducido en cuerpos que mutan, acerc\u00e1ndose a lo monstruoso. En este sentido, la monstruosidad deja de ser una condena y pasa a ser una herramienta de resistencia y transformaci\u00f3n, una manera de existir fuera de lo normativo.<br \/>\nSobre Juan Manuel Preti<br \/>\nDesde ni\u00f1o particip\u00f3 en talleres de dibujo e historieta. Estudi\u00f3 Arquitectura en la Universidad Nacional del Litoral, donde se gradu\u00f3 en el a\u00f1o 2020. Paralelamente explor\u00f3 disciplinas como el teatro, la ilustraci\u00f3n y la pintura, trabajando principalmente con acuarela y acr\u00edlico. Desde 2023 desarrolla su pr\u00e1ctica como artista visual, participando en muestras individuales y colectivas, programas de formaci\u00f3n para artistas contempor\u00e1neos, residencias y ferias de arte. Ese mismo a\u00f1o present\u00f3 la exposici\u00f3n individual Basura Blanca en la Alianza Francesa de Santa Fe. En 2024 realiz\u00f3 la exposici\u00f3n individual Mi Primera Vez en el Centro Cultural Provincial. En 2025 obtuvo la beca del Programa de Formaci\u00f3n para Artistas Visuales Contempor\u00e1neos del Centro Experimental del Color y particip\u00f3 de la Residencia para Artistas de Proyecto P\u00farpura en Punta del Este, Uruguay, coordinada por C\u00e9sar N\u00fa\u00f1ez. En 2026 integr\u00f3 una exposici\u00f3n colectiva curada por Rafael Cippolini en el Centro Experimental del Color. Actualmente combina su trabajo como arquitecto y artista, y coordina un taller de arte centrado en la exploraci\u00f3n creativa y el acompa\u00f1amiento de procesos personales.<\/p>\n<p>Sobre \u201cLa dulzura inm\u00f3vil de ciertos encierros\u201d<\/p>\n<p>\u201cLa dulzura inm\u00f3vil de ciertos encierros\u201dde Luciana R\u00edmini, se compone de \u00f3leos sobre lienzo y estructuras de hierro pintadas con esmalte sint\u00e9tico. En el texto curatorial de la obra, C\u00e9sar N\u00fa\u00f1ez expresa: \u201cEn la obra de Luciana Rimini la casa deja de pertenecer al territorio de la protecci\u00f3n para transformarse en una estructura ps\u00edquica atravesada por el deseo y la fijaci\u00f3n emocional. Las im\u00e1genes construyen interiores donde la suavidad crom\u00e1tica convive con una intensidad afectiva que impregna cada superficie. Rejas ornamentales, colores pasteles y formas ligadas a una sensibilidad infantil organizan un universo visual donde el refugio adquiere una densidad ambigua. La pintura trabaja sobre aquellos mecanismos emocionales que convierten ciertos espacios en territorios imposibles de abandonar\u201d<\/p>\n<p>Sobre Luciana R\u00edmini<br \/>\nLuciana R\u00edmini naci\u00f3 en Santa Fe en 1997. Se form\u00f3 en la Escuela Provincial de Artes Visuales Profesor Juan Mantovani. Particip\u00f3 del taller \u201cModos de retratar\u201d a cargo de Aim\u00e9 Luna y Raquel Minetti en el Museo La Josefa. En enero y julio 2025 y enero 2026 particip\u00f3 de las residencias para artistas del taller Inminente Ediciones, que cont\u00f3 con la participaci\u00f3n especial de Gabriel Valansi. Form\u00f3 parte de la residencia de artistas de P\u00farpura, edici\u00f3n 2025 en Punta del Este, Uruguay. Fue participante del programa de Becas de Cultura de la ciudad de Santa Fe que consist\u00eda en cl\u00ednica y talleres a cargo de Rafael Cippolini, Andres Labak\u00e9, Diego Bianchi, entre otros. Fue seleccionada en la convocatoria 27 del Sal\u00f3n \u00c1ngel Nard\u00edn en Avellaneda, Santa Fe. Forma parte del colectivo de arte contempor\u00e1neo 500 el liso, con el cual particip\u00f3 en +Feria Santa Fe, en ArteCo Corrientes, la feria internacional 362 de Resistencia, Chaco y en el MAC de C\u00f3rdoba. Desde 2024 hasta la actualidad se capacita en conservaci\u00f3n y restauraci\u00f3n de papel con Felisa Lovaglio y asiste a la Cl\u00ednica de Obra del artista C\u00e9sar N\u00fa\u00f1ez. Desde junio del 2026 forma parte del taller de arte P\u00farpura proyecto.<\/p>\n\t\t\t<\/div>\n\t\t\t\t\t<\/div>\n\t<\/div>\n<\/div>\n\t\t\t<div id=\"ccp-modal-1-32229\" class=\"ccp-modal\" hidden>\n\t<div class=\"ccp-modal__overlay\" data-ccp-close><\/div>\n\t<div class=\"ccp-modal__dialog\" role=\"dialog\" aria-modal=\"true\" aria-labelledby=\"ccp-modal-1-32229-title\" tabindex=\"-1\">\n\t\t<button class=\"ccp-modal__close\" type=\"button\" aria-label=\"Cerrar\" data-ccp-close>\n\t\t\t<span aria-hidden=\"true\">&times;<\/span>\n\t\t<\/button>\n\t\t<div class=\"ccp-modal__media\">\n\t\t\t\t\t\t\t<img loading=\"lazy\" width=\"1707\" height=\"2560\" src=\"https:\/\/www.santafeciudad.gov.ar\/capitalcultural\/wp-content\/uploads\/2026\/08\/Imagen-para-Flyer-scaled.jpg\" class=\"ccp-modal__image wp-post-image\" alt=\"\" style=\"object-position: 50% 50%;\" sizes=\"auto, (max-width: 900px) calc(100vw - 24px), 44vw\" loading=\"lazy\" decoding=\"async\" srcset=\"https:\/\/www.santafeciudad.gov.ar\/capitalcultural\/wp-content\/uploads\/2026\/08\/Imagen-para-Flyer-scaled.jpg 1707w, https:\/\/www.santafeciudad.gov.ar\/capitalcultural\/wp-content\/uploads\/2026\/08\/Imagen-para-Flyer-200x300.jpg 200w, https:\/\/www.santafeciudad.gov.ar\/capitalcultural\/wp-content\/uploads\/2026\/08\/Imagen-para-Flyer-683x1024.jpg 683w, https:\/\/www.santafeciudad.gov.ar\/capitalcultural\/wp-content\/uploads\/2026\/08\/Imagen-para-Flyer-768x1152.jpg 768w, https:\/\/www.santafeciudad.gov.ar\/capitalcultural\/wp-content\/uploads\/2026\/08\/Imagen-para-Flyer-1024x1536.jpg 1024w, https:\/\/www.santafeciudad.gov.ar\/capitalcultural\/wp-content\/uploads\/2026\/08\/Imagen-para-Flyer-1365x2048.jpg 1365w\" \/>\t\t\t\t\t<\/div>\n\t\t<div class=\"ccp-modal__body\">\n\t\t\t<div class=\"ccp-modal__tags\">\n\t\t\t\t\t\t\t\t\t<span class=\"ccp-tag ccp-tag--categoria\">MUESTRA<\/span>\n\t\t\t\t\t\t\t\t<span class=\"ccp-tag ccp-tag--estado ccp-tag--proximamente\">PR\u00d3XIMAMENTE<\/span>\n\t\t\t<\/div>\n\t\t\t<h2 id=\"ccp-modal-1-32229-title\" class=\"ccp-modal__title\">De hilos y trapos<\/h2>\n\t\t\t\t\t\t\t<p class=\"ccp-modal__date\">Del 10 de septiembre al 28 de noviembre de 2026<\/p>\n\t\t\t\t\t\t\t\t\t<div class=\"ccp-modal__content\">\n\t\t\t\t<p>La propuesta re\u00fane un corpus de m\u00e1s de 20 obras que exploran las posibilidades expresivas de los materiales cotidianos.<\/p>\n<p>El jueves 10 de septiembre a las 19:30 horas, el Museo C\u00e9sar L\u00f3pez Claro (Piedras 7352) abrir\u00e1 sus puertas para la inauguraci\u00f3n de \u201cDe hilos y trapos\u201d, la nueva exposici\u00f3n de la artista visual Alva Soratti, con curadur\u00eda de Lucila Fosco. La entrada es libre y gratuita.<\/p>\n<p>La propuesta re\u00fane un corpus de m\u00e1s de 20 obras que exploran las posibilidades expresivas de los materiales cotidianos. A trav\u00e9s de bordados a mano sobre diversos g\u00e9neros textiles, la artista construye tramas minuciosas que dialogan con piezas escult\u00f3ricas cer\u00e1micas y de t\u00e9cnica mixta en peque\u00f1o formato.<br \/>\nSobre Alva Soratti<\/p>\n<p>Alva Soratti es una destacada artista pl\u00e1stica santafesina, reconocida en el \u00e1mbito regional como una de las creadoras m\u00e1s innovadoras y vers\u00e1tiles de su generaci\u00f3n.<\/p>\n<p>Se destaca significativamente en el campo de las artes visuales por ser una de las pioneras en la utilizaci\u00f3n y experimentaci\u00f3n con el polif\u00e1n (poliestireno extruido), un material que adapt\u00f3 con \u00e9xito para la creaci\u00f3n de relieves, texturas y estructuras tridimensionales en sus obras.<\/p>\n<p>Su producci\u00f3n abarca una amplia gama de soportes que incluyen la pintura, escultura, cer\u00e1mica y la creaci\u00f3n de objetos. Su lenguaje transita frecuentemente el arte abstracto y la exploraci\u00f3n de figuras figurativas con fuertes cargas conceptuales.<\/p>\n\t\t\t<\/div>\n\t\t\t\t\t<\/div>\n\t<\/div>\n<\/div>\n\t\t\t<div id=\"ccp-modal-1-31234\" class=\"ccp-modal\" hidden>\n\t<div class=\"ccp-modal__overlay\" data-ccp-close><\/div>\n\t<div class=\"ccp-modal__dialog\" role=\"dialog\" aria-modal=\"true\" aria-labelledby=\"ccp-modal-1-31234-title\" tabindex=\"-1\">\n\t\t<button class=\"ccp-modal__close\" type=\"button\" aria-label=\"Cerrar\" data-ccp-close>\n\t\t\t<span aria-hidden=\"true\">&times;<\/span>\n\t\t<\/button>\n\t\t<div class=\"ccp-modal__media\">\n\t\t\t\t\t\t\t<img loading=\"lazy\" width=\"2048\" height=\"1365\" src=\"https:\/\/www.santafeciudad.gov.ar\/capitalcultural\/wp-content\/uploads\/2026\/07\/Al-Pan-Pan-3-rotated.jpg\" class=\"ccp-modal__image wp-post-image\" alt=\"\" style=\"object-position: 50% 50%;\" sizes=\"auto, (max-width: 900px) calc(100vw - 24px), 44vw\" loading=\"lazy\" decoding=\"async\" srcset=\"https:\/\/www.santafeciudad.gov.ar\/capitalcultural\/wp-content\/uploads\/2026\/07\/Al-Pan-Pan-3-rotated.jpg 2048w, https:\/\/www.santafeciudad.gov.ar\/capitalcultural\/wp-content\/uploads\/2026\/07\/Al-Pan-Pan-3-300x200.jpg 300w, https:\/\/www.santafeciudad.gov.ar\/capitalcultural\/wp-content\/uploads\/2026\/07\/Al-Pan-Pan-3-1024x683.jpg 1024w, https:\/\/www.santafeciudad.gov.ar\/capitalcultural\/wp-content\/uploads\/2026\/07\/Al-Pan-Pan-3-768x512.jpg 768w, https:\/\/www.santafeciudad.gov.ar\/capitalcultural\/wp-content\/uploads\/2026\/07\/Al-Pan-Pan-3-1536x1024.jpg 1536w\" \/>\t\t\t\t\t<\/div>\n\t\t<div class=\"ccp-modal__body\">\n\t\t\t<div class=\"ccp-modal__tags\">\n\t\t\t\t\t\t\t\t\t<span class=\"ccp-tag ccp-tag--categoria\">ACTIVACI\u00d3N<\/span>\n\t\t\t\t\t\t\t\t<span class=\"ccp-tag ccp-tag--estado ccp-tag--ya-sucedio\">FINALIZADA<\/span>\n\t\t\t<\/div>\n\t\t\t<h2 id=\"ccp-modal-1-31234-title\" class=\"ccp-modal__title\">Vacaciones de Invierno en la Ciudad<\/h2>\n\t\t\t\t\t\t\t<p class=\"ccp-modal__date\">Del 1 al 27 de julio de 2026<\/p>\n\t\t\t\t\t\t\t\t\t<div class=\"ccp-modal__content\">\n\t\t\t\t<p>Durante las vacaciones de invierno, la Secretar\u00eda de Cultura de la Municipalidad invita a disfrutar propuestas para infancias, familias y p\u00fablico general en museos, salas y espacios culturales de la ciudad. La programaci\u00f3n incluye funciones de t\u00edteres, teatro, circo, m\u00fasica, talleres, recorridos, muestras y actividades participativas con entrada libre y gratuita o acceso seg\u00fan disponibilidad de cada espacio.<\/p>\n\t\t\t<\/div>\n\t\t\t\t\t\t\t<a class=\"ccp-modal__button\" href=\"https:\/\/www.santafeciudad.gov.ar\/capitalcultural\/vacacionesdeinvierno\/\" target=\"_blank\" rel=\"noopener noreferrer\">\n\t\t\t\t\tM\u00e1s informaci\u00f3n\t\t\t\t<\/a>\n\t\t\t\t\t<\/div>\n\t<\/div>\n<\/div>\n\t\t\t<div id=\"ccp-modal-1-31228\" class=\"ccp-modal\" hidden>\n\t<div class=\"ccp-modal__overlay\" data-ccp-close><\/div>\n\t<div class=\"ccp-modal__dialog\" role=\"dialog\" aria-modal=\"true\" aria-labelledby=\"ccp-modal-1-31228-title\" tabindex=\"-1\">\n\t\t<button class=\"ccp-modal__close\" type=\"button\" aria-label=\"Cerrar\" data-ccp-close>\n\t\t\t<span aria-hidden=\"true\">&times;<\/span>\n\t\t<\/button>\n\t\t<div class=\"ccp-modal__media\">\n\t\t\t\t\t\t\t<img loading=\"lazy\" width=\"2560\" height=\"1751\" src=\"https:\/\/www.santafeciudad.gov.ar\/capitalcultural\/wp-content\/uploads\/2026\/07\/Y-LA-BALSA-VA-scaled.jpg\" class=\"ccp-modal__image wp-post-image\" alt=\"\" style=\"object-position: 50% 50%;\" sizes=\"auto, (max-width: 900px) calc(100vw - 24px), 44vw\" loading=\"lazy\" decoding=\"async\" srcset=\"https:\/\/www.santafeciudad.gov.ar\/capitalcultural\/wp-content\/uploads\/2026\/07\/Y-LA-BALSA-VA-scaled.jpg 2560w, https:\/\/www.santafeciudad.gov.ar\/capitalcultural\/wp-content\/uploads\/2026\/07\/Y-LA-BALSA-VA-300x205.jpg 300w, https:\/\/www.santafeciudad.gov.ar\/capitalcultural\/wp-content\/uploads\/2026\/07\/Y-LA-BALSA-VA-1024x700.jpg 1024w, https:\/\/www.santafeciudad.gov.ar\/capitalcultural\/wp-content\/uploads\/2026\/07\/Y-LA-BALSA-VA-768x525.jpg 768w, https:\/\/www.santafeciudad.gov.ar\/capitalcultural\/wp-content\/uploads\/2026\/07\/Y-LA-BALSA-VA-1536x1050.jpg 1536w, https:\/\/www.santafeciudad.gov.ar\/capitalcultural\/wp-content\/uploads\/2026\/07\/Y-LA-BALSA-VA-2048x1401.jpg 2048w\" \/>\t\t\t\t\t<\/div>\n\t\t<div class=\"ccp-modal__body\">\n\t\t\t<div class=\"ccp-modal__tags\">\n\t\t\t\t\t\t\t\t\t<span class=\"ccp-tag ccp-tag--categoria\">MUESTRA<\/span>\n\t\t\t\t\t\t\t\t<span class=\"ccp-tag ccp-tag--estado ccp-tag--ya-sucedio\">FINALIZADA<\/span>\n\t\t\t<\/div>\n\t\t\t<h2 id=\"ccp-modal-1-31228-title\" class=\"ccp-modal__title\">Confluencias<\/h2>\n\t\t\t\t\t\t\t<p class=\"ccp-modal__date\">Del 8 de mayo al 26 de junio de 2026<\/p>\n\t\t\t\t\t\t\t\t\t\t<dl class=\"ccp-modal__details\">\n\t\t\t\t\t\t\t\t\t\t\t<div>\n\t\t\t\t\t\t\t<dt>Horarios<\/dt>\n\t\t\t\t\t\t\t<dd>Lunes a viernes de 9 a 12 horas<\/dd>\n\t\t\t\t\t\t<\/div>\n\t\t\t\t\t\t\t\t\t\t\t\t\t\t<\/dl>\n\t\t\t\t\t\t<div class=\"ccp-modal__content\">\n\t\t\t\t<p>El pr\u00f3ximo viernes 8 de mayo, a las 20 h, la Casa Museo C\u00e9sar L\u00f3pez Claro (Piedras 7352) abrir\u00e1 sus puertas para presentar &#8220;Confluencias&#8221;, una exposici\u00f3n del artista Mart\u00edn Bustamante. La muestra propone un cruce generacional y est\u00e9tico donde la producci\u00f3n contempor\u00e1nea se encuentra con el patrimonio hist\u00f3rico de la ciudad.<\/p>\n<p>En esta oportunidad, Bustamante asume un doble rol: adem\u00e1s de exhibir su producci\u00f3n personal, realiza un exhaustivo trabajo curatorial al seleccionar e incorporar a la puesta cinco pinturas de C\u00e9sar L\u00f3pez Claro (\u00f3leos sobre lienzo). Estas piezas fueron puestas en valor por el equipo de conservaci\u00f3n y restauraci\u00f3n de Museos Municipales, permitiendo un di\u00e1logo fluido con las obras actuales.<\/p>\n<p>Sobre el concepto de la exhibici\u00f3n, Bustamante afirma: \u201cEsta muestra re\u00fane obras realizadas en diferentes momentos de mi trayectoria. No siguen un orden cronol\u00f3gico: se disponen, m\u00e1s bien, como un tejido de relaciones posibles, como un di\u00e1logo que atraviesa el tiempo. He incorporado pinturas de L\u00f3pez Claro en las que reconoc\u00ed resonancias con mi propio proceso creativo\u201d.<\/p>\n<p>La exhibici\u00f3n<\/p>\n<p>La puesta en sala se compone de siete obras propias realizadas en diversas t\u00e9cnicas como \u00f3leos, acr\u00edlicos y mixtas sobre tela y PVC; tres obras de pintura digital exhibidas en pantallas de alta tecnolog\u00eda, integrando nuevos lenguajes al espacio del museo, y cinco obras patrimoniales: \u00d3leos de C\u00e9sar L\u00f3pez Claro que act\u00faan como espejo y referencia de la herencia cultural local.<\/p>\n<p>Sobre Mart\u00edn Bustamante<\/p>\n<p>Mart\u00edn Bustamante es un reconocido pintor e ilustrador santafesino (nacido en Suardi, 1972) cuya obra destaca por su t\u00e9cnica realista y su versatilidad tanto en el arte tradicional como en el digital. Se form\u00f3 en la Escuela de Arte &#8220;Profesor Juan Mantovani&#8221; en la ciudad de Santa Fe. En 2016, obtuvo el Primer Premio Adquisici\u00f3n del Sal\u00f3n de Mayo del Museo Rosa Galisteo de Rodr\u00edguez por su \u00f3leo &#8220;La eterna cualidad de lo transitorio I&#8221;. Ha trabajado para importantes editoriales internacionales (como Santillana y SM) y revistas nacionales (Genios, Caras y Caretas). Su trabajo abarca desde la pintura al \u00f3leo cl\u00e1sica hasta la pintura digital, explorando retratos y mundos fant\u00e1sticos inspirados en el arte cl\u00e1sico y la cultura popular.<\/p>\n\t\t\t<\/div>\n\t\t\t\t\t<\/div>\n\t<\/div>\n<\/div>\n\t\t\t<div id=\"ccp-modal-1-31225\" class=\"ccp-modal\" hidden>\n\t<div class=\"ccp-modal__overlay\" data-ccp-close><\/div>\n\t<div class=\"ccp-modal__dialog\" role=\"dialog\" aria-modal=\"true\" aria-labelledby=\"ccp-modal-1-31225-title\" tabindex=\"-1\">\n\t\t<button class=\"ccp-modal__close\" type=\"button\" aria-label=\"Cerrar\" data-ccp-close>\n\t\t\t<span aria-hidden=\"true\">&times;<\/span>\n\t\t<\/button>\n\t\t<div class=\"ccp-modal__media\">\n\t\t\t\t\t\t\t<img loading=\"lazy\" width=\"2000\" height=\"1368\" src=\"https:\/\/www.santafeciudad.gov.ar\/capitalcultural\/wp-content\/uploads\/2026\/07\/hibridos4.png\" class=\"ccp-modal__image wp-post-image\" alt=\"\" style=\"object-position: 50% 50%;\" sizes=\"auto, (max-width: 900px) calc(100vw - 24px), 44vw\" loading=\"lazy\" decoding=\"async\" srcset=\"https:\/\/www.santafeciudad.gov.ar\/capitalcultural\/wp-content\/uploads\/2026\/07\/hibridos4.png 2000w, https:\/\/www.santafeciudad.gov.ar\/capitalcultural\/wp-content\/uploads\/2026\/07\/hibridos4-300x205.png 300w, https:\/\/www.santafeciudad.gov.ar\/capitalcultural\/wp-content\/uploads\/2026\/07\/hibridos4-1024x700.png 1024w, https:\/\/www.santafeciudad.gov.ar\/capitalcultural\/wp-content\/uploads\/2026\/07\/hibridos4-768x525.png 768w, https:\/\/www.santafeciudad.gov.ar\/capitalcultural\/wp-content\/uploads\/2026\/07\/hibridos4-1536x1051.png 1536w\" \/>\t\t\t\t\t<\/div>\n\t\t<div class=\"ccp-modal__body\">\n\t\t\t<div class=\"ccp-modal__tags\">\n\t\t\t\t\t\t\t\t\t<span class=\"ccp-tag ccp-tag--categoria\">ACTIVACI\u00d3N<\/span>\n\t\t\t\t\t\t\t\t<span class=\"ccp-tag ccp-tag--estado ccp-tag--ya-sucedio\">FINALIZADA<\/span>\n\t\t\t<\/div>\n\t\t\t<h2 id=\"ccp-modal-1-31225-title\" class=\"ccp-modal__title\">Cuerpos en deriva<\/h2>\n\t\t\t\t\t\t\t<p class=\"ccp-modal__date\">25 de abril de 2026<\/p>\n\t\t\t\t\t\t\t\t\t\t<dl class=\"ccp-modal__details\">\n\t\t\t\t\t\t\t\t\t\t\t<div>\n\t\t\t\t\t\t\t<dt>Horarios<\/dt>\n\t\t\t\t\t\t\t<dd>S\u00e1bado 25 de abril de 10 a 12 horas<\/dd>\n\t\t\t\t\t\t<\/div>\n\t\t\t\t\t\t\t\t\t\t\t\t\t\t<\/dl>\n\t\t\t\t\t\t<div class=\"ccp-modal__content\">\n\t\t\t\t<p>En el marco de la muestra \u201cEcolog\u00edas de umbral\u201d de la artista Laura Benech, la Casa Museo C\u00e9sar L\u00f3pez Claro (Piedras 7352) presentar\u00e1 el s\u00e1bado 25 de abril una propuesta disruptiva que cruza el arte org\u00e1nico con la reflexi\u00f3n tecnol\u00f3gica. Bajo el t\u00edtulo &#8220;Cuerpos en deriva&#8221;, la actividad se desarrollar\u00e1 de 10 a 12 h con entrada libre y gratuita.<\/p>\n<p>La jornada propone un recorrido comentado seguido de la realizaci\u00f3n de una obra tridimensional colectiva. El eje central ser\u00e1 la experimentaci\u00f3n con biomateriales biodegradables, donde los participantes podr\u00e1n explorar el cuerpo como un territorio permeable y en constante transformaci\u00f3n.<\/p>\n<p>Inspiraci\u00f3n en el paisaje litorale\u00f1o<\/p>\n<p>Tomando como met\u00e1fora la imagen del camalote \u2014ese organismo que flota, se desplaza y genera redes\u2014 el taller busca construir un paisaje colectivo. A trav\u00e9s de la consigna de crear &#8220;formas mutantes&#8221; (ni totalmente humanas ni totalmente vegetales), los asistentes trabajar\u00e1n con elementos como biopl\u00e1sticos (gelatina, glicerina y alginato), hojas, tierra, arena y arcilla.<\/p>\n<p>Estas piezas no permanecer\u00e1n aisladas, sino que se conectar\u00e1n en una estructura tipo &#8220;isla&#8221;, formando una instalaci\u00f3n cuyos l\u00edmites se vuelven difusos, imitando el comportamiento de los ecosistemas naturales.<\/p>\n<p>El cruce con lo tecnol\u00f3gico<\/p>\n<p>Uno de los puntos m\u00e1s innovadores de la propuesta es el desplazamiento hacia lo digital. Durante el taller, se trabajar\u00e1 superponiendo im\u00e1genes digitales y luz sobre los materiales org\u00e1nicos, capturando mediante fotograf\u00eda y video el momento en que lo biodegradable se convierte en imagen, cuestionando los l\u00edmites entre lo natural y lo tecnol\u00f3gico en el contexto del Capitaloceno.<\/p>\n<p>La actividad estar\u00e1 a cargo del equipo de coordinaci\u00f3n de la Casa Museo: Antonela Bassa, Denise Salas y Maira Gonz\u00e1lez, y est\u00e1 dirigida a un p\u00fablico mayor de 16 a\u00f1os.<\/p>\n<p>Sobre Ecolog\u00edas de umbral<\/p>\n<p>En Ecolog\u00edas de umbral Laura Benech construye un territorio inestable donde naturaleza, cuerpo y tecnolog\u00eda se entrelazan en un estado de transformaci\u00f3n continua. La muestra se sit\u00faa en ese borde difuso \u2014el umbral\u2014 donde lo org\u00e1nico se vuelve imagen, y la identidad humana comienza a disolverse en formas vegetales, flotantes, mutantes. Puede visitarse hasta el jueves 30 de abril de 9 a 12 h en la Casa Museo C\u00e9sar L\u00f3pez Claro.<\/p>\n\t\t\t<\/div>\n\t\t\t\t\t<\/div>\n\t<\/div>\n<\/div>\n\t\t\t<div id=\"ccp-modal-1-31222\" class=\"ccp-modal\" hidden>\n\t<div class=\"ccp-modal__overlay\" data-ccp-close><\/div>\n\t<div class=\"ccp-modal__dialog\" role=\"dialog\" aria-modal=\"true\" aria-labelledby=\"ccp-modal-1-31222-title\" tabindex=\"-1\">\n\t\t<button class=\"ccp-modal__close\" type=\"button\" aria-label=\"Cerrar\" data-ccp-close>\n\t\t\t<span aria-hidden=\"true\">&times;<\/span>\n\t\t<\/button>\n\t\t<div class=\"ccp-modal__media\">\n\t\t\t\t\t\t\t<img loading=\"lazy\" width=\"1600\" height=\"900\" src=\"https:\/\/www.santafeciudad.gov.ar\/capitalcultural\/wp-content\/uploads\/2026\/07\/Ecologia2.png\" class=\"ccp-modal__image wp-post-image\" alt=\"\" style=\"object-position: 50% 50%;\" sizes=\"auto, (max-width: 900px) calc(100vw - 24px), 44vw\" loading=\"lazy\" decoding=\"async\" srcset=\"https:\/\/www.santafeciudad.gov.ar\/capitalcultural\/wp-content\/uploads\/2026\/07\/Ecologia2.png 1600w, https:\/\/www.santafeciudad.gov.ar\/capitalcultural\/wp-content\/uploads\/2026\/07\/Ecologia2-300x169.png 300w, https:\/\/www.santafeciudad.gov.ar\/capitalcultural\/wp-content\/uploads\/2026\/07\/Ecologia2-1024x576.png 1024w, https:\/\/www.santafeciudad.gov.ar\/capitalcultural\/wp-content\/uploads\/2026\/07\/Ecologia2-768x432.png 768w, https:\/\/www.santafeciudad.gov.ar\/capitalcultural\/wp-content\/uploads\/2026\/07\/Ecologia2-1536x864.png 1536w\" \/>\t\t\t\t\t<\/div>\n\t\t<div class=\"ccp-modal__body\">\n\t\t\t<div class=\"ccp-modal__tags\">\n\t\t\t\t\t\t\t\t\t<span class=\"ccp-tag ccp-tag--categoria\">MUESTRA<\/span>\n\t\t\t\t\t\t\t\t<span class=\"ccp-tag ccp-tag--estado ccp-tag--ya-sucedio\">FINALIZADA<\/span>\n\t\t\t<\/div>\n\t\t\t<h2 id=\"ccp-modal-1-31222-title\" class=\"ccp-modal__title\">Ecolog\u00edas de umbral<\/h2>\n\t\t\t\t\t\t\t<p class=\"ccp-modal__date\">Del 14 de marzo al 30 de abril de 2026<\/p>\n\t\t\t\t\t\t\t\t\t\t<dl class=\"ccp-modal__details\">\n\t\t\t\t\t\t\t\t\t\t\t<div>\n\t\t\t\t\t\t\t<dt>Horarios<\/dt>\n\t\t\t\t\t\t\t<dd>Lunes a viernes de 9 a 12 horas<\/dd>\n\t\t\t\t\t\t<\/div>\n\t\t\t\t\t\t\t\t\t\t\t\t\t\t<\/dl>\n\t\t\t\t\t\t<div class=\"ccp-modal__content\">\n\t\t\t\t<p>La muestra \u201cEcolog\u00edas de umbral\u201d de la artista Laura Benech puede visitarse hasta el jueves 30 de abril de 9 a 12 h. en la Casa Museo C\u00e9sar L\u00f3pez Claro (Piedras 7352) La entrada es libre y gratuita.<\/p>\n<p>Un territorio inestable<\/p>\n<p>En Ecolog\u00edas de umbral, Laura Benech construye un territorio inestable donde naturaleza, cuerpo y tecnolog\u00eda se entrelazan en un estado de transformaci\u00f3n continua. La muestra se sit\u00faa en ese borde difuso \u2014el umbral\u2014 donde lo org\u00e1nico se vuelve imagen, y la identidad humana comienza a disolverse en formas vegetales, flotantes, mutantes.<\/p>\n<p>En palabras de la artista, \u201cEcolog\u00edas de Umbral re\u00fane una serie de ensayos en torno a las hibridaciones humano\u2013no humano. Desde hace varios a\u00f1os, mi pr\u00e1ctica se sit\u00faa en el cruce entre naturaleza y tecnolog\u00eda; en esta ocasi\u00f3n, me interesa pensar los desbordes desde la perspectiva de la naturaleza. No se trata de representar lo vegetal, sino de permitir que su l\u00f3gica flotante, invasiva, afecte y desestabilice la forma humana\u201d<\/p>\n<p>En cuanto a la materialidad de la propuesta, Benech expresa que \u201cla instalaci\u00f3n propone una disoluci\u00f3n progresiva de la identidad en estados intermedios: cuerpos que devienen paisaje, organismos que oscilan entre lo biol\u00f3gico y lo sint\u00e9tico, presencias que flotan entre materia y simulaci\u00f3n. El recorrido articula distintas materialidades que vengo investigando \u2014desde animaciones digitales y procesos algor\u00edtmicos hasta impresiones 3D y biomateriales\u2014 entendidas no como soportes aislados, sino como ecosistemas en relaci\u00f3n\u201d<\/p>\n<p>Consultada acerca de c\u00f3mo influy\u00f3 su recorrido acad\u00e9mico y profesional en la producci\u00f3n de la obra, Laura asegura que \u201clos cruces con academias, instituciones y con el p\u00fablico en las exhibiciones expanden constantemente mi pensamiento. Concibo la obra como un di\u00e1logo con un \u201cotro\u201d. Ese intercambio introduce fricciones, preguntas y desplazamientos que transforman el proceso. Tambi\u00e9n me interesa mucho la producci\u00f3n en colaboraci\u00f3n. El encuentro entre disciplinas \u2014arte, ciencia, tecnolog\u00eda\u2014 no es un complemento, sino una metodolog\u00eda. En ese cruce emergen dimensiones inesperadas que ampl\u00edan mi investigaci\u00f3n y me abren nuevas formas de imaginar\u201d<\/p>\n<p>Sobre Laura Benech<\/p>\n<p>Laura Benech es artista visual. Vivi\u00f3 en C\u00f3rdoba y en Santa Fe, actualmente reside en Buenos Aires. Sus proyectos cruzan campos y c\u00f3digos experimentando con diferentes (in)materialidades, fotogrametr\u00eda, v\u00eddeo digital, hologramas, realidad aumentada, ecosistemas digitales, as\u00ed como tambi\u00e9n dibujo, objetos e instalaciones site-specific.<\/p>\n<p>Particip\u00f3 de exposiciones individuales y colectivas en Argentina, M\u00e9xico, Colombia, Italia y Brasil. Desde Junio\/2020 desarroll\u00f3 \u201cLiminal Bits\u201d, proyecto colaborativo con Renee Carmichael, que genera investigaci\u00f3n y escritura acerca de arte y tecnolog\u00edas y produce un Podcast: https:\/\/liminalbits.net<\/p>\n<p>Documentaci\u00f3n de obra y proyectos: https:\/\/laurabenech.net<\/p>\n\t\t\t<\/div>\n\t\t\t\t\t<\/div>\n\t<\/div>\n<\/div>\n\t\t\t<div id=\"ccp-modal-1-31219\" class=\"ccp-modal\" hidden>\n\t<div class=\"ccp-modal__overlay\" data-ccp-close><\/div>\n\t<div class=\"ccp-modal__dialog\" role=\"dialog\" aria-modal=\"true\" aria-labelledby=\"ccp-modal-1-31219-title\" tabindex=\"-1\">\n\t\t<button class=\"ccp-modal__close\" type=\"button\" aria-label=\"Cerrar\" data-ccp-close>\n\t\t\t<span aria-hidden=\"true\">&times;<\/span>\n\t\t<\/button>\n\t\t<div class=\"ccp-modal__media\">\n\t\t\t\t\t\t\t<img loading=\"lazy\" width=\"1920\" height=\"1280\" src=\"https:\/\/www.santafeciudad.gov.ar\/capitalcultural\/wp-content\/uploads\/2026\/07\/Foto-para-Actividades-Verano-CMCL.jpg\" class=\"ccp-modal__image wp-post-image\" alt=\"\" style=\"object-position: 50% 50%;\" sizes=\"auto, (max-width: 900px) calc(100vw - 24px), 44vw\" loading=\"lazy\" decoding=\"async\" srcset=\"https:\/\/www.santafeciudad.gov.ar\/capitalcultural\/wp-content\/uploads\/2026\/07\/Foto-para-Actividades-Verano-CMCL.jpg 1920w, https:\/\/www.santafeciudad.gov.ar\/capitalcultural\/wp-content\/uploads\/2026\/07\/Foto-para-Actividades-Verano-CMCL-300x200.jpg 300w, https:\/\/www.santafeciudad.gov.ar\/capitalcultural\/wp-content\/uploads\/2026\/07\/Foto-para-Actividades-Verano-CMCL-1024x683.jpg 1024w, https:\/\/www.santafeciudad.gov.ar\/capitalcultural\/wp-content\/uploads\/2026\/07\/Foto-para-Actividades-Verano-CMCL-768x512.jpg 768w, https:\/\/www.santafeciudad.gov.ar\/capitalcultural\/wp-content\/uploads\/2026\/07\/Foto-para-Actividades-Verano-CMCL-1536x1024.jpg 1536w\" \/>\t\t\t\t\t<\/div>\n\t\t<div class=\"ccp-modal__body\">\n\t\t\t<div class=\"ccp-modal__tags\">\n\t\t\t\t\t\t\t\t\t<span class=\"ccp-tag ccp-tag--categoria\">ACTIVACI\u00d3N<\/span>\n\t\t\t\t\t\t\t\t<span class=\"ccp-tag ccp-tag--estado ccp-tag--ya-sucedio\">FINALIZADA<\/span>\n\t\t\t<\/div>\n\t\t\t<h2 id=\"ccp-modal-1-31219-title\" class=\"ccp-modal__title\">Activaci\u00f3n en el marco del Festival de Guadalupe<\/h2>\n\t\t\t\t\t\t\t<p class=\"ccp-modal__date\">Del 16 al 17 de enero de 2026<\/p>\n\t\t\t\t\t\t\t\t\t<div class=\"ccp-modal__content\">\n\t\t\t\t<p>En el marco del Festival de Guadalupe y la muestra patrimonial \u201cAqu\u00ed nos vemos. Conversaciones con Mar\u00eda y C\u00e9sar\u201d, la Casa Museo C\u00e9sar L\u00f3pez Claro realizar\u00e1 dos activaciones que tendr\u00e1n lugar el viernes 16 y el s\u00e1bado 17 de enero.<\/p>\n<p>La Casa Museo C\u00e9sar L\u00f3pez Claro (Piedras 7352) presenta dos actividades que tendr\u00e1n lugar el viernes 16 y s\u00e1bado 17 de enero, como complemento del tradicional Festival de Guadalupe, participando como espacio vecino del barrio. El viernes 16 a partir de las 19:30 h se realizar\u00e1 \u201cCoreograf\u00edas curatoriales. Recorrido comentado a cargo de Proyecto Deatres\u201d y el s\u00e1bado 17 a partir de las 18 h tendr\u00e1 lugar \u201c\u00bfQu\u00e9 aguarda en esta Casa Museo?. Realizaci\u00f3n de cofres de papel pegado\u201d. Adem\u00e1s, la muestra patrimonial \u201cAqu\u00ed nos vemos. Conversaciones con Mar\u00eda y C\u00e9sar\u201d podr\u00e1 recorrerse ambos d\u00edas en el horario especial de 18 a 21 h. Todas las propuestas son libres y gratuitas.<\/p>\n<p>Las activaciones se encuadran en la muestra \u201cAqu\u00ed nos vemos. Conversaciones con Mar\u00eda y C\u00e9sar\u201d, con curadur\u00eda del Proyecto Deatres y el Equipo de Coordinaci\u00f3n de la Casa Museo C\u00e9sar L\u00f3pez Claro y se exhibe actualmente en la Casa Museo. Inaugurada en el festejo por el 35 aniversario de la Casa Museo, propone un recorrido por las diferentes salas que la conforman. En cada una de ellas se despliegan obras de C\u00e9sar L\u00f3pez Claro y Mar\u00eda Herminia Brizzi, como as\u00ed tambi\u00e9n de artistas allegados a la pareja.<\/p>\n<p>Las propuestas<\/p>\n<p>El viernes 16 de enero a las 19:30 h los integrantes del Proyecto Deatres realizar\u00e1n un recorrido comentando a lo largo de las salas donde se exhiben las obras de arte y archivos documentales. En esta oportunidad se indagar\u00e1 en las operaciones curatoriales (acciones intelectuales, investigativas y de gesti\u00f3n que lleva adelante un curador para conceptualizar, seleccionar, organizar y presentar obras de arte u objetos culturales) que realiza el colectivo de investigadoras docentes y artistas, con el fin de generar di\u00e1logos entre Mar\u00eda y C\u00e9sar, la familia, los amigos, el arte y la danza.<\/p>\n<p>En tanto que el s\u00e1bado 17 de enero a partir de las 18 h tendr\u00e1n lugar juegos inspirados en la muestra, d\u00f3nde las infancias y las familias confeccionar\u00e1n cofres de papel plegado y participar\u00e1n de la b\u00fasqueda del tesoro. En cada sala encontrar\u00e1n peque\u00f1os recuerdos para conformar las memorias que guardar\u00e1n en esos cofres. Estar\u00e1 a cargo del Equipo de Coordinaci\u00f3n de la Casa Museo C\u00e9sar L\u00f3pez Claro.<\/p>\n\t\t\t<\/div>\n\t\t\t\t\t<\/div>\n\t<\/div>\n<\/div>\n\t\t\t<div id=\"ccp-modal-1-31216\" class=\"ccp-modal\" hidden>\n\t<div class=\"ccp-modal__overlay\" data-ccp-close><\/div>\n\t<div class=\"ccp-modal__dialog\" role=\"dialog\" aria-modal=\"true\" aria-labelledby=\"ccp-modal-1-31216-title\" tabindex=\"-1\">\n\t\t<button class=\"ccp-modal__close\" type=\"button\" aria-label=\"Cerrar\" data-ccp-close>\n\t\t\t<span aria-hidden=\"true\">&times;<\/span>\n\t\t<\/button>\n\t\t<div class=\"ccp-modal__media\">\n\t\t\t\t\t\t\t<img loading=\"lazy\" width=\"2560\" height=\"1707\" src=\"https:\/\/www.santafeciudad.gov.ar\/capitalcultural\/wp-content\/uploads\/2026\/07\/Taller3-scaled.jpg\" class=\"ccp-modal__image wp-post-image\" alt=\"\" style=\"object-position: 50% 50%;\" sizes=\"auto, (max-width: 900px) calc(100vw - 24px), 44vw\" loading=\"lazy\" decoding=\"async\" srcset=\"https:\/\/www.santafeciudad.gov.ar\/capitalcultural\/wp-content\/uploads\/2026\/07\/Taller3-scaled.jpg 2560w, https:\/\/www.santafeciudad.gov.ar\/capitalcultural\/wp-content\/uploads\/2026\/07\/Taller3-300x200.jpg 300w, https:\/\/www.santafeciudad.gov.ar\/capitalcultural\/wp-content\/uploads\/2026\/07\/Taller3-1024x683.jpg 1024w, https:\/\/www.santafeciudad.gov.ar\/capitalcultural\/wp-content\/uploads\/2026\/07\/Taller3-768x512.jpg 768w, https:\/\/www.santafeciudad.gov.ar\/capitalcultural\/wp-content\/uploads\/2026\/07\/Taller3-1536x1024.jpg 1536w, https:\/\/www.santafeciudad.gov.ar\/capitalcultural\/wp-content\/uploads\/2026\/07\/Taller3-2048x1365.jpg 2048w\" \/>\t\t\t\t\t<\/div>\n\t\t<div class=\"ccp-modal__body\">\n\t\t\t<div class=\"ccp-modal__tags\">\n\t\t\t\t\t\t\t\t\t<span class=\"ccp-tag ccp-tag--categoria\">TALLER<\/span>\n\t\t\t\t\t\t\t\t<span class=\"ccp-tag ccp-tag--estado ccp-tag--ya-sucedio\">FINALIZADA<\/span>\n\t\t\t<\/div>\n\t\t\t<h2 id=\"ccp-modal-1-31216-title\" class=\"ccp-modal__title\">Taller de conservaci\u00f3n de colecciones fotogr\u00e1ficas<\/h2>\n\t\t\t\t\t\t\t<p class=\"ccp-modal__date\">18 de diciembre de 2025<\/p>\n\t\t\t\t\t\t\t\t\t\t<dl class=\"ccp-modal__details\">\n\t\t\t\t\t\t\t\t\t\t\t<div>\n\t\t\t\t\t\t\t<dt>Horarios<\/dt>\n\t\t\t\t\t\t\t<dd>Jueves 18 de diciembre a las 16 horas<\/dd>\n\t\t\t\t\t\t<\/div>\n\t\t\t\t\t\t\t\t\t\t\t\t\t\t<\/dl>\n\t\t\t\t\t\t<div class=\"ccp-modal__content\">\n\t\t\t\t<p>En el marco del 35 aniversario de la Casa Museo se proponen dos actividades en conjunto: un taller de conservaci\u00f3n de colecciones fotogr\u00e1ficas seguido de una proyecci\u00f3n perform\u00e1tica de diapositivas.<\/p>\n<p>En torno a la celebraci\u00f3n del 35 aniversario de la Casa Museo C\u00e9sar L\u00f3pez Claro y de la exhibici\u00f3n patrimonial \u201cAqu\u00ed nos vemos. Conversaciones con Mar\u00eda y C\u00e9sar\u201d, se realizar\u00e1n dos actividades organizadas de forma conjunta con la Fotogaler\u00eda Municipal. Ambas tendr\u00e1n lugar el jueves 18 de diciembre a partir de las 16 h en la Casa Museo (Piedras 7352).<\/p>\n<p>Taller de conservaci\u00f3n de colecciones fotogr\u00e1ficas familiares<\/p>\n<p>Por un lado, de 16 a 19 h se realizar\u00e1 el Taller de conservaci\u00f3n de colecciones fotogr\u00e1ficas familiares con la coordinaci\u00f3n de Laura Bas\u00edlico. La actividad es gratuita con inscripci\u00f3n online previa, disponible hasta el lunes 15 de diciembre en https:\/\/www.santafeciudad.gov.ar\/capitalcultural\/museos-y-salas\/fotogaleria\/talleres\/. Cabe aclarar que la inscripci\u00f3n no asegura la participaci\u00f3n en el taller. La selecci\u00f3n se realizar\u00e1 por sorteo y los participantes ser\u00e1n confirmados por correo electr\u00f3nico.<\/p>\n<p>Con el objetivo de garantizar un acompa\u00f1amiento personalizado y un abordaje detallado de cada archivo, el taller tendr\u00e1 un cupo m\u00e1ximo de 12 personas. No son necesarios conocimientos previos.<\/p>\n<p>La actividad propone un espacio pr\u00e1ctico orientado a la conservaci\u00f3n preventiva de colecciones fotogr\u00e1ficas personales y familiares. A partir de la inscripci\u00f3n previa, cada participante podr\u00e1 asistir con su propio material fotogr\u00e1fico \u2014\u00e1lbumes, copias sueltas, negativos o diapositivas\u2014 para trabajar sobre ellos durante el encuentro.<\/p>\n<p>En una primera instancia, se abordar\u00e1n procedimientos b\u00e1sicos de reconocimiento de materiales fotogr\u00e1ficos y nociones fundamentales de conservaci\u00f3n preventiva, con el objetivo de que cada participante pueda aplicar cuidados iniciales y adecuados a su propio archivo.<\/p>\n<p>Posteriormente, se trabajar\u00e1 con el archivo fotogr\u00e1fico de la instituci\u00f3n, para compartir m\u00e9todos y herramientas de digitalizaci\u00f3n tanto de materiales en soporte papel como f\u00edlmico, y reflexionar sobre las estrategias posibles de preservaci\u00f3n y acceso a las im\u00e1genes en el tiempo.<\/p>\n<p>Al finalizar el taller, las y los participantes se llevar\u00e1n su material limpio, ordenado y acondicionado, junto con conocimientos pr\u00e1cticos sobre c\u00f3mo guardar, conservar y organizar su archivo fotogr\u00e1fico en funci\u00f3n de sus recursos y posibilidades.<\/p>\n<p>&nbsp;<\/p>\n<p>Activaci\u00f3n \u201cQuerela con toda el alma\u201d<\/p>\n<p>A partir de las 19.30 h, la jornada continuar\u00e1 con la performance \u201cQuerela con toda el alma\u201d. La propuesta consistir\u00e1 en la proyecci\u00f3n de diapositivas sobre el fondo documental de la Casa Museo. Adem\u00e1s habr\u00e1 lecturas epistolares y m\u00fasica como parte de la performance. La entrada es libre y gratuita.<\/p>\n<p>Las diapositivas que se proyectar\u00e1n forman parte de la muestra que se exhibe en la Casa Museo, y que ser\u00e1n digitalizadas durante el Taller de Conservaci\u00f3n de Colecciones Fotogr\u00e1ficas Familiares. De forma simult\u00e1nea, se leer\u00e1 la correspondencia entre C\u00e9sar L\u00f3pez Claro y Mar\u00eda Herminia Brizzi, que tambi\u00e9n integran la exhibici\u00f3n \u201cAqu\u00ed nos vemos\u201d, y habr\u00e1 m\u00fasica en vivo a cargo de la artista rosarina Xixa Martino.<\/p>\n<p>Sobre Aqu\u00ed nos vemos<\/p>\n<p>La muestra patrimonial \u201cAqu\u00ed nos vemos. Conversaciones con Mar\u00eda y C\u00e9sar\u201d, propone un recorrido por las diferentes salas que conforman la Casa Museo. En cada una de ellas, se despliegan obras de C\u00e9sar L\u00f3pez Claro y Mar\u00eda Herminia Brizzi, como as\u00ed tambi\u00e9n de artistas allegados a la pareja.<\/p>\n<p>En el Hall del Museo se encuentran obras art\u00edsticas\/editoriales de familiares de C\u00e9sar y Mar\u00eda. En tanto que en la Sala Goya se exhiben obras realizadas por C\u00e9sar L\u00f3pez Claro; y en la Sala Litoral, el Archivo Documental propondr\u00e1 una mirada m\u00e1s cercana a la vida y obra de Mar\u00eda Herminia Brizzi, qui\u00e9n fue bailarina y core\u00f3grafa, docente y regente del Liceo Municipal. A su vez, en la Sala-Taller pueden visitarse obras del patrimonio realizadas por varios artistas, quienes tuvieron un v\u00ednculo de amistad con el matrimonio Brizzi-L\u00f3pez Claro.<\/p>\n<p>La curadur\u00eda de la muestra est\u00e1 a cargo de Proyecto DEATRES conformado por Raquel Minetti, Elisa Aquatti, Mar\u00eda Victoria Ferreyra y Mar\u00eda Paula Olivieri, junto al Equipo de coordinaci\u00f3n de la Casa Museo C\u00e9sar L\u00f3pez Claro.<\/p>\n\t\t\t<\/div>\n\t\t\t\t\t<\/div>\n\t<\/div>\n<\/div>\n\t\t\t<div id=\"ccp-modal-1-31157\" class=\"ccp-modal\" hidden>\n\t<div class=\"ccp-modal__overlay\" data-ccp-close><\/div>\n\t<div class=\"ccp-modal__dialog\" role=\"dialog\" aria-modal=\"true\" aria-labelledby=\"ccp-modal-1-31157-title\" tabindex=\"-1\">\n\t\t<button class=\"ccp-modal__close\" type=\"button\" aria-label=\"Cerrar\" data-ccp-close>\n\t\t\t<span aria-hidden=\"true\">&times;<\/span>\n\t\t<\/button>\n\t\t<div class=\"ccp-modal__media\">\n\t\t\t\t\t\t\t<img loading=\"lazy\" width=\"8160\" height=\"6144\" src=\"https:\/\/www.santafeciudad.gov.ar\/capitalcultural\/wp-content\/uploads\/2026\/07\/flyer-23-1.jpg\" class=\"ccp-modal__image wp-post-image\" alt=\"\" style=\"object-position: 50% 50%;\" sizes=\"auto, (max-width: 900px) calc(100vw - 24px), 44vw\" loading=\"lazy\" decoding=\"async\" srcset=\"https:\/\/www.santafeciudad.gov.ar\/capitalcultural\/wp-content\/uploads\/2026\/07\/flyer-23-1.jpg 8160w, https:\/\/www.santafeciudad.gov.ar\/capitalcultural\/wp-content\/uploads\/2026\/07\/flyer-23-1-300x226.jpg 300w, https:\/\/www.santafeciudad.gov.ar\/capitalcultural\/wp-content\/uploads\/2026\/07\/flyer-23-1-1024x771.jpg 1024w, https:\/\/www.santafeciudad.gov.ar\/capitalcultural\/wp-content\/uploads\/2026\/07\/flyer-23-1-768x578.jpg 768w\" \/>\t\t\t\t\t<\/div>\n\t\t<div class=\"ccp-modal__body\">\n\t\t\t<div class=\"ccp-modal__tags\">\n\t\t\t\t\t\t\t\t\t<span class=\"ccp-tag ccp-tag--categoria\">MUESTRA<\/span>\n\t\t\t\t\t\t\t\t<span class=\"ccp-tag ccp-tag--estado ccp-tag--ya-sucedio\">FINALIZADA<\/span>\n\t\t\t<\/div>\n\t\t\t<h2 id=\"ccp-modal-1-31157-title\" class=\"ccp-modal__title\">Aqu\u00ed nos vemos. Conversaciones con Mar\u00eda y C\u00e9sar<\/h2>\n\t\t\t\t\t\t\t<p class=\"ccp-modal__date\">Del 3 de diciembre de 2025 al 20 de febrero de 2026<\/p>\n\t\t\t\t\t\t\t\t\t\t<dl class=\"ccp-modal__details\">\n\t\t\t\t\t\t\t\t\t\t\t<div>\n\t\t\t\t\t\t\t<dt>Horarios<\/dt>\n\t\t\t\t\t\t\t<dd>Lunes a viernes de 9 a 12 horas<\/dd>\n\t\t\t\t\t\t<\/div>\n\t\t\t\t\t\t\t\t\t\t\t\t\t\t<\/dl>\n\t\t\t\t\t\t<div class=\"ccp-modal__content\">\n\t\t\t\t\r\n<p>En el marco del Aniversario N\u00b035 de la Casa Museo C\u00e9sar L\u00f3pez Claro (Piedras 7352), fue inaugurada la muestra patrimonial \u201cAqu\u00ed nos vemos. Conversaciones con Mar\u00eda y C\u00e9sar\u201d con curadur\u00eda del Proyecto Deatres y el Equipo de Coordinaci\u00f3n de la Casa Museo C\u00e9sar L\u00f3pez Claro. Puede visitarse de lunes a viernes de 9 a 12 h hasta el 20 de febrero de 2026.<\/p>\r\n<p>Un itinerario sala por sala<\/p>\r\n<p>La muestra patrimonial \u201cAqu\u00ed nos vemos. Conversaciones con Mar\u00eda y C\u00e9sar\u201d, propone un recorrido por las diferentes salas que conforman la Casa Museo. En cada una de ellas, se desplegar\u00e1n obras de C\u00e9sar L\u00f3pez Claro y Mar\u00eda Herminia Brizzi, como as\u00ed tambi\u00e9n de artistas allegados a la pareja.<\/p>\r\n<p>En el Hall del Museo se encontrar\u00e1n obras art\u00edsticas\/editoriales de familiares de C\u00e9sar y Mar\u00eda. En tanto que en la Sala Goya se exhibir\u00e1n obras realizadas por C\u00e9sar L\u00f3pez Claro; y en la Sala Litoral, el Archivo Documental propondr\u00e1 una mirada m\u00e1s cercana a la vida y obra de Mar\u00eda Herminia Brizzi, qui\u00e9n fue bailarina y core\u00f3grafa, docente y regente del Liceo Municipal. A su vez, en la Sala-Taller se exhibir\u00e1n obras del patrimonio realizadas por varios artistas, quienes tuvieron un v\u00ednculo de amistad con el matrimonio Brizzi-L\u00f3pez Claro.<\/p>\r\n<p>La curadur\u00eda de la muestra est\u00e1 a cargo de Proyecto DEATRES conformado por Raquel Minetti, Elisa Aquatti, Mar\u00eda Victoria Ferreyra y Mar\u00eda Paula Olivieri, junto al Equipo de coordinaci\u00f3n de la Casa Museo C\u00e9sar L\u00f3pez Claro.<\/p>\r\n\t\t\t<\/div>\n\t\t\t\t\t<\/div>\n\t<\/div>\n<\/div>\n\t\t\t<div id=\"ccp-modal-1-31209\" class=\"ccp-modal\" hidden>\n\t<div class=\"ccp-modal__overlay\" data-ccp-close><\/div>\n\t<div class=\"ccp-modal__dialog\" role=\"dialog\" aria-modal=\"true\" aria-labelledby=\"ccp-modal-1-31209-title\" tabindex=\"-1\">\n\t\t<button class=\"ccp-modal__close\" type=\"button\" aria-label=\"Cerrar\" data-ccp-close>\n\t\t\t<span aria-hidden=\"true\">&times;<\/span>\n\t\t<\/button>\n\t\t<div class=\"ccp-modal__media\">\n\t\t\t\t\t\t\t<img loading=\"lazy\" width=\"2560\" height=\"1920\" src=\"https:\/\/www.santafeciudad.gov.ar\/capitalcultural\/wp-content\/uploads\/2026\/07\/IMG_4999_edicion-scaled.jpeg\" class=\"ccp-modal__image wp-post-image\" alt=\"\" style=\"object-position: 50% 50%;\" sizes=\"auto, (max-width: 900px) calc(100vw - 24px), 44vw\" loading=\"lazy\" decoding=\"async\" srcset=\"https:\/\/www.santafeciudad.gov.ar\/capitalcultural\/wp-content\/uploads\/2026\/07\/IMG_4999_edicion-scaled.jpeg 2560w, https:\/\/www.santafeciudad.gov.ar\/capitalcultural\/wp-content\/uploads\/2026\/07\/IMG_4999_edicion-300x225.jpeg 300w, https:\/\/www.santafeciudad.gov.ar\/capitalcultural\/wp-content\/uploads\/2026\/07\/IMG_4999_edicion-1024x768.jpeg 1024w, https:\/\/www.santafeciudad.gov.ar\/capitalcultural\/wp-content\/uploads\/2026\/07\/IMG_4999_edicion-768x576.jpeg 768w, https:\/\/www.santafeciudad.gov.ar\/capitalcultural\/wp-content\/uploads\/2026\/07\/IMG_4999_edicion-1536x1152.jpeg 1536w, https:\/\/www.santafeciudad.gov.ar\/capitalcultural\/wp-content\/uploads\/2026\/07\/IMG_4999_edicion-2048x1536.jpeg 2048w\" \/>\t\t\t\t\t<\/div>\n\t\t<div class=\"ccp-modal__body\">\n\t\t\t<div class=\"ccp-modal__tags\">\n\t\t\t\t\t\t\t\t\t<span class=\"ccp-tag ccp-tag--categoria\">ACTIVACI\u00d3N<\/span>\n\t\t\t\t\t\t\t\t<span class=\"ccp-tag ccp-tag--estado ccp-tag--ya-sucedio\">FINALIZADA<\/span>\n\t\t\t<\/div>\n\t\t\t<h2 id=\"ccp-modal-1-31209-title\" class=\"ccp-modal__title\">Recorrido comentado y show de Diamantina<\/h2>\n\t\t\t\t\t\t\t<p class=\"ccp-modal__date\">11 de octubre de 2025<\/p>\n\t\t\t\t\t\t\t\t\t\t<dl class=\"ccp-modal__details\">\n\t\t\t\t\t\t\t\t\t\t\t<div>\n\t\t\t\t\t\t\t<dt>Horarios<\/dt>\n\t\t\t\t\t\t\t<dd>S\u00e1bado 11 de octubre a las 20 horas<\/dd>\n\t\t\t\t\t\t<\/div>\n\t\t\t\t\t\t\t\t\t\t\t\t\t\t<\/dl>\n\t\t\t\t\t\t<div class=\"ccp-modal__content\">\n\t\t\t\t<p>El s\u00e1bado 11 de octubre a las 20 h se realizar\u00e1 una activaci\u00f3n en el marco de la muestra \u201cAlquiler particular\u201d, que se exhibe en la Casa Museo C\u00e9sar L\u00f3pez Claro (Piedras 7352). Incluir\u00e1 un recorrido comentado a cargo del colectivo \u201cLa Dealer\u201d y el show musical de Diamantina en el Patio de las Esculturas. Adem\u00e1s, habr\u00e1 barra de tragos a cargo de Mantel Fantasma. La actividad es libre y gratuita.<\/p>\n<p>Sobre La Dealer y Alquiler particular<\/p>\n<p>La Dealer juega con la fantas\u00eda de ofrecer la Casa Museo en alquiler, como si se tratara de una inmobiliaria o app dedicada a la oferta de alojamientos temporales. A partir de esa idea, el colectivo desarrolla un texto curatorial en el que juegan con el humor y el amor por el acervo. Nombran aspectos interesantes de la casa y otros que podr\u00edan acontecer para hacerla m\u00e1s \u201crentable\u201d. Tambi\u00e9n fusionan sus obras con las historias de vida de quienes la crearon y habitaron por m\u00e1s de 70 a\u00f1os: el artista pl\u00e1stico C\u00e9sar L\u00f3pez Claro y la bailarina Mar\u00eda Herminia Brizzi.<\/p>\n<p>En la exposici\u00f3n podr\u00e1n encontrarse intervenciones, instalaciones, fotomontajes, proyecciones, cer\u00e1micas, construcciones, dibujos, pinturas sobre pared y otras obras que experimentan con materiales y conceptos relacionados al acervo y el patrimonio cultural que ofrece la Casa Museo en sus diferentes salas, y tambi\u00e9n aquellos espacios que son de otro uso. La Dealer propone darle una mirada art\u00edstica al lugar y retomar la historia de quienes habitaron la Casa.<\/p>\n<p>La Dealer es un colectivo que agrupa a artistas de la ciudad de Santa Fe de diferentes edades y trayectorias, reunidos con el objetivo de crear una plataforma de circulaci\u00f3n para la obra de sus integrantes a trav\u00e9s de diferentes circuitos de arte contempor\u00e1neo.<\/p>\n<p>El grupo se caracteriza por la diversidad de lenguajes y disciplinas que abarca. Los artistas que lo integran desarrollan proyectos de fotograf\u00eda, cer\u00e1mica, dibujo, pintura, animaci\u00f3n digital, instalaci\u00f3n, performance, adem\u00e1s de ejercer como gestores independientes, docentes y trabajadores de la cultura.<\/p>\n<p>Si bien su lanzamiento oficial fue en 2024, los artistas se encuentran colaborando desde 2022 a ra\u00edz de un programa de formaci\u00f3n que compartieron ese a\u00f1o. Asimismo, el colectivo no opera con cl\u00e1usulas de exclusividad, animando y promoviendo que sus integrantes formen parte de otros proyectos colectivos, galer\u00edas, espacios o instituciones.<\/p>\n<p>Sus integrantes son Francisco Bergallo, Gast\u00f3n Cerbino, Agust\u00edn Miguez, Florencia Ordiz, Antonela Peretti y Carolina Eve Tarr\u00e9.<\/p>\n<p>Sobre Diamantina<\/p>\n<p>Diamantina es una banda de m\u00fasica indie-electropop, fundada por Alejandra Papini con base en la ciudad de Santa Fe. Comenz\u00f3 a presentarse en el 2010 tras la salida de su primer disco, \u0308Nuboselva . Para el segundo disco, Diamantina se vuelve d\u00fao al unirse Guille AF. En 2022 sale al vivo junto a Emma Bay\u00fagar en bajo, Luchi Nasti en coros y Nano Filosi en bater\u00eda. Con esta \u00faltima formaci\u00f3n, la banda comienza una etapa totalmente renovada al sumarse la bater\u00eda a su habitual set electro, basado en sonidos exclusivamente de samples y programaciones. Si bien los arpegiadores digitales y la exploraci\u00f3n de g\u00e9neros se mantienen movi\u00e9ndose entre grooves y electr\u00f3nica, la incorporaci\u00f3n de la bater\u00eda en vivo fusionada a los bajos- sublows y voces femeninas en clave angelical, reconfigura radicalmente el repertorio de la banda.<\/p>\n<p>El universo l\u00edrico de Diamantina encuentra met\u00e1foras que hablan de apocalipsis, realidad, virtualidad, metaf\u00edsica y romanticismo. Durante el 2023, la banda balance\u00f3 entre shows en vivo y sesiones de grabaci\u00f3n del disco que ver\u00eda la luz por completo en octubre de 2024: &#8220;Pleya-D&#8221;. En julio de ese a\u00f1o lanzaron dos tracks adelanto junto a sus respectivos videoclips: \u0308&#8221;Del autocontrol&#8221; y a manera de co-relato, \u201cFunkt\u00edcora\u201d. Ambas producciones, dirigidas y realizadas por Florencia Rinaldi -a.k.a. Cassandra Stones- y post producidas por Gero Bay\u00fagar, fueron pensados como dos cap\u00edtulos de una misma historia, representada en orden secuela-precuela. Aliad@s al artista Juanjo Delnitro desde las portadas de sus discos y las visuales, Diamantina sigue desplegando sus aristas, corri\u00e9ndose siempre de lo encasillable.<\/p>\n\t\t\t<\/div>\n\t\t\t\t\t<\/div>\n\t<\/div>\n<\/div>\n\t\t\t<div id=\"ccp-modal-1-31205\" class=\"ccp-modal\" hidden>\n\t<div class=\"ccp-modal__overlay\" data-ccp-close><\/div>\n\t<div class=\"ccp-modal__dialog\" role=\"dialog\" aria-modal=\"true\" aria-labelledby=\"ccp-modal-1-31205-title\" tabindex=\"-1\">\n\t\t<button class=\"ccp-modal__close\" type=\"button\" aria-label=\"Cerrar\" data-ccp-close>\n\t\t\t<span aria-hidden=\"true\">&times;<\/span>\n\t\t<\/button>\n\t\t<div class=\"ccp-modal__media\">\n\t\t\t\t\t\t\t<img loading=\"lazy\" width=\"2560\" height=\"1707\" src=\"https:\/\/www.santafeciudad.gov.ar\/capitalcultural\/wp-content\/uploads\/2026\/07\/Copia-de-Alquila-scaled.jpg\" class=\"ccp-modal__image wp-post-image\" alt=\"\" style=\"object-position: 50% 50%;\" sizes=\"auto, (max-width: 900px) calc(100vw - 24px), 44vw\" loading=\"lazy\" decoding=\"async\" srcset=\"https:\/\/www.santafeciudad.gov.ar\/capitalcultural\/wp-content\/uploads\/2026\/07\/Copia-de-Alquila-scaled.jpg 2560w, https:\/\/www.santafeciudad.gov.ar\/capitalcultural\/wp-content\/uploads\/2026\/07\/Copia-de-Alquila-300x200.jpg 300w, https:\/\/www.santafeciudad.gov.ar\/capitalcultural\/wp-content\/uploads\/2026\/07\/Copia-de-Alquila-1024x683.jpg 1024w, https:\/\/www.santafeciudad.gov.ar\/capitalcultural\/wp-content\/uploads\/2026\/07\/Copia-de-Alquila-768x512.jpg 768w, https:\/\/www.santafeciudad.gov.ar\/capitalcultural\/wp-content\/uploads\/2026\/07\/Copia-de-Alquila-1536x1024.jpg 1536w, https:\/\/www.santafeciudad.gov.ar\/capitalcultural\/wp-content\/uploads\/2026\/07\/Copia-de-Alquila-2048x1365.jpg 2048w\" \/>\t\t\t\t\t<\/div>\n\t\t<div class=\"ccp-modal__body\">\n\t\t\t<div class=\"ccp-modal__tags\">\n\t\t\t\t\t\t\t\t\t<span class=\"ccp-tag ccp-tag--categoria\">MUESTRA<\/span>\n\t\t\t\t\t\t\t\t<span class=\"ccp-tag ccp-tag--estado ccp-tag--ya-sucedio\">FINALIZADA<\/span>\n\t\t\t<\/div>\n\t\t\t<h2 id=\"ccp-modal-1-31205-title\" class=\"ccp-modal__title\">Alquiler particular<\/h2>\n\t\t\t\t\t\t\t<p class=\"ccp-modal__date\">Del 23 de agosto al 14 de noviembre de 2025<\/p>\n\t\t\t\t\t\t\t\t\t\t<dl class=\"ccp-modal__details\">\n\t\t\t\t\t\t\t\t\t\t\t<div>\n\t\t\t\t\t\t\t<dt>Horarios<\/dt>\n\t\t\t\t\t\t\t<dd>Lunes a viernes de 9 a 12 horas<\/dd>\n\t\t\t\t\t\t<\/div>\n\t\t\t\t\t\t\t\t\t\t\t\t\t\t<\/dl>\n\t\t\t\t\t\t<div class=\"ccp-modal__content\">\n\t\t\t\t<p>A partir de instalaciones de sitio espec\u00edfico y obras experimentales en relaci\u00f3n a las pr\u00e1cticas habituales de cada artista, la exposici\u00f3n plantea diferentes di\u00e1logos con el espacio, el acervo y la historia de la Casa Museo C\u00e9sar L\u00f3pez Claro.<\/p>\n<p>El s\u00e1bado 23 de agosto a las 20 h, La Dealer Colectivo inaugurar\u00e1 la muestra \u201cAlquiler particular\u201d en la Casa Museo C\u00e9sar L\u00f3pez Claro (Piedras 7352). El evento es libre y gratuito y contar\u00e1 con la barra de tragos de Mantel Fantasma.<\/p>\n<p>Se alquila<\/p>\n<p>La Dealer juega con la fantas\u00eda de ofrecer la Casa Museo en alquiler, como si se tratara de una inmobiliaria o app dedicada a la oferta de alojamientos temporales. A partir de esa idea, el colectivo desarrolla un texto curatorial en el que juegan con el humor y el amor por el acervo. Nombran aspectos interesantes de la casa y otros que podr\u00edan acontecer para hacerla m\u00e1s \u201crentable\u201d. Tambi\u00e9n fusionan sus obras con las historias de vida de quienes la crearon y habitaron por m\u00e1s de 70 a\u00f1os: el artista pl\u00e1stico C\u00e9sar L\u00f3pez Claro y la bailarina Mar\u00eda Herminia Brizzi.<\/p>\n<p>En la exposici\u00f3n podr\u00e1n encontrarse intervenciones, instalaciones, fotomontajes, proyecciones, cer\u00e1micas, construcciones, dibujos, pinturas sobre pared y otras obras que experimentan con materiales y conceptos relacionados al acervo y el patrimonio cultural que ofrece la Casa Museo en sus diferentes salas, y tambi\u00e9n aquellos espacios que son de otro uso. La Dealer propone darle una mirada art\u00edstica al lugar y retomar la historia de quienes habitaron la Casa.<\/p>\n<p>Sobre La Dealer<\/p>\n<p>La Dealer es un colectivo que agrupa a artistas de la ciudad de Santa Fe de diferentes edades y trayectorias, reunidos con el objetivo de crear una plataforma de circulaci\u00f3n para la obra de sus integrantes a trav\u00e9s de diferentes circuitos de arte contempor\u00e1neo.<\/p>\n<p>El grupo se caracteriza por la diversidad de lenguajes y disciplinas que abarca. Los artistas que lo integran desarrollan proyectos de fotograf\u00eda, cer\u00e1mica, dibujo, pintura, animaci\u00f3n digital, instalaci\u00f3n, performance, adem\u00e1s de ejercer como gestores independientes, docentes y trabajadores de la cultura.<\/p>\n<p>Si bien su lanzamiento oficial fue en 2024, los artistas se encuentran colaborando desde 2022 a ra\u00edz de un programa de formaci\u00f3n que compartieron ese a\u00f1o. Asimismo, el colectivo no opera con cl\u00e1usulas de exclusividad, animando y promoviendo que sus integrantes formen parte de otros proyectos colectivos, galer\u00edas, espacios o instituciones.<\/p>\n<p>Sus integrantes son Francisco Bergallo, Gast\u00f3n Cerbino, Agust\u00edn Miguez, Florencia Ordiz, Antonela Peretti y Carolina Eve Tarr\u00e9.<\/p>\n\t\t\t<\/div>\n\t\t\t\t\t<\/div>\n\t<\/div>\n<\/div>\n\t\t\t<div id=\"ccp-modal-1-31202\" class=\"ccp-modal\" hidden>\n\t<div class=\"ccp-modal__overlay\" data-ccp-close><\/div>\n\t<div class=\"ccp-modal__dialog\" role=\"dialog\" aria-modal=\"true\" aria-labelledby=\"ccp-modal-1-31202-title\" tabindex=\"-1\">\n\t\t<button class=\"ccp-modal__close\" type=\"button\" aria-label=\"Cerrar\" data-ccp-close>\n\t\t\t<span aria-hidden=\"true\">&times;<\/span>\n\t\t<\/button>\n\t\t<div class=\"ccp-modal__media\">\n\t\t\t\t\t\t\t<img loading=\"lazy\" width=\"2560\" height=\"1436\" src=\"https:\/\/www.santafeciudad.gov.ar\/capitalcultural\/wp-content\/uploads\/2026\/07\/1000060700-scaled.jpg\" class=\"ccp-modal__image wp-post-image\" alt=\"\" style=\"object-position: 50% 50%;\" sizes=\"auto, (max-width: 900px) calc(100vw - 24px), 44vw\" loading=\"lazy\" decoding=\"async\" srcset=\"https:\/\/www.santafeciudad.gov.ar\/capitalcultural\/wp-content\/uploads\/2026\/07\/1000060700-scaled.jpg 2560w, https:\/\/www.santafeciudad.gov.ar\/capitalcultural\/wp-content\/uploads\/2026\/07\/1000060700-300x168.jpg 300w, https:\/\/www.santafeciudad.gov.ar\/capitalcultural\/wp-content\/uploads\/2026\/07\/1000060700-1024x574.jpg 1024w, https:\/\/www.santafeciudad.gov.ar\/capitalcultural\/wp-content\/uploads\/2026\/07\/1000060700-768x431.jpg 768w, https:\/\/www.santafeciudad.gov.ar\/capitalcultural\/wp-content\/uploads\/2026\/07\/1000060700-1536x861.jpg 1536w, https:\/\/www.santafeciudad.gov.ar\/capitalcultural\/wp-content\/uploads\/2026\/07\/1000060700-2048x1148.jpg 2048w\" \/>\t\t\t\t\t<\/div>\n\t\t<div class=\"ccp-modal__body\">\n\t\t\t<div class=\"ccp-modal__tags\">\n\t\t\t\t\t\t\t\t\t<span class=\"ccp-tag ccp-tag--categoria\">ACTIVACI\u00d3N<\/span>\n\t\t\t\t\t\t\t\t<span class=\"ccp-tag ccp-tag--estado ccp-tag--ya-sucedio\">FINALIZADA<\/span>\n\t\t\t<\/div>\n\t\t\t<h2 id=\"ccp-modal-1-31202-title\" class=\"ccp-modal__title\">Volverse masa<\/h2>\n\t\t\t\t\t\t\t<p class=\"ccp-modal__date\">9 de agosto de 2025<\/p>\n\t\t\t\t\t\t\t\t\t\t<dl class=\"ccp-modal__details\">\n\t\t\t\t\t\t\t\t\t\t\t<div>\n\t\t\t\t\t\t\t<dt>Horarios<\/dt>\n\t\t\t\t\t\t\t<dd>S\u00e1bado 9 de agosto de 14 a 17 horas<\/dd>\n\t\t\t\t\t\t<\/div>\n\t\t\t\t\t\t\t\t\t\t\t\t\t\t<\/dl>\n\t\t\t\t\t\t<div class=\"ccp-modal__content\">\n\t\t\t\t<p>Mes de las Infancias en la Casa Museo C\u00e9sar L\u00f3pez Claro<\/p>\n<p>En el marco del Mes de las Infancias, en la Casa Museo C\u00e9sar L\u00f3pez Claro (Piedras 7352) tendr\u00e1 lugar la actividad \u201cVolverse masa. Realizaci\u00f3n de retratos y personajes en masa de colores\u201d. Las creaciones est\u00e1n inspiradas en la muestra \u201cCuando pase la tormenta\u201d del artista Nacho Pautasso y en esculturas del patrimonio.<\/p>\n<p>Se llevar\u00e1 a cabo el s\u00e1bado 9 de agosto de 14 a 17 h con entrada libre y gratuita.<\/p>\n\t\t\t<\/div>\n\t\t\t\t\t<\/div>\n\t<\/div>\n<\/div>\n\t\t\t<div id=\"ccp-modal-1-31195\" class=\"ccp-modal\" hidden>\n\t<div class=\"ccp-modal__overlay\" data-ccp-close><\/div>\n\t<div class=\"ccp-modal__dialog\" role=\"dialog\" aria-modal=\"true\" aria-labelledby=\"ccp-modal-1-31195-title\" tabindex=\"-1\">\n\t\t<button class=\"ccp-modal__close\" type=\"button\" aria-label=\"Cerrar\" data-ccp-close>\n\t\t\t<span aria-hidden=\"true\">&times;<\/span>\n\t\t<\/button>\n\t\t<div class=\"ccp-modal__media\">\n\t\t\t\t\t\t\t<img loading=\"lazy\" width=\"1940\" height=\"2560\" src=\"https:\/\/www.santafeciudad.gov.ar\/capitalcultural\/wp-content\/uploads\/2026\/07\/FLYER-1-Tsunami-35-x-27-cm-2024-scaled.jpg\" class=\"ccp-modal__image wp-post-image\" alt=\"\" style=\"object-position: 50% 50%;\" sizes=\"auto, (max-width: 900px) calc(100vw - 24px), 44vw\" loading=\"lazy\" decoding=\"async\" srcset=\"https:\/\/www.santafeciudad.gov.ar\/capitalcultural\/wp-content\/uploads\/2026\/07\/FLYER-1-Tsunami-35-x-27-cm-2024-scaled.jpg 1940w, https:\/\/www.santafeciudad.gov.ar\/capitalcultural\/wp-content\/uploads\/2026\/07\/FLYER-1-Tsunami-35-x-27-cm-2024-227x300.jpg 227w, https:\/\/www.santafeciudad.gov.ar\/capitalcultural\/wp-content\/uploads\/2026\/07\/FLYER-1-Tsunami-35-x-27-cm-2024-776x1024.jpg 776w, https:\/\/www.santafeciudad.gov.ar\/capitalcultural\/wp-content\/uploads\/2026\/07\/FLYER-1-Tsunami-35-x-27-cm-2024-768x1013.jpg 768w, https:\/\/www.santafeciudad.gov.ar\/capitalcultural\/wp-content\/uploads\/2026\/07\/FLYER-1-Tsunami-35-x-27-cm-2024-1164x1536.jpg 1164w, https:\/\/www.santafeciudad.gov.ar\/capitalcultural\/wp-content\/uploads\/2026\/07\/FLYER-1-Tsunami-35-x-27-cm-2024-1552x2048.jpg 1552w\" \/>\t\t\t\t\t<\/div>\n\t\t<div class=\"ccp-modal__body\">\n\t\t\t<div class=\"ccp-modal__tags\">\n\t\t\t\t\t\t\t\t\t<span class=\"ccp-tag ccp-tag--categoria\">ACTIVACI\u00d3N<\/span>\n\t\t\t\t\t\t\t\t<span class=\"ccp-tag ccp-tag--estado ccp-tag--ya-sucedio\">FINALIZADA<\/span>\n\t\t\t<\/div>\n\t\t\t<h2 id=\"ccp-modal-1-31195-title\" class=\"ccp-modal__title\">Recorrido comentado por la muestra \u201cCuando pase la tormenta\u201d<\/h2>\n\t\t\t\t\t\t\t<p class=\"ccp-modal__date\">25 de julio de 2025<\/p>\n\t\t\t\t\t\t\t\t\t\t<dl class=\"ccp-modal__details\">\n\t\t\t\t\t\t\t\t\t\t\t<div>\n\t\t\t\t\t\t\t<dt>Horarios<\/dt>\n\t\t\t\t\t\t\t<dd>Viernes 25 de julio de 17 a 19 horas<\/dd>\n\t\t\t\t\t\t<\/div>\n\t\t\t\t\t\t\t\t\t\t\t\t\t\t<\/dl>\n\t\t\t\t\t\t<div class=\"ccp-modal__content\">\n\t\t\t\t<p>El viernes 25 de julio de 17 a 19 h, tendr\u00e1 lugar en la Casa Museo C\u00e9sar L\u00f3pez Claro (Piedras 7352), un recorrido comentado por la muestra Cuando pase la tormenta, a cargo de su autor, el artista Ignacio Pautasso. La actividad es libre y gratuita.<\/p>\n<p>\u201cCuando pase la tormenta\u201d, se exhibe desde finales de junio con la curadur\u00eda de Sofia Culzoni. En el texto curatorial, Culzoni expresa: \u201cEl cuerpo se vuelve testigo y archivo social. El cuerpo como expresi\u00f3n, territorio de disputa, campo donde se negocian deseos y resistencias. El gesto como narraci\u00f3n involuntaria de eso que se dice, pero tambi\u00e9n se calla. Las modas, costumbres y mandatos se transforman en normas de comportamiento que influyen y moldean la construcci\u00f3n identitaria\u201d<\/p>\n<p>Sobre el artista<\/p>\n<p>Nacho Pautasso naci\u00f3 en 1982 en Rafaela donde vive y trabaja. Es artista visual autodidacta. Entre 2020 y 2021 realiz\u00f3 el Taller de an\u00e1lisis, producci\u00f3n y acompa\u00f1amiento de proyectos art\u00edsticos en Curadora, a cargo de Cintia Clara Romero y Maximiliano Peralta Rodr\u00edguez A su vez, realiz\u00f3 cl\u00ednica de obra con Marcos L\u00f3pez, Claudia Del Rio, Florencia Laorden y Nicol\u00e1s Sara.<\/p>\n<p>Desde 2009 indaga en la pintura, dibujo y mural. Reflexiona sobre c\u00f3mo la estructura social incide en la formaci\u00f3n de una persona de manera individual o colectiva y en c\u00f3mo las emociones y sentimientos all\u00ed generados se manifiestan a trav\u00e9s del lenguaje corporal, acciones y expresiones.<\/p>\n\t\t\t<\/div>\n\t\t\t\t\t<\/div>\n\t<\/div>\n<\/div>\n\t\t\t<div id=\"ccp-modal-1-31188\" class=\"ccp-modal\" hidden>\n\t<div class=\"ccp-modal__overlay\" data-ccp-close><\/div>\n\t<div class=\"ccp-modal__dialog\" role=\"dialog\" aria-modal=\"true\" aria-labelledby=\"ccp-modal-1-31188-title\" tabindex=\"-1\">\n\t\t<button class=\"ccp-modal__close\" type=\"button\" aria-label=\"Cerrar\" data-ccp-close>\n\t\t\t<span aria-hidden=\"true\">&times;<\/span>\n\t\t<\/button>\n\t\t<div class=\"ccp-modal__media\">\n\t\t\t\t\t\t\t<img loading=\"lazy\" width=\"2027\" height=\"2560\" src=\"https:\/\/www.santafeciudad.gov.ar\/capitalcultural\/wp-content\/uploads\/2026\/07\/FLYER-2-NO-HAY-MAL-QUE-DURE-MAS-QUE-YO-LAPICERA-SOBRE-TELA-50-X-40-2024-scaled.jpg\" class=\"ccp-modal__image wp-post-image\" alt=\"\" style=\"object-position: 50% 50%;\" sizes=\"auto, (max-width: 900px) calc(100vw - 24px), 44vw\" loading=\"lazy\" decoding=\"async\" srcset=\"https:\/\/www.santafeciudad.gov.ar\/capitalcultural\/wp-content\/uploads\/2026\/07\/FLYER-2-NO-HAY-MAL-QUE-DURE-MAS-QUE-YO-LAPICERA-SOBRE-TELA-50-X-40-2024-scaled.jpg 2027w, https:\/\/www.santafeciudad.gov.ar\/capitalcultural\/wp-content\/uploads\/2026\/07\/FLYER-2-NO-HAY-MAL-QUE-DURE-MAS-QUE-YO-LAPICERA-SOBRE-TELA-50-X-40-2024-238x300.jpg 238w, https:\/\/www.santafeciudad.gov.ar\/capitalcultural\/wp-content\/uploads\/2026\/07\/FLYER-2-NO-HAY-MAL-QUE-DURE-MAS-QUE-YO-LAPICERA-SOBRE-TELA-50-X-40-2024-811x1024.jpg 811w, https:\/\/www.santafeciudad.gov.ar\/capitalcultural\/wp-content\/uploads\/2026\/07\/FLYER-2-NO-HAY-MAL-QUE-DURE-MAS-QUE-YO-LAPICERA-SOBRE-TELA-50-X-40-2024-768x970.jpg 768w, https:\/\/www.santafeciudad.gov.ar\/capitalcultural\/wp-content\/uploads\/2026\/07\/FLYER-2-NO-HAY-MAL-QUE-DURE-MAS-QUE-YO-LAPICERA-SOBRE-TELA-50-X-40-2024-1216x1536.jpg 1216w, https:\/\/www.santafeciudad.gov.ar\/capitalcultural\/wp-content\/uploads\/2026\/07\/FLYER-2-NO-HAY-MAL-QUE-DURE-MAS-QUE-YO-LAPICERA-SOBRE-TELA-50-X-40-2024-1621x2048.jpg 1621w\" \/>\t\t\t\t\t<\/div>\n\t\t<div class=\"ccp-modal__body\">\n\t\t\t<div class=\"ccp-modal__tags\">\n\t\t\t\t\t\t\t\t\t<span class=\"ccp-tag ccp-tag--categoria\">MUESTRA<\/span>\n\t\t\t\t\t\t\t\t<span class=\"ccp-tag ccp-tag--estado ccp-tag--ya-sucedio\">FINALIZADA<\/span>\n\t\t\t<\/div>\n\t\t\t<h2 id=\"ccp-modal-1-31188-title\" class=\"ccp-modal__title\">Cuando pase la tormenta<\/h2>\n\t\t\t\t\t\t\t<p class=\"ccp-modal__date\">Del 27 de junio al 14 de agosto de 2025<\/p>\n\t\t\t\t\t\t\t\t\t\t<dl class=\"ccp-modal__details\">\n\t\t\t\t\t\t\t\t\t\t\t<div>\n\t\t\t\t\t\t\t<dt>Horarios<\/dt>\n\t\t\t\t\t\t\t<dd>Lunes a viernes de 9 a 12 horas<\/dd>\n\t\t\t\t\t\t<\/div>\n\t\t\t\t\t\t\t\t\t\t\t\t\t\t<\/dl>\n\t\t\t\t\t\t<div class=\"ccp-modal__content\">\n\t\t\t\t<p>\u201cCuando pase la tormenta\u201d, la muestra del artista rafaelino Nacho Pautasso con curadur\u00eda de Sof\u00eda Culzoni, se inaugurar\u00e1 el viernes 27 de junio a las 20 h en la Casa Museo C\u00e9sar L\u00f3pez Claro (Piedras 7352) Habr\u00e1 barra de tragos a cargo de Mantel Fantasma.<\/p>\n<p>En el texto curatorial, Culzoni expresa: \u201cEl cuerpo se vuelve testigo y archivo social. El cuerpo como expresi\u00f3n, territorio de disputa, campo donde se negocian deseos y resistencias. El gesto como narraci\u00f3n involuntaria de eso que se dice, pero tambi\u00e9n se calla. Las modas, costumbres y mandatos se transforman en normas de comportamiento que influyen y moldean la construcci\u00f3n identitaria\u201d<\/p>\n<p>Sobre el artista<\/p>\n<p>Nacho Pautasso naci\u00f3 en 1982 en Rafaela donde vive y trabaja. Es artista visual autodidacta. Entre 2020 y 2021 realiz\u00f3 el Taller de an\u00e1lisis, producci\u00f3n y acompa\u00f1amiento de proyectos art\u00edsticos en Curadora, a cargo de Cintia Clara Romero y Maximiliano Peralta Rodr\u00edguez A su vez, realiz\u00f3 cl\u00ednica de obra con Marcos L\u00f3pez, Claudia Del Rio, Florencia Laorden y Nicol\u00e1s Sara.<\/p>\n<p>Desde 2009 indaga en la pintura, dibujo y mural. Reflexiona sobre c\u00f3mo la estructura social incide en la formaci\u00f3n de una persona de manera individual o colectiva y en c\u00f3mo las emociones y sentimientos all\u00ed generados se manifiestan a trav\u00e9s del lenguaje corporal,<br \/>\nacciones y expresiones.<\/p>\n<p>Ha participado en diversas muestras destac\u00e1ndose:<\/p>\n<p>-Individuales: \u201cSin Vueltas\u201d En Luogo Galer\u00eda, Rafaela, 2023<br \/>\n-\u201cUna Fuerza Invisible\u201d en Subsuelo Galer\u00eda, Rosario, 2021 y en Luogo Galer\u00eda, Rafaela, 2020.<br \/>\n-\u201cPiel de oro, rojo enfermo\u201d en Espacio Lava, Rafaela, 2017.<br \/>\n-\u201cEl combate de retratar\u201d, Museo H\u00e9ctor Borla, Esperanza, 2013 y en Museo Urbano Poggi, Rafaela, 2012.<br \/>\n-Colectivas: XVII Sal\u00f3n Anual Regional Esperanza, Museo H\u00e9ctor Borla, obtuvo el primer premio; VI Premio de Pintura Bancor, C\u00f3rdoba; V Bienal Nacional de Pintura \u201cPremio Ciudad de Rafaela\u201d, Rafaela; V Sal\u00f3n Anual Nacional del Bicentenario, Concordia Entre R\u00edos; XCI Sal\u00f3n de Mayo, Museo Rosa Galisteo de Rodr\u00edguez, Santa Fe; 17\u00ba Sal\u00f3n Nacional de Pintura Avellaneda.<br \/>\n-Premio Institucional Fondo Nacional de las Artes X Bienal Nacional de Rafaela \u201cCosecha propia\u201d, Rafaela.<br \/>\n-Su obra forma parte de colecciones p\u00fablicas y privadas de Argentina y EE.UU.<\/p>\n\t\t\t<\/div>\n\t\t\t\t\t<\/div>\n\t<\/div>\n<\/div>\n\t\t\t<div id=\"ccp-modal-1-31185\" class=\"ccp-modal\" hidden>\n\t<div class=\"ccp-modal__overlay\" data-ccp-close><\/div>\n\t<div class=\"ccp-modal__dialog\" role=\"dialog\" aria-modal=\"true\" aria-labelledby=\"ccp-modal-1-31185-title\" tabindex=\"-1\">\n\t\t<button class=\"ccp-modal__close\" type=\"button\" aria-label=\"Cerrar\" data-ccp-close>\n\t\t\t<span aria-hidden=\"true\">&times;<\/span>\n\t\t<\/button>\n\t\t<div class=\"ccp-modal__media\">\n\t\t\t\t\t\t\t<img loading=\"lazy\" width=\"1080\" height=\"1350\" src=\"https:\/\/www.santafeciudad.gov.ar\/capitalcultural\/wp-content\/uploads\/2026\/07\/LopezClaro_redes-actmayo01.png\" class=\"ccp-modal__image wp-post-image\" alt=\"\" style=\"object-position: 50% 50%;\" sizes=\"auto, (max-width: 900px) calc(100vw - 24px), 44vw\" loading=\"lazy\" decoding=\"async\" srcset=\"https:\/\/www.santafeciudad.gov.ar\/capitalcultural\/wp-content\/uploads\/2026\/07\/LopezClaro_redes-actmayo01.png 1080w, https:\/\/www.santafeciudad.gov.ar\/capitalcultural\/wp-content\/uploads\/2026\/07\/LopezClaro_redes-actmayo01-240x300.png 240w, https:\/\/www.santafeciudad.gov.ar\/capitalcultural\/wp-content\/uploads\/2026\/07\/LopezClaro_redes-actmayo01-819x1024.png 819w, https:\/\/www.santafeciudad.gov.ar\/capitalcultural\/wp-content\/uploads\/2026\/07\/LopezClaro_redes-actmayo01-768x960.png 768w\" \/>\t\t\t\t\t<\/div>\n\t\t<div class=\"ccp-modal__body\">\n\t\t\t<div class=\"ccp-modal__tags\">\n\t\t\t\t\t\t\t\t\t<span class=\"ccp-tag ccp-tag--categoria\">ACTIVACI\u00d3N<\/span>\n\t\t\t\t\t\t\t\t<span class=\"ccp-tag ccp-tag--estado ccp-tag--ya-sucedio\">FINALIZADA<\/span>\n\t\t\t<\/div>\n\t\t\t<h2 id=\"ccp-modal-1-31185-title\" class=\"ccp-modal__title\">Alicia a trav\u00e9s del espejo y Feria Librera y Editorial<\/h2>\n\t\t\t\t\t\t\t<p class=\"ccp-modal__date\">31 de mayo de 2025<\/p>\n\t\t\t\t\t\t\t\t\t\t<dl class=\"ccp-modal__details\">\n\t\t\t\t\t\t\t\t\t\t\t<div>\n\t\t\t\t\t\t\t<dt>Horarios<\/dt>\n\t\t\t\t\t\t\t<dd>S\u00e1bado 31 de mayo de 15 a 19 horas<\/dd>\n\t\t\t\t\t\t<\/div>\n\t\t\t\t\t\t\t\t\t\t\t\t\t\t<\/dl>\n\t\t\t\t\t\t<div class=\"ccp-modal__content\">\n\t\t\t\t<p>La propuesta consiste en la lectura polif\u00f3nica de fragmentos de \u201cAlicia a trav\u00e9s del espejo\u201d y la participaci\u00f3n de la Feria que nuclea a diversas editoriales santafesinas.<\/p>\n<p>Una nueva activaci\u00f3n de la muestra \u201cConjurar el Infinito\u201d de Agustina Mi\u00f1ones, que se exhibe en la Casa Museo C\u00e9sar L\u00f3pez Claro (Piedras 7352), tendr\u00e1 lugar este s\u00e1bado 31 de mayo de 15 a 19 h. Se trata de la lectura polif\u00f3nica de fragmentos de \u201cAlicia a trav\u00e9s del espejo\u201d a cargo de Claudia \u201cNegra\u201d Correa, Rosana Sdrigotti y Cecilia Rugna.<\/p>\n<p>Feria Editorial y Librera<\/p>\n<p>Tambi\u00e9n estar\u00e1 presente la Feria Editorial y Librera exhibiendo la producci\u00f3n de diversas editoriales y librer\u00edas santafesinas: Plan B, La gallinita al rev\u00e9s, SUSPIRO microediciones, La mosca en la trama, Keremos kultura, Imperfectas Fordistas, Albergue libros, Leg\u00fcera cartonera, Eva sin Culpa y Tutilimundi libros.<\/p>\n<p>La Feria forma parte del Ecosistema del Libro del Litoral, un grupo que nace de coincidir en Ferias del Libro de la Ciudad, pero tambi\u00e9n en la acci\u00f3n de feriar en distintos puntos del \u00e1rea metropolitana santafesina, de formar parte de la propuesta -formativa y feriante- de Mercado Editorial y de la asociaci\u00f3n libre por el amor a los libros.<\/p>\n<p>A su vez, Puesto88 Coffee&amp;bike traer\u00e1 el mejor caf\u00e9 al paso de Santa Fe.<\/p>\n<p>Sobre Conjurar el Infinito<\/p>\n<p>Con una propuesta caracterizada por su delicado impacto visual y su invitaci\u00f3n a conocer a trav\u00e9s del tacto, la artista visual santotomesina Agustina Mi\u00f1ones exhibe su muestra \u201cConjurar el infinito\u201d, con curadur\u00eda de Cecilia Sosa, hasta el 20 de junio en la Casa Museo C\u00e9sar L\u00f3pez Claro. Agustina Mi\u00f1ones juega a hacer espejos mediante la aplicaci\u00f3n de grafito puro sobre diversas superficies. El material es el mismo que poseen los l\u00e1pices de dibujo en su interior, pero en esta ocasi\u00f3n en part\u00edculas diminutas de polvo, impalpable y vol\u00e1til.<\/p>\n<p>La muestra est\u00e1 compuesta por las instalaciones \u201cEspejo derramado 1\u201d y \u201cEspejo derramado 2\u201d, a las que se le sumar\u00e1 una colecci\u00f3n de cristales y objetos reflectantes. Adem\u00e1s, estar\u00e1 en exhibici\u00f3n la obra de C\u00e9sar L\u00f3pez Claro \u201cOleo sobre lienzo\u201d, de 1966.<\/p>\n\t\t\t<\/div>\n\t\t\t\t\t<\/div>\n\t<\/div>\n<\/div>\n\t\t\t<div id=\"ccp-modal-1-31182\" class=\"ccp-modal\" hidden>\n\t<div class=\"ccp-modal__overlay\" data-ccp-close><\/div>\n\t<div class=\"ccp-modal__dialog\" role=\"dialog\" aria-modal=\"true\" aria-labelledby=\"ccp-modal-1-31182-title\" tabindex=\"-1\">\n\t\t<button class=\"ccp-modal__close\" type=\"button\" aria-label=\"Cerrar\" data-ccp-close>\n\t\t\t<span aria-hidden=\"true\">&times;<\/span>\n\t\t<\/button>\n\t\t<div class=\"ccp-modal__media\">\n\t\t\t\t\t\t\t<img loading=\"lazy\" width=\"1080\" height=\"1350\" src=\"https:\/\/www.santafeciudad.gov.ar\/capitalcultural\/wp-content\/uploads\/2026\/07\/museoabierto_mf.jpg\" class=\"ccp-modal__image wp-post-image\" alt=\"\" style=\"object-position: 50% 50%;\" sizes=\"auto, (max-width: 900px) calc(100vw - 24px), 44vw\" loading=\"lazy\" decoding=\"async\" srcset=\"https:\/\/www.santafeciudad.gov.ar\/capitalcultural\/wp-content\/uploads\/2026\/07\/museoabierto_mf.jpg 1080w, https:\/\/www.santafeciudad.gov.ar\/capitalcultural\/wp-content\/uploads\/2026\/07\/museoabierto_mf-240x300.jpg 240w, https:\/\/www.santafeciudad.gov.ar\/capitalcultural\/wp-content\/uploads\/2026\/07\/museoabierto_mf-819x1024.jpg 819w, https:\/\/www.santafeciudad.gov.ar\/capitalcultural\/wp-content\/uploads\/2026\/07\/museoabierto_mf-768x960.jpg 768w\" \/>\t\t\t\t\t<\/div>\n\t\t<div class=\"ccp-modal__body\">\n\t\t\t<div class=\"ccp-modal__tags\">\n\t\t\t\t\t\t\t\t\t<span class=\"ccp-tag ccp-tag--categoria\">ACTIVACI\u00d3N<\/span>\n\t\t\t\t\t\t\t\t<span class=\"ccp-tag ccp-tag--estado ccp-tag--ya-sucedio\">FINALIZADA<\/span>\n\t\t\t<\/div>\n\t\t\t<h2 id=\"ccp-modal-1-31182-title\" class=\"ccp-modal__title\">Museo Abierto<\/h2>\n\t\t\t\t\t\t\t<p class=\"ccp-modal__date\">Del 3 al 4 de mayo de 2025<\/p>\n\t\t\t\t\t\t\t\t\t\t<dl class=\"ccp-modal__details\">\n\t\t\t\t\t\t\t\t\t\t\t<div>\n\t\t\t\t\t\t\t<dt>Horarios<\/dt>\n\t\t\t\t\t\t\t<dd>S\u00e1bado 3 y domingo 4 de mayo de 10 a 16 horas<\/dd>\n\t\t\t\t\t\t<\/div>\n\t\t\t\t\t\t\t\t\t\t\t\t\t\t<\/dl>\n\t\t\t\t\t\t<div class=\"ccp-modal__content\">\n\t\t\t\t<p>Museo Abierto en el marco de la 126 Peregrinaci\u00f3n a Guadalupe<\/p>\n<p>En el marco de la 126 Peregrinaci\u00f3n a Guadalupe, la Casa Museo C\u00e9sar L\u00f3pez Claro presenta una actividad para las infancias en la muestra Conjurar el infinito. Tendr\u00e1 lugar el s\u00e1bado 3 y domingo 4 de mayo de 10 a 16 h.<\/p>\n<p>Consistir\u00e1 en una mesa de dibujo y experimentaci\u00f3n de grafito bru\u00f1ido sobre papeles.<\/p>\n<p>En &#8220;Conjurar el infinito&#8221;, la artista visual Agustina Mi\u00f1ones juega a hacer espejos mediante la aplicaci\u00f3n de grafito puro sobre diversas superficies. El material es el mismo que poseen los l\u00e1pices de dibujo en su interior, pero en esta ocasi\u00f3n en part\u00edculas diminutas de polvo, impalpable y vol\u00e1til.<\/p>\n\t\t\t<\/div>\n\t\t\t\t\t<\/div>\n\t<\/div>\n<\/div>\n\t\t\t<div id=\"ccp-modal-1-31177\" class=\"ccp-modal\" hidden>\n\t<div class=\"ccp-modal__overlay\" data-ccp-close><\/div>\n\t<div class=\"ccp-modal__dialog\" role=\"dialog\" aria-modal=\"true\" aria-labelledby=\"ccp-modal-1-31177-title\" tabindex=\"-1\">\n\t\t<button class=\"ccp-modal__close\" type=\"button\" aria-label=\"Cerrar\" data-ccp-close>\n\t\t\t<span aria-hidden=\"true\">&times;<\/span>\n\t\t<\/button>\n\t\t<div class=\"ccp-modal__media\">\n\t\t\t\t\t\t\t<img loading=\"lazy\" width=\"1280\" height=\"1920\" src=\"https:\/\/www.santafeciudad.gov.ar\/capitalcultural\/wp-content\/uploads\/2026\/07\/MarcePucci_SC_ConjurarElInfinito_AgustinaMinones_MuseoLopezClaro_28032025_010.jpg\" class=\"ccp-modal__image wp-post-image\" alt=\"\" style=\"object-position: 50% 50%;\" sizes=\"auto, (max-width: 900px) calc(100vw - 24px), 44vw\" loading=\"lazy\" decoding=\"async\" srcset=\"https:\/\/www.santafeciudad.gov.ar\/capitalcultural\/wp-content\/uploads\/2026\/07\/MarcePucci_SC_ConjurarElInfinito_AgustinaMinones_MuseoLopezClaro_28032025_010.jpg 1280w, https:\/\/www.santafeciudad.gov.ar\/capitalcultural\/wp-content\/uploads\/2026\/07\/MarcePucci_SC_ConjurarElInfinito_AgustinaMinones_MuseoLopezClaro_28032025_010-200x300.jpg 200w, https:\/\/www.santafeciudad.gov.ar\/capitalcultural\/wp-content\/uploads\/2026\/07\/MarcePucci_SC_ConjurarElInfinito_AgustinaMinones_MuseoLopezClaro_28032025_010-683x1024.jpg 683w, https:\/\/www.santafeciudad.gov.ar\/capitalcultural\/wp-content\/uploads\/2026\/07\/MarcePucci_SC_ConjurarElInfinito_AgustinaMinones_MuseoLopezClaro_28032025_010-768x1152.jpg 768w, https:\/\/www.santafeciudad.gov.ar\/capitalcultural\/wp-content\/uploads\/2026\/07\/MarcePucci_SC_ConjurarElInfinito_AgustinaMinones_MuseoLopezClaro_28032025_010-1024x1536.jpg 1024w\" \/>\t\t\t\t\t<\/div>\n\t\t<div class=\"ccp-modal__body\">\n\t\t\t<div class=\"ccp-modal__tags\">\n\t\t\t\t\t\t\t\t\t<span class=\"ccp-tag ccp-tag--categoria\">ACTIVACI\u00d3N<\/span>\n\t\t\t\t\t\t\t\t<span class=\"ccp-tag ccp-tag--estado ccp-tag--ya-sucedio\">FINALIZADA<\/span>\n\t\t\t<\/div>\n\t\t\t<h2 id=\"ccp-modal-1-31177-title\" class=\"ccp-modal__title\">La sombra de un reflejo es tambi\u00e9n un reflejo<\/h2>\n\t\t\t\t\t\t\t<p class=\"ccp-modal__date\">12 de abril de 2025<\/p>\n\t\t\t\t\t\t\t\t\t\t<dl class=\"ccp-modal__details\">\n\t\t\t\t\t\t\t\t\t\t\t<div>\n\t\t\t\t\t\t\t<dt>Horarios<\/dt>\n\t\t\t\t\t\t\t<dd>S\u00e1bado 12 de abril de 19 a 22 horas<\/dd>\n\t\t\t\t\t\t<\/div>\n\t\t\t\t\t\t\t\t\t\t\t\t\t\t<\/dl>\n\t\t\t\t\t\t<div class=\"ccp-modal__content\">\n\t\t\t\t<p>La artista Eme de Melissa explorar\u00e1 diferentes juegos de luces sobre Cristales y Espejos Derramados I y II, instalaciones de Mar\u00eda Agustina Mi\u00f1ones. Habr\u00e1 barra de tragos a cargo de @mantel.fantasma. S\u00e1bado 12 de abril &#8211; 19 a 22 hs. Casa Museo C\u00e9sar L\u00f3pez Claro (Piedras 7352). Entrada libre y gratuita.<\/p>\n<p>Sobre Melissa Rousset<\/p>\n<p>Melissa Rousset naci\u00f3 en 1989 en Concordia, Entre R\u00edos, actualmente reside en la ciudad de Santa Fe.<\/p>\n<p>Es cantante, creadora digital, profesora de danza cl\u00e1sica- danza jazz, gestora cultural, productora musical y Licenciada en Terapia Ocupacional.<\/p>\n<p>Es vocalista de la banda Fam\u00e9licos, responsable de la producci\u00f3n y composici\u00f3n. Tambi\u00e9n produce, compone, canta y toca la guitarra en su proyecto musical individual \u201cEme de Melissa\u201d. A su vez, integra y produce el sello autogestivo \u201cRepelente Discos\u201d<\/p>\n<p>Gestiona eventos culturales, articulando la producci\u00f3n, el montaje esc\u00e9nico, las visuales, el registro fotogr\u00e1fico y video, la edici\u00f3n de contenido y el manejo de redes. Trabaj\u00f3 llevando adelante diferentes tareas en en las cuatro ediciones del \u201cFestival Repelente\u201d, y en los ciclos y activaciones \u201cCiclo Repelente\u201d, \u201cLe hice una canci\u00f3n al r\u00edo\u201d, \u201cNoche Roja\u201d 1 y 2, \u201cHecho en Maip\u00fa\u201d \u201cCiclo A.R\u201d y \u201cEspacio Boreal\u201d. Condujo el programa de radio y streaming \u201cAntena Repelente\u201d y \u201cConversaciones no le\u00eddas&#8221; en Radio Ochava Roma.<\/p>\n<p>En 2023 realiz\u00f3 la formaci\u00f3n de \u201cIluminaci\u00f3n esc\u00e9nica, Producci\u00f3n musical, Operador de sonido\u201d en la Universidad Nacional del Litoral.<\/p>\n\t\t\t<\/div>\n\t\t\t\t\t<\/div>\n\t<\/div>\n<\/div>\n\t\t\t<div id=\"ccp-modal-1-31174\" class=\"ccp-modal\" hidden>\n\t<div class=\"ccp-modal__overlay\" data-ccp-close><\/div>\n\t<div class=\"ccp-modal__dialog\" role=\"dialog\" aria-modal=\"true\" aria-labelledby=\"ccp-modal-1-31174-title\" tabindex=\"-1\">\n\t\t<button class=\"ccp-modal__close\" type=\"button\" aria-label=\"Cerrar\" data-ccp-close>\n\t\t\t<span aria-hidden=\"true\">&times;<\/span>\n\t\t<\/button>\n\t\t<div class=\"ccp-modal__media\">\n\t\t\t\t\t\t\t<img loading=\"lazy\" width=\"1920\" height=\"2560\" src=\"https:\/\/www.santafeciudad.gov.ar\/capitalcultural\/wp-content\/uploads\/2026\/07\/Flyer-1-scaled.jpg\" class=\"ccp-modal__image wp-post-image\" alt=\"\" style=\"object-position: 50% 50%;\" sizes=\"auto, (max-width: 900px) calc(100vw - 24px), 44vw\" loading=\"lazy\" decoding=\"async\" srcset=\"https:\/\/www.santafeciudad.gov.ar\/capitalcultural\/wp-content\/uploads\/2026\/07\/Flyer-1-scaled.jpg 1920w, https:\/\/www.santafeciudad.gov.ar\/capitalcultural\/wp-content\/uploads\/2026\/07\/Flyer-1-225x300.jpg 225w, https:\/\/www.santafeciudad.gov.ar\/capitalcultural\/wp-content\/uploads\/2026\/07\/Flyer-1-768x1024.jpg 768w, https:\/\/www.santafeciudad.gov.ar\/capitalcultural\/wp-content\/uploads\/2026\/07\/Flyer-1-1152x1536.jpg 1152w, https:\/\/www.santafeciudad.gov.ar\/capitalcultural\/wp-content\/uploads\/2026\/07\/Flyer-1-1536x2048.jpg 1536w\" \/>\t\t\t\t\t<\/div>\n\t\t<div class=\"ccp-modal__body\">\n\t\t\t<div class=\"ccp-modal__tags\">\n\t\t\t\t\t\t\t\t\t<span class=\"ccp-tag ccp-tag--categoria\">MUESTRA<\/span>\n\t\t\t\t\t\t\t\t<span class=\"ccp-tag ccp-tag--estado ccp-tag--ya-sucedio\">FINALIZADA<\/span>\n\t\t\t<\/div>\n\t\t\t<h2 id=\"ccp-modal-1-31174-title\" class=\"ccp-modal__title\">Conjurar el infinito<\/h2>\n\t\t\t\t\t\t\t<p class=\"ccp-modal__date\">Del 28 de marzo al 20 de junio de 2025<\/p>\n\t\t\t\t\t\t\t\t\t<div class=\"ccp-modal__content\">\n\t\t\t\t<p>La artista visual Agustina Mi\u00f1ones estrena su muestra en la que juega a crear espejos a trav\u00e9s de la aplicaci\u00f3n de grafito puro sobre diversas superficies. La inauguraci\u00f3n ser\u00e1 el viernes 28 de marzo a las 20 h en la Casa Museo C\u00e9sar L\u00f3pez Claro (Piedras 7352) y podr\u00e1 visitarse hasta el 20 de junio.<\/p>\n<p>Con una propuesta caracterizada por su delicado impacto visual y su invitaci\u00f3n a conocer a trav\u00e9s del tacto, la artista visual santotomesina Agustina Mi\u00f1ones presentar\u00e1 su muestra \u201cConjurar el infinito\u201d, con curadur\u00eda de Cecilia Sosa, el viernes 28 de marzo a las 20 h en la Casa Museo C\u00e9sar L\u00f3pez Claro. La inauguraci\u00f3n es con entrada libre y gratuita y contar\u00e1 con el show musical de Eme de Melissa.<\/p>\n<p>Una experiencia sensorial<\/p>\n<p>Agustina Mi\u00f1ones juega a hacer espejos mediante la aplicaci\u00f3n de grafito puro sobre diversas superficies. El material es el mismo que poseen los l\u00e1pices de dibujo en su interior, pero en esta ocasi\u00f3n en part\u00edculas diminutas de polvo, impalpable y vol\u00e1til.<br \/>\nEl grafito se adhiere al soporte a trav\u00e9s de la t\u00e9cnica del bru\u00f1ido, que consiste en pasar por encima de la superficie una piedra lisa, una esfera de cristal o una cuchara de metal. Ello resulta en una l\u00e1mina muy fina con diferentes efectos visuales y t\u00e1ctiles, variando seg\u00fan la presi\u00f3n, la velocidad ejercida y la resistencia de los materiales. En la b\u00fasqueda logra que algunas superficies se vuelvan bastante reflectantes.<br \/>\nEn sus instalaciones predomina el pl\u00e1stico de un solo uso, tambi\u00e9n llamado papel film: bru\u00f1e cada pieza logrando un efecto brillante y suave al tacto. Adem\u00e1s, juega con las luces naturales y artificiales, incorporando espejos de agua. En cada plano, pliegue y arista de la obra, se generan reflejos del entorno, las personas y los objetos cercanos. Los colores rebotan proporcionando una experiencia visual \u00fanica en cada encuentro, ya que todo lo que circunda a la obra, se refleja y modifica.<br \/>\nLa muestra est\u00e1 compuesta por las instalaciones \u201cEspejo derramado 1\u201d y \u201cEspejo derramado 2\u201d, a las que se le sumar\u00e1 una colecci\u00f3n de cristales y objetos reflectantes. Adem\u00e1s, estar\u00e1 en exhibici\u00f3n la obra de C\u00e9sar L\u00f3pez Claro \u201cOleo sobre lienzo\u201d, de 1966.<\/p>\n<p>Sobre Agustina Mi\u00f1ones<\/p>\n<p>Agustina Mi\u00f1ones es una artista visual nacida en 1991, en Santo Tom\u00e9, Santa Fe. Trabaja principalmente el dibujo, indagando tambi\u00e9n en otras formas y disciplinas. En sus \u00faltimas propuestas destaca la exploraci\u00f3n sobre los l\u00edmites, rupturas y continuidades de algunas escisiones pretendidas como agradable\/desagradable, vida\/muerte, real\/irreal.<br \/>\nCuenta con exhibiciones en Argentina y en el exterior, y ha participado en diversas muestras y proyectos colectivos.<br \/>\nSu \u00faltima exposici\u00f3n individual \u201cUn ruido semejante a la penumbra\u201d en 2022 (Delta Espacio, Galer\u00eda) recibi\u00f3 el apoyo del Fondo Nacional de las Artes. Ese mismo a\u00f1o public\u00f3 \u201cLxs M\u00e1culas\u201d con Azogue Libros.<\/p>\n\t\t\t<\/div>\n\t\t\t\t\t<\/div>\n\t<\/div>\n<\/div>\n\t<\/div>\n<\/div>\n\t\t\t\t\t\t<\/div>\n\t\t\t\t<\/div>\n\t\t\t\t\t<\/div>\n\t\t<\/div>\n\t\t\t\t\t<\/div>\n\t\t<\/section>\n\t\t\t\t<section class=\"elementor-section elementor-top-section elementor-element elementor-element-4322f179 elementor-section-boxed elementor-section-height-default elementor-section-height-default\" data-id=\"4322f179\" data-element_type=\"section\" data-e-type=\"section\">\n\t\t\t\t\t\t<div class=\"elementor-container elementor-column-gap-default\">\n\t\t\t\t\t<div class=\"elementor-column elementor-col-100 elementor-top-column elementor-element elementor-element-1dd88ee6\" data-id=\"1dd88ee6\" data-element_type=\"column\" data-e-type=\"column\">\n\t\t\t<div class=\"elementor-widget-wrap elementor-element-populated\">\n\t\t\t\t\t\t<div class=\"elementor-element elementor-element-74cb090a elementor-widget elementor-widget-heading\" data-id=\"74cb090a\" data-element_type=\"widget\" data-e-type=\"widget\" data-widget_type=\"heading.default\">\n\t\t\t\t<div class=\"elementor-widget-container\">\n\t\t\t\t\t<h2 class=\"elementor-heading-title elementor-size-default\">Horarios y visitas<\/h2>\t\t\t\t<\/div>\n\t\t\t\t<\/div>\n\t\t\t\t\t<\/div>\n\t\t<\/div>\n\t\t\t\t\t<\/div>\n\t\t<\/section>\n\t\t\t\t<section class=\"elementor-section elementor-top-section elementor-element elementor-element-3b0457a elementor-section-boxed elementor-section-height-default elementor-section-height-default\" data-id=\"3b0457a\" data-element_type=\"section\" data-e-type=\"section\">\n\t\t\t\t\t\t<div class=\"elementor-container elementor-column-gap-default\">\n\t\t\t\t\t<div class=\"elementor-column elementor-col-50 elementor-top-column elementor-element elementor-element-c27e2dc\" data-id=\"c27e2dc\" data-element_type=\"column\" data-e-type=\"column\">\n\t\t\t<div class=\"elementor-widget-wrap elementor-element-populated\">\n\t\t\t\t\t\t<div class=\"elementor-element elementor-element-b2cd449 elementor-widget elementor-widget-text-editor\" data-id=\"b2cd449\" data-element_type=\"widget\" data-e-type=\"widget\" data-widget_type=\"text-editor.default\">\n\t\t\t\t<div class=\"elementor-widget-container\">\n\t\t\t\t\t\t\t\t\t<p style=\"font-size: 13px; line-height: 18px;\">Lunes a viernes de 9 a 12 horas. <br><br>\n\nCupo limitado de 30 personas por visita guiada.<br><br>\n\nEl ingreso es libre y gratuito.<br><br>\n\nPiedras 7352.<\/p>\t\t\t\t\t\t\t\t<\/div>\n\t\t\t\t<\/div>\n\t\t\t\t\t<\/div>\n\t\t<\/div>\n\t\t\t\t<div class=\"elementor-column elementor-col-50 elementor-top-column elementor-element elementor-element-f0f11d0\" data-id=\"f0f11d0\" data-element_type=\"column\" data-e-type=\"column\">\n\t\t\t<div class=\"elementor-widget-wrap elementor-element-populated\">\n\t\t\t\t\t\t<div class=\"elementor-element elementor-element-5f84b83 elementor-widget elementor-widget-google_maps\" data-id=\"5f84b83\" data-element_type=\"widget\" data-e-type=\"widget\" data-widget_type=\"google_maps.default\">\n\t\t\t\t<div class=\"elementor-widget-container\">\n\t\t\t\t\t\t\t<div class=\"elementor-custom-embed\">\n\t\t\t<iframe loading=\"lazy\"\n\t\t\t\t\tsrc=\"https:\/\/maps.google.com\/maps?q=Piedras%207352%20%2C%20Santa%20Fe%2C%20AR&#038;t=m&#038;z=17&#038;output=embed&#038;iwloc=near\"\n\t\t\t\t\ttitle=\"Piedras 7352 , Santa Fe, AR\"\n\t\t\t\t\taria-label=\"Piedras 7352 , Santa Fe, AR\"\n\t\t\t><\/iframe>\n\t\t<\/div>\n\t\t\t\t\t\t<\/div>\n\t\t\t\t<\/div>\n\t\t\t\t\t<\/div>\n\t\t<\/div>\n\t\t\t\t\t<\/div>\n\t\t<\/section>\n\t\t\t\t<section class=\"elementor-section elementor-top-section elementor-element elementor-element-ce6487c elementor-section-boxed elementor-section-height-default elementor-section-height-default\" data-id=\"ce6487c\" data-element_type=\"section\" data-e-type=\"section\">\n\t\t\t\t\t\t<div class=\"elementor-container elementor-column-gap-default\">\n\t\t\t\t\t<div class=\"elementor-column elementor-col-100 elementor-top-column elementor-element elementor-element-e8edd76\" data-id=\"e8edd76\" data-element_type=\"column\" data-e-type=\"column\">\n\t\t\t<div class=\"elementor-widget-wrap elementor-element-populated\">\n\t\t\t\t\t\t<div class=\"elementor-element elementor-element-40089cc elementor-widget elementor-widget-text-editor\" data-id=\"40089cc\" data-element_type=\"widget\" data-e-type=\"widget\" data-widget_type=\"text-editor.default\">\n\t\t\t\t<div class=\"elementor-widget-container\">\n\t\t\t\t\t\t\t\t\t<p style=\"font-size: 13px; line-height: 20px; text-align: center;\">Si desea solicitar turnos para visitas educativas en grupo, comunicarse por correo a <a href=\"mailto:museo.lopezclaro@santafeciudad.gov.ar\"><span style=\"font-weight: 400;\">museo.lopezclaro@santafeciudad.gov.ar<\/span><\/a> o por telefono al (0342) 460 1575.<\/p>\t\t\t\t\t\t\t\t<\/div>\n\t\t\t\t<\/div>\n\t\t\t\t\t<\/div>\n\t\t<\/div>\n\t\t\t\t\t<\/div>\n\t\t<\/section>\n\t\t\t\t<\/div>\n\t\t","protected":false},"excerpt":{"rendered":"<p>Emplazado en la vivienda particular del barrio Guadalupe donde vivieron C\u00e9sar L\u00f3pez Claro y su compa\u00f1era, Mar\u00eda Brizzi, este espacio [&hellip;]<\/p>\n","protected":false},"author":3,"featured_media":0,"parent":20080,"menu_order":0,"comment_status":"closed","ping_status":"closed","template":"elementor_header_footer","meta":{"site-sidebar-layout":"default","site-content-layout":"","ast-site-content-layout":"default","site-content-style":"default","site-sidebar-style":"default","ast-global-header-display":"","ast-banner-title-visibility":"","ast-main-header-display":"","ast-hfb-above-header-display":"","ast-hfb-below-header-display":"","ast-hfb-mobile-header-display":"","site-post-title":"","ast-breadcrumbs-content":"","ast-featured-img":"","footer-sml-layout":"","ast-disable-related-posts":"","theme-transparent-header-meta":"","adv-header-id-meta":"","stick-header-meta":"","header-above-stick-meta":"","header-main-stick-meta":"","header-below-stick-meta":"","astra-migrate-meta-layouts":"default","ast-page-background-enabled":"default","ast-page-background-meta":{"desktop":{"background-color":"var(--ast-global-color-5)","background-image":"","background-repeat":"repeat","background-position":"center center","background-size":"auto","background-attachment":"scroll","background-type":"","background-media":"","overlay-type":"","overlay-color":"","overlay-opacity":"","overlay-gradient":""},"tablet":{"background-color":"","background-image":"","background-repeat":"repeat","background-position":"center center","background-size":"auto","background-attachment":"scroll","background-type":"","background-media":"","overlay-type":"","overlay-color":"","overlay-opacity":"","overlay-gradient":""},"mobile":{"background-color":"","background-image":"","background-repeat":"repeat","background-position":"center center","background-size":"auto","background-attachment":"scroll","background-type":"","background-media":"","overlay-type":"","overlay-color":"","overlay-opacity":"","overlay-gradient":""}},"ast-content-background-meta":{"desktop":{"background-color":"var(--ast-global-color-4)","background-image":"","background-repeat":"repeat","background-position":"center center","background-size":"auto","background-attachment":"scroll","background-type":"","background-media":"","overlay-type":"","overlay-color":"","overlay-opacity":"","overlay-gradient":""},"tablet":{"background-color":"var(--ast-global-color-4)","background-image":"","background-repeat":"repeat","background-position":"center center","background-size":"auto","background-attachment":"scroll","background-type":"","background-media":"","overlay-type":"","overlay-color":"","overlay-opacity":"","overlay-gradient":""},"mobile":{"background-color":"var(--ast-global-color-4)","background-image":"","background-repeat":"repeat","background-position":"center center","background-size":"auto","background-attachment":"scroll","background-type":"","background-media":"","overlay-type":"","overlay-color":"","overlay-opacity":"","overlay-gradient":""}},"footnotes":""},"class_list":["post-27565","page","type-page","status-publish","hentry"],"yoast_head":"<!-- This site is optimized with the Yoast SEO plugin v28.2 - https:\/\/yoast.com\/product\/yoast-seo-wordpress\/ -->\n<title>Museo Municipal C\u00e9sar L\u00f3pez Claro - Capital Cultural<\/title>\n<meta name=\"robots\" content=\"index, follow, max-snippet:-1, max-image-preview:large, max-video-preview:-1\" \/>\n<link rel=\"canonical\" href=\"https:\/\/www.santafeciudad.gov.ar\/capitalcultural\/museos-y-salas\/cesarlopezclaro\/\" \/>\n<meta property=\"og:locale\" content=\"es_ES\" \/>\n<meta property=\"og:type\" content=\"article\" \/>\n<meta property=\"og:title\" content=\"Museo Municipal C\u00e9sar L\u00f3pez Claro - Capital Cultural\" \/>\n<meta property=\"og:description\" content=\"Emplazado en la vivienda particular del barrio Guadalupe donde vivieron C\u00e9sar L\u00f3pez Claro y su compa\u00f1era, Mar\u00eda Brizzi, este espacio [&hellip;]\" \/>\n<meta property=\"og:url\" content=\"https:\/\/www.santafeciudad.gov.ar\/capitalcultural\/museos-y-salas\/cesarlopezclaro\/\" \/>\n<meta property=\"og:site_name\" content=\"Capital Cultural\" \/>\n<meta property=\"article:publisher\" content=\"https:\/\/www.facebook.com\/SantaFeCapitalok\/\" \/>\n<meta property=\"article:modified_time\" content=\"2026-08-21T11:27:49+00:00\" \/>\n<meta name=\"twitter:card\" content=\"summary_large_image\" \/>\n<meta name=\"twitter:site\" content=\"@_SantaFeCapital\" \/>\n<meta name=\"twitter:label1\" content=\"Tiempo de lectura\" \/>\n\t<meta name=\"twitter:data1\" content=\"1 minuto\" \/>\n<script type=\"application\/ld+json\" class=\"yoast-schema-graph\">{\"@context\":\"https:\\\/\\\/schema.org\",\"@graph\":[{\"@type\":\"WebPage\",\"@id\":\"https:\\\/\\\/www.santafeciudad.gov.ar\\\/capitalcultural\\\/museos-y-salas\\\/cesarlopezclaro\\\/\",\"url\":\"https:\\\/\\\/www.santafeciudad.gov.ar\\\/capitalcultural\\\/museos-y-salas\\\/cesarlopezclaro\\\/\",\"name\":\"Museo Municipal C\u00e9sar L\u00f3pez Claro - Capital Cultural\",\"isPartOf\":{\"@id\":\"https:\\\/\\\/www.santafeciudad.gov.ar\\\/capitalcultural\\\/#website\"},\"datePublished\":\"2025-12-11T12:57:09+00:00\",\"dateModified\":\"2026-08-21T11:27:49+00:00\",\"breadcrumb\":{\"@id\":\"https:\\\/\\\/www.santafeciudad.gov.ar\\\/capitalcultural\\\/museos-y-salas\\\/cesarlopezclaro\\\/#breadcrumb\"},\"inLanguage\":\"es-AR\",\"potentialAction\":[{\"@type\":\"ReadAction\",\"target\":[\"https:\\\/\\\/www.santafeciudad.gov.ar\\\/capitalcultural\\\/museos-y-salas\\\/cesarlopezclaro\\\/\"]}]},{\"@type\":\"BreadcrumbList\",\"@id\":\"https:\\\/\\\/www.santafeciudad.gov.ar\\\/capitalcultural\\\/museos-y-salas\\\/cesarlopezclaro\\\/#breadcrumb\",\"itemListElement\":[{\"@type\":\"ListItem\",\"position\":1,\"name\":\"Inicio\",\"item\":\"https:\\\/\\\/www.santafeciudad.gov.ar\\\/capitalcultural\\\/\"},{\"@type\":\"ListItem\",\"position\":2,\"name\":\"Museos y Salas\",\"item\":\"https:\\\/\\\/www.santafeciudad.gov.ar\\\/capitalcultural\\\/museos-y-salas\\\/\"},{\"@type\":\"ListItem\",\"position\":3,\"name\":\"Museo Municipal C\u00e9sar L\u00f3pez Claro\"}]},{\"@type\":\"WebSite\",\"@id\":\"https:\\\/\\\/www.santafeciudad.gov.ar\\\/capitalcultural\\\/#website\",\"url\":\"https:\\\/\\\/www.santafeciudad.gov.ar\\\/capitalcultural\\\/\",\"name\":\"Capital Cultural\",\"description\":\"Secretaria de Cultura\",\"publisher\":{\"@id\":\"https:\\\/\\\/www.santafeciudad.gov.ar\\\/capitalcultural\\\/#organization\"},\"potentialAction\":[{\"@type\":\"SearchAction\",\"target\":{\"@type\":\"EntryPoint\",\"urlTemplate\":\"https:\\\/\\\/www.santafeciudad.gov.ar\\\/capitalcultural\\\/?s={search_term_string}\"},\"query-input\":{\"@type\":\"PropertyValueSpecification\",\"valueRequired\":true,\"valueName\":\"search_term_string\"}}],\"inLanguage\":\"es-AR\"},{\"@type\":\"Organization\",\"@id\":\"https:\\\/\\\/www.santafeciudad.gov.ar\\\/capitalcultural\\\/#organization\",\"name\":\"Municipalidad de la ciudad de Santa Fe\",\"alternateName\":\"Municipalidad de Santa Fe\",\"url\":\"https:\\\/\\\/www.santafeciudad.gov.ar\\\/capitalcultural\\\/\",\"logo\":{\"@type\":\"ImageObject\",\"inLanguage\":\"es-AR\",\"@id\":\"https:\\\/\\\/www.santafeciudad.gov.ar\\\/capitalcultural\\\/#\\\/schema\\\/logo\\\/image\\\/\",\"url\":\"https:\\\/\\\/www.santafeciudad.gov.ar\\\/capitalcultural\\\/wp-content\\\/uploads\\\/2020\\\/06\\\/SantaFeCapital_Logo_800x400-e1591880179119.png\",\"contentUrl\":\"https:\\\/\\\/www.santafeciudad.gov.ar\\\/capitalcultural\\\/wp-content\\\/uploads\\\/2020\\\/06\\\/SantaFeCapital_Logo_800x400-e1591880179119.png\",\"width\":400,\"height\":200,\"caption\":\"Municipalidad de la ciudad de Santa Fe\"},\"image\":{\"@id\":\"https:\\\/\\\/www.santafeciudad.gov.ar\\\/capitalcultural\\\/#\\\/schema\\\/logo\\\/image\\\/\"},\"sameAs\":[\"https:\\\/\\\/www.facebook.com\\\/SantaFeCapitalok\\\/\",\"https:\\\/\\\/x.com\\\/_SantaFeCapital\",\"https:\\\/\\\/www.instagram.com\\\/cultura.santafecapital\\\/\"]}]}<\/script>\n<!-- \/ Yoast SEO plugin. -->","yoast_head_json":{"title":"Museo Municipal C\u00e9sar L\u00f3pez Claro - Capital Cultural","robots":{"index":"index","follow":"follow","max-snippet":"max-snippet:-1","max-image-preview":"max-image-preview:large","max-video-preview":"max-video-preview:-1"},"canonical":"https:\/\/www.santafeciudad.gov.ar\/capitalcultural\/museos-y-salas\/cesarlopezclaro\/","og_locale":"es_ES","og_type":"article","og_title":"Museo Municipal C\u00e9sar L\u00f3pez Claro - Capital Cultural","og_description":"Emplazado en la vivienda particular del barrio Guadalupe donde vivieron C\u00e9sar L\u00f3pez Claro y su compa\u00f1era, Mar\u00eda Brizzi, este espacio [&hellip;]","og_url":"https:\/\/www.santafeciudad.gov.ar\/capitalcultural\/museos-y-salas\/cesarlopezclaro\/","og_site_name":"Capital Cultural","article_publisher":"https:\/\/www.facebook.com\/SantaFeCapitalok\/","article_modified_time":"2026-08-21T11:27:49+00:00","twitter_card":"summary_large_image","twitter_site":"@_SantaFeCapital","twitter_misc":{"Tiempo de lectura":"1 minuto"},"schema":{"@context":"https:\/\/schema.org","@graph":[{"@type":"WebPage","@id":"https:\/\/www.santafeciudad.gov.ar\/capitalcultural\/museos-y-salas\/cesarlopezclaro\/","url":"https:\/\/www.santafeciudad.gov.ar\/capitalcultural\/museos-y-salas\/cesarlopezclaro\/","name":"Museo Municipal C\u00e9sar L\u00f3pez Claro - Capital Cultural","isPartOf":{"@id":"https:\/\/www.santafeciudad.gov.ar\/capitalcultural\/#website"},"datePublished":"2025-12-11T12:57:09+00:00","dateModified":"2026-08-21T11:27:49+00:00","breadcrumb":{"@id":"https:\/\/www.santafeciudad.gov.ar\/capitalcultural\/museos-y-salas\/cesarlopezclaro\/#breadcrumb"},"inLanguage":"es-AR","potentialAction":[{"@type":"ReadAction","target":["https:\/\/www.santafeciudad.gov.ar\/capitalcultural\/museos-y-salas\/cesarlopezclaro\/"]}]},{"@type":"BreadcrumbList","@id":"https:\/\/www.santafeciudad.gov.ar\/capitalcultural\/museos-y-salas\/cesarlopezclaro\/#breadcrumb","itemListElement":[{"@type":"ListItem","position":1,"name":"Inicio","item":"https:\/\/www.santafeciudad.gov.ar\/capitalcultural\/"},{"@type":"ListItem","position":2,"name":"Museos y Salas","item":"https:\/\/www.santafeciudad.gov.ar\/capitalcultural\/museos-y-salas\/"},{"@type":"ListItem","position":3,"name":"Museo Municipal C\u00e9sar L\u00f3pez Claro"}]},{"@type":"WebSite","@id":"https:\/\/www.santafeciudad.gov.ar\/capitalcultural\/#website","url":"https:\/\/www.santafeciudad.gov.ar\/capitalcultural\/","name":"Capital Cultural","description":"Secretaria de Cultura","publisher":{"@id":"https:\/\/www.santafeciudad.gov.ar\/capitalcultural\/#organization"},"potentialAction":[{"@type":"SearchAction","target":{"@type":"EntryPoint","urlTemplate":"https:\/\/www.santafeciudad.gov.ar\/capitalcultural\/?s={search_term_string}"},"query-input":{"@type":"PropertyValueSpecification","valueRequired":true,"valueName":"search_term_string"}}],"inLanguage":"es-AR"},{"@type":"Organization","@id":"https:\/\/www.santafeciudad.gov.ar\/capitalcultural\/#organization","name":"Municipalidad de la ciudad de Santa Fe","alternateName":"Municipalidad de Santa Fe","url":"https:\/\/www.santafeciudad.gov.ar\/capitalcultural\/","logo":{"@type":"ImageObject","inLanguage":"es-AR","@id":"https:\/\/www.santafeciudad.gov.ar\/capitalcultural\/#\/schema\/logo\/image\/","url":"https:\/\/www.santafeciudad.gov.ar\/capitalcultural\/wp-content\/uploads\/2020\/06\/SantaFeCapital_Logo_800x400-e1591880179119.png","contentUrl":"https:\/\/www.santafeciudad.gov.ar\/capitalcultural\/wp-content\/uploads\/2020\/06\/SantaFeCapital_Logo_800x400-e1591880179119.png","width":400,"height":200,"caption":"Municipalidad de la ciudad de Santa Fe"},"image":{"@id":"https:\/\/www.santafeciudad.gov.ar\/capitalcultural\/#\/schema\/logo\/image\/"},"sameAs":["https:\/\/www.facebook.com\/SantaFeCapitalok\/","https:\/\/x.com\/_SantaFeCapital","https:\/\/www.instagram.com\/cultura.santafecapital\/"]}]}},"_links":{"self":[{"href":"https:\/\/www.santafeciudad.gov.ar\/capitalcultural\/wp-json\/wp\/v2\/pages\/27565","targetHints":{"allow":["GET"]}}],"collection":[{"href":"https:\/\/www.santafeciudad.gov.ar\/capitalcultural\/wp-json\/wp\/v2\/pages"}],"about":[{"href":"https:\/\/www.santafeciudad.gov.ar\/capitalcultural\/wp-json\/wp\/v2\/types\/page"}],"author":[{"embeddable":true,"href":"https:\/\/www.santafeciudad.gov.ar\/capitalcultural\/wp-json\/wp\/v2\/users\/3"}],"replies":[{"embeddable":true,"href":"https:\/\/www.santafeciudad.gov.ar\/capitalcultural\/wp-json\/wp\/v2\/comments?post=27565"}],"version-history":[{"count":47,"href":"https:\/\/www.santafeciudad.gov.ar\/capitalcultural\/wp-json\/wp\/v2\/pages\/27565\/revisions"}],"predecessor-version":[{"id":32041,"href":"https:\/\/www.santafeciudad.gov.ar\/capitalcultural\/wp-json\/wp\/v2\/pages\/27565\/revisions\/32041"}],"up":[{"embeddable":true,"href":"https:\/\/www.santafeciudad.gov.ar\/capitalcultural\/wp-json\/wp\/v2\/pages\/20080"}],"wp:attachment":[{"href":"https:\/\/www.santafeciudad.gov.ar\/capitalcultural\/wp-json\/wp\/v2\/media?parent=27565"}],"curies":[{"name":"wp","href":"https:\/\/api.w.org\/{rel}","templated":true}]}}