{"id":27797,"date":"2026-01-26T10:28:15","date_gmt":"2026-01-26T13:28:15","guid":{"rendered":"https:\/\/www.santafeciudad.gov.ar\/capitalcultural\/?page_id=27797"},"modified":"2026-03-16T13:21:46","modified_gmt":"2026-03-16T16:21:46","slug":"festivaltrotamundos","status":"publish","type":"page","link":"https:\/\/www.santafeciudad.gov.ar\/capitalcultural\/mercadoprogreso\/festivaltrotamundos\/","title":{"rendered":"Festival de T\u00edteres \u201cTrotamundos\u201d"},"content":{"rendered":"\t\t<div data-elementor-type=\"wp-page\" data-elementor-id=\"27797\" class=\"elementor elementor-27797\">\n\t\t\t\t\t\t<section class=\"elementor-section elementor-top-section elementor-element elementor-element-41e4646 elementor-section-boxed elementor-section-height-default elementor-section-height-default\" data-id=\"41e4646\" data-element_type=\"section\" data-e-type=\"section\">\n\t\t\t\t\t\t<div class=\"elementor-container elementor-column-gap-default\">\n\t\t\t\t\t<div class=\"elementor-column elementor-col-100 elementor-top-column elementor-element elementor-element-c280028\" data-id=\"c280028\" data-element_type=\"column\" data-e-type=\"column\">\n\t\t\t<div class=\"elementor-widget-wrap elementor-element-populated\">\n\t\t\t\t\t\t<div class=\"elementor-element elementor-element-286ad20 elementor-widget elementor-widget-text-editor\" data-id=\"286ad20\" data-element_type=\"widget\" data-e-type=\"widget\" data-widget_type=\"text-editor.default\">\n\t\t\t\t<div class=\"elementor-widget-container\">\n\t\t\t\t\t\t\t\t\t<p style=\"font-size: 13px;\">El Festival de T\u00edteres Trotamundos celebra su novena edici\u00f3n el s\u00e1bado 21 de marzo a las 18 horas en el Mercado Progreso (Balcarce 1635), con entrada libre y gratuita. La jornada reunir\u00e1 espect\u00e1culos de distintas provincias del pa\u00eds, en una propuesta pensada para compartir el arte titiritero con p\u00fablicos de todas las edades.<\/p>\t\t\t\t\t\t\t\t<\/div>\n\t\t\t\t<\/div>\n\t\t\t\t<div class=\"elementor-element elementor-element-b2eb8cd elementor-widget elementor-widget-text-editor\" data-id=\"b2eb8cd\" data-element_type=\"widget\" data-e-type=\"widget\" data-widget_type=\"text-editor.default\">\n\t\t\t\t<div class=\"elementor-widget-container\">\n\t\t\t\t\t\t\t\t\t<p style=\"font-size: 13px; line-height: 22px;\">En el marco del <strong>D\u00eda Mundial del T\u00edtere<\/strong>, impulsado por la <em>Uni\u00f3n Internacional de Marioneta<\/em>, el festival presentar\u00e1 cuatro obras seleccionadas a partir de una convocatoria abierta realizada durante febrero.<br><br>\nLa programaci\u00f3n incluye \u201c<strong>C\u00f3ctel<\/strong>\u201d de Manu Mansilla (<strong>Buenos Aires<\/strong>), una propuesta compuesta por distintas historias que combinan t\u00e9cnicas de t\u00edteres y teatro de objetos; \u201c<strong>Teatr\u00edn viajero, zapateo y sarandeo<\/strong>\u201d del elenco Chincho Poroto Teatro de T\u00edteres (<strong>Catamarca<\/strong>), que recupera el esp\u00edritu del teatro popular y ambulante; \u201c<strong>Lxs Dxs Demonixs<\/strong>\u201d del grupo T\u00edteres por la Memoria (<strong>Paran\u00e1<\/strong>), una obra que aborda la memoria colectiva a trav\u00e9s de un relato po\u00e9tico; y \u201c<strong>De Castillos y Fantasmas<\/strong>\u201d, del Elenco de T\u00edteres del Teatro Municipal (<strong>Santa Fe<\/strong>), una historia de aventuras donde reyes, brujas y fantasmas invitan a descubrir qui\u00e9n ser\u00e1 el verdadero h\u00e9roe de la historia.<br><br>\n\n<em>El Festival Trotamundos busca promover y difundir el arte de los t\u00edteres como una expresi\u00f3n cultural ancestral y contempor\u00e1nea, capaz de abordar tem\u00e1ticas sociales, emocionales e hist\u00f3ricas a trav\u00e9s del juego y la animaci\u00f3n de objetos. Tras dos a\u00f1os sin realizarse, el encuentro regresa a la ciudad impulsado por el inter\u00e9s del p\u00fablico y de la comunidad titiritera, consolid\u00e1ndose como un espacio de encuentro entre artistas, territorios y audiencias<\/em>.<\/p>\t\t\t\t\t\t\t\t<\/div>\n\t\t\t\t<\/div>\n\t\t\t\t<div class=\"elementor-element elementor-element-e5ec1cd elementor-widget elementor-widget-html\" data-id=\"e5ec1cd\" data-element_type=\"widget\" data-e-type=\"widget\" data-widget_type=\"html.default\">\n\t\t\t\t<div class=\"elementor-widget-container\">\n\t\t\t\t\t<style>\r\n.trotamundos-galeria{\r\n  display:grid;\r\n  grid-template-columns:1fr 1fr;\r\n  gap:20px;\r\n  justify-items:center;\r\n  max-width:500px;\r\n  margin:auto;\r\n}\r\n\r\n.trotamundos-galeria img{\r\n  width:100%;\r\n  max-width:360px; \/* tama\u00f1o en desktop *\/\r\n  height:auto;\r\n  display:block;\r\n  border-radius:6px;\r\n  cursor:pointer;\r\n  transition:transform .2s ease;\r\n}\r\n\r\n.trotamundos-galeria img:hover{\r\n  transform:scale(1.03);\r\n}\r\n\r\n\/* mobile *\/\r\n@media (max-width:768px){\r\n  .trotamundos-galeria{\r\n    grid-template-columns:1fr;\r\n  }\r\n\r\n  .trotamundos-galeria img{\r\n    max-width:260px; \/* m\u00e1s chicas en mobile *\/\r\n  }\r\n}\r\n\r\n\/* lightbox *\/\r\n.lightbox{\r\n  display:none;\r\n  position:fixed;\r\n  z-index:9999;\r\n  top:0;\r\n  left:0;\r\n  width:100%;\r\n  height:100%;\r\n  background:rgba(0,0,0,0.9);\r\n  justify-content:center;\r\n  align-items:center;\r\n  padding:400px;\r\n}\r\n\r\n.lightbox img{\r\n  max-width:95%;\r\n  max-height:95%;\r\n}\r\n\r\n.lightbox.active{\r\n  display:flex;\r\n}\r\n<\/style>\r\n\r\n<div class=\"trotamundos-galeria\">\r\n  <img decoding=\"async\" src=\"https:\/\/www.santafeciudad.gov.ar\/capitalcultural\/wp-content\/uploads\/2026\/03\/TM_mf-1.jpg\" onclick=\"abrirLightbox(this.src)\">\r\n  <img decoding=\"async\" src=\"https:\/\/www.santafeciudad.gov.ar\/capitalcultural\/wp-content\/uploads\/2026\/03\/TM_mf-2.jpg\" onclick=\"abrirLightbox(this.src)\">\r\n<\/div>\r\n\r\n<div class=\"lightbox\" id=\"lightbox\" onclick=\"cerrarLightbox()\">\r\n  <img id=\"lightbox-img\">\r\n<\/div>\r\n\r\n<script>\r\nfunction abrirLightbox(src){\r\n  document.getElementById(\"lightbox-img\").src = src;\r\n  document.getElementById(\"lightbox\").classList.add(\"active\");\r\n}\r\n\r\nfunction cerrarLightbox(){\r\n  document.getElementById(\"lightbox\").classList.remove(\"active\");\r\n}\r\n<\/script>\t\t\t\t<\/div>\n\t\t\t\t<\/div>\n\t\t\t\t\t<\/div>\n\t\t<\/div>\n\t\t\t\t\t<\/div>\n\t\t<\/section>\n\t\t\t\t<section class=\"elementor-section elementor-top-section elementor-element elementor-element-80dc747 elementor-section-boxed elementor-section-height-default elementor-section-height-default\" data-id=\"80dc747\" data-element_type=\"section\" data-e-type=\"section\">\n\t\t\t\t\t\t<div class=\"elementor-container elementor-column-gap-default\">\n\t\t\t\t\t<div class=\"elementor-column elementor-col-100 elementor-top-column elementor-element elementor-element-91a7c29\" data-id=\"91a7c29\" data-element_type=\"column\" data-e-type=\"column\">\n\t\t\t<div class=\"elementor-widget-wrap elementor-element-populated\">\n\t\t\t\t\t\t<div class=\"elementor-element elementor-element-c482fd8 elementor-widget elementor-widget-text-editor\" data-id=\"c482fd8\" data-element_type=\"widget\" data-e-type=\"widget\" data-widget_type=\"text-editor.default\">\n\t\t\t\t<div class=\"elementor-widget-container\">\n\t\t\t\t\t\t\t\t\t<h4 style=\"font-size: 15px;\">Sobre el Festival \u201cTrotamundos\u201d<\/h4><p style=\"font-size: 13px; line-height: 22px;\">El Festival \u201cTrotamundos\u201d de T\u00edteres nace con el objetivo de promover, difundir y poner en valor el arte titiritero como una manifestaci\u00f3n cultural esencial, ancestral y contempor\u00e1nea a la vez, capaz de dialogar con p\u00fablicos de todas las edades y contextos sociales.<\/p><p style=\"font-size: 13px; line-height: 22px;\">El regreso del evento, que cuenta con ocho ediciones y hace dos a\u00f1os que no se realiza, fue solicitado por el p\u00fablico santafesino y los artistas, con el objetivo de poner en valor el trabajo de la comunidad titiritera.<\/p><p style=\"font-size: 13px; line-height: 22px;\">El teatro de t\u00edteres constituye una herramienta art\u00edstica de gran potencia simb\u00f3lica, pedag\u00f3gica y expresiva. A trav\u00e9s del juego, la met\u00e1fora y la animaci\u00f3n de objetos, permite abordar tem\u00e1ticas profundas \u2014sociales, emocionales, hist\u00f3ricas y culturales\u2014 de una manera accesible, sensible y transformadora. En este sentido, el festival se propone como un espacio de encuentro entre artistas, comunidades y territorios, fomentando el acceso democr\u00e1tico a la cultura y el fortalecimiento del tejido social.<\/p>\t\t\t\t\t\t\t\t<\/div>\n\t\t\t\t<\/div>\n\t\t\t\t\t<\/div>\n\t\t<\/div>\n\t\t\t\t\t<\/div>\n\t\t<\/section>\n\t\t\t\t<\/div>\n\t\t","protected":false},"excerpt":{"rendered":"<p>El Festival de T\u00edteres Trotamundos celebra su novena edici\u00f3n el s\u00e1bado 21 de marzo a las 18 horas en el [&hellip;]<\/p>\n","protected":false},"author":3,"featured_media":0,"parent":24705,"menu_order":0,"comment_status":"closed","ping_status":"closed","template":"elementor_header_footer","meta":{"site-sidebar-layout":"default","site-content-layout":"","ast-site-content-layout":"default","site-content-style":"default","site-sidebar-style":"default","ast-global-header-display":"","ast-banner-title-visibility":"","ast-main-header-display":"","ast-hfb-above-header-display":"","ast-hfb-below-header-display":"","ast-hfb-mobile-header-display":"","site-post-title":"","ast-breadcrumbs-content":"","ast-featured-img":"","footer-sml-layout":"","ast-disable-related-posts":"","theme-transparent-header-meta":"","adv-header-id-meta":"","stick-header-meta":"","header-above-stick-meta":"","header-main-stick-meta":"","header-below-stick-meta":"","astra-migrate-meta-layouts":"default","ast-page-background-enabled":"default","ast-page-background-meta":{"desktop":{"background-color":"var(--ast-global-color-5)","background-image":"","background-repeat":"repeat","background-position":"center center","background-size":"auto","background-attachment":"scroll","background-type":"","background-media":"","overlay-type":"","overlay-color":"","overlay-opacity":"","overlay-gradient":""},"tablet":{"background-color":"","background-image":"","background-repeat":"repeat","background-position":"center center","background-size":"auto","background-attachment":"scroll","background-type":"","background-media":"","overlay-type":"","overlay-color":"","overlay-opacity":"","overlay-gradient":""},"mobile":{"background-color":"","background-image":"","background-repeat":"repeat","background-position":"center center","background-size":"auto","background-attachment":"scroll","background-type":"","background-media":"","overlay-type":"","overlay-color":"","overlay-opacity":"","overlay-gradient":""}},"ast-content-background-meta":{"desktop":{"background-color":"var(--ast-global-color-4)","background-image":"","background-repeat":"repeat","background-position":"center center","background-size":"auto","background-attachment":"scroll","background-type":"","background-media":"","overlay-type":"","overlay-color":"","overlay-opacity":"","overlay-gradient":""},"tablet":{"background-color":"var(--ast-global-color-4)","background-image":"","background-repeat":"repeat","background-position":"center center","background-size":"auto","background-attachment":"scroll","background-type":"","background-media":"","overlay-type":"","overlay-color":"","overlay-opacity":"","overlay-gradient":""},"mobile":{"background-color":"var(--ast-global-color-4)","background-image":"","background-repeat":"repeat","background-position":"center center","background-size":"auto","background-attachment":"scroll","background-type":"","background-media":"","overlay-type":"","overlay-color":"","overlay-opacity":"","overlay-gradient":""}},"footnotes":""},"class_list":["post-27797","page","type-page","status-publish","hentry"],"yoast_head":"<!-- This site is optimized with the Yoast SEO plugin v28.2 - https:\/\/yoast.com\/product\/yoast-seo-wordpress\/ -->\n<title>Festival de T\u00edteres \u201cTrotamundos\u201d - Capital Cultural<\/title>\n<meta name=\"robots\" content=\"index, follow, max-snippet:-1, max-image-preview:large, max-video-preview:-1\" \/>\n<link rel=\"canonical\" href=\"https:\/\/www.santafeciudad.gov.ar\/capitalcultural\/mercadoprogreso\/festivaltrotamundos\/\" \/>\n<meta property=\"og:locale\" content=\"es_ES\" \/>\n<meta property=\"og:type\" content=\"article\" \/>\n<meta property=\"og:title\" content=\"Festival de T\u00edteres \u201cTrotamundos\u201d - Capital Cultural\" \/>\n<meta property=\"og:description\" content=\"El Festival de T\u00edteres Trotamundos celebra su novena edici\u00f3n el s\u00e1bado 21 de marzo a las 18 horas en el [&hellip;]\" \/>\n<meta property=\"og:url\" content=\"https:\/\/www.santafeciudad.gov.ar\/capitalcultural\/mercadoprogreso\/festivaltrotamundos\/\" \/>\n<meta property=\"og:site_name\" content=\"Capital Cultural\" \/>\n<meta property=\"article:publisher\" content=\"https:\/\/www.facebook.com\/SantaFeCapitalok\/\" \/>\n<meta property=\"article:modified_time\" content=\"2026-03-16T16:21:46+00:00\" \/>\n<meta property=\"og:image\" content=\"https:\/\/www.santafeciudad.gov.ar\/capitalcultural\/wp-content\/uploads\/2026\/03\/TM_mf-1.jpg\" \/>\n<meta name=\"twitter:card\" content=\"summary_large_image\" \/>\n<meta name=\"twitter:site\" content=\"@_SantaFeCapital\" \/>\n<meta name=\"twitter:label1\" content=\"Tiempo de lectura\" \/>\n\t<meta name=\"twitter:data1\" content=\"3 minutos\" \/>\n<script type=\"application\/ld+json\" class=\"yoast-schema-graph\">{\"@context\":\"https:\\\/\\\/schema.org\",\"@graph\":[{\"@type\":\"WebPage\",\"@id\":\"https:\\\/\\\/www.santafeciudad.gov.ar\\\/capitalcultural\\\/mercadoprogreso\\\/festivaltrotamundos\\\/\",\"url\":\"https:\\\/\\\/www.santafeciudad.gov.ar\\\/capitalcultural\\\/mercadoprogreso\\\/festivaltrotamundos\\\/\",\"name\":\"Festival de T\u00edteres \u201cTrotamundos\u201d - Capital Cultural\",\"isPartOf\":{\"@id\":\"https:\\\/\\\/www.santafeciudad.gov.ar\\\/capitalcultural\\\/#website\"},\"primaryImageOfPage\":{\"@id\":\"https:\\\/\\\/www.santafeciudad.gov.ar\\\/capitalcultural\\\/mercadoprogreso\\\/festivaltrotamundos\\\/#primaryimage\"},\"image\":{\"@id\":\"https:\\\/\\\/www.santafeciudad.gov.ar\\\/capitalcultural\\\/mercadoprogreso\\\/festivaltrotamundos\\\/#primaryimage\"},\"thumbnailUrl\":\"https:\\\/\\\/www.santafeciudad.gov.ar\\\/capitalcultural\\\/wp-content\\\/uploads\\\/2026\\\/03\\\/TM_mf-1.jpg\",\"datePublished\":\"2026-01-26T13:28:15+00:00\",\"dateModified\":\"2026-03-16T16:21:46+00:00\",\"breadcrumb\":{\"@id\":\"https:\\\/\\\/www.santafeciudad.gov.ar\\\/capitalcultural\\\/mercadoprogreso\\\/festivaltrotamundos\\\/#breadcrumb\"},\"inLanguage\":\"es-AR\",\"potentialAction\":[{\"@type\":\"ReadAction\",\"target\":[\"https:\\\/\\\/www.santafeciudad.gov.ar\\\/capitalcultural\\\/mercadoprogreso\\\/festivaltrotamundos\\\/\"]}]},{\"@type\":\"ImageObject\",\"inLanguage\":\"es-AR\",\"@id\":\"https:\\\/\\\/www.santafeciudad.gov.ar\\\/capitalcultural\\\/mercadoprogreso\\\/festivaltrotamundos\\\/#primaryimage\",\"url\":\"https:\\\/\\\/www.santafeciudad.gov.ar\\\/capitalcultural\\\/wp-content\\\/uploads\\\/2026\\\/03\\\/TM_mf-1.jpg\",\"contentUrl\":\"https:\\\/\\\/www.santafeciudad.gov.ar\\\/capitalcultural\\\/wp-content\\\/uploads\\\/2026\\\/03\\\/TM_mf-1.jpg\"},{\"@type\":\"BreadcrumbList\",\"@id\":\"https:\\\/\\\/www.santafeciudad.gov.ar\\\/capitalcultural\\\/mercadoprogreso\\\/festivaltrotamundos\\\/#breadcrumb\",\"itemListElement\":[{\"@type\":\"ListItem\",\"position\":1,\"name\":\"Inicio\",\"item\":\"https:\\\/\\\/www.santafeciudad.gov.ar\\\/capitalcultural\\\/\"},{\"@type\":\"ListItem\",\"position\":2,\"name\":\"Mercado Progreso\",\"item\":\"https:\\\/\\\/www.santafeciudad.gov.ar\\\/capitalcultural\\\/mercadoprogreso\\\/\"},{\"@type\":\"ListItem\",\"position\":3,\"name\":\"Festival de T\u00edteres \u201cTrotamundos\u201d\"}]},{\"@type\":\"WebSite\",\"@id\":\"https:\\\/\\\/www.santafeciudad.gov.ar\\\/capitalcultural\\\/#website\",\"url\":\"https:\\\/\\\/www.santafeciudad.gov.ar\\\/capitalcultural\\\/\",\"name\":\"Capital Cultural\",\"description\":\"Secretaria de Cultura\",\"publisher\":{\"@id\":\"https:\\\/\\\/www.santafeciudad.gov.ar\\\/capitalcultural\\\/#organization\"},\"potentialAction\":[{\"@type\":\"SearchAction\",\"target\":{\"@type\":\"EntryPoint\",\"urlTemplate\":\"https:\\\/\\\/www.santafeciudad.gov.ar\\\/capitalcultural\\\/?s={search_term_string}\"},\"query-input\":{\"@type\":\"PropertyValueSpecification\",\"valueRequired\":true,\"valueName\":\"search_term_string\"}}],\"inLanguage\":\"es-AR\"},{\"@type\":\"Organization\",\"@id\":\"https:\\\/\\\/www.santafeciudad.gov.ar\\\/capitalcultural\\\/#organization\",\"name\":\"Municipalidad de la ciudad de Santa Fe\",\"alternateName\":\"Municipalidad de Santa Fe\",\"url\":\"https:\\\/\\\/www.santafeciudad.gov.ar\\\/capitalcultural\\\/\",\"logo\":{\"@type\":\"ImageObject\",\"inLanguage\":\"es-AR\",\"@id\":\"https:\\\/\\\/www.santafeciudad.gov.ar\\\/capitalcultural\\\/#\\\/schema\\\/logo\\\/image\\\/\",\"url\":\"https:\\\/\\\/www.santafeciudad.gov.ar\\\/capitalcultural\\\/wp-content\\\/uploads\\\/2020\\\/06\\\/SantaFeCapital_Logo_800x400-e1591880179119.png\",\"contentUrl\":\"https:\\\/\\\/www.santafeciudad.gov.ar\\\/capitalcultural\\\/wp-content\\\/uploads\\\/2020\\\/06\\\/SantaFeCapital_Logo_800x400-e1591880179119.png\",\"width\":400,\"height\":200,\"caption\":\"Municipalidad de la ciudad de Santa Fe\"},\"image\":{\"@id\":\"https:\\\/\\\/www.santafeciudad.gov.ar\\\/capitalcultural\\\/#\\\/schema\\\/logo\\\/image\\\/\"},\"sameAs\":[\"https:\\\/\\\/www.facebook.com\\\/SantaFeCapitalok\\\/\",\"https:\\\/\\\/x.com\\\/_SantaFeCapital\",\"https:\\\/\\\/www.instagram.com\\\/cultura.santafecapital\\\/\"]}]}<\/script>\n<!-- \/ Yoast SEO plugin. -->","yoast_head_json":{"title":"Festival de T\u00edteres \u201cTrotamundos\u201d - Capital Cultural","robots":{"index":"index","follow":"follow","max-snippet":"max-snippet:-1","max-image-preview":"max-image-preview:large","max-video-preview":"max-video-preview:-1"},"canonical":"https:\/\/www.santafeciudad.gov.ar\/capitalcultural\/mercadoprogreso\/festivaltrotamundos\/","og_locale":"es_ES","og_type":"article","og_title":"Festival de T\u00edteres \u201cTrotamundos\u201d - Capital Cultural","og_description":"El Festival de T\u00edteres Trotamundos celebra su novena edici\u00f3n el s\u00e1bado 21 de marzo a las 18 horas en el [&hellip;]","og_url":"https:\/\/www.santafeciudad.gov.ar\/capitalcultural\/mercadoprogreso\/festivaltrotamundos\/","og_site_name":"Capital Cultural","article_publisher":"https:\/\/www.facebook.com\/SantaFeCapitalok\/","article_modified_time":"2026-03-16T16:21:46+00:00","og_image":[{"url":"https:\/\/www.santafeciudad.gov.ar\/capitalcultural\/wp-content\/uploads\/2026\/03\/TM_mf-1.jpg","type":"","width":"","height":""}],"twitter_card":"summary_large_image","twitter_site":"@_SantaFeCapital","twitter_misc":{"Tiempo de lectura":"3 minutos"},"schema":{"@context":"https:\/\/schema.org","@graph":[{"@type":"WebPage","@id":"https:\/\/www.santafeciudad.gov.ar\/capitalcultural\/mercadoprogreso\/festivaltrotamundos\/","url":"https:\/\/www.santafeciudad.gov.ar\/capitalcultural\/mercadoprogreso\/festivaltrotamundos\/","name":"Festival de T\u00edteres \u201cTrotamundos\u201d - Capital Cultural","isPartOf":{"@id":"https:\/\/www.santafeciudad.gov.ar\/capitalcultural\/#website"},"primaryImageOfPage":{"@id":"https:\/\/www.santafeciudad.gov.ar\/capitalcultural\/mercadoprogreso\/festivaltrotamundos\/#primaryimage"},"image":{"@id":"https:\/\/www.santafeciudad.gov.ar\/capitalcultural\/mercadoprogreso\/festivaltrotamundos\/#primaryimage"},"thumbnailUrl":"https:\/\/www.santafeciudad.gov.ar\/capitalcultural\/wp-content\/uploads\/2026\/03\/TM_mf-1.jpg","datePublished":"2026-01-26T13:28:15+00:00","dateModified":"2026-03-16T16:21:46+00:00","breadcrumb":{"@id":"https:\/\/www.santafeciudad.gov.ar\/capitalcultural\/mercadoprogreso\/festivaltrotamundos\/#breadcrumb"},"inLanguage":"es-AR","potentialAction":[{"@type":"ReadAction","target":["https:\/\/www.santafeciudad.gov.ar\/capitalcultural\/mercadoprogreso\/festivaltrotamundos\/"]}]},{"@type":"ImageObject","inLanguage":"es-AR","@id":"https:\/\/www.santafeciudad.gov.ar\/capitalcultural\/mercadoprogreso\/festivaltrotamundos\/#primaryimage","url":"https:\/\/www.santafeciudad.gov.ar\/capitalcultural\/wp-content\/uploads\/2026\/03\/TM_mf-1.jpg","contentUrl":"https:\/\/www.santafeciudad.gov.ar\/capitalcultural\/wp-content\/uploads\/2026\/03\/TM_mf-1.jpg"},{"@type":"BreadcrumbList","@id":"https:\/\/www.santafeciudad.gov.ar\/capitalcultural\/mercadoprogreso\/festivaltrotamundos\/#breadcrumb","itemListElement":[{"@type":"ListItem","position":1,"name":"Inicio","item":"https:\/\/www.santafeciudad.gov.ar\/capitalcultural\/"},{"@type":"ListItem","position":2,"name":"Mercado Progreso","item":"https:\/\/www.santafeciudad.gov.ar\/capitalcultural\/mercadoprogreso\/"},{"@type":"ListItem","position":3,"name":"Festival de T\u00edteres \u201cTrotamundos\u201d"}]},{"@type":"WebSite","@id":"https:\/\/www.santafeciudad.gov.ar\/capitalcultural\/#website","url":"https:\/\/www.santafeciudad.gov.ar\/capitalcultural\/","name":"Capital Cultural","description":"Secretaria de Cultura","publisher":{"@id":"https:\/\/www.santafeciudad.gov.ar\/capitalcultural\/#organization"},"potentialAction":[{"@type":"SearchAction","target":{"@type":"EntryPoint","urlTemplate":"https:\/\/www.santafeciudad.gov.ar\/capitalcultural\/?s={search_term_string}"},"query-input":{"@type":"PropertyValueSpecification","valueRequired":true,"valueName":"search_term_string"}}],"inLanguage":"es-AR"},{"@type":"Organization","@id":"https:\/\/www.santafeciudad.gov.ar\/capitalcultural\/#organization","name":"Municipalidad de la ciudad de Santa Fe","alternateName":"Municipalidad de Santa Fe","url":"https:\/\/www.santafeciudad.gov.ar\/capitalcultural\/","logo":{"@type":"ImageObject","inLanguage":"es-AR","@id":"https:\/\/www.santafeciudad.gov.ar\/capitalcultural\/#\/schema\/logo\/image\/","url":"https:\/\/www.santafeciudad.gov.ar\/capitalcultural\/wp-content\/uploads\/2020\/06\/SantaFeCapital_Logo_800x400-e1591880179119.png","contentUrl":"https:\/\/www.santafeciudad.gov.ar\/capitalcultural\/wp-content\/uploads\/2020\/06\/SantaFeCapital_Logo_800x400-e1591880179119.png","width":400,"height":200,"caption":"Municipalidad de la ciudad de Santa Fe"},"image":{"@id":"https:\/\/www.santafeciudad.gov.ar\/capitalcultural\/#\/schema\/logo\/image\/"},"sameAs":["https:\/\/www.facebook.com\/SantaFeCapitalok\/","https:\/\/x.com\/_SantaFeCapital","https:\/\/www.instagram.com\/cultura.santafecapital\/"]}]}},"_links":{"self":[{"href":"https:\/\/www.santafeciudad.gov.ar\/capitalcultural\/wp-json\/wp\/v2\/pages\/27797","targetHints":{"allow":["GET"]}}],"collection":[{"href":"https:\/\/www.santafeciudad.gov.ar\/capitalcultural\/wp-json\/wp\/v2\/pages"}],"about":[{"href":"https:\/\/www.santafeciudad.gov.ar\/capitalcultural\/wp-json\/wp\/v2\/types\/page"}],"author":[{"embeddable":true,"href":"https:\/\/www.santafeciudad.gov.ar\/capitalcultural\/wp-json\/wp\/v2\/users\/3"}],"replies":[{"embeddable":true,"href":"https:\/\/www.santafeciudad.gov.ar\/capitalcultural\/wp-json\/wp\/v2\/comments?post=27797"}],"version-history":[{"count":19,"href":"https:\/\/www.santafeciudad.gov.ar\/capitalcultural\/wp-json\/wp\/v2\/pages\/27797\/revisions"}],"predecessor-version":[{"id":28467,"href":"https:\/\/www.santafeciudad.gov.ar\/capitalcultural\/wp-json\/wp\/v2\/pages\/27797\/revisions\/28467"}],"up":[{"embeddable":true,"href":"https:\/\/www.santafeciudad.gov.ar\/capitalcultural\/wp-json\/wp\/v2\/pages\/24705"}],"wp:attachment":[{"href":"https:\/\/www.santafeciudad.gov.ar\/capitalcultural\/wp-json\/wp\/v2\/media?parent=27797"}],"curies":[{"name":"wp","href":"https:\/\/api.w.org\/{rel}","templated":true}]}}