{"id":29350,"date":"2026-04-11T14:42:17","date_gmt":"2026-04-11T17:42:17","guid":{"rendered":"https:\/\/www.santafeciudad.gov.ar\/capitalcultural\/?page_id=29350"},"modified":"2026-04-13T11:33:28","modified_gmt":"2026-04-13T14:33:28","slug":"espectaculosinfantiles","status":"publish","type":"page","link":"https:\/\/www.santafeciudad.gov.ar\/capitalcultural\/mercadoprogreso\/espectaculosinfantiles\/","title":{"rendered":"Espect\u00e1culos Infantiles"},"content":{"rendered":"\t\t<div data-elementor-type=\"wp-page\" data-elementor-id=\"29350\" class=\"elementor elementor-29350\">\n\t\t\t\t\t\t<section class=\"elementor-section elementor-top-section elementor-element elementor-element-d5c0aa5 elementor-section-boxed elementor-section-height-default elementor-section-height-default\" data-id=\"d5c0aa5\" data-element_type=\"section\" data-e-type=\"section\">\n\t\t\t\t\t\t<div class=\"elementor-container elementor-column-gap-default\">\n\t\t\t\t\t<div class=\"elementor-column elementor-col-100 elementor-top-column elementor-element elementor-element-4a528bc\" data-id=\"4a528bc\" data-element_type=\"column\" data-e-type=\"column\">\n\t\t\t<div class=\"elementor-widget-wrap elementor-element-populated\">\n\t\t\t\t\t\t<div class=\"elementor-element elementor-element-a8d9b0b elementor-widget elementor-widget-html\" data-id=\"a8d9b0b\" data-element_type=\"widget\" data-e-type=\"widget\" data-widget_type=\"html.default\">\n\t\t\t\t<div class=\"elementor-widget-container\">\n\t\t\t\t\t<h4 style=\"margin-bottom: 8px;\">Espect\u00e1culos infantiles en el Mercado Progreso<\/h4>\n\n<p style=\"font-size: 13px; line-height: 20px; margin-bottom: 12px;\">\nLa Municipalidad de Santa Fe abre un <strong>registro nacional de artistas y elencos<\/strong> para espect\u00e1culos infantiles destinados a integrar, en futuras programaciones, la propuesta cultural del <strong>Mercado Progreso<\/strong> (Balcarce 1635). La iniciativa est\u00e1 dirigida a grupos teatrales, compa\u00f1\u00edas y artistas independientes con propuestas orientadas a las infancias y al p\u00fablico familiar.\n<\/p>\n\n<p style=\"font-size: 13px; line-height: 20px; margin-bottom: 16px;\">\nCabe aclarar que <strong>no se trata de una convocatoria espec\u00edfica<\/strong>, sino de la conformaci\u00f3n de un <strong>registro de artistas<\/strong> que permitir\u00e1 al espacio convocar, en distintas instancias, a propuestas para formar parte de su programaci\u00f3n cultural.\n<\/p>\n\n<p style=\"font-size: 13px; line-height: 20px; margin-bottom: 12px;\">\nEl objetivo de esta iniciativa es consolidar al Mercado Progreso como un punto de referencia para el encuentro cultural de las familias, promoviendo el acceso a experiencias art\u00edsticas desde edades tempranas y fortaleciendo el v\u00ednculo entre creadores y comunidad.\n<\/p>\n\n<p style=\"font-size: 13px; line-height: 20px; margin-bottom: 12px;\">\nSe valorar\u00e1n proyectos esc\u00e9nicos que exploren diversos lenguajes teatrales, narrativas innovadoras y propuestas l\u00fadicas, con capacidad de adaptaci\u00f3n al espacio y orientadas a generar experiencias significativas para ni\u00f1as, ni\u00f1os y sus familias.\n<\/p>\n\n<p style=\"font-size: 13px; line-height: 20px; margin-bottom: 16px;\">\nLa inscripci\u00f3n se realiza de manera online y estar\u00e1 disponible hasta el <strong>lunes 30 de junio inclusive<\/strong>.\n<\/p>\n\n<h4 style=\"margin-bottom: 8px;\">Sobre el registro<\/h4>\n\n<p style=\"font-size: 13px; line-height: 20px; margin-bottom: 12px;\">\n<strong>Alcance:<\/strong> registro a nivel nacional.<br>\n<strong>Destinatarios:<\/strong> grupos, compa\u00f1\u00edas y artistas independientes con espect\u00e1culos dirigidos a ni\u00f1as, ni\u00f1os y sus familias.<br>\n<strong>Espacio:<\/strong> Mercado Progreso (Balcarce 1635).<br>\n<strong>Modalidad:<\/strong> inscripci\u00f3n online mediante formulario oficial.\n<\/p>\n\n<p style=\"font-size: 13px; line-height: 20px; margin-bottom: 16px;\">\nEste registro forma parte de una estrategia orientada a fortalecer la escena cultural y generar una base de propuestas que nutran la programaci\u00f3n del espacio a lo largo del tiempo.\n<\/p>\n\n<div style=\"text-align: center;\">\n  <a href=\"https:\/\/forms.gle\/7xSE3iRGk6A57Xrm7\" target=\"_blank\"\n     style=\"display: inline-block; padding: 10px 18px; font-size: 13px; line-height: 20px; text-decoration: none; background-color: #002751; color: #ffffff; border-radius: 2px;\">\n    Registrate\n  <\/a>\n<\/div>\t\t\t\t<\/div>\n\t\t\t\t<\/div>\n\t\t\t\t\t<\/div>\n\t\t<\/div>\n\t\t\t\t\t<\/div>\n\t\t<\/section>\n\t\t\t\t<\/div>\n\t\t","protected":false},"excerpt":{"rendered":"<p>Espect\u00e1culos infantiles en el Mercado Progreso La Municipalidad de Santa Fe abre un registro nacional de artistas y elencos para [&hellip;]<\/p>\n","protected":false},"author":3,"featured_media":0,"parent":24705,"menu_order":0,"comment_status":"closed","ping_status":"closed","template":"","meta":{"site-sidebar-layout":"default","site-content-layout":"","ast-site-content-layout":"default","site-content-style":"default","site-sidebar-style":"default","ast-global-header-display":"","ast-banner-title-visibility":"","ast-main-header-display":"","ast-hfb-above-header-display":"","ast-hfb-below-header-display":"","ast-hfb-mobile-header-display":"","site-post-title":"","ast-breadcrumbs-content":"","ast-featured-img":"","footer-sml-layout":"","ast-disable-related-posts":"","theme-transparent-header-meta":"","adv-header-id-meta":"","stick-header-meta":"","header-above-stick-meta":"","header-main-stick-meta":"","header-below-stick-meta":"","astra-migrate-meta-layouts":"default","ast-page-background-enabled":"default","ast-page-background-meta":{"desktop":{"background-color":"var(--ast-global-color-5)","background-image":"","background-repeat":"repeat","background-position":"center center","background-size":"auto","background-attachment":"scroll","background-type":"","background-media":"","overlay-type":"","overlay-color":"","overlay-opacity":"","overlay-gradient":""},"tablet":{"background-color":"","background-image":"","background-repeat":"repeat","background-position":"center center","background-size":"auto","background-attachment":"scroll","background-type":"","background-media":"","overlay-type":"","overlay-color":"","overlay-opacity":"","overlay-gradient":""},"mobile":{"background-color":"","background-image":"","background-repeat":"repeat","background-position":"center center","background-size":"auto","background-attachment":"scroll","background-type":"","background-media":"","overlay-type":"","overlay-color":"","overlay-opacity":"","overlay-gradient":""}},"ast-content-background-meta":{"desktop":{"background-color":"var(--ast-global-color-4)","background-image":"","background-repeat":"repeat","background-position":"center center","background-size":"auto","background-attachment":"scroll","background-type":"","background-media":"","overlay-type":"","overlay-color":"","overlay-opacity":"","overlay-gradient":""},"tablet":{"background-color":"var(--ast-global-color-4)","background-image":"","background-repeat":"repeat","background-position":"center center","background-size":"auto","background-attachment":"scroll","background-type":"","background-media":"","overlay-type":"","overlay-color":"","overlay-opacity":"","overlay-gradient":""},"mobile":{"background-color":"var(--ast-global-color-4)","background-image":"","background-repeat":"repeat","background-position":"center center","background-size":"auto","background-attachment":"scroll","background-type":"","background-media":"","overlay-type":"","overlay-color":"","overlay-opacity":"","overlay-gradient":""}},"footnotes":""},"class_list":["post-29350","page","type-page","status-publish","hentry"],"yoast_head":"<!-- This site is optimized with the Yoast SEO plugin v28.2 - https:\/\/yoast.com\/product\/yoast-seo-wordpress\/ -->\n<title>Espect\u00e1culos Infantiles - Capital Cultural<\/title>\n<meta name=\"robots\" content=\"index, follow, max-snippet:-1, max-image-preview:large, max-video-preview:-1\" \/>\n<link rel=\"canonical\" href=\"https:\/\/www.santafeciudad.gov.ar\/capitalcultural\/mercadoprogreso\/espectaculosinfantiles\/\" \/>\n<meta property=\"og:locale\" content=\"es_ES\" \/>\n<meta property=\"og:type\" content=\"article\" \/>\n<meta property=\"og:title\" content=\"Espect\u00e1culos Infantiles - Capital Cultural\" \/>\n<meta property=\"og:description\" content=\"Espect\u00e1culos infantiles en el Mercado Progreso La Municipalidad de Santa Fe abre un registro nacional de artistas y elencos para [&hellip;]\" \/>\n<meta property=\"og:url\" content=\"https:\/\/www.santafeciudad.gov.ar\/capitalcultural\/mercadoprogreso\/espectaculosinfantiles\/\" \/>\n<meta property=\"og:site_name\" content=\"Capital Cultural\" \/>\n<meta property=\"article:publisher\" content=\"https:\/\/www.facebook.com\/SantaFeCapitalok\/\" \/>\n<meta property=\"article:modified_time\" content=\"2026-04-13T14:33:28+00:00\" \/>\n<meta name=\"twitter:card\" content=\"summary_large_image\" \/>\n<meta name=\"twitter:site\" content=\"@_SantaFeCapital\" \/>\n<meta name=\"twitter:label1\" content=\"Tiempo de lectura\" \/>\n\t<meta name=\"twitter:data1\" content=\"2 minutos\" \/>\n<script type=\"application\/ld+json\" class=\"yoast-schema-graph\">{\"@context\":\"https:\\\/\\\/schema.org\",\"@graph\":[{\"@type\":\"WebPage\",\"@id\":\"https:\\\/\\\/www.santafeciudad.gov.ar\\\/capitalcultural\\\/mercadoprogreso\\\/espectaculosinfantiles\\\/\",\"url\":\"https:\\\/\\\/www.santafeciudad.gov.ar\\\/capitalcultural\\\/mercadoprogreso\\\/espectaculosinfantiles\\\/\",\"name\":\"Espect\u00e1culos Infantiles - Capital Cultural\",\"isPartOf\":{\"@id\":\"https:\\\/\\\/www.santafeciudad.gov.ar\\\/capitalcultural\\\/#website\"},\"datePublished\":\"2026-04-11T17:42:17+00:00\",\"dateModified\":\"2026-04-13T14:33:28+00:00\",\"breadcrumb\":{\"@id\":\"https:\\\/\\\/www.santafeciudad.gov.ar\\\/capitalcultural\\\/mercadoprogreso\\\/espectaculosinfantiles\\\/#breadcrumb\"},\"inLanguage\":\"es-AR\",\"potentialAction\":[{\"@type\":\"ReadAction\",\"target\":[\"https:\\\/\\\/www.santafeciudad.gov.ar\\\/capitalcultural\\\/mercadoprogreso\\\/espectaculosinfantiles\\\/\"]}]},{\"@type\":\"BreadcrumbList\",\"@id\":\"https:\\\/\\\/www.santafeciudad.gov.ar\\\/capitalcultural\\\/mercadoprogreso\\\/espectaculosinfantiles\\\/#breadcrumb\",\"itemListElement\":[{\"@type\":\"ListItem\",\"position\":1,\"name\":\"Inicio\",\"item\":\"https:\\\/\\\/www.santafeciudad.gov.ar\\\/capitalcultural\\\/\"},{\"@type\":\"ListItem\",\"position\":2,\"name\":\"Mercado Progreso\",\"item\":\"https:\\\/\\\/www.santafeciudad.gov.ar\\\/capitalcultural\\\/mercadoprogreso\\\/\"},{\"@type\":\"ListItem\",\"position\":3,\"name\":\"Espect\u00e1culos Infantiles\"}]},{\"@type\":\"WebSite\",\"@id\":\"https:\\\/\\\/www.santafeciudad.gov.ar\\\/capitalcultural\\\/#website\",\"url\":\"https:\\\/\\\/www.santafeciudad.gov.ar\\\/capitalcultural\\\/\",\"name\":\"Capital Cultural\",\"description\":\"Secretaria de Cultura\",\"publisher\":{\"@id\":\"https:\\\/\\\/www.santafeciudad.gov.ar\\\/capitalcultural\\\/#organization\"},\"potentialAction\":[{\"@type\":\"SearchAction\",\"target\":{\"@type\":\"EntryPoint\",\"urlTemplate\":\"https:\\\/\\\/www.santafeciudad.gov.ar\\\/capitalcultural\\\/?s={search_term_string}\"},\"query-input\":{\"@type\":\"PropertyValueSpecification\",\"valueRequired\":true,\"valueName\":\"search_term_string\"}}],\"inLanguage\":\"es-AR\"},{\"@type\":\"Organization\",\"@id\":\"https:\\\/\\\/www.santafeciudad.gov.ar\\\/capitalcultural\\\/#organization\",\"name\":\"Municipalidad de la ciudad de Santa Fe\",\"alternateName\":\"Municipalidad de Santa Fe\",\"url\":\"https:\\\/\\\/www.santafeciudad.gov.ar\\\/capitalcultural\\\/\",\"logo\":{\"@type\":\"ImageObject\",\"inLanguage\":\"es-AR\",\"@id\":\"https:\\\/\\\/www.santafeciudad.gov.ar\\\/capitalcultural\\\/#\\\/schema\\\/logo\\\/image\\\/\",\"url\":\"https:\\\/\\\/www.santafeciudad.gov.ar\\\/capitalcultural\\\/wp-content\\\/uploads\\\/2020\\\/06\\\/SantaFeCapital_Logo_800x400-e1591880179119.png\",\"contentUrl\":\"https:\\\/\\\/www.santafeciudad.gov.ar\\\/capitalcultural\\\/wp-content\\\/uploads\\\/2020\\\/06\\\/SantaFeCapital_Logo_800x400-e1591880179119.png\",\"width\":400,\"height\":200,\"caption\":\"Municipalidad de la ciudad de Santa Fe\"},\"image\":{\"@id\":\"https:\\\/\\\/www.santafeciudad.gov.ar\\\/capitalcultural\\\/#\\\/schema\\\/logo\\\/image\\\/\"},\"sameAs\":[\"https:\\\/\\\/www.facebook.com\\\/SantaFeCapitalok\\\/\",\"https:\\\/\\\/x.com\\\/_SantaFeCapital\",\"https:\\\/\\\/www.instagram.com\\\/cultura.santafecapital\\\/\"]}]}<\/script>\n<!-- \/ Yoast SEO plugin. -->","yoast_head_json":{"title":"Espect\u00e1culos Infantiles - Capital Cultural","robots":{"index":"index","follow":"follow","max-snippet":"max-snippet:-1","max-image-preview":"max-image-preview:large","max-video-preview":"max-video-preview:-1"},"canonical":"https:\/\/www.santafeciudad.gov.ar\/capitalcultural\/mercadoprogreso\/espectaculosinfantiles\/","og_locale":"es_ES","og_type":"article","og_title":"Espect\u00e1culos Infantiles - Capital Cultural","og_description":"Espect\u00e1culos infantiles en el Mercado Progreso La Municipalidad de Santa Fe abre un registro nacional de artistas y elencos para [&hellip;]","og_url":"https:\/\/www.santafeciudad.gov.ar\/capitalcultural\/mercadoprogreso\/espectaculosinfantiles\/","og_site_name":"Capital Cultural","article_publisher":"https:\/\/www.facebook.com\/SantaFeCapitalok\/","article_modified_time":"2026-04-13T14:33:28+00:00","twitter_card":"summary_large_image","twitter_site":"@_SantaFeCapital","twitter_misc":{"Tiempo de lectura":"2 minutos"},"schema":{"@context":"https:\/\/schema.org","@graph":[{"@type":"WebPage","@id":"https:\/\/www.santafeciudad.gov.ar\/capitalcultural\/mercadoprogreso\/espectaculosinfantiles\/","url":"https:\/\/www.santafeciudad.gov.ar\/capitalcultural\/mercadoprogreso\/espectaculosinfantiles\/","name":"Espect\u00e1culos Infantiles - Capital Cultural","isPartOf":{"@id":"https:\/\/www.santafeciudad.gov.ar\/capitalcultural\/#website"},"datePublished":"2026-04-11T17:42:17+00:00","dateModified":"2026-04-13T14:33:28+00:00","breadcrumb":{"@id":"https:\/\/www.santafeciudad.gov.ar\/capitalcultural\/mercadoprogreso\/espectaculosinfantiles\/#breadcrumb"},"inLanguage":"es-AR","potentialAction":[{"@type":"ReadAction","target":["https:\/\/www.santafeciudad.gov.ar\/capitalcultural\/mercadoprogreso\/espectaculosinfantiles\/"]}]},{"@type":"BreadcrumbList","@id":"https:\/\/www.santafeciudad.gov.ar\/capitalcultural\/mercadoprogreso\/espectaculosinfantiles\/#breadcrumb","itemListElement":[{"@type":"ListItem","position":1,"name":"Inicio","item":"https:\/\/www.santafeciudad.gov.ar\/capitalcultural\/"},{"@type":"ListItem","position":2,"name":"Mercado Progreso","item":"https:\/\/www.santafeciudad.gov.ar\/capitalcultural\/mercadoprogreso\/"},{"@type":"ListItem","position":3,"name":"Espect\u00e1culos Infantiles"}]},{"@type":"WebSite","@id":"https:\/\/www.santafeciudad.gov.ar\/capitalcultural\/#website","url":"https:\/\/www.santafeciudad.gov.ar\/capitalcultural\/","name":"Capital Cultural","description":"Secretaria de Cultura","publisher":{"@id":"https:\/\/www.santafeciudad.gov.ar\/capitalcultural\/#organization"},"potentialAction":[{"@type":"SearchAction","target":{"@type":"EntryPoint","urlTemplate":"https:\/\/www.santafeciudad.gov.ar\/capitalcultural\/?s={search_term_string}"},"query-input":{"@type":"PropertyValueSpecification","valueRequired":true,"valueName":"search_term_string"}}],"inLanguage":"es-AR"},{"@type":"Organization","@id":"https:\/\/www.santafeciudad.gov.ar\/capitalcultural\/#organization","name":"Municipalidad de la ciudad de Santa Fe","alternateName":"Municipalidad de Santa Fe","url":"https:\/\/www.santafeciudad.gov.ar\/capitalcultural\/","logo":{"@type":"ImageObject","inLanguage":"es-AR","@id":"https:\/\/www.santafeciudad.gov.ar\/capitalcultural\/#\/schema\/logo\/image\/","url":"https:\/\/www.santafeciudad.gov.ar\/capitalcultural\/wp-content\/uploads\/2020\/06\/SantaFeCapital_Logo_800x400-e1591880179119.png","contentUrl":"https:\/\/www.santafeciudad.gov.ar\/capitalcultural\/wp-content\/uploads\/2020\/06\/SantaFeCapital_Logo_800x400-e1591880179119.png","width":400,"height":200,"caption":"Municipalidad de la ciudad de Santa Fe"},"image":{"@id":"https:\/\/www.santafeciudad.gov.ar\/capitalcultural\/#\/schema\/logo\/image\/"},"sameAs":["https:\/\/www.facebook.com\/SantaFeCapitalok\/","https:\/\/x.com\/_SantaFeCapital","https:\/\/www.instagram.com\/cultura.santafecapital\/"]}]}},"_links":{"self":[{"href":"https:\/\/www.santafeciudad.gov.ar\/capitalcultural\/wp-json\/wp\/v2\/pages\/29350","targetHints":{"allow":["GET"]}}],"collection":[{"href":"https:\/\/www.santafeciudad.gov.ar\/capitalcultural\/wp-json\/wp\/v2\/pages"}],"about":[{"href":"https:\/\/www.santafeciudad.gov.ar\/capitalcultural\/wp-json\/wp\/v2\/types\/page"}],"author":[{"embeddable":true,"href":"https:\/\/www.santafeciudad.gov.ar\/capitalcultural\/wp-json\/wp\/v2\/users\/3"}],"replies":[{"embeddable":true,"href":"https:\/\/www.santafeciudad.gov.ar\/capitalcultural\/wp-json\/wp\/v2\/comments?post=29350"}],"version-history":[{"count":13,"href":"https:\/\/www.santafeciudad.gov.ar\/capitalcultural\/wp-json\/wp\/v2\/pages\/29350\/revisions"}],"predecessor-version":[{"id":29371,"href":"https:\/\/www.santafeciudad.gov.ar\/capitalcultural\/wp-json\/wp\/v2\/pages\/29350\/revisions\/29371"}],"up":[{"embeddable":true,"href":"https:\/\/www.santafeciudad.gov.ar\/capitalcultural\/wp-json\/wp\/v2\/pages\/24705"}],"wp:attachment":[{"href":"https:\/\/www.santafeciudad.gov.ar\/capitalcultural\/wp-json\/wp\/v2\/media?parent=29350"}],"curies":[{"name":"wp","href":"https:\/\/api.w.org\/{rel}","templated":true}]}}