{"id":29509,"date":"2026-04-17T10:29:18","date_gmt":"2026-04-17T13:29:18","guid":{"rendered":"https:\/\/www.santafeciudad.gov.ar\/capitalcultural\/?page_id=29509"},"modified":"2026-06-16T12:11:58","modified_gmt":"2026-06-16T15:11:58","slug":"musicamercado","status":"publish","type":"page","link":"https:\/\/www.santafeciudad.gov.ar\/capitalcultural\/mercadoprogreso\/musicamercado\/","title":{"rendered":"M\u00fasica en el Mercado"},"content":{"rendered":"\t\t<div data-elementor-type=\"wp-page\" data-elementor-id=\"29509\" class=\"elementor elementor-29509\">\n\t\t\t\t\t\t<section class=\"elementor-section elementor-top-section elementor-element elementor-element-dbf35ad elementor-section-boxed elementor-section-height-default elementor-section-height-default\" data-id=\"dbf35ad\" data-element_type=\"section\" data-e-type=\"section\">\n\t\t\t\t\t\t<div class=\"elementor-container elementor-column-gap-default\">\n\t\t\t\t\t<div class=\"elementor-column elementor-col-100 elementor-top-column elementor-element elementor-element-ac11e87\" data-id=\"ac11e87\" data-element_type=\"column\" data-e-type=\"column\">\n\t\t\t<div class=\"elementor-widget-wrap elementor-element-populated\">\n\t\t\t\t\t\t<div class=\"elementor-element elementor-element-bbb668c elementor-widget elementor-widget-html\" data-id=\"bbb668c\" data-element_type=\"widget\" data-e-type=\"widget\" data-widget_type=\"html.default\">\n\t\t\t\t<div class=\"elementor-widget-container\">\n\t\t\t\t\t<style>\n\n\/* CONTENEDOR *\/\n\n.clinicas-block{\n  max-width:760px;\n  margin:70px auto 40px auto;\n}\n\n\/* TITULO *\/\n\n.clinicas-block h3{\n  font-size:17px;\n  color:#002751;\n  font-weight:700;\n  margin-bottom:16px;\n}\n\n\/* TEXTO *\/\n\n.clinicas-block p{\n  font-size:13px;\n  color:#33434B;\n  line-height:20px;\n  margin-bottom:14px;\n}\n\n\/* DESTACADO *\/\n\n.clinicas-block strong{\n  color:#002751;\n  font-weight:600;\n}\n\n\/* SUBTITULO *\/\n\n.clinicas-subtitle{\n  margin:45px 0 15px 0;\n}\n\n.clinicas-subtitle h4{\n  font-size:15px;\n  color:#002751;\n  font-weight:600;\n  line-height:20px;\n}\n\n\/* GRID *\/\n\n.clinicas-cards{\n  display:grid;\n  grid-template-columns:repeat(auto-fit, minmax(200px, 1fr));\n  gap:22px;\n  margin-bottom:60px;\n}\n\n\/* CARD *\/\n\n.clinica-card{\n  background:#002751;\n  padding:18px;\n  position:relative;\n  overflow:hidden; \/* importante para la animaci\u00f3n *\/\n\n  display:flex;\n  flex-direction:column;\n  justify-content:center;\n  min-height:70px;\n\n  transform:translateY(20px);\n  opacity:0;\n\n  transition:all .35s ease;\n}\n\n\/* l\u00ednea superior animada *\/\n\n.clinica-card::before{\n  content:'';\n  position:absolute;\n  top:0;\n  left:-100%;\n  width:100%;\n  height:3px;\n  background:linear-gradient(90deg, #00C08B, #002751);\n  transition:left .4s ease;\n}\n\n\/* hover *\/\n\n.clinica-card:hover{\n  transform:translateY(-6px);\n  box-shadow:0 12px 30px rgba(0,0,0,0.25);\n}\n\n.clinica-card:hover::before{\n  left:0;\n}\n\n\/* NOMBRE *\/\n\n.clinica-card h4{\n  font-size:13px;\n  color:#ffffff;\n  font-weight:700;\n  margin:0;\n  line-height:20px;\n}\n\n\/* ORIGEN *\/\n\n.clinica-card span{\n  font-size:11px;\n  color:#00C08B;\n  margin-top:4px;\n}\n\n\/* ANIMACI\u00d3N *\/\n\n.clinica-card.visible{\n  transform:translateY(0);\n  opacity:1;\n}\n\n<\/style>\n\n<div class=\"clinicas-block\">\n\n<h3>M\u00fasica en el Mercado presenta a los artistas seleccionados<\/h3>\n\n<p>\nEl ciclo se realizar\u00e1 los s\u00e1bados de abril a noviembre en el Mercado Progreso. Fueron seleccionados <strong>24 proyectos titulares y 8 suplentes<\/strong>.\n<\/p>\n\n<p>\nEste fin de semana: <strong>13 de junio \u2013 17 horas<\/strong> con Maca Mona Mu. La entrada siempre es libre y gratuita. Habr\u00e1 Patio Gastr\u00f3nomico.\n<\/p>\n\n<div class=\"clinicas-subtitle\"><h4>Locales \/ \u00c1rea Metropolitana<\/h4><\/div>\n<div class=\"clinicas-cards\">\n\n<div class=\"clinica-card\"><h4>Corsita<\/h4><\/div>\n<div class=\"clinica-card\"><h4>Roc\u00edo Delech<\/h4><\/div>\n<div class=\"clinica-card\"><h4>Gur\u00ed Ramos<\/h4><\/div>\n<div class=\"clinica-card\"><h4>Beltra<\/h4><\/div>\n<div class=\"clinica-card\"><h4>Humana M\u00fasica<\/h4><\/div>\n<div class=\"clinica-card\"><h4>Todos Tus Cuerpos<\/h4><\/div>\n<div class=\"clinica-card\"><h4>Dosis<\/h4><\/div>\n<div class=\"clinica-card\"><h4>SOTT<\/h4><\/div>\n<div class=\"clinica-card\"><h4>Tenemos Que Hablar<\/h4><\/div>\n<div class=\"clinica-card\"><h4>Uki<\/h4><\/div>\n<div class=\"clinica-card\"><h4>Amalgama Zero<\/h4><\/div>\n<div class=\"clinica-card\"><h4>Space Jam Tr\u00edo<\/h4><\/div>\n<div class=\"clinica-card\"><h4>Cazadores Recolectores<\/h4><\/div>\n<div class=\"clinica-card\"><h4>Malva y Yuca<\/h4><\/div>\n<div class=\"clinica-card\"><h4>Joaqu\u00edn Capanegra<\/h4><\/div>\n<div class=\"clinica-card\"><h4>CARAS NUEVAS<\/h4><\/div>\n<div class=\"clinica-card\"><h4>L.E.M.I.<\/h4><\/div>\n<div class=\"clinica-card\"><h4>Ivonne Van Cleef<\/h4><\/div>\n\n<\/div>\n\n<div class=\"clinicas-subtitle\"><h4>Residentes a m\u00e1s de 75 km<\/h4><\/div>\n<div class=\"clinicas-cards\">\n\n<div class=\"clinica-card\"><h4>Anan\u00e1<\/h4><span>CABA<\/span><\/div>\n<div class=\"clinica-card\"><h4>MODA<\/h4><span>Villa Gobernador G\u00e1lvez<\/span><\/div>\n<div class=\"clinica-card\"><h4>Maca Mona Mu<\/h4><span>CABA<\/span><\/div>\n<div class=\"clinica-card\"><h4>Luana Noa<\/h4><span>Rosario<\/span><\/div>\n<div class=\"clinica-card\"><h4>LILA<\/h4><span>San Crist\u00f3bal<\/span><\/div>\n<div class=\"clinica-card\"><h4>Los Cuentos de la Buena Pipa<\/h4><span>Rosario<\/span><\/div>\n\n<\/div>\n\n<div class=\"clinicas-subtitle\"><h4>Proyectos suplentes<\/h4><\/div>\n<div class=\"clinicas-cards\">\n\n<div class=\"clinica-card\"><h4>The Perros<\/h4><\/div>\n<div class=\"clinica-card\"><h4>Alborada Tr\u00edo<\/h4><\/div>\n<div class=\"clinica-card\"><h4>Rizoma<\/h4><\/div>\n<div class=\"clinica-card\"><h4>Puerta Azul<\/h4><\/div>\n<div class=\"clinica-card\"><h4>Quamuyo Quarteto<\/h4><span>Rafaela<\/span><\/div>\n<div class=\"clinica-card\"><h4>ECLIPSE SONAR<\/h4><span>CABA<\/span><\/div>\n<div class=\"clinica-card\"><h4>Gente Conversando<\/h4><span>CABA<\/span><\/div>\n<div class=\"clinica-card\"><h4>WANDA JAEL<\/h4><span>C\u00f3rdoba<\/span><\/div>\n\n<\/div>\n\n<\/div>\n\n<script>\nconst cards = document.querySelectorAll('.clinica-card');\n\nconst observer = new IntersectionObserver(entries => {\n  entries.forEach(entry => {\n    if(entry.isIntersecting){\n      entry.target.classList.add('visible');\n    }\n  });\n}, { threshold: 0.1 });\n\ncards.forEach(card => observer.observe(card));\n<\/script>\t\t\t\t<\/div>\n\t\t\t\t<\/div>\n\t\t\t\t\t<\/div>\n\t\t<\/div>\n\t\t\t\t\t<\/div>\n\t\t<\/section>\n\t\t\t\t<\/div>\n\t\t","protected":false},"excerpt":{"rendered":"<p>M\u00fasica en el Mercado presenta a los artistas seleccionados El ciclo se realizar\u00e1 los s\u00e1bados de abril a noviembre en [&hellip;]<\/p>\n","protected":false},"author":3,"featured_media":0,"parent":24705,"menu_order":0,"comment_status":"closed","ping_status":"closed","template":"elementor_header_footer","meta":{"site-sidebar-layout":"default","site-content-layout":"","ast-site-content-layout":"default","site-content-style":"default","site-sidebar-style":"default","ast-global-header-display":"","ast-banner-title-visibility":"","ast-main-header-display":"","ast-hfb-above-header-display":"","ast-hfb-below-header-display":"","ast-hfb-mobile-header-display":"","site-post-title":"","ast-breadcrumbs-content":"","ast-featured-img":"","footer-sml-layout":"","ast-disable-related-posts":"","theme-transparent-header-meta":"","adv-header-id-meta":"","stick-header-meta":"","header-above-stick-meta":"","header-main-stick-meta":"","header-below-stick-meta":"","astra-migrate-meta-layouts":"default","ast-page-background-enabled":"default","ast-page-background-meta":{"desktop":{"background-color":"var(--ast-global-color-5)","background-image":"","background-repeat":"repeat","background-position":"center center","background-size":"auto","background-attachment":"scroll","background-type":"","background-media":"","overlay-type":"","overlay-color":"","overlay-opacity":"","overlay-gradient":""},"tablet":{"background-color":"","background-image":"","background-repeat":"repeat","background-position":"center center","background-size":"auto","background-attachment":"scroll","background-type":"","background-media":"","overlay-type":"","overlay-color":"","overlay-opacity":"","overlay-gradient":""},"mobile":{"background-color":"","background-image":"","background-repeat":"repeat","background-position":"center center","background-size":"auto","background-attachment":"scroll","background-type":"","background-media":"","overlay-type":"","overlay-color":"","overlay-opacity":"","overlay-gradient":""}},"ast-content-background-meta":{"desktop":{"background-color":"var(--ast-global-color-4)","background-image":"","background-repeat":"repeat","background-position":"center center","background-size":"auto","background-attachment":"scroll","background-type":"","background-media":"","overlay-type":"","overlay-color":"","overlay-opacity":"","overlay-gradient":""},"tablet":{"background-color":"var(--ast-global-color-4)","background-image":"","background-repeat":"repeat","background-position":"center center","background-size":"auto","background-attachment":"scroll","background-type":"","background-media":"","overlay-type":"","overlay-color":"","overlay-opacity":"","overlay-gradient":""},"mobile":{"background-color":"var(--ast-global-color-4)","background-image":"","background-repeat":"repeat","background-position":"center center","background-size":"auto","background-attachment":"scroll","background-type":"","background-media":"","overlay-type":"","overlay-color":"","overlay-opacity":"","overlay-gradient":""}},"footnotes":""},"class_list":["post-29509","page","type-page","status-publish","hentry"],"yoast_head":"<!-- This site is optimized with the Yoast SEO plugin v28.2 - https:\/\/yoast.com\/product\/yoast-seo-wordpress\/ -->\n<title>M\u00fasica en el Mercado - Capital Cultural<\/title>\n<meta name=\"robots\" content=\"index, follow, max-snippet:-1, max-image-preview:large, max-video-preview:-1\" \/>\n<link rel=\"canonical\" href=\"https:\/\/www.santafeciudad.gov.ar\/capitalcultural\/mercadoprogreso\/musicamercado\/\" \/>\n<meta property=\"og:locale\" content=\"es_ES\" \/>\n<meta property=\"og:type\" content=\"article\" \/>\n<meta property=\"og:title\" content=\"M\u00fasica en el Mercado - Capital Cultural\" \/>\n<meta property=\"og:description\" content=\"M\u00fasica en el Mercado presenta a los artistas seleccionados El ciclo se realizar\u00e1 los s\u00e1bados de abril a noviembre en [&hellip;]\" \/>\n<meta property=\"og:url\" content=\"https:\/\/www.santafeciudad.gov.ar\/capitalcultural\/mercadoprogreso\/musicamercado\/\" \/>\n<meta property=\"og:site_name\" content=\"Capital Cultural\" \/>\n<meta property=\"article:publisher\" content=\"https:\/\/www.facebook.com\/SantaFeCapitalok\/\" \/>\n<meta property=\"article:modified_time\" content=\"2026-06-16T15:11:58+00:00\" \/>\n<meta name=\"twitter:card\" content=\"summary_large_image\" \/>\n<meta name=\"twitter:site\" content=\"@_SantaFeCapital\" \/>\n<meta name=\"twitter:label1\" content=\"Tiempo de lectura\" \/>\n\t<meta name=\"twitter:data1\" content=\"1 minuto\" \/>\n<script type=\"application\/ld+json\" class=\"yoast-schema-graph\">{\"@context\":\"https:\\\/\\\/schema.org\",\"@graph\":[{\"@type\":\"WebPage\",\"@id\":\"https:\\\/\\\/www.santafeciudad.gov.ar\\\/capitalcultural\\\/mercadoprogreso\\\/musicamercado\\\/\",\"url\":\"https:\\\/\\\/www.santafeciudad.gov.ar\\\/capitalcultural\\\/mercadoprogreso\\\/musicamercado\\\/\",\"name\":\"M\u00fasica en el Mercado - Capital Cultural\",\"isPartOf\":{\"@id\":\"https:\\\/\\\/www.santafeciudad.gov.ar\\\/capitalcultural\\\/#website\"},\"datePublished\":\"2026-04-17T13:29:18+00:00\",\"dateModified\":\"2026-06-16T15:11:58+00:00\",\"breadcrumb\":{\"@id\":\"https:\\\/\\\/www.santafeciudad.gov.ar\\\/capitalcultural\\\/mercadoprogreso\\\/musicamercado\\\/#breadcrumb\"},\"inLanguage\":\"es-AR\",\"potentialAction\":[{\"@type\":\"ReadAction\",\"target\":[\"https:\\\/\\\/www.santafeciudad.gov.ar\\\/capitalcultural\\\/mercadoprogreso\\\/musicamercado\\\/\"]}]},{\"@type\":\"BreadcrumbList\",\"@id\":\"https:\\\/\\\/www.santafeciudad.gov.ar\\\/capitalcultural\\\/mercadoprogreso\\\/musicamercado\\\/#breadcrumb\",\"itemListElement\":[{\"@type\":\"ListItem\",\"position\":1,\"name\":\"Inicio\",\"item\":\"https:\\\/\\\/www.santafeciudad.gov.ar\\\/capitalcultural\\\/\"},{\"@type\":\"ListItem\",\"position\":2,\"name\":\"Mercado Progreso\",\"item\":\"https:\\\/\\\/www.santafeciudad.gov.ar\\\/capitalcultural\\\/mercadoprogreso\\\/\"},{\"@type\":\"ListItem\",\"position\":3,\"name\":\"M\u00fasica en el Mercado\"}]},{\"@type\":\"WebSite\",\"@id\":\"https:\\\/\\\/www.santafeciudad.gov.ar\\\/capitalcultural\\\/#website\",\"url\":\"https:\\\/\\\/www.santafeciudad.gov.ar\\\/capitalcultural\\\/\",\"name\":\"Capital Cultural\",\"description\":\"Secretaria de Cultura\",\"publisher\":{\"@id\":\"https:\\\/\\\/www.santafeciudad.gov.ar\\\/capitalcultural\\\/#organization\"},\"potentialAction\":[{\"@type\":\"SearchAction\",\"target\":{\"@type\":\"EntryPoint\",\"urlTemplate\":\"https:\\\/\\\/www.santafeciudad.gov.ar\\\/capitalcultural\\\/?s={search_term_string}\"},\"query-input\":{\"@type\":\"PropertyValueSpecification\",\"valueRequired\":true,\"valueName\":\"search_term_string\"}}],\"inLanguage\":\"es-AR\"},{\"@type\":\"Organization\",\"@id\":\"https:\\\/\\\/www.santafeciudad.gov.ar\\\/capitalcultural\\\/#organization\",\"name\":\"Municipalidad de la ciudad de Santa Fe\",\"alternateName\":\"Municipalidad de Santa Fe\",\"url\":\"https:\\\/\\\/www.santafeciudad.gov.ar\\\/capitalcultural\\\/\",\"logo\":{\"@type\":\"ImageObject\",\"inLanguage\":\"es-AR\",\"@id\":\"https:\\\/\\\/www.santafeciudad.gov.ar\\\/capitalcultural\\\/#\\\/schema\\\/logo\\\/image\\\/\",\"url\":\"https:\\\/\\\/www.santafeciudad.gov.ar\\\/capitalcultural\\\/wp-content\\\/uploads\\\/2020\\\/06\\\/SantaFeCapital_Logo_800x400-e1591880179119.png\",\"contentUrl\":\"https:\\\/\\\/www.santafeciudad.gov.ar\\\/capitalcultural\\\/wp-content\\\/uploads\\\/2020\\\/06\\\/SantaFeCapital_Logo_800x400-e1591880179119.png\",\"width\":400,\"height\":200,\"caption\":\"Municipalidad de la ciudad de Santa Fe\"},\"image\":{\"@id\":\"https:\\\/\\\/www.santafeciudad.gov.ar\\\/capitalcultural\\\/#\\\/schema\\\/logo\\\/image\\\/\"},\"sameAs\":[\"https:\\\/\\\/www.facebook.com\\\/SantaFeCapitalok\\\/\",\"https:\\\/\\\/x.com\\\/_SantaFeCapital\",\"https:\\\/\\\/www.instagram.com\\\/cultura.santafecapital\\\/\"]}]}<\/script>\n<!-- \/ Yoast SEO plugin. -->","yoast_head_json":{"title":"M\u00fasica en el Mercado - Capital Cultural","robots":{"index":"index","follow":"follow","max-snippet":"max-snippet:-1","max-image-preview":"max-image-preview:large","max-video-preview":"max-video-preview:-1"},"canonical":"https:\/\/www.santafeciudad.gov.ar\/capitalcultural\/mercadoprogreso\/musicamercado\/","og_locale":"es_ES","og_type":"article","og_title":"M\u00fasica en el Mercado - Capital Cultural","og_description":"M\u00fasica en el Mercado presenta a los artistas seleccionados El ciclo se realizar\u00e1 los s\u00e1bados de abril a noviembre en [&hellip;]","og_url":"https:\/\/www.santafeciudad.gov.ar\/capitalcultural\/mercadoprogreso\/musicamercado\/","og_site_name":"Capital Cultural","article_publisher":"https:\/\/www.facebook.com\/SantaFeCapitalok\/","article_modified_time":"2026-06-16T15:11:58+00:00","twitter_card":"summary_large_image","twitter_site":"@_SantaFeCapital","twitter_misc":{"Tiempo de lectura":"1 minuto"},"schema":{"@context":"https:\/\/schema.org","@graph":[{"@type":"WebPage","@id":"https:\/\/www.santafeciudad.gov.ar\/capitalcultural\/mercadoprogreso\/musicamercado\/","url":"https:\/\/www.santafeciudad.gov.ar\/capitalcultural\/mercadoprogreso\/musicamercado\/","name":"M\u00fasica en el Mercado - Capital Cultural","isPartOf":{"@id":"https:\/\/www.santafeciudad.gov.ar\/capitalcultural\/#website"},"datePublished":"2026-04-17T13:29:18+00:00","dateModified":"2026-06-16T15:11:58+00:00","breadcrumb":{"@id":"https:\/\/www.santafeciudad.gov.ar\/capitalcultural\/mercadoprogreso\/musicamercado\/#breadcrumb"},"inLanguage":"es-AR","potentialAction":[{"@type":"ReadAction","target":["https:\/\/www.santafeciudad.gov.ar\/capitalcultural\/mercadoprogreso\/musicamercado\/"]}]},{"@type":"BreadcrumbList","@id":"https:\/\/www.santafeciudad.gov.ar\/capitalcultural\/mercadoprogreso\/musicamercado\/#breadcrumb","itemListElement":[{"@type":"ListItem","position":1,"name":"Inicio","item":"https:\/\/www.santafeciudad.gov.ar\/capitalcultural\/"},{"@type":"ListItem","position":2,"name":"Mercado Progreso","item":"https:\/\/www.santafeciudad.gov.ar\/capitalcultural\/mercadoprogreso\/"},{"@type":"ListItem","position":3,"name":"M\u00fasica en el Mercado"}]},{"@type":"WebSite","@id":"https:\/\/www.santafeciudad.gov.ar\/capitalcultural\/#website","url":"https:\/\/www.santafeciudad.gov.ar\/capitalcultural\/","name":"Capital Cultural","description":"Secretaria de Cultura","publisher":{"@id":"https:\/\/www.santafeciudad.gov.ar\/capitalcultural\/#organization"},"potentialAction":[{"@type":"SearchAction","target":{"@type":"EntryPoint","urlTemplate":"https:\/\/www.santafeciudad.gov.ar\/capitalcultural\/?s={search_term_string}"},"query-input":{"@type":"PropertyValueSpecification","valueRequired":true,"valueName":"search_term_string"}}],"inLanguage":"es-AR"},{"@type":"Organization","@id":"https:\/\/www.santafeciudad.gov.ar\/capitalcultural\/#organization","name":"Municipalidad de la ciudad de Santa Fe","alternateName":"Municipalidad de Santa Fe","url":"https:\/\/www.santafeciudad.gov.ar\/capitalcultural\/","logo":{"@type":"ImageObject","inLanguage":"es-AR","@id":"https:\/\/www.santafeciudad.gov.ar\/capitalcultural\/#\/schema\/logo\/image\/","url":"https:\/\/www.santafeciudad.gov.ar\/capitalcultural\/wp-content\/uploads\/2020\/06\/SantaFeCapital_Logo_800x400-e1591880179119.png","contentUrl":"https:\/\/www.santafeciudad.gov.ar\/capitalcultural\/wp-content\/uploads\/2020\/06\/SantaFeCapital_Logo_800x400-e1591880179119.png","width":400,"height":200,"caption":"Municipalidad de la ciudad de Santa Fe"},"image":{"@id":"https:\/\/www.santafeciudad.gov.ar\/capitalcultural\/#\/schema\/logo\/image\/"},"sameAs":["https:\/\/www.facebook.com\/SantaFeCapitalok\/","https:\/\/x.com\/_SantaFeCapital","https:\/\/www.instagram.com\/cultura.santafecapital\/"]}]}},"_links":{"self":[{"href":"https:\/\/www.santafeciudad.gov.ar\/capitalcultural\/wp-json\/wp\/v2\/pages\/29509","targetHints":{"allow":["GET"]}}],"collection":[{"href":"https:\/\/www.santafeciudad.gov.ar\/capitalcultural\/wp-json\/wp\/v2\/pages"}],"about":[{"href":"https:\/\/www.santafeciudad.gov.ar\/capitalcultural\/wp-json\/wp\/v2\/types\/page"}],"author":[{"embeddable":true,"href":"https:\/\/www.santafeciudad.gov.ar\/capitalcultural\/wp-json\/wp\/v2\/users\/3"}],"replies":[{"embeddable":true,"href":"https:\/\/www.santafeciudad.gov.ar\/capitalcultural\/wp-json\/wp\/v2\/comments?post=29509"}],"version-history":[{"count":34,"href":"https:\/\/www.santafeciudad.gov.ar\/capitalcultural\/wp-json\/wp\/v2\/pages\/29509\/revisions"}],"predecessor-version":[{"id":30794,"href":"https:\/\/www.santafeciudad.gov.ar\/capitalcultural\/wp-json\/wp\/v2\/pages\/29509\/revisions\/30794"}],"up":[{"embeddable":true,"href":"https:\/\/www.santafeciudad.gov.ar\/capitalcultural\/wp-json\/wp\/v2\/pages\/24705"}],"wp:attachment":[{"href":"https:\/\/www.santafeciudad.gov.ar\/capitalcultural\/wp-json\/wp\/v2\/media?parent=29509"}],"curies":[{"name":"wp","href":"https:\/\/api.w.org\/{rel}","templated":true}]}}